{"id":2645,"date":"2017-08-05T10:11:25","date_gmt":"2017-08-05T10:11:25","guid":{"rendered":"http:\/\/erasmusplus.al\/?page_id=2645"},"modified":"2017-08-24T10:28:50","modified_gmt":"2017-08-24T10:28:50","slug":"short-exchanges-icm","status":"publish","type":"page","link":"https:\/\/erasmusplus.al\/?page_id=2645&lang=sq","title":{"rendered":"Shkembimet afatshkurtra ICM"},"content":{"rendered":"<div class=\"container\">\n<div class=\"row\">\n<article class=\"clearfix post-1175 page type-page status-publish hentry\">\n<div class=\"hentry__content\">\n<p><span style=\"color: #000000;\"><strong>KA1 \u201cSHK\u00cbMBIMET AFATSHKURTRA P\u00cbR STAFET DHE STUDENT\u00cbT\u201d,\u00a0<\/strong><em><strong>(INTERNATIONAL CREDIT MOBILITY).<\/strong><\/em><\/span><\/p>\n<p><span style=\"color: #000000;\">N\u00ebse universiteti ku studioni ose punoni \u00ebsht\u00eb p\u00ebrzgjedhur fitues n\u00eb nj\u00eb projekt dypal\u00ebsh n\u00eb kuad\u00ebr t\u00eb komponentit\u00a0<em>International Credit Mobility<\/em>, student\u00ebt, pedagog\u00ebt dhe \u00a0stafi administrativ mund t\u00eb aplikojn\u00eb p\u00ebr shk\u00ebmbime afatshkurtra, p\u00ebrkat\u00ebsisht nga 3 deri n\u00eb 12 muaj p\u00ebr student\u00ebt n\u00eb Bachelor, Master, PhD dhe 5 dit\u00eb deri n\u00eb 2 muaj p\u00ebr stafet akademike dhe administrative.\u00a0Kriteret gjuh\u00ebsore (gjuha dhe niveli i k\u00ebrkuar) jan\u00eb p\u00ebrcaktuar n\u00eb marr\u00ebveshjen\u00a0nd\u00ebr-institucionale midis dy universiteteve.<\/span><\/p>\n<p><span style=\"color: #000000;\"><strong><u>SI VEPRON STUDENTI \/STAFI?<\/u><\/strong><\/span><\/p>\n<p><span style=\"color: #000000;\">Individ\u00ebt duhet t\u00eb kontaktojn\u00eb zyrat e marr\u00ebdh\u00ebnieve me jasht\u00eb dhe projekteve pran\u00eb universitetit p\u00ebr t\u00eb m\u00ebsuar n\u00ebse ekziston nj\u00eb projekt shk\u00ebmbimesh Erasmus+. Ata duhet t\u00eb informohen p\u00ebr hapjen e aplikimeve individuale, kriteret e p\u00ebrzgjedhjes, afatet e aplikimit, etj.<\/span><\/p>\n<p><span style=\"color: #000000;\">Nj\u00eb student duhet t\u00eb dij\u00eb q\u00eb:<\/span><\/p>\n<p><span style=\"color: #000000;\"><strong>Kriteret e p\u00ebrzgjedhjes<\/strong>\u00a0p\u00ebr student\u00ebt dhe stafet negociohen midis institucionit d\u00ebrgues dhe atij prit\u00ebs. Ato duhen b\u00ebr\u00eb publike me hapjen e aplikimeve dhe t\u00eb shp\u00ebrndahen n\u00eb nj\u00eb shkall\u00eb sa m\u00eb t\u00eb gjer\u00eb.<\/span><\/p>\n<p><span style=\"color: #000000;\"><strong>Njohja e periudh\u00ebs s\u00eb studimit<\/strong>\u00a0\u00ebsht\u00eb kusht i detyruar midis institucionit prit\u00ebs dhe atij d\u00ebrgues.\u00a0Institucioni prit\u00ebs \u00ebsht\u00eb i detyruar t\u00eb pajis\u00eb studentin dhe institucionin d\u00ebrgues\u00a0 me list\u00ebn\u00a0 e notave. Institucioni d\u00ebrgues\u00a0 duhet t\u00eb njoh\u00eb plot\u00ebsisht modulet q\u00eb studenti ka kryer gjat\u00eb shk\u00ebmbimit dhe t\u2019ia regjistroj\u00eb ato n\u00eb list\u00ebn e notave.\u00a0 P\u00ebr k\u00ebt\u00eb arsye, studenti plot\u00ebson \u201cMarr\u00ebveshjen p\u00ebr kryerjen e studimeve\u201d\u00a0<em>(Learning Agreement for studies).<\/em><\/span><\/p>\n<p><a href=\"https:\/\/erasmusplus.al\/wp-content\/uploads\/2017\/07\/Erasmus-HE-Learning-Agreement-for-studies.docx\"><span style=\"text-decoration: underline;\"><span style=\"color: #0000ff; text-decoration: underline;\">Erasmus+ HE Learning Agreement for studies<\/span><\/span><\/a><\/p>\n<p><span style=\"color: #000000;\"><strong>Marr\u00ebveshja p\u00ebr kryerjen e studimeve<\/strong>\u00a0plot\u00ebsohet nga studenti para mobilitetit, bazuar n\u00eb modulet q\u00eb ai zgjedh t\u00eb kryej\u00eb n\u00eb universitetin prit\u00ebs (tabela A). K\u00ebto module jan\u00eb paraqitur n\u00eb katalogun e v\u00ebn\u00eb n\u00eb dispozicion nga universiteti prit\u00ebs. Gjithashtu studenti plot\u00ebson tabel\u00ebn B me modulet p\u00ebrkuese n\u00eb universitetin d\u00ebrgues, t\u00eb cilat do t\u2019i njihen pas periudh\u00ebs s\u00eb shk\u00ebmbimit.<\/span><\/p>\n<p><span style=\"color: #000000;\"><u>Marr\u00ebveshja n\u00ebnshkruhet nga studenti, personi p\u00ebrgjegj\u00ebs n\u00eb universitetin d\u00ebrgues dhe personi p\u00ebrgjegj\u00ebs n\u00eb universitetin prit\u00ebs<\/u>.<\/span><\/p>\n<p><span style=\"color: #000000;\"><strong>Stafi<\/strong><\/span><\/p>\n<p><span style=\"color: #000000;\">Stafi (akademik ose administrativ) n\u00eb var\u00ebsi t\u00eb q\u00ebllimit t\u00eb shk\u00ebmbimit\u00a0 plot\u00ebson:<\/span><\/p>\n<p><span style=\"color: #000000;\"><strong>Marr\u00ebveshjen e shk\u00ebmbimit p\u00ebr m\u00ebsimdh\u00ebnie<\/strong> (<em>Staff\u00a0 mobility for teaching agreement);<\/em><\/span><\/p>\n<p><a href=\"https:\/\/erasmusplus.al\/wp-content\/uploads\/2017\/07\/Erasmus-HE-Staff-Mobility-Agreement-for-teaching.docx\"><span style=\"text-decoration: underline;\"><span style=\"color: #0000ff; text-decoration: underline;\">Erasmus+ HE Staff Mobility Agreement for teaching<\/span><\/span><\/a><\/p>\n<p><span style=\"color: #000000;\"><strong>Marr\u00ebveshjen e shk\u00ebmbimit p\u00ebr trajnim<\/strong> (<em>Staff mobility for Training\u00a0 agreement);<\/em><\/span><\/p>\n<p><a href=\"https:\/\/erasmusplus.al\/wp-content\/uploads\/2017\/07\/Erasmus-HE-Staff-Mobility-Agreement-for-training.pdf\"><span style=\"text-decoration: underline;\"><span style=\"color: #0000ff; text-decoration: underline;\">Erasmus+ HE Staff Mobility Agreement for training<\/span><\/span><\/a><\/p>\n<p><span style=\"color: #000000;\"><strong>Marr\u00ebveshja e pjes\u00ebmarrjes<\/strong><strong>\u00a0<\/strong><em><strong>(The participant grant agreement<\/strong><\/em><strong>)<\/strong><\/span><\/p>\n<p><span style=\"color: #000000;\"><strong>\u00a0<\/strong>P\u00ebrve\u00e7 marr\u00ebveshjeve t\u00eb m\u00ebsip\u00ebrme, student\u00ebt dhe stafet n\u00ebnshkruajn\u00eb gjithashtu edhe \u201cMarr\u00ebveshjen e pjes\u00ebmarrjes\u201d\u00a0<em>(The participant grant agreement)<\/em>, e cila p\u00ebrcakton kushtet e mb\u00ebshtetjes financiare dhe modalitetet e pages\u00ebs.\u00a0<u>Ky dokument n\u00ebnshkruhet midis individit dhe institucionit n\u00eb Vendin e Programit para fillimit t\u00eb shk\u00ebmbimit.<\/u><\/span><\/p>\n<p><span style=\"color: #000000;\">P\u00ebr m\u00eb tep\u00ebr informacion, duhet t\u00eb kontaktoni zyrat e marr\u00ebdh\u00ebnieve me jasht\u00eb dhe projekteve pran\u00eb universitetit tuaj.<\/span><\/p>\n<\/div>\n<\/article>\n<\/div>\n<\/div>\n","protected":false},"excerpt":{"rendered":"<p>KA1 \u201cSHK\u00cbMBIMET AFATSHKURTRA P\u00cbR STAFET DHE STUDENT\u00cbT\u201d,\u00a0(INTERNATIONAL CREDIT MOBILITY). N\u00ebse universiteti ku studioni ose punoni \u00ebsht\u00eb p\u00ebrzgjedhur fitues n\u00eb nj\u00eb projekt dypal\u00ebsh n\u00eb kuad\u00ebr t\u00eb komponentit\u00a0International Credit Mobility, student\u00ebt, pedagog\u00ebt dhe \u00a0stafi administrativ mund t\u00eb aplikojn\u00eb p\u00ebr shk\u00ebmbime afatshkurtra, p\u00ebrkat\u00ebsisht nga 3 deri n\u00eb 12 muaj p\u00ebr student\u00ebt n\u00eb Bachelor, Master, PhD dhe 5 dit\u00eb [&hellip;]<\/p>\n","protected":false},"author":1,"featured_media":0,"parent":2684,"menu_order":0,"comment_status":"closed","ping_status":"closed","template":"","meta":{"_acf_changed":false,"_et_pb_use_builder":"","_et_pb_old_content":"","_et_gb_content_width":"","footnotes":""},"class_list":["post-2645","page","type-page","status-publish","hentry"],"acf":[],"_links":{"self":[{"href":"https:\/\/erasmusplus.al\/index.php?rest_route=\/wp\/v2\/pages\/2645","targetHints":{"allow":["GET"]}}],"collection":[{"href":"https:\/\/erasmusplus.al\/index.php?rest_route=\/wp\/v2\/pages"}],"about":[{"href":"https:\/\/erasmusplus.al\/index.php?rest_route=\/wp\/v2\/types\/page"}],"author":[{"embeddable":true,"href":"https:\/\/erasmusplus.al\/index.php?rest_route=\/wp\/v2\/users\/1"}],"replies":[{"embeddable":true,"href":"https:\/\/erasmusplus.al\/index.php?rest_route=%2Fwp%2Fv2%2Fcomments&post=2645"}],"version-history":[{"count":5,"href":"https:\/\/erasmusplus.al\/index.php?rest_route=\/wp\/v2\/pages\/2645\/revisions"}],"predecessor-version":[{"id":2737,"href":"https:\/\/erasmusplus.al\/index.php?rest_route=\/wp\/v2\/pages\/2645\/revisions\/2737"}],"up":[{"embeddable":true,"href":"https:\/\/erasmusplus.al\/index.php?rest_route=\/wp\/v2\/pages\/2684"}],"wp:attachment":[{"href":"https:\/\/erasmusplus.al\/index.php?rest_route=%2Fwp%2Fv2%2Fmedia&parent=2645"}],"curies":[{"name":"wp","href":"https:\/\/api.w.org\/{rel}","templated":true}]}}