{"id":7178,"date":"2021-10-18T09:44:47","date_gmt":"2021-10-18T09:44:47","guid":{"rendered":"https:\/\/erasmusplus.al\/?page_id=7178"},"modified":"2024-05-02T13:56:40","modified_gmt":"2024-05-02T13:56:40","slug":"here","status":"publish","type":"page","link":"https:\/\/erasmusplus.al\/?page_id=7178&lang=sq","title":{"rendered":"HERE"},"content":{"rendered":"<p>[et_pb_section fb_built=&#8221;1&#8243; _builder_version=&#8221;4.16&#8243; _module_preset=&#8221;default&#8221; top_divider_style=&#8221;slant2&#8243; top_divider_color=&#8221;#0C71C3&#8243; bottom_divider_style=&#8221;slant2&#8243; bottom_divider_color=&#8221;#0C71C3&#8243; global_colors_info=&#8221;{}&#8221;][et_pb_row _builder_version=&#8221;4.16&#8243; _module_preset=&#8221;default&#8221; global_colors_info=&#8221;{}&#8221;][et_pb_column type=&#8221;4_4&#8243; _builder_version=&#8221;4.16&#8243; _module_preset=&#8221;default&#8221; global_colors_info=&#8221;{}&#8221;][et_pb_text _builder_version=&#8221;4.16&#8243; _module_preset=&#8221;default&#8221; text_font=&#8221;Adamina||||||||&#8221; text_text_color=&#8221;#000000&#8243; text_font_size=&#8221;16px&#8221; global_colors_info=&#8221;{}&#8221;]<\/p>\n<h1><span style=\"color: #333399;\"><strong>HERE-t n\u00eb Shqip\u00ebri<\/strong><\/span><\/h1>\n<p><strong><\/strong><\/p>\n<p><strong><span style=\"text-decoration: underline; color: #000080;\">Ekspert\u00ebt e Reform\u00ebs s\u00eb Arsimit t\u00eb Lart\u00eb (HERE n\u00eb Shqip\u00ebri).<\/span><\/strong><\/p>\n<p><span style=\"text-decoration: underline;\"><\/span><\/p>\n<p>Ekipi Shqiptar i Ekspert\u00ebve t\u00eb Reform\u00ebs n\u00eb Arsimin e Lart\u00eb ofron ekspertiz\u00eb n\u00eb promovimin dhe rritjen e progresit, si dhe zhvillimin e politikave dhe reformave t\u00eb Arsimit t\u00eb Lart\u00eb n\u00eb Shqip\u00ebri. Ekipi HERE zgjidhet dhe em\u00ebrohet nga Ministria e Arsimit dhe Sportit n\u00eb konsultim me sh\u00ebrbimet e Komisionit Evropian.<\/p>\n<h3><\/h3>\n<h3><\/h3>\n<h3><strong><span style=\"color: #000080;\">Skuadra e HERE-ve:<\/span><\/strong><\/h3>\n<p>[\/et_pb_text][\/et_pb_column][\/et_pb_row][et_pb_row column_structure=&#8221;1_5,1_5,1_5,1_5,1_5&#8243; _builder_version=&#8221;4.22.2&#8243; _module_preset=&#8221;default&#8221; border_width_top=&#8221;1px&#8221; border_color_top=&#8221;#0C71C3&#8243; locked=&#8221;off&#8221; global_colors_info=&#8221;{}&#8221;][et_pb_column type=&#8221;1_5&#8243; _builder_version=&#8221;4.16&#8243; _module_preset=&#8221;default&#8221; global_colors_info=&#8221;{}&#8221;][et_pb_team_member name=&#8221;Dorina Hoxha&#8221; position=&#8221;Prof. Ass.&#8221; _builder_version=&#8221;4.22.2&#8243; _module_preset=&#8221;default&#8221; header_level=&#8221;h3&#8243; header_font=&#8221;Adamina|700|||||||&#8221; body_font=&#8221;Adamina||||||||&#8221; body_font_size=&#8221;15px&#8221; position_font=&#8221;Adamina||||||||&#8221; position_font_size=&#8221;16px&#8221; width=&#8221;100%&#8221; border_radii_image=&#8221;on|1px|1px|1px|1px&#8221; locked=&#8221;off&#8221; global_colors_info=&#8221;{}&#8221;]<\/p>\n<p>&nbsp;<\/p>\n<p><span style=\"color: #000000;\">E-mail:<\/span> <a href=\"mailto:axhuvani@yahoo.com\">dorinahoxha1980@icloud.com<\/a><\/p>\n<p>[\/et_pb_team_member][\/et_pb_column][et_pb_column type=&#8221;1_5&#8243; _builder_version=&#8221;4.16&#8243; _module_preset=&#8221;default&#8221; global_colors_info=&#8221;{}&#8221;][et_pb_team_member name=&#8221;Elton Skendaj&#8221; _builder_version=&#8221;4.22.2&#8243; _module_preset=&#8221;default&#8221; header_level=&#8221;h3&#8243; header_font=&#8221;Adamina|700|||||||&#8221; header_text_color=&#8221;#000000&#8243; body_font=&#8221;Adamina||||||||&#8221; body_font_size=&#8221;15px&#8221; position_font=&#8221;Adamina||||||||&#8221; position_font_size=&#8221;15px&#8221; hover_enabled=&#8221;0&#8243; global_colors_info=&#8221;{}&#8221; sticky_enabled=&#8221;0&#8243;]<\/p>\n<p><a href=\"https:\/\/erasmusplus.al\/wp-content\/uploads\/2024\/05\/Elton-Skendaj-short-bio.pdf\" rel=\"attachment wp-att-9511\">Short Bio, Elton Skendaj<\/a><\/p>\n<p>[\/et_pb_team_member][\/et_pb_column][et_pb_column type=&#8221;1_5&#8243; _builder_version=&#8221;4.16&#8243; _module_preset=&#8221;default&#8221; global_colors_info=&#8221;{}&#8221;][et_pb_team_member name=&#8221;Elvira Fetahu&#8221; position=&#8221;Assoc. Prof. Dr.&#8221; _builder_version=&#8221;4.22.2&#8243; _module_preset=&#8221;default&#8221; header_level=&#8221;h3&#8243; header_font=&#8221;Adamina|700|||||||&#8221; header_text_color=&#8221;#000000&#8243; body_font=&#8221;Adamina||||||||&#8221; body_font_size=&#8221;15px&#8221; position_font=&#8221;Adamina||||||||&#8221; position_font_size=&#8221;15px&#8221; hover_enabled=&#8221;0&#8243; global_colors_info=&#8221;{}&#8221; sticky_enabled=&#8221;0&#8243;]<\/p>\n<p><a href=\"https:\/\/erasmusplus.al\/wp-content\/uploads\/2024\/05\/Elvira-Fetahu-short-bio.pdf\" rel=\"attachment wp-att-9512\">Short Bio, Elvira Fetahu<\/a><\/p>\n<p>E-mail: <a href=\"elvirafetahu@yahoo.com\">elvirafetahu@yahoo.com<\/a><\/p>\n<p>[\/et_pb_team_member][\/et_pb_column][et_pb_column type=&#8221;1_5&#8243; _builder_version=&#8221;4.16&#8243; _module_preset=&#8221;default&#8221; global_colors_info=&#8221;{}&#8221;][et_pb_team_member name=&#8221;Rigers Bakiu&#8221; _builder_version=&#8221;4.22.2&#8243; _module_preset=&#8221;default&#8221; header_level=&#8221;h3&#8243; header_font=&#8221;Adamina|700|||||||&#8221; body_font=&#8221;Adamina||||||||&#8221; body_font_size=&#8221;15px&#8221; position_font=&#8221;Adamina||||||||&#8221; position_font_size=&#8221;15px&#8221; hover_enabled=&#8221;0&#8243; global_colors_info=&#8221;{}&#8221; sticky_enabled=&#8221;0&#8243;]<\/p>\n<p><span class=\"fontstyle0\"><a href=\"https:\/\/erasmusplus.al\/wp-content\/uploads\/2024\/05\/Short-Bio-Rigers-Bakiu.pdf\" rel=\"attachment wp-att-9513\">Short Bio, Rigers Bakiu<\/a><\/span><\/p>\n<p>[\/et_pb_team_member][\/et_pb_column][et_pb_column type=&#8221;1_5&#8243; _builder_version=&#8221;4.22.2&#8243; _module_preset=&#8221;default&#8221; global_colors_info=&#8221;{}&#8221;][et_pb_team_member name=&#8221;Esmeralda Kromidha&#8221; position=&#8221;Prof. Dr. &#8221; _builder_version=&#8221;4.22.2&#8243; _module_preset=&#8221;default&#8221; header_level=&#8221;h3&#8243; header_font=&#8221;Adamina|700|||||||&#8221; body_font=&#8221;Adamina||||||||&#8221; body_font_size=&#8221;15px&#8221; position_font=&#8221;Adamina||||||||&#8221; position_font_size=&#8221;15px&#8221; hover_enabled=&#8221;0&#8243; global_colors_info=&#8221;{}&#8221; sticky_enabled=&#8221;0&#8243;]<\/p>\n<p><a href=\"https:\/\/erasmusplus.al\/wp-content\/uploads\/2024\/05\/Short-bio-Esmeralda-Kromidha.pdf\" rel=\"attachment wp-att-9510\">Short bio, Esmeralda Kromidha<\/a><\/p>\n<p>[\/et_pb_team_member][\/et_pb_column][\/et_pb_row][et_pb_row _builder_version=&#8221;4.16&#8243; _module_preset=&#8221;default&#8221; global_colors_info=&#8221;{}&#8221;][et_pb_column type=&#8221;4_4&#8243; _builder_version=&#8221;4.16&#8243; _module_preset=&#8221;default&#8221; global_colors_info=&#8221;{}&#8221;][et_pb_text _builder_version=&#8221;4.16&#8243; _module_preset=&#8221;default&#8221; text_font=&#8221;Adamina||||||||&#8221; text_text_color=&#8221;#000000&#8243; text_font_size=&#8221;16px&#8221; text_line_height=&#8221;1.8em&#8221; header_font=&#8221;Adamina|700|||||||&#8221; header_text_color=&#8221;#0C71C3&#8243; background_enable_image=&#8221;off&#8221; global_colors_info=&#8221;{}&#8221;]<\/p>\n<p><span style=\"color: #000080;\"><strong>Misioni dhe P\u00ebrgjegj\u00ebsit\u00eb e HERE<\/strong><\/span><\/p>\n<ul>\n<li>HERE-t mb\u00ebshtesin zhvillimin e politikave n\u00eb Shqip\u00ebri n\u00ebp\u00ebrmjet modernizimit t\u00eb proceseve dhe strategjive reformuese n\u00eb Arsimin e Lart\u00eb, n\u00eb bashk\u00ebpunim t\u00eb ngusht\u00eb me autoritetet vendore p\u00ebrkat\u00ebse.<\/li>\n<li>HERE-t mb\u00ebshtesin dialogun e politikave me BE-n\u00eb n\u00eb fush\u00ebn e Arsimit t\u00eb Lart\u00eb, n\u00eb sinergji dhe koordinim me platformat e ndryshme t\u00eb politikave t\u00eb krijuara n\u00eb kuad\u00ebr t\u00eb programit Erasmus+ ose iniciativave t\u00eb tjera t\u00eb mundshme t\u00eb krijuara nga dhe n\u00ebn drejtimin e Komisionit Evropian.<\/li>\n<li>HERE-t mb\u00ebshtesin projektet Erasmus+ dhe ish-programet e BE-s\u00eb duke shp\u00ebrndar\u00eb rezultatet e tyre, ve\u00e7an\u00ebrisht praktikat m\u00eb t\u00eb mira dhe iniciativat inovative dhe duke i shfryt\u00ebzuar ato p\u00ebr q\u00ebllime modernizimi dhe zhvillimi.<\/li>\n<\/ul>\n<p><strong><span style=\"color: #000080;\">P\u00ebrgjegj\u00ebsit\u00eb kryesore t\u00eb HERE-ve n\u00eb Shqip\u00ebri:<\/span><\/strong><\/p>\n<ul>\n<li>HERE-t marrin pjes\u00eb n\u00eb aktivitete nd\u00ebrkomb\u00ebtare q\u00eb organizohen posa\u00e7\u00ebrisht p\u00ebr ta nga Komisioni Evropian. K\u00ebto aktivitete ndahen n\u00eb: seminare tematike, vizita studimore, konferenca nd\u00ebrkomb\u00ebtare;<\/li>\n<li>HERE-t kan\u00eb detyrimin t\u00eb shp\u00ebrndajn\u00eb p\u00ebrvoj\u00ebn e fituar n\u00eb nivel institucional dhe n\u00eb seminare komb\u00ebtare, t\u00eb organizuara n\u00eb Shqip\u00ebri, me mb\u00ebshtetjen e Zyr\u00ebs Erasmus+;<\/li>\n<li>HERE-t b\u00ebjn\u00eb prezantime n\u00eb seminaret komb\u00ebtare t\u00eb planifikuara prej tyre;<\/li>\n<li>HERE-t luajn\u00eb role aktive si ekspert\u00eb ose si moderator\u00eb n\u00eb aktivitetet nd\u00ebrkomb\u00ebtare ku kjo k\u00ebrkohet;<\/li>\n<li>HERE-t p\u00ebrfshihen dhe rekrutohen p\u00ebr detyra t\u00eb ndryshme n\u00eb kuad\u00ebr t\u00eb misioneve t\u00eb asistenc\u00ebs teknike, p\u00ebrgatitjes s\u00eb studimeve, publikimeve;<\/li>\n<li>HERE-t p\u00ebrfshihen n\u00eb grupe pune (komb\u00ebtare) p\u00ebr hartimin e dokumenteve strategjike, p\u00ebrmir\u00ebsimin e bazave ligjore, etj;<\/li>\n<\/ul>\n<p>HERE shprehen n\u00eb median e shkruar dhe TV n\u00eb lidhje me \u00e7\u00ebshtjet dhe politikat e Arsimit t\u00eb Lart\u00eb;<\/p>\n<p><span style=\"color: #000080;\"><strong>P\u00ebrgjegj\u00ebsit\u00eb kryesore t\u00eb Zyr\u00ebs Erasmus + n\u00eb Shqip\u00ebri n\u00eb lidhje me ekipin HERE:<\/strong><\/span><\/p>\n<ul>\n<li>Zyra Komb\u00ebtare Erasmus+ koordinon dhe leht\u00ebson pun\u00ebn e HERE-ve n\u00eb Shqip\u00ebri, si dhe pjes\u00ebmarrjen e tyre n\u00eb aktivitete t\u00eb ndryshme rajonale ose nd\u00ebrkomb\u00ebtare;<\/li>\n<li>Zyra Komb\u00ebtare Erasmus+ n\u00eb bashk\u00ebpunim me ekipin HERE harton programin e tyre vjetor t\u00eb pun\u00ebs dhe monitoron aktivitetet e tyre;<\/li>\n<\/ul>\n<p>Zyra Shqiptare Erasmus+ p\u00ebrgatit raportet mbi aktivitetet e kryera nga HERE-t p\u00ebr Agjencin\u00eb Ekzekutive n\u00eb Bruksel.<\/p>\n<p><span style=\"color: #000080;\"><strong>Raportet dhe publikimet HERE:<\/strong><\/span><\/p>\n<p><a href=\"http:\/\/eacea.ec.europa.eu\/tempus\/tools\/documents\/here_report_2012_130801.pdf\">http:\/\/eacea.ec.europa.eu\/tempus\/tools\/documents\/here_report_2012_130801.pdf<\/a><\/p>\n<p><a href=\"http:\/\/eacea.ec.europa.eu\/tempus\/tools\/publications_en.php#4\">http:\/\/eacea.ec.europa.eu\/tempus\/tools\/publications_en.php#4<\/a><\/p>\n<p>[\/et_pb_text][\/et_pb_column][\/et_pb_row][\/et_pb_section]<\/p>\n","protected":false},"excerpt":{"rendered":"<p>HERE-t n\u00eb Shqip\u00ebri Ekspert\u00ebt e Reform\u00ebs s\u00eb Arsimit t\u00eb Lart\u00eb (HERE n\u00eb Shqip\u00ebri). Ekipi Shqiptar i Ekspert\u00ebve t\u00eb Reform\u00ebs n\u00eb Arsimin e Lart\u00eb ofron ekspertiz\u00eb n\u00eb promovimin dhe rritjen e progresit, si dhe zhvillimin e politikave dhe reformave t\u00eb Arsimit t\u00eb Lart\u00eb n\u00eb Shqip\u00ebri. Ekipi HERE zgjidhet dhe em\u00ebrohet nga Ministria e Arsimit dhe Sportit [&hellip;]<\/p>\n","protected":false},"author":2,"featured_media":0,"parent":0,"menu_order":0,"comment_status":"closed","ping_status":"closed","template":"","meta":{"_acf_changed":false,"_et_pb_use_builder":"on","_et_pb_old_content":"","_et_gb_content_width":"","footnotes":""},"class_list":["post-7178","page","type-page","status-publish","hentry"],"acf":[],"_links":{"self":[{"href":"https:\/\/erasmusplus.al\/index.php?rest_route=\/wp\/v2\/pages\/7178","targetHints":{"allow":["GET"]}}],"collection":[{"href":"https:\/\/erasmusplus.al\/index.php?rest_route=\/wp\/v2\/pages"}],"about":[{"href":"https:\/\/erasmusplus.al\/index.php?rest_route=\/wp\/v2\/types\/page"}],"author":[{"embeddable":true,"href":"https:\/\/erasmusplus.al\/index.php?rest_route=\/wp\/v2\/users\/2"}],"replies":[{"embeddable":true,"href":"https:\/\/erasmusplus.al\/index.php?rest_route=%2Fwp%2Fv2%2Fcomments&post=7178"}],"version-history":[{"count":13,"href":"https:\/\/erasmusplus.al\/index.php?rest_route=\/wp\/v2\/pages\/7178\/revisions"}],"predecessor-version":[{"id":9516,"href":"https:\/\/erasmusplus.al\/index.php?rest_route=\/wp\/v2\/pages\/7178\/revisions\/9516"}],"wp:attachment":[{"href":"https:\/\/erasmusplus.al\/index.php?rest_route=%2Fwp%2Fv2%2Fmedia&parent=7178"}],"curies":[{"name":"wp","href":"https:\/\/api.w.org\/{rel}","templated":true}]}}