{"id":7190,"date":"2021-10-18T09:50:01","date_gmt":"2021-10-18T09:50:01","guid":{"rendered":"https:\/\/erasmusplus.al\/?page_id=7190"},"modified":"2022-02-20T17:34:26","modified_gmt":"2022-02-20T17:34:26","slug":"erasmus-per-ial-te","status":"publish","type":"page","link":"https:\/\/erasmusplus.al\/?page_id=7190&lang=sq","title":{"rendered":"Erasmus+ p\u00ebr IAL-t\u00eb"},"content":{"rendered":"<p>[et_pb_section fb_built=&#8221;1&#8243; theme_builder_area=&#8221;post_content&#8221; _builder_version=&#8221;4.14.8&#8243; _module_preset=&#8221;default&#8221;][et_pb_row _builder_version=&#8221;4.14.8&#8243; _module_preset=&#8221;default&#8221; theme_builder_area=&#8221;post_content&#8221;][et_pb_column _builder_version=&#8221;4.14.8&#8243; _module_preset=&#8221;default&#8221; type=&#8221;4_4&#8243; theme_builder_area=&#8221;post_content&#8221;][et_pb_text _builder_version=&#8221;4.14.8&#8243; _module_preset=&#8221;default&#8221; theme_builder_area=&#8221;post_content&#8221; text_font=&#8221;Adamina||||||||&#8221; text_text_color=&#8221;#000000&#8243; text_font_size=&#8221;18px&#8221; text_line_height=&#8221;1.8em&#8221; hover_enabled=&#8221;0&#8243; sticky_enabled=&#8221;0&#8243; header_font=&#8221;Adamina|700|||||||&#8221; header_text_color=&#8221;#0C71C3&#8243;]<\/p>\n<h1><span style=\"color: #000080;\">Erasmus+ p\u00ebr Arsimin e Lart\u00eb<\/span><\/h1>\n<p>Erasmus+ \u00ebsht\u00eb programi i Bashkimit Evropian p\u00ebr arsimin, trajnimin, rinin\u00eb dhe sportin p\u00ebr periudh\u00ebn 2014-2020.<\/p>\n<p>Erasmus+ synon t\u00eb promovoj\u00eb, nd\u00ebr t\u00eb tjera:<\/p>\n<ul>\n<li>\u00a0Krijimi i mund\u00ebsive p\u00ebr t\u00eb studiuar, p\u00ebr t&#8217;u trajnuar, p\u00ebr t\u00eb fituar p\u00ebrvoj\u00eb pune jasht\u00eb vendit;<\/li>\n<li>P\u00ebrfundimi i studimeve jasht\u00eb vendit n\u00eb periudha t\u00eb shkurtra ose ndjekja e cikleve t\u00eb plota t\u00eb studimit;<\/li>\n<li>Mb\u00ebshtetja e personave me nevoja t\u00eb ve\u00e7anta nga shtresat e margjinalizuara dhe atyre me pak mund\u00ebsi;<\/li>\n<li>Bashk\u00ebpunimi nd\u00ebrmjet institucioneve t\u00eb arsimit t\u00eb lart\u00eb t\u00eb BE-s\u00eb dhe jasht\u00eb saj p\u00ebr zhvillimin e qasjeve t\u00eb reja m\u00ebsimore, harmonizimin e programeve, kualifikimin e vazhduesh\u00ebm t\u00eb stafit, etj.<\/li>\n<li>Bashk\u00ebpunimi nd\u00ebrmjet aktor\u00ebve t\u00eb arsimit dhe atyre t\u00eb bot\u00ebs s\u00eb biznesit duke sjell\u00eb mund\u00ebsi t\u00eb reja p\u00ebr institucionet e arsimit t\u00eb lart\u00eb, student\u00ebt dhe stafin e tyre p\u00ebr t\u00eb leht\u00ebsuar transferimin e njohurive, p\u00ebrshtatjen me nevojat e tregut t\u00eb pun\u00ebs, etj.<\/li>\n<li>Zhvillimi i edukimit dixhital dhe p\u00ebrdorimi i teknologjive t\u00eb informacionit dhe komunikimit.<\/li>\n<\/ul>\n<p>Erasmus+ sjell n\u00ebn t\u00eb nj\u00ebjt\u00ebn ombrell\u00eb (i) Programin e t\u00eb m\u00ebsuarit gjat\u00eb gjith\u00eb jet\u00ebs (Erasmus, Leonardo da Vinci, Comenius, Jean Monnet dhe Grundtvig) (ii) programin Youth in Action (iii) pes\u00eb programe bashk\u00ebpunimi nd\u00ebrkomb\u00ebtar (Erasmus Mundus, Tempus, Alfa, Edulink, programi p\u00ebr bashk\u00ebpunim me vendet e industrializuara) dhe (iv) aksioni i ri sportiv.Programi shtat\u00ebvje\u00e7ar ka nj\u00eb buxhet prej<strong> 14.7 miliard\u00eb euro; nj\u00eb rritje prej 40%<\/strong> krahasuar me nivelet e m\u00ebparshme t\u00eb shpenzimeve, duke reflektuar angazhimin e BE-s\u00eb p\u00ebr t\u00eb investuar n\u00eb k\u00ebto fusha.<\/p>\n<p>ERASMUS+ do t\u00eb ofroj\u00eb <strong>mund\u00ebsi p\u00ebr mbi 4 milion\u00eb evropian\u00eb<\/strong> p\u00ebr t\u00eb studiuar, trajnuar, fituar p\u00ebrvoj\u00eb pune dhe vullnetar\u00eb jasht\u00eb vendit. Rreth 2 milion\u00eb student\u00eb, 500.000 t\u00eb rinj dhe vullnetar\u00eb, 650.000 kursant\u00eb, t\u00eb cil\u00ebt do t\u00eb kryejn\u00eb praktika profesionale, 800.000 staf akademik dhe pedagogjik dhe rreth 125.000 institucione dhe organizata pjes\u00ebmarr\u00ebse pritet t\u00eb p\u00ebrfitojn\u00eb nga Erasmus+.<\/p>\n<p>ERASMUS+ do t\u00eb mb\u00ebshtes\u00eb <strong>partneritetet transnacionale<\/strong> nd\u00ebrmjet institucioneve dhe organizatave t\u00eb Arsimit, Trajnimit dhe Rinis\u00eb p\u00ebr t\u00eb nxitur bashk\u00ebpunimin dhe p\u00ebr t\u00eb lidhur bot\u00ebn e Arsimit dhe t\u00eb pun\u00ebs p\u00ebr t\u00eb trajtuar boshll\u00ebqet e aft\u00ebsive me t\u00eb cilat po p\u00ebrballemi n\u00eb Evrop\u00eb.<\/p>\n<p>Ai gjithashtu do t\u00eb mb\u00ebshtes\u00eb p\u00ebrpjekjet komb\u00ebtare p\u00ebr t\u00eb modernizuar sistemet e arsimit, trajnimit dhe rinis\u00eb. N\u00eb fush\u00ebn e Sportit, do t\u00eb ket\u00eb mb\u00ebshtetje p\u00ebr projektet baz\u00eb dhe sfidat nd\u00ebrkufitare si lufta kund\u00ebr trukimeve t\u00eb ndeshjeve, dopingut, dhun\u00ebs dhe racizmit.<\/p>\n<p>Veprimet e programit Erasmus + ndahen n\u00eb veprime t\u00eb decentralizuara dhe t\u00eb centralizuara. Veprimet e decentralizuara menaxhohen n\u00eb \u00e7do vend t\u00eb programit nga Agjencit\u00eb Komb\u00ebtare q\u00eb em\u00ebrohen nga autoritetet e tyre komb\u00ebtare. Veprimet e centralizuara menaxhohen n\u00eb nivel evropian nga Agjencia Ekzekutive e Arsimit, Audiovizive dhe Kultur\u00ebs (EACEA) me vendndodhje n\u00eb Bruksel.<\/p>\n<p>Dimensioni nd\u00ebrkomb\u00ebtar i Erasmus+ hap bashk\u00ebpunimin nd\u00ebrmjet vendeve t\u00eb programit dhe vendeve partnere.<\/p>\n<p>Vendet e programit: 28 shtete an\u00ebtare t\u00eb BE-s\u00eb; Islanda, Lihtenshtajni dhe Norvegjia; Turqia dhe ish Republika Jugosllave e Maqedonis\u00eb.<\/p>\n<p><strong>Vendet Partnere<\/strong>*: \u200b\u200bBallkani Per\u00ebndimor \u2013 <strong>Shqip\u00ebria<\/strong>, Bosnja dhe Hercegovina, Kosova, Mali i Zi, Serbia; Vendet e Partneritetit Lindor \u2013 Armenia, Azerbajxhani, Bjellorusia, Gjeorgjia, Moldavia, Ukraina; Vendet e Mesdheut jugor \u2013 Algjeria, Egjipti, Izraeli, Jordania, Libani, Libia, Maroku, Palestina, Siria, Tunizia; Federata Ruse; Azia Qendrore: Kazakistan, Kirgistan, Taxhikistan, Turkmenistan, Uzbekistan; Amerika Latine; Afrika e Jugut; Vendet ACP; Vendet e industrializuara.<\/p>\n<p>Shihni t\u00eb gjitha vendet n\u00eb Programin Erasmus+<\/p>\n<p>Udh\u00ebzues: <a href=\"http:\/\/ec.europa.eu\/programmes\/erasmus-plus\/documents\/erasmus-plus-programme-guide_en.pdf\">http:\/\/ec.europa.eu\/programmes\/erasmus-plus\/documents\/erasmus-plus-programme-guide_en.pdf<\/a><\/p>\n<p>Website\u00a0e programit ERASMUS+: <a href=\"http:\/\/ec.europa.eu\/programmes\/erasmus-plus\/index_en.htm\">http:\/\/ec.europa.eu\/programmes\/erasmus-plus\/index_en.htm<\/a><\/p>\n<p>Detaje mbi thirrjet n\u00eb faqen e internetit t\u00eb Agjencis\u00eb Ekzekutive t\u00eb Arsimit, Audiovizualit dhe Kultur\u00ebs (EACEA) p\u00ebrgjegj\u00ebse p\u00ebr menaxhimin e Programit: <a href=\"http:\/\/eacea.ec.europa.eu\/erasmus-plus_en\">http:\/\/eacea.ec.europa.eu\/erasmus-plus_en<\/a><\/p>\n<p>[\/et_pb_text][\/et_pb_column][\/et_pb_row][\/et_pb_section]<\/p>\n","protected":false},"excerpt":{"rendered":"<p>Erasmus+ p\u00ebr Arsimin e Lart\u00eb Erasmus+ \u00ebsht\u00eb programi i Bashkimit Evropian p\u00ebr arsimin, trajnimin, rinin\u00eb dhe sportin p\u00ebr periudh\u00ebn 2014-2020. Erasmus+ synon t\u00eb promovoj\u00eb, nd\u00ebr t\u00eb tjera: \u00a0Krijimi i mund\u00ebsive p\u00ebr t\u00eb studiuar, p\u00ebr t&#8217;u trajnuar, p\u00ebr t\u00eb fituar p\u00ebrvoj\u00eb pune jasht\u00eb vendit; P\u00ebrfundimi i studimeve jasht\u00eb vendit n\u00eb periudha t\u00eb shkurtra ose ndjekja e [&hellip;]<\/p>\n","protected":false},"author":2,"featured_media":0,"parent":0,"menu_order":0,"comment_status":"closed","ping_status":"closed","template":"","meta":{"_acf_changed":false,"_et_pb_use_builder":"on","_et_pb_old_content":"","_et_gb_content_width":"","footnotes":""},"class_list":["post-7190","page","type-page","status-publish","hentry"],"acf":[],"_links":{"self":[{"href":"https:\/\/erasmusplus.al\/index.php?rest_route=\/wp\/v2\/pages\/7190","targetHints":{"allow":["GET"]}}],"collection":[{"href":"https:\/\/erasmusplus.al\/index.php?rest_route=\/wp\/v2\/pages"}],"about":[{"href":"https:\/\/erasmusplus.al\/index.php?rest_route=\/wp\/v2\/types\/page"}],"author":[{"embeddable":true,"href":"https:\/\/erasmusplus.al\/index.php?rest_route=\/wp\/v2\/users\/2"}],"replies":[{"embeddable":true,"href":"https:\/\/erasmusplus.al\/index.php?rest_route=%2Fwp%2Fv2%2Fcomments&post=7190"}],"version-history":[{"count":3,"href":"https:\/\/erasmusplus.al\/index.php?rest_route=\/wp\/v2\/pages\/7190\/revisions"}],"predecessor-version":[{"id":8155,"href":"https:\/\/erasmusplus.al\/index.php?rest_route=\/wp\/v2\/pages\/7190\/revisions\/8155"}],"wp:attachment":[{"href":"https:\/\/erasmusplus.al\/index.php?rest_route=%2Fwp%2Fv2%2Fmedia&parent=7190"}],"curies":[{"name":"wp","href":"https:\/\/api.w.org\/{rel}","templated":true}]}}