{"id":7200,"date":"2021-10-18T09:52:54","date_gmt":"2021-10-18T09:52:54","guid":{"rendered":"https:\/\/erasmusplus.al\/?page_id=7200"},"modified":"2022-02-20T17:21:25","modified_gmt":"2022-02-20T17:21:25","slug":"arkiva","status":"publish","type":"page","link":"https:\/\/erasmusplus.al\/?page_id=7200&lang=sq","title":{"rendered":"Arkiva"},"content":{"rendered":"<p>[et_pb_section fb_built=&#8221;1&#8243; _builder_version=&#8221;4.14.8&#8243; _module_preset=&#8221;default&#8221; hover_enabled=&#8221;0&#8243; global_colors_info=&#8221;{}&#8221; top_divider_style=&#8221;slant2&#8243; top_divider_color=&#8221;#0C71C3&#8243; bottom_divider_style=&#8221;slant2&#8243; bottom_divider_color=&#8221;#0C71C3&#8243; sticky_enabled=&#8221;0&#8243;][et_pb_row _builder_version=&#8221;4.10.7&#8243; _module_preset=&#8221;default&#8221; locked=&#8221;off&#8221; global_colors_info=&#8221;{}&#8221;][et_pb_column type=&#8221;4_4&#8243; _builder_version=&#8221;4.10.7&#8243; _module_preset=&#8221;default&#8221; global_colors_info=&#8221;{}&#8221;][et_pb_text _builder_version=&#8221;4.14.8&#8243; _module_preset=&#8221;default&#8221; header_font=&#8221;Adamina|700|||||||&#8221; header_text_color=&#8221;#0C71C3&#8243; global_colors_info=&#8221;{}&#8221;]<\/p>\n<h1>Arkiva<\/h1>\n<p>[\/et_pb_text][et_pb_code _builder_version=&#8221;4.14.8&#8243; _module_preset=&#8221;default&#8221; global_colors_info=&#8221;{}&#8221;]<div class=\"sya_container\" id=\"sya_container\"><p class=\"sya_yearslist\" id=\"sya_yearslist\"><a href=\"#year2020\">2020<\/a><\/p><h2><a id=\"year2020\"><\/a><a href=\"https:\/\/erasmusplus.al\/?m=2020\" rel=\"section\">2020<\/a> <span class=\"sya_yearcount\"><span class=\"sya_bracket\">(<\/span>130<span class=\"sya_bracket\">)<\/span><\/span><\/h2><ul><li class=\"\"><div class=\"sya_postcontent\"><span class=\"sya_date\">23.12. <span class=\"sya_sep\">- <\/span><\/span><a href=\"https:\/\/erasmusplus.al\/?p=6135&lang=sq\" class=\"sya_postlink post-6135\" rel=\"bookmark\">Takim partner\u00ebsh Projekti INTERBA_23 Dhjetor<\/a> <span class=\"sya_categories\"><span class=\"sya_bracket\">(<\/span>Aktivitete<span class=\"sya_bracket\">)<\/span><\/span><\/div><\/li><li class=\"\"><div class=\"sya_postcontent\"><span class=\"sya_date\">23.12. <span class=\"sya_sep\">- <\/span><\/span><a href=\"https:\/\/erasmusplus.al\/?p=6112\" class=\"sya_postlink post-6112\" rel=\"bookmark\">INTERBA Project meeting_December2020<\/a> <span class=\"sya_categories\"><span class=\"sya_bracket\">(<\/span>Activities<span class=\"sya_bracket\">)<\/span><\/span><\/div><\/li><li class=\"\"><div class=\"sya_postcontent\"><span class=\"sya_date\">21.12. <span class=\"sya_sep\">- <\/span><\/span><a href=\"https:\/\/erasmusplus.al\/?p=6094\" class=\"sya_postlink post-6094\" rel=\"bookmark\">ICM Monitoring Visit at EPOKA University<\/a> <span class=\"sya_categories\"><span class=\"sya_bracket\">(<\/span>Activities<span class=\"sya_bracket\">)<\/span><\/span><\/div><\/li><li class=\"\"><div class=\"sya_postcontent\"><span class=\"sya_date\">18.12. <span class=\"sya_sep\">- <\/span><\/span><a href=\"https:\/\/erasmusplus.al\/?p=6109&lang=sq\" class=\"sya_postlink post-6109\" rel=\"bookmark\">Monitorim Projektesh \u201cShk\u00ebmbim Studentor dhe Stafi\u201d_Uni EPOKA<\/a> <span class=\"sya_categories\"><span class=\"sya_bracket\">(<\/span>Aktivitete<span class=\"sya_bracket\">)<\/span><\/span><\/div><\/li><li class=\"\"><div class=\"sya_postcontent\"><span class=\"sya_date\">18.12. <span class=\"sya_sep\">- <\/span><\/span><a href=\"https:\/\/erasmusplus.al\/?p=6092&lang=sq\" class=\"sya_postlink post-6092\" rel=\"bookmark\">Takimi: Statusi aktual i student\u00ebve n\u00eb shk\u00ebmbimet studentore n\u00eb WB, EU lindore dhe Rusi.<\/a> <span class=\"sya_categories\"><span class=\"sya_bracket\">(<\/span>Aktivitete<span class=\"sya_bracket\">)<\/span><\/span><\/div><\/li><li class=\"\"><div class=\"sya_postcontent\"><span class=\"sya_date\">18.12. <span class=\"sya_sep\">- <\/span><\/span><a href=\"https:\/\/erasmusplus.al\/?p=6069\" class=\"sya_postlink post-6069\" rel=\"bookmark\">Current state of student mobility in Erasmus+ partner countries<\/a> <span class=\"sya_categories\"><span class=\"sya_bracket\">(<\/span>Activities<span class=\"sya_bracket\">)<\/span><\/span><\/div><\/li><li class=\"\"><div class=\"sya_postcontent\"><span class=\"sya_date\">18.12. <span class=\"sya_sep\">- <\/span><\/span><a href=\"https:\/\/erasmusplus.al\/?p=6065&lang=sq\" class=\"sya_postlink post-6065\" rel=\"bookmark\">Monitorim \u00a0Projekti INTERBA_Platform\u00eb digjitale.<\/a> <span class=\"sya_categories\"><span class=\"sya_bracket\">(<\/span>Aktivitete<span class=\"sya_bracket\">)<\/span><\/span><\/div><\/li><li class=\"\"><div class=\"sya_postcontent\"><span class=\"sya_date\">18.12. <span class=\"sya_sep\">- <\/span><\/span><a href=\"https:\/\/erasmusplus.al\/?p=6057\" class=\"sya_postlink post-6057\" rel=\"bookmark\">eMonitoring Visit_Project INTERBA_Dec18<\/a> <span class=\"sya_categories\"><span class=\"sya_bracket\">(<\/span>Activities<span class=\"sya_bracket\">)<\/span><\/span><\/div><\/li><li class=\"\"><div class=\"sya_postcontent\"><span class=\"sya_date\">17.12. <span class=\"sya_sep\">- <\/span><\/span><a href=\"https:\/\/erasmusplus.al\/?p=6039&lang=sq\" class=\"sya_postlink post-6039\" rel=\"bookmark\">Monitorim  Projekti GEOBIZ_Dhjetor 17<\/a> <span class=\"sya_categories\"><span class=\"sya_bracket\">(<\/span>Aktivitete<span class=\"sya_bracket\">)<\/span><\/span><\/div><\/li><li class=\"\"><div class=\"sya_postcontent\"><span class=\"sya_date\">17.12. <span class=\"sya_sep\">- <\/span><\/span><a href=\"https:\/\/erasmusplus.al\/?p=6054&lang=sq\" class=\"sya_postlink post-6054\" rel=\"bookmark\">Monitorim \u00a0Projekti GEOBIZ_Dhjetor 17<\/a> <span class=\"sya_categories\"><span class=\"sya_bracket\">(<\/span>Aktivitete<span class=\"sya_bracket\">)<\/span><\/span><\/div><\/li><li class=\"\"><div class=\"sya_postcontent\"><span class=\"sya_date\">17.12. <span class=\"sya_sep\">- <\/span><\/span><a href=\"https:\/\/erasmusplus.al\/?p=6043\" class=\"sya_postlink post-6043\" rel=\"bookmark\">eMonitoring Visit_Project GEOBIZ_Dec17<\/a> <span class=\"sya_categories\"><span class=\"sya_bracket\">(<\/span>Activities<span class=\"sya_bracket\">)<\/span><\/span><\/div><\/li><li class=\"\"><div class=\"sya_postcontent\"><span class=\"sya_date\">15.12. <span class=\"sya_sep\">- <\/span><\/span><a href=\"https:\/\/erasmusplus.al\/?p=6021&lang=sq\" class=\"sya_postlink post-6021\" rel=\"bookmark\">Takimi: Statusi aktual i student\u00ebve n\u00eb shk\u00ebmbimet studentore n\u00eb WB, EU lindore dhe Rusi.<\/a> <span class=\"sya_categories\"><span class=\"sya_bracket\">(<\/span>Aktivitete<span class=\"sya_bracket\">)<\/span><\/span><\/div><\/li><li class=\"\"><div class=\"sya_postcontent\"><span class=\"sya_date\">15.12. <span class=\"sya_sep\">- <\/span><\/span><a href=\"https:\/\/erasmusplus.al\/?p=6003\" class=\"sya_postlink post-6003\" rel=\"bookmark\">#Info Session_NA France &#038; NEO Albania_December15<\/a> <span class=\"sya_categories\"><span class=\"sya_bracket\">(<\/span>Activities<span class=\"sya_bracket\">)<\/span><\/span><\/div><\/li><li class=\"\"><div class=\"sya_postcontent\"><span class=\"sya_date\">14.12. <span class=\"sya_sep\">- <\/span><\/span><a href=\"https:\/\/erasmusplus.al\/?p=6000&lang=sq\" class=\"sya_postlink post-6000\" rel=\"bookmark\">Monitorim  Projekti QUADIC _14 Dhjetor<\/a> <span class=\"sya_categories\"><span class=\"sya_bracket\">(<\/span>Aktivitete<span class=\"sya_bracket\">)<\/span><\/span><\/div><\/li><li class=\"\"><div class=\"sya_postcontent\"><span class=\"sya_date\">14.12. <span class=\"sya_sep\">- <\/span><\/span><a href=\"https:\/\/erasmusplus.al\/?p=5993\" class=\"sya_postlink post-5993\" rel=\"bookmark\">eMonitoring Visit_Project_QUADIC _Dec14<\/a> <span class=\"sya_categories\"><span class=\"sya_bracket\">(<\/span>Activities<span class=\"sya_bracket\">)<\/span><\/span><\/div><\/li><li class=\"\"><div class=\"sya_postcontent\"><span class=\"sya_date\">14.12. <span class=\"sya_sep\">- <\/span><\/span><a href=\"https:\/\/erasmusplus.al\/?p=5814&lang=sq\" class=\"sya_postlink post-5814\" rel=\"bookmark\">Raporti i Mbulimit dhe Ndikimit i #ErasmusDays 2020<\/a> <span class=\"sya_categories\"><span class=\"sya_bracket\">(<\/span>Aktivitete<span class=\"sya_bracket\">)<\/span><\/span><\/div><\/li><li class=\"\"><div class=\"sya_postcontent\"><span class=\"sya_date\">14.12. <span class=\"sya_sep\">- <\/span><\/span><a href=\"https:\/\/erasmusplus.al\/?p=5801\" class=\"sya_postlink post-5801\" rel=\"bookmark\">The Coverage and Impact Report of the #ErasmusDays 2020<\/a> <span class=\"sya_categories\"><span class=\"sya_bracket\">(<\/span>Activities<span class=\"sya_bracket\">)<\/span><\/span><\/div><\/li><li class=\"\"><div class=\"sya_postcontent\"><span class=\"sya_date\">11.12. <span class=\"sya_sep\">- <\/span><\/span><a href=\"https:\/\/erasmusplus.al\/?p=5990&lang=sq\" class=\"sya_postlink post-5990\" rel=\"bookmark\">Monitorim  Projekti VALEU-X _11 Dhjetor<\/a> <span class=\"sya_categories\"><span class=\"sya_bracket\">(<\/span>Aktivitete<span class=\"sya_bracket\">)<\/span><\/span><\/div><\/li><li class=\"\"><div class=\"sya_postcontent\"><span class=\"sya_date\">11.12. <span class=\"sya_sep\">- <\/span><\/span><a href=\"https:\/\/erasmusplus.al\/?p=5972\" class=\"sya_postlink post-5972\" rel=\"bookmark\">eMonitoring Visit_Project VALEU-X _Dec11<\/a> <span class=\"sya_categories\"><span class=\"sya_bracket\">(<\/span>Activities<span class=\"sya_bracket\">)<\/span><\/span><\/div><\/li><li class=\"\"><div class=\"sya_postcontent\"><span class=\"sya_date\">11.12. <span class=\"sya_sep\">- <\/span><\/span><a href=\"https:\/\/erasmusplus.al\/?p=6411\" class=\"sya_postlink post-6411\" rel=\"bookmark\">Development of learning outcomes and competence based learning in HEIs<\/a> <span class=\"sya_categories\"><span class=\"sya_bracket\">(<\/span>HERE Activities<span class=\"sya_bracket\">)<\/span><\/span><\/div><\/li><li class=\"\"><div class=\"sya_postcontent\"><span class=\"sya_date\">09.12. <span class=\"sya_sep\">- <\/span><\/span><a href=\"https:\/\/erasmusplus.al\/?p=5969&lang=sq\" class=\"sya_postlink post-5969\" rel=\"bookmark\">Takim Koordinator\u00ebt e Projekteve Erasmus+ \u201cNKAL\u201d_Thirrja 2020<\/a> <span class=\"sya_categories\"><span class=\"sya_bracket\">(<\/span>Aktivitete<span class=\"sya_bracket\">)<\/span><\/span><\/div><\/li><li class=\"\"><div class=\"sya_postcontent\"><span class=\"sya_date\">09.12. <span class=\"sya_sep\">- <\/span><\/span><a href=\"https:\/\/erasmusplus.al\/?p=5965\" class=\"sya_postlink post-5965\" rel=\"bookmark\">Meeting Albanian HEIs  Coordinator CBHE_Call2020<\/a> <span class=\"sya_categories\"><span class=\"sya_bracket\">(<\/span>Activities<span class=\"sya_bracket\">)<\/span><\/span><\/div><\/li><li class=\"\"><div class=\"sya_postcontent\"><span class=\"sya_date\">08.12. <span class=\"sya_sep\">- <\/span><\/span><a href=\"https:\/\/erasmusplus.al\/?p=6610\" class=\"sya_postlink post-6610\" rel=\"bookmark\">Erasmus Day<\/a> <span class=\"sya_categories\"><span class=\"sya_bracket\">(<\/span>Activities<span class=\"sya_bracket\">)<\/span><\/span><\/div><\/li><li class=\"\"><div class=\"sya_postcontent\"><span class=\"sya_date\">02.12. <span class=\"sya_sep\">- <\/span><\/span><a href=\"https:\/\/erasmusplus.al\/?p=5793&lang=sq\" class=\"sya_postlink post-5793\" rel=\"bookmark\">National HERE Seminar Online<\/a> <span class=\"sya_categories\"><span class=\"sya_bracket\">(<\/span>HERE Aktivitete, Njoftime<span class=\"sya_bracket\">)<\/span><\/span><\/div><\/li><li class=\"\"><div class=\"sya_postcontent\"><span class=\"sya_date\">02.12. <span class=\"sya_sep\">- <\/span><\/span><a href=\"https:\/\/erasmusplus.al\/?p=5788\" class=\"sya_postlink post-5788\" rel=\"bookmark\">National HERE Online Seminar<\/a> <span class=\"sya_categories\"><span class=\"sya_bracket\">(<\/span>HERE Activities, News<span class=\"sya_bracket\">)<\/span><\/span><\/div><\/li><li class=\"\"><div class=\"sya_postcontent\"><span class=\"sya_date\">19.11. <span class=\"sya_sep\">- <\/span><\/span><a href=\"https:\/\/erasmusplus.al\/?p=5908&lang=sq\" class=\"sya_postlink post-5908\" rel=\"bookmark\">&#8220;Debati Studentor mbi t\u00eb ardhmen e Shk\u00ebmbimeve Studetore Erasmus+&#8221;<\/a> <span class=\"sya_categories\"><span class=\"sya_bracket\">(<\/span>Aktivitete<span class=\"sya_bracket\">)<\/span><\/span><\/div><\/li><li class=\"\"><div class=\"sya_postcontent\"><span class=\"sya_date\">19.11. <span class=\"sya_sep\">- <\/span><\/span><a href=\"https:\/\/erasmusplus.al\/?p=5894\" class=\"sya_postlink post-5894\" rel=\"bookmark\">Student debate on the future of student\u2019s exchange with Erasmus +.<\/a> <span class=\"sya_categories\"><span class=\"sya_bracket\">(<\/span>Activities<span class=\"sya_bracket\">)<\/span><\/span><\/div><\/li><li class=\"\"><div class=\"sya_postcontent\"><span class=\"sya_date\">17.11. <span class=\"sya_sep\">- <\/span><\/span><a href=\"https:\/\/erasmusplus.al\/?p=5944&lang=sq\" class=\"sya_postlink post-5944\" rel=\"bookmark\">Debati Studentor mbi t\u00eb ardhmen e Shk\u00ebmbimeve Studetore Erasmus+<\/a> <span class=\"sya_categories\"><span class=\"sya_bracket\">(<\/span>Aktivitete<span class=\"sya_bracket\">)<\/span><\/span><\/div><\/li><li class=\"\"><div class=\"sya_postcontent\"><span class=\"sya_date\">17.11. <span class=\"sya_sep\">- <\/span><\/span><a href=\"https:\/\/erasmusplus.al\/?p=5940\" class=\"sya_postlink post-5940\" rel=\"bookmark\">Students Debate on the Future of Erasmus+ Mobility<\/a> <span class=\"sya_categories\"><span class=\"sya_bracket\">(<\/span>Activities<span class=\"sya_bracket\">)<\/span><\/span><\/div><\/li><li class=\"\"><div class=\"sya_postcontent\"><span class=\"sya_date\">11.11. <span class=\"sya_sep\">- <\/span><\/span><a href=\"https:\/\/erasmusplus.al\/?p=5882&lang=sq\" class=\"sya_postlink post-5882\" rel=\"bookmark\">Vizit\u00eb Monitoruese Projekti Almars_11 N\u00ebntor 2020<\/a> <span class=\"sya_categories\"><span class=\"sya_bracket\">(<\/span>Aktivitete<span class=\"sya_bracket\">)<\/span><\/span><\/div><\/li><li class=\"\"><div class=\"sya_postcontent\"><span class=\"sya_date\">11.11. <span class=\"sya_sep\">- <\/span><\/span><a href=\"https:\/\/erasmusplus.al\/?p=5876\" class=\"sya_postlink post-5876\" rel=\"bookmark\">ALMARS Project Monitoring Visit_11 Nov 2020<\/a> <span class=\"sya_categories\"><span class=\"sya_bracket\">(<\/span>Activities<span class=\"sya_bracket\">)<\/span><\/span><\/div><\/li><li class=\"\"><div class=\"sya_postcontent\"><span class=\"sya_date\">10.11. <span class=\"sya_sep\">- <\/span><\/span><a href=\"https:\/\/erasmusplus.al\/?p=5962&lang=sq\" class=\"sya_postlink post-5962\" rel=\"bookmark\">Konferenca P\u00ebrmbyll\u00ebse e Projektit TEAVET_N\u00ebntor 2020<\/a> <span class=\"sya_categories\"><span class=\"sya_bracket\">(<\/span>Aktivitete<span class=\"sya_bracket\">)<\/span><\/span><\/div><\/li><li class=\"\"><div class=\"sya_postcontent\"><span class=\"sya_date\">10.11. <span class=\"sya_sep\">- <\/span><\/span><a href=\"https:\/\/erasmusplus.al\/?p=5953\" class=\"sya_postlink post-5953\" rel=\"bookmark\">TEAVET Project Final Conference_Nov 2020<\/a> <span class=\"sya_categories\"><span class=\"sya_bracket\">(<\/span>Activities<span class=\"sya_bracket\">)<\/span><\/span><\/div><\/li><li class=\"\"><div class=\"sya_postcontent\"><span class=\"sya_date\">10.11. <span class=\"sya_sep\">- <\/span><\/span><a href=\"https:\/\/erasmusplus.al\/?p=5937&lang=sq\" class=\"sya_postlink post-5937\" rel=\"bookmark\">Vizit\u00eb Monitoruese e Projektit KnowHub_10 N\u00ebntor 2020<\/a> <span class=\"sya_categories\"><span class=\"sya_bracket\">(<\/span>Aktivitete<span class=\"sya_bracket\">)<\/span><\/span><\/div><\/li><li class=\"\"><div class=\"sya_postcontent\"><span class=\"sya_date\">10.11. <span class=\"sya_sep\">- <\/span><\/span><a href=\"https:\/\/erasmusplus.al\/?p=5928\" class=\"sya_postlink post-5928\" rel=\"bookmark\">Visit Monitoring_ KnowHub Project_10 Nov 2020<\/a> <span class=\"sya_categories\"><span class=\"sya_bracket\">(<\/span>Activities<span class=\"sya_bracket\">)<\/span><\/span><\/div><\/li><li class=\"\"><div class=\"sya_postcontent\"><span class=\"sya_date\">10.11. <span class=\"sya_sep\">- <\/span><\/span><a href=\"https:\/\/erasmusplus.al\/?p=5926&lang=sq\" class=\"sya_postlink post-5926\" rel=\"bookmark\">Sesion Informues mbi Programin Erasmus+_me t\u00eb rinjt\u00eb e Vlor\u00ebs<\/a> <span class=\"sya_categories\"><span class=\"sya_bracket\">(<\/span>Aktivitete<span class=\"sya_bracket\">)<\/span><\/span><\/div><\/li><li class=\"\"><div class=\"sya_postcontent\"><span class=\"sya_date\">10.11. <span class=\"sya_sep\">- <\/span><\/span><a href=\"https:\/\/erasmusplus.al\/?p=5911\" class=\"sya_postlink post-5911\" rel=\"bookmark\">Info Session on Erasmus+_Vlora Youth<\/a> <span class=\"sya_categories\"><span class=\"sya_bracket\">(<\/span>Activities<span class=\"sya_bracket\">)<\/span><\/span><\/div><\/li><li class=\"\"><div class=\"sya_postcontent\"><span class=\"sya_date\">10.11. <span class=\"sya_sep\">- <\/span><\/span><a href=\"https:\/\/erasmusplus.al\/?p=5891&lang=sq\" class=\"sya_postlink post-5891\" rel=\"bookmark\">Vizit\u00eb Monitoruese Projekti BlueWBC_10 N\u00ebntor 2020<\/a> <span class=\"sya_categories\"><span class=\"sya_bracket\">(<\/span>Aktivitete<span class=\"sya_bracket\">)<\/span><\/span><\/div><\/li><li class=\"\"><div class=\"sya_postcontent\"><span class=\"sya_date\">10.11. <span class=\"sya_sep\">- <\/span><\/span><a href=\"https:\/\/erasmusplus.al\/?p=5884\" class=\"sya_postlink post-5884\" rel=\"bookmark\">BlueWBC Project Monitoring Visit_10 Nov 2020<\/a> <span class=\"sya_categories\"><span class=\"sya_bracket\">(<\/span>Activities<span class=\"sya_bracket\">)<\/span><\/span><\/div><\/li><li class=\"\"><div class=\"sya_postcontent\"><span class=\"sya_date\">03.11. <span class=\"sya_sep\">- <\/span><\/span><a href=\"https:\/\/erasmusplus.al\/?p=5950&lang=sq\" class=\"sya_postlink post-5950\" rel=\"bookmark\">Pyet\u00ebsor p\u00ebr impaktin e rrjeteve sociale t\u00eb Erasmus+ Shqip\u00ebri<\/a> <span class=\"sya_categories\"><span class=\"sya_bracket\">(<\/span>Aktivitete<span class=\"sya_bracket\">)<\/span><\/span><\/div><\/li><li class=\"\"><div class=\"sya_postcontent\"><span class=\"sya_date\">03.11. <span class=\"sya_sep\">- <\/span><\/span><a href=\"https:\/\/erasmusplus.al\/?p=5946\" class=\"sya_postlink post-5946\" rel=\"bookmark\">Survey on the Impact of Social Media _AlbaniaErasmus+<\/a> <span class=\"sya_categories\"><span class=\"sya_bracket\">(<\/span>Activities<span class=\"sya_bracket\">)<\/span><\/span><\/div><\/li><li class=\"\"><div class=\"sya_postcontent\"><span class=\"sya_date\">28.10. <span class=\"sya_sep\">- <\/span><\/span><a href=\"https:\/\/erasmusplus.al\/?p=6225&lang=sq\" class=\"sya_postlink post-6225\" rel=\"bookmark\">Dit\u00ebt Erasmus n\u00eb Shqiperi  \u00a0<\/a> <span class=\"sya_categories\"><span class=\"sya_bracket\">(<\/span>Aktivitete<span class=\"sya_bracket\">)<\/span><\/span><\/div><\/li><li class=\"\"><div class=\"sya_postcontent\"><span class=\"sya_date\">28.10. <span class=\"sya_sep\">- <\/span><\/span><a href=\"https:\/\/erasmusplus.al\/?p=6222\" class=\"sya_postlink post-6222\" rel=\"bookmark\">Erasmus Days in Albania<\/a> <span class=\"sya_categories\"><span class=\"sya_bracket\">(<\/span>Activities<span class=\"sya_bracket\">)<\/span><\/span><\/div><\/li><li class=\"\"><div class=\"sya_postcontent\"><span class=\"sya_date\">20.10. <span class=\"sya_sep\">- <\/span><\/span><a href=\"https:\/\/erasmusplus.al\/?p=6219&lang=sq\" class=\"sya_postlink post-6219\" rel=\"bookmark\">#ErasmusDays\u200b 2020 | Interviste me Erida Curraj_UAMD<\/a> <span class=\"sya_categories\"><span class=\"sya_bracket\">(<\/span>Aktivitete<span class=\"sya_bracket\">)<\/span><\/span><\/div><\/li><li class=\"\"><div class=\"sya_postcontent\"><span class=\"sya_date\">20.10. <span class=\"sya_sep\">- <\/span><\/span><a href=\"https:\/\/erasmusplus.al\/?p=6213\" class=\"sya_postlink post-6213\" rel=\"bookmark\">#ErasmusDays\u200b 2020 | Interview with Erida Curraj_UAMD<\/a> <span class=\"sya_categories\"><span class=\"sya_bracket\">(<\/span>Activities<span class=\"sya_bracket\">)<\/span><\/span><\/div><\/li><li class=\"\"><div class=\"sya_postcontent\"><span class=\"sya_date\">17.10. <span class=\"sya_sep\">- <\/span><\/span><a href=\"https:\/\/erasmusplus.al\/?p=6354&lang=sq\" class=\"sya_postlink post-6354\" rel=\"bookmark\">Arrij Europ\u00ebn me Erasmus_Kolegji Profesional I Tiran\u00ebs<\/a> <span class=\"sya_categories\"><span class=\"sya_bracket\">(<\/span>Aktivitete<span class=\"sya_bracket\">)<\/span><\/span><\/div><\/li><li class=\"\"><div class=\"sya_postcontent\"><span class=\"sya_date\">17.10. <span class=\"sya_sep\">- <\/span><\/span><a href=\"https:\/\/erasmusplus.al\/?p=6330\" class=\"sya_postlink post-6330\" rel=\"bookmark\">Reach Europe with Erasmus_ Professional College of Tirana<\/a> <span class=\"sya_categories\"><span class=\"sya_bracket\">(<\/span>Activities<span class=\"sya_bracket\">)<\/span><\/span><\/div><\/li><li class=\"\"><div class=\"sya_postcontent\"><span class=\"sya_date\">16.10. <span class=\"sya_sep\">- <\/span><\/span><a href=\"https:\/\/erasmusplus.al\/?p=6408&lang=sq\" class=\"sya_postlink post-6408\" rel=\"bookmark\">Eksperiencat Erasmus n\u00eb syt\u00eb e student\u00ebve_UT<\/a> <span class=\"sya_categories\"><span class=\"sya_bracket\">(<\/span>Aktivitete<span class=\"sya_bracket\">)<\/span><\/span><\/div><\/li><li class=\"\"><div class=\"sya_postcontent\"><span class=\"sya_date\">16.10. <span class=\"sya_sep\">- <\/span><\/span><a href=\"https:\/\/erasmusplus.al\/?p=6398\" class=\"sya_postlink post-6398\" rel=\"bookmark\">\u201cErasmus experience in the eyes of students\u201d_UT<\/a> <span class=\"sya_categories\"><span class=\"sya_bracket\">(<\/span>Activities<span class=\"sya_bracket\">)<\/span><\/span><\/div><\/li><li class=\"\"><div class=\"sya_postcontent\"><span class=\"sya_date\">16.10. <span class=\"sya_sep\">- <\/span><\/span><a href=\"https:\/\/erasmusplus.al\/?p=6382\" class=\"sya_postlink post-6382\" rel=\"bookmark\">ErasmusDays_ University of New York in Tirana<\/a> <span class=\"sya_categories\"><span class=\"sya_bracket\">(<\/span>Activities<span class=\"sya_bracket\">)<\/span><\/span><\/div><\/li><li class=\"\"><div class=\"sya_postcontent\"><span class=\"sya_date\">16.10. <span class=\"sya_sep\">- <\/span><\/span><a href=\"https:\/\/erasmusplus.al\/?p=6379&lang=sq\" class=\"sya_postlink post-6379\" rel=\"bookmark\"><\/a> <span class=\"sya_categories\"><span class=\"sya_bracket\">(<\/span>Aktivitete<span class=\"sya_bracket\">)<\/span><\/span><\/div><\/li><li class=\"\"><div class=\"sya_postcontent\"><span class=\"sya_date\">16.10. <span class=\"sya_sep\">- <\/span><\/span><a href=\"https:\/\/erasmusplus.al\/?p=6357\" class=\"sya_postlink post-6357\" rel=\"bookmark\">ErasmusDays_ European University of Tirana<\/a> <span class=\"sya_categories\"><span class=\"sya_bracket\">(<\/span>Activities<span class=\"sya_bracket\">)<\/span><\/span><\/div><\/li><li class=\"\"><div class=\"sya_postcontent\"><span class=\"sya_date\">16.10. <span class=\"sya_sep\">- <\/span><\/span><a href=\"https:\/\/erasmusplus.al\/?p=6312&lang=sq\" class=\"sya_postlink post-6312\" rel=\"bookmark\">Video Udh\u00ebzuese p\u00ebr Student\u00ebt n\u00eb Shk\u00ebmbim Studentor<\/a> <span class=\"sya_categories\"><span class=\"sya_bracket\">(<\/span>Aktivitete<span class=\"sya_bracket\">)<\/span><\/span><\/div><\/li><li class=\"\"><div class=\"sya_postcontent\"><span class=\"sya_date\">16.10. <span class=\"sya_sep\">- <\/span><\/span><a href=\"https:\/\/erasmusplus.al\/?p=6310\" class=\"sya_postlink post-6310\" rel=\"bookmark\">Student Guide on How to Apply on Exchange students  \u00a0<\/a> <span class=\"sya_categories\"><span class=\"sya_bracket\">(<\/span>Activities<span class=\"sya_bracket\">)<\/span><\/span><\/div><\/li><li class=\"\"><div class=\"sya_postcontent\"><span class=\"sya_date\">16.10. <span class=\"sya_sep\">- <\/span><\/span><a href=\"https:\/\/erasmusplus.al\/?p=6308&lang=sq\" class=\"sya_postlink post-6308\" rel=\"bookmark\">Joint Master Erasmus Mundus_InfoAlbania_ A2CNN<\/a> <span class=\"sya_categories\"><span class=\"sya_bracket\">(<\/span>Aktivitete<span class=\"sya_bracket\">)<\/span><\/span><\/div><\/li><li class=\"\"><div class=\"sya_postcontent\"><span class=\"sya_date\">16.10. <span class=\"sya_sep\">- <\/span><\/span><a href=\"https:\/\/erasmusplus.al\/?p=6304\" class=\"sya_postlink post-6304\" rel=\"bookmark\">Joint Master Erasmus Mundus_InfoAlbania_ A2CNN<\/a> <span class=\"sya_categories\"><span class=\"sya_bracket\">(<\/span>Activities<span class=\"sya_bracket\">)<\/span><\/span><\/div><\/li><li class=\"\"><div class=\"sya_postcontent\"><span class=\"sya_date\">16.10. <span class=\"sya_sep\">- <\/span><\/span><a href=\"https:\/\/erasmusplus.al\/?p=6298&lang=sq\" class=\"sya_postlink post-6298\" rel=\"bookmark\">Erasmus+ Programme in Albania<\/a> <span class=\"sya_categories\"><span class=\"sya_bracket\">(<\/span>Aktivitete<span class=\"sya_bracket\">)<\/span><\/span><\/div><\/li><li class=\"\"><div class=\"sya_postcontent\"><span class=\"sya_date\">16.10. <span class=\"sya_sep\">- <\/span><\/span><a href=\"https:\/\/erasmusplus.al\/?p=6283\" class=\"sya_postlink post-6283\" rel=\"bookmark\">Erasmus+ Programme in Albania<\/a> <span class=\"sya_categories\"><span class=\"sya_bracket\">(<\/span>Activities<span class=\"sya_bracket\">)<\/span><\/span><\/div><\/li><li class=\"\"><div class=\"sya_postcontent\"><span class=\"sya_date\">16.10. <span class=\"sya_sep\">- <\/span><\/span><a href=\"https:\/\/erasmusplus.al\/?p=6281&lang=sq\" class=\"sya_postlink post-6281\" rel=\"bookmark\">Master i P\u00ebrbashk\u00ebt Erasmus Mundus_InfoAlbania_ TVSH<\/a> <span class=\"sya_categories\"><span class=\"sya_bracket\">(<\/span>Aktivitete<span class=\"sya_bracket\">)<\/span><\/span><\/div><\/li><li class=\"\"><div class=\"sya_postcontent\"><span class=\"sya_date\">16.10. <span class=\"sya_sep\">- <\/span><\/span><a href=\"https:\/\/erasmusplus.al\/?p=6277\" class=\"sya_postlink post-6277\" rel=\"bookmark\">Joint Master Erasmus Mundus_InfoAlbania_ TVSH<\/a> <span class=\"sya_categories\"><span class=\"sya_bracket\">(<\/span>Activities<span class=\"sya_bracket\">)<\/span><\/span><\/div><\/li><li class=\"\"><div class=\"sya_postcontent\"><span class=\"sya_date\">16.10. <span class=\"sya_sep\">- <\/span><\/span><a href=\"https:\/\/erasmusplus.al\/?p=6274&lang=sq\" class=\"sya_postlink post-6274\" rel=\"bookmark\">Master i P\u00ebrbashk\u00ebt Erasmus Mundus_InfoAlbania_ TOP Channel<\/a> <span class=\"sya_categories\"><span class=\"sya_bracket\">(<\/span>Aktivitete<span class=\"sya_bracket\">)<\/span><\/span><\/div><\/li><li class=\"\"><div class=\"sya_postcontent\"><span class=\"sya_date\">16.10. <span class=\"sya_sep\">- <\/span><\/span><a href=\"https:\/\/erasmusplus.al\/?p=6270\" class=\"sya_postlink post-6270\" rel=\"bookmark\">Joint Master Erasmus Mundus_InfoAlbania_ TOP Channel<\/a> <span class=\"sya_categories\"><span class=\"sya_bracket\">(<\/span>Activities<span class=\"sya_bracket\">)<\/span><\/span><\/div><\/li><li class=\"\"><div class=\"sya_postcontent\"><span class=\"sya_date\">16.10. <span class=\"sya_sep\">- <\/span><\/span><a href=\"https:\/\/erasmusplus.al\/?p=6244&lang=sq\" class=\"sya_postlink post-6244\" rel=\"bookmark\">\u201cInclusive Erasmus +\u201d, Dit\u00ebt Erasmus+ n\u00eb UMSH<\/a> <span class=\"sya_categories\"><span class=\"sya_bracket\">(<\/span>Aktivitete<span class=\"sya_bracket\">)<\/span><\/span><\/div><\/li><li class=\"\"><div class=\"sya_postcontent\"><span class=\"sya_date\">16.10. <span class=\"sya_sep\">- <\/span><\/span><a href=\"https:\/\/erasmusplus.al\/?p=6235\" class=\"sya_postlink post-6235\" rel=\"bookmark\">\u201cInclusive Erasmus +\u201d, Erasmus Days on MUA<\/a> <span class=\"sya_categories\"><span class=\"sya_bracket\">(<\/span>Activities<span class=\"sya_bracket\">)<\/span><\/span><\/div><\/li><li class=\"\"><div class=\"sya_postcontent\"><span class=\"sya_date\">15.10. <span class=\"sya_sep\">- <\/span><\/span><a href=\"https:\/\/erasmusplus.al\/?p=6327&lang=sq\" class=\"sya_postlink post-6327\" rel=\"bookmark\">Rrija e Kapaciteteve n\u00eb Universitetitn e Vlor\u00ebs n\u00ebp\u00ebrmjet Erasmus +<\/a> <span class=\"sya_categories\"><span class=\"sya_bracket\">(<\/span>Aktivitete<span class=\"sya_bracket\">)<\/span><\/span><\/div><\/li><li class=\"\"><div class=\"sya_postcontent\"><span class=\"sya_date\">15.10. <span class=\"sya_sep\">- <\/span><\/span><a href=\"https:\/\/erasmusplus.al\/?p=6314\" class=\"sya_postlink post-6314\" rel=\"bookmark\">Capacity Building at University of Vlora through Erasmus + projects<\/a> <span class=\"sya_categories\"><span class=\"sya_bracket\">(<\/span>Activities<span class=\"sya_bracket\">)<\/span><\/span><\/div><\/li><li class=\"\"><div class=\"sya_postcontent\"><span class=\"sya_date\">15.10. <span class=\"sya_sep\">- <\/span><\/span><a href=\"https:\/\/erasmusplus.al\/?p=6267&lang=sq\" class=\"sya_postlink post-6267\" rel=\"bookmark\">Student\u00ebt e Master t\u00eb p\u00ebrbashk\u00ebt Erasmus Mundus n\u00eb Erasmusdays<\/a> <span class=\"sya_categories\"><span class=\"sya_bracket\">(<\/span>Aktivitete<span class=\"sya_bracket\">)<\/span><\/span><\/div><\/li><li class=\"\"><div class=\"sya_postcontent\"><span class=\"sya_date\">15.10. <span class=\"sya_sep\">- <\/span><\/span><a href=\"https:\/\/erasmusplus.al\/?p=6247\" class=\"sya_postlink post-6247\" rel=\"bookmark\">Joint Master Mundus Albanian Students<\/a> <span class=\"sya_categories\"><span class=\"sya_bracket\">(<\/span>Activities<span class=\"sya_bracket\">)<\/span><\/span><\/div><\/li><li class=\"\"><div class=\"sya_postcontent\"><span class=\"sya_date\">15.10. <span class=\"sya_sep\">- <\/span><\/span><a href=\"https:\/\/erasmusplus.al\/?p=6601\" class=\"sya_postlink post-6601\" rel=\"bookmark\">Erasmus Day on UE \u201cAleksander Xhuvani\u201d<\/a> <span class=\"sya_categories\"><span class=\"sya_bracket\">(<\/span>Activities<span class=\"sya_bracket\">)<\/span><\/span><\/div><\/li><li class=\"\"><div class=\"sya_postcontent\"><span class=\"sya_date\">15.10. <span class=\"sya_sep\">- <\/span><\/span><a href=\"https:\/\/erasmusplus.al\/?p=6595\" class=\"sya_postlink post-6595\" rel=\"bookmark\">Erasmus Day on University of Tirana<\/a> <span class=\"sya_categories\"><span class=\"sya_bracket\">(<\/span>Activities<span class=\"sya_bracket\">)<\/span><\/span><\/div><\/li><li class=\"\"><div class=\"sya_postcontent\"><span class=\"sya_date\">11.10. <span class=\"sya_sep\">- <\/span><\/span><a href=\"https:\/\/erasmusplus.al\/?p=6395&lang=sq\" class=\"sya_postlink post-6395\" rel=\"bookmark\">\u201cDit\u00ebt Erasmus+ n\u00eb Universitetin New York t\u00eb Tiran\u00ebs<\/a> <span class=\"sya_categories\"><span class=\"sya_bracket\">(<\/span>Aktivitete<span class=\"sya_bracket\">)<\/span><\/span><\/div><\/li><li class=\"\"><div class=\"sya_postcontent\"><span class=\"sya_date\">25.09. <span class=\"sya_sep\">- <\/span><\/span><a href=\"https:\/\/erasmusplus.al\/?p=5664\" class=\"sya_postlink post-5664\" rel=\"bookmark\">Challenges Toward Successful Joint Degrees Implementation<\/a> <span class=\"sya_categories\"><span class=\"sya_bracket\">(<\/span>Activities, HERE Activities, News<span class=\"sya_bracket\">)<\/span><\/span><\/div><\/li><li class=\"\"><div class=\"sya_postcontent\"><span class=\"sya_date\">25.09. <span class=\"sya_sep\">- <\/span><\/span><a href=\"https:\/\/erasmusplus.al\/?p=5669&lang=sq\" class=\"sya_postlink post-5669\" rel=\"bookmark\">Challenges Toward Successful Joint Degrees Implementation<\/a> <span class=\"sya_categories\"><span class=\"sya_bracket\">(<\/span>Aktivitete, HERE Aktivitete, Njoftime<span class=\"sya_bracket\">)<\/span><\/span><\/div><\/li><li class=\"\"><div class=\"sya_postcontent\"><span class=\"sya_date\">17.09. <span class=\"sya_sep\">- <\/span><\/span><a href=\"https:\/\/erasmusplus.al\/?p=6209&lang=sq\" class=\"sya_postlink post-6209\" rel=\"bookmark\">Raport i sondazhit \u201cImpakti e COVID19 n\u00eb Projektet CBHE\u201d<\/a> <span class=\"sya_categories\"><span class=\"sya_bracket\">(<\/span>Aktivitete, Njoftime<span class=\"sya_bracket\">)<\/span><\/span><\/div><\/li><li class=\"\"><div class=\"sya_postcontent\"><span class=\"sya_date\">17.09. <span class=\"sya_sep\">- <\/span><\/span><a href=\"https:\/\/erasmusplus.al\/?p=6205\" class=\"sya_postlink post-6205\" rel=\"bookmark\">Survey Report, Impact of COVID19 on CBHE<\/a> <span class=\"sya_categories\"><span class=\"sya_bracket\">(<\/span>Activities, News<span class=\"sya_bracket\">)<\/span><\/span><\/div><\/li><li class=\"\"><div class=\"sya_postcontent\"><span class=\"sya_date\">10.09. <span class=\"sya_sep\">- <\/span><\/span><a href=\"https:\/\/erasmusplus.al\/?p=6202&lang=sq\" class=\"sya_postlink post-6202\" rel=\"bookmark\">Informim mbi Porgramin Erasmus+<\/a> <span class=\"sya_categories\"><span class=\"sya_bracket\">(<\/span>Aktivitete<span class=\"sya_bracket\">)<\/span><\/span><\/div><\/li><li class=\"\"><div class=\"sya_postcontent\"><span class=\"sya_date\">10.09. <span class=\"sya_sep\">- <\/span><\/span><a href=\"https:\/\/erasmusplus.al\/?p=6197\" class=\"sya_postlink post-6197\" rel=\"bookmark\">Info Session on the Social Media<\/a> <span class=\"sya_categories\"><span class=\"sya_bracket\">(<\/span>Activities<span class=\"sya_bracket\">)<\/span><\/span><\/div><\/li><li class=\"\"><div class=\"sya_postcontent\"><span class=\"sya_date\">31.08. <span class=\"sya_sep\">- <\/span><\/span><a href=\"https:\/\/erasmusplus.al\/?p=6232&lang=sq\" class=\"sya_postlink post-6232\" rel=\"bookmark\">Raport i sondazhit \u201cImpakti e COVID19 n\u00eb Projektet CBHE\u201d<\/a> <span class=\"sya_categories\"><span class=\"sya_bracket\">(<\/span>Aktivitete<span class=\"sya_bracket\">)<\/span><\/span><\/div><\/li><li class=\"\"><div class=\"sya_postcontent\"><span class=\"sya_date\">31.08. <span class=\"sya_sep\">- <\/span><\/span><a href=\"https:\/\/erasmusplus.al\/?p=6228\" class=\"sya_postlink post-6228\" rel=\"bookmark\">Survey Report, Impact of COVID19 on ICM<\/a> <span class=\"sya_categories\"><span class=\"sya_bracket\">(<\/span>Activities<span class=\"sya_bracket\">)<\/span><\/span><\/div><\/li><li class=\"\"><div class=\"sya_postcontent\"><span class=\"sya_date\">17.08. <span class=\"sya_sep\">- <\/span><\/span><a href=\"https:\/\/erasmusplus.al\/?p=6194&lang=sq\" class=\"sya_postlink post-6194\" rel=\"bookmark\">Erasmus +: Projektet shk\u00ebmbime studentore dhe t\u00eb rinjsh<\/a> <span class=\"sya_categories\"><span class=\"sya_bracket\">(<\/span>Aktivitete<span class=\"sya_bracket\">)<\/span><\/span><\/div><\/li><li class=\"\"><div class=\"sya_postcontent\"><span class=\"sya_date\">17.08. <span class=\"sya_sep\">- <\/span><\/span><a href=\"https:\/\/erasmusplus.al\/?p=6180\" class=\"sya_postlink post-6180\" rel=\"bookmark\">Erasmus +: Mobility projects for young people and youth workers<\/a> <span class=\"sya_categories\"><span class=\"sya_bracket\">(<\/span>Activities<span class=\"sya_bracket\">)<\/span><\/span><\/div><\/li><li class=\"\"><div class=\"sya_postcontent\"><span class=\"sya_date\">30.07. <span class=\"sya_sep\">- <\/span><\/span><a href=\"https:\/\/erasmusplus.al\/?p=6176&lang=sq\" class=\"sya_postlink post-6176\" rel=\"bookmark\">The Ceremony of Albanian Students winner of EMJM<\/a> <span class=\"sya_categories\"><span class=\"sya_bracket\">(<\/span>Aktivitete<span class=\"sya_bracket\">)<\/span><\/span><\/div><\/li><li class=\"\"><div class=\"sya_postcontent\"><span class=\"sya_date\">30.07. <span class=\"sya_sep\">- <\/span><\/span><a href=\"https:\/\/erasmusplus.al\/?p=6167\" class=\"sya_postlink post-6167\" rel=\"bookmark\">The Ceremony of Albanian Students winner of EMJM<\/a> <span class=\"sya_categories\"><span class=\"sya_bracket\">(<\/span>Activities<span class=\"sya_bracket\">)<\/span><\/span><\/div><\/li><li class=\"\"><div class=\"sya_postcontent\"><span class=\"sya_date\">23.07. <span class=\"sya_sep\">- <\/span><\/span><a href=\"https:\/\/erasmusplus.al\/?p=6154\" class=\"sya_postlink post-6154\" rel=\"bookmark\">Youth Engagement in European Integration_ SCiDEV&#038;ESN<\/a> <span class=\"sya_categories\"><span class=\"sya_bracket\">(<\/span>Activities<span class=\"sya_bracket\">)<\/span><\/span><\/div><\/li><li class=\"\"><div class=\"sya_postcontent\"><span class=\"sya_date\">22.07. <span class=\"sya_sep\">- <\/span><\/span><a href=\"https:\/\/erasmusplus.al\/?p=6164&lang=sq\" class=\"sya_postlink post-6164\" rel=\"bookmark\">Youth Engagement in European Integration_ SCiDEV&#038;ESN<\/a> <span class=\"sya_categories\"><span class=\"sya_bracket\">(<\/span>Aktivitete<span class=\"sya_bracket\">)<\/span><\/span><\/div><\/li><li class=\"\"><div class=\"sya_postcontent\"><span class=\"sya_date\">04.07. <span class=\"sya_sep\">- <\/span><\/span><a href=\"https:\/\/erasmusplus.al\/?p=5555&lang=sq\" class=\"sya_postlink post-5555\" rel=\"bookmark\">NATIONAL HERE SEMINAR ON RTSH<\/a> <span class=\"sya_categories\"><span class=\"sya_bracket\">(<\/span>HERE Aktivitete, Njoftime<span class=\"sya_bracket\">)<\/span><\/span><\/div><\/li><li class=\"\"><div class=\"sya_postcontent\"><span class=\"sya_date\">04.07. <span class=\"sya_sep\">- <\/span><\/span><a href=\"https:\/\/erasmusplus.al\/?p=5551\" class=\"sya_postlink post-5551\" rel=\"bookmark\">NATIONAL HERE SEMINAR ON RTSH<\/a> <span class=\"sya_categories\"><span class=\"sya_bracket\">(<\/span>HERE Activities, News<span class=\"sya_bracket\">)<\/span><\/span><\/div><\/li><li class=\"\"><div class=\"sya_postcontent\"><span class=\"sya_date\">01.07. <span class=\"sya_sep\">- <\/span><\/span><a href=\"https:\/\/erasmusplus.al\/?p=5428&lang=sq\" class=\"sya_postlink post-5428\" rel=\"bookmark\">NATIONAL HERE SEMINAR ON RTSH<\/a> <span class=\"sya_categories\"><span class=\"sya_bracket\">(<\/span>Uncategorized @sq<span class=\"sya_bracket\">)<\/span><\/span><\/div><\/li><li class=\"\"><div class=\"sya_postcontent\"><span class=\"sya_date\">01.07. <span class=\"sya_sep\">- <\/span><\/span><a href=\"https:\/\/erasmusplus.al\/?p=5424\" class=\"sya_postlink post-5424\" rel=\"bookmark\">NATIONAL HERE SEMINAR ON RTSH<\/a> <span class=\"sya_categories\"><span class=\"sya_bracket\">(<\/span>Uncategorized<span class=\"sya_bracket\">)<\/span><\/span><\/div><\/li><li class=\"\"><div class=\"sya_postcontent\"><span class=\"sya_date\">25.06. <span class=\"sya_sep\">- <\/span><\/span><a href=\"https:\/\/erasmusplus.al\/?p=5509&lang=sq\" class=\"sya_postlink post-5509\" rel=\"bookmark\">ICM_Vizit\u00eb Virtuale Monitoruese_UElbasan_2020<\/a> <span class=\"sya_categories\"><span class=\"sya_bracket\">(<\/span>Aktivitete<span class=\"sya_bracket\">)<\/span><\/span><\/div><\/li><li class=\"\"><div class=\"sya_postcontent\"><span class=\"sya_date\">25.06. <span class=\"sya_sep\">- <\/span><\/span><a href=\"https:\/\/erasmusplus.al\/?p=5487\" class=\"sya_postlink post-5487\" rel=\"bookmark\">ICM_Virtual Monitoring Visit_UElbasan_2020<\/a> <span class=\"sya_categories\"><span class=\"sya_bracket\">(<\/span>Activities<span class=\"sya_bracket\">)<\/span><\/span><\/div><\/li><li class=\"\"><div class=\"sya_postcontent\"><span class=\"sya_date\">04.06. <span class=\"sya_sep\">- <\/span><\/span><a href=\"https:\/\/erasmusplus.al\/?p=5484&lang=sq\" class=\"sya_postlink post-5484\" rel=\"bookmark\">ICM_Vizit\u00eb Virtuale Monitoruese_UVlora_2020<\/a> <span class=\"sya_categories\"><span class=\"sya_bracket\">(<\/span>Aktivitete<span class=\"sya_bracket\">)<\/span><\/span><\/div><\/li><li class=\"\"><div class=\"sya_postcontent\"><span class=\"sya_date\">04.06. <span class=\"sya_sep\">- <\/span><\/span><a href=\"https:\/\/erasmusplus.al\/?p=5459\" class=\"sya_postlink post-5459\" rel=\"bookmark\">ICM_Virtual Monitoring Visit_UVlora_2020<\/a> <span class=\"sya_categories\"><span class=\"sya_bracket\">(<\/span>Activities<span class=\"sya_bracket\">)<\/span><\/span><\/div><\/li><li class=\"\"><div class=\"sya_postcontent\"><span class=\"sya_date\">20.05. <span class=\"sya_sep\">- <\/span><\/span><a href=\"https:\/\/erasmusplus.al\/?p=5456&lang=sq\" class=\"sya_postlink post-5456\" rel=\"bookmark\">ICM_Vizit\u00eb Virtuale Monitoruese_UET_2020<\/a> <span class=\"sya_categories\"><span class=\"sya_bracket\">(<\/span>Aktivitete<span class=\"sya_bracket\">)<\/span><\/span><\/div><\/li><li class=\"\"><div class=\"sya_postcontent\"><span class=\"sya_date\">20.05. <span class=\"sya_sep\">- <\/span><\/span><a href=\"https:\/\/erasmusplus.al\/?p=5443\" class=\"sya_postlink post-5443\" rel=\"bookmark\">ICM_Virtual Monitoring Visit_UET_2020<\/a> <span class=\"sya_categories\"><span class=\"sya_bracket\">(<\/span>Activities<span class=\"sya_bracket\">)<\/span><\/span><\/div><\/li><li class=\"\"><div class=\"sya_postcontent\"><span class=\"sya_date\">07.05. <span class=\"sya_sep\">- <\/span><\/span><a href=\"https:\/\/erasmusplus.al\/?p=6590\" class=\"sya_postlink post-6590\" rel=\"bookmark\">Kick of Meeting and e-monitoring of REACH Project<\/a> <span class=\"sya_categories\"><span class=\"sya_bracket\">(<\/span>Activities<span class=\"sya_bracket\">)<\/span><\/span><\/div><\/li><li class=\"\"><div class=\"sya_postcontent\"><span class=\"sya_date\">04.04. <span class=\"sya_sep\">- <\/span><\/span><a href=\"https:\/\/erasmusplus.al\/?p=5193\" class=\"sya_postlink post-5193\" rel=\"bookmark\">FAQ Erasmus+ and European Solidarity Corps activities impacted by covid-19<\/a> <span class=\"sya_categories\"><span class=\"sya_bracket\">(<\/span>News<span class=\"sya_bracket\">)<\/span><\/span><\/div><\/li><li class=\"\"><div class=\"sya_postcontent\"><span class=\"sya_date\">20.03. <span class=\"sya_sep\">- <\/span><\/span><a href=\"https:\/\/erasmusplus.al\/?p=5188&lang=sq\" class=\"sya_postlink post-5188\" rel=\"bookmark\">Coronavirus outbreak<\/a> <span class=\"sya_categories\"><span class=\"sya_bracket\">(<\/span>Njoftime<span class=\"sya_bracket\">)<\/span><\/span><\/div><\/li><li class=\"\"><div class=\"sya_postcontent\"><span class=\"sya_date\">20.03. <span class=\"sya_sep\">- <\/span><\/span><a href=\"https:\/\/erasmusplus.al\/?p=5186\" class=\"sya_postlink post-5186\" rel=\"bookmark\">Coronavirus outbreak<\/a> <span class=\"sya_categories\"><span class=\"sya_bracket\">(<\/span>News<span class=\"sya_bracket\">)<\/span><\/span><\/div><\/li><li class=\"\"><div class=\"sya_postcontent\"><span class=\"sya_date\">06.03. <span class=\"sya_sep\">- <\/span><\/span><a href=\"https:\/\/erasmusplus.al\/?p=5167&lang=sq\" class=\"sya_postlink post-5167\" rel=\"bookmark\">INFO HUB ERASMUS+<\/a> <span class=\"sya_categories\"><span class=\"sya_bracket\">(<\/span>Njoftime<span class=\"sya_bracket\">)<\/span><\/span><\/div><\/li><li class=\"\"><div class=\"sya_postcontent\"><span class=\"sya_date\">06.03. <span class=\"sya_sep\">- <\/span><\/span><a href=\"https:\/\/erasmusplus.al\/?p=5164\" class=\"sya_postlink post-5164\" rel=\"bookmark\">INFO HUB ERASMUS+<\/a> <span class=\"sya_categories\"><span class=\"sya_bracket\">(<\/span>News<span class=\"sya_bracket\">)<\/span><\/span><\/div><\/li><li class=\"\"><div class=\"sya_postcontent\"><span class=\"sya_date\">05.03. <span class=\"sya_sep\">- <\/span><\/span><a href=\"https:\/\/erasmusplus.al\/?p=6584\" class=\"sya_postlink post-6584\" rel=\"bookmark\">BOOK PRESENTATION_T@SK PROJECT<\/a> <span class=\"sya_categories\"><span class=\"sya_bracket\">(<\/span>Activities<span class=\"sya_bracket\">)<\/span><\/span><\/div><\/li><li class=\"\"><div class=\"sya_postcontent\"><span class=\"sya_date\">18.02. <span class=\"sya_sep\">- <\/span><\/span><a href=\"https:\/\/erasmusplus.al\/?p=4874&lang=sq\" class=\"sya_postlink post-4874\" rel=\"bookmark\">INFO HUB ERASMUS+<\/a> <span class=\"sya_categories\"><span class=\"sya_bracket\">(<\/span>Njoftime<span class=\"sya_bracket\">)<\/span><\/span><\/div><\/li><li class=\"\"><div class=\"sya_postcontent\"><span class=\"sya_date\">18.02. <span class=\"sya_sep\">- <\/span><\/span><a href=\"https:\/\/erasmusplus.al\/?p=4865\" class=\"sya_postlink post-4865\" rel=\"bookmark\">INFO HUB ERASMUS+<\/a> <span class=\"sya_categories\"><span class=\"sya_bracket\">(<\/span>News<span class=\"sya_bracket\">)<\/span><\/span><\/div><\/li><li class=\"\"><div class=\"sya_postcontent\"><span class=\"sya_date\">17.02. <span class=\"sya_sep\">- <\/span><\/span><a href=\"https:\/\/erasmusplus.al\/?p=6577\" class=\"sya_postlink post-6577\" rel=\"bookmark\">Project Meeting<\/a> <span class=\"sya_categories\"><span class=\"sya_bracket\">(<\/span>Activities<span class=\"sya_bracket\">)<\/span><\/span><\/div><\/li><li class=\"\"><div class=\"sya_postcontent\"><span class=\"sya_date\">07.02. <span class=\"sya_sep\">- <\/span><\/span><a href=\"https:\/\/erasmusplus.al\/?p=4938&lang=sq\" class=\"sya_postlink post-4938\" rel=\"bookmark\">Takim Ekspertet e Reformave n\u00eb Arsimin e Lart\u00eb (HERE) dhe Zyra Komb\u00ebtare Erasmus+<\/a> <span class=\"sya_categories\"><span class=\"sya_bracket\">(<\/span>HERE Aktivitete<span class=\"sya_bracket\">)<\/span><\/span><\/div><\/li><li class=\"\"><div class=\"sya_postcontent\"><span class=\"sya_date\">07.02. <span class=\"sya_sep\">- <\/span><\/span><a href=\"https:\/\/erasmusplus.al\/?p=4933\" class=\"sya_postlink post-4933\" rel=\"bookmark\">HERE and NEO  Meeting<\/a> <span class=\"sya_categories\"><span class=\"sya_bracket\">(<\/span>HERE Activities<span class=\"sya_bracket\">)<\/span><\/span><\/div><\/li><li class=\"\"><div class=\"sya_postcontent\"><span class=\"sya_date\">29.01. <span class=\"sya_sep\">- <\/span><\/span><a href=\"https:\/\/erasmusplus.al\/?p=5625&lang=sq\" class=\"sya_postlink post-5625\" rel=\"bookmark\">Takimi vjetor i Zyrave Komb\u00ebtare Erasmus+<\/a> <span class=\"sya_categories\"><span class=\"sya_bracket\">(<\/span>Aktivitete, HERE Aktivitete<span class=\"sya_bracket\">)<\/span><\/span><\/div><\/li><li class=\"\"><div class=\"sya_postcontent\"><span class=\"sya_date\">29.01. <span class=\"sya_sep\">- <\/span><\/span><a href=\"https:\/\/erasmusplus.al\/?p=5618\" class=\"sya_postlink post-5618\" rel=\"bookmark\">National Erasmus+ Office\u2019s Meeting 2020<\/a> <span class=\"sya_categories\"><span class=\"sya_bracket\">(<\/span>Activities, HERE Activities<span class=\"sya_bracket\">)<\/span><\/span><\/div><\/li><li class=\"\"><div class=\"sya_postcontent\"><span class=\"sya_date\">27.01. <span class=\"sya_sep\">- <\/span><\/span><a href=\"https:\/\/erasmusplus.al\/?p=5615&lang=sq\" class=\"sya_postlink post-5615\" rel=\"bookmark\">Programi Erasmus+ \u201cNd\u00ebrtim Kapacitetesh n\u00eb Arsimin e Lart\u201d. Takimi \u201cGrant Holders\u201d<\/a> <span class=\"sya_categories\"><span class=\"sya_bracket\">(<\/span>Aktivitete<span class=\"sya_bracket\">)<\/span><\/span><\/div><\/li><li class=\"\"><div class=\"sya_postcontent\"><span class=\"sya_date\">27.01. <span class=\"sya_sep\">- <\/span><\/span><a href=\"https:\/\/erasmusplus.al\/?p=5587\" class=\"sya_postlink post-5587\" rel=\"bookmark\">Erasmus+ Capacity Building in Higher Education Grantholders&#8217; Meeting<\/a> <span class=\"sya_categories\"><span class=\"sya_bracket\">(<\/span>Activities<span class=\"sya_bracket\">)<\/span><\/span><\/div><\/li><li class=\"\"><div class=\"sya_postcontent\"><span class=\"sya_date\">24.01. <span class=\"sya_sep\">- <\/span><\/span><a href=\"https:\/\/erasmusplus.al\/?p=5584&lang=sq\" class=\"sya_postlink post-5584\" rel=\"bookmark\">Zyra Komb\u00ebtare Erasmus+ e AL n\u00eb panairin \u201cME and EUROPE\u201d<\/a> <span class=\"sya_categories\"><span class=\"sya_bracket\">(<\/span>Aktivitete<span class=\"sya_bracket\">)<\/span><\/span><\/div><\/li><li class=\"\"><div class=\"sya_postcontent\"><span class=\"sya_date\">24.01. <span class=\"sya_sep\">- <\/span><\/span><a href=\"https:\/\/erasmusplus.al\/?p=5576\" class=\"sya_postlink post-5576\" rel=\"bookmark\">National Erasmus+ Office attending on \u201cMe and Europe\u201d Fair.<\/a> <span class=\"sya_categories\"><span class=\"sya_bracket\">(<\/span>Activities<span class=\"sya_bracket\">)<\/span><\/span><\/div><\/li><li class=\"\"><div class=\"sya_postcontent\"><span class=\"sya_date\">24.01. <span class=\"sya_sep\">- <\/span><\/span><a href=\"https:\/\/erasmusplus.al\/?p=6571\" class=\"sya_postlink post-6571\" rel=\"bookmark\">International Day of Education<\/a> <span class=\"sya_categories\"><span class=\"sya_bracket\">(<\/span>Activities<span class=\"sya_bracket\">)<\/span><\/span><\/div><\/li><li class=\"\"><div class=\"sya_postcontent\"><span class=\"sya_date\">21.01. <span class=\"sya_sep\">- <\/span><\/span><a href=\"https:\/\/erasmusplus.al\/?p=4963&lang=sq\" class=\"sya_postlink post-4963\" rel=\"bookmark\">Vizit\u00eb Monitoruese UBT p\u00ebr programin KA1 \u201cShk\u00ebmbime Studentore dhe Stafi\u201d<\/a> <span class=\"sya_categories\"><span class=\"sya_bracket\">(<\/span>Aktivitete<span class=\"sya_bracket\">)<\/span><\/span><\/div><\/li><li class=\"\"><div class=\"sya_postcontent\"><span class=\"sya_date\">21.01. <span class=\"sya_sep\">- <\/span><\/span><a href=\"https:\/\/erasmusplus.al\/?p=4959\" class=\"sya_postlink post-4959\" rel=\"bookmark\">UBT Monitoring Visit for KA1 Program \u201cStudent Exchanges and Staff\u201d<\/a> <span class=\"sya_categories\"><span class=\"sya_bracket\">(<\/span>Activities<span class=\"sya_bracket\">)<\/span><\/span><\/div><\/li><li class=\"\"><div class=\"sya_postcontent\"><span class=\"sya_date\">16.01. <span class=\"sya_sep\">- <\/span><\/span><a href=\"https:\/\/erasmusplus.al\/?p=4993&lang=sq\" class=\"sya_postlink post-4993\" rel=\"bookmark\">Takim Informues mbi Programin Erasmus+ n\u00eb Universitetin POLIS<\/a> <span class=\"sya_categories\"><span class=\"sya_bracket\">(<\/span>Aktivitete<span class=\"sya_bracket\">)<\/span><\/span><\/div><\/li><li class=\"\"><div class=\"sya_postcontent\"><span class=\"sya_date\">16.01. <span class=\"sya_sep\">- <\/span><\/span><a href=\"https:\/\/erasmusplus.al\/?p=4985\" class=\"sya_postlink post-4985\" rel=\"bookmark\">Information Session on Erasmus + Program at POLIS University<\/a> <span class=\"sya_categories\"><span class=\"sya_bracket\">(<\/span>Activities<span class=\"sya_bracket\">)<\/span><\/span><\/div><\/li><li class=\"\"><div class=\"sya_postcontent\"><span class=\"sya_date\">14.01. <span class=\"sya_sep\">- <\/span><\/span><a href=\"https:\/\/erasmusplus.al\/?p=4754&lang=sq\" class=\"sya_postlink post-4754\" rel=\"bookmark\">Vacancy Albania NEO Coordinator<\/a> <span class=\"sya_categories\"><span class=\"sya_bracket\">(<\/span>Njoftime<span class=\"sya_bracket\">)<\/span><\/span><\/div><\/li><li class=\"\"><div class=\"sya_postcontent\"><span class=\"sya_date\">14.01. <span class=\"sya_sep\">- <\/span><\/span><a href=\"https:\/\/erasmusplus.al\/?p=4751\" class=\"sya_postlink post-4751\" rel=\"bookmark\">Vacancy Albania NEO Coordinator<\/a> <span class=\"sya_categories\"><span class=\"sya_bracket\">(<\/span>News<span class=\"sya_bracket\">)<\/span><\/span><\/div><\/li><li class=\"\"><div class=\"sya_postcontent\"><span class=\"sya_date\">09.01. <span class=\"sya_sep\">- <\/span><\/span><a href=\"https:\/\/erasmusplus.al\/?p=4795&lang=sq\" class=\"sya_postlink post-4795\" rel=\"bookmark\">Trajnimi: Si t\u00eb shkruajm\u00eb nj\u00eb Projekt t\u00eb Suksesh\u00ebm n\u00eb Erasmus Plus &#8211; programi \u201cNd\u00ebrtim Kapacitetesh n\u00eb Arsimin e Lart\u00eb\u201d (CBHE)<\/a> <span class=\"sya_categories\"><span class=\"sya_bracket\">(<\/span>Aktivitete<span class=\"sya_bracket\">)<\/span><\/span><\/div><\/li><li class=\"\"><div class=\"sya_postcontent\"><span class=\"sya_date\">09.01. <span class=\"sya_sep\">- <\/span><\/span><a href=\"https:\/\/erasmusplus.al\/?p=5570\" class=\"sya_postlink post-5570\" rel=\"bookmark\">Training on \u201cHow to draft a good application on \u2018Capacity Building in the field of Higher Education\u2019 projects\u201d<\/a> <span class=\"sya_categories\"><span class=\"sya_bracket\">(<\/span>Activities<span class=\"sya_bracket\">)<\/span><\/span><\/div><\/li><li class=\"\"><div class=\"sya_postcontent\"><span class=\"sya_date\">08.01. <span class=\"sya_sep\">- <\/span><\/span><a href=\"https:\/\/erasmusplus.al\/?p=4777&lang=sq\" class=\"sya_postlink post-4777\" rel=\"bookmark\">Vizit\u00eb Monitoruese Projekti GRADUA, UBT<\/a> <span class=\"sya_categories\"><span class=\"sya_bracket\">(<\/span>Aktivitete<span class=\"sya_bracket\">)<\/span><\/span><\/div><\/li><li class=\"\"><div class=\"sya_postcontent\"><span class=\"sya_date\">08.01. <span class=\"sya_sep\">- <\/span><\/span><a href=\"https:\/\/erasmusplus.al\/?p=4982&lang=sq\" class=\"sya_postlink post-4982\" rel=\"bookmark\">Vizit\u00eb Monitoruese Projekti LNSS, UBT<\/a> <span class=\"sya_categories\"><span class=\"sya_bracket\">(<\/span>Aktivitete<span class=\"sya_bracket\">)<\/span><\/span><\/div><\/li><li class=\"\"><div class=\"sya_postcontent\"><span class=\"sya_date\">08.01. <span class=\"sya_sep\">- <\/span><\/span><a href=\"https:\/\/erasmusplus.al\/?p=4977\" class=\"sya_postlink post-4977\" rel=\"bookmark\">Monitoring Visit LNSS Project, UBT<\/a> <span class=\"sya_categories\"><span class=\"sya_bracket\">(<\/span>Activities<span class=\"sya_bracket\">)<\/span><\/span><\/div><\/li><li class=\"\"><div class=\"sya_postcontent\"><span class=\"sya_date\">08.01. <span class=\"sya_sep\">- <\/span><\/span><a href=\"https:\/\/erasmusplus.al\/?p=4974&lang=sq\" class=\"sya_postlink post-4974\" rel=\"bookmark\">Vizit\u00eb Monitoruese Projekti GRADUA, UBT<\/a> <span class=\"sya_categories\"><span class=\"sya_bracket\">(<\/span>Aktivitete<span class=\"sya_bracket\">)<\/span><\/span><\/div><\/li><li class=\"\"><div class=\"sya_postcontent\"><span class=\"sya_date\">08.01. <span class=\"sya_sep\">- <\/span><\/span><a href=\"https:\/\/erasmusplus.al\/?p=4965\" class=\"sya_postlink post-4965\" rel=\"bookmark\">Monitoring Visit of the Project GRADUA, UBT<\/a> <span class=\"sya_categories\"><span class=\"sya_bracket\">(<\/span>Activities<span class=\"sya_bracket\">)<\/span><\/span><\/div><\/li><li class=\"\"><div class=\"sya_postcontent\"><span class=\"sya_date\">07.01. <span class=\"sya_sep\">- <\/span><\/span><a href=\"https:\/\/erasmusplus.al\/?p=4758&lang=sq\" class=\"sya_postlink post-4758\" rel=\"bookmark\">Vizit\u00eb Monitoruese Projekti Vtech@WBUni, UAMD<\/a> <span class=\"sya_categories\"><span class=\"sya_bracket\">(<\/span>Aktivitete<span class=\"sya_bracket\">)<\/span><\/span><\/div><\/li><li class=\"\"><div class=\"sya_postcontent\"><span class=\"sya_date\">07.01. <span class=\"sya_sep\">- <\/span><\/span><a href=\"https:\/\/erasmusplus.al\/?p=4957&lang=sq\" class=\"sya_postlink post-4957\" rel=\"bookmark\">Vizit\u00eb Monitoruese Projekti Vtech@WBUni, UAMD<\/a> <span class=\"sya_categories\"><span class=\"sya_bracket\">(<\/span>Aktivitete<span class=\"sya_bracket\">)<\/span><\/span><\/div><\/li><li class=\"\"><div class=\"sya_postcontent\"><span class=\"sya_date\">07.01. <span class=\"sya_sep\">- <\/span><\/span><a href=\"https:\/\/erasmusplus.al\/?p=4948\" class=\"sya_postlink post-4948\" rel=\"bookmark\">Monitoring Visit of the Project Vtech@WBUni, UAMD<\/a> <span class=\"sya_categories\"><span class=\"sya_bracket\">(<\/span>Activities<span class=\"sya_bracket\">)<\/span><\/span><\/div><\/li><\/ul><\/div><!-- [et_pb_line_break_holder] --><div class=\"sya_container\" id=\"sya_container\"><p class=\"sya_yearslist\" id=\"sya_yearslist\"><a href=\"#year2019\">2019<\/a><\/p><h2><a id=\"year2019\"><\/a><a href=\"https:\/\/erasmusplus.al\/?m=2019\" rel=\"section\">2019<\/a> <span class=\"sya_yearcount\"><span class=\"sya_bracket\">(<\/span>104<span class=\"sya_bracket\">)<\/span><\/span><\/h2><ul><li class=\"\"><div class=\"sya_postcontent\"><span class=\"sya_date\">18.12. <span class=\"sya_sep\">- <\/span><\/span><a href=\"https:\/\/erasmusplus.al\/?p=5262&lang=sq\" class=\"sya_postlink post-5262\" rel=\"bookmark\">Vizit\u00eb Monitoruese p\u00ebr Projektin \u201cEduLaw\u201d, ZKE+ 18 Dhjetor, UT<\/a> <span class=\"sya_categories\"><span class=\"sya_bracket\">(<\/span>Aktivitete<span class=\"sya_bracket\">)<\/span><\/span><\/div><\/li><li class=\"\"><div class=\"sya_postcontent\"><span class=\"sya_date\">18.12. <span class=\"sya_sep\">- <\/span><\/span><a href=\"https:\/\/erasmusplus.al\/?p=5258\" class=\"sya_postlink post-5258\" rel=\"bookmark\">EduLaw Field Monitoring Visit , NEO 18 December, UT<\/a> <span class=\"sya_categories\"><span class=\"sya_bracket\">(<\/span>Activities<span class=\"sya_bracket\">)<\/span><\/span><\/div><\/li><li class=\"\"><div class=\"sya_postcontent\"><span class=\"sya_date\">18.12. <span class=\"sya_sep\">- <\/span><\/span><a href=\"https:\/\/erasmusplus.al\/?p=5256&lang=sq\" class=\"sya_postlink post-5256\" rel=\"bookmark\">Monitorimi  Projekti K-Force nga ZKE+, 18 Dhjetor, UT<\/a> <span class=\"sya_categories\"><span class=\"sya_bracket\">(<\/span>Aktivitete<span class=\"sya_bracket\">)<\/span><\/span><\/div><\/li><li class=\"\"><div class=\"sya_postcontent\"><span class=\"sya_date\">18.12. <span class=\"sya_sep\">- <\/span><\/span><a href=\"https:\/\/erasmusplus.al\/?p=5252\" class=\"sya_postlink post-5252\" rel=\"bookmark\">FMV K-FORCE project-18 December, UT.<\/a> <span class=\"sya_categories\"><span class=\"sya_bracket\">(<\/span>Activities<span class=\"sya_bracket\">)<\/span><\/span><\/div><\/li><li class=\"\"><div class=\"sya_postcontent\"><span class=\"sya_date\">17.12. <span class=\"sya_sep\">- <\/span><\/span><a href=\"https:\/\/erasmusplus.al\/?p=5100&lang=sq\" class=\"sya_postlink post-5100\" rel=\"bookmark\">Dita Komb\u00ebtare Informuese Erasmus+, 2019<\/a> <span class=\"sya_categories\"><span class=\"sya_bracket\">(<\/span>Aktivitete<span class=\"sya_bracket\">)<\/span><\/span><\/div><\/li><li class=\"\"><div class=\"sya_postcontent\"><span class=\"sya_date\">17.12. <span class=\"sya_sep\">- <\/span><\/span><a href=\"https:\/\/erasmusplus.al\/?p=5071\" class=\"sya_postlink post-5071\" rel=\"bookmark\">National Erasmus+ Information Day 2019<\/a> <span class=\"sya_categories\"><span class=\"sya_bracket\">(<\/span>Activities<span class=\"sya_bracket\">)<\/span><\/span><\/div><\/li><li class=\"\"><div class=\"sya_postcontent\"><span class=\"sya_date\">13.12. <span class=\"sya_sep\">- <\/span><\/span><a href=\"https:\/\/erasmusplus.al\/?p=5249&lang=sq\" class=\"sya_postlink post-5249\" rel=\"bookmark\">Takim p\u00ebrgatitor p\u00ebr Dit\u00ebn Komb\u00ebtare t\u00eb Informimit mbi Erasmus+.<\/a> <span class=\"sya_categories\"><span class=\"sya_bracket\">(<\/span>Aktivitete<span class=\"sya_bracket\">)<\/span><\/span><\/div><\/li><li class=\"\"><div class=\"sya_postcontent\"><span class=\"sya_date\">13.12. <span class=\"sya_sep\">- <\/span><\/span><a href=\"https:\/\/erasmusplus.al\/?p=5245\" class=\"sya_postlink post-5245\" rel=\"bookmark\">Pre-meeting for Erasmus+ National Info Day with Albanian Coordinators of  CBHE<\/a> <span class=\"sya_categories\"><span class=\"sya_bracket\">(<\/span>Activities<span class=\"sya_bracket\">)<\/span><\/span><\/div><\/li><li class=\"\"><div class=\"sya_postcontent\"><span class=\"sya_date\">12.12. <span class=\"sya_sep\">- <\/span><\/span><a href=\"https:\/\/erasmusplus.al\/?p=4894&lang=sq\" class=\"sya_postlink post-4894\" rel=\"bookmark\">Konferenca HERE &#8211; \u201cNga p\u00ebrfshirja sociale tek aft\u00ebsit\u00eb: Shtypja e temave n\u00eb hartimin e politikave t\u00eb arsimit t\u00eb lart\u00eb\u201d<\/a> <span class=\"sya_categories\"><span class=\"sya_bracket\">(<\/span>HERE Aktivitete<span class=\"sya_bracket\">)<\/span><\/span><\/div><\/li><li class=\"\"><div class=\"sya_postcontent\"><span class=\"sya_date\">12.12. <span class=\"sya_sep\">- <\/span><\/span><a href=\"https:\/\/erasmusplus.al\/?p=4881\" class=\"sya_postlink post-4881\" rel=\"bookmark\">HERE Annual Conference From social inclusion to skills: Pressing themes in higher education policy making<\/a> <span class=\"sya_categories\"><span class=\"sya_bracket\">(<\/span>HERE Activities<span class=\"sya_bracket\">)<\/span><\/span><\/div><\/li><li class=\"\"><div class=\"sya_postcontent\"><span class=\"sya_date\">12.12. <span class=\"sya_sep\">- <\/span><\/span><a href=\"https:\/\/erasmusplus.al\/?p=5180&lang=sq\" class=\"sya_postlink post-5180\" rel=\"bookmark\">\u201cMir\u00ebm\u00ebgjesi Shqip\u00ebri\u201d Dita Komb\u00ebtare Informuese p\u00ebr programin Erasmus+<\/a> <span class=\"sya_categories\"><span class=\"sya_bracket\">(<\/span>Aktivitete<span class=\"sya_bracket\">)<\/span><\/span><\/div><\/li><li class=\"\"><div class=\"sya_postcontent\"><span class=\"sya_date\">12.12. <span class=\"sya_sep\">- <\/span><\/span><a href=\"https:\/\/erasmusplus.al\/?p=5171\" class=\"sya_postlink post-5171\" rel=\"bookmark\">National Erasmus+ Info Day at &#8220;Good Morning Albania&#8221;<\/a> <span class=\"sya_categories\"><span class=\"sya_bracket\">(<\/span>Activities<span class=\"sya_bracket\">)<\/span><\/span><\/div><\/li><li class=\"\"><div class=\"sya_postcontent\"><span class=\"sya_date\">25.11. <span class=\"sya_sep\">- <\/span><\/span><a href=\"https:\/\/erasmusplus.al\/?p=4732&lang=sq\" class=\"sya_postlink post-4732\" rel=\"bookmark\">\u201cSfidat drejt implementimit t\u00eb suksessh\u00ebm t\u00eb programit \u2018Master i P\u00ebrbashk\u00ebt\u2019 \u201d<\/a> <span class=\"sya_categories\"><span class=\"sya_bracket\">(<\/span>Njoftime<span class=\"sya_bracket\">)<\/span><\/span><\/div><\/li><li class=\"\"><div class=\"sya_postcontent\"><span class=\"sya_date\">25.11. <span class=\"sya_sep\">- <\/span><\/span><a href=\"https:\/\/erasmusplus.al\/?p=4730\" class=\"sya_postlink post-4730\" rel=\"bookmark\">CHALLENGES TOWARD SUCCESSFUL JOINT DEGREES IMPLEMENTATION<\/a> <span class=\"sya_categories\"><span class=\"sya_bracket\">(<\/span>News<span class=\"sya_bracket\">)<\/span><\/span><\/div><\/li><li class=\"\"><div class=\"sya_postcontent\"><span class=\"sya_date\">21.11. <span class=\"sya_sep\">- <\/span><\/span><a href=\"https:\/\/erasmusplus.al\/?p=4943&lang=sq\" class=\"sya_postlink post-4943\" rel=\"bookmark\">Vizit\u00eb Studimore HERE:  L\u00ebvizshm\u00ebria gjith\u00ebp\u00ebrfshir\u00ebse: nga synimet e mira deri tek rezultatet e matshme<\/a> <span class=\"sya_categories\"><span class=\"sya_bracket\">(<\/span>HERE Aktivitete<span class=\"sya_bracket\">)<\/span><\/span><\/div><\/li><li class=\"\"><div class=\"sya_postcontent\"><span class=\"sya_date\">21.11. <span class=\"sya_sep\">- <\/span><\/span><a href=\"https:\/\/erasmusplus.al\/?p=4940\" class=\"sya_postlink post-4940\" rel=\"bookmark\">HERE Study Visit  Inclusive mobility: from good intentions to measurable outcomes<\/a> <span class=\"sya_categories\"><span class=\"sya_bracket\">(<\/span>HERE Activities<span class=\"sya_bracket\">)<\/span><\/span><\/div><\/li><li class=\"\"><div class=\"sya_postcontent\"><span class=\"sya_date\">20.11. <span class=\"sya_sep\">- <\/span><\/span><a href=\"https:\/\/erasmusplus.al\/?p=5243&lang=sq\" class=\"sya_postlink post-5243\" rel=\"bookmark\">Vizit\u00eb Monitoruese p\u00ebr Projektin \u201cSmartAL\u201d, ZKE+ 20 N\u00ebntor, UET<\/a> <span class=\"sya_categories\"><span class=\"sya_bracket\">(<\/span>Aktivitete<span class=\"sya_bracket\">)<\/span><\/span><\/div><\/li><li class=\"\"><div class=\"sya_postcontent\"><span class=\"sya_date\">20.11. <span class=\"sya_sep\">- <\/span><\/span><a href=\"https:\/\/erasmusplus.al\/?p=5235\" class=\"sya_postlink post-5235\" rel=\"bookmark\">Filed Monitoirng Visit of \u201cSmartAL\u201d project, NEO 20 November, EUT<\/a> <span class=\"sya_categories\"><span class=\"sya_bracket\">(<\/span>Activities<span class=\"sya_bracket\">)<\/span><\/span><\/div><\/li><li class=\"\"><div class=\"sya_postcontent\"><span class=\"sya_date\">20.11. <span class=\"sya_sep\">- <\/span><\/span><a href=\"https:\/\/erasmusplus.al\/?p=5216&lang=sq\" class=\"sya_postlink post-5216\" rel=\"bookmark\">Vizit\u00eb Monitoruese p\u00ebr Projektin \u201ceuroPS\u201d, ZKE+ 20 N\u00ebntor, UET<\/a> <span class=\"sya_categories\"><span class=\"sya_bracket\">(<\/span>Aktivitete<span class=\"sya_bracket\">)<\/span><\/span><\/div><\/li><li class=\"\"><div class=\"sya_postcontent\"><span class=\"sya_date\">20.11. <span class=\"sya_sep\">- <\/span><\/span><a href=\"https:\/\/erasmusplus.al\/?p=5209\" class=\"sya_postlink post-5209\" rel=\"bookmark\">Filed Monitoirng Visit of \u201ceuroPS\u201d project, NEO 20 November, EUT<\/a> <span class=\"sya_categories\"><span class=\"sya_bracket\">(<\/span>Activities<span class=\"sya_bracket\">)<\/span><\/span><\/div><\/li><li class=\"\"><div class=\"sya_postcontent\"><span class=\"sya_date\">14.11. <span class=\"sya_sep\">- <\/span><\/span><a href=\"https:\/\/erasmusplus.al\/?p=5232&lang=sq\" class=\"sya_postlink post-5232\" rel=\"bookmark\">Stafi i Zyr\u00ebs Komb\u00ebtare Erasmus+ n\u00eb takimin \u201cNEO-ICP 2019\u201d<\/a> <span class=\"sya_categories\"><span class=\"sya_bracket\">(<\/span>Aktivitete<span class=\"sya_bracket\">)<\/span><\/span><\/div><\/li><li class=\"\"><div class=\"sya_postcontent\"><span class=\"sya_date\">14.11. <span class=\"sya_sep\">- <\/span><\/span><a href=\"https:\/\/erasmusplus.al\/?p=5218\" class=\"sya_postlink post-5218\" rel=\"bookmark\">NEO Albania at NEO-ICP meeting 2019<\/a> <span class=\"sya_categories\"><span class=\"sya_bracket\">(<\/span>Activities<span class=\"sya_bracket\">)<\/span><\/span><\/div><\/li><li class=\"\"><div class=\"sya_postcontent\"><span class=\"sya_date\">11.11. <span class=\"sya_sep\">- <\/span><\/span><a href=\"https:\/\/erasmusplus.al\/?p=5378\" class=\"sya_postlink post-5378\" rel=\"bookmark\">#ErasmusDays \u2013 Meeting with Professional Collage of Tirana<\/a> <span class=\"sya_categories\"><span class=\"sya_bracket\">(<\/span>Activities<span class=\"sya_bracket\">)<\/span><\/span><\/div><\/li><li class=\"\"><div class=\"sya_postcontent\"><span class=\"sya_date\">06.11. <span class=\"sya_sep\">- <\/span><\/span><a href=\"https:\/\/erasmusplus.al\/?p=4728&lang=sq\" class=\"sya_postlink post-4728\" rel=\"bookmark\">CALL 2020- U hapen thirrjet p\u00ebr Aplikimeve 2020 p\u00ebr Programet Erasmus+<\/a> <span class=\"sya_categories\"><span class=\"sya_bracket\">(<\/span>Njoftime<span class=\"sya_bracket\">)<\/span><\/span><\/div><\/li><li class=\"\"><div class=\"sya_postcontent\"><span class=\"sya_date\">06.11. <span class=\"sya_sep\">- <\/span><\/span><a href=\"https:\/\/erasmusplus.al\/?p=4726\" class=\"sya_postlink post-4726\" rel=\"bookmark\">CALL 2020- Erasmus+ Programme Guide 2020<\/a> <span class=\"sya_categories\"><span class=\"sya_bracket\">(<\/span>News<span class=\"sya_bracket\">)<\/span><\/span><\/div><\/li><li class=\"\"><div class=\"sya_postcontent\"><span class=\"sya_date\">04.11. <span class=\"sya_sep\">- <\/span><\/span><a href=\"https:\/\/erasmusplus.al\/?p=4720&lang=sq\" class=\"sya_postlink post-4720\" rel=\"bookmark\">SEMINAR RAJONAL HERE- EKPERTET E REFORMAVE TE ARSIMIN E LARTE<\/a> <span class=\"sya_categories\"><span class=\"sya_bracket\">(<\/span>Njoftime<span class=\"sya_bracket\">)<\/span><\/span><\/div><\/li><li class=\"\"><div class=\"sya_postcontent\"><span class=\"sya_date\">04.11. <span class=\"sya_sep\">- <\/span><\/span><a href=\"https:\/\/erasmusplus.al\/?p=4718\" class=\"sya_postlink post-4718\" rel=\"bookmark\">REGIONAL HERE SEMINAR<\/a> <span class=\"sya_categories\"><span class=\"sya_bracket\">(<\/span>News<span class=\"sya_bracket\">)<\/span><\/span><\/div><\/li><li class=\"\"><div class=\"sya_postcontent\"><span class=\"sya_date\">26.10. <span class=\"sya_sep\">- <\/span><\/span><a href=\"https:\/\/erasmusplus.al\/?p=5275&lang=sq\" class=\"sya_postlink post-5275\" rel=\"bookmark\">Panairi &#8220;Studio ne Europ\u00eb\u201d -Tiran\u00eb, 26 Tetor 2019<\/a> <span class=\"sya_categories\"><span class=\"sya_bracket\">(<\/span>Aktivitete<span class=\"sya_bracket\">)<\/span><\/span><\/div><\/li><li class=\"\"><div class=\"sya_postcontent\"><span class=\"sya_date\">26.10. <span class=\"sya_sep\">- <\/span><\/span><a href=\"https:\/\/erasmusplus.al\/?p=5267\" class=\"sya_postlink post-5267\" rel=\"bookmark\">Study in Europe Fair in Tirana 26 October<\/a> <span class=\"sya_categories\"><span class=\"sya_bracket\">(<\/span>Activities<span class=\"sya_bracket\">)<\/span><\/span><\/div><\/li><li class=\"\"><div class=\"sya_postcontent\"><span class=\"sya_date\">24.10. <span class=\"sya_sep\">- <\/span><\/span><a href=\"https:\/\/erasmusplus.al\/?p=5369&lang=sq\" class=\"sya_postlink post-5369\" rel=\"bookmark\">Seminar Kontakti Erasmus+ me Ballkanin Per\u00ebndimor<\/a> <span class=\"sya_categories\"><span class=\"sya_bracket\">(<\/span>Aktivitete<span class=\"sya_bracket\">)<\/span><\/span><\/div><\/li><li class=\"\"><div class=\"sya_postcontent\"><span class=\"sya_date\">24.10. <span class=\"sya_sep\">- <\/span><\/span><a href=\"https:\/\/erasmusplus.al\/?p=5361\" class=\"sya_postlink post-5361\" rel=\"bookmark\">Erasmus+ Contact Seminar with the Western Balkans<\/a> <span class=\"sya_categories\"><span class=\"sya_bracket\">(<\/span>Activities<span class=\"sya_bracket\">)<\/span><\/span><\/div><\/li><li class=\"\"><div class=\"sya_postcontent\"><span class=\"sya_date\">24.10. <span class=\"sya_sep\">- <\/span><\/span><a href=\"https:\/\/erasmusplus.al\/?p=5358&lang=sq\" class=\"sya_postlink post-5358\" rel=\"bookmark\">Takim Koordinator\u00ebt e rinj t\u00eb Projekteve CBHE 2019 me EACEA<\/a> <span class=\"sya_categories\"><span class=\"sya_bracket\">(<\/span>Aktivitete<span class=\"sya_bracket\">)<\/span><\/span><\/div><\/li><li class=\"\"><div class=\"sya_postcontent\"><span class=\"sya_date\">24.10. <span class=\"sya_sep\">- <\/span><\/span><a href=\"https:\/\/erasmusplus.al\/?p=5350\" class=\"sya_postlink post-5350\" rel=\"bookmark\">Meeting EACEA and 2019 Call\u2019s Albanian Coordinators<\/a> <span class=\"sya_categories\"><span class=\"sya_bracket\">(<\/span>Activities<span class=\"sya_bracket\">)<\/span><\/span><\/div><\/li><li class=\"\"><div class=\"sya_postcontent\"><span class=\"sya_date\">23.10. <span class=\"sya_sep\">- <\/span><\/span><a href=\"https:\/\/erasmusplus.al\/?p=5405&lang=sq\" class=\"sya_postlink post-5405\" rel=\"bookmark\">Vizit\u00eb monitorusese n\u00eb Universitetin e Durr\u00ebsit  (UAMD) nga EACEA dhe ZKE+<\/a> <span class=\"sya_categories\"><span class=\"sya_bracket\">(<\/span>Aktivitete<span class=\"sya_bracket\">)<\/span><\/span><\/div><\/li><li class=\"\"><div class=\"sya_postcontent\"><span class=\"sya_date\">23.10. <span class=\"sya_sep\">- <\/span><\/span><a href=\"https:\/\/erasmusplus.al\/?p=5398\" class=\"sya_postlink post-5398\" rel=\"bookmark\">Institutional FMV, EACEA and NEO at University of Durr\u00ebs (UAMD)<\/a> <span class=\"sya_categories\"><span class=\"sya_bracket\">(<\/span>Activities<span class=\"sya_bracket\">)<\/span><\/span><\/div><\/li><li class=\"\"><div class=\"sya_postcontent\"><span class=\"sya_date\">22.10. <span class=\"sya_sep\">- <\/span><\/span><a href=\"https:\/\/erasmusplus.al\/?p=5158&lang=sq\" class=\"sya_postlink post-5158\" rel=\"bookmark\">Takimi  mes aktor\u00ebve t\u00eb AL p\u00ebr Ndikimin e Projekteve CBHE n\u00eb Ballkanin Per\u00ebndimor.<\/a> <span class=\"sya_categories\"><span class=\"sya_bracket\">(<\/span>Aktivitete<span class=\"sya_bracket\">)<\/span><\/span><\/div><\/li><li class=\"\"><div class=\"sya_postcontent\"><span class=\"sya_date\">22.10. <span class=\"sya_sep\">- <\/span><\/span><a href=\"https:\/\/erasmusplus.al\/?p=5119\" class=\"sya_postlink post-5119\" rel=\"bookmark\">CLUSTER MEETING ON THE CBHE PROJECTS&#8217; IMPACT IN THE WESTERN BALKANS<\/a> <span class=\"sya_categories\"><span class=\"sya_bracket\">(<\/span>Activities<span class=\"sya_bracket\">)<\/span><\/span><\/div><\/li><li class=\"\"><div class=\"sya_postcontent\"><span class=\"sya_date\">12.10. <span class=\"sya_sep\">- <\/span><\/span><a href=\"https:\/\/erasmusplus.al\/?p=5395&lang=sq\" class=\"sya_postlink post-5395\" rel=\"bookmark\">Erasmus Quiz- ErasmusDays &#8211; millions of people, thousands of events!<\/a> <span class=\"sya_categories\"><span class=\"sya_bracket\">(<\/span>Aktivitete<span class=\"sya_bracket\">)<\/span><\/span><\/div><\/li><li class=\"\"><div class=\"sya_postcontent\"><span class=\"sya_date\">12.10. <span class=\"sya_sep\">- <\/span><\/span><a href=\"https:\/\/erasmusplus.al\/?p=5389\" class=\"sya_postlink post-5389\" rel=\"bookmark\">Erasmus Quiz- Erasmus Days &#8211; millions of people, thousands of events!<\/a> <span class=\"sya_categories\"><span class=\"sya_bracket\">(<\/span>Activities<span class=\"sya_bracket\">)<\/span><\/span><\/div><\/li><li class=\"\"><div class=\"sya_postcontent\"><span class=\"sya_date\">11.10. <span class=\"sya_sep\">- <\/span><\/span><a href=\"https:\/\/erasmusplus.al\/?p=4707&lang=sq\" class=\"sya_postlink post-4707\" rel=\"bookmark\">Erasmus+Quiz, aktivitet n\u00eb kuad\u00ebr te dit\u00ebve nd\u00ebrkomb\u00ebtare Erasmus+<\/a> <span class=\"sya_categories\"><span class=\"sya_bracket\">(<\/span>Njoftime<span class=\"sya_bracket\">)<\/span><\/span><\/div><\/li><li class=\"\"><div class=\"sya_postcontent\"><span class=\"sya_date\">11.10. <span class=\"sya_sep\">- <\/span><\/span><a href=\"https:\/\/erasmusplus.al\/?p=4700\" class=\"sya_postlink post-4700\" rel=\"bookmark\">Erasmus+ Quiz, the \u201cErasmus Days 2019\u201d activity organized by NEO Albania<\/a> <span class=\"sya_categories\"><span class=\"sya_bracket\">(<\/span>News<span class=\"sya_bracket\">)<\/span><\/span><\/div><\/li><li class=\"\"><div class=\"sya_postcontent\"><span class=\"sya_date\">11.10. <span class=\"sya_sep\">- <\/span><\/span><a href=\"https:\/\/erasmusplus.al\/?p=5384&lang=sq\" class=\"sya_postlink post-5384\" rel=\"bookmark\">#ErasmusDays \u2013 takim Kolegji Profesional i Tiran\u00ebs<\/a> <span class=\"sya_categories\"><span class=\"sya_bracket\">(<\/span>Aktivitete<span class=\"sya_bracket\">)<\/span><\/span><\/div><\/li><li class=\"\"><div class=\"sya_postcontent\"><span class=\"sya_date\">02.10. <span class=\"sya_sep\">- <\/span><\/span><a href=\"https:\/\/erasmusplus.al\/?p=5375&lang=sq\" class=\"sya_postlink post-5375\" rel=\"bookmark\">Takim me Koordinator\u00ebt Shqiptar, t\u00eb projekteve CBHE, Thirrja 2019<\/a> <span class=\"sya_categories\"><span class=\"sya_bracket\">(<\/span>Aktivitete<span class=\"sya_bracket\">)<\/span><\/span><\/div><\/li><li class=\"\"><div class=\"sya_postcontent\"><span class=\"sya_date\">02.10. <span class=\"sya_sep\">- <\/span><\/span><a href=\"https:\/\/erasmusplus.al\/?p=5371\" class=\"sya_postlink post-5371\" rel=\"bookmark\">NEO and Albanian Coordinators of 2019 Call on CBHE programme<\/a> <span class=\"sya_categories\"><span class=\"sya_bracket\">(<\/span>Activities<span class=\"sya_bracket\">)<\/span><\/span><\/div><\/li><li class=\"\"><div class=\"sya_postcontent\"><span class=\"sya_date\">26.09. <span class=\"sya_sep\">- <\/span><\/span><a href=\"https:\/\/erasmusplus.al\/?p=5034&lang=sq\" class=\"sya_postlink post-5034\" rel=\"bookmark\">Vizit\u00eb Monitoruese p\u00ebr Projektet \u201cICM\u201d- UT<\/a> <span class=\"sya_categories\"><span class=\"sya_bracket\">(<\/span>Aktivitete<span class=\"sya_bracket\">)<\/span><\/span><\/div><\/li><li class=\"\"><div class=\"sya_postcontent\"><span class=\"sya_date\">26.09. <span class=\"sya_sep\">- <\/span><\/span><a href=\"https:\/\/erasmusplus.al\/?p=5030\" class=\"sya_postlink post-5030\" rel=\"bookmark\">Monitoring Visit ICM project &#8211; UT<\/a> <span class=\"sya_categories\"><span class=\"sya_bracket\">(<\/span>Activities<span class=\"sya_bracket\">)<\/span><\/span><\/div><\/li><li class=\"\"><div class=\"sya_postcontent\"><span class=\"sya_date\">09.09. <span class=\"sya_sep\">- <\/span><\/span><a href=\"https:\/\/erasmusplus.al\/?p=4879&lang=sq\" class=\"sya_postlink post-4879\" rel=\"bookmark\">Vizit\u00eb Studimore HERE \u2013 Universiteti i Shkencave t\u00eb Aplikuara, Vien\u00eb \u201cEdukimi i bazuar n\u00eb kompetenca; bazat, prespektivat dhe implementimi<\/a> <span class=\"sya_categories\"><span class=\"sya_bracket\">(<\/span>HERE Aktivitete<span class=\"sya_bracket\">)<\/span><\/span><\/div><\/li><li class=\"\"><div class=\"sya_postcontent\"><span class=\"sya_date\">09.09. <span class=\"sya_sep\">- <\/span><\/span><a href=\"https:\/\/erasmusplus.al\/?p=4876\" class=\"sya_postlink post-4876\" rel=\"bookmark\">HERE Study Visit: \u2018Competence Based Education (CBE): Basics, Perspectives, Implementation\u2019 9-10 September 2019 in Vienna<\/a> <span class=\"sya_categories\"><span class=\"sya_bracket\">(<\/span>HERE Activities<span class=\"sya_bracket\">)<\/span><\/span><\/div><\/li><li class=\"\"><div class=\"sya_postcontent\"><span class=\"sya_date\">09.09. <span class=\"sya_sep\">- <\/span><\/span><a href=\"https:\/\/erasmusplus.al\/?p=5026&lang=sq\" class=\"sya_postlink post-5026\" rel=\"bookmark\">Vizit\u00eb Monitoruese p\u00ebr Projektet \u201cICM\u201d- UAMD<\/a> <span class=\"sya_categories\"><span class=\"sya_bracket\">(<\/span>Aktivitete<span class=\"sya_bracket\">)<\/span><\/span><\/div><\/li><li class=\"\"><div class=\"sya_postcontent\"><span class=\"sya_date\">09.09. <span class=\"sya_sep\">- <\/span><\/span><a href=\"https:\/\/erasmusplus.al\/?p=5023\" class=\"sya_postlink post-5023\" rel=\"bookmark\">Field Monitoring Visit ICM &#8211; UAMD<\/a> <span class=\"sya_categories\"><span class=\"sya_bracket\">(<\/span>Activities<span class=\"sya_bracket\">)<\/span><\/span><\/div><\/li><li class=\"\"><div class=\"sya_postcontent\"><span class=\"sya_date\">09.09. <span class=\"sya_sep\">- <\/span><\/span><a href=\"https:\/\/erasmusplus.al\/?p=5021&lang=sq\" class=\"sya_postlink post-5021\" rel=\"bookmark\">Vizit\u00eb Monitorimi p\u00ebr Projektin \u201cCBHE\u201d diMTV &#8211; UAMD<\/a> <span class=\"sya_categories\"><span class=\"sya_bracket\">(<\/span>Aktivitete<span class=\"sya_bracket\">)<\/span><\/span><\/div><\/li><li class=\"\"><div class=\"sya_postcontent\"><span class=\"sya_date\">09.09. <span class=\"sya_sep\">- <\/span><\/span><a href=\"https:\/\/erasmusplus.al\/?p=5015\" class=\"sya_postlink post-5015\" rel=\"bookmark\">Field Monitoring Visit of CBHE Project diMTV \u2013 UAMD<\/a> <span class=\"sya_categories\"><span class=\"sya_bracket\">(<\/span>Activities<span class=\"sya_bracket\">)<\/span><\/span><\/div><\/li><li class=\"\"><div class=\"sya_postcontent\"><span class=\"sya_date\">29.08. <span class=\"sya_sep\">- <\/span><\/span><a href=\"https:\/\/erasmusplus.al\/?p=5049&lang=sq\" class=\"sya_postlink post-5049\" rel=\"bookmark\">Takim rajonal i projektit FINAC &#8211; UET<\/a> <span class=\"sya_categories\"><span class=\"sya_bracket\">(<\/span>Aktivitete<span class=\"sya_bracket\">)<\/span><\/span><\/div><\/li><li class=\"\"><div class=\"sya_postcontent\"><span class=\"sya_date\">29.08. <span class=\"sya_sep\">- <\/span><\/span><a href=\"https:\/\/erasmusplus.al\/?p=5044\" class=\"sya_postlink post-5044\" rel=\"bookmark\">Regional meeting FINAC project &#8211; UET<\/a> <span class=\"sya_categories\"><span class=\"sya_bracket\">(<\/span>Activities<span class=\"sya_bracket\">)<\/span><\/span><\/div><\/li><li class=\"\"><div class=\"sya_postcontent\"><span class=\"sya_date\">29.08. <span class=\"sya_sep\">- <\/span><\/span><a href=\"https:\/\/erasmusplus.al\/?p=5042&lang=sq\" class=\"sya_postlink post-5042\" rel=\"bookmark\">Vizit\u00eb Monitoruese Projekti \u201cCBHE\u201d REBUS-UET<\/a> <span class=\"sya_categories\"><span class=\"sya_bracket\">(<\/span>Aktivitete<span class=\"sya_bracket\">)<\/span><\/span><\/div><\/li><li class=\"\"><div class=\"sya_postcontent\"><span class=\"sya_date\">29.08. <span class=\"sya_sep\">- <\/span><\/span><a href=\"https:\/\/erasmusplus.al\/?p=5036\" class=\"sya_postlink post-5036\" rel=\"bookmark\">Monitoring Visit CBHE project REBUS-UET<\/a> <span class=\"sya_categories\"><span class=\"sya_bracket\">(<\/span>Activities<span class=\"sya_bracket\">)<\/span><\/span><\/div><\/li><li class=\"\"><div class=\"sya_postcontent\"><span class=\"sya_date\">29.07. <span class=\"sya_sep\">- <\/span><\/span><a href=\"https:\/\/erasmusplus.al\/?p=4696&lang=sq\" class=\"sya_postlink post-4696\" rel=\"bookmark\">Seminar dhe Konferenc\u00eb HERE Shqip\u00ebri, Kor\u00e7\u00eb, dat\u00eb 24 Maj.<\/a> <span class=\"sya_categories\"><span class=\"sya_bracket\">(<\/span>HERE Aktivitete<span class=\"sya_bracket\">)<\/span><\/span><\/div><\/li><li class=\"\"><div class=\"sya_postcontent\"><span class=\"sya_date\">12.07. <span class=\"sya_sep\">- <\/span><\/span><a href=\"https:\/\/erasmusplus.al\/?p=4684\" class=\"sya_postlink post-4684\" rel=\"bookmark\">Erasmus days<\/a> <span class=\"sya_categories\"><span class=\"sya_bracket\">(<\/span>News<span class=\"sya_bracket\">)<\/span><\/span><\/div><\/li><li class=\"\"><div class=\"sya_postcontent\"><span class=\"sya_date\">11.07. <span class=\"sya_sep\">- <\/span><\/span><a href=\"https:\/\/erasmusplus.al\/?p=5004&lang=sq\" class=\"sya_postlink post-5004\" rel=\"bookmark\">Dit\u00eb Informuese p\u00ebr Student\u00ebt<\/a> <span class=\"sya_categories\"><span class=\"sya_bracket\">(<\/span>Aktivitete<span class=\"sya_bracket\">)<\/span><\/span><\/div><\/li><li class=\"\"><div class=\"sya_postcontent\"><span class=\"sya_date\">11.07. <span class=\"sya_sep\">- <\/span><\/span><a href=\"https:\/\/erasmusplus.al\/?p=5001\" class=\"sya_postlink post-5001\" rel=\"bookmark\">Student\u2019s Information Day<\/a> <span class=\"sya_categories\"><span class=\"sya_bracket\">(<\/span>Activities<span class=\"sya_bracket\">)<\/span><\/span><\/div><\/li><li class=\"\"><div class=\"sya_postcontent\"><span class=\"sya_date\">09.07. <span class=\"sya_sep\">- <\/span><\/span><a href=\"https:\/\/erasmusplus.al\/?p=5012&lang=sq\" class=\"sya_postlink post-5012\" rel=\"bookmark\">Vizit\u00eb Monitoruese p\u00ebr Projektin \u201cCBHE\u201d e-VIVA \u2013 UET<\/a> <span class=\"sya_categories\"><span class=\"sya_bracket\">(<\/span>Aktivitete<span class=\"sya_bracket\">)<\/span><\/span><\/div><\/li><li class=\"\"><div class=\"sya_postcontent\"><span class=\"sya_date\">09.07. <span class=\"sya_sep\">- <\/span><\/span><a href=\"https:\/\/erasmusplus.al\/?p=5006\" class=\"sya_postlink post-5006\" rel=\"bookmark\">Field Monitoring Visit e-VIVA CBHE Project &#8211; UET<\/a> <span class=\"sya_categories\"><span class=\"sya_bracket\">(<\/span>Activities<span class=\"sya_bracket\">)<\/span><\/span><\/div><\/li><li class=\"\"><div class=\"sya_postcontent\"><span class=\"sya_date\">05.07. <span class=\"sya_sep\">- <\/span><\/span><a href=\"https:\/\/erasmusplus.al\/?p=4999&lang=sq\" class=\"sya_postlink post-4999\" rel=\"bookmark\">Dit\u00eb Informuese p\u00ebr Student\u00ebt<\/a> <span class=\"sya_categories\"><span class=\"sya_bracket\">(<\/span>Aktivitete<span class=\"sya_bracket\">)<\/span><\/span><\/div><\/li><li class=\"\"><div class=\"sya_postcontent\"><span class=\"sya_date\">05.07. <span class=\"sya_sep\">- <\/span><\/span><a href=\"https:\/\/erasmusplus.al\/?p=4996\" class=\"sya_postlink post-4996\" rel=\"bookmark\">Student\u2019s Information Day<\/a> <span class=\"sya_categories\"><span class=\"sya_bracket\">(<\/span>Activities<span class=\"sya_bracket\">)<\/span><\/span><\/div><\/li><li class=\"\"><div class=\"sya_postcontent\"><span class=\"sya_date\">28.06. <span class=\"sya_sep\">- <\/span><\/span><a href=\"https:\/\/erasmusplus.al\/?p=5340&lang=sq\" class=\"sya_postlink post-5340\" rel=\"bookmark\">Vizit\u00eb Monitoruese e Projektit HarISA, UBT<\/a> <span class=\"sya_categories\"><span class=\"sya_bracket\">(<\/span>Aktivitete<span class=\"sya_bracket\">)<\/span><\/span><\/div><\/li><li class=\"\"><div class=\"sya_postcontent\"><span class=\"sya_date\">28.06. <span class=\"sya_sep\">- <\/span><\/span><a href=\"https:\/\/erasmusplus.al\/?p=5333\" class=\"sya_postlink post-5333\" rel=\"bookmark\">Monitoring Visit of the Project HarISA, UBT<\/a> <span class=\"sya_categories\"><span class=\"sya_bracket\">(<\/span>Activities<span class=\"sya_bracket\">)<\/span><\/span><\/div><\/li><li class=\"\"><div class=\"sya_postcontent\"><span class=\"sya_date\">28.06. <span class=\"sya_sep\">- <\/span><\/span><a href=\"https:\/\/erasmusplus.al\/?p=5330&lang=sq\" class=\"sya_postlink post-5330\" rel=\"bookmark\">Vizit\u00eb Monitoruese Projekti ALMARS, UBT<\/a> <span class=\"sya_categories\"><span class=\"sya_bracket\">(<\/span>Aktivitete<span class=\"sya_bracket\">)<\/span><\/span><\/div><\/li><li class=\"\"><div class=\"sya_postcontent\"><span class=\"sya_date\">28.06. <span class=\"sya_sep\">- <\/span><\/span><a href=\"https:\/\/erasmusplus.al\/?p=5325\" class=\"sya_postlink post-5325\" rel=\"bookmark\">Monitoring Visit of the Project ALMARS, UBT<\/a> <span class=\"sya_categories\"><span class=\"sya_bracket\">(<\/span>Activities<span class=\"sya_bracket\">)<\/span><\/span><\/div><\/li><li class=\"\"><div class=\"sya_postcontent\"><span class=\"sya_date\">28.06. <span class=\"sya_sep\">- <\/span><\/span><a href=\"https:\/\/erasmusplus.al\/?p=5294&lang=sq\" class=\"sya_postlink post-5294\" rel=\"bookmark\">Vizit\u00eb Monitoruese Projekti STEPS, UBT<\/a> <span class=\"sya_categories\"><span class=\"sya_bracket\">(<\/span>Aktivitete<span class=\"sya_bracket\">)<\/span><\/span><\/div><\/li><li class=\"\"><div class=\"sya_postcontent\"><span class=\"sya_date\">28.06. <span class=\"sya_sep\">- <\/span><\/span><a href=\"https:\/\/erasmusplus.al\/?p=5289\" class=\"sya_postlink post-5289\" rel=\"bookmark\">Monitoring Visit of the Project STEPS, UBT<\/a> <span class=\"sya_categories\"><span class=\"sya_bracket\">(<\/span>Activities<span class=\"sya_bracket\">)<\/span><\/span><\/div><\/li><li class=\"\"><div class=\"sya_postcontent\"><span class=\"sya_date\">12.06. <span class=\"sya_sep\">- <\/span><\/span><a href=\"https:\/\/erasmusplus.al\/?p=4918&lang=sq\" class=\"sya_postlink post-4918\" rel=\"bookmark\">Seminari HERE  Njohja: Implikimet p\u00ebr Qasje Nd\u00ebrkufitare n\u00eb Arsimin e Lart\u00eb dhe L\u00ebvizshm\u00ebrin\u00eb &#8216;<\/a> <span class=\"sya_categories\"><span class=\"sya_bracket\">(<\/span>HERE Aktivitete<span class=\"sya_bracket\">)<\/span><\/span><\/div><\/li><li class=\"\"><div class=\"sya_postcontent\"><span class=\"sya_date\">10.06. <span class=\"sya_sep\">- <\/span><\/span><a href=\"https:\/\/erasmusplus.al\/?p=4909\" class=\"sya_postlink post-4909\" rel=\"bookmark\">The eighth HERE seminar  &#8216;Recognition: Implications for cross-border access to higher education and mobility&#8217;<\/a> <span class=\"sya_categories\"><span class=\"sya_bracket\">(<\/span>HERE Activities<span class=\"sya_bracket\">)<\/span><\/span><\/div><\/li><li class=\"\"><div class=\"sya_postcontent\"><span class=\"sya_date\">31.05. <span class=\"sya_sep\">- <\/span><\/span><a href=\"https:\/\/erasmusplus.al\/?p=4860&lang=sq\" class=\"sya_postlink post-4860\" rel=\"bookmark\">31 Maj 2019, Dit\u00eb Informuese n\u00eb Universitetin \u201cIsmail Qemali\u201d, Vlor\u00eb.<\/a> <span class=\"sya_categories\"><span class=\"sya_bracket\">(<\/span>Aktivitete<span class=\"sya_bracket\">)<\/span><\/span><\/div><\/li><li class=\"\"><div class=\"sya_postcontent\"><span class=\"sya_date\">31.05. <span class=\"sya_sep\">- <\/span><\/span><a href=\"https:\/\/erasmusplus.al\/?p=4849\" class=\"sya_postlink post-4849\" rel=\"bookmark\">May 31st, Erasmus+ Regional Information Day, University \u201cIsmail Qemali\u201d, Vlor\u00eb<\/a> <span class=\"sya_categories\"><span class=\"sya_bracket\">(<\/span>Activities<span class=\"sya_bracket\">)<\/span><\/span><\/div><\/li><li class=\"\"><div class=\"sya_postcontent\"><span class=\"sya_date\">31.05. <span class=\"sya_sep\">- <\/span><\/span><a href=\"https:\/\/erasmusplus.al\/?p=4826&lang=sq\" class=\"sya_postlink post-4826\" rel=\"bookmark\"><\/a> <span class=\"sya_categories\"><span class=\"sya_bracket\">(<\/span>Aktivitete<span class=\"sya_bracket\">)<\/span><\/span><\/div><\/li><li class=\"\"><div class=\"sya_postcontent\"><span class=\"sya_date\">31.05. <span class=\"sya_sep\">- <\/span><\/span><a href=\"https:\/\/erasmusplus.al\/?p=4815\" class=\"sya_postlink post-4815\" rel=\"bookmark\">31st May, Field Monitoring Visit at University of Vlora.<\/a> <span class=\"sya_categories\"><span class=\"sya_bracket\">(<\/span>Activities<span class=\"sya_bracket\">)<\/span><\/span><\/div><\/li><li class=\"\"><div class=\"sya_postcontent\"><span class=\"sya_date\">30.05. <span class=\"sya_sep\">- <\/span><\/span><a href=\"https:\/\/erasmusplus.al\/?p=4679&lang=sq\" class=\"sya_postlink post-4679\" rel=\"bookmark\">Dit\u00eb Informuese mbi Programin Erasmus+ n\u00eb Universitetin \u201cIsmail Qemali\u201d, Vlor\u00eb<\/a> <span class=\"sya_categories\"><span class=\"sya_bracket\">(<\/span>Njoftime<span class=\"sya_bracket\">)<\/span><\/span><\/div><\/li><li class=\"\"><div class=\"sya_postcontent\"><span class=\"sya_date\">30.05. <span class=\"sya_sep\">- <\/span><\/span><a href=\"https:\/\/erasmusplus.al\/?p=4673\" class=\"sya_postlink post-4673\" rel=\"bookmark\">Erasmus+ Regional Information Day, University \u201cIsmail Qemali\u201d of Vlora<\/a> <span class=\"sya_categories\"><span class=\"sya_bracket\">(<\/span>News<span class=\"sya_bracket\">)<\/span><\/span><\/div><\/li><li class=\"\"><div class=\"sya_postcontent\"><span class=\"sya_date\">24.05. <span class=\"sya_sep\">- <\/span><\/span><a href=\"https:\/\/erasmusplus.al\/?p=4847&lang=sq\" class=\"sya_postlink post-4847\" rel=\"bookmark\">Vizit\u00eb Monitoruese n\u00eb Universitetin e Kor\u00e7\u00ebs, 24 Maj, Zyra Komb\u00ebtare Erasmus +.<\/a> <span class=\"sya_categories\"><span class=\"sya_bracket\">(<\/span>Aktivitete<span class=\"sya_bracket\">)<\/span><\/span><\/div><\/li><li class=\"\"><div class=\"sya_postcontent\"><span class=\"sya_date\">24.05. <span class=\"sya_sep\">- <\/span><\/span><a href=\"https:\/\/erasmusplus.al\/?p=4841\" class=\"sya_postlink post-4841\" rel=\"bookmark\">Albanian National Erasmus+ Office Field Monitoring Visit to University of Kor\u00e7a.<\/a> <span class=\"sya_categories\"><span class=\"sya_bracket\">(<\/span>Activities<span class=\"sya_bracket\">)<\/span><\/span><\/div><\/li><li class=\"\"><div class=\"sya_postcontent\"><span class=\"sya_date\">24.05. <span class=\"sya_sep\">- <\/span><\/span><a href=\"https:\/\/erasmusplus.al\/?p=4836&lang=sq\" class=\"sya_postlink post-4836\" rel=\"bookmark\">Dit\u00eb Informuese mbi Programin Erasmus+ n\u00eb Universitetin \u201cFan Noli\u201d, Kor\u00e7\u00eb<\/a> <span class=\"sya_categories\"><span class=\"sya_bracket\">(<\/span>Aktivitete<span class=\"sya_bracket\">)<\/span><\/span><\/div><\/li><li class=\"\"><div class=\"sya_postcontent\"><span class=\"sya_date\">24.05. <span class=\"sya_sep\">- <\/span><\/span><a href=\"https:\/\/erasmusplus.al\/?p=4828\" class=\"sya_postlink post-4828\" rel=\"bookmark\">Erasmus+ Regional Information Day, University \u201cFan Noli\u201d, Kor\u00e7a<\/a> <span class=\"sya_categories\"><span class=\"sya_bracket\">(<\/span>Activities<span class=\"sya_bracket\">)<\/span><\/span><\/div><\/li><li class=\"\"><div class=\"sya_postcontent\"><span class=\"sya_date\">24.05. <span class=\"sya_sep\">- <\/span><\/span><a href=\"https:\/\/erasmusplus.al\/?p=4688\" class=\"sya_postlink post-4688\" rel=\"bookmark\">Seminar and Conference HERE Albania, Kor\u00e7a, date 24 May<\/a> <span class=\"sya_categories\"><span class=\"sya_bracket\">(<\/span>HERE Activities<span class=\"sya_bracket\">)<\/span><\/span><\/div><\/li><li class=\"\"><div class=\"sya_postcontent\"><span class=\"sya_date\">19.05. <span class=\"sya_sep\">- <\/span><\/span><a href=\"https:\/\/erasmusplus.al\/?p=4806\" class=\"sya_postlink post-4806\" rel=\"bookmark\">Erasmus+ Info Session with the Albanian Local Administration<\/a> <span class=\"sya_categories\"><span class=\"sya_bracket\">(<\/span>Activities<span class=\"sya_bracket\">)<\/span><\/span><\/div><\/li><li class=\"\"><div class=\"sya_postcontent\"><span class=\"sya_date\">18.05. <span class=\"sya_sep\">- <\/span><\/span><a href=\"https:\/\/erasmusplus.al\/?p=4657&lang=sq\" class=\"sya_postlink post-4657\" rel=\"bookmark\">Vizit\u00eb Monitoruese, Stafi I Erasmus+ n\u00eb Universitetin \u201cLuigj Gurakuqi\u201d, Shkod\u00ebr.<\/a> <span class=\"sya_categories\"><span class=\"sya_bracket\">(<\/span>Aktivitete<span class=\"sya_bracket\">)<\/span><\/span><\/div><\/li><li class=\"\"><div class=\"sya_postcontent\"><span class=\"sya_date\">15.05. <span class=\"sya_sep\">- <\/span><\/span><a href=\"https:\/\/erasmusplus.al\/?p=4810&lang=sq\" class=\"sya_postlink post-4810\" rel=\"bookmark\">Takim Informaciondh\u00ebn\u00ebs t\u00eb programit Erasmus+ n\u00eb Nivel Lokal n\u00eb Shqip\u00ebri.<\/a> <span class=\"sya_categories\"><span class=\"sya_bracket\">(<\/span>Aktivitete<span class=\"sya_bracket\">)<\/span><\/span><\/div><\/li><li class=\"\"><div class=\"sya_postcontent\"><span class=\"sya_date\">13.05. <span class=\"sya_sep\">- <\/span><\/span><a href=\"https:\/\/erasmusplus.al\/?p=4653\" class=\"sya_postlink post-4653\" rel=\"bookmark\">Field Monitoring Visit Erasmus+ and ICM Project at Univeristy \u201cLuigj Gurakuqi\u201d of Shkodra.<\/a> <span class=\"sya_categories\"><span class=\"sya_bracket\">(<\/span>Activities<span class=\"sya_bracket\">)<\/span><\/span><\/div><\/li><li class=\"\"><div class=\"sya_postcontent\"><span class=\"sya_date\">13.05. <span class=\"sya_sep\">- <\/span><\/span><a href=\"https:\/\/erasmusplus.al\/?p=4648&lang=sq\" class=\"sya_postlink post-4648\" rel=\"bookmark\">NEO Shqip\u00ebri dhe HERE Shqip\u00ebri n\u00eb seminarin \u201cZhvillimi dhe Integrimi i Praktik\u00ebs Akademike: Arsimi i Bazuar n\u00eb K\u00ebrkim\u201d 13 May 2019<\/a> <span class=\"sya_categories\"><span class=\"sya_bracket\">(<\/span>HERE Aktivitete<span class=\"sya_bracket\">)<\/span><\/span><\/div><\/li><li class=\"\"><div class=\"sya_postcontent\"><span class=\"sya_date\">13.05. <span class=\"sya_sep\">- <\/span><\/span><a href=\"https:\/\/erasmusplus.al\/?p=4629\" class=\"sya_postlink post-4629\" rel=\"bookmark\">Albanian NEO and Albanian HERE Seminar \u201cDevelopment and Embedding of Academic Practice: Research-based education\u201d 13 May 2019.<\/a> <span class=\"sya_categories\"><span class=\"sya_bracket\">(<\/span>HERE Activities<span class=\"sya_bracket\">)<\/span><\/span><\/div><\/li><li class=\"\"><div class=\"sya_postcontent\"><span class=\"sya_date\">10.05. <span class=\"sya_sep\">- <\/span><\/span><a href=\"https:\/\/erasmusplus.al\/?p=4662&lang=sq\" class=\"sya_postlink post-4662\" rel=\"bookmark\">Panairi i BE<\/a> <span class=\"sya_categories\"><span class=\"sya_bracket\">(<\/span>Aktivitete<span class=\"sya_bracket\">)<\/span><\/span><\/div><\/li><li class=\"\"><div class=\"sya_postcontent\"><span class=\"sya_date\">10.05. <span class=\"sya_sep\">- <\/span><\/span><a href=\"https:\/\/erasmusplus.al\/?p=4659\" class=\"sya_postlink post-4659\" rel=\"bookmark\">BE Panair<\/a> <span class=\"sya_categories\"><span class=\"sya_bracket\">(<\/span>Activities<span class=\"sya_bracket\">)<\/span><\/span><\/div><\/li><li class=\"\"><div class=\"sya_postcontent\"><span class=\"sya_date\">06.05. <span class=\"sya_sep\">- <\/span><\/span><a href=\"https:\/\/erasmusplus.al\/?p=5286&lang=sq\" class=\"sya_postlink post-5286\" rel=\"bookmark\">Erasmus+ Info Day n\u00eb Universitetin e Elbasanit-Maj 2019<\/a> <span class=\"sya_categories\"><span class=\"sya_bracket\">(<\/span>Aktivitete<span class=\"sya_bracket\">)<\/span><\/span><\/div><\/li><li class=\"\"><div class=\"sya_postcontent\"><span class=\"sya_date\">06.05. <span class=\"sya_sep\">- <\/span><\/span><a href=\"https:\/\/erasmusplus.al\/?p=5277\" class=\"sya_postlink post-5277\" rel=\"bookmark\">Erasmus+ Info Day at University of Elbasan- May 2019<\/a> <span class=\"sya_categories\"><span class=\"sya_bracket\">(<\/span>Activities<span class=\"sya_bracket\">)<\/span><\/span><\/div><\/li><li class=\"\"><div class=\"sya_postcontent\"><span class=\"sya_date\">06.05. <span class=\"sya_sep\">- <\/span><\/span><a href=\"https:\/\/erasmusplus.al\/?p=4667&lang=sq\" class=\"sya_postlink post-4667\" rel=\"bookmark\">Panairi &#8216;Erasmus+ days&#8217; ne Universitetin &#8216;Aleksander Xhuvani&#8217; ne Elbasan<\/a> <span class=\"sya_categories\"><span class=\"sya_bracket\">(<\/span>Aktivitete<span class=\"sya_bracket\">)<\/span><\/span><\/div><\/li><li class=\"\"><div class=\"sya_postcontent\"><span class=\"sya_date\">06.05. <span class=\"sya_sep\">- <\/span><\/span><a href=\"https:\/\/erasmusplus.al\/?p=4664\" class=\"sya_postlink post-4664\" rel=\"bookmark\">Panairi &#8216;Erasmus+ days&#8217; ne Universitetin &#8216;Aleksander Xhuvani&#8217; ne Elbasan<\/a> <span class=\"sya_categories\"><span class=\"sya_bracket\">(<\/span>Activities<span class=\"sya_bracket\">)<\/span><\/span><\/div><\/li><li class=\"\"><div class=\"sya_postcontent\"><span class=\"sya_date\">17.04. <span class=\"sya_sep\">- <\/span><\/span><a href=\"https:\/\/erasmusplus.al\/?p=4926&lang=sq\" class=\"sya_postlink post-4926\" rel=\"bookmark\">Takim Ekspertet e Reformave n\u00eb Arsimin e Lart\u00eb (HERE) dhe Zyra Komb\u00ebtare Erasmus+<\/a> <span class=\"sya_categories\"><span class=\"sya_bracket\">(<\/span>HERE Aktivitete<span class=\"sya_bracket\">)<\/span><\/span><\/div><\/li><li class=\"\"><div class=\"sya_postcontent\"><span class=\"sya_date\">17.04. <span class=\"sya_sep\">- <\/span><\/span><a href=\"https:\/\/erasmusplus.al\/?p=4923\" class=\"sya_postlink post-4923\" rel=\"bookmark\">HERE and NEO  Meeting<\/a> <span class=\"sya_categories\"><span class=\"sya_bracket\">(<\/span>HERE Activities<span class=\"sya_bracket\">)<\/span><\/span><\/div><\/li><li class=\"\"><div class=\"sya_postcontent\"><span class=\"sya_date\">25.03. <span class=\"sya_sep\">- <\/span><\/span><a href=\"https:\/\/erasmusplus.al\/?p=4905&lang=sq\" class=\"sya_postlink post-4905\" rel=\"bookmark\">Vizit\u00eb studimore HERE \u201c P\u00ebrfshirja sociale: Politikat dhe praktikat e universitetit\u201d<\/a> <span class=\"sya_categories\"><span class=\"sya_bracket\">(<\/span>HERE Aktivitete<span class=\"sya_bracket\">)<\/span><\/span><\/div><\/li><li class=\"\"><div class=\"sya_postcontent\"><span class=\"sya_date\">25.03. <span class=\"sya_sep\">- <\/span><\/span><a href=\"https:\/\/erasmusplus.al\/?p=4899\" class=\"sya_postlink post-4899\" rel=\"bookmark\">HERE Study Visit \u201cSocial Inclusion: University policies and practices\u201d<\/a> <span class=\"sya_categories\"><span class=\"sya_bracket\">(<\/span>HERE Activities<span class=\"sya_bracket\">)<\/span><\/span><\/div><\/li><li class=\"\"><div class=\"sya_postcontent\"><span class=\"sya_date\">28.02. <span class=\"sya_sep\">- <\/span><\/span><a href=\"https:\/\/erasmusplus.al\/?p=5205&lang=sq\" class=\"sya_postlink post-5205\" rel=\"bookmark\">Seminari \u201cSpecializimet e Zgjuara\u201d, Ekspert\u00ebt e Reformave t\u00eb Arsimit t\u00eb Lart\u00eb, 28 Shkurt, UAT<\/a> <span class=\"sya_categories\"><span class=\"sya_bracket\">(<\/span>HERE Aktivitete<span class=\"sya_bracket\">)<\/span><\/span><\/div><\/li><li class=\"\"><div class=\"sya_postcontent\"><span class=\"sya_date\">28.02. <span class=\"sya_sep\">- <\/span><\/span><a href=\"https:\/\/erasmusplus.al\/?p=5196\" class=\"sya_postlink post-5196\" rel=\"bookmark\">HERE Seminar \u201cSmart Specializations\u201d, 28 February, AUT<\/a> <span class=\"sya_categories\"><span class=\"sya_bracket\">(<\/span>HERE Activities<span class=\"sya_bracket\">)<\/span><\/span><\/div><\/li><li class=\"\"><div class=\"sya_postcontent\"><span class=\"sya_date\">14.02. <span class=\"sya_sep\">- <\/span><\/span><a href=\"https:\/\/erasmusplus.al\/?p=4546\" class=\"sya_postlink post-4546\" rel=\"bookmark\">Sesion informues ne Fakultetin e Shkencave Sociale<\/a> <span class=\"sya_categories\"><span class=\"sya_bracket\">(<\/span>Activities<span class=\"sya_bracket\">)<\/span><\/span><\/div><\/li><li class=\"\"><div class=\"sya_postcontent\"><span class=\"sya_date\">14.01. <span class=\"sya_sep\">- <\/span><\/span><a href=\"https:\/\/erasmusplus.al\/?p=4535\" class=\"sya_postlink post-4535\" rel=\"bookmark\">Quality assurance in higher education<\/a> <span class=\"sya_categories\"><span class=\"sya_bracket\">(<\/span>Activities<span class=\"sya_bracket\">)<\/span><\/span><\/div><\/li><li class=\"\"><div class=\"sya_postcontent\"><span class=\"sya_date\">14.01. <span class=\"sya_sep\">- <\/span><\/span><a href=\"https:\/\/erasmusplus.al\/?p=4525\" class=\"sya_postlink post-4525\" rel=\"bookmark\">TAM roli i studenteve ne qeverisje<\/a> <span class=\"sya_categories\"><span class=\"sya_bracket\">(<\/span>HERE Activities<span class=\"sya_bracket\">)<\/span><\/span><\/div><\/li><\/ul><\/div><!-- [et_pb_line_break_holder] --><div class=\"sya_container\" id=\"sya_container\"><p class=\"sya_yearslist\" id=\"sya_yearslist\"><a href=\"#year2018\">2018<\/a><\/p><h2><a id=\"year2018\"><\/a><a href=\"https:\/\/erasmusplus.al\/?m=2018\" rel=\"section\">2018<\/a> <span class=\"sya_yearcount\"><span class=\"sya_bracket\">(<\/span>35<span class=\"sya_bracket\">)<\/span><\/span><\/h2><ul><li class=\"\"><div class=\"sya_postcontent\"><span class=\"sya_date\">19.11. <span class=\"sya_sep\">- <\/span><\/span><a href=\"https:\/\/erasmusplus.al\/?p=4549\" class=\"sya_postlink post-4549\" rel=\"bookmark\">Sesion informues ne Universitetin &#8220;Ismail Qemali&#8221;, Vlore<\/a> <span class=\"sya_categories\"><span class=\"sya_bracket\">(<\/span>Activities<span class=\"sya_bracket\">)<\/span><\/span><\/div><\/li><li class=\"\"><div class=\"sya_postcontent\"><span class=\"sya_date\">24.10. <span class=\"sya_sep\">- <\/span><\/span><a href=\"https:\/\/erasmusplus.al\/?p=3454&lang=sq\" class=\"sya_postlink post-3454\" rel=\"bookmark\">Job vacancy in Erasmus+ Office Albania  deadline 20November 2018<\/a> <span class=\"sya_categories\"><span class=\"sya_bracket\">(<\/span>Uncategorized @sq<span class=\"sya_bracket\">)<\/span><\/span><\/div><\/li><li class=\"\"><div class=\"sya_postcontent\"><span class=\"sya_date\">24.10. <span class=\"sya_sep\">- <\/span><\/span><a href=\"https:\/\/erasmusplus.al\/?p=3452\" class=\"sya_postlink post-3452\" rel=\"bookmark\">Job vacancy in Erasmus+ Office Albania  deadline 20November 2018<\/a> <span class=\"sya_categories\"><span class=\"sya_bracket\">(<\/span>Uncategorized<span class=\"sya_bracket\">)<\/span><\/span><\/div><\/li><li class=\"\"><div class=\"sya_postcontent\"><span class=\"sya_date\">27.09. <span class=\"sya_sep\">- <\/span><\/span><a href=\"https:\/\/erasmusplus.al\/?p=3446&lang=sq\" class=\"sya_postlink post-3446\" rel=\"bookmark\">Zhvillohet vizita monitoruese p\u00ebr Projektet ICM t\u00eb Universitetit \u201cIsmail Qemali\u201d t\u00eb Vlor\u00ebs<\/a> <span class=\"sya_categories\"><span class=\"sya_bracket\">(<\/span>Aktivitete<span class=\"sya_bracket\">)<\/span><\/span><\/div><\/li><li class=\"\"><div class=\"sya_postcontent\"><span class=\"sya_date\">27.09. <span class=\"sya_sep\">- <\/span><\/span><a href=\"https:\/\/erasmusplus.al\/?p=3441\" class=\"sya_postlink post-3441\" rel=\"bookmark\">Field Monitoring Visit for the Erasmus+ ICM projects at University \u201cIsmail Qemali\u201d of  Vlora.<\/a> <span class=\"sya_categories\"><span class=\"sya_bracket\">(<\/span>Activities<span class=\"sya_bracket\">)<\/span><\/span><\/div><\/li><li class=\"\"><div class=\"sya_postcontent\"><span class=\"sya_date\">27.09. <span class=\"sya_sep\">- <\/span><\/span><a href=\"https:\/\/erasmusplus.al\/?p=3439&lang=sq\" class=\"sya_postlink post-3439\" rel=\"bookmark\">Zhvillohet vizita monitoruese p\u00ebr Projektin Tempus MArED<\/a> <span class=\"sya_categories\"><span class=\"sya_bracket\">(<\/span>Aktivitete<span class=\"sya_bracket\">)<\/span><\/span><\/div><\/li><li class=\"\"><div class=\"sya_postcontent\"><span class=\"sya_date\">27.09. <span class=\"sya_sep\">- <\/span><\/span><a href=\"https:\/\/erasmusplus.al\/?p=3430\" class=\"sya_postlink post-3430\" rel=\"bookmark\">Field Monitoring Visit for the Tempus project \u201cModernizing and harmonizing maritime education in Montenegro and Albania- MArED\u201d<\/a> <span class=\"sya_categories\"><span class=\"sya_bracket\">(<\/span>Activities<span class=\"sya_bracket\">)<\/span><\/span><\/div><\/li><li class=\"\"><div class=\"sya_postcontent\"><span class=\"sya_date\">18.09. <span class=\"sya_sep\">- <\/span><\/span><a href=\"https:\/\/erasmusplus.al\/?p=3427&lang=sq\" class=\"sya_postlink post-3427\" rel=\"bookmark\">Zhvillohet aktiviteti p\u00ebrmbyll\u00ebs dhe vizita monitoruese p\u00ebr Projektin Erasmus+ \u201cQAinAL\u201d.<\/a> <span class=\"sya_categories\"><span class=\"sya_bracket\">(<\/span>Aktivitete<span class=\"sya_bracket\">)<\/span><\/span><\/div><\/li><li class=\"\"><div class=\"sya_postcontent\"><span class=\"sya_date\">18.09. <span class=\"sya_sep\">- <\/span><\/span><a href=\"https:\/\/erasmusplus.al\/?p=3425\" class=\"sya_postlink post-3425\" rel=\"bookmark\">Final event and Field Monitoring Visit for the Erasmus+ CBHE project \u201cQAinAL\u201d.<\/a> <span class=\"sya_categories\"><span class=\"sya_bracket\">(<\/span>Activities<span class=\"sya_bracket\">)<\/span><\/span><\/div><\/li><li class=\"\"><div class=\"sya_postcontent\"><span class=\"sya_date\">10.07. <span class=\"sya_sep\">- <\/span><\/span><a href=\"https:\/\/erasmusplus.al\/?p=3409&lang=sq\" class=\"sya_postlink post-3409\" rel=\"bookmark\">Zhvillohet vizita monitoruese p\u00ebr Projektin Erasmus + \u201cT@SK\u201d<\/a> <span class=\"sya_categories\"><span class=\"sya_bracket\">(<\/span>Aktivitete<span class=\"sya_bracket\">)<\/span><\/span><\/div><\/li><li class=\"\"><div class=\"sya_postcontent\"><span class=\"sya_date\">10.07. <span class=\"sya_sep\">- <\/span><\/span><a href=\"https:\/\/erasmusplus.al\/?p=3396\" class=\"sya_postlink post-3396\" rel=\"bookmark\">Field Monitoring Visit for the Erasmus+ CBHE project \u201cTowards Increased Awareness, Responsibility and Shared Quality in Social Work \u2013 T@SK\u201d<\/a> <span class=\"sya_categories\"><span class=\"sya_bracket\">(<\/span>Activities<span class=\"sya_bracket\">)<\/span><\/span><\/div><\/li><li class=\"\"><div class=\"sya_postcontent\"><span class=\"sya_date\">09.07. <span class=\"sya_sep\">- <\/span><\/span><a href=\"https:\/\/erasmusplus.al\/?p=3421&lang=sq\" class=\"sya_postlink post-3421\" rel=\"bookmark\">Zhvillohet vizita monitoruese p\u00ebr Projektin Tempus \u201cSPEED\u201d<\/a> <span class=\"sya_categories\"><span class=\"sya_bracket\">(<\/span>Aktivitete<span class=\"sya_bracket\">)<\/span><\/span><\/div><\/li><li class=\"\"><div class=\"sya_postcontent\"><span class=\"sya_date\">09.07. <span class=\"sya_sep\">- <\/span><\/span><a href=\"https:\/\/erasmusplus.al\/?p=3413\" class=\"sya_postlink post-3413\" rel=\"bookmark\">Field Monitoring Visit for the Tempus Project \u201cSport Professions \u2013 Education, Employment, Development in the Balkan Region- SPEED\u201d<\/a> <span class=\"sya_categories\"><span class=\"sya_bracket\">(<\/span>Activities<span class=\"sya_bracket\">)<\/span><\/span><\/div><\/li><li class=\"\"><div class=\"sya_postcontent\"><span class=\"sya_date\">28.06. <span class=\"sya_sep\">- <\/span><\/span><a href=\"https:\/\/erasmusplus.al\/?p=3393&lang=sq\" class=\"sya_postlink post-3393\" rel=\"bookmark\">Zhvillohet vizita monitoruese p\u00ebr Projektin Erasmus + \u201cEduLAw\u201d.<\/a> <span class=\"sya_categories\"><span class=\"sya_bracket\">(<\/span>Aktivitete<span class=\"sya_bracket\">)<\/span><\/span><\/div><\/li><li class=\"\"><div class=\"sya_postcontent\"><span class=\"sya_date\">28.06. <span class=\"sya_sep\">- <\/span><\/span><a href=\"https:\/\/erasmusplus.al\/?p=3384\" class=\"sya_postlink post-3384\" rel=\"bookmark\">Field Monitoring Visit for the Erasmus+ CBHE project \u201cEduLAw\u201d<\/a> <span class=\"sya_categories\"><span class=\"sya_bracket\">(<\/span>Activities<span class=\"sya_bracket\">)<\/span><\/span><\/div><\/li><li class=\"\"><div class=\"sya_postcontent\"><span class=\"sya_date\">07.06. <span class=\"sya_sep\">- <\/span><\/span><a href=\"https:\/\/erasmusplus.al\/?p=3381&lang=sq\" class=\"sya_postlink post-3381\" rel=\"bookmark\">Zhvillohet vizita monitoruese p\u00ebr Projektin Erasmus + \u201cMaster n\u00eb Inovacionet Europiane p\u00ebr nj\u00eb Menaxhim t\u00eb Q\u00ebndruesh\u00ebm t\u00eb Territoreve Shqiptare, zonave rurale dhe bujq\u00ebsis\u00eb: Instrumentet, politikat, strategjit\u00eb \u2013SmartAL\u201d<\/a> <span class=\"sya_categories\"><span class=\"sya_bracket\">(<\/span>Aktivitete<span class=\"sya_bracket\">)<\/span><\/span><\/div><\/li><li class=\"\"><div class=\"sya_postcontent\"><span class=\"sya_date\">07.06. <span class=\"sya_sep\">- <\/span><\/span><a href=\"https:\/\/erasmusplus.al\/?p=3374\" class=\"sya_postlink post-3374\" rel=\"bookmark\">Field Monitoring Visit for the Erasmus+ CBHE project \u201cMaster in European Innovations for a Sustainable Management of Albanian Territories, rural areas and agriculture: Instruments, policies, strategies -SmartAL\u201d<\/a> <span class=\"sya_categories\"><span class=\"sya_bracket\">(<\/span>Activities<span class=\"sya_bracket\">)<\/span><\/span><\/div><\/li><li class=\"\"><div class=\"sya_postcontent\"><span class=\"sya_date\">01.06. <span class=\"sya_sep\">- <\/span><\/span><a href=\"https:\/\/erasmusplus.al\/?p=3372&lang=sq\" class=\"sya_postlink post-3372\" rel=\"bookmark\">Zhvillohet vizita monitoruese p\u00ebr Projektin Erasmus + \u201cIntegrim dhe vler\u00ebsim i njohurive t\u00eb sip\u00ebrmarrjes n\u00eb inxhinieri dhe shkenca kompjuterike \u2013 REBUS\u201d<\/a> <span class=\"sya_categories\"><span class=\"sya_bracket\">(<\/span>Aktivitete<span class=\"sya_bracket\">)<\/span><\/span><\/div><\/li><li class=\"\"><div class=\"sya_postcontent\"><span class=\"sya_date\">01.06. <span class=\"sya_sep\">- <\/span><\/span><a href=\"https:\/\/erasmusplus.al\/?p=3365\" class=\"sya_postlink post-3365\" rel=\"bookmark\">Field Monitoring Visit for the Erasmus+ CBHE project \u201cREBUS\u201d<\/a> <span class=\"sya_categories\"><span class=\"sya_bracket\">(<\/span>Activities<span class=\"sya_bracket\">)<\/span><\/span><\/div><\/li><li class=\"\"><div class=\"sya_postcontent\"><span class=\"sya_date\">24.05. <span class=\"sya_sep\">- <\/span><\/span><a href=\"https:\/\/erasmusplus.al\/?p=3362&lang=sq\" class=\"sya_postlink post-3362\" rel=\"bookmark\">Zhvillohet seminari komb\u00ebtar HERE \u201cZgjerimi i rolit t\u00eb student\u00ebve n\u00eb manaxhimin dhe qeverisjen e IAL-ve\u201d.<\/a> <span class=\"sya_categories\"><span class=\"sya_bracket\">(<\/span>HERE Aktivitete<span class=\"sya_bracket\">)<\/span><\/span><\/div><\/li><li class=\"\"><div class=\"sya_postcontent\"><span class=\"sya_date\">24.05. <span class=\"sya_sep\">- <\/span><\/span><a href=\"https:\/\/erasmusplus.al\/?p=3341\" class=\"sya_postlink post-3341\" rel=\"bookmark\">National HERE Seminar on \u201cEnhancing student\u2019s role in HEIs governance and management\u201d<\/a> <span class=\"sya_categories\"><span class=\"sya_bracket\">(<\/span>HERE Activities<span class=\"sya_bracket\">)<\/span><\/span><\/div><\/li><li class=\"\"><div class=\"sya_postcontent\"><span class=\"sya_date\">17.05. <span class=\"sya_sep\">- <\/span><\/span><a href=\"https:\/\/erasmusplus.al\/?p=3338&lang=sq\" class=\"sya_postlink post-3338\" rel=\"bookmark\">Ftes\u00eb e hapur p\u00ebr pjes\u00ebmarrje n\u00eb Seminari komb\u00ebtar HERE \u201cZgjerimi i rolit t\u00eb student\u00ebve n\u00eb manaxhimin dhe qeverisjen e IAL-ve\u201d.<\/a> <span class=\"sya_categories\"><span class=\"sya_bracket\">(<\/span>Njoftime<span class=\"sya_bracket\">)<\/span><\/span><\/div><\/li><li class=\"\"><div class=\"sya_postcontent\"><span class=\"sya_date\">17.05. <span class=\"sya_sep\">- <\/span><\/span><a href=\"https:\/\/erasmusplus.al\/?p=3336\" class=\"sya_postlink post-3336\" rel=\"bookmark\">Invitation to the National HERE Seminar on \u201cEnhancing student\u2019s role in HEIs governance and management\u201d, on May  24th, 2018.<\/a> <span class=\"sya_categories\"><span class=\"sya_bracket\">(<\/span>News<span class=\"sya_bracket\">)<\/span><\/span><\/div><\/li><li class=\"\"><div class=\"sya_postcontent\"><span class=\"sya_date\">10.05. <span class=\"sya_sep\">- <\/span><\/span><a href=\"https:\/\/erasmusplus.al\/?p=3333&lang=sq\" class=\"sya_postlink post-3333\" rel=\"bookmark\">Zhvillohet vizita monitoruese p\u00ebr Projektin Erasmus + \u201cZhvillimi dhe zbatimi i kurrikul\u00ebs s\u00eb multimedias dhe televizonit digjital \u2013 DIMTV\u201d.<\/a> <span class=\"sya_categories\"><span class=\"sya_bracket\">(<\/span>Aktivitete<span class=\"sya_bracket\">)<\/span><\/span><\/div><\/li><li class=\"\"><div class=\"sya_postcontent\"><span class=\"sya_date\">10.05. <span class=\"sya_sep\">- <\/span><\/span><a href=\"https:\/\/erasmusplus.al\/?p=3325\" class=\"sya_postlink post-3325\" rel=\"bookmark\">Field Monitoring Visit for the Erasmus+ CBHE project \u201cDevelopment and Implementation of Multimedia and Digital TV Curricula \u2013 DIMTV\u201d<\/a> <span class=\"sya_categories\"><span class=\"sya_bracket\">(<\/span>Activities<span class=\"sya_bracket\">)<\/span><\/span><\/div><\/li><li class=\"\"><div class=\"sya_postcontent\"><span class=\"sya_date\">26.04. <span class=\"sya_sep\">- <\/span><\/span><a href=\"https:\/\/erasmusplus.al\/?p=3319&lang=sq\" class=\"sya_postlink post-3319\" rel=\"bookmark\">Zhvillohet vizita monitoruese p\u00ebr Projektin Erasmus + \u201cAvancimi i t\u00eb diplomuarve dhe zhvillimi i kapaciteteve universitare n\u00eb Shqip\u00ebri \u2013 GRADUA\u201d.<\/a> <span class=\"sya_categories\"><span class=\"sya_bracket\">(<\/span>Aktivitete<span class=\"sya_bracket\">)<\/span><\/span><\/div><\/li><li class=\"\"><div class=\"sya_postcontent\"><span class=\"sya_date\">26.04. <span class=\"sya_sep\">- <\/span><\/span><a href=\"https:\/\/erasmusplus.al\/?p=3310\" class=\"sya_postlink post-3310\" rel=\"bookmark\">Field Monitoring Visit for the Erasmus+ CBHE project \u201cGraduates Advancement and Development of University Capacities in Albania \u2013 GRADUA\u201d<\/a> <span class=\"sya_categories\"><span class=\"sya_bracket\">(<\/span>Activities<span class=\"sya_bracket\">)<\/span><\/span><\/div><\/li><li class=\"\"><div class=\"sya_postcontent\"><span class=\"sya_date\">12.04. <span class=\"sya_sep\">- <\/span><\/span><a href=\"https:\/\/erasmusplus.al\/?p=3307&lang=sq\" class=\"sya_postlink post-3307\" rel=\"bookmark\">Zhvillohet vizita monitoruese p\u00ebr Projektin Erasmus + \u201cIT Governance for Albanian Universities \u2013 ITG4AU\u201d.<\/a> <span class=\"sya_categories\"><span class=\"sya_bracket\">(<\/span>Aktivitete<span class=\"sya_bracket\">)<\/span><\/span><\/div><\/li><li class=\"\"><div class=\"sya_postcontent\"><span class=\"sya_date\">12.04. <span class=\"sya_sep\">- <\/span><\/span><a href=\"https:\/\/erasmusplus.al\/?p=3301\" class=\"sya_postlink post-3301\" rel=\"bookmark\">Field Monitoring Visit for the Erasmus+ CBHE project \u201cIT Governance for Albanian Universities \u2013 ITG4AU\u201d<\/a> <span class=\"sya_categories\"><span class=\"sya_bracket\">(<\/span>Activities<span class=\"sya_bracket\">)<\/span><\/span><\/div><\/li><li class=\"\"><div class=\"sya_postcontent\"><span class=\"sya_date\">12.04. <span class=\"sya_sep\">- <\/span><\/span><a href=\"https:\/\/erasmusplus.al\/?p=3299&lang=sq\" class=\"sya_postlink post-3299\" rel=\"bookmark\">Zhvillohet vizita monitoruese p\u00ebr Projektin Erasmus + \u201cNjohuri p\u00ebr nj\u00eb shoq\u00ebri rezistente \u2013 K Force\u201d.<\/a> <span class=\"sya_categories\"><span class=\"sya_bracket\">(<\/span>Aktivitete<span class=\"sya_bracket\">)<\/span><\/span><\/div><\/li><li class=\"\"><div class=\"sya_postcontent\"><span class=\"sya_date\">12.04. <span class=\"sya_sep\">- <\/span><\/span><a href=\"https:\/\/erasmusplus.al\/?p=3297\" class=\"sya_postlink post-3297\" rel=\"bookmark\">Field Monitoring Visit for the Erasmus+ CBHE project \u201cK-Force\u201d<\/a> <span class=\"sya_categories\"><span class=\"sya_bracket\">(<\/span>Activities<span class=\"sya_bracket\">)<\/span><\/span><\/div><\/li><li class=\"\"><div class=\"sya_postcontent\"><span class=\"sya_date\">13.03. <span class=\"sya_sep\">- <\/span><\/span><a href=\"https:\/\/erasmusplus.al\/?p=3289&lang=sq\" class=\"sya_postlink post-3289\" rel=\"bookmark\">Zhvillohet Seminari mbi programet e BE-s\u00eb HORIZON 2020 dhe Erasmus +.<\/a> <span class=\"sya_categories\"><span class=\"sya_bracket\">(<\/span>Aktivitete<span class=\"sya_bracket\">)<\/span><\/span><\/div><\/li><li class=\"\"><div class=\"sya_postcontent\"><span class=\"sya_date\">13.03. <span class=\"sya_sep\">- <\/span><\/span><a href=\"https:\/\/erasmusplus.al\/?p=3281\" class=\"sya_postlink post-3281\" rel=\"bookmark\">The Seminar on EU programmes HORIZON 2020 and Erasmus + was held in Tirana.<\/a> <span class=\"sya_categories\"><span class=\"sya_bracket\">(<\/span>Activities<span class=\"sya_bracket\">)<\/span><\/span><\/div><\/li><li class=\"\"><div class=\"sya_postcontent\"><span class=\"sya_date\">24.01. <span class=\"sya_sep\">- <\/span><\/span><a href=\"https:\/\/erasmusplus.al\/?p=3276&lang=sq\" class=\"sya_postlink post-3276\" rel=\"bookmark\">Konsultim publik mbi t\u00eb ardhmen e programeve t\u00eb BE-s\u00eb.<\/a> <span class=\"sya_categories\"><span class=\"sya_bracket\">(<\/span>Njoftime<span class=\"sya_bracket\">)<\/span><\/span><\/div><\/li><li class=\"\"><div class=\"sya_postcontent\"><span class=\"sya_date\">24.01. <span class=\"sya_sep\">- <\/span><\/span><a href=\"https:\/\/erasmusplus.al\/?p=3274\" class=\"sya_postlink post-3274\" rel=\"bookmark\">Public Consultation on the future of EU funds<\/a> <span class=\"sya_categories\"><span class=\"sya_bracket\">(<\/span>News<span class=\"sya_bracket\">)<\/span><\/span><\/div><\/li><\/ul><\/div><!-- [et_pb_line_break_holder] --><div class=\"sya_container\" id=\"sya_container\"><p class=\"sya_yearslist\" id=\"sya_yearslist\"><a href=\"#year2017\">2017<\/a><\/p><h2><a id=\"year2017\"><\/a><a href=\"https:\/\/erasmusplus.al\/?m=2017\" rel=\"section\">2017<\/a> <span class=\"sya_yearcount\"><span class=\"sya_bracket\">(<\/span>85<span class=\"sya_bracket\">)<\/span><\/span><\/h2><ul><li class=\"\"><div class=\"sya_postcontent\"><span class=\"sya_date\">22.12. <span class=\"sya_sep\">- <\/span><\/span><a href=\"https:\/\/erasmusplus.al\/?p=3262&lang=sq\" class=\"sya_postlink post-3262\" rel=\"bookmark\">Zhvillohet takimi informues mbi Erasmus + me student\u00ebt shqiptar\u00eb.<\/a> <span class=\"sya_categories\"><span class=\"sya_bracket\">(<\/span>Aktivitete<span class=\"sya_bracket\">)<\/span><\/span><\/div><\/li><li class=\"\"><div class=\"sya_postcontent\"><span class=\"sya_date\">22.12. <span class=\"sya_sep\">- <\/span><\/span><a href=\"https:\/\/erasmusplus.al\/?p=3254\" class=\"sya_postlink post-3254\" rel=\"bookmark\">Erasmus + students information event was held on December 22 nd 2017.<\/a> <span class=\"sya_categories\"><span class=\"sya_bracket\">(<\/span>Activities<span class=\"sya_bracket\">)<\/span><\/span><\/div><\/li><li class=\"\"><div class=\"sya_postcontent\"><span class=\"sya_date\">20.12. <span class=\"sya_sep\">- <\/span><\/span><a href=\"https:\/\/erasmusplus.al\/?p=3243&lang=sq\" class=\"sya_postlink post-3243\" rel=\"bookmark\">Zhvillohet tryeza e diskutimit \u201cPolitikat Europiane p\u00ebr t\u00eb rinjt\u00eb\u201d, m\u00eb 20 Dhjetor 2017.<\/a> <span class=\"sya_categories\"><span class=\"sya_bracket\">(<\/span>Aktivitete<span class=\"sya_bracket\">)<\/span><\/span><\/div><\/li><li class=\"\"><div class=\"sya_postcontent\"><span class=\"sya_date\">20.12. <span class=\"sya_sep\">- <\/span><\/span><a href=\"https:\/\/erasmusplus.al\/?p=3231\" class=\"sya_postlink post-3231\" rel=\"bookmark\">Discussion Table on \u201cEuropean Policies for Youth\u201d was held on December 20th 2017.<\/a> <span class=\"sya_categories\"><span class=\"sya_bracket\">(<\/span>Activities<span class=\"sya_bracket\">)<\/span><\/span><\/div><\/li><li class=\"\"><div class=\"sya_postcontent\"><span class=\"sya_date\">15.12. <span class=\"sya_sep\">- <\/span><\/span><a href=\"https:\/\/erasmusplus.al\/?p=3210&lang=sq\" class=\"sya_postlink post-3210\" rel=\"bookmark\">Zhvillohet vizita monitoruese p\u00ebr Projektin Erasmus+ \u201cQAinAL\u201d.<\/a> <span class=\"sya_categories\"><span class=\"sya_bracket\">(<\/span>Aktivitete<span class=\"sya_bracket\">)<\/span><\/span><\/div><\/li><li class=\"\"><div class=\"sya_postcontent\"><span class=\"sya_date\">15.12. <span class=\"sya_sep\">- <\/span><\/span><a href=\"https:\/\/erasmusplus.al\/?p=3200\" class=\"sya_postlink post-3200\" rel=\"bookmark\">Field Monitoring Visit for the Erasmus+ CBHE project \u201cQAinAL\u201d.<\/a> <span class=\"sya_categories\"><span class=\"sya_bracket\">(<\/span>Activities<span class=\"sya_bracket\">)<\/span><\/span><\/div><\/li><li class=\"\"><div class=\"sya_postcontent\"><span class=\"sya_date\">14.12. <span class=\"sya_sep\">- <\/span><\/span><a href=\"https:\/\/erasmusplus.al\/?p=3182&lang=sq\" class=\"sya_postlink post-3182\" rel=\"bookmark\">Tryez\u00eb diskutimi \u201cPolitikat Europiane p\u00ebr t\u00eb rinjt\u00eb\u201d<\/a> <span class=\"sya_categories\"><span class=\"sya_bracket\">(<\/span>Njoftime<span class=\"sya_bracket\">)<\/span><\/span><\/div><\/li><li class=\"\"><div class=\"sya_postcontent\"><span class=\"sya_date\">14.12. <span class=\"sya_sep\">- <\/span><\/span><a href=\"https:\/\/erasmusplus.al\/?p=3176\" class=\"sya_postlink post-3176\" rel=\"bookmark\">Discussion Table on &#8220;European Policies for Youth&#8221;<\/a> <span class=\"sya_categories\"><span class=\"sya_bracket\">(<\/span>News<span class=\"sya_bracket\">)<\/span><\/span><\/div><\/li><li class=\"\"><div class=\"sya_postcontent\"><span class=\"sya_date\">12.12. <span class=\"sya_sep\">- <\/span><\/span><a href=\"https:\/\/erasmusplus.al\/?p=3229&lang=sq\" class=\"sya_postlink post-3229\" rel=\"bookmark\">Zhvillohen takimet konsultuese me Universitetet Shqiptare p\u00ebr thirrjet 2018 n\u00eb Erasmus +.<\/a> <span class=\"sya_categories\"><span class=\"sya_bracket\">(<\/span>Aktivitete<span class=\"sya_bracket\">)<\/span><\/span><\/div><\/li><li class=\"\"><div class=\"sya_postcontent\"><span class=\"sya_date\">12.12. <span class=\"sya_sep\">- <\/span><\/span><a href=\"https:\/\/erasmusplus.al\/?p=3212\" class=\"sya_postlink post-3212\" rel=\"bookmark\">Consultation meetings with Albanian universities on 2018 calls in Erasmus +.<\/a> <span class=\"sya_categories\"><span class=\"sya_bracket\">(<\/span>Activities<span class=\"sya_bracket\">)<\/span><\/span><\/div><\/li><li class=\"\"><div class=\"sya_postcontent\"><span class=\"sya_date\">30.11. <span class=\"sya_sep\">- <\/span><\/span><a href=\"https:\/\/erasmusplus.al\/?p=3174&lang=sq\" class=\"sya_postlink post-3174\" rel=\"bookmark\">Zhvillohet takimi konsultues midis partner\u00ebve shqiptar\u00eb n\u00eb projektet p\u00ebr ngritjen e kapaciteteve n\u00eb arsimin e lart\u00eb dhe Z. Jose Gutierrez, nga Agjencia Ekzekutive e programit Erasmus +.<\/a> <span class=\"sya_categories\"><span class=\"sya_bracket\">(<\/span>Aktivitete<span class=\"sya_bracket\">)<\/span><\/span><\/div><\/li><li class=\"\"><div class=\"sya_postcontent\"><span class=\"sya_date\">30.11. <span class=\"sya_sep\">- <\/span><\/span><a href=\"https:\/\/erasmusplus.al\/?p=3167\" class=\"sya_postlink post-3167\" rel=\"bookmark\">Consultation meeting between Albanian CBHE projects coordinators and contact points with Mr. Jose Gutierrez, Head of Unit in EACEA, held on November 30th, 2017.<\/a> <span class=\"sya_categories\"><span class=\"sya_bracket\">(<\/span>Activities<span class=\"sya_bracket\">)<\/span><\/span><\/div><\/li><li class=\"\"><div class=\"sya_postcontent\"><span class=\"sya_date\">22.11. <span class=\"sya_sep\">- <\/span><\/span><a href=\"https:\/\/erasmusplus.al\/?p=3156&lang=sq\" class=\"sya_postlink post-3156\" rel=\"bookmark\">Zhvillohet vizita monitoruese p\u00ebr Projektin Tempus \u201cDAPEEWB\u201d.<\/a> <span class=\"sya_categories\"><span class=\"sya_bracket\">(<\/span>Aktivitete<span class=\"sya_bracket\">)<\/span><\/span><\/div><\/li><li class=\"\"><div class=\"sya_postcontent\"><span class=\"sya_date\">22.11. <span class=\"sya_sep\">- <\/span><\/span><a href=\"https:\/\/erasmusplus.al\/?p=3147\" class=\"sya_postlink post-3147\" rel=\"bookmark\">Field Monitoring Visit for the Tempus project \u201cDAPEEWB\u201d.<\/a> <span class=\"sya_categories\"><span class=\"sya_bracket\">(<\/span>Activities<span class=\"sya_bracket\">)<\/span><\/span><\/div><\/li><li class=\"\"><div class=\"sya_postcontent\"><span class=\"sya_date\">16.11. <span class=\"sya_sep\">- <\/span><\/span><a href=\"https:\/\/erasmusplus.al\/?p=3143&lang=sq\" class=\"sya_postlink post-3143\" rel=\"bookmark\">Zhvillohet vizita monitoruese p\u00ebr Projektin Erasmus+ \u201cSh\u00ebrbimet Mb\u00ebshtet\u00ebse p\u00ebr Rretin e Librarive\u201d.<\/a> <span class=\"sya_categories\"><span class=\"sya_bracket\">(<\/span>Aktivitete<span class=\"sya_bracket\">)<\/span><\/span><\/div><\/li><li class=\"\"><div class=\"sya_postcontent\"><span class=\"sya_date\">16.11. <span class=\"sya_sep\">- <\/span><\/span><a href=\"https:\/\/erasmusplus.al\/?p=3138\" class=\"sya_postlink post-3138\" rel=\"bookmark\">Field monitoring visit for the Erasmus + CBHE project \u201cLibrary Network Support Services\u201d.<\/a> <span class=\"sya_categories\"><span class=\"sya_bracket\">(<\/span>Activities<span class=\"sya_bracket\">)<\/span><\/span><\/div><\/li><li class=\"\"><div class=\"sya_postcontent\"><span class=\"sya_date\">16.11. <span class=\"sya_sep\">- <\/span><\/span><a href=\"https:\/\/erasmusplus.al\/?p=3136&lang=sq\" class=\"sya_postlink post-3136\" rel=\"bookmark\">Zhvillohet vizita monitoruese p\u00ebr Projektet ICM t\u00eb Universitetit t\u00eb Tiran\u00ebs<\/a> <span class=\"sya_categories\"><span class=\"sya_bracket\">(<\/span>Aktivitete<span class=\"sya_bracket\">)<\/span><\/span><\/div><\/li><li class=\"\"><div class=\"sya_postcontent\"><span class=\"sya_date\">16.11. <span class=\"sya_sep\">- <\/span><\/span><a href=\"https:\/\/erasmusplus.al\/?p=3134\" class=\"sya_postlink post-3134\" rel=\"bookmark\">Field Monitoring Visit for the Erasmus+ ICM projects at University of Tirana.<\/a> <span class=\"sya_categories\"><span class=\"sya_bracket\">(<\/span>Activities<span class=\"sya_bracket\">)<\/span><\/span><\/div><\/li><li class=\"\"><div class=\"sya_postcontent\"><span class=\"sya_date\">15.11. <span class=\"sya_sep\">- <\/span><\/span><a href=\"https:\/\/erasmusplus.al\/?p=3271&lang=sq\" class=\"sya_postlink post-3271\" rel=\"bookmark\">Zhvillohet takimi i par\u00eb komb\u00ebtar i Shoqat\u00ebs s\u00eb Alumnive t\u00eb Ballkanit Per\u00ebndimor.<\/a> <span class=\"sya_categories\"><span class=\"sya_bracket\">(<\/span>Aktivitete<span class=\"sya_bracket\">)<\/span><\/span><\/div><\/li><li class=\"\"><div class=\"sya_postcontent\"><span class=\"sya_date\">15.11. <span class=\"sya_sep\">- <\/span><\/span><a href=\"https:\/\/erasmusplus.al\/?p=3266\" class=\"sya_postlink post-3266\" rel=\"bookmark\">The Western Balkan Alumni Association (WBAA) held its first national event in Albania.<\/a> <span class=\"sya_categories\"><span class=\"sya_bracket\">(<\/span>Activities<span class=\"sya_bracket\">)<\/span><\/span><\/div><\/li><li class=\"\"><div class=\"sya_postcontent\"><span class=\"sya_date\">09.11. <span class=\"sya_sep\">- <\/span><\/span><a href=\"https:\/\/erasmusplus.al\/?p=3120&lang=sq\" class=\"sya_postlink post-3120\" rel=\"bookmark\">Zhvillohet vizita monitoruese p\u00ebr Projektin Tempus \u201cStudAVP\u201d.<\/a> <span class=\"sya_categories\"><span class=\"sya_bracket\">(<\/span>Aktivitete<span class=\"sya_bracket\">)<\/span><\/span><\/div><\/li><li class=\"\"><div class=\"sya_postcontent\"><span class=\"sya_date\">09.11. <span class=\"sya_sep\">- <\/span><\/span><a href=\"https:\/\/erasmusplus.al\/?p=3118\" class=\"sya_postlink post-3118\" rel=\"bookmark\">Field Monitoring Visit for the Tempus project \u201cStudAVP\u201d.<\/a> <span class=\"sya_categories\"><span class=\"sya_bracket\">(<\/span>Activities<span class=\"sya_bracket\">)<\/span><\/span><\/div><\/li><li class=\"\"><div class=\"sya_postcontent\"><span class=\"sya_date\">09.11. <span class=\"sya_sep\">- <\/span><\/span><a href=\"https:\/\/erasmusplus.al\/?p=3104&lang=sq\" class=\"sya_postlink post-3104\" rel=\"bookmark\">Zhvillohet vizita monitoruese p\u00ebr Projektet ICM t\u00eb Universitetit \u201cAleksand\u00ebr Moisiu\u201d t\u00eb Durr\u00ebsit.<\/a> <span class=\"sya_categories\"><span class=\"sya_bracket\">(<\/span>Aktivitete<span class=\"sya_bracket\">)<\/span><\/span><\/div><\/li><li class=\"\"><div class=\"sya_postcontent\"><span class=\"sya_date\">09.11. <span class=\"sya_sep\">- <\/span><\/span><a href=\"https:\/\/erasmusplus.al\/?p=3102\" class=\"sya_postlink post-3102\" rel=\"bookmark\">Field Monitoring Visit for the Erasmus+ ICM projects at University \u201cAleksander Moisiu\u201d of Durr\u00ebs.<\/a> <span class=\"sya_categories\"><span class=\"sya_bracket\">(<\/span>Activities<span class=\"sya_bracket\">)<\/span><\/span><\/div><\/li><li class=\"\"><div class=\"sya_postcontent\"><span class=\"sya_date\">27.10. <span class=\"sya_sep\">- <\/span><\/span><a href=\"https:\/\/erasmusplus.al\/?p=2895&lang=sq\" class=\"sya_postlink post-2895\" rel=\"bookmark\">Zhvillohet seminari komb\u00ebtar HERE \u201cR\u00ebnd\u00ebsia e studimeve t\u00eb doktorat\u00ebs\u201d<\/a> <span class=\"sya_categories\"><span class=\"sya_bracket\">(<\/span>HERE Aktivitete<span class=\"sya_bracket\">)<\/span><\/span><\/div><\/li><li class=\"\"><div class=\"sya_postcontent\"><span class=\"sya_date\">26.10. <span class=\"sya_sep\">- <\/span><\/span><a href=\"https:\/\/erasmusplus.al\/?p=2880&lang=sq\" class=\"sya_postlink post-2880\" rel=\"bookmark\">Publikohen thirrjet e propozimeve dhe guida e programit p\u00ebr vitin 2018 n\u00eb Erasmus+.<\/a> <span class=\"sya_categories\"><span class=\"sya_bracket\">(<\/span>Njoftime<span class=\"sya_bracket\">)<\/span><\/span><\/div><\/li><li class=\"\"><div class=\"sya_postcontent\"><span class=\"sya_date\">26.10. <span class=\"sya_sep\">- <\/span><\/span><a href=\"https:\/\/erasmusplus.al\/?p=2877\" class=\"sya_postlink post-2877\" rel=\"bookmark\">The 2018 Erasmus+ Call for Proposals and Programme guide are published.<\/a> <span class=\"sya_categories\"><span class=\"sya_bracket\">(<\/span>News<span class=\"sya_bracket\">)<\/span><\/span><\/div><\/li><li class=\"\"><div class=\"sya_postcontent\"><span class=\"sya_date\">18.10. <span class=\"sya_sep\">- <\/span><\/span><a href=\"https:\/\/erasmusplus.al\/?p=2893\" class=\"sya_postlink post-2893\" rel=\"bookmark\">National HERE Seminar on \u201cImportance of PHD Studies\u201d was held on October 18th, 2017.<\/a> <span class=\"sya_categories\"><span class=\"sya_bracket\">(<\/span>HERE Activities<span class=\"sya_bracket\">)<\/span><\/span><\/div><\/li><li class=\"\"><div class=\"sya_postcontent\"><span class=\"sya_date\">09.10. <span class=\"sya_sep\">- <\/span><\/span><a href=\"https:\/\/erasmusplus.al\/?p=2853&lang=sq\" class=\"sya_postlink post-2853\" rel=\"bookmark\">Ftes\u00eb p\u00ebr pjes\u00ebmarrje n\u00eb Seminarin komb\u00ebtar HERE \u201cR\u00ebnd\u00ebsia e studimeve t\u00eb doktorat\u00ebs\u201d.<\/a> <span class=\"sya_categories\"><span class=\"sya_bracket\">(<\/span>Njoftime<span class=\"sya_bracket\">)<\/span><\/span><\/div><\/li><li class=\"\"><div class=\"sya_postcontent\"><span class=\"sya_date\">09.10. <span class=\"sya_sep\">- <\/span><\/span><a href=\"https:\/\/erasmusplus.al\/?p=2850\" class=\"sya_postlink post-2850\" rel=\"bookmark\">Invitation to the National HERE Seminar on \u201cImportance of PHD Studies\u201d, on October 18 th , 2017.<\/a> <span class=\"sya_categories\"><span class=\"sya_bracket\">(<\/span>News<span class=\"sya_bracket\">)<\/span><\/span><\/div><\/li><li class=\"\"><div class=\"sya_postcontent\"><span class=\"sya_date\">07.10. <span class=\"sya_sep\">- <\/span><\/span><a href=\"https:\/\/erasmusplus.al\/?p=2845&lang=sq\" class=\"sya_postlink post-2845\" rel=\"bookmark\">Publikohet lista e prioriteteve komb\u00ebtare dhe rajonale p\u00ebr thirrjen e vitit 2018 n\u00eb \u201cRritjen e Kapaciteteve n\u00eb Arsimin e Lart\u00eb\u201d t\u00eb Erasmus +<\/a> <span class=\"sya_categories\"><span class=\"sya_bracket\">(<\/span>Njoftime<span class=\"sya_bracket\">)<\/span><\/span><\/div><\/li><li class=\"\"><div class=\"sya_postcontent\"><span class=\"sya_date\">07.10. <span class=\"sya_sep\">- <\/span><\/span><a href=\"https:\/\/erasmusplus.al\/?p=2843\" class=\"sya_postlink post-2843\" rel=\"bookmark\">The priorities for the 2018 Call in \u201cCapacity Building in Higher Education\u201d are published.<\/a> <span class=\"sya_categories\"><span class=\"sya_bracket\">(<\/span>News<span class=\"sya_bracket\">)<\/span><\/span><\/div><\/li><li class=\"\"><div class=\"sya_postcontent\"><span class=\"sya_date\">26.09. <span class=\"sya_sep\">- <\/span><\/span><a href=\"https:\/\/erasmusplus.al\/?p=2874&lang=sq\" class=\"sya_postlink post-2874\" rel=\"bookmark\">Zhvillohet vizita monitoruese p\u00ebr Projektin Erasmus+ \u201cGEOWEB\u201d.<\/a> <span class=\"sya_categories\"><span class=\"sya_bracket\">(<\/span>Aktivitete<span class=\"sya_bracket\">)<\/span><\/span><\/div><\/li><li class=\"\"><div class=\"sya_postcontent\"><span class=\"sya_date\">26.09. <span class=\"sya_sep\">- <\/span><\/span><a href=\"https:\/\/erasmusplus.al\/?p=2872\" class=\"sya_postlink post-2872\" rel=\"bookmark\">Field Monitoring Visit for the Erasmus+ CBHE project \u201cGEOWEB\u201d.<\/a> <span class=\"sya_categories\"><span class=\"sya_bracket\">(<\/span>Activities<span class=\"sya_bracket\">)<\/span><\/span><\/div><\/li><li class=\"\"><div class=\"sya_postcontent\"><span class=\"sya_date\">13.09. <span class=\"sya_sep\">- <\/span><\/span><a href=\"https:\/\/erasmusplus.al\/?p=2800&lang=sq\" class=\"sya_postlink post-2800\" rel=\"bookmark\">Vend pune p\u00ebr koordinatorin e Zyr\u00ebs Komb\u00ebtare t\u00eb Erasmus + n\u00eb Shqip\u00ebri (NEO)<\/a> <span class=\"sya_categories\"><span class=\"sya_bracket\">(<\/span>Njoftime<span class=\"sya_bracket\">)<\/span><\/span><\/div><\/li><li class=\"\"><div class=\"sya_postcontent\"><span class=\"sya_date\">13.09. <span class=\"sya_sep\">- <\/span><\/span><a href=\"https:\/\/erasmusplus.al\/?p=2786\" class=\"sya_postlink post-2786\" rel=\"bookmark\">Job Vacancy for the coordinator of the National Erasmus+ Office in Albania (NEO)<\/a> <span class=\"sya_categories\"><span class=\"sya_bracket\">(<\/span>News<span class=\"sya_bracket\">)<\/span><\/span><\/div><\/li><li class=\"\"><div class=\"sya_postcontent\"><span class=\"sya_date\">04.09. <span class=\"sya_sep\">- <\/span><\/span><a href=\"https:\/\/erasmusplus.al\/?p=2781&lang=sq\" class=\"sya_postlink post-2781\" rel=\"bookmark\">Shpallen projektet fituese p\u00ebr komponentin KA2 &#8220;Rritja e Kapaciteteve n\u00eb Arsimin e Lart\u00eb&#8221; t\u00eb Erasmus +.<\/a> <span class=\"sya_categories\"><span class=\"sya_bracket\">(<\/span>Njoftime<span class=\"sya_bracket\">)<\/span><\/span><\/div><\/li><li class=\"\"><div class=\"sya_postcontent\"><span class=\"sya_date\">04.09. <span class=\"sya_sep\">- <\/span><\/span><a href=\"https:\/\/erasmusplus.al\/?p=2779\" class=\"sya_postlink post-2779\" rel=\"bookmark\">The results of the 2017 call in the Erasmus + KA2 \u201cCapacity Building in Higher Education\u201d are published.<\/a> <span class=\"sya_categories\"><span class=\"sya_bracket\">(<\/span>News<span class=\"sya_bracket\">)<\/span><\/span><\/div><\/li><li class=\"\"><div class=\"sya_postcontent\"><span class=\"sya_date\">26.07. <span class=\"sya_sep\">- <\/span><\/span><a href=\"https:\/\/erasmusplus.al\/?p=2155&lang=sq\" class=\"sya_postlink post-2155\" rel=\"bookmark\">Zhvillohet ceremonia e p\u00ebrcjelljes p\u00ebr student\u00ebt e p\u00ebrzgjedhur n\u00eb programin e Masterave t\u00eb P\u00ebrbashk\u00ebt t\u00eb Erasmus Mundus<\/a> <span class=\"sya_categories\"><span class=\"sya_bracket\">(<\/span>Aktivitete<span class=\"sya_bracket\">)<\/span><\/span><\/div><\/li><li class=\"\"><div class=\"sya_postcontent\"><span class=\"sya_date\">13.07. <span class=\"sya_sep\">- <\/span><\/span><a href=\"https:\/\/erasmusplus.al\/?p=1243\" class=\"sya_postlink post-1243\" rel=\"bookmark\">Procurement notification: \u201cLocal interpreter\/translator Albanian \u2013 English of the European Platform for Adult Learning in Europe (EPALE) in Albania\u201d (Deadline \u2013 July 17th, 2017).<\/a> <span class=\"sya_categories\"><span class=\"sya_bracket\">(<\/span>News<span class=\"sya_bracket\">)<\/span><\/span><\/div><\/li><li class=\"\"><div class=\"sya_postcontent\"><span class=\"sya_date\">13.07. <span class=\"sya_sep\">- <\/span><\/span><a href=\"https:\/\/erasmusplus.al\/?p=1351&lang=sq\" class=\"sya_postlink post-1351\" rel=\"bookmark\">Procurement notification: \u201cLocal interpreter\/translator Albanian \u2013 English of the European Platform for Adult Learning in Europe (EPALE) in Albania\u201d (Deadline \u2013 July 17th, 2017).<\/a> <span class=\"sya_categories\"><span class=\"sya_bracket\">(<\/span>Njoftime<span class=\"sya_bracket\">)<\/span><\/span><\/div><\/li><li class=\"\"><div class=\"sya_postcontent\"><span class=\"sya_date\">30.06. <span class=\"sya_sep\">- <\/span><\/span><a href=\"https:\/\/erasmusplus.al\/?p=1348&lang=sq\" class=\"sya_postlink post-1348\" rel=\"bookmark\">Zhvillohet Dita Rajonale Informuese p\u00ebr Erasmus + n\u00eb Vlor\u00eb, m\u00eb 30  Qershor, 2017.<\/a> <span class=\"sya_categories\"><span class=\"sya_bracket\">(<\/span>Aktivitete<span class=\"sya_bracket\">)<\/span><\/span><\/div><\/li><li class=\"\"><div class=\"sya_postcontent\"><span class=\"sya_date\">30.06. <span class=\"sya_sep\">- <\/span><\/span><a href=\"https:\/\/erasmusplus.al\/?p=1337\" class=\"sya_postlink post-1337\" rel=\"bookmark\">Regional Info Day in Vlora, held on June 30th, 2017.<\/a> <span class=\"sya_categories\"><span class=\"sya_bracket\">(<\/span>Activities<span class=\"sya_bracket\">)<\/span><\/span><\/div><\/li><li class=\"\"><div class=\"sya_postcontent\"><span class=\"sya_date\">29.06. <span class=\"sya_sep\">- <\/span><\/span><a href=\"https:\/\/erasmusplus.al\/?p=1584&lang=sq\" class=\"sya_postlink post-1584\" rel=\"bookmark\">Zhvillohet seminari HERE \u201cReformimi i programeve t\u00eb studimit bazuar n\u00eb rezultatet e t\u00eb m\u00ebsuarit\u201d.<\/a> <span class=\"sya_categories\"><span class=\"sya_bracket\">(<\/span>HERE Aktivitete<span class=\"sya_bracket\">)<\/span><\/span><\/div><\/li><li class=\"\"><div class=\"sya_postcontent\"><span class=\"sya_date\">29.06. <span class=\"sya_sep\">- <\/span><\/span><a href=\"https:\/\/erasmusplus.al\/?p=1568\" class=\"sya_postlink post-1568\" rel=\"bookmark\">National HERE Seminar on \u201cReforming study programmes based on learning outcomes\u201d<\/a> <span class=\"sya_categories\"><span class=\"sya_bracket\">(<\/span>HERE Activities<span class=\"sya_bracket\">)<\/span><\/span><\/div><\/li><li class=\"\"><div class=\"sya_postcontent\"><span class=\"sya_date\">29.06. <span class=\"sya_sep\">- <\/span><\/span><a href=\"https:\/\/erasmusplus.al\/?p=1334&lang=sq\" class=\"sya_postlink post-1334\" rel=\"bookmark\">Zhvillohet vizita monitoruese p\u00ebr Projektin Erasmus+ \u201cRe@WBC\u201d.<\/a> <span class=\"sya_categories\"><span class=\"sya_bracket\">(<\/span>Aktivitete<span class=\"sya_bracket\">)<\/span><\/span><\/div><\/li><li class=\"\"><div class=\"sya_postcontent\"><span class=\"sya_date\">29.06. <span class=\"sya_sep\">- <\/span><\/span><a href=\"https:\/\/erasmusplus.al\/?p=1324\" class=\"sya_postlink post-1324\" rel=\"bookmark\">Field Monitoring Visit for the Erasmus+ CBHE project \u201cRe@WBC\u201d.<\/a> <span class=\"sya_categories\"><span class=\"sya_bracket\">(<\/span>Activities<span class=\"sya_bracket\">)<\/span><\/span><\/div><\/li><li class=\"\"><div class=\"sya_postcontent\"><span class=\"sya_date\">31.05. <span class=\"sya_sep\">- <\/span><\/span><a href=\"https:\/\/erasmusplus.al\/?p=895&lang=sq\" class=\"sya_postlink post-895\" rel=\"bookmark\">Hapet konkursi Erasmus + i eseve dhe arteve t\u00eb bukura \u2018Evropa ime\u2019.<\/a> <span class=\"sya_categories\"><span class=\"sya_bracket\">(<\/span>Njoftime<span class=\"sya_bracket\">)<\/span><\/span><\/div><\/li><li class=\"\"><div class=\"sya_postcontent\"><span class=\"sya_date\">31.05. <span class=\"sya_sep\">- <\/span><\/span><a href=\"https:\/\/erasmusplus.al\/?p=893\" class=\"sya_postlink post-893\" rel=\"bookmark\">The ERASMUS + \u201cMy Europe\u201d Competition is opened!<\/a> <span class=\"sya_categories\"><span class=\"sya_bracket\">(<\/span>News<span class=\"sya_bracket\">)<\/span><\/span><\/div><\/li><li class=\"\"><div class=\"sya_postcontent\"><span class=\"sya_date\">26.05. <span class=\"sya_sep\">- <\/span><\/span><a href=\"https:\/\/erasmusplus.al\/?p=1621&lang=sq\" class=\"sya_postlink post-1621\" rel=\"bookmark\">Zhvillohet seminari komb\u00ebtar HERE \u201cRivler\u00ebsimi i programeve t\u00eb studimit: lidhja midis l\u00ebnd\u00ebs m\u00ebsimore dhe rezultateve t\u00eb t\u00eb m\u00ebsuarit\u201d<\/a> <span class=\"sya_categories\"><span class=\"sya_bracket\">(<\/span>HERE Aktivitete<span class=\"sya_bracket\">)<\/span><\/span><\/div><\/li><li class=\"\"><div class=\"sya_postcontent\"><span class=\"sya_date\">26.05. <span class=\"sya_sep\">- <\/span><\/span><a href=\"https:\/\/erasmusplus.al\/?p=1589\" class=\"sya_postlink post-1589\" rel=\"bookmark\">National HERE Seminar on \u201cRe-evaluation of study programmes: link between study programmes and learning outcomes \u201d .<\/a> <span class=\"sya_categories\"><span class=\"sya_bracket\">(<\/span>HERE Activities<span class=\"sya_bracket\">)<\/span><\/span><\/div><\/li><li class=\"\"><div class=\"sya_postcontent\"><span class=\"sya_date\">25.05. <span class=\"sya_sep\">- <\/span><\/span><a href=\"https:\/\/erasmusplus.al\/?p=1711&lang=sq\" class=\"sya_postlink post-1711\" rel=\"bookmark\">Zhvillohet Dita Rajonale Informuese p\u00ebr Erasmus + n\u00eb Kor\u00e7\u00eb, m\u00eb 25  Maj, 2017.<\/a> <span class=\"sya_categories\"><span class=\"sya_bracket\">(<\/span>Aktivitete<span class=\"sya_bracket\">)<\/span><\/span><\/div><\/li><li class=\"\"><div class=\"sya_postcontent\"><span class=\"sya_date\">25.05. <span class=\"sya_sep\">- <\/span><\/span><a href=\"https:\/\/erasmusplus.al\/?p=1698\" class=\"sya_postlink post-1698\" rel=\"bookmark\">Regional Info Day in Kor\u00e7a, held on May 25th, 2017.<\/a> <span class=\"sya_categories\"><span class=\"sya_bracket\">(<\/span>Activities<span class=\"sya_bracket\">)<\/span><\/span><\/div><\/li><li class=\"\"><div class=\"sya_postcontent\"><span class=\"sya_date\">23.05. <span class=\"sya_sep\">- <\/span><\/span><a href=\"https:\/\/erasmusplus.al\/?p=1713\" class=\"sya_postlink post-1713\" rel=\"bookmark\">Field Monitoring Visit for the Tempus project \u201cE-Learning, Innovation, Sustainable Albanian Agriculture \u2013ELISAA\u201d<\/a> <span class=\"sya_categories\"><span class=\"sya_bracket\">(<\/span>Activities<span class=\"sya_bracket\">)<\/span><\/span><\/div><\/li><li class=\"\"><div class=\"sya_postcontent\"><span class=\"sya_date\">23.05. <span class=\"sya_sep\">- <\/span><\/span><a href=\"https:\/\/erasmusplus.al\/?p=1731&lang=sq\" class=\"sya_postlink post-1731\" rel=\"bookmark\">Zhvillohet vizita monitoruese p\u00ebr Projektet ICM t\u00eb Universitetit Bujq\u00ebsor t\u00eb Tiran\u00ebs.<\/a> <span class=\"sya_categories\"><span class=\"sya_bracket\">(<\/span>Aktivitete<span class=\"sya_bracket\">)<\/span><\/span><\/div><\/li><li class=\"\"><div class=\"sya_postcontent\"><span class=\"sya_date\">23.05. <span class=\"sya_sep\">- <\/span><\/span><a href=\"https:\/\/erasmusplus.al\/?p=1723\" class=\"sya_postlink post-1723\" rel=\"bookmark\">Field Monitoring Visit for the Erasmus+ ICM projects at Agricultural University of Tirana.<\/a> <span class=\"sya_categories\"><span class=\"sya_bracket\">(<\/span>Activities<span class=\"sya_bracket\">)<\/span><\/span><\/div><\/li><li class=\"\"><div class=\"sya_postcontent\"><span class=\"sya_date\">23.05. <span class=\"sya_sep\">- <\/span><\/span><a href=\"https:\/\/erasmusplus.al\/?p=1721&lang=sq\" class=\"sya_postlink post-1721\" rel=\"bookmark\">Zhvillohet vizita monitoruese p\u00ebr Projektin Tempus \u201cELISAA\u201d.<\/a> <span class=\"sya_categories\"><span class=\"sya_bracket\">(<\/span>Aktivitete<span class=\"sya_bracket\">)<\/span><\/span><\/div><\/li><li class=\"\"><div class=\"sya_postcontent\"><span class=\"sya_date\">20.05. <span class=\"sya_sep\">- <\/span><\/span><a href=\"https:\/\/erasmusplus.al\/?p=1263\" class=\"sya_postlink post-1263\" rel=\"bookmark\">Invitation to the National HERE Seminar on \u201cRe-evaluation of study programmes: link between study programmes and learning outcomes \u201d, on May 26th, 2017<\/a> <span class=\"sya_categories\"><span class=\"sya_bracket\">(<\/span>News<span class=\"sya_bracket\">)<\/span><\/span><\/div><\/li><li class=\"\"><div class=\"sya_postcontent\"><span class=\"sya_date\">11.05. <span class=\"sya_sep\">- <\/span><\/span><a href=\"https:\/\/erasmusplus.al\/?p=1761&lang=sq\" class=\"sya_postlink post-1761\" rel=\"bookmark\">Zyra Komb\u00ebtare Erasmus + n\u00eb aktivitet e \u201cJav\u00ebs s\u00eb Europ\u00ebs\u201d.<\/a> <span class=\"sya_categories\"><span class=\"sya_bracket\">(<\/span>Aktivitete<span class=\"sya_bracket\">)<\/span><\/span><\/div><\/li><li class=\"\"><div class=\"sya_postcontent\"><span class=\"sya_date\">11.05. <span class=\"sya_sep\">- <\/span><\/span><a href=\"https:\/\/erasmusplus.al\/?p=1734\" class=\"sya_postlink post-1734\" rel=\"bookmark\">The Albanian Erasmus + Office participate in the \u201cWeek of Europe\u201d.<\/a> <span class=\"sya_categories\"><span class=\"sya_bracket\">(<\/span>Activities<span class=\"sya_bracket\">)<\/span><\/span><\/div><\/li><li class=\"\"><div class=\"sya_postcontent\"><span class=\"sya_date\">08.05. <span class=\"sya_sep\">- <\/span><\/span><a href=\"https:\/\/erasmusplus.al\/?p=1266\" class=\"sya_postlink post-1266\" rel=\"bookmark\">The applications data in the Erasmus + opportunities are published.<\/a> <span class=\"sya_categories\"><span class=\"sya_bracket\">(<\/span>News<span class=\"sya_bracket\">)<\/span><\/span><\/div><\/li><li class=\"\"><div class=\"sya_postcontent\"><span class=\"sya_date\">04.05. <span class=\"sya_sep\">- <\/span><\/span><a href=\"https:\/\/erasmusplus.al\/?p=1780&lang=sq\" class=\"sya_postlink post-1780\" rel=\"bookmark\">Zhvillohet Dita Rajonale Informuese p\u00ebr Erasmus + n\u00eb Gjirokast\u00ebr, m\u00eb 4  Maj, 2017.<\/a> <span class=\"sya_categories\"><span class=\"sya_bracket\">(<\/span>Aktivitete<span class=\"sya_bracket\">)<\/span><\/span><\/div><\/li><li class=\"\"><div class=\"sya_postcontent\"><span class=\"sya_date\">04.05. <span class=\"sya_sep\">- <\/span><\/span><a href=\"https:\/\/erasmusplus.al\/?p=1763\" class=\"sya_postlink post-1763\" rel=\"bookmark\">Regional Info Day in Gjirokastra, held on May 4th, 2017.<\/a> <span class=\"sya_categories\"><span class=\"sya_bracket\">(<\/span>Activities<span class=\"sya_bracket\">)<\/span><\/span><\/div><\/li><li class=\"\"><div class=\"sya_postcontent\"><span class=\"sya_date\">02.05. <span class=\"sya_sep\">- <\/span><\/span><a href=\"https:\/\/erasmusplus.al\/?p=1791&lang=sq\" class=\"sya_postlink post-1791\" rel=\"bookmark\">Zhvillohet vizita monitoruese p\u00ebr Projektin Erasmus + \u201cEduLAw\u201d.<\/a> <span class=\"sya_categories\"><span class=\"sya_bracket\">(<\/span>Aktivitete<span class=\"sya_bracket\">)<\/span><\/span><\/div><\/li><li class=\"\"><div class=\"sya_postcontent\"><span class=\"sya_date\">02.05. <span class=\"sya_sep\">- <\/span><\/span><a href=\"https:\/\/erasmusplus.al\/?p=1782\" class=\"sya_postlink post-1782\" rel=\"bookmark\">Field Monitoring Visit for the Erasmus+ CBHE project \u201cEduLAw\u201d<\/a> <span class=\"sya_categories\"><span class=\"sya_bracket\">(<\/span>Activities<span class=\"sya_bracket\">)<\/span><\/span><\/div><\/li><li class=\"\"><div class=\"sya_postcontent\"><span class=\"sya_date\">19.04. <span class=\"sya_sep\">- <\/span><\/span><a href=\"https:\/\/erasmusplus.al\/?p=1802&lang=sq\" class=\"sya_postlink post-1802\" rel=\"bookmark\">Zhvillohet vizita monitoruese p\u00ebr Projektin Erasmus + \u201cIntegrim dhe vler\u00ebsim i njohurive t\u00eb sip\u00ebrmarrjes n\u00eb inxhinieri dhe shkenca kompjuterike \u2013 REBUS\u201d.<\/a> <span class=\"sya_categories\"><span class=\"sya_bracket\">(<\/span>Aktivitete<span class=\"sya_bracket\">)<\/span><\/span><\/div><\/li><li class=\"\"><div class=\"sya_postcontent\"><span class=\"sya_date\">19.04. <span class=\"sya_sep\">- <\/span><\/span><a href=\"https:\/\/erasmusplus.al\/?p=1793\" class=\"sya_postlink post-1793\" rel=\"bookmark\">Field Monitoring Visit for the Erasmus+ CBHE project \u201cREBUS\u201d<\/a> <span class=\"sya_categories\"><span class=\"sya_bracket\">(<\/span>Activities<span class=\"sya_bracket\">)<\/span><\/span><\/div><\/li><li class=\"\"><div class=\"sya_postcontent\"><span class=\"sya_date\">10.04. <span class=\"sya_sep\">- <\/span><\/span><a href=\"https:\/\/erasmusplus.al\/?p=1823&lang=sq\" class=\"sya_postlink post-1823\" rel=\"bookmark\">Zhvillohet vizita monitoruese p\u00ebr Projektet ICM t\u00eb Universitetit EPOKA.<\/a> <span class=\"sya_categories\"><span class=\"sya_bracket\">(<\/span>Aktivitete<span class=\"sya_bracket\">)<\/span><\/span><\/div><\/li><li class=\"\"><div class=\"sya_postcontent\"><span class=\"sya_date\">10.04. <span class=\"sya_sep\">- <\/span><\/span><a href=\"https:\/\/erasmusplus.al\/?p=1813\" class=\"sya_postlink post-1813\" rel=\"bookmark\">Field Monitoring Visit for the Erasmus+ ICM projects at EPOKA University.<\/a> <span class=\"sya_categories\"><span class=\"sya_bracket\">(<\/span>Activities<span class=\"sya_bracket\">)<\/span><\/span><\/div><\/li><li class=\"\"><div class=\"sya_postcontent\"><span class=\"sya_date\">10.04. <span class=\"sya_sep\">- <\/span><\/span><a href=\"https:\/\/erasmusplus.al\/?p=1811&lang=sq\" class=\"sya_postlink post-1811\" rel=\"bookmark\">Zhvillohet vizita monitoruese p\u00ebr Projektin Erasmus + \u201cNjohuri p\u00ebr nj\u00eb shoq\u00ebri rezistente \u2013 K Force\u201d.<\/a> <span class=\"sya_categories\"><span class=\"sya_bracket\">(<\/span>Aktivitete<span class=\"sya_bracket\">)<\/span><\/span><\/div><\/li><li class=\"\"><div class=\"sya_postcontent\"><span class=\"sya_date\">10.04. <span class=\"sya_sep\">- <\/span><\/span><a href=\"https:\/\/erasmusplus.al\/?p=1804\" class=\"sya_postlink post-1804\" rel=\"bookmark\">Field Monitoring Visit for the Erasmus+ CBHE project \u201cK-Force\u201d<\/a> <span class=\"sya_categories\"><span class=\"sya_bracket\">(<\/span>Activities<span class=\"sya_bracket\">)<\/span><\/span><\/div><\/li><li class=\"\"><div class=\"sya_postcontent\"><span class=\"sya_date\">29.03. <span class=\"sya_sep\">- <\/span><\/span><a href=\"https:\/\/erasmusplus.al\/?p=1836&lang=sq\" class=\"sya_postlink post-1836\" rel=\"bookmark\">Zhvillohet vizita monitoruese p\u00ebr Projektin Tempus \u201cLIFEADA\u201d.<\/a> <span class=\"sya_categories\"><span class=\"sya_bracket\">(<\/span>Aktivitete<span class=\"sya_bracket\">)<\/span><\/span><\/div><\/li><li class=\"\"><div class=\"sya_postcontent\"><span class=\"sya_date\">29.03. <span class=\"sya_sep\">- <\/span><\/span><a href=\"https:\/\/erasmusplus.al\/?p=1827\" class=\"sya_postlink post-1827\" rel=\"bookmark\">Field Monitoring Visit for the Tempus project \u201cLifelong learning for sustainable agriculture in Alps-Danube-Adriatic Region &#8211; LIFEADA<\/a> <span class=\"sya_categories\"><span class=\"sya_bracket\">(<\/span>Activities<span class=\"sya_bracket\">)<\/span><\/span><\/div><\/li><li class=\"\"><div class=\"sya_postcontent\"><span class=\"sya_date\">23.03. <span class=\"sya_sep\">- <\/span><\/span><a href=\"https:\/\/erasmusplus.al\/?p=1268\" class=\"sya_postlink post-1268\" rel=\"bookmark\">Overview of the Higher Education system in Albania is published<\/a> <span class=\"sya_categories\"><span class=\"sya_bracket\">(<\/span>News<span class=\"sya_bracket\">)<\/span><\/span><\/div><\/li><li class=\"\"><div class=\"sya_postcontent\"><span class=\"sya_date\">13.03. <span class=\"sya_sep\">- <\/span><\/span><a href=\"https:\/\/erasmusplus.al\/?p=1859&lang=sq\" class=\"sya_postlink post-1859\" rel=\"bookmark\">Zhvillohet vizita monitoruese p\u00ebr Projektet ICM t\u00eb Universitetit Europian t\u00eb Tiran\u00ebs<\/a> <span class=\"sya_categories\"><span class=\"sya_bracket\">(<\/span>Aktivitete<span class=\"sya_bracket\">)<\/span><\/span><\/div><\/li><li class=\"\"><div class=\"sya_postcontent\"><span class=\"sya_date\">13.03. <span class=\"sya_sep\">- <\/span><\/span><a href=\"https:\/\/erasmusplus.al\/?p=1850\" class=\"sya_postlink post-1850\" rel=\"bookmark\">Field Monitoring Visit for the Erasmus+ ICM projects at European University of Tirana.<\/a> <span class=\"sya_categories\"><span class=\"sya_bracket\">(<\/span>Activities<span class=\"sya_bracket\">)<\/span><\/span><\/div><\/li><li class=\"\"><div class=\"sya_postcontent\"><span class=\"sya_date\">13.03. <span class=\"sya_sep\">- <\/span><\/span><a href=\"https:\/\/erasmusplus.al\/?p=1848&lang=sq\" class=\"sya_postlink post-1848\" rel=\"bookmark\">Zhvillohet vizita monitoruese p\u00ebr Projektin Erasmus+ \u201ceuroPS\u201d.<\/a> <span class=\"sya_categories\"><span class=\"sya_bracket\">(<\/span>Aktivitete<span class=\"sya_bracket\">)<\/span><\/span><\/div><\/li><li class=\"\"><div class=\"sya_postcontent\"><span class=\"sya_date\">13.03. <span class=\"sya_sep\">- <\/span><\/span><a href=\"https:\/\/erasmusplus.al\/?p=1838\" class=\"sya_postlink post-1838\" rel=\"bookmark\">Field Monitoring Visit for the Erasmus+ CBHE project \u201ceuroPS\u201d<\/a> <span class=\"sya_categories\"><span class=\"sya_bracket\">(<\/span>Activities<span class=\"sya_bracket\">)<\/span><\/span><\/div><\/li><li class=\"\"><div class=\"sya_postcontent\"><span class=\"sya_date\">07.03. <span class=\"sya_sep\">- <\/span><\/span><a href=\"https:\/\/erasmusplus.al\/?p=1879&lang=sq\" class=\"sya_postlink post-1879\" rel=\"bookmark\">Zhvillohet vizita monitoruese p\u00ebr Projektin Erasmus+ \u201cBESTSDI\u201d.<\/a> <span class=\"sya_categories\"><span class=\"sya_bracket\">(<\/span>Aktivitete<span class=\"sya_bracket\">)<\/span><\/span><\/div><\/li><li class=\"\"><div class=\"sya_postcontent\"><span class=\"sya_date\">07.03. <span class=\"sya_sep\">- <\/span><\/span><a href=\"https:\/\/erasmusplus.al\/?p=1871\" class=\"sya_postlink post-1871\" rel=\"bookmark\">Field Monitoring Visit for the Erasmus+ CBHE project \u201cBESTSDI\u201d<\/a> <span class=\"sya_categories\"><span class=\"sya_bracket\">(<\/span>Activities<span class=\"sya_bracket\">)<\/span><\/span><\/div><\/li><li class=\"\"><div class=\"sya_postcontent\"><span class=\"sya_date\">07.03. <span class=\"sya_sep\">- <\/span><\/span><a href=\"https:\/\/erasmusplus.al\/?p=1869&lang=sq\" class=\"sya_postlink post-1869\" rel=\"bookmark\">Zhvillohet vizita monitoruese p\u00ebr Projektin Erasmus+ \u201cNETCHEM\u201d.<\/a> <span class=\"sya_categories\"><span class=\"sya_bracket\">(<\/span>Aktivitete<span class=\"sya_bracket\">)<\/span><\/span><\/div><\/li><li class=\"\"><div class=\"sya_postcontent\"><span class=\"sya_date\">07.03. <span class=\"sya_sep\">- <\/span><\/span><a href=\"https:\/\/erasmusplus.al\/?p=1861\" class=\"sya_postlink post-1861\" rel=\"bookmark\">Field Monitoring Visit for the Erasmus+ CBHE project \u201cNETCHEM\u201d<\/a> <span class=\"sya_categories\"><span class=\"sya_bracket\">(<\/span>Activities<span class=\"sya_bracket\">)<\/span><\/span><\/div><\/li><li class=\"\"><div class=\"sya_postcontent\"><span class=\"sya_date\">03.03. <span class=\"sya_sep\">- <\/span><\/span><a href=\"https:\/\/erasmusplus.al\/?p=1274\" class=\"sya_postlink post-1274\" rel=\"bookmark\">Mrs. Federica Mogherini meets with Albanian Erasmus students.<\/a> <span class=\"sya_categories\"><span class=\"sya_bracket\">(<\/span>News<span class=\"sya_bracket\">)<\/span><\/span><\/div><\/li><li class=\"\"><div class=\"sya_postcontent\"><span class=\"sya_date\">28.02. <span class=\"sya_sep\">- <\/span><\/span><a href=\"https:\/\/erasmusplus.al\/?p=1889&lang=sq\" class=\"sya_postlink post-1889\" rel=\"bookmark\">Zhvillohet vizita monitoruese p\u00ebr Projektin Erasmus+ \u201cFINAC\u201d.<\/a> <span class=\"sya_categories\"><span class=\"sya_bracket\">(<\/span>Aktivitete<span class=\"sya_bracket\">)<\/span><\/span><\/div><\/li><li class=\"\"><div class=\"sya_postcontent\"><span class=\"sya_date\">28.02. <span class=\"sya_sep\">- <\/span><\/span><a href=\"https:\/\/erasmusplus.al\/?p=1881\" class=\"sya_postlink post-1881\" rel=\"bookmark\">Field Monitoring Visit for the Erasmus+ CBHE project \u201cFINAC\u201d<\/a> <span class=\"sya_categories\"><span class=\"sya_bracket\">(<\/span>Activities<span class=\"sya_bracket\">)<\/span><\/span><\/div><\/li><\/ul><\/div><!-- [et_pb_line_break_holder] --><div class=\"sya_container\" id=\"sya_container\"><p class=\"sya_yearslist\" id=\"sya_yearslist\"><a href=\"#year2016\">2016<\/a><\/p><h2><a id=\"year2016\"><\/a><a href=\"https:\/\/erasmusplus.al\/?m=2016\" rel=\"section\">2016<\/a> <span class=\"sya_yearcount\"><span class=\"sya_bracket\">(<\/span>76<span class=\"sya_bracket\">)<\/span><\/span><\/h2><ul><li class=\"\"><div class=\"sya_postcontent\"><span class=\"sya_date\">27.12. <span class=\"sya_sep\">- <\/span><\/span><a href=\"https:\/\/erasmusplus.al\/?p=1905&lang=sq\" class=\"sya_postlink post-1905\" rel=\"bookmark\">Zhvillohet dita rajonale informative p\u00ebr Erasmus + n\u00eb universitetin \u201cAleksand\u00ebr Moisiu\u201d t\u00eb Durr\u00ebsit, m\u00eb 27 Dhjetor 2016.<\/a> <span class=\"sya_categories\"><span class=\"sya_bracket\">(<\/span>Aktivitete<span class=\"sya_bracket\">)<\/span><\/span><\/div><\/li><li class=\"\"><div class=\"sya_postcontent\"><span class=\"sya_date\">27.12. <span class=\"sya_sep\">- <\/span><\/span><a href=\"https:\/\/erasmusplus.al\/?p=1891\" class=\"sya_postlink post-1891\" rel=\"bookmark\">Regional Info Day at the University \u201cAleksand\u00ebr Moisiu\u201d of Durr\u00ebs, held on December 27th, 2016.<\/a> <span class=\"sya_categories\"><span class=\"sya_bracket\">(<\/span>Activities<span class=\"sya_bracket\">)<\/span><\/span><\/div><\/li><li class=\"\"><div class=\"sya_postcontent\"><span class=\"sya_date\">21.12. <span class=\"sya_sep\">- <\/span><\/span><a href=\"https:\/\/erasmusplus.al\/?p=1926&lang=sq\" class=\"sya_postlink post-1926\" rel=\"bookmark\">Zhvillohet vizita monitoruese p\u00ebr Projektin Erasmus+ \u201cGEOWEB\u201d.<\/a> <span class=\"sya_categories\"><span class=\"sya_bracket\">(<\/span>Aktivitete<span class=\"sya_bracket\">)<\/span><\/span><\/div><\/li><li class=\"\"><div class=\"sya_postcontent\"><span class=\"sya_date\">21.12. <span class=\"sya_sep\">- <\/span><\/span><a href=\"https:\/\/erasmusplus.al\/?p=1918\" class=\"sya_postlink post-1918\" rel=\"bookmark\">Field Monitoring Visit for the Erasmus+ CBHE project \u201cGEOWEB\u201d.<\/a> <span class=\"sya_categories\"><span class=\"sya_bracket\">(<\/span>Activities<span class=\"sya_bracket\">)<\/span><\/span><\/div><\/li><li class=\"\"><div class=\"sya_postcontent\"><span class=\"sya_date\">21.12. <span class=\"sya_sep\">- <\/span><\/span><a href=\"https:\/\/erasmusplus.al\/?p=1916&lang=sq\" class=\"sya_postlink post-1916\" rel=\"bookmark\">Zhvillohet vizita monitoruese p\u00ebr Projektet ICM t\u00eb Universitetit Politeknik t\u00eb Tiran\u00ebs.<\/a> <span class=\"sya_categories\"><span class=\"sya_bracket\">(<\/span>Aktivitete<span class=\"sya_bracket\">)<\/span><\/span><\/div><\/li><li class=\"\"><div class=\"sya_postcontent\"><span class=\"sya_date\">21.12. <span class=\"sya_sep\">- <\/span><\/span><a href=\"https:\/\/erasmusplus.al\/?p=1908\" class=\"sya_postlink post-1908\" rel=\"bookmark\">Field Monitoring Visit for the Erasmus+ ICM projects at Polytechnic University of Tirana.<\/a> <span class=\"sya_categories\"><span class=\"sya_bracket\">(<\/span>Activities<span class=\"sya_bracket\">)<\/span><\/span><\/div><\/li><li class=\"\"><div class=\"sya_postcontent\"><span class=\"sya_date\">06.12. <span class=\"sya_sep\">- <\/span><\/span><a href=\"https:\/\/erasmusplus.al\/?p=1943&lang=sq\" class=\"sya_postlink post-1943\" rel=\"bookmark\">Zhvillohet dita rajonale informative p\u00ebr Erasmus + n\u00eb universitetin \u201cEqerem \u00c7abej\u201d t\u00eb Gjirokastr\u00ebs, m\u00eb 5 dhjetor 2016.<\/a> <span class=\"sya_categories\"><span class=\"sya_bracket\">(<\/span>Aktivitete<span class=\"sya_bracket\">)<\/span><\/span><\/div><\/li><li class=\"\"><div class=\"sya_postcontent\"><span class=\"sya_date\">06.12. <span class=\"sya_sep\">- <\/span><\/span><a href=\"https:\/\/erasmusplus.al\/?p=1928\" class=\"sya_postlink post-1928\" rel=\"bookmark\">Regional Info Day at the University \u201cEqerem \u00c7abej\u201d of Gjirokastra, held on December 6th, 2016.<\/a> <span class=\"sya_categories\"><span class=\"sya_bracket\">(<\/span>Activities<span class=\"sya_bracket\">)<\/span><\/span><\/div><\/li><li class=\"\"><div class=\"sya_postcontent\"><span class=\"sya_date\">05.12. <span class=\"sya_sep\">- <\/span><\/span><a href=\"https:\/\/erasmusplus.al\/?p=1954&lang=sq\" class=\"sya_postlink post-1954\" rel=\"bookmark\">Zhvillohet vizita monitoruese p\u00ebr Projektet ICM t\u00eb Universitetit t\u00eb Gjirokastr\u00ebs<\/a> <span class=\"sya_categories\"><span class=\"sya_bracket\">(<\/span>Aktivitete<span class=\"sya_bracket\">)<\/span><\/span><\/div><\/li><li class=\"\"><div class=\"sya_postcontent\"><span class=\"sya_date\">05.12. <span class=\"sya_sep\">- <\/span><\/span><a href=\"https:\/\/erasmusplus.al\/?p=1945\" class=\"sya_postlink post-1945\" rel=\"bookmark\">Field Monitoring Visit for the Erasmus+ ICM projects at University of Gjirokastra<\/a> <span class=\"sya_categories\"><span class=\"sya_bracket\">(<\/span>Activities<span class=\"sya_bracket\">)<\/span><\/span><\/div><\/li><li class=\"\"><div class=\"sya_postcontent\"><span class=\"sya_date\">30.11. <span class=\"sya_sep\">- <\/span><\/span><a href=\"https:\/\/erasmusplus.al\/?p=1980&lang=sq\" class=\"sya_postlink post-1980\" rel=\"bookmark\">Zhvillohet dita rajonale informative p\u00ebr Erasmus + n\u00eb universitetin \u201cAlkesand\u00ebr Xhuvani\u201d t\u00eb Elbasnit, m\u00eb 30 N\u00ebntor 2016.<\/a> <span class=\"sya_categories\"><span class=\"sya_bracket\">(<\/span>Aktivitete<span class=\"sya_bracket\">)<\/span><\/span><\/div><\/li><li class=\"\"><div class=\"sya_postcontent\"><span class=\"sya_date\">30.11. <span class=\"sya_sep\">- <\/span><\/span><a href=\"https:\/\/erasmusplus.al\/?p=1967\" class=\"sya_postlink post-1967\" rel=\"bookmark\">Regional Info Day at the University \u201cAleksand\u00ebr Xhuvani\u201d of Elbasan, held on November 30th, 2016.<\/a> <span class=\"sya_categories\"><span class=\"sya_bracket\">(<\/span>Activities<span class=\"sya_bracket\">)<\/span><\/span><\/div><\/li><li class=\"\"><div class=\"sya_postcontent\"><span class=\"sya_date\">30.11. <span class=\"sya_sep\">- <\/span><\/span><a href=\"https:\/\/erasmusplus.al\/?p=1965&lang=sq\" class=\"sya_postlink post-1965\" rel=\"bookmark\">Zhvillohet vizita monitoruese p\u00ebr Projektet ICM t\u00eb Universitetit t\u00eb Elbasanit<\/a> <span class=\"sya_categories\"><span class=\"sya_bracket\">(<\/span>Aktivitete<span class=\"sya_bracket\">)<\/span><\/span><\/div><\/li><li class=\"\"><div class=\"sya_postcontent\"><span class=\"sya_date\">30.11. <span class=\"sya_sep\">- <\/span><\/span><a href=\"https:\/\/erasmusplus.al\/?p=1956\" class=\"sya_postlink post-1956\" rel=\"bookmark\">Field Monitoring Visit for the Erasmus+ ICM projects at University of Elbasan.<\/a> <span class=\"sya_categories\"><span class=\"sya_bracket\">(<\/span>Activities<span class=\"sya_bracket\">)<\/span><\/span><\/div><\/li><li class=\"\"><div class=\"sya_postcontent\"><span class=\"sya_date\">22.11. <span class=\"sya_sep\">- <\/span><\/span><a href=\"https:\/\/erasmusplus.al\/?p=1988&lang=sq\" class=\"sya_postlink post-1988\" rel=\"bookmark\">Zhvillohet vizita monitoruese p\u00ebr Projektin Tempus CHTMBAL.<\/a> <span class=\"sya_categories\"><span class=\"sya_bracket\">(<\/span>Aktivitete<span class=\"sya_bracket\">)<\/span><\/span><\/div><\/li><li class=\"\"><div class=\"sya_postcontent\"><span class=\"sya_date\">22.11. <span class=\"sya_sep\">- <\/span><\/span><a href=\"https:\/\/erasmusplus.al\/?p=1982\" class=\"sya_postlink post-1982\" rel=\"bookmark\">Field Monitoring Visit for the Tempus Project \u201cNetwork for Post Graduate Masters in Cultural Heritage and Tourism Management  in Balkan Countries &#8211; CHTMBAL\u201d.<\/a> <span class=\"sya_categories\"><span class=\"sya_bracket\">(<\/span>Activities<span class=\"sya_bracket\">)<\/span><\/span><\/div><\/li><li class=\"\"><div class=\"sya_postcontent\"><span class=\"sya_date\">22.11. <span class=\"sya_sep\">- <\/span><\/span><a href=\"https:\/\/erasmusplus.al\/?p=2001&lang=sq\" class=\"sya_postlink post-2001\" rel=\"bookmark\">Zhvillohet dita rajonale informative p\u00ebr Erasmus + n\u00eb universitetin \u201cLuigj Gurakuqi\u201d t\u00eb Shkodr\u00ebs, m\u00eb 22 N\u00ebntor 2016.<\/a> <span class=\"sya_categories\"><span class=\"sya_bracket\">(<\/span>Aktivitete<span class=\"sya_bracket\">)<\/span><\/span><\/div><\/li><li class=\"\"><div class=\"sya_postcontent\"><span class=\"sya_date\">22.11. <span class=\"sya_sep\">- <\/span><\/span><a href=\"https:\/\/erasmusplus.al\/?p=1993\" class=\"sya_postlink post-1993\" rel=\"bookmark\">Regional Info Day at the University \u201cLuigj Gurakuqi\u201d of Shkodra, held on November 22nd, 2016.<\/a> <span class=\"sya_categories\"><span class=\"sya_bracket\">(<\/span>Activities<span class=\"sya_bracket\">)<\/span><\/span><\/div><\/li><li class=\"\"><div class=\"sya_postcontent\"><span class=\"sya_date\">22.11. <span class=\"sya_sep\">- <\/span><\/span><a href=\"https:\/\/erasmusplus.al\/?p=2011&lang=sq\" class=\"sya_postlink post-2011\" rel=\"bookmark\">Zhvillohet vizita monitoruese p\u00ebr Projektet ICM t\u00eb Universitetit t\u00eb Shkodr\u00ebs.<\/a> <span class=\"sya_categories\"><span class=\"sya_bracket\">(<\/span>Aktivitete<span class=\"sya_bracket\">)<\/span><\/span><\/div><\/li><li class=\"\"><div class=\"sya_postcontent\"><span class=\"sya_date\">22.11. <span class=\"sya_sep\">- <\/span><\/span><a href=\"https:\/\/erasmusplus.al\/?p=2003\" class=\"sya_postlink post-2003\" rel=\"bookmark\">Field Monitoring Visit for the Erasmus+ ICM projects at University of Shkodra<\/a> <span class=\"sya_categories\"><span class=\"sya_bracket\">(<\/span>Activities<span class=\"sya_bracket\">)<\/span><\/span><\/div><\/li><li class=\"\"><div class=\"sya_postcontent\"><span class=\"sya_date\">07.11. <span class=\"sya_sep\">- <\/span><\/span><a href=\"https:\/\/erasmusplus.al\/?p=1648&lang=sq\" class=\"sya_postlink post-1648\" rel=\"bookmark\">Zhvillohet Seminari Komb\u00ebtar HERE mbi \u201cKorniz\u00ebn shqiptare t\u00eb kualifikimeve\u201d.<\/a> <span class=\"sya_categories\"><span class=\"sya_bracket\">(<\/span>HERE Aktivitete<span class=\"sya_bracket\">)<\/span><\/span><\/div><\/li><li class=\"\"><div class=\"sya_postcontent\"><span class=\"sya_date\">07.11. <span class=\"sya_sep\">- <\/span><\/span><a href=\"https:\/\/erasmusplus.al\/?p=1625\" class=\"sya_postlink post-1625\" rel=\"bookmark\">The National HERE Seminar on \u201cAlbanian Qualification Framework\u201d held on November 7th, 2016.<\/a> <span class=\"sya_categories\"><span class=\"sya_bracket\">(<\/span>HERE Activities<span class=\"sya_bracket\">)<\/span><\/span><\/div><\/li><li class=\"\"><div class=\"sya_postcontent\"><span class=\"sya_date\">01.11. <span class=\"sya_sep\">- <\/span><\/span><a href=\"https:\/\/erasmusplus.al\/?p=1278\" class=\"sya_postlink post-1278\" rel=\"bookmark\">Invitation to the National HERE Seminar on \u201cAlbanian Qualification Framework\u201d on November 7th, 2016<\/a> <span class=\"sya_categories\"><span class=\"sya_bracket\">(<\/span>News<span class=\"sya_bracket\">)<\/span><\/span><\/div><\/li><li class=\"\"><div class=\"sya_postcontent\"><span class=\"sya_date\">27.10. <span class=\"sya_sep\">- <\/span><\/span><a href=\"https:\/\/erasmusplus.al\/?p=2034&lang=sq\" class=\"sya_postlink post-2034\" rel=\"bookmark\">Zhvillohet trajnimi \u201cSi t\u00eb p\u00ebrgatisim nj\u00eb projekt-propozim t\u00eb suksesh\u00ebm n\u00eb Erasmus+\u201d m\u00eb 27 Tetor, 2016.<\/a> <span class=\"sya_categories\"><span class=\"sya_bracket\">(<\/span>Aktivitete<span class=\"sya_bracket\">)<\/span><\/span><\/div><\/li><li class=\"\"><div class=\"sya_postcontent\"><span class=\"sya_date\">27.10. <span class=\"sya_sep\">- <\/span><\/span><a href=\"https:\/\/erasmusplus.al\/?p=2013\" class=\"sya_postlink post-2013\" rel=\"bookmark\">\u201cTraining on how to prepare a successful application in Capacity Building in Higher Education\u201d held on October 27th, 2016.<\/a> <span class=\"sya_categories\"><span class=\"sya_bracket\">(<\/span>Activities<span class=\"sya_bracket\">)<\/span><\/span><\/div><\/li><li class=\"\"><div class=\"sya_postcontent\"><span class=\"sya_date\">26.10. <span class=\"sya_sep\">- <\/span><\/span><a href=\"https:\/\/erasmusplus.al\/?p=2059&lang=sq\" class=\"sya_postlink post-2059\" rel=\"bookmark\">Zhvillohet \u201cDita Komb\u00ebtare Informuese n\u00eb Erasmus+\u201d m\u00eb 26 Tetor, 2016.<\/a> <span class=\"sya_categories\"><span class=\"sya_bracket\">(<\/span>Aktivitete<span class=\"sya_bracket\">)<\/span><\/span><\/div><\/li><li class=\"\"><div class=\"sya_postcontent\"><span class=\"sya_date\">26.10. <span class=\"sya_sep\">- <\/span><\/span><a href=\"https:\/\/erasmusplus.al\/?p=2036\" class=\"sya_postlink post-2036\" rel=\"bookmark\">\u201cErasmus + National Information Day\u201d held on October 26th, 2016.<\/a> <span class=\"sya_categories\"><span class=\"sya_bracket\">(<\/span>Activities<span class=\"sya_bracket\">)<\/span><\/span><\/div><\/li><li class=\"\"><div class=\"sya_postcontent\"><span class=\"sya_date\">25.10. <span class=\"sya_sep\">- <\/span><\/span><a href=\"https:\/\/erasmusplus.al\/?p=2094&lang=sq\" class=\"sya_postlink post-2094\" rel=\"bookmark\">Zhvillohet vizita e monitorimit institucional tek Universiteti  Bujq\u00ebsor i Tiran\u00ebs<\/a> <span class=\"sya_categories\"><span class=\"sya_bracket\">(<\/span>Aktivitete<span class=\"sya_bracket\">)<\/span><\/span><\/div><\/li><li class=\"\"><div class=\"sya_postcontent\"><span class=\"sya_date\">25.10. <span class=\"sya_sep\">- <\/span><\/span><a href=\"https:\/\/erasmusplus.al\/?p=2084\" class=\"sya_postlink post-2084\" rel=\"bookmark\">Institutional Monitoring Visit held at the Agricultural University of Tirana<\/a> <span class=\"sya_categories\"><span class=\"sya_bracket\">(<\/span>Activities<span class=\"sya_bracket\">)<\/span><\/span><\/div><\/li><li class=\"\"><div class=\"sya_postcontent\"><span class=\"sya_date\">24.10. <span class=\"sya_sep\">- <\/span><\/span><a href=\"https:\/\/erasmusplus.al\/?p=2082&lang=sq\" class=\"sya_postlink post-2082\" rel=\"bookmark\">Zhvillohen takimet e Znj Anila Troshani, nga Agjencia Ekzekutive e Komisionit Evropian me institucionet partnere n\u00eb Shqip\u00ebri.<\/a> <span class=\"sya_categories\"><span class=\"sya_bracket\">(<\/span>Aktivitete<span class=\"sya_bracket\">)<\/span><\/span><\/div><\/li><li class=\"\"><div class=\"sya_postcontent\"><span class=\"sya_date\">24.10. <span class=\"sya_sep\">- <\/span><\/span><a href=\"https:\/\/erasmusplus.al\/?p=2069\" class=\"sya_postlink post-2069\" rel=\"bookmark\">Ms. Anila Troshani from the Executive Agency of the European Commission meets with partner institutions in Albania<\/a> <span class=\"sya_categories\"><span class=\"sya_bracket\">(<\/span>Activities<span class=\"sya_bracket\">)<\/span><\/span><\/div><\/li><li class=\"\"><div class=\"sya_postcontent\"><span class=\"sya_date\">20.10. <span class=\"sya_sep\">- <\/span><\/span><a href=\"https:\/\/erasmusplus.al\/?p=1290\" class=\"sya_postlink post-1290\" rel=\"bookmark\">Invitation to the \u201cErasmus + National Information Day\u201d event<\/a> <span class=\"sya_categories\"><span class=\"sya_bracket\">(<\/span>News<span class=\"sya_bracket\">)<\/span><\/span><\/div><\/li><li class=\"\"><div class=\"sya_postcontent\"><span class=\"sya_date\">06.10. <span class=\"sya_sep\">- <\/span><\/span><a href=\"https:\/\/erasmusplus.al\/?p=2104&lang=sq\" class=\"sya_postlink post-2104\" rel=\"bookmark\">Zhvillohet dita rajonale informative p\u00ebr Erasmus + n\u00eb universitetin \u201cFan Noli\u201d t\u00eb Kor\u00e7\u00ebs, m\u00eb 6 Tetor 2016.<\/a> <span class=\"sya_categories\"><span class=\"sya_bracket\">(<\/span>Aktivitete<span class=\"sya_bracket\">)<\/span><\/span><\/div><\/li><li class=\"\"><div class=\"sya_postcontent\"><span class=\"sya_date\">06.10. <span class=\"sya_sep\">- <\/span><\/span><a href=\"https:\/\/erasmusplus.al\/?p=2096\" class=\"sya_postlink post-2096\" rel=\"bookmark\">Regional Info Day at the University \u201cFan Noli\u201d of Kor\u00e7a, held on October 6th, 2016<\/a> <span class=\"sya_categories\"><span class=\"sya_bracket\">(<\/span>Activities<span class=\"sya_bracket\">)<\/span><\/span><\/div><\/li><li class=\"\"><div class=\"sya_postcontent\"><span class=\"sya_date\">05.10. <span class=\"sya_sep\">- <\/span><\/span><a href=\"https:\/\/erasmusplus.al\/?p=2121&lang=sq\" class=\"sya_postlink post-2121\" rel=\"bookmark\">Zhvillohet vizita monitoruese p\u00ebr Projektet ICM t\u00eb Universitetit t\u00eb Kor\u00e7\u00ebs.<\/a> <span class=\"sya_categories\"><span class=\"sya_bracket\">(<\/span>Aktivitete<span class=\"sya_bracket\">)<\/span><\/span><\/div><\/li><li class=\"\"><div class=\"sya_postcontent\"><span class=\"sya_date\">05.10. <span class=\"sya_sep\">- <\/span><\/span><a href=\"https:\/\/erasmusplus.al\/?p=2116\" class=\"sya_postlink post-2116\" rel=\"bookmark\">Field Monitoring Visit for the Erasmus+ ICM projects at University of Kor\u00e7a.<\/a> <span class=\"sya_categories\"><span class=\"sya_bracket\">(<\/span>Activities<span class=\"sya_bracket\">)<\/span><\/span><\/div><\/li><li class=\"\"><div class=\"sya_postcontent\"><span class=\"sya_date\">05.10. <span class=\"sya_sep\">- <\/span><\/span><a href=\"https:\/\/erasmusplus.al\/?p=2114&lang=sq\" class=\"sya_postlink post-2114\" rel=\"bookmark\">Zhvillohet vizita monitoruese p\u00ebr Projektin Tempus ENCHASE.<\/a> <span class=\"sya_categories\"><span class=\"sya_bracket\">(<\/span>Aktivitete<span class=\"sya_bracket\">)<\/span><\/span><\/div><\/li><li class=\"\"><div class=\"sya_postcontent\"><span class=\"sya_date\">05.10. <span class=\"sya_sep\">- <\/span><\/span><a href=\"https:\/\/erasmusplus.al\/?p=2106\" class=\"sya_postlink post-2106\" rel=\"bookmark\">Field Monitoring Visit for the Tempus Project \u201cEnhancing Albanian System Of Quality Assurance In Higher Education: Application Of The Process-and Outcome-Based Methodology &#8211; ENCHASE\u201d.<\/a> <span class=\"sya_categories\"><span class=\"sya_bracket\">(<\/span>Activities<span class=\"sya_bracket\">)<\/span><\/span><\/div><\/li><li class=\"\"><div class=\"sya_postcontent\"><span class=\"sya_date\">26.09. <span class=\"sya_sep\">- <\/span><\/span><a href=\"https:\/\/erasmusplus.al\/?p=2129&lang=sq\" class=\"sya_postlink post-2129\" rel=\"bookmark\">Zhvillohet vizita monitoruese p\u00ebr Projektet ICM t\u00eb Universitetit t\u00eb Tiran\u00ebs.<\/a> <span class=\"sya_categories\"><span class=\"sya_bracket\">(<\/span>Aktivitete<span class=\"sya_bracket\">)<\/span><\/span><\/div><\/li><li class=\"\"><div class=\"sya_postcontent\"><span class=\"sya_date\">26.09. <span class=\"sya_sep\">- <\/span><\/span><a href=\"https:\/\/erasmusplus.al\/?p=2123\" class=\"sya_postlink post-2123\" rel=\"bookmark\">Field Monitoring Visit for the Erasmus+ ICM projects at University of Tirana.<\/a> <span class=\"sya_categories\"><span class=\"sya_bracket\">(<\/span>Activities<span class=\"sya_bracket\">)<\/span><\/span><\/div><\/li><li class=\"\"><div class=\"sya_postcontent\"><span class=\"sya_date\">22.09. <span class=\"sya_sep\">- <\/span><\/span><a href=\"https:\/\/erasmusplus.al\/?p=1674&lang=sq\" class=\"sya_postlink post-1674\" rel=\"bookmark\">The HERE workshop on \u201cInnovation and information technology as a mean for improving and developing teaching methods\u201d<\/a> <span class=\"sya_categories\"><span class=\"sya_bracket\">(<\/span>HERE Aktivitete<span class=\"sya_bracket\">)<\/span><\/span><\/div><\/li><li class=\"\"><div class=\"sya_postcontent\"><span class=\"sya_date\">22.09. <span class=\"sya_sep\">- <\/span><\/span><a href=\"https:\/\/erasmusplus.al\/?p=1650\" class=\"sya_postlink post-1650\" rel=\"bookmark\">The HERE workshop on \u201cInnovation and information technology as a mean for improving and developing teaching methods\u201d<\/a> <span class=\"sya_categories\"><span class=\"sya_bracket\">(<\/span>HERE Activities<span class=\"sya_bracket\">)<\/span><\/span><\/div><\/li><li class=\"\"><div class=\"sya_postcontent\"><span class=\"sya_date\">23.07. <span class=\"sya_sep\">- <\/span><\/span><a href=\"https:\/\/erasmusplus.al\/?p=1296\" class=\"sya_postlink post-1296\" rel=\"bookmark\">Recommendations of the Round Table on \u2018How to boost the participation of Albanian Higher Education Institution in Erasmus + and Horizon 2020 are published.<\/a> <span class=\"sya_categories\"><span class=\"sya_bracket\">(<\/span>News<span class=\"sya_bracket\">)<\/span><\/span><\/div><\/li><li class=\"\"><div class=\"sya_postcontent\"><span class=\"sya_date\">20.07. <span class=\"sya_sep\">- <\/span><\/span><a href=\"https:\/\/erasmusplus.al\/?p=2146\" class=\"sya_postlink post-2146\" rel=\"bookmark\">The pre-departure ceremony for the Joint Masters Degree students held on July 20th, 2016.<\/a> <span class=\"sya_categories\"><span class=\"sya_bracket\">(<\/span>Activities<span class=\"sya_bracket\">)<\/span><\/span><\/div><\/li><li class=\"\"><div class=\"sya_postcontent\"><span class=\"sya_date\">14.07. <span class=\"sya_sep\">- <\/span><\/span><a href=\"https:\/\/erasmusplus.al\/?p=2143&lang=sq\" class=\"sya_postlink post-2143\" rel=\"bookmark\">Zhvillohet vizita monitoruese p\u00ebr Projektin Erasmus+ \u201cRe@WBC\u201d.<\/a> <span class=\"sya_categories\"><span class=\"sya_bracket\">(<\/span>Aktivitete<span class=\"sya_bracket\">)<\/span><\/span><\/div><\/li><li class=\"\"><div class=\"sya_postcontent\"><span class=\"sya_date\">14.07. <span class=\"sya_sep\">- <\/span><\/span><a href=\"https:\/\/erasmusplus.al\/?p=2132\" class=\"sya_postlink post-2132\" rel=\"bookmark\">Field Monitoring Visit for the Erasmus+ CBHE project \u201cRe@WBC\u201d.<\/a> <span class=\"sya_categories\"><span class=\"sya_bracket\">(<\/span>Activities<span class=\"sya_bracket\">)<\/span><\/span><\/div><\/li><li class=\"\"><div class=\"sya_postcontent\"><span class=\"sya_date\">07.07. <span class=\"sya_sep\">- <\/span><\/span><a href=\"https:\/\/erasmusplus.al\/?p=2167&lang=sq\" class=\"sya_postlink post-2167\" rel=\"bookmark\">Zhvillohet dita rajonale informative p\u00ebr Erasmus + n\u00eb universitetin \u201cIsmail Qemali\u201d t\u00eb Vlor\u00ebs, m\u00eb 7 Korrik 2016.<\/a> <span class=\"sya_categories\"><span class=\"sya_bracket\">(<\/span>Aktivitete<span class=\"sya_bracket\">)<\/span><\/span><\/div><\/li><li class=\"\"><div class=\"sya_postcontent\"><span class=\"sya_date\">07.07. <span class=\"sya_sep\">- <\/span><\/span><a href=\"https:\/\/erasmusplus.al\/?p=2157\" class=\"sya_postlink post-2157\" rel=\"bookmark\">Regional Info Day at the University \u201cIsmail Qemali\u201d of Vlora, held on July 7th, 2016.<\/a> <span class=\"sya_categories\"><span class=\"sya_bracket\">(<\/span>Activities<span class=\"sya_bracket\">)<\/span><\/span><\/div><\/li><li class=\"\"><div class=\"sya_postcontent\"><span class=\"sya_date\">28.06. <span class=\"sya_sep\">- <\/span><\/span><a href=\"https:\/\/erasmusplus.al\/?p=1299\" class=\"sya_postlink post-1299\" rel=\"bookmark\">Second round call in ERASMUS + KA1 \u201cInternational Credit Mobilities\u201d.<\/a> <span class=\"sya_categories\"><span class=\"sya_bracket\">(<\/span>News<span class=\"sya_bracket\">)<\/span><\/span><\/div><\/li><li class=\"\"><div class=\"sya_postcontent\"><span class=\"sya_date\">26.05. <span class=\"sya_sep\">- <\/span><\/span><a href=\"https:\/\/erasmusplus.al\/?p=1302\" class=\"sya_postlink post-1302\" rel=\"bookmark\">Round Table on \u2018How to boost the participation of Albanian Higher Education Institution in Erasmus + and Horizon 2020.<\/a> <span class=\"sya_categories\"><span class=\"sya_bracket\">(<\/span>News<span class=\"sya_bracket\">)<\/span><\/span><\/div><\/li><li class=\"\"><div class=\"sya_postcontent\"><span class=\"sya_date\">26.05. <span class=\"sya_sep\">- <\/span><\/span><a href=\"https:\/\/erasmusplus.al\/?p=2187&lang=sq\" class=\"sya_postlink post-2187\" rel=\"bookmark\">Zhvillohet tryeza e rrumbullak\u00ebt me tem\u00eb \u201cSi t\u00eb nxisim pjes\u00ebmarrjen e IAL-ve shqiptare n\u00eb programet Erasmus+ dhe Horizon 2020\u201d<\/a> <span class=\"sya_categories\"><span class=\"sya_bracket\">(<\/span>Aktivitete<span class=\"sya_bracket\">)<\/span><\/span><\/div><\/li><li class=\"\"><div class=\"sya_postcontent\"><span class=\"sya_date\">26.05. <span class=\"sya_sep\">- <\/span><\/span><a href=\"https:\/\/erasmusplus.al\/?p=2169\" class=\"sya_postlink post-2169\" rel=\"bookmark\">Round Table on \u2018How to boost the participation of Albanian Higher Education Institution in Erasmus + and Horizon 2020<\/a> <span class=\"sya_categories\"><span class=\"sya_bracket\">(<\/span>Activities<span class=\"sya_bracket\">)<\/span><\/span><\/div><\/li><li class=\"\"><div class=\"sya_postcontent\"><span class=\"sya_date\">25.05. <span class=\"sya_sep\">- <\/span><\/span><a href=\"https:\/\/erasmusplus.al\/?p=2203&lang=sq\" class=\"sya_postlink post-2203\" rel=\"bookmark\">Zhvillohet vizita monitoruese p\u00ebr Projektin Erasmus+ \u201cSh\u00ebrbimet Mb\u00ebshtet\u00ebse p\u00ebr Rretin e Librarive\u201d.<\/a> <span class=\"sya_categories\"><span class=\"sya_bracket\">(<\/span>Aktivitete<span class=\"sya_bracket\">)<\/span><\/span><\/div><\/li><li class=\"\"><div class=\"sya_postcontent\"><span class=\"sya_date\">25.05. <span class=\"sya_sep\">- <\/span><\/span><a href=\"https:\/\/erasmusplus.al\/?p=1364\" class=\"sya_postlink post-1364\" rel=\"bookmark\">Field Monitoring Visit for Tempus Project \u201cEmpowering Universities to fulfil their Responsibility for Quality Assurance- EUREQA\u201d<\/a> <span class=\"sya_categories\"><span class=\"sya_bracket\">(<\/span>Activities, News<span class=\"sya_bracket\">)<\/span><\/span><\/div><\/li><li class=\"\"><div class=\"sya_postcontent\"><span class=\"sya_date\">25.05. <span class=\"sya_sep\">- <\/span><\/span><a href=\"https:\/\/erasmusplus.al\/?p=1355\" class=\"sya_postlink post-1355\" rel=\"bookmark\">Field Monitoring Visit for the Erasmus + CBHE project \u201cLibrary Network Support Services\u201d<\/a> <span class=\"sya_categories\"><span class=\"sya_bracket\">(<\/span>Activities, News<span class=\"sya_bracket\">)<\/span><\/span><\/div><\/li><li class=\"\"><div class=\"sya_postcontent\"><span class=\"sya_date\">24.05. <span class=\"sya_sep\">- <\/span><\/span><a href=\"https:\/\/erasmusplus.al\/?p=2201&lang=sq\" class=\"sya_postlink post-2201\" rel=\"bookmark\">Zhvillohet vizita monitoruese p\u00ebr Projektin Tempus \u201cFuqizimi i universiteteve p\u00ebr t\u00eb p\u00ebrmbushur p\u00ebrgjegj\u00ebsit\u00eb e veta p\u00ebr sigurimin e cil\u00ebsis\u00eb \u2013 EUREQA\u201d.<\/a> <span class=\"sya_categories\"><span class=\"sya_bracket\">(<\/span>Aktivitete, Njoftime<span class=\"sya_bracket\">)<\/span><\/span><\/div><\/li><li class=\"\"><div class=\"sya_postcontent\"><span class=\"sya_date\">24.05. <span class=\"sya_sep\">- <\/span><\/span><a href=\"https:\/\/erasmusplus.al\/?p=2198&lang=sq\" class=\"sya_postlink post-2198\" rel=\"bookmark\">Zhvillohet \u201cTakimi informues mbi Programin Erasmus+ m\u00eb 24 Maj, 2016<\/a> <span class=\"sya_categories\"><span class=\"sya_bracket\">(<\/span>Aktivitete<span class=\"sya_bracket\">)<\/span><\/span><\/div><\/li><li class=\"\"><div class=\"sya_postcontent\"><span class=\"sya_date\">24.05. <span class=\"sya_sep\">- <\/span><\/span><a href=\"https:\/\/erasmusplus.al\/?p=2189\" class=\"sya_postlink post-2189\" rel=\"bookmark\">\u201cInformation meeting on Erasmus +\u201d held on May 24th, 2016<\/a> <span class=\"sya_categories\"><span class=\"sya_bracket\">(<\/span>Activities<span class=\"sya_bracket\">)<\/span><\/span><\/div><\/li><li class=\"\"><div class=\"sya_postcontent\"><span class=\"sya_date\">24.05. <span class=\"sya_sep\">- <\/span><\/span><a href=\"https:\/\/erasmusplus.al\/?p=1371\" class=\"sya_postlink post-1371\" rel=\"bookmark\">\u201cInformation meeting on Erasmus +\u201d held on May 24th, 2016<\/a> <span class=\"sya_categories\"><span class=\"sya_bracket\">(<\/span>News<span class=\"sya_bracket\">)<\/span><\/span><\/div><\/li><li class=\"\"><div class=\"sya_postcontent\"><span class=\"sya_date\">18.05. <span class=\"sya_sep\">- <\/span><\/span><a href=\"https:\/\/erasmusplus.al\/?p=1380\" class=\"sya_postlink post-1380\" rel=\"bookmark\">Invitation to the \u201cInformation meeting on Erasmus +\u201d on May 24th, 2016<\/a> <span class=\"sya_categories\"><span class=\"sya_bracket\">(<\/span>News<span class=\"sya_bracket\">)<\/span><\/span><\/div><\/li><li class=\"\"><div class=\"sya_postcontent\"><span class=\"sya_date\">13.05. <span class=\"sya_sep\">- <\/span><\/span><a href=\"https:\/\/erasmusplus.al\/?p=2212&lang=sq\" class=\"sya_postlink post-2212\" rel=\"bookmark\">Zhvillohet vizita monitoruese p\u00ebr Projektin Tempus DEREL.<\/a> <span class=\"sya_categories\"><span class=\"sya_bracket\">(<\/span>Aktivitete<span class=\"sya_bracket\">)<\/span><\/span><\/div><\/li><li class=\"\"><div class=\"sya_postcontent\"><span class=\"sya_date\">13.05. <span class=\"sya_sep\">- <\/span><\/span><a href=\"https:\/\/erasmusplus.al\/?p=2205\" class=\"sya_postlink post-2205\" rel=\"bookmark\">Field Monitoring Visit for the Tempus Project \u201cDevelopment of Environmental and Resource Engineering Learning (DEREL)\u201d<\/a> <span class=\"sya_categories\"><span class=\"sya_bracket\">(<\/span>Activities<span class=\"sya_bracket\">)<\/span><\/span><\/div><\/li><li class=\"\"><div class=\"sya_postcontent\"><span class=\"sya_date\">02.05. <span class=\"sya_sep\">- <\/span><\/span><a href=\"https:\/\/erasmusplus.al\/?p=1382\" class=\"sya_postlink post-1382\" rel=\"bookmark\">Invitation to the forum: \u201cErasmus + in Strengthening Skills for Albanian Professionals\u201d, on May 12th, 2016<\/a> <span class=\"sya_categories\"><span class=\"sya_bracket\">(<\/span>News<span class=\"sya_bracket\">)<\/span><\/span><\/div><\/li><li class=\"\"><div class=\"sya_postcontent\"><span class=\"sya_date\">14.04. <span class=\"sya_sep\">- <\/span><\/span><a href=\"https:\/\/erasmusplus.al\/?p=2230&lang=sq\" class=\"sya_postlink post-2230\" rel=\"bookmark\">Zhvillohet vizita monitoruese p\u00ebr Projektin Tempus \u201cCil\u00ebsia n\u00eb k\u00ebrkim \u2013 QiR\u201d.<\/a> <span class=\"sya_categories\"><span class=\"sya_bracket\">(<\/span>Aktivitete<span class=\"sya_bracket\">)<\/span><\/span><\/div><\/li><li class=\"\"><div class=\"sya_postcontent\"><span class=\"sya_date\">14.04. <span class=\"sya_sep\">- <\/span><\/span><a href=\"https:\/\/erasmusplus.al\/?p=2221&lang=sq\" class=\"sya_postlink post-2221\" rel=\"bookmark\">Zhvillohet vizita monitoruese p\u00ebr Projektin Tempus \u201cINTERFACE\u201d.<\/a> <span class=\"sya_categories\"><span class=\"sya_bracket\">(<\/span>Aktivitete<span class=\"sya_bracket\">)<\/span><\/span><\/div><\/li><li class=\"\"><div class=\"sya_postcontent\"><span class=\"sya_date\">14.04. <span class=\"sya_sep\">- <\/span><\/span><a href=\"https:\/\/erasmusplus.al\/?p=2214\" class=\"sya_postlink post-2214\" rel=\"bookmark\">Field Monitoring Visit for the Tempus project \u201cINTERFACE\u201d<\/a> <span class=\"sya_categories\"><span class=\"sya_bracket\">(<\/span>Activities<span class=\"sya_bracket\">)<\/span><\/span><\/div><\/li><li class=\"\"><div class=\"sya_postcontent\"><span class=\"sya_date\">13.04. <span class=\"sya_sep\">- <\/span><\/span><a href=\"https:\/\/erasmusplus.al\/?p=2223\" class=\"sya_postlink post-2223\" rel=\"bookmark\">Field Monitoring Visit for the Tempus project \u201cQuality in Research \u2013 QiR\u201d<\/a> <span class=\"sya_categories\"><span class=\"sya_bracket\">(<\/span>Activities<span class=\"sya_bracket\">)<\/span><\/span><\/div><\/li><li class=\"\"><div class=\"sya_postcontent\"><span class=\"sya_date\">09.03. <span class=\"sya_sep\">- <\/span><\/span><a href=\"https:\/\/erasmusplus.al\/?p=2239&lang=sq\" class=\"sya_postlink post-2239\" rel=\"bookmark\">Zhvillohet vizita monitoruese p\u00ebr Projektin Tempus \u201cDOCSMES\u201d.<\/a> <span class=\"sya_categories\"><span class=\"sya_bracket\">(<\/span>Aktivitete<span class=\"sya_bracket\">)<\/span><\/span><\/div><\/li><li class=\"\"><div class=\"sya_postcontent\"><span class=\"sya_date\">09.03. <span class=\"sya_sep\">- <\/span><\/span><a href=\"https:\/\/erasmusplus.al\/?p=2232\" class=\"sya_postlink post-2232\" rel=\"bookmark\">Field Monitoring Visit for the Tempus project \u201cRegional Joint Doctoral Programme in Entrepreneurship and SME Management for Western Balkan Countries- DOCSMES\u201d.<\/a> <span class=\"sya_categories\"><span class=\"sya_bracket\">(<\/span>Activities<span class=\"sya_bracket\">)<\/span><\/span><\/div><\/li><li class=\"\"><div class=\"sya_postcontent\"><span class=\"sya_date\">02.03. <span class=\"sya_sep\">- <\/span><\/span><a href=\"https:\/\/erasmusplus.al\/?p=2251&lang=sq\" class=\"sya_postlink post-2251\" rel=\"bookmark\">Vizita Monitoruese p\u00ebr Projektin Erasmus + CBHE \u201cMb\u00ebshtetja strategjike p\u00ebr forcimin e strukturave t\u00eb sigurimit t\u00eb cil\u00ebsis\u00eb n\u00eb institucionet e arsimit t\u00eb lart\u00eb privat n\u00eb Shqip\u00ebri\u201d<\/a> <span class=\"sya_categories\"><span class=\"sya_bracket\">(<\/span>Aktivitete<span class=\"sya_bracket\">)<\/span><\/span><\/div><\/li><li class=\"\"><div class=\"sya_postcontent\"><span class=\"sya_date\">02.03. <span class=\"sya_sep\">- <\/span><\/span><a href=\"https:\/\/erasmusplus.al\/?p=2241\" class=\"sya_postlink post-2241\" rel=\"bookmark\">Field Monitoring Visit for the Erasmus + CBHE project \u201cStrategic support on strengthening the quality assurance structures at the private higher education institutions in Albania\u201d.<\/a> <span class=\"sya_categories\"><span class=\"sya_bracket\">(<\/span>Activities<span class=\"sya_bracket\">)<\/span><\/span><\/div><\/li><li class=\"\"><div class=\"sya_postcontent\"><span class=\"sya_date\">23.02. <span class=\"sya_sep\">- <\/span><\/span><a href=\"https:\/\/erasmusplus.al\/?p=1385\" class=\"sya_postlink post-1385\" rel=\"bookmark\">European Voluntary Service celebrates 20 years!<\/a> <span class=\"sya_categories\"><span class=\"sya_bracket\">(<\/span>News<span class=\"sya_bracket\">)<\/span><\/span><\/div><\/li><li class=\"\"><div class=\"sya_postcontent\"><span class=\"sya_date\">30.01. <span class=\"sya_sep\">- <\/span><\/span><a href=\"https:\/\/erasmusplus.al\/?p=2277&lang=sq\" class=\"sya_postlink post-2277\" rel=\"bookmark\">Dit\u00ebt rajonale informative p\u00ebr Erasmus +<\/a> <span class=\"sya_categories\"><span class=\"sya_bracket\">(<\/span>Aktivitete, Njoftime<span class=\"sya_bracket\">)<\/span><\/span><\/div><\/li><li class=\"\"><div class=\"sya_postcontent\"><span class=\"sya_date\">30.01. <span class=\"sya_sep\">- <\/span><\/span><a href=\"https:\/\/erasmusplus.al\/?p=1387\" class=\"sya_postlink post-1387\" rel=\"bookmark\">Erasmus + Regional Information Days<\/a> <span class=\"sya_categories\"><span class=\"sya_bracket\">(<\/span>Activities, News<span class=\"sya_bracket\">)<\/span><\/span><\/div><\/li><li class=\"\"><div class=\"sya_postcontent\"><span class=\"sya_date\">07.01. <span class=\"sya_sep\">- <\/span><\/span><a href=\"https:\/\/erasmusplus.al\/?p=2290&lang=sq\" class=\"sya_postlink post-2290\" rel=\"bookmark\">Field Monitoring Visit for the Tempus project \u201cModernizing and harmonizing maritime education in Montenegro and Albania- MArED\u201d.<\/a> <span class=\"sya_categories\"><span class=\"sya_bracket\">(<\/span>Aktivitete<span class=\"sya_bracket\">)<\/span><\/span><\/div><\/li><li class=\"\"><div class=\"sya_postcontent\"><span class=\"sya_date\">07.01. <span class=\"sya_sep\">- <\/span><\/span><a href=\"https:\/\/erasmusplus.al\/?p=2280\" class=\"sya_postlink post-2280\" rel=\"bookmark\">Field Monitoring Visit for the Tempus project \u201cModernizing and harmonizing maritime education in Montenegro and Albania- MArED\u201d<\/a> <span class=\"sya_categories\"><span class=\"sya_bracket\">(<\/span>Activities<span class=\"sya_bracket\">)<\/span><\/span><\/div><\/li><\/ul><\/div><!-- [et_pb_line_break_holder] --><div class=\"sya_container\" id=\"sya_container\"><p class=\"sya_yearslist\" id=\"sya_yearslist\"><a href=\"#year2015\">2015<\/a><\/p><h2><a id=\"year2015\"><\/a><a href=\"https:\/\/erasmusplus.al\/?m=2015\" rel=\"section\">2015<\/a> <span class=\"sya_yearcount\"><span class=\"sya_bracket\">(<\/span>39<span class=\"sya_bracket\">)<\/span><\/span><\/h2><ul><li class=\"\"><div class=\"sya_postcontent\"><span class=\"sya_date\">11.12. <span class=\"sya_sep\">- <\/span><\/span><a href=\"https:\/\/erasmusplus.al\/?p=1436\" class=\"sya_postlink post-1436\" rel=\"bookmark\">Higher Education Institutions in Erasmus + International Credit Mobility projects.<\/a> <span class=\"sya_categories\"><span class=\"sya_bracket\">(<\/span>News<span class=\"sya_bracket\">)<\/span><\/span><\/div><\/li><li class=\"\"><div class=\"sya_postcontent\"><span class=\"sya_date\">20.11. <span class=\"sya_sep\">- <\/span><\/span><a href=\"https:\/\/erasmusplus.al\/?p=2302&lang=sq\" class=\"sya_postlink post-2302\" rel=\"bookmark\">Seminari komb\u00ebtar mbi \u201cFinancimin e institucioneve t\u00eb arsimit t\u00eb lart\u00eb n\u00eb kuad\u00ebr t\u00eb ligjit t\u00eb ri t\u00eb t\u00eb arsimit t\u00eb lart\u00eb\u201d<\/a> <span class=\"sya_categories\"><span class=\"sya_bracket\">(<\/span>Aktivitete<span class=\"sya_bracket\">)<\/span><\/span><\/div><\/li><li class=\"\"><div class=\"sya_postcontent\"><span class=\"sya_date\">20.11. <span class=\"sya_sep\">- <\/span><\/span><a href=\"https:\/\/erasmusplus.al\/?p=2292\" class=\"sya_postlink post-2292\" rel=\"bookmark\">National Seminar on \u2018Financing Higher Education Institutions in the framework of the new Law of Higher Education\u201d<\/a> <span class=\"sya_categories\"><span class=\"sya_bracket\">(<\/span>Activities<span class=\"sya_bracket\">)<\/span><\/span><\/div><\/li><li class=\"\"><div class=\"sya_postcontent\"><span class=\"sya_date\">19.11. <span class=\"sya_sep\">- <\/span><\/span><a href=\"https:\/\/erasmusplus.al\/?p=1441\" class=\"sya_postlink post-1441\" rel=\"bookmark\">National Seminar on \u2018Financing Higher Education Institutions in the framework of the new Law of Higher Education\u201d<\/a> <span class=\"sya_categories\"><span class=\"sya_bracket\">(<\/span>News<span class=\"sya_bracket\">)<\/span><\/span><\/div><\/li><li class=\"\"><div class=\"sya_postcontent\"><span class=\"sya_date\">12.11. <span class=\"sya_sep\">- <\/span><\/span><a href=\"https:\/\/erasmusplus.al\/?p=1453\" class=\"sya_postlink post-1453\" rel=\"bookmark\">Erasmus + National Info Day\u201d held on November 11th, 2015<\/a> <span class=\"sya_categories\"><span class=\"sya_bracket\">(<\/span>News<span class=\"sya_bracket\">)<\/span><\/span><\/div><\/li><li class=\"\"><div class=\"sya_postcontent\"><span class=\"sya_date\">12.11. <span class=\"sya_sep\">- <\/span><\/span><a href=\"https:\/\/erasmusplus.al\/?p=2320&lang=sq\" class=\"sya_postlink post-2320\" rel=\"bookmark\">Zhvillohet vizita monitoruese p\u00ebr Projektin Tempus RINGIDEA.<\/a> <span class=\"sya_categories\"><span class=\"sya_bracket\">(<\/span>Aktivitete<span class=\"sya_bracket\">)<\/span><\/span><\/div><\/li><li class=\"\"><div class=\"sya_postcontent\"><span class=\"sya_date\">12.11. <span class=\"sya_sep\">- <\/span><\/span><a href=\"https:\/\/erasmusplus.al\/?p=2315\" class=\"sya_postlink post-2315\" rel=\"bookmark\">Developing information literacy for lifelong learning and knowledge economy in Western Balkan countries \u2013 RINGIDEA\u201d<\/a> <span class=\"sya_categories\"><span class=\"sya_bracket\">(<\/span>Activities<span class=\"sya_bracket\">)<\/span><\/span><\/div><\/li><li class=\"\"><div class=\"sya_postcontent\"><span class=\"sya_date\">12.11. <span class=\"sya_sep\">- <\/span><\/span><a href=\"https:\/\/erasmusplus.al\/?p=2313&lang=sq\" class=\"sya_postlink post-2313\" rel=\"bookmark\">Zhvillohet vizita monitoruese p\u00ebr Projektin Tempus ENCHASE.<\/a> <span class=\"sya_categories\"><span class=\"sya_bracket\">(<\/span>Aktivitete<span class=\"sya_bracket\">)<\/span><\/span><\/div><\/li><li class=\"\"><div class=\"sya_postcontent\"><span class=\"sya_date\">12.11. <span class=\"sya_sep\">- <\/span><\/span><a href=\"https:\/\/erasmusplus.al\/?p=2304\" class=\"sya_postlink post-2304\" rel=\"bookmark\">Field Monitoring Visit for the Tempus Project \u201cEnhancing Albanian System Of Quality Assurance In Higher Education: Application Of The Process-and Outcome-Based Methodology \u2013 ENCHASE\u201d<\/a> <span class=\"sya_categories\"><span class=\"sya_bracket\">(<\/span>Activities<span class=\"sya_bracket\">)<\/span><\/span><\/div><\/li><li class=\"\"><div class=\"sya_postcontent\"><span class=\"sya_date\">31.10. <span class=\"sya_sep\">- <\/span><\/span><a href=\"https:\/\/erasmusplus.al\/?p=1492\" class=\"sya_postlink post-1492\" rel=\"bookmark\">Invitation to Erasmus+ \u201cNational Information Day\u201d, on November 11th, 2015!<\/a> <span class=\"sya_categories\"><span class=\"sya_bracket\">(<\/span>News<span class=\"sya_bracket\">)<\/span><\/span><\/div><\/li><li class=\"\"><div class=\"sya_postcontent\"><span class=\"sya_date\">21.10. <span class=\"sya_sep\">- <\/span><\/span><a href=\"https:\/\/erasmusplus.al\/?p=2330&lang=sq\" class=\"sya_postlink post-2330\" rel=\"bookmark\">Zhvillohet vizita monitoruese p\u00ebr Projektin Tempus ConSus.<\/a> <span class=\"sya_categories\"><span class=\"sya_bracket\">(<\/span>Aktivitete<span class=\"sya_bracket\">)<\/span><\/span><\/div><\/li><li class=\"\"><div class=\"sya_postcontent\"><span class=\"sya_date\">21.10. <span class=\"sya_sep\">- <\/span><\/span><a href=\"https:\/\/erasmusplus.al\/?p=2322\" class=\"sya_postlink post-2322\" rel=\"bookmark\">Field Monitoring Visit for the Tempus Project \u201cConnecting Science-Society Collaborations for Sustainability Innovations \u2013 ConSus\u201d<\/a> <span class=\"sya_categories\"><span class=\"sya_bracket\">(<\/span>Activities<span class=\"sya_bracket\">)<\/span><\/span><\/div><\/li><li class=\"\"><div class=\"sya_postcontent\"><span class=\"sya_date\">28.09. <span class=\"sya_sep\">- <\/span><\/span><a href=\"https:\/\/erasmusplus.al\/?p=2339&lang=sq\" class=\"sya_postlink post-2339\" rel=\"bookmark\">Zhvillohet vizita monitoruese p\u00ebr Projektin Tempus CCNURCA.<\/a> <span class=\"sya_categories\"><span class=\"sya_bracket\">(<\/span>Aktivitete<span class=\"sya_bracket\">)<\/span><\/span><\/div><\/li><li class=\"\"><div class=\"sya_postcontent\"><span class=\"sya_date\">28.09. <span class=\"sya_sep\">- <\/span><\/span><a href=\"https:\/\/erasmusplus.al\/?p=2332\" class=\"sya_postlink post-2332\" rel=\"bookmark\">Field Monitoring Visit for the Tempus Project \u201cCompetency Based Curriculum Reform in Nursing and Caring in Western Balkan Universities \u2013 CCNURCA\u201d<\/a> <span class=\"sya_categories\"><span class=\"sya_bracket\">(<\/span>Activities<span class=\"sya_bracket\">)<\/span><\/span><\/div><\/li><li class=\"\"><div class=\"sya_postcontent\"><span class=\"sya_date\">29.06. <span class=\"sya_sep\">- <\/span><\/span><a href=\"https:\/\/erasmusplus.al\/?p=2347&lang=sq\" class=\"sya_postlink post-2347\" rel=\"bookmark\">Zhvillohet vizita monitoruese p\u00ebr Projektin Tempus RESI<\/a> <span class=\"sya_categories\"><span class=\"sya_bracket\">(<\/span>Aktivitete<span class=\"sya_bracket\">)<\/span><\/span><\/div><\/li><li class=\"\"><div class=\"sya_postcontent\"><span class=\"sya_date\">29.06. <span class=\"sya_sep\">- <\/span><\/span><a href=\"https:\/\/erasmusplus.al\/?p=2341\" class=\"sya_postlink post-2341\" rel=\"bookmark\">Field Monitoring Visit for the Tempus Project \u201cRenewable Energy Studies in Western Balkan Countries \u2013RESI\u201d<\/a> <span class=\"sya_categories\"><span class=\"sya_bracket\">(<\/span>Activities<span class=\"sya_bracket\">)<\/span><\/span><\/div><\/li><li class=\"\"><div class=\"sya_postcontent\"><span class=\"sya_date\">24.06. <span class=\"sya_sep\">- <\/span><\/span><a href=\"https:\/\/erasmusplus.al\/?p=1497\" class=\"sya_postlink post-1497\" rel=\"bookmark\">Erasmus + National Seminar on \u2018Raising capacities of Albanian universities for internal governance<\/a> <span class=\"sya_categories\"><span class=\"sya_bracket\">(<\/span>News<span class=\"sya_bracket\">)<\/span><\/span><\/div><\/li><li class=\"\"><div class=\"sya_postcontent\"><span class=\"sya_date\">19.06. <span class=\"sya_sep\">- <\/span><\/span><a href=\"https:\/\/erasmusplus.al\/?p=2356&lang=sq\" class=\"sya_postlink post-2356\" rel=\"bookmark\">Zhvillohet vizita monitoruese p\u00ebr Projektin Tempus U3M \u2013 AL<\/a> <span class=\"sya_categories\"><span class=\"sya_bracket\">(<\/span>Aktivitete<span class=\"sya_bracket\">)<\/span><\/span><\/div><\/li><li class=\"\"><div class=\"sya_postcontent\"><span class=\"sya_date\">19.06. <span class=\"sya_sep\">- <\/span><\/span><a href=\"https:\/\/erasmusplus.al\/?p=2349\" class=\"sya_postlink post-2349\" rel=\"bookmark\">Field Monitoring Visit for the Tempus Project \u201cDeveloping Third Mission activities in Albanian Universities (U3M \u2013 AL)\u201d.<\/a> <span class=\"sya_categories\"><span class=\"sya_bracket\">(<\/span>Activities<span class=\"sya_bracket\">)<\/span><\/span><\/div><\/li><li class=\"\"><div class=\"sya_postcontent\"><span class=\"sya_date\">16.06. <span class=\"sya_sep\">- <\/span><\/span><a href=\"https:\/\/erasmusplus.al\/?p=2375&lang=sq\" class=\"sya_postlink post-2375\" rel=\"bookmark\">Zhvillohet Seminari Komb\u00ebtar Erasmus+ \u201cOrganizimi i brendsh\u00ebm i universiteteve dhe rritja e kapaciteteve p\u00ebr qeverisjen\u201d<\/a> <span class=\"sya_categories\"><span class=\"sya_bracket\">(<\/span>Aktivitete<span class=\"sya_bracket\">)<\/span><\/span><\/div><\/li><li class=\"\"><div class=\"sya_postcontent\"><span class=\"sya_date\">16.06. <span class=\"sya_sep\">- <\/span><\/span><a href=\"https:\/\/erasmusplus.al\/?p=2358\" class=\"sya_postlink post-2358\" rel=\"bookmark\">Erasmus + National Seminar on \u2018Raising capacities of Albanian universities for internal governance<\/a> <span class=\"sya_categories\"><span class=\"sya_bracket\">(<\/span>Activities<span class=\"sya_bracket\">)<\/span><\/span><\/div><\/li><li class=\"\"><div class=\"sya_postcontent\"><span class=\"sya_date\">08.06. <span class=\"sya_sep\">- <\/span><\/span><a href=\"https:\/\/erasmusplus.al\/?p=1516&lang=sq\" class=\"sya_postlink post-1516\" rel=\"bookmark\">AGJENCIA KOMB\u00cbTARE E ARSIMIT, FORMIMIT PROFESIONAL DHE KUALIFIKIMEVE<\/a> <span class=\"sya_categories\"><span class=\"sya_bracket\">(<\/span>Njoftime<span class=\"sya_bracket\">)<\/span><\/span><\/div><\/li><li class=\"\"><div class=\"sya_postcontent\"><span class=\"sya_date\">08.06. <span class=\"sya_sep\">- <\/span><\/span><a href=\"https:\/\/erasmusplus.al\/?p=1514\" class=\"sya_postlink post-1514\" rel=\"bookmark\">AGJENCIA KOMB\u00cbTARE E ARSIMIT, FORMIMIT PROFESIONAL DHE KUALIFIKIMEVE<\/a> <span class=\"sya_categories\"><span class=\"sya_bracket\">(<\/span>News<span class=\"sya_bracket\">)<\/span><\/span><\/div><\/li><li class=\"\"><div class=\"sya_postcontent\"><span class=\"sya_date\">05.06. <span class=\"sya_sep\">- <\/span><\/span><a href=\"https:\/\/erasmusplus.al\/?p=1521&lang=sq\" class=\"sya_postlink post-1521\" rel=\"bookmark\">Erasmus + National Seminar on \u2018Raising capacities of Albanian universities for internal governance\u201d.<\/a> <span class=\"sya_categories\"><span class=\"sya_bracket\">(<\/span>Njoftime<span class=\"sya_bracket\">)<\/span><\/span><\/div><\/li><li class=\"\"><div class=\"sya_postcontent\"><span class=\"sya_date\">05.06. <span class=\"sya_sep\">- <\/span><\/span><a href=\"https:\/\/erasmusplus.al\/?p=1518\" class=\"sya_postlink post-1518\" rel=\"bookmark\">Erasmus + National Seminar on \u2018Raising capacities of Albanian universities for internal governance\u201d<\/a> <span class=\"sya_categories\"><span class=\"sya_bracket\">(<\/span>News<span class=\"sya_bracket\">)<\/span><\/span><\/div><\/li><li class=\"\"><div class=\"sya_postcontent\"><span class=\"sya_date\">27.05. <span class=\"sya_sep\">- <\/span><\/span><a href=\"https:\/\/erasmusplus.al\/?p=1525&lang=sq\" class=\"sya_postlink post-1525\" rel=\"bookmark\">MUND\u00cbSIT\u00cb P\u00cbR STUDENT\u00cbT DHE STAFET N\u00cb ERASMUS +<\/a> <span class=\"sya_categories\"><span class=\"sya_bracket\">(<\/span>Njoftime<span class=\"sya_bracket\">)<\/span><\/span><\/div><\/li><li class=\"\"><div class=\"sya_postcontent\"><span class=\"sya_date\">27.05. <span class=\"sya_sep\">- <\/span><\/span><a href=\"https:\/\/erasmusplus.al\/?p=1523\" class=\"sya_postlink post-1523\" rel=\"bookmark\">ERASMUS+ OPPORTUNITIES FOR STUDENT AND STAFF<\/a> <span class=\"sya_categories\"><span class=\"sya_bracket\">(<\/span>News<span class=\"sya_bracket\">)<\/span><\/span><\/div><\/li><li class=\"\"><div class=\"sya_postcontent\"><span class=\"sya_date\">25.05. <span class=\"sya_sep\">- <\/span><\/span><a href=\"https:\/\/erasmusplus.al\/?p=2382&lang=sq\" class=\"sya_postlink post-2382\" rel=\"bookmark\">Zhvillohet vizita monitoruese p\u00ebr Projektin Tempus RICUM<\/a> <span class=\"sya_categories\"><span class=\"sya_bracket\">(<\/span>Aktivitete<span class=\"sya_bracket\">)<\/span><\/span><\/div><\/li><li class=\"\"><div class=\"sya_postcontent\"><span class=\"sya_date\">25.05. <span class=\"sya_sep\">- <\/span><\/span><a href=\"https:\/\/erasmusplus.al\/?p=2377\" class=\"sya_postlink post-2377\" rel=\"bookmark\">Field Monitoring Visit for the Tempus Project \u201cInnovation and Implementation of the Curriculum Vocational Studies in the Field of Digital Television and Multimedia \u2013 RICUM\u201d<\/a> <span class=\"sya_categories\"><span class=\"sya_bracket\">(<\/span>Activities<span class=\"sya_bracket\">)<\/span><\/span><\/div><\/li><li class=\"\"><div class=\"sya_postcontent\"><span class=\"sya_date\">11.05. <span class=\"sya_sep\">- <\/span><\/span><a href=\"https:\/\/erasmusplus.al\/?p=1531&lang=sq\" class=\"sya_postlink post-1531\" rel=\"bookmark\">MUND\u00cbSI E DYT\u00cb P\u00cbR SHK\u00cbMBIME N\u00cb ERASMUS +<\/a> <span class=\"sya_categories\"><span class=\"sya_bracket\">(<\/span>Njoftime<span class=\"sya_bracket\">)<\/span><\/span><\/div><\/li><li class=\"\"><div class=\"sya_postcontent\"><span class=\"sya_date\">11.05. <span class=\"sya_sep\">- <\/span><\/span><a href=\"https:\/\/erasmusplus.al\/?p=1529\" class=\"sya_postlink post-1529\" rel=\"bookmark\">Second round call in ERASMUS + KA1 \u201cInternational Credit Mobilities\u201d.<\/a> <span class=\"sya_categories\"><span class=\"sya_bracket\">(<\/span>News<span class=\"sya_bracket\">)<\/span><\/span><\/div><\/li><li class=\"\"><div class=\"sya_postcontent\"><span class=\"sya_date\">27.04. <span class=\"sya_sep\">- <\/span><\/span><a href=\"https:\/\/erasmusplus.al\/?p=2394&lang=sq\" class=\"sya_postlink post-2394\" rel=\"bookmark\">Vizita Monitoruese p\u00ebr Projektin Tempus \u201cVendosja e t\u00eb drejtave t\u00eb njeriut n\u00eb zem\u00ebr t\u00eb arsimit t\u00eb lart\u00eb (Heart)\u201d<\/a> <span class=\"sya_categories\"><span class=\"sya_bracket\">(<\/span>Aktivitete<span class=\"sya_bracket\">)<\/span><\/span><\/div><\/li><li class=\"\"><div class=\"sya_postcontent\"><span class=\"sya_date\">27.04. <span class=\"sya_sep\">- <\/span><\/span><a href=\"https:\/\/erasmusplus.al\/?p=2384\" class=\"sya_postlink post-2384\" rel=\"bookmark\">Field Monitoring Visit for the Tempus Project \u201cHigher Education Action for Rights Teaching \u2013 HEART\u201d<\/a> <span class=\"sya_categories\"><span class=\"sya_bracket\">(<\/span>Activities<span class=\"sya_bracket\">)<\/span><\/span><\/div><\/li><li class=\"\"><div class=\"sya_postcontent\"><span class=\"sya_date\">30.03. <span class=\"sya_sep\">- <\/span><\/span><a href=\"https:\/\/erasmusplus.al\/?p=2404&lang=sq\" class=\"sya_postlink post-2404\" rel=\"bookmark\">Vizita Monitoruese p\u00ebr Projektin Tempus \u201cProfesionet sportive \u2013 edukimi, pun\u00ebsimi, zhvillimi n\u00eb rajonin e Ballkanit- SPEED\u201d<\/a> <span class=\"sya_categories\"><span class=\"sya_bracket\">(<\/span>Aktivitete<span class=\"sya_bracket\">)<\/span><\/span><\/div><\/li><li class=\"\"><div class=\"sya_postcontent\"><span class=\"sya_date\">30.03. <span class=\"sya_sep\">- <\/span><\/span><a href=\"https:\/\/erasmusplus.al\/?p=2396\" class=\"sya_postlink post-2396\" rel=\"bookmark\">Field Monitoring Visit for the Tempus Project \u201cSport Professions \u2013 Education, Employment, Development in the Balkan Region- SPEED\u201d<\/a> <span class=\"sya_categories\"><span class=\"sya_bracket\">(<\/span>Activities<span class=\"sya_bracket\">)<\/span><\/span><\/div><\/li><li class=\"\"><div class=\"sya_postcontent\"><span class=\"sya_date\">28.01. <span class=\"sya_sep\">- <\/span><\/span><a href=\"https:\/\/erasmusplus.al\/?p=1536&lang=sq\" class=\"sya_postlink post-1536\" rel=\"bookmark\">Aplikoni per shk\u00ebmbime afatshkurtra n\u00eb Erasmus Mundus.<\/a> <span class=\"sya_categories\"><span class=\"sya_bracket\">(<\/span>Njoftime<span class=\"sya_bracket\">)<\/span><\/span><\/div><\/li><li class=\"\"><div class=\"sya_postcontent\"><span class=\"sya_date\">28.01. <span class=\"sya_sep\">- <\/span><\/span><a href=\"https:\/\/erasmusplus.al\/?p=1534\" class=\"sya_postlink post-1534\" rel=\"bookmark\">Aplikoni per shk\u00ebmbime afatshkurtra n\u00eb Erasmus Mundus<\/a> <span class=\"sya_categories\"><span class=\"sya_bracket\">(<\/span>News<span class=\"sya_bracket\">)<\/span><\/span><\/div><\/li><li class=\"\"><div class=\"sya_postcontent\"><span class=\"sya_date\">06.01. <span class=\"sya_sep\">- <\/span><\/span><a href=\"https:\/\/erasmusplus.al\/?p=1540&lang=sq\" class=\"sya_postlink post-1540\" rel=\"bookmark\">Si plot\u00ebsohet formulari i aplikimit p\u00ebr projektet e Capacity Building<\/a> <span class=\"sya_categories\"><span class=\"sya_bracket\">(<\/span>Njoftime<span class=\"sya_bracket\">)<\/span><\/span><\/div><\/li><li class=\"\"><div class=\"sya_postcontent\"><span class=\"sya_date\">06.01. <span class=\"sya_sep\">- <\/span><\/span><a href=\"https:\/\/erasmusplus.al\/?p=1538\" class=\"sya_postlink post-1538\" rel=\"bookmark\">How to complete the Application Package in Capacity Building<\/a> <span class=\"sya_categories\"><span class=\"sya_bracket\">(<\/span>News<span class=\"sya_bracket\">)<\/span><\/span><\/div><\/li><\/ul><\/div><!-- [et_pb_line_break_holder] --><div class=\"sya_container\" id=\"sya_container\"><p class=\"sya_yearslist\" id=\"sya_yearslist\"><a href=\"#year2014\">2014<\/a><\/p><h2><a id=\"year2014\"><\/a><a href=\"https:\/\/erasmusplus.al\/?m=2014\" rel=\"section\">2014<\/a> <span class=\"sya_yearcount\"><span class=\"sya_bracket\">(<\/span>20<span class=\"sya_bracket\">)<\/span><\/span><\/h2><ul><li class=\"\"><div class=\"sya_postcontent\"><span class=\"sya_date\">22.12. <span class=\"sya_sep\">- <\/span><\/span><a href=\"https:\/\/erasmusplus.al\/?p=2439&lang=sq\" class=\"sya_postlink post-2439\" rel=\"bookmark\">7 (Seven) Regional Information Days<\/a> <span class=\"sya_categories\"><span class=\"sya_bracket\">(<\/span>Aktivitete<span class=\"sya_bracket\">)<\/span><\/span><\/div><\/li><li class=\"\"><div class=\"sya_postcontent\"><span class=\"sya_date\">22.12. <span class=\"sya_sep\">- <\/span><\/span><a href=\"https:\/\/erasmusplus.al\/?p=2406\" class=\"sya_postlink post-2406\" rel=\"bookmark\">7 (Seven) Regional Information Days<\/a> <span class=\"sya_categories\"><span class=\"sya_bracket\">(<\/span>Activities<span class=\"sya_bracket\">)<\/span><\/span><\/div><\/li><li class=\"\"><div class=\"sya_postcontent\"><span class=\"sya_date\">19.11. <span class=\"sya_sep\">- <\/span><\/span><a href=\"https:\/\/erasmusplus.al\/?p=2460&lang=sq\" class=\"sya_postlink post-2460\" rel=\"bookmark\">HERE National Workshop in Shkodra Univiersity on 19-th of November 2014<\/a> <span class=\"sya_categories\"><span class=\"sya_bracket\">(<\/span>Aktivitete, HERE Aktivitete<span class=\"sya_bracket\">)<\/span><\/span><\/div><\/li><li class=\"\"><div class=\"sya_postcontent\"><span class=\"sya_date\">19.11. <span class=\"sya_sep\">- <\/span><\/span><a href=\"https:\/\/erasmusplus.al\/?p=2442\" class=\"sya_postlink post-2442\" rel=\"bookmark\">HERE National Workshop in Shkodra Univiersity<\/a> <span class=\"sya_categories\"><span class=\"sya_bracket\">(<\/span>Activities, HERE Activities<span class=\"sya_bracket\">)<\/span><\/span><\/div><\/li><li class=\"\"><div class=\"sya_postcontent\"><span class=\"sya_date\">12.11. <span class=\"sya_sep\">- <\/span><\/span><a href=\"https:\/\/erasmusplus.al\/?p=1544&lang=sq\" class=\"sya_postlink post-1544\" rel=\"bookmark\">Kalendari i dit\u00ebve informuese per Erasmus+<\/a> <span class=\"sya_categories\"><span class=\"sya_bracket\">(<\/span>Njoftime<span class=\"sya_bracket\">)<\/span><\/span><\/div><\/li><li class=\"\"><div class=\"sya_postcontent\"><span class=\"sya_date\">12.11. <span class=\"sya_sep\">- <\/span><\/span><a href=\"https:\/\/erasmusplus.al\/?p=1542\" class=\"sya_postlink post-1542\" rel=\"bookmark\">Calendar of info days in Albania<\/a> <span class=\"sya_categories\"><span class=\"sya_bracket\">(<\/span>News<span class=\"sya_bracket\">)<\/span><\/span><\/div><\/li><li class=\"\"><div class=\"sya_postcontent\"><span class=\"sya_date\">07.11. <span class=\"sya_sep\">- <\/span><\/span><a href=\"https:\/\/erasmusplus.al\/?p=2475&lang=sq\" class=\"sya_postlink post-2475\" rel=\"bookmark\">National Info Day Erasmus+ (7-th of November 2014)<\/a> <span class=\"sya_categories\"><span class=\"sya_bracket\">(<\/span>Aktivitete<span class=\"sya_bracket\">)<\/span><\/span><\/div><\/li><li class=\"\"><div class=\"sya_postcontent\"><span class=\"sya_date\">07.11. <span class=\"sya_sep\">- <\/span><\/span><a href=\"https:\/\/erasmusplus.al\/?p=2462\" class=\"sya_postlink post-2462\" rel=\"bookmark\">National Info Day Erasmus+ (7-th of November 2014)<\/a> <span class=\"sya_categories\"><span class=\"sya_bracket\">(<\/span>Activities<span class=\"sya_bracket\">)<\/span><\/span><\/div><\/li><li class=\"\"><div class=\"sya_postcontent\"><span class=\"sya_date\">04.11. <span class=\"sya_sep\">- <\/span><\/span><a href=\"https:\/\/erasmusplus.al\/?p=1546\" class=\"sya_postlink post-1546\" rel=\"bookmark\">Invitation to Erasmus+ National Info Day: the 7-th of November<\/a> <span class=\"sya_categories\"><span class=\"sya_bracket\">(<\/span>News<span class=\"sya_bracket\">)<\/span><\/span><\/div><\/li><li class=\"\"><div class=\"sya_postcontent\"><span class=\"sya_date\">27.10. <span class=\"sya_sep\">- <\/span><\/span><a href=\"https:\/\/erasmusplus.al\/?p=2494&lang=sq\" class=\"sya_postlink post-2494\" rel=\"bookmark\">Info day \u201cLet\u2019s talk about Erasmus+\u201d (27-th of October 2014)<\/a> <span class=\"sya_categories\"><span class=\"sya_bracket\">(<\/span>Aktivitete<span class=\"sya_bracket\">)<\/span><\/span><\/div><\/li><li class=\"\"><div class=\"sya_postcontent\"><span class=\"sya_date\">27.10. <span class=\"sya_sep\">- <\/span><\/span><a href=\"https:\/\/erasmusplus.al\/?p=2479\" class=\"sya_postlink post-2479\" rel=\"bookmark\">Info day \u201cLet\u2019s talk about Erasmus+\u201d (27-th of October 2014)<\/a> <span class=\"sya_categories\"><span class=\"sya_bracket\">(<\/span>Activities<span class=\"sya_bracket\">)<\/span><\/span><\/div><\/li><li class=\"\"><div class=\"sya_postcontent\"><span class=\"sya_date\">24.10. <span class=\"sya_sep\">- <\/span><\/span><a href=\"https:\/\/erasmusplus.al\/?p=2506&lang=sq\" class=\"sya_postlink post-2506\" rel=\"bookmark\">\u201cErasmus+ coffee\u201d at EU Info center (24-th of October 2014)<\/a> <span class=\"sya_categories\"><span class=\"sya_bracket\">(<\/span>Aktivitete<span class=\"sya_bracket\">)<\/span><\/span><\/div><\/li><li class=\"\"><div class=\"sya_postcontent\"><span class=\"sya_date\">24.10. <span class=\"sya_sep\">- <\/span><\/span><a href=\"https:\/\/erasmusplus.al\/?p=2496\" class=\"sya_postlink post-2496\" rel=\"bookmark\">\u201cErasmus+ coffee\u201d at EU Info center<\/a> <span class=\"sya_categories\"><span class=\"sya_bracket\">(<\/span>Activities<span class=\"sya_bracket\">)<\/span><\/span><\/div><\/li><li class=\"\"><div class=\"sya_postcontent\"><span class=\"sya_date\">23.10. <span class=\"sya_sep\">- <\/span><\/span><a href=\"https:\/\/erasmusplus.al\/?p=1549\" class=\"sya_postlink post-1549\" rel=\"bookmark\">Invitation to \u201cLet\u2019s talk about Erasmus+\u201d meeting<\/a> <span class=\"sya_categories\"><span class=\"sya_bracket\">(<\/span>News<span class=\"sya_bracket\">)<\/span><\/span><\/div><\/li><li class=\"\"><div class=\"sya_postcontent\"><span class=\"sya_date\">22.10. <span class=\"sya_sep\">- <\/span><\/span><a href=\"https:\/\/erasmusplus.al\/?p=1553\" class=\"sya_postlink post-1553\" rel=\"bookmark\">Invitation to \u201cErasmus+ coffee\u201d at EU Info Center<\/a> <span class=\"sya_categories\"><span class=\"sya_bracket\">(<\/span>News<span class=\"sya_bracket\">)<\/span><\/span><\/div><\/li><li class=\"\"><div class=\"sya_postcontent\"><span class=\"sya_date\">22.10. <span class=\"sya_sep\">- <\/span><\/span><a href=\"https:\/\/erasmusplus.al\/?p=1551\" class=\"sya_postlink post-1551\" rel=\"bookmark\">Job vacancy in Erasmus+ Office Albania<\/a> <span class=\"sya_categories\"><span class=\"sya_bracket\">(<\/span>News<span class=\"sya_bracket\">)<\/span><\/span><\/div><\/li><li class=\"\"><div class=\"sya_postcontent\"><span class=\"sya_date\">18.08. <span class=\"sya_sep\">- <\/span><\/span><a href=\"https:\/\/erasmusplus.al\/?p=1555\" class=\"sya_postlink post-1555\" rel=\"bookmark\">HERE\u2019s activity report 2013<\/a> <span class=\"sya_categories\"><span class=\"sya_bracket\">(<\/span>News<span class=\"sya_bracket\">)<\/span><\/span><\/div><\/li><li class=\"\"><div class=\"sya_postcontent\"><span class=\"sya_date\">19.06. <span class=\"sya_sep\">- <\/span><\/span><a href=\"https:\/\/erasmusplus.al\/?p=1558\" class=\"sya_postlink post-1558\" rel=\"bookmark\">Albania signs the agreement for Erasmus+<\/a> <span class=\"sya_categories\"><span class=\"sya_bracket\">(<\/span>News<span class=\"sya_bracket\">)<\/span><\/span><\/div><\/li><li class=\"\"><div class=\"sya_postcontent\"><span class=\"sya_date\">29.05. <span class=\"sya_sep\">- <\/span><\/span><a href=\"https:\/\/erasmusplus.al\/?p=1564\" class=\"sya_postlink post-1564\" rel=\"bookmark\">Njoftim<\/a> <span class=\"sya_categories\"><span class=\"sya_bracket\">(<\/span>News<span class=\"sya_bracket\">)<\/span><\/span><\/div><\/li><li class=\"\"><div class=\"sya_postcontent\"><span class=\"sya_date\">17.04. <span class=\"sya_sep\">- <\/span><\/span><a href=\"https:\/\/erasmusplus.al\/?p=1566\" class=\"sya_postlink post-1566\" rel=\"bookmark\">Njoftim<\/a> <span class=\"sya_categories\"><span class=\"sya_bracket\">(<\/span>News<span class=\"sya_bracket\">)<\/span><\/span><\/div><\/li><\/ul><\/div><!-- [et_pb_line_break_holder] --><div class=\"sya_container\" id=\"sya_container\"><p class=\"sya_yearslist\" id=\"sya_yearslist\"><a href=\"#year2013\">2013<\/a><\/p><h2><a id=\"year2013\"><\/a><a href=\"https:\/\/erasmusplus.al\/?m=2013\" rel=\"section\">2013<\/a> <span class=\"sya_yearcount\"><span class=\"sya_bracket\">(<\/span>2<span class=\"sya_bracket\">)<\/span><\/span><\/h2><ul><li class=\"\"><div class=\"sya_postcontent\"><span class=\"sya_date\">01.12. <span class=\"sya_sep\">- <\/span><\/span><a href=\"https:\/\/erasmusplus.al\/?p=2510&lang=sq\" class=\"sya_postlink post-2510\" rel=\"bookmark\">2001 \u2013 2013 Activities<\/a> <span class=\"sya_categories\"><span class=\"sya_bracket\">(<\/span>Aktivitete<span class=\"sya_bracket\">)<\/span><\/span><\/div><\/li><li class=\"\"><div class=\"sya_postcontent\"><span class=\"sya_date\">01.12. <span class=\"sya_sep\">- <\/span><\/span><a href=\"https:\/\/erasmusplus.al\/?p=2508\" class=\"sya_postlink post-2508\" rel=\"bookmark\">2001 \u2013 2013 Activities<\/a> <span class=\"sya_categories\"><span class=\"sya_bracket\">(<\/span>Activities<span class=\"sya_bracket\">)<\/span><\/span><\/div><\/li><\/ul><\/div>[\/et_pb_code][\/et_pb_column][\/et_pb_row][\/et_pb_section]<\/p>\n","protected":false},"excerpt":{"rendered":"<p>Arkiva<div class=\"sya_container\" id=\"sya_container\"><p class=\"sya_yearslist\" id=\"sya_yearslist\"><a href=\"#year2020\">2020<\/a><\/p><h2><a id=\"year2020\"><\/a><a href=\"https:\/\/erasmusplus.al\/?m=2020\" rel=\"section\">2020<\/a> <span class=\"sya_yearcount\"><span class=\"sya_bracket\">(<\/span>130<span class=\"sya_bracket\">)<\/span><\/span><\/h2><ul><li class=\"\"><div class=\"sya_postcontent\"><span class=\"sya_date\">23.12. <span class=\"sya_sep\">- <\/span><\/span><a href=\"https:\/\/erasmusplus.al\/?p=6135&lang=sq\" class=\"sya_postlink post-6135\" rel=\"bookmark\">Takim partner\u00ebsh Projekti INTERBA_23 Dhjetor<\/a> <span class=\"sya_categories\"><span class=\"sya_bracket\">(<\/span>Aktivitete<span class=\"sya_bracket\">)<\/span><\/span><\/div><\/li><li class=\"\"><div class=\"sya_postcontent\"><span class=\"sya_date\">23.12. <span class=\"sya_sep\">- <\/span><\/span><a href=\"https:\/\/erasmusplus.al\/?p=6112\" class=\"sya_postlink post-6112\" rel=\"bookmark\">INTERBA Project meeting_December2020<\/a> <span class=\"sya_categories\"><span class=\"sya_bracket\">(<\/span>Activities<span class=\"sya_bracket\">)<\/span><\/span><\/div><\/li><li class=\"\"><div class=\"sya_postcontent\"><span class=\"sya_date\">21.12. <span class=\"sya_sep\">- <\/span><\/span><a href=\"https:\/\/erasmusplus.al\/?p=6094\" class=\"sya_postlink post-6094\" rel=\"bookmark\">ICM Monitoring Visit at EPOKA University<\/a> <span class=\"sya_categories\"><span class=\"sya_bracket\">(<\/span>Activities<span class=\"sya_bracket\">)<\/span><\/span><\/div><\/li><li class=\"\"><div class=\"sya_postcontent\"><span class=\"sya_date\">18.12. <span class=\"sya_sep\">- <\/span><\/span><a href=\"https:\/\/erasmusplus.al\/?p=6109&lang=sq\" class=\"sya_postlink post-6109\" rel=\"bookmark\">Monitorim Projektesh \u201cShk\u00ebmbim Studentor dhe Stafi\u201d_Uni EPOKA<\/a> <span class=\"sya_categories\"><span class=\"sya_bracket\">(<\/span>Aktivitete<span class=\"sya_bracket\">)<\/span><\/span><\/div><\/li><li class=\"\"><div class=\"sya_postcontent\"><span class=\"sya_date\">18.12. <span class=\"sya_sep\">- <\/span><\/span><a href=\"https:\/\/erasmusplus.al\/?p=6092&lang=sq\" class=\"sya_postlink post-6092\" rel=\"bookmark\">Takimi: Statusi aktual i student\u00ebve n\u00eb shk\u00ebmbimet studentore n\u00eb WB, EU lindore dhe Rusi.<\/a> <span class=\"sya_categories\"><span class=\"sya_bracket\">(<\/span>Aktivitete<span class=\"sya_bracket\">)<\/span><\/span><\/div><\/li><li class=\"\"><div class=\"sya_postcontent\"><span class=\"sya_date\">18.12. <span class=\"sya_sep\">- <\/span><\/span><a href=\"https:\/\/erasmusplus.al\/?p=6069\" class=\"sya_postlink post-6069\" rel=\"bookmark\">Current state of student mobility in Erasmus+ partner countries<\/a> <span class=\"sya_categories\"><span class=\"sya_bracket\">(<\/span>Activities<span class=\"sya_bracket\">)<\/span><\/span><\/div><\/li><li class=\"\"><div class=\"sya_postcontent\"><span class=\"sya_date\">18.12. <span class=\"sya_sep\">- <\/span><\/span><a href=\"https:\/\/erasmusplus.al\/?p=6065&lang=sq\" class=\"sya_postlink post-6065\" rel=\"bookmark\">Monitorim \u00a0Projekti INTERBA_Platform\u00eb digjitale.<\/a> <span class=\"sya_categories\"><span class=\"sya_bracket\">(<\/span>Aktivitete<span class=\"sya_bracket\">)<\/span><\/span><\/div><\/li><li class=\"\"><div class=\"sya_postcontent\"><span class=\"sya_date\">18.12. <span class=\"sya_sep\">- <\/span><\/span><a href=\"https:\/\/erasmusplus.al\/?p=6057\" class=\"sya_postlink post-6057\" rel=\"bookmark\">eMonitoring Visit_Project INTERBA_Dec18<\/a> <span class=\"sya_categories\"><span class=\"sya_bracket\">(<\/span>Activities<span class=\"sya_bracket\">)<\/span><\/span><\/div><\/li><li class=\"\"><div class=\"sya_postcontent\"><span class=\"sya_date\">17.12. <span class=\"sya_sep\">- <\/span><\/span><a href=\"https:\/\/erasmusplus.al\/?p=6039&lang=sq\" class=\"sya_postlink post-6039\" rel=\"bookmark\">Monitorim  Projekti GEOBIZ_Dhjetor 17<\/a> <span class=\"sya_categories\"><span class=\"sya_bracket\">(<\/span>Aktivitete<span class=\"sya_bracket\">)<\/span><\/span><\/div><\/li><li class=\"\"><div class=\"sya_postcontent\"><span class=\"sya_date\">17.12. <span class=\"sya_sep\">- <\/span><\/span><a href=\"https:\/\/erasmusplus.al\/?p=6054&lang=sq\" class=\"sya_postlink post-6054\" rel=\"bookmark\">Monitorim \u00a0Projekti GEOBIZ_Dhjetor 17<\/a> <span class=\"sya_categories\"><span class=\"sya_bracket\">(<\/span>Aktivitete<span class=\"sya_bracket\">)<\/span><\/span><\/div><\/li><li class=\"\"><div class=\"sya_postcontent\"><span class=\"sya_date\">17.12. <span class=\"sya_sep\">- <\/span><\/span><a href=\"https:\/\/erasmusplus.al\/?p=6043\" class=\"sya_postlink post-6043\" rel=\"bookmark\">eMonitoring Visit_Project GEOBIZ_Dec17<\/a> <span class=\"sya_categories\"><span class=\"sya_bracket\">(<\/span>Activities<span class=\"sya_bracket\">)<\/span><\/span><\/div><\/li><li class=\"\"><div class=\"sya_postcontent\"><span class=\"sya_date\">15.12. <span class=\"sya_sep\">- <\/span><\/span><a href=\"https:\/\/erasmusplus.al\/?p=6021&lang=sq\" class=\"sya_postlink post-6021\" rel=\"bookmark\">Takimi: Statusi aktual i student\u00ebve n\u00eb shk\u00ebmbimet studentore n\u00eb WB, EU lindore dhe Rusi.<\/a> <span class=\"sya_categories\"><span class=\"sya_bracket\">(<\/span>Aktivitete<span class=\"sya_bracket\">)<\/span><\/span><\/div><\/li><li class=\"\"><div class=\"sya_postcontent\"><span class=\"sya_date\">15.12. <span class=\"sya_sep\">- <\/span><\/span><a href=\"https:\/\/erasmusplus.al\/?p=6003\" class=\"sya_postlink post-6003\" rel=\"bookmark\">#Info Session_NA France &#038; NEO Albania_December15<\/a> <span class=\"sya_categories\"><span class=\"sya_bracket\">(<\/span>Activities<span class=\"sya_bracket\">)<\/span><\/span><\/div><\/li><li class=\"\"><div class=\"sya_postcontent\"><span class=\"sya_date\">14.12. <span class=\"sya_sep\">- <\/span><\/span><a href=\"https:\/\/erasmusplus.al\/?p=6000&lang=sq\" class=\"sya_postlink post-6000\" rel=\"bookmark\">Monitorim  Projekti QUADIC _14 Dhjetor<\/a> <span class=\"sya_categories\"><span class=\"sya_bracket\">(<\/span>Aktivitete<span class=\"sya_bracket\">)<\/span><\/span><\/div><\/li><li class=\"\"><div class=\"sya_postcontent\"><span class=\"sya_date\">14.12. <span class=\"sya_sep\">- <\/span><\/span><a href=\"https:\/\/erasmusplus.al\/?p=5993\" class=\"sya_postlink post-5993\" rel=\"bookmark\">eMonitoring Visit_Project_QUADIC _Dec14<\/a> <span class=\"sya_categories\"><span class=\"sya_bracket\">(<\/span>Activities<span class=\"sya_bracket\">)<\/span><\/span><\/div><\/li><li class=\"\"><div class=\"sya_postcontent\"><span class=\"sya_date\">14.12. <span class=\"sya_sep\">- <\/span><\/span><a href=\"https:\/\/erasmusplus.al\/?p=5814&lang=sq\" class=\"sya_postlink post-5814\" rel=\"bookmark\">Raporti i Mbulimit dhe Ndikimit i #ErasmusDays 2020<\/a> <span class=\"sya_categories\"><span class=\"sya_bracket\">(<\/span>Aktivitete<span class=\"sya_bracket\">)<\/span><\/span><\/div><\/li><li class=\"\"><div class=\"sya_postcontent\"><span class=\"sya_date\">14.12. <span class=\"sya_sep\">- <\/span><\/span><a href=\"https:\/\/erasmusplus.al\/?p=5801\" class=\"sya_postlink post-5801\" rel=\"bookmark\">The Coverage and Impact Report of the #ErasmusDays 2020<\/a> <span class=\"sya_categories\"><span class=\"sya_bracket\">(<\/span>Activities<span class=\"sya_bracket\">)<\/span><\/span><\/div><\/li><li class=\"\"><div class=\"sya_postcontent\"><span class=\"sya_date\">11.12. <span class=\"sya_sep\">- <\/span><\/span><a href=\"https:\/\/erasmusplus.al\/?p=5990&lang=sq\" class=\"sya_postlink post-5990\" rel=\"bookmark\">Monitorim  Projekti VALEU-X _11 Dhjetor<\/a> <span class=\"sya_categories\"><span class=\"sya_bracket\">(<\/span>Aktivitete<span class=\"sya_bracket\">)<\/span><\/span><\/div><\/li><li class=\"\"><div class=\"sya_postcontent\"><span class=\"sya_date\">11.12. <span class=\"sya_sep\">- <\/span><\/span><a href=\"https:\/\/erasmusplus.al\/?p=5972\" class=\"sya_postlink post-5972\" rel=\"bookmark\">eMonitoring Visit_Project VALEU-X _Dec11<\/a> <span class=\"sya_categories\"><span class=\"sya_bracket\">(<\/span>Activities<span class=\"sya_bracket\">)<\/span><\/span><\/div><\/li><li class=\"\"><div class=\"sya_postcontent\"><span class=\"sya_date\">11.12. <span class=\"sya_sep\">- <\/span><\/span><a href=\"https:\/\/erasmusplus.al\/?p=6411\" class=\"sya_postlink post-6411\" rel=\"bookmark\">Development of learning outcomes and competence based learning in HEIs<\/a> <span class=\"sya_categories\"><span class=\"sya_bracket\">(<\/span>HERE Activities<span class=\"sya_bracket\">)<\/span><\/span><\/div><\/li><li class=\"\"><div class=\"sya_postcontent\"><span class=\"sya_date\">09.12. <span class=\"sya_sep\">- <\/span><\/span><a href=\"https:\/\/erasmusplus.al\/?p=5969&lang=sq\" class=\"sya_postlink post-5969\" rel=\"bookmark\">Takim Koordinator\u00ebt e Projekteve Erasmus+ \u201cNKAL\u201d_Thirrja 2020<\/a> <span class=\"sya_categories\"><span class=\"sya_bracket\">(<\/span>Aktivitete<span class=\"sya_bracket\">)<\/span><\/span><\/div><\/li><li class=\"\"><div class=\"sya_postcontent\"><span class=\"sya_date\">09.12. <span class=\"sya_sep\">- <\/span><\/span><a href=\"https:\/\/erasmusplus.al\/?p=5965\" class=\"sya_postlink post-5965\" rel=\"bookmark\">Meeting Albanian HEIs  Coordinator CBHE_Call2020<\/a> <span class=\"sya_categories\"><span class=\"sya_bracket\">(<\/span>Activities<span class=\"sya_bracket\">)<\/span><\/span><\/div><\/li><li class=\"\"><div class=\"sya_postcontent\"><span class=\"sya_date\">08.12. <span class=\"sya_sep\">- <\/span><\/span><a href=\"https:\/\/erasmusplus.al\/?p=6610\" class=\"sya_postlink post-6610\" rel=\"bookmark\">Erasmus Day<\/a> <span class=\"sya_categories\"><span class=\"sya_bracket\">(<\/span>Activities<span class=\"sya_bracket\">)<\/span><\/span><\/div><\/li><li class=\"\"><div class=\"sya_postcontent\"><span class=\"sya_date\">02.12. <span class=\"sya_sep\">- <\/span><\/span><a href=\"https:\/\/erasmusplus.al\/?p=5793&lang=sq\" class=\"sya_postlink post-5793\" rel=\"bookmark\">National HERE Seminar Online<\/a> <span class=\"sya_categories\"><span class=\"sya_bracket\">(<\/span>HERE Aktivitete, Njoftime<span class=\"sya_bracket\">)<\/span><\/span><\/div><\/li><li class=\"\"><div class=\"sya_postcontent\"><span class=\"sya_date\">02.12. <span class=\"sya_sep\">- <\/span><\/span><a href=\"https:\/\/erasmusplus.al\/?p=5788\" class=\"sya_postlink post-5788\" rel=\"bookmark\">National HERE Online Seminar<\/a> <span class=\"sya_categories\"><span class=\"sya_bracket\">(<\/span>HERE Activities, News<span class=\"sya_bracket\">)<\/span><\/span><\/div><\/li><li class=\"\"><div class=\"sya_postcontent\"><span class=\"sya_date\">19.11. <span class=\"sya_sep\">- <\/span><\/span><a href=\"https:\/\/erasmusplus.al\/?p=5908&lang=sq\" class=\"sya_postlink post-5908\" rel=\"bookmark\">&#8220;Debati Studentor mbi t\u00eb ardhmen e Shk\u00ebmbimeve Studetore Erasmus+&#8221;<\/a> <span class=\"sya_categories\"><span class=\"sya_bracket\">(<\/span>Aktivitete<span class=\"sya_bracket\">)<\/span><\/span><\/div><\/li><li class=\"\"><div class=\"sya_postcontent\"><span class=\"sya_date\">19.11. <span class=\"sya_sep\">- <\/span><\/span><a href=\"https:\/\/erasmusplus.al\/?p=5894\" class=\"sya_postlink post-5894\" rel=\"bookmark\">Student debate on the future of student\u2019s exchange with Erasmus +.<\/a> <span class=\"sya_categories\"><span class=\"sya_bracket\">(<\/span>Activities<span class=\"sya_bracket\">)<\/span><\/span><\/div><\/li><li class=\"\"><div class=\"sya_postcontent\"><span class=\"sya_date\">17.11. <span class=\"sya_sep\">- <\/span><\/span><a href=\"https:\/\/erasmusplus.al\/?p=5944&lang=sq\" class=\"sya_postlink post-5944\" rel=\"bookmark\">Debati Studentor mbi t\u00eb ardhmen e Shk\u00ebmbimeve Studetore Erasmus+<\/a> <span class=\"sya_categories\"><span class=\"sya_bracket\">(<\/span>Aktivitete<span class=\"sya_bracket\">)<\/span><\/span><\/div><\/li><li class=\"\"><div class=\"sya_postcontent\"><span class=\"sya_date\">17.11. <span class=\"sya_sep\">- <\/span><\/span><a href=\"https:\/\/erasmusplus.al\/?p=5940\" class=\"sya_postlink post-5940\" rel=\"bookmark\">Students Debate on the Future of Erasmus+ Mobility<\/a> <span class=\"sya_categories\"><span class=\"sya_bracket\">(<\/span>Activities<span class=\"sya_bracket\">)<\/span><\/span><\/div><\/li><li class=\"\"><div class=\"sya_postcontent\"><span class=\"sya_date\">11.11. <span class=\"sya_sep\">- <\/span><\/span><a href=\"https:\/\/erasmusplus.al\/?p=5882&lang=sq\" class=\"sya_postlink post-5882\" rel=\"bookmark\">Vizit\u00eb Monitoruese Projekti Almars_11 N\u00ebntor 2020<\/a> <span class=\"sya_categories\"><span class=\"sya_bracket\">(<\/span>Aktivitete<span class=\"sya_bracket\">)<\/span><\/span><\/div><\/li><li class=\"\"><div class=\"sya_postcontent\"><span class=\"sya_date\">11.11. <span class=\"sya_sep\">- <\/span><\/span><a href=\"https:\/\/erasmusplus.al\/?p=5876\" class=\"sya_postlink post-5876\" rel=\"bookmark\">ALMARS Project Monitoring Visit_11 Nov 2020<\/a> <span class=\"sya_categories\"><span class=\"sya_bracket\">(<\/span>Activities<span class=\"sya_bracket\">)<\/span><\/span><\/div><\/li><li class=\"\"><div class=\"sya_postcontent\"><span class=\"sya_date\">10.11. <span class=\"sya_sep\">- <\/span><\/span><a href=\"https:\/\/erasmusplus.al\/?p=5962&lang=sq\" class=\"sya_postlink post-5962\" rel=\"bookmark\">Konferenca P\u00ebrmbyll\u00ebse e Projektit TEAVET_N\u00ebntor 2020<\/a> <span class=\"sya_categories\"><span class=\"sya_bracket\">(<\/span>Aktivitete<span class=\"sya_bracket\">)<\/span><\/span><\/div><\/li><li class=\"\"><div class=\"sya_postcontent\"><span class=\"sya_date\">10.11. <span class=\"sya_sep\">- <\/span><\/span><a href=\"https:\/\/erasmusplus.al\/?p=5953\" class=\"sya_postlink post-5953\" rel=\"bookmark\">TEAVET Project Final Conference_Nov 2020<\/a> <span class=\"sya_categories\"><span class=\"sya_bracket\">(<\/span>Activities<span class=\"sya_bracket\">)<\/span><\/span><\/div><\/li><li class=\"\"><div class=\"sya_postcontent\"><span class=\"sya_date\">10.11. <span class=\"sya_sep\">- <\/span><\/span><a href=\"https:\/\/erasmusplus.al\/?p=5937&lang=sq\" class=\"sya_postlink post-5937\" rel=\"bookmark\">Vizit\u00eb Monitoruese e Projektit KnowHub_10 N\u00ebntor 2020<\/a> <span class=\"sya_categories\"><span class=\"sya_bracket\">(<\/span>Aktivitete<span class=\"sya_bracket\">)<\/span><\/span><\/div><\/li><li class=\"\"><div class=\"sya_postcontent\"><span class=\"sya_date\">10.11. <span class=\"sya_sep\">- <\/span><\/span><a href=\"https:\/\/erasmusplus.al\/?p=5928\" class=\"sya_postlink post-5928\" rel=\"bookmark\">Visit Monitoring_ KnowHub Project_10 Nov 2020<\/a> <span class=\"sya_categories\"><span class=\"sya_bracket\">(<\/span>Activities<span class=\"sya_bracket\">)<\/span><\/span><\/div><\/li><li class=\"\"><div class=\"sya_postcontent\"><span class=\"sya_date\">10.11. <span class=\"sya_sep\">- <\/span><\/span><a href=\"https:\/\/erasmusplus.al\/?p=5926&lang=sq\" class=\"sya_postlink post-5926\" rel=\"bookmark\">Sesion Informues mbi Programin Erasmus+_me t\u00eb rinjt\u00eb e Vlor\u00ebs<\/a> <span class=\"sya_categories\"><span class=\"sya_bracket\">(<\/span>Aktivitete<span class=\"sya_bracket\">)<\/span><\/span><\/div><\/li><li class=\"\"><div class=\"sya_postcontent\"><span class=\"sya_date\">10.11. <span class=\"sya_sep\">- <\/span><\/span><a href=\"https:\/\/erasmusplus.al\/?p=5911\" class=\"sya_postlink post-5911\" rel=\"bookmark\">Info Session on Erasmus+_Vlora Youth<\/a> <span class=\"sya_categories\"><span class=\"sya_bracket\">(<\/span>Activities<span class=\"sya_bracket\">)<\/span><\/span><\/div><\/li><li class=\"\"><div class=\"sya_postcontent\"><span class=\"sya_date\">10.11. <span class=\"sya_sep\">- <\/span><\/span><a href=\"https:\/\/erasmusplus.al\/?p=5891&lang=sq\" class=\"sya_postlink post-5891\" rel=\"bookmark\">Vizit\u00eb Monitoruese Projekti BlueWBC_10 N\u00ebntor 2020<\/a> <span class=\"sya_categories\"><span class=\"sya_bracket\">(<\/span>Aktivitete<span class=\"sya_bracket\">)<\/span><\/span><\/div><\/li><li class=\"\"><div class=\"sya_postcontent\"><span class=\"sya_date\">10.11. <span class=\"sya_sep\">- <\/span><\/span><a href=\"https:\/\/erasmusplus.al\/?p=5884\" class=\"sya_postlink post-5884\" rel=\"bookmark\">BlueWBC Project Monitoring Visit_10 Nov 2020<\/a> <span class=\"sya_categories\"><span class=\"sya_bracket\">(<\/span>Activities<span class=\"sya_bracket\">)<\/span><\/span><\/div><\/li><li class=\"\"><div class=\"sya_postcontent\"><span class=\"sya_date\">03.11. <span class=\"sya_sep\">- <\/span><\/span><a href=\"https:\/\/erasmusplus.al\/?p=5950&lang=sq\" class=\"sya_postlink post-5950\" rel=\"bookmark\">Pyet\u00ebsor p\u00ebr impaktin e rrjeteve sociale t\u00eb Erasmus+ Shqip\u00ebri<\/a> <span class=\"sya_categories\"><span class=\"sya_bracket\">(<\/span>Aktivitete<span class=\"sya_bracket\">)<\/span><\/span><\/div><\/li><li class=\"\"><div class=\"sya_postcontent\"><span class=\"sya_date\">03.11. <span class=\"sya_sep\">- <\/span><\/span><a href=\"https:\/\/erasmusplus.al\/?p=5946\" class=\"sya_postlink post-5946\" rel=\"bookmark\">Survey on the Impact of Social Media _AlbaniaErasmus+<\/a> <span class=\"sya_categories\"><span class=\"sya_bracket\">(<\/span>Activities<span class=\"sya_bracket\">)<\/span><\/span><\/div><\/li><li class=\"\"><div class=\"sya_postcontent\"><span class=\"sya_date\">28.10. <span class=\"sya_sep\">- <\/span><\/span><a href=\"https:\/\/erasmusplus.al\/?p=6225&lang=sq\" class=\"sya_postlink post-6225\" rel=\"bookmark\">Dit\u00ebt Erasmus n\u00eb Shqiperi  \u00a0<\/a> <span class=\"sya_categories\"><span class=\"sya_bracket\">(<\/span>Aktivitete<span class=\"sya_bracket\">)<\/span><\/span><\/div><\/li><li class=\"\"><div class=\"sya_postcontent\"><span class=\"sya_date\">28.10. <span class=\"sya_sep\">- <\/span><\/span><a href=\"https:\/\/erasmusplus.al\/?p=6222\" class=\"sya_postlink post-6222\" rel=\"bookmark\">Erasmus Days in Albania<\/a> <span class=\"sya_categories\"><span class=\"sya_bracket\">(<\/span>Activities<span class=\"sya_bracket\">)<\/span><\/span><\/div><\/li><li class=\"\"><div class=\"sya_postcontent\"><span class=\"sya_date\">20.10. <span class=\"sya_sep\">- <\/span><\/span><a href=\"https:\/\/erasmusplus.al\/?p=6219&lang=sq\" class=\"sya_postlink post-6219\" rel=\"bookmark\">#ErasmusDays\u200b 2020 | Interviste me Erida Curraj_UAMD<\/a> <span class=\"sya_categories\"><span class=\"sya_bracket\">(<\/span>Aktivitete<span class=\"sya_bracket\">)<\/span><\/span><\/div><\/li><li class=\"\"><div class=\"sya_postcontent\"><span class=\"sya_date\">20.10. <span class=\"sya_sep\">- <\/span><\/span><a href=\"https:\/\/erasmusplus.al\/?p=6213\" class=\"sya_postlink post-6213\" rel=\"bookmark\">#ErasmusDays\u200b 2020 | Interview with Erida Curraj_UAMD<\/a> <span class=\"sya_categories\"><span class=\"sya_bracket\">(<\/span>Activities<span class=\"sya_bracket\">)<\/span><\/span><\/div><\/li><li class=\"\"><div class=\"sya_postcontent\"><span class=\"sya_date\">17.10. <span class=\"sya_sep\">- <\/span><\/span><a href=\"https:\/\/erasmusplus.al\/?p=6354&lang=sq\" class=\"sya_postlink post-6354\" rel=\"bookmark\">Arrij Europ\u00ebn me Erasmus_Kolegji Profesional I Tiran\u00ebs<\/a> <span class=\"sya_categories\"><span class=\"sya_bracket\">(<\/span>Aktivitete<span class=\"sya_bracket\">)<\/span><\/span><\/div><\/li><li class=\"\"><div class=\"sya_postcontent\"><span class=\"sya_date\">17.10. <span class=\"sya_sep\">- <\/span><\/span><a href=\"https:\/\/erasmusplus.al\/?p=6330\" class=\"sya_postlink post-6330\" rel=\"bookmark\">Reach Europe with Erasmus_ Professional College of Tirana<\/a> <span class=\"sya_categories\"><span class=\"sya_bracket\">(<\/span>Activities<span class=\"sya_bracket\">)<\/span><\/span><\/div><\/li><li class=\"\"><div class=\"sya_postcontent\"><span class=\"sya_date\">16.10. <span class=\"sya_sep\">- <\/span><\/span><a href=\"https:\/\/erasmusplus.al\/?p=6408&lang=sq\" class=\"sya_postlink post-6408\" rel=\"bookmark\">Eksperiencat Erasmus n\u00eb syt\u00eb e student\u00ebve_UT<\/a> <span class=\"sya_categories\"><span class=\"sya_bracket\">(<\/span>Aktivitete<span class=\"sya_bracket\">)<\/span><\/span><\/div><\/li><li class=\"\"><div class=\"sya_postcontent\"><span class=\"sya_date\">16.10. <span class=\"sya_sep\">- <\/span><\/span><a href=\"https:\/\/erasmusplus.al\/?p=6398\" class=\"sya_postlink post-6398\" rel=\"bookmark\">\u201cErasmus experience in the eyes of students\u201d_UT<\/a> <span class=\"sya_categories\"><span class=\"sya_bracket\">(<\/span>Activities<span class=\"sya_bracket\">)<\/span><\/span><\/div><\/li><li class=\"\"><div class=\"sya_postcontent\"><span class=\"sya_date\">16.10. <span class=\"sya_sep\">- <\/span><\/span><a href=\"https:\/\/erasmusplus.al\/?p=6382\" class=\"sya_postlink post-6382\" rel=\"bookmark\">ErasmusDays_ University of New York in Tirana<\/a> <span class=\"sya_categories\"><span class=\"sya_bracket\">(<\/span>Activities<span class=\"sya_bracket\">)<\/span><\/span><\/div><\/li><li class=\"\"><div class=\"sya_postcontent\"><span class=\"sya_date\">16.10. <span class=\"sya_sep\">- <\/span><\/span><a href=\"https:\/\/erasmusplus.al\/?p=6379&lang=sq\" class=\"sya_postlink post-6379\" rel=\"bookmark\"><\/a> <span class=\"sya_categories\"><span class=\"sya_bracket\">(<\/span>Aktivitete<span class=\"sya_bracket\">)<\/span><\/span><\/div><\/li><li class=\"\"><div class=\"sya_postcontent\"><span class=\"sya_date\">16.10. <span class=\"sya_sep\">- <\/span><\/span><a href=\"https:\/\/erasmusplus.al\/?p=6357\" class=\"sya_postlink post-6357\" rel=\"bookmark\">ErasmusDays_ European University of Tirana<\/a> <span class=\"sya_categories\"><span class=\"sya_bracket\">(<\/span>Activities<span class=\"sya_bracket\">)<\/span><\/span><\/div><\/li><li class=\"\"><div class=\"sya_postcontent\"><span class=\"sya_date\">16.10. <span class=\"sya_sep\">- <\/span><\/span><a href=\"https:\/\/erasmusplus.al\/?p=6312&lang=sq\" class=\"sya_postlink post-6312\" rel=\"bookmark\">Video Udh\u00ebzuese p\u00ebr Student\u00ebt n\u00eb Shk\u00ebmbim Studentor<\/a> <span class=\"sya_categories\"><span class=\"sya_bracket\">(<\/span>Aktivitete<span class=\"sya_bracket\">)<\/span><\/span><\/div><\/li><li class=\"\"><div class=\"sya_postcontent\"><span class=\"sya_date\">16.10. <span class=\"sya_sep\">- <\/span><\/span><a href=\"https:\/\/erasmusplus.al\/?p=6310\" class=\"sya_postlink post-6310\" rel=\"bookmark\">Student Guide on How to Apply on Exchange students  \u00a0<\/a> <span class=\"sya_categories\"><span class=\"sya_bracket\">(<\/span>Activities<span class=\"sya_bracket\">)<\/span><\/span><\/div><\/li><li class=\"\"><div class=\"sya_postcontent\"><span class=\"sya_date\">16.10. <span class=\"sya_sep\">- <\/span><\/span><a href=\"https:\/\/erasmusplus.al\/?p=6308&lang=sq\" class=\"sya_postlink post-6308\" rel=\"bookmark\">Joint Master Erasmus Mundus_InfoAlbania_ A2CNN<\/a> <span class=\"sya_categories\"><span class=\"sya_bracket\">(<\/span>Aktivitete<span class=\"sya_bracket\">)<\/span><\/span><\/div><\/li><li class=\"\"><div class=\"sya_postcontent\"><span class=\"sya_date\">16.10. <span class=\"sya_sep\">- <\/span><\/span><a href=\"https:\/\/erasmusplus.al\/?p=6304\" class=\"sya_postlink post-6304\" rel=\"bookmark\">Joint Master Erasmus Mundus_InfoAlbania_ A2CNN<\/a> <span class=\"sya_categories\"><span class=\"sya_bracket\">(<\/span>Activities<span class=\"sya_bracket\">)<\/span><\/span><\/div><\/li><li class=\"\"><div class=\"sya_postcontent\"><span class=\"sya_date\">16.10. <span class=\"sya_sep\">- <\/span><\/span><a href=\"https:\/\/erasmusplus.al\/?p=6298&lang=sq\" class=\"sya_postlink post-6298\" rel=\"bookmark\">Erasmus+ Programme in Albania<\/a> <span class=\"sya_categories\"><span class=\"sya_bracket\">(<\/span>Aktivitete<span class=\"sya_bracket\">)<\/span><\/span><\/div><\/li><li class=\"\"><div class=\"sya_postcontent\"><span class=\"sya_date\">16.10. <span class=\"sya_sep\">- <\/span><\/span><a href=\"https:\/\/erasmusplus.al\/?p=6283\" class=\"sya_postlink post-6283\" rel=\"bookmark\">Erasmus+ Programme in Albania<\/a> <span class=\"sya_categories\"><span class=\"sya_bracket\">(<\/span>Activities<span class=\"sya_bracket\">)<\/span><\/span><\/div><\/li><li class=\"\"><div class=\"sya_postcontent\"><span class=\"sya_date\">16.10. <span class=\"sya_sep\">- <\/span><\/span><a href=\"https:\/\/erasmusplus.al\/?p=6281&lang=sq\" class=\"sya_postlink post-6281\" rel=\"bookmark\">Master i P\u00ebrbashk\u00ebt Erasmus Mundus_InfoAlbania_ TVSH<\/a> <span class=\"sya_categories\"><span class=\"sya_bracket\">(<\/span>Aktivitete<span class=\"sya_bracket\">)<\/span><\/span><\/div><\/li><li class=\"\"><div class=\"sya_postcontent\"><span class=\"sya_date\">16.10. <span class=\"sya_sep\">- <\/span><\/span><a href=\"https:\/\/erasmusplus.al\/?p=6277\" class=\"sya_postlink post-6277\" rel=\"bookmark\">Joint Master Erasmus Mundus_InfoAlbania_ TVSH<\/a> <span class=\"sya_categories\"><span class=\"sya_bracket\">(<\/span>Activities<span class=\"sya_bracket\">)<\/span><\/span><\/div><\/li><li class=\"\"><div class=\"sya_postcontent\"><span class=\"sya_date\">16.10. <span class=\"sya_sep\">- <\/span><\/span><a href=\"https:\/\/erasmusplus.al\/?p=6274&lang=sq\" class=\"sya_postlink post-6274\" rel=\"bookmark\">Master i P\u00ebrbashk\u00ebt Erasmus Mundus_InfoAlbania_ TOP Channel<\/a> <span class=\"sya_categories\"><span class=\"sya_bracket\">(<\/span>Aktivitete<span class=\"sya_bracket\">)<\/span><\/span><\/div><\/li><li class=\"\"><div class=\"sya_postcontent\"><span class=\"sya_date\">16.10. <span class=\"sya_sep\">- <\/span><\/span><a href=\"https:\/\/erasmusplus.al\/?p=6270\" class=\"sya_postlink post-6270\" rel=\"bookmark\">Joint Master Erasmus Mundus_InfoAlbania_ TOP Channel<\/a> <span class=\"sya_categories\"><span class=\"sya_bracket\">(<\/span>Activities<span class=\"sya_bracket\">)<\/span><\/span><\/div><\/li><li class=\"\"><div class=\"sya_postcontent\"><span class=\"sya_date\">16.10. <span class=\"sya_sep\">- <\/span><\/span><a href=\"https:\/\/erasmusplus.al\/?p=6244&lang=sq\" class=\"sya_postlink post-6244\" rel=\"bookmark\">\u201cInclusive Erasmus +\u201d, Dit\u00ebt Erasmus+ n\u00eb UMSH<\/a> <span class=\"sya_categories\"><span class=\"sya_bracket\">(<\/span>Aktivitete<span class=\"sya_bracket\">)<\/span><\/span><\/div><\/li><li class=\"\"><div class=\"sya_postcontent\"><span class=\"sya_date\">16.10. <span class=\"sya_sep\">- <\/span><\/span><a href=\"https:\/\/erasmusplus.al\/?p=6235\" class=\"sya_postlink post-6235\" rel=\"bookmark\">\u201cInclusive Erasmus +\u201d, Erasmus Days on MUA<\/a> <span class=\"sya_categories\"><span class=\"sya_bracket\">(<\/span>Activities<span class=\"sya_bracket\">)<\/span><\/span><\/div><\/li><li class=\"\"><div class=\"sya_postcontent\"><span class=\"sya_date\">15.10. <span class=\"sya_sep\">- <\/span><\/span><a href=\"https:\/\/erasmusplus.al\/?p=6327&lang=sq\" class=\"sya_postlink post-6327\" rel=\"bookmark\">Rrija e Kapaciteteve n\u00eb Universitetitn e Vlor\u00ebs n\u00ebp\u00ebrmjet Erasmus +<\/a> <span class=\"sya_categories\"><span class=\"sya_bracket\">(<\/span>Aktivitete<span class=\"sya_bracket\">)<\/span><\/span><\/div><\/li><li class=\"\"><div class=\"sya_postcontent\"><span class=\"sya_date\">15.10. <span class=\"sya_sep\">- <\/span><\/span><a href=\"https:\/\/erasmusplus.al\/?p=6314\" class=\"sya_postlink post-6314\" rel=\"bookmark\">Capacity Building at University of Vlora through Erasmus + projects<\/a> <span class=\"sya_categories\"><span class=\"sya_bracket\">(<\/span>Activities<span class=\"sya_bracket\">)<\/span><\/span><\/div><\/li><li class=\"\"><div class=\"sya_postcontent\"><span class=\"sya_date\">15.10. <span class=\"sya_sep\">- <\/span><\/span><a href=\"https:\/\/erasmusplus.al\/?p=6267&lang=sq\" class=\"sya_postlink post-6267\" rel=\"bookmark\">Student\u00ebt e Master t\u00eb p\u00ebrbashk\u00ebt Erasmus Mundus n\u00eb Erasmusdays<\/a> <span class=\"sya_categories\"><span class=\"sya_bracket\">(<\/span>Aktivitete<span class=\"sya_bracket\">)<\/span><\/span><\/div><\/li><li class=\"\"><div class=\"sya_postcontent\"><span class=\"sya_date\">15.10. <span class=\"sya_sep\">- <\/span><\/span><a href=\"https:\/\/erasmusplus.al\/?p=6247\" class=\"sya_postlink post-6247\" rel=\"bookmark\">Joint Master Mundus Albanian Students<\/a> <span class=\"sya_categories\"><span class=\"sya_bracket\">(<\/span>Activities<span class=\"sya_bracket\">)<\/span><\/span><\/div><\/li><li class=\"\"><div class=\"sya_postcontent\"><span class=\"sya_date\">15.10. <span class=\"sya_sep\">- <\/span><\/span><a href=\"https:\/\/erasmusplus.al\/?p=6601\" class=\"sya_postlink post-6601\" rel=\"bookmark\">Erasmus Day on UE \u201cAleksander Xhuvani\u201d<\/a> <span class=\"sya_categories\"><span class=\"sya_bracket\">(<\/span>Activities<span class=\"sya_bracket\">)<\/span><\/span><\/div><\/li><li class=\"\"><div class=\"sya_postcontent\"><span class=\"sya_date\">15.10. <span class=\"sya_sep\">- <\/span><\/span><a href=\"https:\/\/erasmusplus.al\/?p=6595\" class=\"sya_postlink post-6595\" rel=\"bookmark\">Erasmus Day on University of Tirana<\/a> <span class=\"sya_categories\"><span class=\"sya_bracket\">(<\/span>Activities<span class=\"sya_bracket\">)<\/span><\/span><\/div><\/li><li class=\"\"><div class=\"sya_postcontent\"><span class=\"sya_date\">11.10. <span class=\"sya_sep\">- <\/span><\/span><a href=\"https:\/\/erasmusplus.al\/?p=6395&lang=sq\" class=\"sya_postlink post-6395\" rel=\"bookmark\">\u201cDit\u00ebt Erasmus+ n\u00eb Universitetin New York t\u00eb Tiran\u00ebs<\/a> <span class=\"sya_categories\"><span class=\"sya_bracket\">(<\/span>Aktivitete<span class=\"sya_bracket\">)<\/span><\/span><\/div><\/li><li class=\"\"><div class=\"sya_postcontent\"><span class=\"sya_date\">25.09. <span class=\"sya_sep\">- <\/span><\/span><a href=\"https:\/\/erasmusplus.al\/?p=5664\" class=\"sya_postlink post-5664\" rel=\"bookmark\">Challenges Toward Successful Joint Degrees Implementation<\/a> <span class=\"sya_categories\"><span class=\"sya_bracket\">(<\/span>Activities, HERE Activities, News<span class=\"sya_bracket\">)<\/span><\/span><\/div><\/li><li class=\"\"><div class=\"sya_postcontent\"><span class=\"sya_date\">25.09. <span class=\"sya_sep\">- <\/span><\/span><a href=\"https:\/\/erasmusplus.al\/?p=5669&lang=sq\" class=\"sya_postlink post-5669\" rel=\"bookmark\">Challenges Toward Successful Joint Degrees Implementation<\/a> <span class=\"sya_categories\"><span class=\"sya_bracket\">(<\/span>Aktivitete, HERE Aktivitete, Njoftime<span class=\"sya_bracket\">)<\/span><\/span><\/div><\/li><li class=\"\"><div class=\"sya_postcontent\"><span class=\"sya_date\">17.09. <span class=\"sya_sep\">- <\/span><\/span><a href=\"https:\/\/erasmusplus.al\/?p=6209&lang=sq\" class=\"sya_postlink post-6209\" rel=\"bookmark\">Raport i sondazhit \u201cImpakti e COVID19 n\u00eb Projektet CBHE\u201d<\/a> <span class=\"sya_categories\"><span class=\"sya_bracket\">(<\/span>Aktivitete, Njoftime<span class=\"sya_bracket\">)<\/span><\/span><\/div><\/li><li class=\"\"><div class=\"sya_postcontent\"><span class=\"sya_date\">17.09. <span class=\"sya_sep\">- <\/span><\/span><a href=\"https:\/\/erasmusplus.al\/?p=6205\" class=\"sya_postlink post-6205\" rel=\"bookmark\">Survey Report, Impact of COVID19 on CBHE<\/a> <span class=\"sya_categories\"><span class=\"sya_bracket\">(<\/span>Activities, News<span class=\"sya_bracket\">)<\/span><\/span><\/div><\/li><li class=\"\"><div class=\"sya_postcontent\"><span class=\"sya_date\">10.09. <span class=\"sya_sep\">- <\/span><\/span><a href=\"https:\/\/erasmusplus.al\/?p=6202&lang=sq\" class=\"sya_postlink post-6202\" rel=\"bookmark\">Informim mbi Porgramin Erasmus+<\/a> <span class=\"sya_categories\"><span class=\"sya_bracket\">(<\/span>Aktivitete<span class=\"sya_bracket\">)<\/span><\/span><\/div><\/li><li class=\"\"><div class=\"sya_postcontent\"><span class=\"sya_date\">10.09. <span class=\"sya_sep\">- <\/span><\/span><a href=\"https:\/\/erasmusplus.al\/?p=6197\" class=\"sya_postlink post-6197\" rel=\"bookmark\">Info Session on the Social Media<\/a> <span class=\"sya_categories\"><span class=\"sya_bracket\">(<\/span>Activities<span class=\"sya_bracket\">)<\/span><\/span><\/div><\/li><li class=\"\"><div class=\"sya_postcontent\"><span class=\"sya_date\">31.08. <span class=\"sya_sep\">- <\/span><\/span><a href=\"https:\/\/erasmusplus.al\/?p=6232&lang=sq\" class=\"sya_postlink post-6232\" rel=\"bookmark\">Raport i sondazhit \u201cImpakti e COVID19 n\u00eb Projektet CBHE\u201d<\/a> <span class=\"sya_categories\"><span class=\"sya_bracket\">(<\/span>Aktivitete<span class=\"sya_bracket\">)<\/span><\/span><\/div><\/li><li class=\"\"><div class=\"sya_postcontent\"><span class=\"sya_date\">31.08. <span class=\"sya_sep\">- <\/span><\/span><a href=\"https:\/\/erasmusplus.al\/?p=6228\" class=\"sya_postlink post-6228\" rel=\"bookmark\">Survey Report, Impact of COVID19 on ICM<\/a> <span class=\"sya_categories\"><span class=\"sya_bracket\">(<\/span>Activities<span class=\"sya_bracket\">)<\/span><\/span><\/div><\/li><li class=\"\"><div class=\"sya_postcontent\"><span class=\"sya_date\">17.08. <span class=\"sya_sep\">- <\/span><\/span><a href=\"https:\/\/erasmusplus.al\/?p=6194&lang=sq\" class=\"sya_postlink post-6194\" rel=\"bookmark\">Erasmus +: Projektet shk\u00ebmbime studentore dhe t\u00eb rinjsh<\/a> <span class=\"sya_categories\"><span class=\"sya_bracket\">(<\/span>Aktivitete<span class=\"sya_bracket\">)<\/span><\/span><\/div><\/li><li class=\"\"><div class=\"sya_postcontent\"><span class=\"sya_date\">17.08. <span class=\"sya_sep\">- <\/span><\/span><a href=\"https:\/\/erasmusplus.al\/?p=6180\" class=\"sya_postlink post-6180\" rel=\"bookmark\">Erasmus +: Mobility projects for young people and youth workers<\/a> <span class=\"sya_categories\"><span class=\"sya_bracket\">(<\/span>Activities<span class=\"sya_bracket\">)<\/span><\/span><\/div><\/li><li class=\"\"><div class=\"sya_postcontent\"><span class=\"sya_date\">30.07. <span class=\"sya_sep\">- <\/span><\/span><a href=\"https:\/\/erasmusplus.al\/?p=6176&lang=sq\" class=\"sya_postlink post-6176\" rel=\"bookmark\">The Ceremony of Albanian Students winner of EMJM<\/a> <span class=\"sya_categories\"><span class=\"sya_bracket\">(<\/span>Aktivitete<span class=\"sya_bracket\">)<\/span><\/span><\/div><\/li><li class=\"\"><div class=\"sya_postcontent\"><span class=\"sya_date\">30.07. <span class=\"sya_sep\">- <\/span><\/span><a href=\"https:\/\/erasmusplus.al\/?p=6167\" class=\"sya_postlink post-6167\" rel=\"bookmark\">The Ceremony of Albanian Students winner of EMJM<\/a> <span class=\"sya_categories\"><span class=\"sya_bracket\">(<\/span>Activities<span class=\"sya_bracket\">)<\/span><\/span><\/div><\/li><li class=\"\"><div class=\"sya_postcontent\"><span class=\"sya_date\">23.07. <span class=\"sya_sep\">- <\/span><\/span><a href=\"https:\/\/erasmusplus.al\/?p=6154\" class=\"sya_postlink post-6154\" rel=\"bookmark\">Youth Engagement in European Integration_ SCiDEV&#038;ESN<\/a> <span class=\"sya_categories\"><span class=\"sya_bracket\">(<\/span>Activities<span class=\"sya_bracket\">)<\/span><\/span><\/div><\/li><li class=\"\"><div class=\"sya_postcontent\"><span class=\"sya_date\">22.07. <span class=\"sya_sep\">- <\/span><\/span><a href=\"https:\/\/erasmusplus.al\/?p=6164&lang=sq\" class=\"sya_postlink post-6164\" rel=\"bookmark\">Youth Engagement in European Integration_ SCiDEV&#038;ESN<\/a> <span class=\"sya_categories\"><span class=\"sya_bracket\">(<\/span>Aktivitete<span class=\"sya_bracket\">)<\/span><\/span><\/div><\/li><li class=\"\"><div class=\"sya_postcontent\"><span class=\"sya_date\">04.07. <span class=\"sya_sep\">- <\/span><\/span><a href=\"https:\/\/erasmusplus.al\/?p=5555&lang=sq\" class=\"sya_postlink post-5555\" rel=\"bookmark\">NATIONAL HERE SEMINAR ON RTSH<\/a> <span class=\"sya_categories\"><span class=\"sya_bracket\">(<\/span>HERE Aktivitete, Njoftime<span class=\"sya_bracket\">)<\/span><\/span><\/div><\/li><li class=\"\"><div class=\"sya_postcontent\"><span class=\"sya_date\">04.07. <span class=\"sya_sep\">- <\/span><\/span><a href=\"https:\/\/erasmusplus.al\/?p=5551\" class=\"sya_postlink post-5551\" rel=\"bookmark\">NATIONAL HERE SEMINAR ON RTSH<\/a> <span class=\"sya_categories\"><span class=\"sya_bracket\">(<\/span>HERE Activities, News<span class=\"sya_bracket\">)<\/span><\/span><\/div><\/li><li class=\"\"><div class=\"sya_postcontent\"><span class=\"sya_date\">01.07. <span class=\"sya_sep\">- <\/span><\/span><a href=\"https:\/\/erasmusplus.al\/?p=5428&lang=sq\" class=\"sya_postlink post-5428\" rel=\"bookmark\">NATIONAL HERE SEMINAR ON RTSH<\/a> <span class=\"sya_categories\"><span class=\"sya_bracket\">(<\/span>Uncategorized @sq<span class=\"sya_bracket\">)<\/span><\/span><\/div><\/li><li class=\"\"><div class=\"sya_postcontent\"><span class=\"sya_date\">01.07. <span class=\"sya_sep\">- <\/span><\/span><a href=\"https:\/\/erasmusplus.al\/?p=5424\" class=\"sya_postlink post-5424\" rel=\"bookmark\">NATIONAL HERE SEMINAR ON RTSH<\/a> <span class=\"sya_categories\"><span class=\"sya_bracket\">(<\/span>Uncategorized<span class=\"sya_bracket\">)<\/span><\/span><\/div><\/li><li class=\"\"><div class=\"sya_postcontent\"><span class=\"sya_date\">25.06. <span class=\"sya_sep\">- <\/span><\/span><a href=\"https:\/\/erasmusplus.al\/?p=5509&lang=sq\" class=\"sya_postlink post-5509\" rel=\"bookmark\">ICM_Vizit\u00eb Virtuale Monitoruese_UElbasan_2020<\/a> <span class=\"sya_categories\"><span class=\"sya_bracket\">(<\/span>Aktivitete<span class=\"sya_bracket\">)<\/span><\/span><\/div><\/li><li class=\"\"><div class=\"sya_postcontent\"><span class=\"sya_date\">25.06. <span class=\"sya_sep\">- <\/span><\/span><a href=\"https:\/\/erasmusplus.al\/?p=5487\" class=\"sya_postlink post-5487\" rel=\"bookmark\">ICM_Virtual Monitoring Visit_UElbasan_2020<\/a> <span class=\"sya_categories\"><span class=\"sya_bracket\">(<\/span>Activities<span class=\"sya_bracket\">)<\/span><\/span><\/div><\/li><li class=\"\"><div class=\"sya_postcontent\"><span class=\"sya_date\">04.06. <span class=\"sya_sep\">- <\/span><\/span><a href=\"https:\/\/erasmusplus.al\/?p=5484&lang=sq\" class=\"sya_postlink post-5484\" rel=\"bookmark\">ICM_Vizit\u00eb Virtuale Monitoruese_UVlora_2020<\/a> <span class=\"sya_categories\"><span class=\"sya_bracket\">(<\/span>Aktivitete<span class=\"sya_bracket\">)<\/span><\/span><\/div><\/li><li class=\"\"><div class=\"sya_postcontent\"><span class=\"sya_date\">04.06. <span class=\"sya_sep\">- <\/span><\/span><a href=\"https:\/\/erasmusplus.al\/?p=5459\" class=\"sya_postlink post-5459\" rel=\"bookmark\">ICM_Virtual Monitoring Visit_UVlora_2020<\/a> <span class=\"sya_categories\"><span class=\"sya_bracket\">(<\/span>Activities<span class=\"sya_bracket\">)<\/span><\/span><\/div><\/li><li class=\"\"><div class=\"sya_postcontent\"><span class=\"sya_date\">20.05. <span class=\"sya_sep\">- <\/span><\/span><a href=\"https:\/\/erasmusplus.al\/?p=5456&lang=sq\" class=\"sya_postlink post-5456\" rel=\"bookmark\">ICM_Vizit\u00eb Virtuale Monitoruese_UET_2020<\/a> <span class=\"sya_categories\"><span class=\"sya_bracket\">(<\/span>Aktivitete<span class=\"sya_bracket\">)<\/span><\/span><\/div><\/li><li class=\"\"><div class=\"sya_postcontent\"><span class=\"sya_date\">20.05. <span class=\"sya_sep\">- <\/span><\/span><a href=\"https:\/\/erasmusplus.al\/?p=5443\" class=\"sya_postlink post-5443\" rel=\"bookmark\">ICM_Virtual Monitoring Visit_UET_2020<\/a> <span class=\"sya_categories\"><span class=\"sya_bracket\">(<\/span>Activities<span class=\"sya_bracket\">)<\/span><\/span><\/div><\/li><li class=\"\"><div class=\"sya_postcontent\"><span class=\"sya_date\">07.05. <span class=\"sya_sep\">- <\/span><\/span><a href=\"https:\/\/erasmusplus.al\/?p=6590\" class=\"sya_postlink post-6590\" rel=\"bookmark\">Kick of Meeting and e-monitoring of REACH Project<\/a> <span class=\"sya_categories\"><span class=\"sya_bracket\">(<\/span>Activities<span class=\"sya_bracket\">)<\/span><\/span><\/div><\/li><li class=\"\"><div class=\"sya_postcontent\"><span class=\"sya_date\">04.04. <span class=\"sya_sep\">- <\/span><\/span><a href=\"https:\/\/erasmusplus.al\/?p=5193\" class=\"sya_postlink post-5193\" rel=\"bookmark\">FAQ Erasmus+ and European Solidarity Corps activities impacted by covid-19<\/a> <span class=\"sya_categories\"><span class=\"sya_bracket\">(<\/span>News<span class=\"sya_bracket\">)<\/span><\/span><\/div><\/li><li class=\"\"><div class=\"sya_postcontent\"><span class=\"sya_date\">20.03. <span class=\"sya_sep\">- <\/span><\/span><a href=\"https:\/\/erasmusplus.al\/?p=5188&lang=sq\" class=\"sya_postlink post-5188\" rel=\"bookmark\">Coronavirus outbreak<\/a> <span class=\"sya_categories\"><span class=\"sya_bracket\">(<\/span>Njoftime<span class=\"sya_bracket\">)<\/span><\/span><\/div><\/li><li class=\"\"><div class=\"sya_postcontent\"><span class=\"sya_date\">20.03. <span class=\"sya_sep\">- <\/span><\/span><a href=\"https:\/\/erasmusplus.al\/?p=5186\" class=\"sya_postlink post-5186\" rel=\"bookmark\">Coronavirus outbreak<\/a> <span class=\"sya_categories\"><span class=\"sya_bracket\">(<\/span>News<span class=\"sya_bracket\">)<\/span><\/span><\/div><\/li><li class=\"\"><div class=\"sya_postcontent\"><span class=\"sya_date\">06.03. <span class=\"sya_sep\">- <\/span><\/span><a href=\"https:\/\/erasmusplus.al\/?p=5167&lang=sq\" class=\"sya_postlink post-5167\" rel=\"bookmark\">INFO HUB ERASMUS+<\/a> <span class=\"sya_categories\"><span class=\"sya_bracket\">(<\/span>Njoftime<span class=\"sya_bracket\">)<\/span><\/span><\/div><\/li><li class=\"\"><div class=\"sya_postcontent\"><span class=\"sya_date\">06.03. <span class=\"sya_sep\">- <\/span><\/span><a href=\"https:\/\/erasmusplus.al\/?p=5164\" class=\"sya_postlink post-5164\" rel=\"bookmark\">INFO HUB ERASMUS+<\/a> <span class=\"sya_categories\"><span class=\"sya_bracket\">(<\/span>News<span class=\"sya_bracket\">)<\/span><\/span><\/div><\/li><li class=\"\"><div class=\"sya_postcontent\"><span class=\"sya_date\">05.03. <span class=\"sya_sep\">- <\/span><\/span><a href=\"https:\/\/erasmusplus.al\/?p=6584\" class=\"sya_postlink post-6584\" rel=\"bookmark\">BOOK PRESENTATION_T@SK PROJECT<\/a> <span class=\"sya_categories\"><span class=\"sya_bracket\">(<\/span>Activities<span class=\"sya_bracket\">)<\/span><\/span><\/div><\/li><li class=\"\"><div class=\"sya_postcontent\"><span class=\"sya_date\">18.02. <span class=\"sya_sep\">- <\/span><\/span><a href=\"https:\/\/erasmusplus.al\/?p=4874&lang=sq\" class=\"sya_postlink post-4874\" rel=\"bookmark\">INFO HUB ERASMUS+<\/a> <span class=\"sya_categories\"><span class=\"sya_bracket\">(<\/span>Njoftime<span class=\"sya_bracket\">)<\/span><\/span><\/div><\/li><li class=\"\"><div class=\"sya_postcontent\"><span class=\"sya_date\">18.02. <span class=\"sya_sep\">- <\/span><\/span><a href=\"https:\/\/erasmusplus.al\/?p=4865\" class=\"sya_postlink post-4865\" rel=\"bookmark\">INFO HUB ERASMUS+<\/a> <span class=\"sya_categories\"><span class=\"sya_bracket\">(<\/span>News<span class=\"sya_bracket\">)<\/span><\/span><\/div><\/li><li class=\"\"><div class=\"sya_postcontent\"><span class=\"sya_date\">17.02. <span class=\"sya_sep\">- <\/span><\/span><a href=\"https:\/\/erasmusplus.al\/?p=6577\" class=\"sya_postlink post-6577\" rel=\"bookmark\">Project Meeting<\/a> <span class=\"sya_categories\"><span class=\"sya_bracket\">(<\/span>Activities<span class=\"sya_bracket\">)<\/span><\/span><\/div><\/li><li class=\"\"><div class=\"sya_postcontent\"><span class=\"sya_date\">07.02. <span class=\"sya_sep\">- <\/span><\/span><a href=\"https:\/\/erasmusplus.al\/?p=4938&lang=sq\" class=\"sya_postlink post-4938\" rel=\"bookmark\">Takim Ekspertet e Reformave n\u00eb Arsimin e Lart\u00eb (HERE) dhe Zyra Komb\u00ebtare Erasmus+<\/a> <span class=\"sya_categories\"><span class=\"sya_bracket\">(<\/span>HERE Aktivitete<span class=\"sya_bracket\">)<\/span><\/span><\/div><\/li><li class=\"\"><div class=\"sya_postcontent\"><span class=\"sya_date\">07.02. <span class=\"sya_sep\">- <\/span><\/span><a href=\"https:\/\/erasmusplus.al\/?p=4933\" class=\"sya_postlink post-4933\" rel=\"bookmark\">HERE and NEO  Meeting<\/a> <span class=\"sya_categories\"><span class=\"sya_bracket\">(<\/span>HERE Activities<span class=\"sya_bracket\">)<\/span><\/span><\/div><\/li><li class=\"\"><div class=\"sya_postcontent\"><span class=\"sya_date\">29.01. <span class=\"sya_sep\">- <\/span><\/span><a href=\"https:\/\/erasmusplus.al\/?p=5625&lang=sq\" class=\"sya_postlink post-5625\" rel=\"bookmark\">Takimi vjetor i Zyrave Komb\u00ebtare Erasmus+<\/a> <span class=\"sya_categories\"><span class=\"sya_bracket\">(<\/span>Aktivitete, HERE Aktivitete<span class=\"sya_bracket\">)<\/span><\/span><\/div><\/li><li class=\"\"><div class=\"sya_postcontent\"><span class=\"sya_date\">29.01. <span class=\"sya_sep\">- <\/span><\/span><a href=\"https:\/\/erasmusplus.al\/?p=5618\" class=\"sya_postlink post-5618\" rel=\"bookmark\">National Erasmus+ Office\u2019s Meeting 2020<\/a> <span class=\"sya_categories\"><span class=\"sya_bracket\">(<\/span>Activities, HERE Activities<span class=\"sya_bracket\">)<\/span><\/span><\/div><\/li><li class=\"\"><div class=\"sya_postcontent\"><span class=\"sya_date\">27.01. <span class=\"sya_sep\">- <\/span><\/span><a href=\"https:\/\/erasmusplus.al\/?p=5615&lang=sq\" class=\"sya_postlink post-5615\" rel=\"bookmark\">Programi Erasmus+ \u201cNd\u00ebrtim Kapacitetesh n\u00eb Arsimin e Lart\u201d. Takimi \u201cGrant Holders\u201d<\/a> <span class=\"sya_categories\"><span class=\"sya_bracket\">(<\/span>Aktivitete<span class=\"sya_bracket\">)<\/span><\/span><\/div><\/li><li class=\"\"><div class=\"sya_postcontent\"><span class=\"sya_date\">27.01. <span class=\"sya_sep\">- <\/span><\/span><a href=\"https:\/\/erasmusplus.al\/?p=5587\" class=\"sya_postlink post-5587\" rel=\"bookmark\">Erasmus+ Capacity Building in Higher Education Grantholders&#8217; Meeting<\/a> <span class=\"sya_categories\"><span class=\"sya_bracket\">(<\/span>Activities<span class=\"sya_bracket\">)<\/span><\/span><\/div><\/li><li class=\"\"><div class=\"sya_postcontent\"><span class=\"sya_date\">24.01. <span class=\"sya_sep\">- <\/span><\/span><a href=\"https:\/\/erasmusplus.al\/?p=5584&lang=sq\" class=\"sya_postlink post-5584\" rel=\"bookmark\">Zyra Komb\u00ebtare Erasmus+ e AL n\u00eb panairin \u201cME and EUROPE\u201d<\/a> <span class=\"sya_categories\"><span class=\"sya_bracket\">(<\/span>Aktivitete<span class=\"sya_bracket\">)<\/span><\/span><\/div><\/li><li class=\"\"><div class=\"sya_postcontent\"><span class=\"sya_date\">24.01. <span class=\"sya_sep\">- <\/span><\/span><a href=\"https:\/\/erasmusplus.al\/?p=5576\" class=\"sya_postlink post-5576\" rel=\"bookmark\">National Erasmus+ Office attending on \u201cMe and Europe\u201d Fair.<\/a> <span class=\"sya_categories\"><span class=\"sya_bracket\">(<\/span>Activities<span class=\"sya_bracket\">)<\/span><\/span><\/div><\/li><li class=\"\"><div class=\"sya_postcontent\"><span class=\"sya_date\">24.01. <span class=\"sya_sep\">- <\/span><\/span><a href=\"https:\/\/erasmusplus.al\/?p=6571\" class=\"sya_postlink post-6571\" rel=\"bookmark\">International Day of Education<\/a> <span class=\"sya_categories\"><span class=\"sya_bracket\">(<\/span>Activities<span class=\"sya_bracket\">)<\/span><\/span><\/div><\/li><li class=\"\"><div class=\"sya_postcontent\"><span class=\"sya_date\">21.01. <span class=\"sya_sep\">- <\/span><\/span><a href=\"https:\/\/erasmusplus.al\/?p=4963&lang=sq\" class=\"sya_postlink post-4963\" rel=\"bookmark\">Vizit\u00eb Monitoruese UBT p\u00ebr programin KA1 \u201cShk\u00ebmbime Studentore dhe Stafi\u201d<\/a> <span class=\"sya_categories\"><span class=\"sya_bracket\">(<\/span>Aktivitete<span class=\"sya_bracket\">)<\/span><\/span><\/div><\/li><li class=\"\"><div class=\"sya_postcontent\"><span class=\"sya_date\">21.01. <span class=\"sya_sep\">- <\/span><\/span><a href=\"https:\/\/erasmusplus.al\/?p=4959\" class=\"sya_postlink post-4959\" rel=\"bookmark\">UBT Monitoring Visit for KA1 Program \u201cStudent Exchanges and Staff\u201d<\/a> <span class=\"sya_categories\"><span class=\"sya_bracket\">(<\/span>Activities<span class=\"sya_bracket\">)<\/span><\/span><\/div><\/li><li class=\"\"><div class=\"sya_postcontent\"><span class=\"sya_date\">16.01. <span class=\"sya_sep\">- <\/span><\/span><a href=\"https:\/\/erasmusplus.al\/?p=4993&lang=sq\" class=\"sya_postlink post-4993\" rel=\"bookmark\">Takim Informues mbi Programin Erasmus+ n\u00eb Universitetin POLIS<\/a> <span class=\"sya_categories\"><span class=\"sya_bracket\">(<\/span>Aktivitete<span class=\"sya_bracket\">)<\/span><\/span><\/div><\/li><li class=\"\"><div class=\"sya_postcontent\"><span class=\"sya_date\">16.01. <span class=\"sya_sep\">- <\/span><\/span><a href=\"https:\/\/erasmusplus.al\/?p=4985\" class=\"sya_postlink post-4985\" rel=\"bookmark\">Information Session on Erasmus + Program at POLIS University<\/a> <span class=\"sya_categories\"><span class=\"sya_bracket\">(<\/span>Activities<span class=\"sya_bracket\">)<\/span><\/span><\/div><\/li><li class=\"\"><div class=\"sya_postcontent\"><span class=\"sya_date\">14.01. <span class=\"sya_sep\">- <\/span><\/span><a href=\"https:\/\/erasmusplus.al\/?p=4754&lang=sq\" class=\"sya_postlink post-4754\" rel=\"bookmark\">Vacancy Albania NEO Coordinator<\/a> <span class=\"sya_categories\"><span class=\"sya_bracket\">(<\/span>Njoftime<span class=\"sya_bracket\">)<\/span><\/span><\/div><\/li><li class=\"\"><div class=\"sya_postcontent\"><span class=\"sya_date\">14.01. <span class=\"sya_sep\">- <\/span><\/span><a href=\"https:\/\/erasmusplus.al\/?p=4751\" class=\"sya_postlink post-4751\" rel=\"bookmark\">Vacancy Albania NEO Coordinator<\/a> <span class=\"sya_categories\"><span class=\"sya_bracket\">(<\/span>News<span class=\"sya_bracket\">)<\/span><\/span><\/div><\/li><li class=\"\"><div class=\"sya_postcontent\"><span class=\"sya_date\">09.01. <span class=\"sya_sep\">- <\/span><\/span><a href=\"https:\/\/erasmusplus.al\/?p=4795&lang=sq\" class=\"sya_postlink post-4795\" rel=\"bookmark\">Trajnimi: Si t\u00eb shkruajm\u00eb nj\u00eb Projekt t\u00eb Suksesh\u00ebm n\u00eb Erasmus Plus &#8211; programi \u201cNd\u00ebrtim Kapacitetesh n\u00eb Arsimin e Lart\u00eb\u201d (CBHE)<\/a> <span class=\"sya_categories\"><span class=\"sya_bracket\">(<\/span>Aktivitete<span class=\"sya_bracket\">)<\/span><\/span><\/div><\/li><li class=\"\"><div class=\"sya_postcontent\"><span class=\"sya_date\">09.01. <span class=\"sya_sep\">- <\/span><\/span><a href=\"https:\/\/erasmusplus.al\/?p=5570\" class=\"sya_postlink post-5570\" rel=\"bookmark\">Training on \u201cHow to draft a good application on \u2018Capacity Building in the field of Higher Education\u2019 projects\u201d<\/a> <span class=\"sya_categories\"><span class=\"sya_bracket\">(<\/span>Activities<span class=\"sya_bracket\">)<\/span><\/span><\/div><\/li><li class=\"\"><div class=\"sya_postcontent\"><span class=\"sya_date\">08.01. <span class=\"sya_sep\">- <\/span><\/span><a href=\"https:\/\/erasmusplus.al\/?p=4777&lang=sq\" class=\"sya_postlink post-4777\" rel=\"bookmark\">Vizit\u00eb Monitoruese Projekti GRADUA, UBT<\/a> <span class=\"sya_categories\"><span class=\"sya_bracket\">(<\/span>Aktivitete<span class=\"sya_bracket\">)<\/span><\/span><\/div><\/li><li class=\"\"><div class=\"sya_postcontent\"><span class=\"sya_date\">08.01. <span class=\"sya_sep\">- <\/span><\/span><a href=\"https:\/\/erasmusplus.al\/?p=4982&lang=sq\" class=\"sya_postlink post-4982\" rel=\"bookmark\">Vizit\u00eb Monitoruese Projekti LNSS, UBT<\/a> <span class=\"sya_categories\"><span class=\"sya_bracket\">(<\/span>Aktivitete<span class=\"sya_bracket\">)<\/span><\/span><\/div><\/li><li class=\"\"><div class=\"sya_postcontent\"><span class=\"sya_date\">08.01. <span class=\"sya_sep\">- <\/span><\/span><a href=\"https:\/\/erasmusplus.al\/?p=4977\" class=\"sya_postlink post-4977\" rel=\"bookmark\">Monitoring Visit LNSS Project, UBT<\/a> <span class=\"sya_categories\"><span class=\"sya_bracket\">(<\/span>Activities<span class=\"sya_bracket\">)<\/span><\/span><\/div><\/li><li class=\"\"><div class=\"sya_postcontent\"><span class=\"sya_date\">08.01. <span class=\"sya_sep\">- <\/span><\/span><a href=\"https:\/\/erasmusplus.al\/?p=4974&lang=sq\" class=\"sya_postlink post-4974\" rel=\"bookmark\">Vizit\u00eb Monitoruese Projekti GRADUA, UBT<\/a> <span class=\"sya_categories\"><span class=\"sya_bracket\">(<\/span>Aktivitete<span class=\"sya_bracket\">)<\/span><\/span><\/div><\/li><li class=\"\"><div class=\"sya_postcontent\"><span class=\"sya_date\">08.01. <span class=\"sya_sep\">- <\/span><\/span><a href=\"https:\/\/erasmusplus.al\/?p=4965\" class=\"sya_postlink post-4965\" rel=\"bookmark\">Monitoring Visit of the Project GRADUA, UBT<\/a> <span class=\"sya_categories\"><span class=\"sya_bracket\">(<\/span>Activities<span class=\"sya_bracket\">)<\/span><\/span><\/div><\/li><li class=\"\"><div class=\"sya_postcontent\"><span class=\"sya_date\">07.01. <span class=\"sya_sep\">- <\/span><\/span><a href=\"https:\/\/erasmusplus.al\/?p=4758&lang=sq\" class=\"sya_postlink post-4758\" rel=\"bookmark\">Vizit\u00eb Monitoruese Projekti Vtech@WBUni, UAMD<\/a> <span class=\"sya_categories\"><span class=\"sya_bracket\">(<\/span>Aktivitete<span class=\"sya_bracket\">)<\/span><\/span><\/div><\/li><li class=\"\"><div class=\"sya_postcontent\"><span class=\"sya_date\">07.01. <span class=\"sya_sep\">- <\/span><\/span><a href=\"https:\/\/erasmusplus.al\/?p=4957&lang=sq\" class=\"sya_postlink post-4957\" rel=\"bookmark\">Vizit\u00eb Monitoruese Projekti Vtech@WBUni, UAMD<\/a> <span class=\"sya_categories\"><span class=\"sya_bracket\">(<\/span>Aktivitete<span class=\"sya_bracket\">)<\/span><\/span><\/div><\/li><li class=\"\"><div class=\"sya_postcontent\"><span class=\"sya_date\">07.01. <span class=\"sya_sep\">- <\/span><\/span><a href=\"https:\/\/erasmusplus.al\/?p=4948\" class=\"sya_postlink post-4948\" rel=\"bookmark\">Monitoring Visit of the Project Vtech@WBUni, UAMD<\/a> <span class=\"sya_categories\"><span class=\"sya_bracket\">(<\/span>Activities<span class=\"sya_bracket\">)<\/span><\/span><\/div><\/li><\/ul><\/div><div class=\"sya_container\" id=\"sya_container\"><p class=\"sya_yearslist\" id=\"sya_yearslist\"><a href=\"#year2019\">2019<\/a><\/p><h2><a id=\"year2019\"><\/a><a href=\"https:\/\/erasmusplus.al\/?m=2019\" rel=\"section\">2019<\/a> <span class=\"sya_yearcount\"><span class=\"sya_bracket\">(<\/span>104<span class=\"sya_bracket\">)<\/span><\/span><\/h2><ul><li class=\"\"><div class=\"sya_postcontent\"><span class=\"sya_date\">18.12. <span class=\"sya_sep\">- <\/span><\/span><a href=\"https:\/\/erasmusplus.al\/?p=5262&lang=sq\" class=\"sya_postlink post-5262\" rel=\"bookmark\">Vizit\u00eb Monitoruese p\u00ebr Projektin \u201cEduLaw\u201d, ZKE+ 18 Dhjetor, UT<\/a> <span class=\"sya_categories\"><span class=\"sya_bracket\">(<\/span>Aktivitete<span class=\"sya_bracket\">)<\/span><\/span><\/div><\/li><li class=\"\"><div class=\"sya_postcontent\"><span class=\"sya_date\">18.12. <span class=\"sya_sep\">- <\/span><\/span><a href=\"https:\/\/erasmusplus.al\/?p=5258\" class=\"sya_postlink post-5258\" rel=\"bookmark\">EduLaw Field Monitoring Visit , NEO 18 December, UT<\/a> <span class=\"sya_categories\"><span class=\"sya_bracket\">(<\/span>Activities<span class=\"sya_bracket\">)<\/span><\/span><\/div><\/li><li class=\"\"><div class=\"sya_postcontent\"><span class=\"sya_date\">18.12. <span class=\"sya_sep\">- <\/span><\/span><a href=\"https:\/\/erasmusplus.al\/?p=5256&lang=sq\" class=\"sya_postlink post-5256\" rel=\"bookmark\">Monitorimi  Projekti K-Force nga ZKE+, 18 Dhjetor, UT<\/a> <span class=\"sya_categories\"><span class=\"sya_bracket\">(<\/span>Aktivitete<span class=\"sya_bracket\">)<\/span><\/span><\/div><\/li><li class=\"\"><div class=\"sya_postcontent\"><span class=\"sya_date\">18.12. <span class=\"sya_sep\">- <\/span><\/span><a href=\"https:\/\/erasmusplus.al\/?p=5252\" class=\"sya_postlink post-5252\" rel=\"bookmark\">FMV K-FORCE project-18 December, UT.<\/a> <span class=\"sya_categories\"><span class=\"sya_bracket\">(<\/span>Activities<span class=\"sya_bracket\">)<\/span><\/span><\/div><\/li><li class=\"\"><div class=\"sya_postcontent\"><span class=\"sya_date\">17.12. <span class=\"sya_sep\">- <\/span><\/span><a href=\"https:\/\/erasmusplus.al\/?p=5100&lang=sq\" class=\"sya_postlink post-5100\" rel=\"bookmark\">Dita Komb\u00ebtare Informuese Erasmus+, 2019<\/a> <span class=\"sya_categories\"><span class=\"sya_bracket\">(<\/span>Aktivitete<span class=\"sya_bracket\">)<\/span><\/span><\/div><\/li><li class=\"\"><div class=\"sya_postcontent\"><span class=\"sya_date\">17.12. <span class=\"sya_sep\">- <\/span><\/span><a href=\"https:\/\/erasmusplus.al\/?p=5071\" class=\"sya_postlink post-5071\" rel=\"bookmark\">National Erasmus+ Information Day 2019<\/a> <span class=\"sya_categories\"><span class=\"sya_bracket\">(<\/span>Activities<span class=\"sya_bracket\">)<\/span><\/span><\/div><\/li><li class=\"\"><div class=\"sya_postcontent\"><span class=\"sya_date\">13.12. <span class=\"sya_sep\">- <\/span><\/span><a href=\"https:\/\/erasmusplus.al\/?p=5249&lang=sq\" class=\"sya_postlink post-5249\" rel=\"bookmark\">Takim p\u00ebrgatitor p\u00ebr Dit\u00ebn Komb\u00ebtare t\u00eb Informimit mbi Erasmus+.<\/a> <span class=\"sya_categories\"><span class=\"sya_bracket\">(<\/span>Aktivitete<span class=\"sya_bracket\">)<\/span><\/span><\/div><\/li><li class=\"\"><div class=\"sya_postcontent\"><span class=\"sya_date\">13.12. <span class=\"sya_sep\">- <\/span><\/span><a href=\"https:\/\/erasmusplus.al\/?p=5245\" class=\"sya_postlink post-5245\" rel=\"bookmark\">Pre-meeting for Erasmus+ National Info Day with Albanian Coordinators of  CBHE<\/a> <span class=\"sya_categories\"><span class=\"sya_bracket\">(<\/span>Activities<span class=\"sya_bracket\">)<\/span><\/span><\/div><\/li><li class=\"\"><div class=\"sya_postcontent\"><span class=\"sya_date\">12.12. <span class=\"sya_sep\">- <\/span><\/span><a href=\"https:\/\/erasmusplus.al\/?p=4894&lang=sq\" class=\"sya_postlink post-4894\" rel=\"bookmark\">Konferenca HERE &#8211; \u201cNga p\u00ebrfshirja sociale tek aft\u00ebsit\u00eb: Shtypja e temave n\u00eb hartimin e politikave t\u00eb arsimit t\u00eb lart\u00eb\u201d<\/a> <span class=\"sya_categories\"><span class=\"sya_bracket\">(<\/span>HERE Aktivitete<span class=\"sya_bracket\">)<\/span><\/span><\/div><\/li><li class=\"\"><div class=\"sya_postcontent\"><span class=\"sya_date\">12.12. <span class=\"sya_sep\">- <\/span><\/span><a href=\"https:\/\/erasmusplus.al\/?p=4881\" class=\"sya_postlink post-4881\" rel=\"bookmark\">HERE Annual Conference From social inclusion to skills: Pressing themes in higher education policy making<\/a> <span class=\"sya_categories\"><span class=\"sya_bracket\">(<\/span>HERE Activities<span class=\"sya_bracket\">)<\/span><\/span><\/div><\/li><li class=\"\"><div class=\"sya_postcontent\"><span class=\"sya_date\">12.12. <span class=\"sya_sep\">- <\/span><\/span><a href=\"https:\/\/erasmusplus.al\/?p=5180&lang=sq\" class=\"sya_postlink post-5180\" rel=\"bookmark\">\u201cMir\u00ebm\u00ebgjesi Shqip\u00ebri\u201d Dita Komb\u00ebtare Informuese p\u00ebr programin Erasmus+<\/a> <span class=\"sya_categories\"><span class=\"sya_bracket\">(<\/span>Aktivitete<span class=\"sya_bracket\">)<\/span><\/span><\/div><\/li><li class=\"\"><div class=\"sya_postcontent\"><span class=\"sya_date\">12.12. <span class=\"sya_sep\">- <\/span><\/span><a href=\"https:\/\/erasmusplus.al\/?p=5171\" class=\"sya_postlink post-5171\" rel=\"bookmark\">National Erasmus+ Info Day at &#8220;Good Morning Albania&#8221;<\/a> <span class=\"sya_categories\"><span class=\"sya_bracket\">(<\/span>Activities<span class=\"sya_bracket\">)<\/span><\/span><\/div><\/li><li class=\"\"><div class=\"sya_postcontent\"><span class=\"sya_date\">25.11. <span class=\"sya_sep\">- <\/span><\/span><a href=\"https:\/\/erasmusplus.al\/?p=4732&lang=sq\" class=\"sya_postlink post-4732\" rel=\"bookmark\">\u201cSfidat drejt implementimit t\u00eb suksessh\u00ebm t\u00eb programit \u2018Master i P\u00ebrbashk\u00ebt\u2019 \u201d<\/a> <span class=\"sya_categories\"><span class=\"sya_bracket\">(<\/span>Njoftime<span class=\"sya_bracket\">)<\/span><\/span><\/div><\/li><li class=\"\"><div class=\"sya_postcontent\"><span class=\"sya_date\">25.11. <span class=\"sya_sep\">- <\/span><\/span><a href=\"https:\/\/erasmusplus.al\/?p=4730\" class=\"sya_postlink post-4730\" rel=\"bookmark\">CHALLENGES TOWARD SUCCESSFUL JOINT DEGREES IMPLEMENTATION<\/a> <span class=\"sya_categories\"><span class=\"sya_bracket\">(<\/span>News<span class=\"sya_bracket\">)<\/span><\/span><\/div><\/li><li class=\"\"><div class=\"sya_postcontent\"><span class=\"sya_date\">21.11. <span class=\"sya_sep\">- <\/span><\/span><a href=\"https:\/\/erasmusplus.al\/?p=4943&lang=sq\" class=\"sya_postlink post-4943\" rel=\"bookmark\">Vizit\u00eb Studimore HERE:  L\u00ebvizshm\u00ebria gjith\u00ebp\u00ebrfshir\u00ebse: nga synimet e mira deri tek rezultatet e matshme<\/a> <span class=\"sya_categories\"><span class=\"sya_bracket\">(<\/span>HERE Aktivitete<span class=\"sya_bracket\">)<\/span><\/span><\/div><\/li><li class=\"\"><div class=\"sya_postcontent\"><span class=\"sya_date\">21.11. <span class=\"sya_sep\">- <\/span><\/span><a href=\"https:\/\/erasmusplus.al\/?p=4940\" class=\"sya_postlink post-4940\" rel=\"bookmark\">HERE Study Visit  Inclusive mobility: from good intentions to measurable outcomes<\/a> <span class=\"sya_categories\"><span class=\"sya_bracket\">(<\/span>HERE Activities<span class=\"sya_bracket\">)<\/span><\/span><\/div><\/li><li class=\"\"><div class=\"sya_postcontent\"><span class=\"sya_date\">20.11. <span class=\"sya_sep\">- <\/span><\/span><a href=\"https:\/\/erasmusplus.al\/?p=5243&lang=sq\" class=\"sya_postlink post-5243\" rel=\"bookmark\">Vizit\u00eb Monitoruese p\u00ebr Projektin \u201cSmartAL\u201d, ZKE+ 20 N\u00ebntor, UET<\/a> <span class=\"sya_categories\"><span class=\"sya_bracket\">(<\/span>Aktivitete<span class=\"sya_bracket\">)<\/span><\/span><\/div><\/li><li class=\"\"><div class=\"sya_postcontent\"><span class=\"sya_date\">20.11. <span class=\"sya_sep\">- <\/span><\/span><a href=\"https:\/\/erasmusplus.al\/?p=5235\" class=\"sya_postlink post-5235\" rel=\"bookmark\">Filed Monitoirng Visit of \u201cSmartAL\u201d project, NEO 20 November, EUT<\/a> <span class=\"sya_categories\"><span class=\"sya_bracket\">(<\/span>Activities<span class=\"sya_bracket\">)<\/span><\/span><\/div><\/li><li class=\"\"><div class=\"sya_postcontent\"><span class=\"sya_date\">20.11. <span class=\"sya_sep\">- <\/span><\/span><a href=\"https:\/\/erasmusplus.al\/?p=5216&lang=sq\" class=\"sya_postlink post-5216\" rel=\"bookmark\">Vizit\u00eb Monitoruese p\u00ebr Projektin \u201ceuroPS\u201d, ZKE+ 20 N\u00ebntor, UET<\/a> <span class=\"sya_categories\"><span class=\"sya_bracket\">(<\/span>Aktivitete<span class=\"sya_bracket\">)<\/span><\/span><\/div><\/li><li class=\"\"><div class=\"sya_postcontent\"><span class=\"sya_date\">20.11. <span class=\"sya_sep\">- <\/span><\/span><a href=\"https:\/\/erasmusplus.al\/?p=5209\" class=\"sya_postlink post-5209\" rel=\"bookmark\">Filed Monitoirng Visit of \u201ceuroPS\u201d project, NEO 20 November, EUT<\/a> <span class=\"sya_categories\"><span class=\"sya_bracket\">(<\/span>Activities<span class=\"sya_bracket\">)<\/span><\/span><\/div><\/li><li class=\"\"><div class=\"sya_postcontent\"><span class=\"sya_date\">14.11. <span class=\"sya_sep\">- <\/span><\/span><a href=\"https:\/\/erasmusplus.al\/?p=5232&lang=sq\" class=\"sya_postlink post-5232\" rel=\"bookmark\">Stafi i Zyr\u00ebs Komb\u00ebtare Erasmus+ n\u00eb takimin \u201cNEO-ICP 2019\u201d<\/a> <span class=\"sya_categories\"><span class=\"sya_bracket\">(<\/span>Aktivitete<span class=\"sya_bracket\">)<\/span><\/span><\/div><\/li><li class=\"\"><div class=\"sya_postcontent\"><span class=\"sya_date\">14.11. <span class=\"sya_sep\">- <\/span><\/span><a href=\"https:\/\/erasmusplus.al\/?p=5218\" class=\"sya_postlink post-5218\" rel=\"bookmark\">NEO Albania at NEO-ICP meeting 2019<\/a> <span class=\"sya_categories\"><span class=\"sya_bracket\">(<\/span>Activities<span class=\"sya_bracket\">)<\/span><\/span><\/div><\/li><li class=\"\"><div class=\"sya_postcontent\"><span class=\"sya_date\">11.11. <span class=\"sya_sep\">- <\/span><\/span><a href=\"https:\/\/erasmusplus.al\/?p=5378\" class=\"sya_postlink post-5378\" rel=\"bookmark\">#ErasmusDays \u2013 Meeting with Professional Collage of Tirana<\/a> <span class=\"sya_categories\"><span class=\"sya_bracket\">(<\/span>Activities<span class=\"sya_bracket\">)<\/span><\/span><\/div><\/li><li class=\"\"><div class=\"sya_postcontent\"><span class=\"sya_date\">06.11. <span class=\"sya_sep\">- <\/span><\/span><a href=\"https:\/\/erasmusplus.al\/?p=4728&lang=sq\" class=\"sya_postlink post-4728\" rel=\"bookmark\">CALL 2020- U hapen thirrjet p\u00ebr Aplikimeve 2020 p\u00ebr Programet Erasmus+<\/a> <span class=\"sya_categories\"><span class=\"sya_bracket\">(<\/span>Njoftime<span class=\"sya_bracket\">)<\/span><\/span><\/div><\/li><li class=\"\"><div class=\"sya_postcontent\"><span class=\"sya_date\">06.11. <span class=\"sya_sep\">- <\/span><\/span><a href=\"https:\/\/erasmusplus.al\/?p=4726\" class=\"sya_postlink post-4726\" rel=\"bookmark\">CALL 2020- Erasmus+ Programme Guide 2020<\/a> <span class=\"sya_categories\"><span class=\"sya_bracket\">(<\/span>News<span class=\"sya_bracket\">)<\/span><\/span><\/div><\/li><li class=\"\"><div class=\"sya_postcontent\"><span class=\"sya_date\">04.11. <span class=\"sya_sep\">- <\/span><\/span><a href=\"https:\/\/erasmusplus.al\/?p=4720&lang=sq\" class=\"sya_postlink post-4720\" rel=\"bookmark\">SEMINAR RAJONAL HERE- EKPERTET E REFORMAVE TE ARSIMIN E LARTE<\/a> <span class=\"sya_categories\"><span class=\"sya_bracket\">(<\/span>Njoftime<span class=\"sya_bracket\">)<\/span><\/span><\/div><\/li><li class=\"\"><div class=\"sya_postcontent\"><span class=\"sya_date\">04.11. <span class=\"sya_sep\">- <\/span><\/span><a href=\"https:\/\/erasmusplus.al\/?p=4718\" class=\"sya_postlink post-4718\" rel=\"bookmark\">REGIONAL HERE SEMINAR<\/a> <span class=\"sya_categories\"><span class=\"sya_bracket\">(<\/span>News<span class=\"sya_bracket\">)<\/span><\/span><\/div><\/li><li class=\"\"><div class=\"sya_postcontent\"><span class=\"sya_date\">26.10. <span class=\"sya_sep\">- <\/span><\/span><a href=\"https:\/\/erasmusplus.al\/?p=5275&lang=sq\" class=\"sya_postlink post-5275\" rel=\"bookmark\">Panairi &#8220;Studio ne Europ\u00eb\u201d -Tiran\u00eb, 26 Tetor 2019<\/a> <span class=\"sya_categories\"><span class=\"sya_bracket\">(<\/span>Aktivitete<span class=\"sya_bracket\">)<\/span><\/span><\/div><\/li><li class=\"\"><div class=\"sya_postcontent\"><span class=\"sya_date\">26.10. <span class=\"sya_sep\">- <\/span><\/span><a href=\"https:\/\/erasmusplus.al\/?p=5267\" class=\"sya_postlink post-5267\" rel=\"bookmark\">Study in Europe Fair in Tirana 26 October<\/a> <span class=\"sya_categories\"><span class=\"sya_bracket\">(<\/span>Activities<span class=\"sya_bracket\">)<\/span><\/span><\/div><\/li><li class=\"\"><div class=\"sya_postcontent\"><span class=\"sya_date\">24.10. <span class=\"sya_sep\">- <\/span><\/span><a href=\"https:\/\/erasmusplus.al\/?p=5369&lang=sq\" class=\"sya_postlink post-5369\" rel=\"bookmark\">Seminar Kontakti Erasmus+ me Ballkanin Per\u00ebndimor<\/a> <span class=\"sya_categories\"><span class=\"sya_bracket\">(<\/span>Aktivitete<span class=\"sya_bracket\">)<\/span><\/span><\/div><\/li><li class=\"\"><div class=\"sya_postcontent\"><span class=\"sya_date\">24.10. <span class=\"sya_sep\">- <\/span><\/span><a href=\"https:\/\/erasmusplus.al\/?p=5361\" class=\"sya_postlink post-5361\" rel=\"bookmark\">Erasmus+ Contact Seminar with the Western Balkans<\/a> <span class=\"sya_categories\"><span class=\"sya_bracket\">(<\/span>Activities<span class=\"sya_bracket\">)<\/span><\/span><\/div><\/li><li class=\"\"><div class=\"sya_postcontent\"><span class=\"sya_date\">24.10. <span class=\"sya_sep\">- <\/span><\/span><a href=\"https:\/\/erasmusplus.al\/?p=5358&lang=sq\" class=\"sya_postlink post-5358\" rel=\"bookmark\">Takim Koordinator\u00ebt e rinj t\u00eb Projekteve CBHE 2019 me EACEA<\/a> <span class=\"sya_categories\"><span class=\"sya_bracket\">(<\/span>Aktivitete<span class=\"sya_bracket\">)<\/span><\/span><\/div><\/li><li class=\"\"><div class=\"sya_postcontent\"><span class=\"sya_date\">24.10. <span class=\"sya_sep\">- <\/span><\/span><a href=\"https:\/\/erasmusplus.al\/?p=5350\" class=\"sya_postlink post-5350\" rel=\"bookmark\">Meeting EACEA and 2019 Call\u2019s Albanian Coordinators<\/a> <span class=\"sya_categories\"><span class=\"sya_bracket\">(<\/span>Activities<span class=\"sya_bracket\">)<\/span><\/span><\/div><\/li><li class=\"\"><div class=\"sya_postcontent\"><span class=\"sya_date\">23.10. <span class=\"sya_sep\">- <\/span><\/span><a href=\"https:\/\/erasmusplus.al\/?p=5405&lang=sq\" class=\"sya_postlink post-5405\" rel=\"bookmark\">Vizit\u00eb monitorusese n\u00eb Universitetin e Durr\u00ebsit  (UAMD) nga EACEA dhe ZKE+<\/a> <span class=\"sya_categories\"><span class=\"sya_bracket\">(<\/span>Aktivitete<span class=\"sya_bracket\">)<\/span><\/span><\/div><\/li><li class=\"\"><div class=\"sya_postcontent\"><span class=\"sya_date\">23.10. <span class=\"sya_sep\">- <\/span><\/span><a href=\"https:\/\/erasmusplus.al\/?p=5398\" class=\"sya_postlink post-5398\" rel=\"bookmark\">Institutional FMV, EACEA and NEO at University of Durr\u00ebs (UAMD)<\/a> <span class=\"sya_categories\"><span class=\"sya_bracket\">(<\/span>Activities<span class=\"sya_bracket\">)<\/span><\/span><\/div><\/li><li class=\"\"><div class=\"sya_postcontent\"><span class=\"sya_date\">22.10. <span class=\"sya_sep\">- <\/span><\/span><a href=\"https:\/\/erasmusplus.al\/?p=5158&lang=sq\" class=\"sya_postlink post-5158\" rel=\"bookmark\">Takimi  mes aktor\u00ebve t\u00eb AL p\u00ebr Ndikimin e Projekteve CBHE n\u00eb Ballkanin Per\u00ebndimor.<\/a> <span class=\"sya_categories\"><span class=\"sya_bracket\">(<\/span>Aktivitete<span class=\"sya_bracket\">)<\/span><\/span><\/div><\/li><li class=\"\"><div class=\"sya_postcontent\"><span class=\"sya_date\">22.10. <span class=\"sya_sep\">- <\/span><\/span><a href=\"https:\/\/erasmusplus.al\/?p=5119\" class=\"sya_postlink post-5119\" rel=\"bookmark\">CLUSTER MEETING ON THE CBHE PROJECTS&#8217; IMPACT IN THE WESTERN BALKANS<\/a> <span class=\"sya_categories\"><span class=\"sya_bracket\">(<\/span>Activities<span class=\"sya_bracket\">)<\/span><\/span><\/div><\/li><li class=\"\"><div class=\"sya_postcontent\"><span class=\"sya_date\">12.10. <span class=\"sya_sep\">- <\/span><\/span><a href=\"https:\/\/erasmusplus.al\/?p=5395&lang=sq\" class=\"sya_postlink post-5395\" rel=\"bookmark\">Erasmus Quiz- ErasmusDays &#8211; millions of people, thousands of events!<\/a> <span class=\"sya_categories\"><span class=\"sya_bracket\">(<\/span>Aktivitete<span class=\"sya_bracket\">)<\/span><\/span><\/div><\/li><li class=\"\"><div class=\"sya_postcontent\"><span class=\"sya_date\">12.10. <span class=\"sya_sep\">- <\/span><\/span><a href=\"https:\/\/erasmusplus.al\/?p=5389\" class=\"sya_postlink post-5389\" rel=\"bookmark\">Erasmus Quiz- Erasmus Days &#8211; millions of people, thousands of events!<\/a> <span class=\"sya_categories\"><span class=\"sya_bracket\">(<\/span>Activities<span class=\"sya_bracket\">)<\/span><\/span><\/div><\/li><li class=\"\"><div class=\"sya_postcontent\"><span class=\"sya_date\">11.10. <span class=\"sya_sep\">- <\/span><\/span><a href=\"https:\/\/erasmusplus.al\/?p=4707&lang=sq\" class=\"sya_postlink post-4707\" rel=\"bookmark\">Erasmus+Quiz, aktivitet n\u00eb kuad\u00ebr te dit\u00ebve nd\u00ebrkomb\u00ebtare Erasmus+<\/a> <span class=\"sya_categories\"><span class=\"sya_bracket\">(<\/span>Njoftime<span class=\"sya_bracket\">)<\/span><\/span><\/div><\/li><li class=\"\"><div class=\"sya_postcontent\"><span class=\"sya_date\">11.10. <span class=\"sya_sep\">- <\/span><\/span><a href=\"https:\/\/erasmusplus.al\/?p=4700\" class=\"sya_postlink post-4700\" rel=\"bookmark\">Erasmus+ Quiz, the \u201cErasmus Days 2019\u201d activity organized by NEO Albania<\/a> <span class=\"sya_categories\"><span class=\"sya_bracket\">(<\/span>News<span class=\"sya_bracket\">)<\/span><\/span><\/div><\/li><li class=\"\"><div class=\"sya_postcontent\"><span class=\"sya_date\">11.10. <span class=\"sya_sep\">- <\/span><\/span><a href=\"https:\/\/erasmusplus.al\/?p=5384&lang=sq\" class=\"sya_postlink post-5384\" rel=\"bookmark\">#ErasmusDays \u2013 takim Kolegji Profesional i Tiran\u00ebs<\/a> <span class=\"sya_categories\"><span class=\"sya_bracket\">(<\/span>Aktivitete<span class=\"sya_bracket\">)<\/span><\/span><\/div><\/li><li class=\"\"><div class=\"sya_postcontent\"><span class=\"sya_date\">02.10. <span class=\"sya_sep\">- <\/span><\/span><a href=\"https:\/\/erasmusplus.al\/?p=5375&lang=sq\" class=\"sya_postlink post-5375\" rel=\"bookmark\">Takim me Koordinator\u00ebt Shqiptar, t\u00eb projekteve CBHE, Thirrja 2019<\/a> <span class=\"sya_categories\"><span class=\"sya_bracket\">(<\/span>Aktivitete<span class=\"sya_bracket\">)<\/span><\/span><\/div><\/li><li class=\"\"><div class=\"sya_postcontent\"><span class=\"sya_date\">02.10. <span class=\"sya_sep\">- <\/span><\/span><a href=\"https:\/\/erasmusplus.al\/?p=5371\" class=\"sya_postlink post-5371\" rel=\"bookmark\">NEO and Albanian Coordinators of 2019 Call on CBHE programme<\/a> <span class=\"sya_categories\"><span class=\"sya_bracket\">(<\/span>Activities<span class=\"sya_bracket\">)<\/span><\/span><\/div><\/li><li class=\"\"><div class=\"sya_postcontent\"><span class=\"sya_date\">26.09. <span class=\"sya_sep\">- <\/span><\/span><a href=\"https:\/\/erasmusplus.al\/?p=5034&lang=sq\" class=\"sya_postlink post-5034\" rel=\"bookmark\">Vizit\u00eb Monitoruese p\u00ebr Projektet \u201cICM\u201d- UT<\/a> <span class=\"sya_categories\"><span class=\"sya_bracket\">(<\/span>Aktivitete<span class=\"sya_bracket\">)<\/span><\/span><\/div><\/li><li class=\"\"><div class=\"sya_postcontent\"><span class=\"sya_date\">26.09. <span class=\"sya_sep\">- <\/span><\/span><a href=\"https:\/\/erasmusplus.al\/?p=5030\" class=\"sya_postlink post-5030\" rel=\"bookmark\">Monitoring Visit ICM project &#8211; UT<\/a> <span class=\"sya_categories\"><span class=\"sya_bracket\">(<\/span>Activities<span class=\"sya_bracket\">)<\/span><\/span><\/div><\/li><li class=\"\"><div class=\"sya_postcontent\"><span class=\"sya_date\">09.09. <span class=\"sya_sep\">- <\/span><\/span><a href=\"https:\/\/erasmusplus.al\/?p=4879&lang=sq\" class=\"sya_postlink post-4879\" rel=\"bookmark\">Vizit\u00eb Studimore HERE \u2013 Universiteti i Shkencave t\u00eb Aplikuara, Vien\u00eb \u201cEdukimi i bazuar n\u00eb kompetenca; bazat, prespektivat dhe implementimi<\/a> <span class=\"sya_categories\"><span class=\"sya_bracket\">(<\/span>HERE Aktivitete<span class=\"sya_bracket\">)<\/span><\/span><\/div><\/li><li class=\"\"><div class=\"sya_postcontent\"><span class=\"sya_date\">09.09. <span class=\"sya_sep\">- <\/span><\/span><a href=\"https:\/\/erasmusplus.al\/?p=4876\" class=\"sya_postlink post-4876\" rel=\"bookmark\">HERE Study Visit: \u2018Competence Based Education (CBE): Basics, Perspectives, Implementation\u2019 9-10 September 2019 in Vienna<\/a> <span class=\"sya_categories\"><span class=\"sya_bracket\">(<\/span>HERE Activities<span class=\"sya_bracket\">)<\/span><\/span><\/div><\/li><li class=\"\"><div class=\"sya_postcontent\"><span class=\"sya_date\">09.09. <span class=\"sya_sep\">- <\/span><\/span><a href=\"https:\/\/erasmusplus.al\/?p=5026&lang=sq\" class=\"sya_postlink post-5026\" rel=\"bookmark\">Vizit\u00eb Monitoruese p\u00ebr Projektet \u201cICM\u201d- UAMD<\/a> <span class=\"sya_categories\"><span class=\"sya_bracket\">(<\/span>Aktivitete<span class=\"sya_bracket\">)<\/span><\/span><\/div><\/li><li class=\"\"><div class=\"sya_postcontent\"><span class=\"sya_date\">09.09. <span class=\"sya_sep\">- <\/span><\/span><a href=\"https:\/\/erasmusplus.al\/?p=5023\" class=\"sya_postlink post-5023\" rel=\"bookmark\">Field Monitoring Visit ICM &#8211; UAMD<\/a> <span class=\"sya_categories\"><span class=\"sya_bracket\">(<\/span>Activities<span class=\"sya_bracket\">)<\/span><\/span><\/div><\/li><li class=\"\"><div class=\"sya_postcontent\"><span class=\"sya_date\">09.09. <span class=\"sya_sep\">- <\/span><\/span><a href=\"https:\/\/erasmusplus.al\/?p=5021&lang=sq\" class=\"sya_postlink post-5021\" rel=\"bookmark\">Vizit\u00eb Monitorimi p\u00ebr Projektin \u201cCBHE\u201d diMTV &#8211; UAMD<\/a> <span class=\"sya_categories\"><span class=\"sya_bracket\">(<\/span>Aktivitete<span class=\"sya_bracket\">)<\/span><\/span><\/div><\/li><li class=\"\"><div class=\"sya_postcontent\"><span class=\"sya_date\">09.09. <span class=\"sya_sep\">- <\/span><\/span><a href=\"https:\/\/erasmusplus.al\/?p=5015\" class=\"sya_postlink post-5015\" rel=\"bookmark\">Field Monitoring Visit of CBHE Project diMTV \u2013 UAMD<\/a> <span class=\"sya_categories\"><span class=\"sya_bracket\">(<\/span>Activities<span class=\"sya_bracket\">)<\/span><\/span><\/div><\/li><li class=\"\"><div class=\"sya_postcontent\"><span class=\"sya_date\">29.08. <span class=\"sya_sep\">- <\/span><\/span><a href=\"https:\/\/erasmusplus.al\/?p=5049&lang=sq\" class=\"sya_postlink post-5049\" rel=\"bookmark\">Takim rajonal i projektit FINAC &#8211; UET<\/a> <span class=\"sya_categories\"><span class=\"sya_bracket\">(<\/span>Aktivitete<span class=\"sya_bracket\">)<\/span><\/span><\/div><\/li><li class=\"\"><div class=\"sya_postcontent\"><span class=\"sya_date\">29.08. <span class=\"sya_sep\">- <\/span><\/span><a href=\"https:\/\/erasmusplus.al\/?p=5044\" class=\"sya_postlink post-5044\" rel=\"bookmark\">Regional meeting FINAC project &#8211; UET<\/a> <span class=\"sya_categories\"><span class=\"sya_bracket\">(<\/span>Activities<span class=\"sya_bracket\">)<\/span><\/span><\/div><\/li><li class=\"\"><div class=\"sya_postcontent\"><span class=\"sya_date\">29.08. <span class=\"sya_sep\">- <\/span><\/span><a href=\"https:\/\/erasmusplus.al\/?p=5042&lang=sq\" class=\"sya_postlink post-5042\" rel=\"bookmark\">Vizit\u00eb Monitoruese Projekti \u201cCBHE\u201d REBUS-UET<\/a> <span class=\"sya_categories\"><span class=\"sya_bracket\">(<\/span>Aktivitete<span class=\"sya_bracket\">)<\/span><\/span><\/div><\/li><li class=\"\"><div class=\"sya_postcontent\"><span class=\"sya_date\">29.08. <span class=\"sya_sep\">- <\/span><\/span><a href=\"https:\/\/erasmusplus.al\/?p=5036\" class=\"sya_postlink post-5036\" rel=\"bookmark\">Monitoring Visit CBHE project REBUS-UET<\/a> <span class=\"sya_categories\"><span class=\"sya_bracket\">(<\/span>Activities<span class=\"sya_bracket\">)<\/span><\/span><\/div><\/li><li class=\"\"><div class=\"sya_postcontent\"><span class=\"sya_date\">29.07. <span class=\"sya_sep\">- <\/span><\/span><a href=\"https:\/\/erasmusplus.al\/?p=4696&lang=sq\" class=\"sya_postlink post-4696\" rel=\"bookmark\">Seminar dhe Konferenc\u00eb HERE Shqip\u00ebri, Kor\u00e7\u00eb, dat\u00eb 24 Maj.<\/a> <span class=\"sya_categories\"><span class=\"sya_bracket\">(<\/span>HERE Aktivitete<span class=\"sya_bracket\">)<\/span><\/span><\/div><\/li><li class=\"\"><div class=\"sya_postcontent\"><span class=\"sya_date\">12.07. <span class=\"sya_sep\">- <\/span><\/span><a href=\"https:\/\/erasmusplus.al\/?p=4684\" class=\"sya_postlink post-4684\" rel=\"bookmark\">Erasmus days<\/a> <span class=\"sya_categories\"><span class=\"sya_bracket\">(<\/span>News<span class=\"sya_bracket\">)<\/span><\/span><\/div><\/li><li class=\"\"><div class=\"sya_postcontent\"><span class=\"sya_date\">11.07. <span class=\"sya_sep\">- <\/span><\/span><a href=\"https:\/\/erasmusplus.al\/?p=5004&lang=sq\" class=\"sya_postlink post-5004\" rel=\"bookmark\">Dit\u00eb Informuese p\u00ebr Student\u00ebt<\/a> <span class=\"sya_categories\"><span class=\"sya_bracket\">(<\/span>Aktivitete<span class=\"sya_bracket\">)<\/span><\/span><\/div><\/li><li class=\"\"><div class=\"sya_postcontent\"><span class=\"sya_date\">11.07. <span class=\"sya_sep\">- <\/span><\/span><a href=\"https:\/\/erasmusplus.al\/?p=5001\" class=\"sya_postlink post-5001\" rel=\"bookmark\">Student\u2019s Information Day<\/a> <span class=\"sya_categories\"><span class=\"sya_bracket\">(<\/span>Activities<span class=\"sya_bracket\">)<\/span><\/span><\/div><\/li><li class=\"\"><div class=\"sya_postcontent\"><span class=\"sya_date\">09.07. <span class=\"sya_sep\">- <\/span><\/span><a href=\"https:\/\/erasmusplus.al\/?p=5012&lang=sq\" class=\"sya_postlink post-5012\" rel=\"bookmark\">Vizit\u00eb Monitoruese p\u00ebr Projektin \u201cCBHE\u201d e-VIVA \u2013 UET<\/a> <span class=\"sya_categories\"><span class=\"sya_bracket\">(<\/span>Aktivitete<span class=\"sya_bracket\">)<\/span><\/span><\/div><\/li><li class=\"\"><div class=\"sya_postcontent\"><span class=\"sya_date\">09.07. <span class=\"sya_sep\">- <\/span><\/span><a href=\"https:\/\/erasmusplus.al\/?p=5006\" class=\"sya_postlink post-5006\" rel=\"bookmark\">Field Monitoring Visit e-VIVA CBHE Project &#8211; UET<\/a> <span class=\"sya_categories\"><span class=\"sya_bracket\">(<\/span>Activities<span class=\"sya_bracket\">)<\/span><\/span><\/div><\/li><li class=\"\"><div class=\"sya_postcontent\"><span class=\"sya_date\">05.07. <span class=\"sya_sep\">- <\/span><\/span><a href=\"https:\/\/erasmusplus.al\/?p=4999&lang=sq\" class=\"sya_postlink post-4999\" rel=\"bookmark\">Dit\u00eb Informuese p\u00ebr Student\u00ebt<\/a> <span class=\"sya_categories\"><span class=\"sya_bracket\">(<\/span>Aktivitete<span class=\"sya_bracket\">)<\/span><\/span><\/div><\/li><li class=\"\"><div class=\"sya_postcontent\"><span class=\"sya_date\">05.07. <span class=\"sya_sep\">- <\/span><\/span><a href=\"https:\/\/erasmusplus.al\/?p=4996\" class=\"sya_postlink post-4996\" rel=\"bookmark\">Student\u2019s Information Day<\/a> <span class=\"sya_categories\"><span class=\"sya_bracket\">(<\/span>Activities<span class=\"sya_bracket\">)<\/span><\/span><\/div><\/li><li class=\"\"><div class=\"sya_postcontent\"><span class=\"sya_date\">28.06. <span class=\"sya_sep\">- <\/span><\/span><a href=\"https:\/\/erasmusplus.al\/?p=5340&lang=sq\" class=\"sya_postlink post-5340\" rel=\"bookmark\">Vizit\u00eb Monitoruese e Projektit HarISA, UBT<\/a> <span class=\"sya_categories\"><span class=\"sya_bracket\">(<\/span>Aktivitete<span class=\"sya_bracket\">)<\/span><\/span><\/div><\/li><li class=\"\"><div class=\"sya_postcontent\"><span class=\"sya_date\">28.06. <span class=\"sya_sep\">- <\/span><\/span><a href=\"https:\/\/erasmusplus.al\/?p=5333\" class=\"sya_postlink post-5333\" rel=\"bookmark\">Monitoring Visit of the Project HarISA, UBT<\/a> <span class=\"sya_categories\"><span class=\"sya_bracket\">(<\/span>Activities<span class=\"sya_bracket\">)<\/span><\/span><\/div><\/li><li class=\"\"><div class=\"sya_postcontent\"><span class=\"sya_date\">28.06. <span class=\"sya_sep\">- <\/span><\/span><a href=\"https:\/\/erasmusplus.al\/?p=5330&lang=sq\" class=\"sya_postlink post-5330\" rel=\"bookmark\">Vizit\u00eb Monitoruese Projekti ALMARS, UBT<\/a> <span class=\"sya_categories\"><span class=\"sya_bracket\">(<\/span>Aktivitete<span class=\"sya_bracket\">)<\/span><\/span><\/div><\/li><li class=\"\"><div class=\"sya_postcontent\"><span class=\"sya_date\">28.06. <span class=\"sya_sep\">- <\/span><\/span><a href=\"https:\/\/erasmusplus.al\/?p=5325\" class=\"sya_postlink post-5325\" rel=\"bookmark\">Monitoring Visit of the Project ALMARS, UBT<\/a> <span class=\"sya_categories\"><span class=\"sya_bracket\">(<\/span>Activities<span class=\"sya_bracket\">)<\/span><\/span><\/div><\/li><li class=\"\"><div class=\"sya_postcontent\"><span class=\"sya_date\">28.06. <span class=\"sya_sep\">- <\/span><\/span><a href=\"https:\/\/erasmusplus.al\/?p=5294&lang=sq\" class=\"sya_postlink post-5294\" rel=\"bookmark\">Vizit\u00eb Monitoruese Projekti STEPS, UBT<\/a> <span class=\"sya_categories\"><span class=\"sya_bracket\">(<\/span>Aktivitete<span class=\"sya_bracket\">)<\/span><\/span><\/div><\/li><li class=\"\"><div class=\"sya_postcontent\"><span class=\"sya_date\">28.06. <span class=\"sya_sep\">- <\/span><\/span><a href=\"https:\/\/erasmusplus.al\/?p=5289\" class=\"sya_postlink post-5289\" rel=\"bookmark\">Monitoring Visit of the Project STEPS, UBT<\/a> <span class=\"sya_categories\"><span class=\"sya_bracket\">(<\/span>Activities<span class=\"sya_bracket\">)<\/span><\/span><\/div><\/li><li class=\"\"><div class=\"sya_postcontent\"><span class=\"sya_date\">12.06. <span class=\"sya_sep\">- <\/span><\/span><a href=\"https:\/\/erasmusplus.al\/?p=4918&lang=sq\" class=\"sya_postlink post-4918\" rel=\"bookmark\">Seminari HERE  Njohja: Implikimet p\u00ebr Qasje Nd\u00ebrkufitare n\u00eb Arsimin e Lart\u00eb dhe L\u00ebvizshm\u00ebrin\u00eb &#8216;<\/a> <span class=\"sya_categories\"><span class=\"sya_bracket\">(<\/span>HERE Aktivitete<span class=\"sya_bracket\">)<\/span><\/span><\/div><\/li><li class=\"\"><div class=\"sya_postcontent\"><span class=\"sya_date\">10.06. <span class=\"sya_sep\">- <\/span><\/span><a href=\"https:\/\/erasmusplus.al\/?p=4909\" class=\"sya_postlink post-4909\" rel=\"bookmark\">The eighth HERE seminar  &#8216;Recognition: Implications for cross-border access to higher education and mobility&#8217;<\/a> <span class=\"sya_categories\"><span class=\"sya_bracket\">(<\/span>HERE Activities<span class=\"sya_bracket\">)<\/span><\/span><\/div><\/li><li class=\"\"><div class=\"sya_postcontent\"><span class=\"sya_date\">31.05. <span class=\"sya_sep\">- <\/span><\/span><a href=\"https:\/\/erasmusplus.al\/?p=4860&lang=sq\" class=\"sya_postlink post-4860\" rel=\"bookmark\">31 Maj 2019, Dit\u00eb Informuese n\u00eb Universitetin \u201cIsmail Qemali\u201d, Vlor\u00eb.<\/a> <span class=\"sya_categories\"><span class=\"sya_bracket\">(<\/span>Aktivitete<span class=\"sya_bracket\">)<\/span><\/span><\/div><\/li><li class=\"\"><div class=\"sya_postcontent\"><span class=\"sya_date\">31.05. <span class=\"sya_sep\">- <\/span><\/span><a href=\"https:\/\/erasmusplus.al\/?p=4849\" class=\"sya_postlink post-4849\" rel=\"bookmark\">May 31st, Erasmus+ Regional Information Day, University \u201cIsmail Qemali\u201d, Vlor\u00eb<\/a> <span class=\"sya_categories\"><span class=\"sya_bracket\">(<\/span>Activities<span class=\"sya_bracket\">)<\/span><\/span><\/div><\/li><li class=\"\"><div class=\"sya_postcontent\"><span class=\"sya_date\">31.05. <span class=\"sya_sep\">- <\/span><\/span><a href=\"https:\/\/erasmusplus.al\/?p=4826&lang=sq\" class=\"sya_postlink post-4826\" rel=\"bookmark\"><\/a> <span class=\"sya_categories\"><span class=\"sya_bracket\">(<\/span>Aktivitete<span class=\"sya_bracket\">)<\/span><\/span><\/div><\/li><li class=\"\"><div class=\"sya_postcontent\"><span class=\"sya_date\">31.05. <span class=\"sya_sep\">- <\/span><\/span><a href=\"https:\/\/erasmusplus.al\/?p=4815\" class=\"sya_postlink post-4815\" rel=\"bookmark\">31st May, Field Monitoring Visit at University of Vlora.<\/a> <span class=\"sya_categories\"><span class=\"sya_bracket\">(<\/span>Activities<span class=\"sya_bracket\">)<\/span><\/span><\/div><\/li><li class=\"\"><div class=\"sya_postcontent\"><span class=\"sya_date\">30.05. <span class=\"sya_sep\">- <\/span><\/span><a href=\"https:\/\/erasmusplus.al\/?p=4679&lang=sq\" class=\"sya_postlink post-4679\" rel=\"bookmark\">Dit\u00eb Informuese mbi Programin Erasmus+ n\u00eb Universitetin \u201cIsmail Qemali\u201d, Vlor\u00eb<\/a> <span class=\"sya_categories\"><span class=\"sya_bracket\">(<\/span>Njoftime<span class=\"sya_bracket\">)<\/span><\/span><\/div><\/li><li class=\"\"><div class=\"sya_postcontent\"><span class=\"sya_date\">30.05. <span class=\"sya_sep\">- <\/span><\/span><a href=\"https:\/\/erasmusplus.al\/?p=4673\" class=\"sya_postlink post-4673\" rel=\"bookmark\">Erasmus+ Regional Information Day, University \u201cIsmail Qemali\u201d of Vlora<\/a> <span class=\"sya_categories\"><span class=\"sya_bracket\">(<\/span>News<span class=\"sya_bracket\">)<\/span><\/span><\/div><\/li><li class=\"\"><div class=\"sya_postcontent\"><span class=\"sya_date\">24.05. <span class=\"sya_sep\">- <\/span><\/span><a href=\"https:\/\/erasmusplus.al\/?p=4847&lang=sq\" class=\"sya_postlink post-4847\" rel=\"bookmark\">Vizit\u00eb Monitoruese n\u00eb Universitetin e Kor\u00e7\u00ebs, 24 Maj, Zyra Komb\u00ebtare Erasmus +.<\/a> <span class=\"sya_categories\"><span class=\"sya_bracket\">(<\/span>Aktivitete<span class=\"sya_bracket\">)<\/span><\/span><\/div><\/li><li class=\"\"><div class=\"sya_postcontent\"><span class=\"sya_date\">24.05. <span class=\"sya_sep\">- <\/span><\/span><a href=\"https:\/\/erasmusplus.al\/?p=4841\" class=\"sya_postlink post-4841\" rel=\"bookmark\">Albanian National Erasmus+ Office Field Monitoring Visit to University of Kor\u00e7a.<\/a> <span class=\"sya_categories\"><span class=\"sya_bracket\">(<\/span>Activities<span class=\"sya_bracket\">)<\/span><\/span><\/div><\/li><li class=\"\"><div class=\"sya_postcontent\"><span class=\"sya_date\">24.05. <span class=\"sya_sep\">- <\/span><\/span><a href=\"https:\/\/erasmusplus.al\/?p=4836&lang=sq\" class=\"sya_postlink post-4836\" rel=\"bookmark\">Dit\u00eb Informuese mbi Programin Erasmus+ n\u00eb Universitetin \u201cFan Noli\u201d, Kor\u00e7\u00eb<\/a> <span class=\"sya_categories\"><span class=\"sya_bracket\">(<\/span>Aktivitete<span class=\"sya_bracket\">)<\/span><\/span><\/div><\/li><li class=\"\"><div class=\"sya_postcontent\"><span class=\"sya_date\">24.05. <span class=\"sya_sep\">- <\/span><\/span><a href=\"https:\/\/erasmusplus.al\/?p=4828\" class=\"sya_postlink post-4828\" rel=\"bookmark\">Erasmus+ Regional Information Day, University \u201cFan Noli\u201d, Kor\u00e7a<\/a> <span class=\"sya_categories\"><span class=\"sya_bracket\">(<\/span>Activities<span class=\"sya_bracket\">)<\/span><\/span><\/div><\/li><li class=\"\"><div class=\"sya_postcontent\"><span class=\"sya_date\">24.05. <span class=\"sya_sep\">- <\/span><\/span><a href=\"https:\/\/erasmusplus.al\/?p=4688\" class=\"sya_postlink post-4688\" rel=\"bookmark\">Seminar and Conference HERE Albania, Kor\u00e7a, date 24 May<\/a> <span class=\"sya_categories\"><span class=\"sya_bracket\">(<\/span>HERE Activities<span class=\"sya_bracket\">)<\/span><\/span><\/div><\/li><li class=\"\"><div class=\"sya_postcontent\"><span class=\"sya_date\">19.05. <span class=\"sya_sep\">- <\/span><\/span><a href=\"https:\/\/erasmusplus.al\/?p=4806\" class=\"sya_postlink post-4806\" rel=\"bookmark\">Erasmus+ Info Session with the Albanian Local Administration<\/a> <span class=\"sya_categories\"><span class=\"sya_bracket\">(<\/span>Activities<span class=\"sya_bracket\">)<\/span><\/span><\/div><\/li><li class=\"\"><div class=\"sya_postcontent\"><span class=\"sya_date\">18.05. <span class=\"sya_sep\">- <\/span><\/span><a href=\"https:\/\/erasmusplus.al\/?p=4657&lang=sq\" class=\"sya_postlink post-4657\" rel=\"bookmark\">Vizit\u00eb Monitoruese, Stafi I Erasmus+ n\u00eb Universitetin \u201cLuigj Gurakuqi\u201d, Shkod\u00ebr.<\/a> <span class=\"sya_categories\"><span class=\"sya_bracket\">(<\/span>Aktivitete<span class=\"sya_bracket\">)<\/span><\/span><\/div><\/li><li class=\"\"><div class=\"sya_postcontent\"><span class=\"sya_date\">15.05. <span class=\"sya_sep\">- <\/span><\/span><a href=\"https:\/\/erasmusplus.al\/?p=4810&lang=sq\" class=\"sya_postlink post-4810\" rel=\"bookmark\">Takim Informaciondh\u00ebn\u00ebs t\u00eb programit Erasmus+ n\u00eb Nivel Lokal n\u00eb Shqip\u00ebri.<\/a> <span class=\"sya_categories\"><span class=\"sya_bracket\">(<\/span>Aktivitete<span class=\"sya_bracket\">)<\/span><\/span><\/div><\/li><li class=\"\"><div class=\"sya_postcontent\"><span class=\"sya_date\">13.05. <span class=\"sya_sep\">- <\/span><\/span><a href=\"https:\/\/erasmusplus.al\/?p=4653\" class=\"sya_postlink post-4653\" rel=\"bookmark\">Field Monitoring Visit Erasmus+ and ICM Project at Univeristy \u201cLuigj Gurakuqi\u201d of Shkodra.<\/a> <span class=\"sya_categories\"><span class=\"sya_bracket\">(<\/span>Activities<span class=\"sya_bracket\">)<\/span><\/span><\/div><\/li><li class=\"\"><div class=\"sya_postcontent\"><span class=\"sya_date\">13.05. <span class=\"sya_sep\">- <\/span><\/span><a href=\"https:\/\/erasmusplus.al\/?p=4648&lang=sq\" class=\"sya_postlink post-4648\" rel=\"bookmark\">NEO Shqip\u00ebri dhe HERE Shqip\u00ebri n\u00eb seminarin \u201cZhvillimi dhe Integrimi i Praktik\u00ebs Akademike: Arsimi i Bazuar n\u00eb K\u00ebrkim\u201d 13 May 2019<\/a> <span class=\"sya_categories\"><span class=\"sya_bracket\">(<\/span>HERE Aktivitete<span class=\"sya_bracket\">)<\/span><\/span><\/div><\/li><li class=\"\"><div class=\"sya_postcontent\"><span class=\"sya_date\">13.05. <span class=\"sya_sep\">- <\/span><\/span><a href=\"https:\/\/erasmusplus.al\/?p=4629\" class=\"sya_postlink post-4629\" rel=\"bookmark\">Albanian NEO and Albanian HERE Seminar \u201cDevelopment and Embedding of Academic Practice: Research-based education\u201d 13 May 2019.<\/a> <span class=\"sya_categories\"><span class=\"sya_bracket\">(<\/span>HERE Activities<span class=\"sya_bracket\">)<\/span><\/span><\/div><\/li><li class=\"\"><div class=\"sya_postcontent\"><span class=\"sya_date\">10.05. <span class=\"sya_sep\">- <\/span><\/span><a href=\"https:\/\/erasmusplus.al\/?p=4662&lang=sq\" class=\"sya_postlink post-4662\" rel=\"bookmark\">Panairi i BE<\/a> <span class=\"sya_categories\"><span class=\"sya_bracket\">(<\/span>Aktivitete<span class=\"sya_bracket\">)<\/span><\/span><\/div><\/li><li class=\"\"><div class=\"sya_postcontent\"><span class=\"sya_date\">10.05. <span class=\"sya_sep\">- <\/span><\/span><a href=\"https:\/\/erasmusplus.al\/?p=4659\" class=\"sya_postlink post-4659\" rel=\"bookmark\">BE Panair<\/a> <span class=\"sya_categories\"><span class=\"sya_bracket\">(<\/span>Activities<span class=\"sya_bracket\">)<\/span><\/span><\/div><\/li><li class=\"\"><div class=\"sya_postcontent\"><span class=\"sya_date\">06.05. <span class=\"sya_sep\">- <\/span><\/span><a href=\"https:\/\/erasmusplus.al\/?p=5286&lang=sq\" class=\"sya_postlink post-5286\" rel=\"bookmark\">Erasmus+ Info Day n\u00eb Universitetin e Elbasanit-Maj 2019<\/a> <span class=\"sya_categories\"><span class=\"sya_bracket\">(<\/span>Aktivitete<span class=\"sya_bracket\">)<\/span><\/span><\/div><\/li><li class=\"\"><div class=\"sya_postcontent\"><span class=\"sya_date\">06.05. <span class=\"sya_sep\">- <\/span><\/span><a href=\"https:\/\/erasmusplus.al\/?p=5277\" class=\"sya_postlink post-5277\" rel=\"bookmark\">Erasmus+ Info Day at University of Elbasan- May 2019<\/a> <span class=\"sya_categories\"><span class=\"sya_bracket\">(<\/span>Activities<span class=\"sya_bracket\">)<\/span><\/span><\/div><\/li><li class=\"\"><div class=\"sya_postcontent\"><span class=\"sya_date\">06.05. <span class=\"sya_sep\">- <\/span><\/span><a href=\"https:\/\/erasmusplus.al\/?p=4667&lang=sq\" class=\"sya_postlink post-4667\" rel=\"bookmark\">Panairi &#8216;Erasmus+ days&#8217; ne Universitetin &#8216;Aleksander Xhuvani&#8217; ne Elbasan<\/a> <span class=\"sya_categories\"><span class=\"sya_bracket\">(<\/span>Aktivitete<span class=\"sya_bracket\">)<\/span><\/span><\/div><\/li><li class=\"\"><div class=\"sya_postcontent\"><span class=\"sya_date\">06.05. <span class=\"sya_sep\">- <\/span><\/span><a href=\"https:\/\/erasmusplus.al\/?p=4664\" class=\"sya_postlink post-4664\" rel=\"bookmark\">Panairi &#8216;Erasmus+ days&#8217; ne Universitetin &#8216;Aleksander Xhuvani&#8217; ne Elbasan<\/a> <span class=\"sya_categories\"><span class=\"sya_bracket\">(<\/span>Activities<span class=\"sya_bracket\">)<\/span><\/span><\/div><\/li><li class=\"\"><div class=\"sya_postcontent\"><span class=\"sya_date\">17.04. <span class=\"sya_sep\">- <\/span><\/span><a href=\"https:\/\/erasmusplus.al\/?p=4926&lang=sq\" class=\"sya_postlink post-4926\" rel=\"bookmark\">Takim Ekspertet e Reformave n\u00eb Arsimin e Lart\u00eb (HERE) dhe Zyra Komb\u00ebtare Erasmus+<\/a> <span class=\"sya_categories\"><span class=\"sya_bracket\">(<\/span>HERE Aktivitete<span class=\"sya_bracket\">)<\/span><\/span><\/div><\/li><li class=\"\"><div class=\"sya_postcontent\"><span class=\"sya_date\">17.04. <span class=\"sya_sep\">- <\/span><\/span><a href=\"https:\/\/erasmusplus.al\/?p=4923\" class=\"sya_postlink post-4923\" rel=\"bookmark\">HERE and NEO  Meeting<\/a> <span class=\"sya_categories\"><span class=\"sya_bracket\">(<\/span>HERE Activities<span class=\"sya_bracket\">)<\/span><\/span><\/div><\/li><li class=\"\"><div class=\"sya_postcontent\"><span class=\"sya_date\">25.03. <span class=\"sya_sep\">- <\/span><\/span><a href=\"https:\/\/erasmusplus.al\/?p=4905&lang=sq\" class=\"sya_postlink post-4905\" rel=\"bookmark\">Vizit\u00eb studimore HERE \u201c P\u00ebrfshirja sociale: Politikat dhe praktikat e universitetit\u201d<\/a> <span class=\"sya_categories\"><span class=\"sya_bracket\">(<\/span>HERE Aktivitete<span class=\"sya_bracket\">)<\/span><\/span><\/div><\/li><li class=\"\"><div class=\"sya_postcontent\"><span class=\"sya_date\">25.03. <span class=\"sya_sep\">- <\/span><\/span><a href=\"https:\/\/erasmusplus.al\/?p=4899\" class=\"sya_postlink post-4899\" rel=\"bookmark\">HERE Study Visit \u201cSocial Inclusion: University policies and practices\u201d<\/a> <span class=\"sya_categories\"><span class=\"sya_bracket\">(<\/span>HERE Activities<span class=\"sya_bracket\">)<\/span><\/span><\/div><\/li><li class=\"\"><div class=\"sya_postcontent\"><span class=\"sya_date\">28.02. <span class=\"sya_sep\">- <\/span><\/span><a href=\"https:\/\/erasmusplus.al\/?p=5205&lang=sq\" class=\"sya_postlink post-5205\" rel=\"bookmark\">Seminari \u201cSpecializimet e Zgjuara\u201d, Ekspert\u00ebt e Reformave t\u00eb Arsimit t\u00eb Lart\u00eb, 28 Shkurt, UAT<\/a> <span class=\"sya_categories\"><span class=\"sya_bracket\">(<\/span>HERE Aktivitete<span class=\"sya_bracket\">)<\/span><\/span><\/div><\/li><li class=\"\"><div class=\"sya_postcontent\"><span class=\"sya_date\">28.02. <span class=\"sya_sep\">- <\/span><\/span><a href=\"https:\/\/erasmusplus.al\/?p=5196\" class=\"sya_postlink post-5196\" rel=\"bookmark\">HERE Seminar \u201cSmart Specializations\u201d, 28 February, AUT<\/a> <span class=\"sya_categories\"><span class=\"sya_bracket\">(<\/span>HERE Activities<span class=\"sya_bracket\">)<\/span><\/span><\/div><\/li><li class=\"\"><div class=\"sya_postcontent\"><span class=\"sya_date\">14.02. <span class=\"sya_sep\">- <\/span><\/span><a href=\"https:\/\/erasmusplus.al\/?p=4546\" class=\"sya_postlink post-4546\" rel=\"bookmark\">Sesion informues ne Fakultetin e Shkencave Sociale<\/a> <span class=\"sya_categories\"><span class=\"sya_bracket\">(<\/span>Activities<span class=\"sya_bracket\">)<\/span><\/span><\/div><\/li><li class=\"\"><div class=\"sya_postcontent\"><span class=\"sya_date\">14.01. <span class=\"sya_sep\">- <\/span><\/span><a href=\"https:\/\/erasmusplus.al\/?p=4535\" class=\"sya_postlink post-4535\" rel=\"bookmark\">Quality assurance in higher education<\/a> <span class=\"sya_categories\"><span class=\"sya_bracket\">(<\/span>Activities<span class=\"sya_bracket\">)<\/span><\/span><\/div><\/li><li class=\"\"><div class=\"sya_postcontent\"><span class=\"sya_date\">14.01. <span class=\"sya_sep\">- <\/span><\/span><a href=\"https:\/\/erasmusplus.al\/?p=4525\" class=\"sya_postlink post-4525\" rel=\"bookmark\">TAM roli i studenteve ne qeverisje<\/a> <span class=\"sya_categories\"><span class=\"sya_bracket\">(<\/span>HERE Activities<span class=\"sya_bracket\">)<\/span><\/span><\/div><\/li><\/ul><\/div><div class=\"sya_container\" id=\"sya_container\"><p class=\"sya_yearslist\" id=\"sya_yearslist\"><a href=\"#year2018\">2018<\/a><\/p><h2><a id=\"year2018\"><\/a><a href=\"https:\/\/erasmusplus.al\/?m=2018\" rel=\"section\">2018<\/a> <span class=\"sya_yearcount\"><span class=\"sya_bracket\">(<\/span>35<span class=\"sya_bracket\">)<\/span><\/span><\/h2><ul><li class=\"\"><div class=\"sya_postcontent\"><span class=\"sya_date\">19.11. <span class=\"sya_sep\">- <\/span><\/span><a href=\"https:\/\/erasmusplus.al\/?p=4549\" class=\"sya_postlink post-4549\" rel=\"bookmark\">Sesion informues ne Universitetin &#8220;Ismail Qemali&#8221;, Vlore<\/a> <span class=\"sya_categories\"><span class=\"sya_bracket\">(<\/span>Activities<span class=\"sya_bracket\">)<\/span><\/span><\/div><\/li><li class=\"\"><div class=\"sya_postcontent\"><span class=\"sya_date\">24.10. <span class=\"sya_sep\">- <\/span><\/span><a href=\"https:\/\/erasmusplus.al\/?p=3454&lang=sq\" class=\"sya_postlink post-3454\" rel=\"bookmark\">Job vacancy in Erasmus+ Office Albania  deadline 20November 2018<\/a> <span class=\"sya_categories\"><span class=\"sya_bracket\">(<\/span>Uncategorized @sq<span class=\"sya_bracket\">)<\/span><\/span><\/div><\/li><li class=\"\"><div class=\"sya_postcontent\"><span class=\"sya_date\">24.10. <span class=\"sya_sep\">- <\/span><\/span><a href=\"https:\/\/erasmusplus.al\/?p=3452\" class=\"sya_postlink post-3452\" rel=\"bookmark\">Job vacancy in Erasmus+ Office Albania  deadline 20November 2018<\/a> <span class=\"sya_categories\"><span class=\"sya_bracket\">(<\/span>Uncategorized<span class=\"sya_bracket\">)<\/span><\/span><\/div><\/li><li class=\"\"><div class=\"sya_postcontent\"><span class=\"sya_date\">27.09. <span class=\"sya_sep\">- <\/span><\/span><a href=\"https:\/\/erasmusplus.al\/?p=3446&lang=sq\" class=\"sya_postlink post-3446\" rel=\"bookmark\">Zhvillohet vizita monitoruese p\u00ebr Projektet ICM t\u00eb Universitetit \u201cIsmail Qemali\u201d t\u00eb Vlor\u00ebs<\/a> <span class=\"sya_categories\"><span class=\"sya_bracket\">(<\/span>Aktivitete<span class=\"sya_bracket\">)<\/span><\/span><\/div><\/li><li class=\"\"><div class=\"sya_postcontent\"><span class=\"sya_date\">27.09. <span class=\"sya_sep\">- <\/span><\/span><a href=\"https:\/\/erasmusplus.al\/?p=3441\" class=\"sya_postlink post-3441\" rel=\"bookmark\">Field Monitoring Visit for the Erasmus+ ICM projects at University \u201cIsmail Qemali\u201d of  Vlora.<\/a> <span class=\"sya_categories\"><span class=\"sya_bracket\">(<\/span>Activities<span class=\"sya_bracket\">)<\/span><\/span><\/div><\/li><li class=\"\"><div class=\"sya_postcontent\"><span class=\"sya_date\">27.09. <span class=\"sya_sep\">- <\/span><\/span><a href=\"https:\/\/erasmusplus.al\/?p=3439&lang=sq\" class=\"sya_postlink post-3439\" rel=\"bookmark\">Zhvillohet vizita monitoruese p\u00ebr Projektin Tempus MArED<\/a> <span class=\"sya_categories\"><span class=\"sya_bracket\">(<\/span>Aktivitete<span class=\"sya_bracket\">)<\/span><\/span><\/div><\/li><li class=\"\"><div class=\"sya_postcontent\"><span class=\"sya_date\">27.09. <span class=\"sya_sep\">- <\/span><\/span><a href=\"https:\/\/erasmusplus.al\/?p=3430\" class=\"sya_postlink post-3430\" rel=\"bookmark\">Field Monitoring Visit for the Tempus project \u201cModernizing and harmonizing maritime education in Montenegro and Albania- MArED\u201d<\/a> <span class=\"sya_categories\"><span class=\"sya_bracket\">(<\/span>Activities<span class=\"sya_bracket\">)<\/span><\/span><\/div><\/li><li class=\"\"><div class=\"sya_postcontent\"><span class=\"sya_date\">18.09. <span class=\"sya_sep\">- <\/span><\/span><a href=\"https:\/\/erasmusplus.al\/?p=3427&lang=sq\" class=\"sya_postlink post-3427\" rel=\"bookmark\">Zhvillohet aktiviteti p\u00ebrmbyll\u00ebs dhe vizita monitoruese p\u00ebr Projektin Erasmus+ \u201cQAinAL\u201d.<\/a> <span class=\"sya_categories\"><span class=\"sya_bracket\">(<\/span>Aktivitete<span class=\"sya_bracket\">)<\/span><\/span><\/div><\/li><li class=\"\"><div class=\"sya_postcontent\"><span class=\"sya_date\">18.09. <span class=\"sya_sep\">- <\/span><\/span><a href=\"https:\/\/erasmusplus.al\/?p=3425\" class=\"sya_postlink post-3425\" rel=\"bookmark\">Final event and Field Monitoring Visit for the Erasmus+ CBHE project \u201cQAinAL\u201d.<\/a> <span class=\"sya_categories\"><span class=\"sya_bracket\">(<\/span>Activities<span class=\"sya_bracket\">)<\/span><\/span><\/div><\/li><li class=\"\"><div class=\"sya_postcontent\"><span class=\"sya_date\">10.07. <span class=\"sya_sep\">- <\/span><\/span><a href=\"https:\/\/erasmusplus.al\/?p=3409&lang=sq\" class=\"sya_postlink post-3409\" rel=\"bookmark\">Zhvillohet vizita monitoruese p\u00ebr Projektin Erasmus + \u201cT@SK\u201d<\/a> <span class=\"sya_categories\"><span class=\"sya_bracket\">(<\/span>Aktivitete<span class=\"sya_bracket\">)<\/span><\/span><\/div><\/li><li class=\"\"><div class=\"sya_postcontent\"><span class=\"sya_date\">10.07. <span class=\"sya_sep\">- <\/span><\/span><a href=\"https:\/\/erasmusplus.al\/?p=3396\" class=\"sya_postlink post-3396\" rel=\"bookmark\">Field Monitoring Visit for the Erasmus+ CBHE project \u201cTowards Increased Awareness, Responsibility and Shared Quality in Social Work \u2013 T@SK\u201d<\/a> <span class=\"sya_categories\"><span class=\"sya_bracket\">(<\/span>Activities<span class=\"sya_bracket\">)<\/span><\/span><\/div><\/li><li class=\"\"><div class=\"sya_postcontent\"><span class=\"sya_date\">09.07. <span class=\"sya_sep\">- <\/span><\/span><a href=\"https:\/\/erasmusplus.al\/?p=3421&lang=sq\" class=\"sya_postlink post-3421\" rel=\"bookmark\">Zhvillohet vizita monitoruese p\u00ebr Projektin Tempus \u201cSPEED\u201d<\/a> <span class=\"sya_categories\"><span class=\"sya_bracket\">(<\/span>Aktivitete<span class=\"sya_bracket\">)<\/span><\/span><\/div><\/li><li class=\"\"><div class=\"sya_postcontent\"><span class=\"sya_date\">09.07. <span class=\"sya_sep\">- <\/span><\/span><a href=\"https:\/\/erasmusplus.al\/?p=3413\" class=\"sya_postlink post-3413\" rel=\"bookmark\">Field Monitoring Visit for the Tempus Project \u201cSport Professions \u2013 Education, Employment, Development in the Balkan Region- SPEED\u201d<\/a> <span class=\"sya_categories\"><span class=\"sya_bracket\">(<\/span>Activities<span class=\"sya_bracket\">)<\/span><\/span><\/div><\/li><li class=\"\"><div class=\"sya_postcontent\"><span class=\"sya_date\">28.06. <span class=\"sya_sep\">- <\/span><\/span><a href=\"https:\/\/erasmusplus.al\/?p=3393&lang=sq\" class=\"sya_postlink post-3393\" rel=\"bookmark\">Zhvillohet vizita monitoruese p\u00ebr Projektin Erasmus + \u201cEduLAw\u201d.<\/a> <span class=\"sya_categories\"><span class=\"sya_bracket\">(<\/span>Aktivitete<span class=\"sya_bracket\">)<\/span><\/span><\/div><\/li><li class=\"\"><div class=\"sya_postcontent\"><span class=\"sya_date\">28.06. <span class=\"sya_sep\">- <\/span><\/span><a href=\"https:\/\/erasmusplus.al\/?p=3384\" class=\"sya_postlink post-3384\" rel=\"bookmark\">Field Monitoring Visit for the Erasmus+ CBHE project \u201cEduLAw\u201d<\/a> <span class=\"sya_categories\"><span class=\"sya_bracket\">(<\/span>Activities<span class=\"sya_bracket\">)<\/span><\/span><\/div><\/li><li class=\"\"><div class=\"sya_postcontent\"><span class=\"sya_date\">07.06. <span class=\"sya_sep\">- <\/span><\/span><a href=\"https:\/\/erasmusplus.al\/?p=3381&lang=sq\" class=\"sya_postlink post-3381\" rel=\"bookmark\">Zhvillohet vizita monitoruese p\u00ebr Projektin Erasmus + \u201cMaster n\u00eb Inovacionet Europiane p\u00ebr nj\u00eb Menaxhim t\u00eb Q\u00ebndruesh\u00ebm t\u00eb Territoreve Shqiptare, zonave rurale dhe bujq\u00ebsis\u00eb: Instrumentet, politikat, strategjit\u00eb \u2013SmartAL\u201d<\/a> <span class=\"sya_categories\"><span class=\"sya_bracket\">(<\/span>Aktivitete<span class=\"sya_bracket\">)<\/span><\/span><\/div><\/li><li class=\"\"><div class=\"sya_postcontent\"><span class=\"sya_date\">07.06. <span class=\"sya_sep\">- <\/span><\/span><a href=\"https:\/\/erasmusplus.al\/?p=3374\" class=\"sya_postlink post-3374\" rel=\"bookmark\">Field Monitoring Visit for the Erasmus+ CBHE project \u201cMaster in European Innovations for a Sustainable Management of Albanian Territories, rural areas and agriculture: Instruments, policies, strategies -SmartAL\u201d<\/a> <span class=\"sya_categories\"><span class=\"sya_bracket\">(<\/span>Activities<span class=\"sya_bracket\">)<\/span><\/span><\/div><\/li><li class=\"\"><div class=\"sya_postcontent\"><span class=\"sya_date\">01.06. <span class=\"sya_sep\">- <\/span><\/span><a href=\"https:\/\/erasmusplus.al\/?p=3372&lang=sq\" class=\"sya_postlink post-3372\" rel=\"bookmark\">Zhvillohet vizita monitoruese p\u00ebr Projektin Erasmus + \u201cIntegrim dhe vler\u00ebsim i njohurive t\u00eb sip\u00ebrmarrjes n\u00eb inxhinieri dhe shkenca kompjuterike \u2013 REBUS\u201d<\/a> <span class=\"sya_categories\"><span class=\"sya_bracket\">(<\/span>Aktivitete<span class=\"sya_bracket\">)<\/span><\/span><\/div><\/li><li class=\"\"><div class=\"sya_postcontent\"><span class=\"sya_date\">01.06. <span class=\"sya_sep\">- <\/span><\/span><a href=\"https:\/\/erasmusplus.al\/?p=3365\" class=\"sya_postlink post-3365\" rel=\"bookmark\">Field Monitoring Visit for the Erasmus+ CBHE project \u201cREBUS\u201d<\/a> <span class=\"sya_categories\"><span class=\"sya_bracket\">(<\/span>Activities<span class=\"sya_bracket\">)<\/span><\/span><\/div><\/li><li class=\"\"><div class=\"sya_postcontent\"><span class=\"sya_date\">24.05. <span class=\"sya_sep\">- <\/span><\/span><a href=\"https:\/\/erasmusplus.al\/?p=3362&lang=sq\" class=\"sya_postlink post-3362\" rel=\"bookmark\">Zhvillohet seminari komb\u00ebtar HERE \u201cZgjerimi i rolit t\u00eb student\u00ebve n\u00eb manaxhimin dhe qeverisjen e IAL-ve\u201d.<\/a> <span class=\"sya_categories\"><span class=\"sya_bracket\">(<\/span>HERE Aktivitete<span class=\"sya_bracket\">)<\/span><\/span><\/div><\/li><li class=\"\"><div class=\"sya_postcontent\"><span class=\"sya_date\">24.05. <span class=\"sya_sep\">- <\/span><\/span><a href=\"https:\/\/erasmusplus.al\/?p=3341\" class=\"sya_postlink post-3341\" rel=\"bookmark\">National HERE Seminar on \u201cEnhancing student\u2019s role in HEIs governance and management\u201d<\/a> <span class=\"sya_categories\"><span class=\"sya_bracket\">(<\/span>HERE Activities<span class=\"sya_bracket\">)<\/span><\/span><\/div><\/li><li class=\"\"><div class=\"sya_postcontent\"><span class=\"sya_date\">17.05. <span class=\"sya_sep\">- <\/span><\/span><a href=\"https:\/\/erasmusplus.al\/?p=3338&lang=sq\" class=\"sya_postlink post-3338\" rel=\"bookmark\">Ftes\u00eb e hapur p\u00ebr pjes\u00ebmarrje n\u00eb Seminari komb\u00ebtar HERE \u201cZgjerimi i rolit t\u00eb student\u00ebve n\u00eb manaxhimin dhe qeverisjen e IAL-ve\u201d.<\/a> <span class=\"sya_categories\"><span class=\"sya_bracket\">(<\/span>Njoftime<span class=\"sya_bracket\">)<\/span><\/span><\/div><\/li><li class=\"\"><div class=\"sya_postcontent\"><span class=\"sya_date\">17.05. <span class=\"sya_sep\">- <\/span><\/span><a href=\"https:\/\/erasmusplus.al\/?p=3336\" class=\"sya_postlink post-3336\" rel=\"bookmark\">Invitation to the National HERE Seminar on \u201cEnhancing student\u2019s role in HEIs governance and management\u201d, on May  24th, 2018.<\/a> <span class=\"sya_categories\"><span class=\"sya_bracket\">(<\/span>News<span class=\"sya_bracket\">)<\/span><\/span><\/div><\/li><li class=\"\"><div class=\"sya_postcontent\"><span class=\"sya_date\">10.05. <span class=\"sya_sep\">- <\/span><\/span><a href=\"https:\/\/erasmusplus.al\/?p=3333&lang=sq\" class=\"sya_postlink post-3333\" rel=\"bookmark\">Zhvillohet vizita monitoruese p\u00ebr Projektin Erasmus + \u201cZhvillimi dhe zbatimi i kurrikul\u00ebs s\u00eb multimedias dhe televizonit digjital \u2013 DIMTV\u201d.<\/a> <span class=\"sya_categories\"><span class=\"sya_bracket\">(<\/span>Aktivitete<span class=\"sya_bracket\">)<\/span><\/span><\/div><\/li><li class=\"\"><div class=\"sya_postcontent\"><span class=\"sya_date\">10.05. <span class=\"sya_sep\">- <\/span><\/span><a href=\"https:\/\/erasmusplus.al\/?p=3325\" class=\"sya_postlink post-3325\" rel=\"bookmark\">Field Monitoring Visit for the Erasmus+ CBHE project \u201cDevelopment and Implementation of Multimedia and Digital TV Curricula \u2013 DIMTV\u201d<\/a> <span class=\"sya_categories\"><span class=\"sya_bracket\">(<\/span>Activities<span class=\"sya_bracket\">)<\/span><\/span><\/div><\/li><li class=\"\"><div class=\"sya_postcontent\"><span class=\"sya_date\">26.04. <span class=\"sya_sep\">- <\/span><\/span><a href=\"https:\/\/erasmusplus.al\/?p=3319&lang=sq\" class=\"sya_postlink post-3319\" rel=\"bookmark\">Zhvillohet vizita monitoruese p\u00ebr Projektin Erasmus + \u201cAvancimi i t\u00eb diplomuarve dhe zhvillimi i kapaciteteve universitare n\u00eb Shqip\u00ebri \u2013 GRADUA\u201d.<\/a> <span class=\"sya_categories\"><span class=\"sya_bracket\">(<\/span>Aktivitete<span class=\"sya_bracket\">)<\/span><\/span><\/div><\/li><li class=\"\"><div class=\"sya_postcontent\"><span class=\"sya_date\">26.04. <span class=\"sya_sep\">- <\/span><\/span><a href=\"https:\/\/erasmusplus.al\/?p=3310\" class=\"sya_postlink post-3310\" rel=\"bookmark\">Field Monitoring Visit for the Erasmus+ CBHE project \u201cGraduates Advancement and Development of University Capacities in Albania \u2013 GRADUA\u201d<\/a> <span class=\"sya_categories\"><span class=\"sya_bracket\">(<\/span>Activities<span class=\"sya_bracket\">)<\/span><\/span><\/div><\/li><li class=\"\"><div class=\"sya_postcontent\"><span class=\"sya_date\">12.04. <span class=\"sya_sep\">- <\/span><\/span><a href=\"https:\/\/erasmusplus.al\/?p=3307&lang=sq\" class=\"sya_postlink post-3307\" rel=\"bookmark\">Zhvillohet vizita monitoruese p\u00ebr Projektin Erasmus + \u201cIT Governance for Albanian Universities \u2013 ITG4AU\u201d.<\/a> <span class=\"sya_categories\"><span class=\"sya_bracket\">(<\/span>Aktivitete<span class=\"sya_bracket\">)<\/span><\/span><\/div><\/li><li class=\"\"><div class=\"sya_postcontent\"><span class=\"sya_date\">12.04. <span class=\"sya_sep\">- <\/span><\/span><a href=\"https:\/\/erasmusplus.al\/?p=3301\" class=\"sya_postlink post-3301\" rel=\"bookmark\">Field Monitoring Visit for the Erasmus+ CBHE project \u201cIT Governance for Albanian Universities \u2013 ITG4AU\u201d<\/a> <span class=\"sya_categories\"><span class=\"sya_bracket\">(<\/span>Activities<span class=\"sya_bracket\">)<\/span><\/span><\/div><\/li><li class=\"\"><div class=\"sya_postcontent\"><span class=\"sya_date\">12.04. <span class=\"sya_sep\">- <\/span><\/span><a href=\"https:\/\/erasmusplus.al\/?p=3299&lang=sq\" class=\"sya_postlink post-3299\" rel=\"bookmark\">Zhvillohet vizita monitoruese p\u00ebr Projektin Erasmus + \u201cNjohuri p\u00ebr nj\u00eb shoq\u00ebri rezistente \u2013 K Force\u201d.<\/a> <span class=\"sya_categories\"><span class=\"sya_bracket\">(<\/span>Aktivitete<span class=\"sya_bracket\">)<\/span><\/span><\/div><\/li><li class=\"\"><div class=\"sya_postcontent\"><span class=\"sya_date\">12.04. <span class=\"sya_sep\">- <\/span><\/span><a href=\"https:\/\/erasmusplus.al\/?p=3297\" class=\"sya_postlink post-3297\" rel=\"bookmark\">Field Monitoring Visit for the Erasmus+ CBHE project \u201cK-Force\u201d<\/a> <span class=\"sya_categories\"><span class=\"sya_bracket\">(<\/span>Activities<span class=\"sya_bracket\">)<\/span><\/span><\/div><\/li><li class=\"\"><div class=\"sya_postcontent\"><span class=\"sya_date\">13.03. <span class=\"sya_sep\">- <\/span><\/span><a href=\"https:\/\/erasmusplus.al\/?p=3289&lang=sq\" class=\"sya_postlink post-3289\" rel=\"bookmark\">Zhvillohet Seminari mbi programet e BE-s\u00eb HORIZON 2020 dhe Erasmus +.<\/a> <span class=\"sya_categories\"><span class=\"sya_bracket\">(<\/span>Aktivitete<span class=\"sya_bracket\">)<\/span><\/span><\/div><\/li><li class=\"\"><div class=\"sya_postcontent\"><span class=\"sya_date\">13.03. <span class=\"sya_sep\">- <\/span><\/span><a href=\"https:\/\/erasmusplus.al\/?p=3281\" class=\"sya_postlink post-3281\" rel=\"bookmark\">The Seminar on EU programmes HORIZON 2020 and Erasmus + was held in Tirana.<\/a> <span class=\"sya_categories\"><span class=\"sya_bracket\">(<\/span>Activities<span class=\"sya_bracket\">)<\/span><\/span><\/div><\/li><li class=\"\"><div class=\"sya_postcontent\"><span class=\"sya_date\">24.01. <span class=\"sya_sep\">- <\/span><\/span><a href=\"https:\/\/erasmusplus.al\/?p=3276&lang=sq\" class=\"sya_postlink post-3276\" rel=\"bookmark\">Konsultim publik mbi t\u00eb ardhmen e programeve t\u00eb BE-s\u00eb.<\/a> <span class=\"sya_categories\"><span class=\"sya_bracket\">(<\/span>Njoftime<span class=\"sya_bracket\">)<\/span><\/span><\/div><\/li><li class=\"\"><div class=\"sya_postcontent\"><span class=\"sya_date\">24.01. <span class=\"sya_sep\">- <\/span><\/span><a href=\"https:\/\/erasmusplus.al\/?p=3274\" class=\"sya_postlink post-3274\" rel=\"bookmark\">Public Consultation on the future of EU funds<\/a> <span class=\"sya_categories\"><span class=\"sya_bracket\">(<\/span>News<span class=\"sya_bracket\">)<\/span><\/span><\/div><\/li><\/ul><\/div><div class=\"sya_container\" id=\"sya_container\"><p class=\"sya_yearslist\" id=\"sya_yearslist\"><a href=\"#year2017\">2017<\/a><\/p><h2><a id=\"year2017\"><\/a><a href=\"https:\/\/erasmusplus.al\/?m=2017\" rel=\"section\">2017<\/a> <span class=\"sya_yearcount\"><span class=\"sya_bracket\">(<\/span>85<span class=\"sya_bracket\">)<\/span><\/span><\/h2><ul><li class=\"\"><div class=\"sya_postcontent\"><span class=\"sya_date\">22.12. <span class=\"sya_sep\">- <\/span><\/span><a href=\"https:\/\/erasmusplus.al\/?p=3262&lang=sq\" class=\"sya_postlink post-3262\" rel=\"bookmark\">Zhvillohet takimi informues mbi Erasmus + me student\u00ebt shqiptar\u00eb.<\/a> <span class=\"sya_categories\"><span class=\"sya_bracket\">(<\/span>Aktivitete<span class=\"sya_bracket\">)<\/span><\/span><\/div><\/li><li class=\"\"><div class=\"sya_postcontent\"><span class=\"sya_date\">22.12. <span class=\"sya_sep\">- <\/span><\/span><a href=\"https:\/\/erasmusplus.al\/?p=3254\" class=\"sya_postlink post-3254\" rel=\"bookmark\">Erasmus + students information event was held on December 22 nd 2017.<\/a> <span class=\"sya_categories\"><span class=\"sya_bracket\">(<\/span>Activities<span class=\"sya_bracket\">)<\/span><\/span><\/div><\/li><li class=\"\"><div class=\"sya_postcontent\"><span class=\"sya_date\">20.12. <span class=\"sya_sep\">- <\/span><\/span><a href=\"https:\/\/erasmusplus.al\/?p=3243&lang=sq\" class=\"sya_postlink post-3243\" rel=\"bookmark\">Zhvillohet tryeza e diskutimit \u201cPolitikat Europiane p\u00ebr t\u00eb rinjt\u00eb\u201d, m\u00eb 20 Dhjetor 2017.<\/a> <span class=\"sya_categories\"><span class=\"sya_bracket\">(<\/span>Aktivitete<span class=\"sya_bracket\">)<\/span><\/span><\/div><\/li><li class=\"\"><div class=\"sya_postcontent\"><span class=\"sya_date\">20.12. <span class=\"sya_sep\">- <\/span><\/span><a href=\"https:\/\/erasmusplus.al\/?p=3231\" class=\"sya_postlink post-3231\" rel=\"bookmark\">Discussion Table on \u201cEuropean Policies for Youth\u201d was held on December 20th 2017.<\/a> <span class=\"sya_categories\"><span class=\"sya_bracket\">(<\/span>Activities<span class=\"sya_bracket\">)<\/span><\/span><\/div><\/li><li class=\"\"><div class=\"sya_postcontent\"><span class=\"sya_date\">15.12. <span class=\"sya_sep\">- <\/span><\/span><a href=\"https:\/\/erasmusplus.al\/?p=3210&lang=sq\" class=\"sya_postlink post-3210\" rel=\"bookmark\">Zhvillohet vizita monitoruese p\u00ebr Projektin Erasmus+ \u201cQAinAL\u201d.<\/a> <span class=\"sya_categories\"><span class=\"sya_bracket\">(<\/span>Aktivitete<span class=\"sya_bracket\">)<\/span><\/span><\/div><\/li><li class=\"\"><div class=\"sya_postcontent\"><span class=\"sya_date\">15.12. <span class=\"sya_sep\">- <\/span><\/span><a href=\"https:\/\/erasmusplus.al\/?p=3200\" class=\"sya_postlink post-3200\" rel=\"bookmark\">Field Monitoring Visit for the Erasmus+ CBHE project \u201cQAinAL\u201d.<\/a> <span class=\"sya_categories\"><span class=\"sya_bracket\">(<\/span>Activities<span class=\"sya_bracket\">)<\/span><\/span><\/div><\/li><li class=\"\"><div class=\"sya_postcontent\"><span class=\"sya_date\">14.12. <span class=\"sya_sep\">- <\/span><\/span><a href=\"https:\/\/erasmusplus.al\/?p=3182&lang=sq\" class=\"sya_postlink post-3182\" rel=\"bookmark\">Tryez\u00eb diskutimi \u201cPolitikat Europiane p\u00ebr t\u00eb rinjt\u00eb\u201d<\/a> <span class=\"sya_categories\"><span class=\"sya_bracket\">(<\/span>Njoftime<span class=\"sya_bracket\">)<\/span><\/span><\/div><\/li><li class=\"\"><div class=\"sya_postcontent\"><span class=\"sya_date\">14.12. <span class=\"sya_sep\">- <\/span><\/span><a href=\"https:\/\/erasmusplus.al\/?p=3176\" class=\"sya_postlink post-3176\" rel=\"bookmark\">Discussion Table on &#8220;European Policies for Youth&#8221;<\/a> <span class=\"sya_categories\"><span class=\"sya_bracket\">(<\/span>News<span class=\"sya_bracket\">)<\/span><\/span><\/div><\/li><li class=\"\"><div class=\"sya_postcontent\"><span class=\"sya_date\">12.12. <span class=\"sya_sep\">- <\/span><\/span><a href=\"https:\/\/erasmusplus.al\/?p=3229&lang=sq\" class=\"sya_postlink post-3229\" rel=\"bookmark\">Zhvillohen takimet konsultuese me Universitetet Shqiptare p\u00ebr thirrjet 2018 n\u00eb Erasmus +.<\/a> <span class=\"sya_categories\"><span class=\"sya_bracket\">(<\/span>Aktivitete<span class=\"sya_bracket\">)<\/span><\/span><\/div><\/li><li class=\"\"><div class=\"sya_postcontent\"><span class=\"sya_date\">12.12. <span class=\"sya_sep\">- <\/span><\/span><a href=\"https:\/\/erasmusplus.al\/?p=3212\" class=\"sya_postlink post-3212\" rel=\"bookmark\">Consultation meetings with Albanian universities on 2018 calls in Erasmus +.<\/a> <span class=\"sya_categories\"><span class=\"sya_bracket\">(<\/span>Activities<span class=\"sya_bracket\">)<\/span><\/span><\/div><\/li><li class=\"\"><div class=\"sya_postcontent\"><span class=\"sya_date\">30.11. <span class=\"sya_sep\">- <\/span><\/span><a href=\"https:\/\/erasmusplus.al\/?p=3174&lang=sq\" class=\"sya_postlink post-3174\" rel=\"bookmark\">Zhvillohet takimi konsultues midis partner\u00ebve shqiptar\u00eb n\u00eb projektet p\u00ebr ngritjen e kapaciteteve n\u00eb arsimin e lart\u00eb dhe Z. Jose Gutierrez, nga Agjencia Ekzekutive e programit Erasmus +.<\/a> <span class=\"sya_categories\"><span class=\"sya_bracket\">(<\/span>Aktivitete<span class=\"sya_bracket\">)<\/span><\/span><\/div><\/li><li class=\"\"><div class=\"sya_postcontent\"><span class=\"sya_date\">30.11. <span class=\"sya_sep\">- <\/span><\/span><a href=\"https:\/\/erasmusplus.al\/?p=3167\" class=\"sya_postlink post-3167\" rel=\"bookmark\">Consultation meeting between Albanian CBHE projects coordinators and contact points with Mr. Jose Gutierrez, Head of Unit in EACEA, held on November 30th, 2017.<\/a> <span class=\"sya_categories\"><span class=\"sya_bracket\">(<\/span>Activities<span class=\"sya_bracket\">)<\/span><\/span><\/div><\/li><li class=\"\"><div class=\"sya_postcontent\"><span class=\"sya_date\">22.11. <span class=\"sya_sep\">- <\/span><\/span><a href=\"https:\/\/erasmusplus.al\/?p=3156&lang=sq\" class=\"sya_postlink post-3156\" rel=\"bookmark\">Zhvillohet vizita monitoruese p\u00ebr Projektin Tempus \u201cDAPEEWB\u201d.<\/a> <span class=\"sya_categories\"><span class=\"sya_bracket\">(<\/span>Aktivitete<span class=\"sya_bracket\">)<\/span><\/span><\/div><\/li><li class=\"\"><div class=\"sya_postcontent\"><span class=\"sya_date\">22.11. <span class=\"sya_sep\">- <\/span><\/span><a href=\"https:\/\/erasmusplus.al\/?p=3147\" class=\"sya_postlink post-3147\" rel=\"bookmark\">Field Monitoring Visit for the Tempus project \u201cDAPEEWB\u201d.<\/a> <span class=\"sya_categories\"><span class=\"sya_bracket\">(<\/span>Activities<span class=\"sya_bracket\">)<\/span><\/span><\/div><\/li><li class=\"\"><div class=\"sya_postcontent\"><span class=\"sya_date\">16.11. <span class=\"sya_sep\">- <\/span><\/span><a href=\"https:\/\/erasmusplus.al\/?p=3143&lang=sq\" class=\"sya_postlink post-3143\" rel=\"bookmark\">Zhvillohet vizita monitoruese p\u00ebr Projektin Erasmus+ \u201cSh\u00ebrbimet Mb\u00ebshtet\u00ebse p\u00ebr Rretin e Librarive\u201d.<\/a> <span class=\"sya_categories\"><span class=\"sya_bracket\">(<\/span>Aktivitete<span class=\"sya_bracket\">)<\/span><\/span><\/div><\/li><li class=\"\"><div class=\"sya_postcontent\"><span class=\"sya_date\">16.11. <span class=\"sya_sep\">- <\/span><\/span><a href=\"https:\/\/erasmusplus.al\/?p=3138\" class=\"sya_postlink post-3138\" rel=\"bookmark\">Field monitoring visit for the Erasmus + CBHE project \u201cLibrary Network Support Services\u201d.<\/a> <span class=\"sya_categories\"><span class=\"sya_bracket\">(<\/span>Activities<span class=\"sya_bracket\">)<\/span><\/span><\/div><\/li><li class=\"\"><div class=\"sya_postcontent\"><span class=\"sya_date\">16.11. <span class=\"sya_sep\">- <\/span><\/span><a href=\"https:\/\/erasmusplus.al\/?p=3136&lang=sq\" class=\"sya_postlink post-3136\" rel=\"bookmark\">Zhvillohet vizita monitoruese p\u00ebr Projektet ICM t\u00eb Universitetit t\u00eb Tiran\u00ebs<\/a> <span class=\"sya_categories\"><span class=\"sya_bracket\">(<\/span>Aktivitete<span class=\"sya_bracket\">)<\/span><\/span><\/div><\/li><li class=\"\"><div class=\"sya_postcontent\"><span class=\"sya_date\">16.11. <span class=\"sya_sep\">- <\/span><\/span><a href=\"https:\/\/erasmusplus.al\/?p=3134\" class=\"sya_postlink post-3134\" rel=\"bookmark\">Field Monitoring Visit for the Erasmus+ ICM projects at University of Tirana.<\/a> <span class=\"sya_categories\"><span class=\"sya_bracket\">(<\/span>Activities<span class=\"sya_bracket\">)<\/span><\/span><\/div><\/li><li class=\"\"><div class=\"sya_postcontent\"><span class=\"sya_date\">15.11. <span class=\"sya_sep\">- <\/span><\/span><a href=\"https:\/\/erasmusplus.al\/?p=3271&lang=sq\" class=\"sya_postlink post-3271\" rel=\"bookmark\">Zhvillohet takimi i par\u00eb komb\u00ebtar i Shoqat\u00ebs s\u00eb Alumnive t\u00eb Ballkanit Per\u00ebndimor.<\/a> <span class=\"sya_categories\"><span class=\"sya_bracket\">(<\/span>Aktivitete<span class=\"sya_bracket\">)<\/span><\/span><\/div><\/li><li class=\"\"><div class=\"sya_postcontent\"><span class=\"sya_date\">15.11. <span class=\"sya_sep\">- <\/span><\/span><a href=\"https:\/\/erasmusplus.al\/?p=3266\" class=\"sya_postlink post-3266\" rel=\"bookmark\">The Western Balkan Alumni Association (WBAA) held its first national event in Albania.<\/a> <span class=\"sya_categories\"><span class=\"sya_bracket\">(<\/span>Activities<span class=\"sya_bracket\">)<\/span><\/span><\/div><\/li><li class=\"\"><div class=\"sya_postcontent\"><span class=\"sya_date\">09.11. <span class=\"sya_sep\">- <\/span><\/span><a href=\"https:\/\/erasmusplus.al\/?p=3120&lang=sq\" class=\"sya_postlink post-3120\" rel=\"bookmark\">Zhvillohet vizita monitoruese p\u00ebr Projektin Tempus \u201cStudAVP\u201d.<\/a> <span class=\"sya_categories\"><span class=\"sya_bracket\">(<\/span>Aktivitete<span class=\"sya_bracket\">)<\/span><\/span><\/div><\/li><li class=\"\"><div class=\"sya_postcontent\"><span class=\"sya_date\">09.11. <span class=\"sya_sep\">- <\/span><\/span><a href=\"https:\/\/erasmusplus.al\/?p=3118\" class=\"sya_postlink post-3118\" rel=\"bookmark\">Field Monitoring Visit for the Tempus project \u201cStudAVP\u201d.<\/a> <span class=\"sya_categories\"><span class=\"sya_bracket\">(<\/span>Activities<span class=\"sya_bracket\">)<\/span><\/span><\/div><\/li><li class=\"\"><div class=\"sya_postcontent\"><span class=\"sya_date\">09.11. <span class=\"sya_sep\">- <\/span><\/span><a href=\"https:\/\/erasmusplus.al\/?p=3104&lang=sq\" class=\"sya_postlink post-3104\" rel=\"bookmark\">Zhvillohet vizita monitoruese p\u00ebr Projektet ICM t\u00eb Universitetit \u201cAleksand\u00ebr Moisiu\u201d t\u00eb Durr\u00ebsit.<\/a> <span class=\"sya_categories\"><span class=\"sya_bracket\">(<\/span>Aktivitete<span class=\"sya_bracket\">)<\/span><\/span><\/div><\/li><li class=\"\"><div class=\"sya_postcontent\"><span class=\"sya_date\">09.11. <span class=\"sya_sep\">- <\/span><\/span><a href=\"https:\/\/erasmusplus.al\/?p=3102\" class=\"sya_postlink post-3102\" rel=\"bookmark\">Field Monitoring Visit for the Erasmus+ ICM projects at University \u201cAleksander Moisiu\u201d of Durr\u00ebs.<\/a> <span class=\"sya_categories\"><span class=\"sya_bracket\">(<\/span>Activities<span class=\"sya_bracket\">)<\/span><\/span><\/div><\/li><li class=\"\"><div class=\"sya_postcontent\"><span class=\"sya_date\">27.10. <span class=\"sya_sep\">- <\/span><\/span><a href=\"https:\/\/erasmusplus.al\/?p=2895&lang=sq\" class=\"sya_postlink post-2895\" rel=\"bookmark\">Zhvillohet seminari komb\u00ebtar HERE \u201cR\u00ebnd\u00ebsia e studimeve t\u00eb doktorat\u00ebs\u201d<\/a> <span class=\"sya_categories\"><span class=\"sya_bracket\">(<\/span>HERE Aktivitete<span class=\"sya_bracket\">)<\/span><\/span><\/div><\/li><li class=\"\"><div class=\"sya_postcontent\"><span class=\"sya_date\">26.10. <span class=\"sya_sep\">- <\/span><\/span><a href=\"https:\/\/erasmusplus.al\/?p=2880&lang=sq\" class=\"sya_postlink post-2880\" rel=\"bookmark\">Publikohen thirrjet e propozimeve dhe guida e programit p\u00ebr vitin 2018 n\u00eb Erasmus+.<\/a> <span class=\"sya_categories\"><span class=\"sya_bracket\">(<\/span>Njoftime<span class=\"sya_bracket\">)<\/span><\/span><\/div><\/li><li class=\"\"><div class=\"sya_postcontent\"><span class=\"sya_date\">26.10. <span class=\"sya_sep\">- <\/span><\/span><a href=\"https:\/\/erasmusplus.al\/?p=2877\" class=\"sya_postlink post-2877\" rel=\"bookmark\">The 2018 Erasmus+ Call for Proposals and Programme guide are published.<\/a> <span class=\"sya_categories\"><span class=\"sya_bracket\">(<\/span>News<span class=\"sya_bracket\">)<\/span><\/span><\/div><\/li><li class=\"\"><div class=\"sya_postcontent\"><span class=\"sya_date\">18.10. <span class=\"sya_sep\">- <\/span><\/span><a href=\"https:\/\/erasmusplus.al\/?p=2893\" class=\"sya_postlink post-2893\" rel=\"bookmark\">National HERE Seminar on \u201cImportance of PHD Studies\u201d was held on October 18th, 2017.<\/a> <span class=\"sya_categories\"><span class=\"sya_bracket\">(<\/span>HERE Activities<span class=\"sya_bracket\">)<\/span><\/span><\/div><\/li><li class=\"\"><div class=\"sya_postcontent\"><span class=\"sya_date\">09.10. <span class=\"sya_sep\">- <\/span><\/span><a href=\"https:\/\/erasmusplus.al\/?p=2853&lang=sq\" class=\"sya_postlink post-2853\" rel=\"bookmark\">Ftes\u00eb p\u00ebr pjes\u00ebmarrje n\u00eb Seminarin komb\u00ebtar HERE \u201cR\u00ebnd\u00ebsia e studimeve t\u00eb doktorat\u00ebs\u201d.<\/a> <span class=\"sya_categories\"><span class=\"sya_bracket\">(<\/span>Njoftime<span class=\"sya_bracket\">)<\/span><\/span><\/div><\/li><li class=\"\"><div class=\"sya_postcontent\"><span class=\"sya_date\">09.10. <span class=\"sya_sep\">- <\/span><\/span><a href=\"https:\/\/erasmusplus.al\/?p=2850\" class=\"sya_postlink post-2850\" rel=\"bookmark\">Invitation to the National HERE Seminar on \u201cImportance of PHD Studies\u201d, on October 18 th , 2017.<\/a> <span class=\"sya_categories\"><span class=\"sya_bracket\">(<\/span>News<span class=\"sya_bracket\">)<\/span><\/span><\/div><\/li><li class=\"\"><div class=\"sya_postcontent\"><span class=\"sya_date\">07.10. <span class=\"sya_sep\">- <\/span><\/span><a href=\"https:\/\/erasmusplus.al\/?p=2845&lang=sq\" class=\"sya_postlink post-2845\" rel=\"bookmark\">Publikohet lista e prioriteteve komb\u00ebtare dhe rajonale p\u00ebr thirrjen e vitit 2018 n\u00eb \u201cRritjen e Kapaciteteve n\u00eb Arsimin e Lart\u00eb\u201d t\u00eb Erasmus +<\/a> <span class=\"sya_categories\"><span class=\"sya_bracket\">(<\/span>Njoftime<span class=\"sya_bracket\">)<\/span><\/span><\/div><\/li><li class=\"\"><div class=\"sya_postcontent\"><span class=\"sya_date\">07.10. <span class=\"sya_sep\">- <\/span><\/span><a href=\"https:\/\/erasmusplus.al\/?p=2843\" class=\"sya_postlink post-2843\" rel=\"bookmark\">The priorities for the 2018 Call in \u201cCapacity Building in Higher Education\u201d are published.<\/a> <span class=\"sya_categories\"><span class=\"sya_bracket\">(<\/span>News<span class=\"sya_bracket\">)<\/span><\/span><\/div><\/li><li class=\"\"><div class=\"sya_postcontent\"><span class=\"sya_date\">26.09. <span class=\"sya_sep\">- <\/span><\/span><a href=\"https:\/\/erasmusplus.al\/?p=2874&lang=sq\" class=\"sya_postlink post-2874\" rel=\"bookmark\">Zhvillohet vizita monitoruese p\u00ebr Projektin Erasmus+ \u201cGEOWEB\u201d.<\/a> <span class=\"sya_categories\"><span class=\"sya_bracket\">(<\/span>Aktivitete<span class=\"sya_bracket\">)<\/span><\/span><\/div><\/li><li class=\"\"><div class=\"sya_postcontent\"><span class=\"sya_date\">26.09. <span class=\"sya_sep\">- <\/span><\/span><a href=\"https:\/\/erasmusplus.al\/?p=2872\" class=\"sya_postlink post-2872\" rel=\"bookmark\">Field Monitoring Visit for the Erasmus+ CBHE project \u201cGEOWEB\u201d.<\/a> <span class=\"sya_categories\"><span class=\"sya_bracket\">(<\/span>Activities<span class=\"sya_bracket\">)<\/span><\/span><\/div><\/li><li class=\"\"><div class=\"sya_postcontent\"><span class=\"sya_date\">13.09. <span class=\"sya_sep\">- <\/span><\/span><a href=\"https:\/\/erasmusplus.al\/?p=2800&lang=sq\" class=\"sya_postlink post-2800\" rel=\"bookmark\">Vend pune p\u00ebr koordinatorin e Zyr\u00ebs Komb\u00ebtare t\u00eb Erasmus + n\u00eb Shqip\u00ebri (NEO)<\/a> <span class=\"sya_categories\"><span class=\"sya_bracket\">(<\/span>Njoftime<span class=\"sya_bracket\">)<\/span><\/span><\/div><\/li><li class=\"\"><div class=\"sya_postcontent\"><span class=\"sya_date\">13.09. <span class=\"sya_sep\">- <\/span><\/span><a href=\"https:\/\/erasmusplus.al\/?p=2786\" class=\"sya_postlink post-2786\" rel=\"bookmark\">Job Vacancy for the coordinator of the National Erasmus+ Office in Albania (NEO)<\/a> <span class=\"sya_categories\"><span class=\"sya_bracket\">(<\/span>News<span class=\"sya_bracket\">)<\/span><\/span><\/div><\/li><li class=\"\"><div class=\"sya_postcontent\"><span class=\"sya_date\">04.09. <span class=\"sya_sep\">- <\/span><\/span><a href=\"https:\/\/erasmusplus.al\/?p=2781&lang=sq\" class=\"sya_postlink post-2781\" rel=\"bookmark\">Shpallen projektet fituese p\u00ebr komponentin KA2 &#8220;Rritja e Kapaciteteve n\u00eb Arsimin e Lart\u00eb&#8221; t\u00eb Erasmus +.<\/a> <span class=\"sya_categories\"><span class=\"sya_bracket\">(<\/span>Njoftime<span class=\"sya_bracket\">)<\/span><\/span><\/div><\/li><li class=\"\"><div class=\"sya_postcontent\"><span class=\"sya_date\">04.09. <span class=\"sya_sep\">- <\/span><\/span><a href=\"https:\/\/erasmusplus.al\/?p=2779\" class=\"sya_postlink post-2779\" rel=\"bookmark\">The results of the 2017 call in the Erasmus + KA2 \u201cCapacity Building in Higher Education\u201d are published.<\/a> <span class=\"sya_categories\"><span class=\"sya_bracket\">(<\/span>News<span class=\"sya_bracket\">)<\/span><\/span><\/div><\/li><li class=\"\"><div class=\"sya_postcontent\"><span class=\"sya_date\">26.07. <span class=\"sya_sep\">- <\/span><\/span><a href=\"https:\/\/erasmusplus.al\/?p=2155&lang=sq\" class=\"sya_postlink post-2155\" rel=\"bookmark\">Zhvillohet ceremonia e p\u00ebrcjelljes p\u00ebr student\u00ebt e p\u00ebrzgjedhur n\u00eb programin e Masterave t\u00eb P\u00ebrbashk\u00ebt t\u00eb Erasmus Mundus<\/a> <span class=\"sya_categories\"><span class=\"sya_bracket\">(<\/span>Aktivitete<span class=\"sya_bracket\">)<\/span><\/span><\/div><\/li><li class=\"\"><div class=\"sya_postcontent\"><span class=\"sya_date\">13.07. <span class=\"sya_sep\">- <\/span><\/span><a href=\"https:\/\/erasmusplus.al\/?p=1243\" class=\"sya_postlink post-1243\" rel=\"bookmark\">Procurement notification: \u201cLocal interpreter\/translator Albanian \u2013 English of the European Platform for Adult Learning in Europe (EPALE) in Albania\u201d (Deadline \u2013 July 17th, 2017).<\/a> <span class=\"sya_categories\"><span class=\"sya_bracket\">(<\/span>News<span class=\"sya_bracket\">)<\/span><\/span><\/div><\/li><li class=\"\"><div class=\"sya_postcontent\"><span class=\"sya_date\">13.07. <span class=\"sya_sep\">- <\/span><\/span><a href=\"https:\/\/erasmusplus.al\/?p=1351&lang=sq\" class=\"sya_postlink post-1351\" rel=\"bookmark\">Procurement notification: \u201cLocal interpreter\/translator Albanian \u2013 English of the European Platform for Adult Learning in Europe (EPALE) in Albania\u201d (Deadline \u2013 July 17th, 2017).<\/a> <span class=\"sya_categories\"><span class=\"sya_bracket\">(<\/span>Njoftime<span class=\"sya_bracket\">)<\/span><\/span><\/div><\/li><li class=\"\"><div class=\"sya_postcontent\"><span class=\"sya_date\">30.06. <span class=\"sya_sep\">- <\/span><\/span><a href=\"https:\/\/erasmusplus.al\/?p=1348&lang=sq\" class=\"sya_postlink post-1348\" rel=\"bookmark\">Zhvillohet Dita Rajonale Informuese p\u00ebr Erasmus + n\u00eb Vlor\u00eb, m\u00eb 30  Qershor, 2017.<\/a> <span class=\"sya_categories\"><span class=\"sya_bracket\">(<\/span>Aktivitete<span class=\"sya_bracket\">)<\/span><\/span><\/div><\/li><li class=\"\"><div class=\"sya_postcontent\"><span class=\"sya_date\">30.06. <span class=\"sya_sep\">- <\/span><\/span><a href=\"https:\/\/erasmusplus.al\/?p=1337\" class=\"sya_postlink post-1337\" rel=\"bookmark\">Regional Info Day in Vlora, held on June 30th, 2017.<\/a> <span class=\"sya_categories\"><span class=\"sya_bracket\">(<\/span>Activities<span class=\"sya_bracket\">)<\/span><\/span><\/div><\/li><li class=\"\"><div class=\"sya_postcontent\"><span class=\"sya_date\">29.06. <span class=\"sya_sep\">- <\/span><\/span><a href=\"https:\/\/erasmusplus.al\/?p=1584&lang=sq\" class=\"sya_postlink post-1584\" rel=\"bookmark\">Zhvillohet seminari HERE \u201cReformimi i programeve t\u00eb studimit bazuar n\u00eb rezultatet e t\u00eb m\u00ebsuarit\u201d.<\/a> <span class=\"sya_categories\"><span class=\"sya_bracket\">(<\/span>HERE Aktivitete<span class=\"sya_bracket\">)<\/span><\/span><\/div><\/li><li class=\"\"><div class=\"sya_postcontent\"><span class=\"sya_date\">29.06. <span class=\"sya_sep\">- <\/span><\/span><a href=\"https:\/\/erasmusplus.al\/?p=1568\" class=\"sya_postlink post-1568\" rel=\"bookmark\">National HERE Seminar on \u201cReforming study programmes based on learning outcomes\u201d<\/a> <span class=\"sya_categories\"><span class=\"sya_bracket\">(<\/span>HERE Activities<span class=\"sya_bracket\">)<\/span><\/span><\/div><\/li><li class=\"\"><div class=\"sya_postcontent\"><span class=\"sya_date\">29.06. <span class=\"sya_sep\">- <\/span><\/span><a href=\"https:\/\/erasmusplus.al\/?p=1334&lang=sq\" class=\"sya_postlink post-1334\" rel=\"bookmark\">Zhvillohet vizita monitoruese p\u00ebr Projektin Erasmus+ \u201cRe@WBC\u201d.<\/a> <span class=\"sya_categories\"><span class=\"sya_bracket\">(<\/span>Aktivitete<span class=\"sya_bracket\">)<\/span><\/span><\/div><\/li><li class=\"\"><div class=\"sya_postcontent\"><span class=\"sya_date\">29.06. <span class=\"sya_sep\">- <\/span><\/span><a href=\"https:\/\/erasmusplus.al\/?p=1324\" class=\"sya_postlink post-1324\" rel=\"bookmark\">Field Monitoring Visit for the Erasmus+ CBHE project \u201cRe@WBC\u201d.<\/a> <span class=\"sya_categories\"><span class=\"sya_bracket\">(<\/span>Activities<span class=\"sya_bracket\">)<\/span><\/span><\/div><\/li><li class=\"\"><div class=\"sya_postcontent\"><span class=\"sya_date\">31.05. <span class=\"sya_sep\">- <\/span><\/span><a href=\"https:\/\/erasmusplus.al\/?p=895&lang=sq\" class=\"sya_postlink post-895\" rel=\"bookmark\">Hapet konkursi Erasmus + i eseve dhe arteve t\u00eb bukura \u2018Evropa ime\u2019.<\/a> <span class=\"sya_categories\"><span class=\"sya_bracket\">(<\/span>Njoftime<span class=\"sya_bracket\">)<\/span><\/span><\/div><\/li><li class=\"\"><div class=\"sya_postcontent\"><span class=\"sya_date\">31.05. <span class=\"sya_sep\">- <\/span><\/span><a href=\"https:\/\/erasmusplus.al\/?p=893\" class=\"sya_postlink post-893\" rel=\"bookmark\">The ERASMUS + \u201cMy Europe\u201d Competition is opened!<\/a> <span class=\"sya_categories\"><span class=\"sya_bracket\">(<\/span>News<span class=\"sya_bracket\">)<\/span><\/span><\/div><\/li><li class=\"\"><div class=\"sya_postcontent\"><span class=\"sya_date\">26.05. <span class=\"sya_sep\">- <\/span><\/span><a href=\"https:\/\/erasmusplus.al\/?p=1621&lang=sq\" class=\"sya_postlink post-1621\" rel=\"bookmark\">Zhvillohet seminari komb\u00ebtar HERE \u201cRivler\u00ebsimi i programeve t\u00eb studimit: lidhja midis l\u00ebnd\u00ebs m\u00ebsimore dhe rezultateve t\u00eb t\u00eb m\u00ebsuarit\u201d<\/a> <span class=\"sya_categories\"><span class=\"sya_bracket\">(<\/span>HERE Aktivitete<span class=\"sya_bracket\">)<\/span><\/span><\/div><\/li><li class=\"\"><div class=\"sya_postcontent\"><span class=\"sya_date\">26.05. <span class=\"sya_sep\">- <\/span><\/span><a href=\"https:\/\/erasmusplus.al\/?p=1589\" class=\"sya_postlink post-1589\" rel=\"bookmark\">National HERE Seminar on \u201cRe-evaluation of study programmes: link between study programmes and learning outcomes \u201d .<\/a> <span class=\"sya_categories\"><span class=\"sya_bracket\">(<\/span>HERE Activities<span class=\"sya_bracket\">)<\/span><\/span><\/div><\/li><li class=\"\"><div class=\"sya_postcontent\"><span class=\"sya_date\">25.05. <span class=\"sya_sep\">- <\/span><\/span><a href=\"https:\/\/erasmusplus.al\/?p=1711&lang=sq\" class=\"sya_postlink post-1711\" rel=\"bookmark\">Zhvillohet Dita Rajonale Informuese p\u00ebr Erasmus + n\u00eb Kor\u00e7\u00eb, m\u00eb 25  Maj, 2017.<\/a> <span class=\"sya_categories\"><span class=\"sya_bracket\">(<\/span>Aktivitete<span class=\"sya_bracket\">)<\/span><\/span><\/div><\/li><li class=\"\"><div class=\"sya_postcontent\"><span class=\"sya_date\">25.05. <span class=\"sya_sep\">- <\/span><\/span><a href=\"https:\/\/erasmusplus.al\/?p=1698\" class=\"sya_postlink post-1698\" rel=\"bookmark\">Regional Info Day in Kor\u00e7a, held on May 25th, 2017.<\/a> <span class=\"sya_categories\"><span class=\"sya_bracket\">(<\/span>Activities<span class=\"sya_bracket\">)<\/span><\/span><\/div><\/li><li class=\"\"><div class=\"sya_postcontent\"><span class=\"sya_date\">23.05. <span class=\"sya_sep\">- <\/span><\/span><a href=\"https:\/\/erasmusplus.al\/?p=1713\" class=\"sya_postlink post-1713\" rel=\"bookmark\">Field Monitoring Visit for the Tempus project \u201cE-Learning, Innovation, Sustainable Albanian Agriculture \u2013ELISAA\u201d<\/a> <span class=\"sya_categories\"><span class=\"sya_bracket\">(<\/span>Activities<span class=\"sya_bracket\">)<\/span><\/span><\/div><\/li><li class=\"\"><div class=\"sya_postcontent\"><span class=\"sya_date\">23.05. <span class=\"sya_sep\">- <\/span><\/span><a href=\"https:\/\/erasmusplus.al\/?p=1731&lang=sq\" class=\"sya_postlink post-1731\" rel=\"bookmark\">Zhvillohet vizita monitoruese p\u00ebr Projektet ICM t\u00eb Universitetit Bujq\u00ebsor t\u00eb Tiran\u00ebs.<\/a> <span class=\"sya_categories\"><span class=\"sya_bracket\">(<\/span>Aktivitete<span class=\"sya_bracket\">)<\/span><\/span><\/div><\/li><li class=\"\"><div class=\"sya_postcontent\"><span class=\"sya_date\">23.05. <span class=\"sya_sep\">- <\/span><\/span><a href=\"https:\/\/erasmusplus.al\/?p=1723\" class=\"sya_postlink post-1723\" rel=\"bookmark\">Field Monitoring Visit for the Erasmus+ ICM projects at Agricultural University of Tirana.<\/a> <span class=\"sya_categories\"><span class=\"sya_bracket\">(<\/span>Activities<span class=\"sya_bracket\">)<\/span><\/span><\/div><\/li><li class=\"\"><div class=\"sya_postcontent\"><span class=\"sya_date\">23.05. <span class=\"sya_sep\">- <\/span><\/span><a href=\"https:\/\/erasmusplus.al\/?p=1721&lang=sq\" class=\"sya_postlink post-1721\" rel=\"bookmark\">Zhvillohet vizita monitoruese p\u00ebr Projektin Tempus \u201cELISAA\u201d.<\/a> <span class=\"sya_categories\"><span class=\"sya_bracket\">(<\/span>Aktivitete<span class=\"sya_bracket\">)<\/span><\/span><\/div><\/li><li class=\"\"><div class=\"sya_postcontent\"><span class=\"sya_date\">20.05. <span class=\"sya_sep\">- <\/span><\/span><a href=\"https:\/\/erasmusplus.al\/?p=1263\" class=\"sya_postlink post-1263\" rel=\"bookmark\">Invitation to the National HERE Seminar on \u201cRe-evaluation of study programmes: link between study programmes and learning outcomes \u201d, on May 26th, 2017<\/a> <span class=\"sya_categories\"><span class=\"sya_bracket\">(<\/span>News<span class=\"sya_bracket\">)<\/span><\/span><\/div><\/li><li class=\"\"><div class=\"sya_postcontent\"><span class=\"sya_date\">11.05. <span class=\"sya_sep\">- <\/span><\/span><a href=\"https:\/\/erasmusplus.al\/?p=1761&lang=sq\" class=\"sya_postlink post-1761\" rel=\"bookmark\">Zyra Komb\u00ebtare Erasmus + n\u00eb aktivitet e \u201cJav\u00ebs s\u00eb Europ\u00ebs\u201d.<\/a> <span class=\"sya_categories\"><span class=\"sya_bracket\">(<\/span>Aktivitete<span class=\"sya_bracket\">)<\/span><\/span><\/div><\/li><li class=\"\"><div class=\"sya_postcontent\"><span class=\"sya_date\">11.05. <span class=\"sya_sep\">- <\/span><\/span><a href=\"https:\/\/erasmusplus.al\/?p=1734\" class=\"sya_postlink post-1734\" rel=\"bookmark\">The Albanian Erasmus + Office participate in the \u201cWeek of Europe\u201d.<\/a> <span class=\"sya_categories\"><span class=\"sya_bracket\">(<\/span>Activities<span class=\"sya_bracket\">)<\/span><\/span><\/div><\/li><li class=\"\"><div class=\"sya_postcontent\"><span class=\"sya_date\">08.05. <span class=\"sya_sep\">- <\/span><\/span><a href=\"https:\/\/erasmusplus.al\/?p=1266\" class=\"sya_postlink post-1266\" rel=\"bookmark\">The applications data in the Erasmus + opportunities are published.<\/a> <span class=\"sya_categories\"><span class=\"sya_bracket\">(<\/span>News<span class=\"sya_bracket\">)<\/span><\/span><\/div><\/li><li class=\"\"><div class=\"sya_postcontent\"><span class=\"sya_date\">04.05. <span class=\"sya_sep\">- <\/span><\/span><a href=\"https:\/\/erasmusplus.al\/?p=1780&lang=sq\" class=\"sya_postlink post-1780\" rel=\"bookmark\">Zhvillohet Dita Rajonale Informuese p\u00ebr Erasmus + n\u00eb Gjirokast\u00ebr, m\u00eb 4  Maj, 2017.<\/a> <span class=\"sya_categories\"><span class=\"sya_bracket\">(<\/span>Aktivitete<span class=\"sya_bracket\">)<\/span><\/span><\/div><\/li><li class=\"\"><div class=\"sya_postcontent\"><span class=\"sya_date\">04.05. <span class=\"sya_sep\">- <\/span><\/span><a href=\"https:\/\/erasmusplus.al\/?p=1763\" class=\"sya_postlink post-1763\" rel=\"bookmark\">Regional Info Day in Gjirokastra, held on May 4th, 2017.<\/a> <span class=\"sya_categories\"><span class=\"sya_bracket\">(<\/span>Activities<span class=\"sya_bracket\">)<\/span><\/span><\/div><\/li><li class=\"\"><div class=\"sya_postcontent\"><span class=\"sya_date\">02.05. <span class=\"sya_sep\">- <\/span><\/span><a href=\"https:\/\/erasmusplus.al\/?p=1791&lang=sq\" class=\"sya_postlink post-1791\" rel=\"bookmark\">Zhvillohet vizita monitoruese p\u00ebr Projektin Erasmus + \u201cEduLAw\u201d.<\/a> <span class=\"sya_categories\"><span class=\"sya_bracket\">(<\/span>Aktivitete<span class=\"sya_bracket\">)<\/span><\/span><\/div><\/li><li class=\"\"><div class=\"sya_postcontent\"><span class=\"sya_date\">02.05. <span class=\"sya_sep\">- <\/span><\/span><a href=\"https:\/\/erasmusplus.al\/?p=1782\" class=\"sya_postlink post-1782\" rel=\"bookmark\">Field Monitoring Visit for the Erasmus+ CBHE project \u201cEduLAw\u201d<\/a> <span class=\"sya_categories\"><span class=\"sya_bracket\">(<\/span>Activities<span class=\"sya_bracket\">)<\/span><\/span><\/div><\/li><li class=\"\"><div class=\"sya_postcontent\"><span class=\"sya_date\">19.04. <span class=\"sya_sep\">- <\/span><\/span><a href=\"https:\/\/erasmusplus.al\/?p=1802&lang=sq\" class=\"sya_postlink post-1802\" rel=\"bookmark\">Zhvillohet vizita monitoruese p\u00ebr Projektin Erasmus + \u201cIntegrim dhe vler\u00ebsim i njohurive t\u00eb sip\u00ebrmarrjes n\u00eb inxhinieri dhe shkenca kompjuterike \u2013 REBUS\u201d.<\/a> <span class=\"sya_categories\"><span class=\"sya_bracket\">(<\/span>Aktivitete<span class=\"sya_bracket\">)<\/span><\/span><\/div><\/li><li class=\"\"><div class=\"sya_postcontent\"><span class=\"sya_date\">19.04. <span class=\"sya_sep\">- <\/span><\/span><a href=\"https:\/\/erasmusplus.al\/?p=1793\" class=\"sya_postlink post-1793\" rel=\"bookmark\">Field Monitoring Visit for the Erasmus+ CBHE project \u201cREBUS\u201d<\/a> <span class=\"sya_categories\"><span class=\"sya_bracket\">(<\/span>Activities<span class=\"sya_bracket\">)<\/span><\/span><\/div><\/li><li class=\"\"><div class=\"sya_postcontent\"><span class=\"sya_date\">10.04. <span class=\"sya_sep\">- <\/span><\/span><a href=\"https:\/\/erasmusplus.al\/?p=1823&lang=sq\" class=\"sya_postlink post-1823\" rel=\"bookmark\">Zhvillohet vizita monitoruese p\u00ebr Projektet ICM t\u00eb Universitetit EPOKA.<\/a> <span class=\"sya_categories\"><span class=\"sya_bracket\">(<\/span>Aktivitete<span class=\"sya_bracket\">)<\/span><\/span><\/div><\/li><li class=\"\"><div class=\"sya_postcontent\"><span class=\"sya_date\">10.04. <span class=\"sya_sep\">- <\/span><\/span><a href=\"https:\/\/erasmusplus.al\/?p=1813\" class=\"sya_postlink post-1813\" rel=\"bookmark\">Field Monitoring Visit for the Erasmus+ ICM projects at EPOKA University.<\/a> <span class=\"sya_categories\"><span class=\"sya_bracket\">(<\/span>Activities<span class=\"sya_bracket\">)<\/span><\/span><\/div><\/li><li class=\"\"><div class=\"sya_postcontent\"><span class=\"sya_date\">10.04. <span class=\"sya_sep\">- <\/span><\/span><a href=\"https:\/\/erasmusplus.al\/?p=1811&lang=sq\" class=\"sya_postlink post-1811\" rel=\"bookmark\">Zhvillohet vizita monitoruese p\u00ebr Projektin Erasmus + \u201cNjohuri p\u00ebr nj\u00eb shoq\u00ebri rezistente \u2013 K Force\u201d.<\/a> <span class=\"sya_categories\"><span class=\"sya_bracket\">(<\/span>Aktivitete<span class=\"sya_bracket\">)<\/span><\/span><\/div><\/li><li class=\"\"><div class=\"sya_postcontent\"><span class=\"sya_date\">10.04. <span class=\"sya_sep\">- <\/span><\/span><a href=\"https:\/\/erasmusplus.al\/?p=1804\" class=\"sya_postlink post-1804\" rel=\"bookmark\">Field Monitoring Visit for the Erasmus+ CBHE project \u201cK-Force\u201d<\/a> <span class=\"sya_categories\"><span class=\"sya_bracket\">(<\/span>Activities<span class=\"sya_bracket\">)<\/span><\/span><\/div><\/li><li class=\"\"><div class=\"sya_postcontent\"><span class=\"sya_date\">29.03. <span class=\"sya_sep\">- <\/span><\/span><a href=\"https:\/\/erasmusplus.al\/?p=1836&lang=sq\" class=\"sya_postlink post-1836\" rel=\"bookmark\">Zhvillohet vizita monitoruese p\u00ebr Projektin Tempus \u201cLIFEADA\u201d.<\/a> <span class=\"sya_categories\"><span class=\"sya_bracket\">(<\/span>Aktivitete<span class=\"sya_bracket\">)<\/span><\/span><\/div><\/li><li class=\"\"><div class=\"sya_postcontent\"><span class=\"sya_date\">29.03. <span class=\"sya_sep\">- <\/span><\/span><a href=\"https:\/\/erasmusplus.al\/?p=1827\" class=\"sya_postlink post-1827\" rel=\"bookmark\">Field Monitoring Visit for the Tempus project \u201cLifelong learning for sustainable agriculture in Alps-Danube-Adriatic Region &#8211; LIFEADA<\/a> <span class=\"sya_categories\"><span class=\"sya_bracket\">(<\/span>Activities<span class=\"sya_bracket\">)<\/span><\/span><\/div><\/li><li class=\"\"><div class=\"sya_postcontent\"><span class=\"sya_date\">23.03. <span class=\"sya_sep\">- <\/span><\/span><a href=\"https:\/\/erasmusplus.al\/?p=1268\" class=\"sya_postlink post-1268\" rel=\"bookmark\">Overview of the Higher Education system in Albania is published<\/a> <span class=\"sya_categories\"><span class=\"sya_bracket\">(<\/span>News<span class=\"sya_bracket\">)<\/span><\/span><\/div><\/li><li class=\"\"><div class=\"sya_postcontent\"><span class=\"sya_date\">13.03. <span class=\"sya_sep\">- <\/span><\/span><a href=\"https:\/\/erasmusplus.al\/?p=1859&lang=sq\" class=\"sya_postlink post-1859\" rel=\"bookmark\">Zhvillohet vizita monitoruese p\u00ebr Projektet ICM t\u00eb Universitetit Europian t\u00eb Tiran\u00ebs<\/a> <span class=\"sya_categories\"><span class=\"sya_bracket\">(<\/span>Aktivitete<span class=\"sya_bracket\">)<\/span><\/span><\/div><\/li><li class=\"\"><div class=\"sya_postcontent\"><span class=\"sya_date\">13.03. <span class=\"sya_sep\">- <\/span><\/span><a href=\"https:\/\/erasmusplus.al\/?p=1850\" class=\"sya_postlink post-1850\" rel=\"bookmark\">Field Monitoring Visit for the Erasmus+ ICM projects at European University of Tirana.<\/a> <span class=\"sya_categories\"><span class=\"sya_bracket\">(<\/span>Activities<span class=\"sya_bracket\">)<\/span><\/span><\/div><\/li><li class=\"\"><div class=\"sya_postcontent\"><span class=\"sya_date\">13.03. <span class=\"sya_sep\">- <\/span><\/span><a href=\"https:\/\/erasmusplus.al\/?p=1848&lang=sq\" class=\"sya_postlink post-1848\" rel=\"bookmark\">Zhvillohet vizita monitoruese p\u00ebr Projektin Erasmus+ \u201ceuroPS\u201d.<\/a> <span class=\"sya_categories\"><span class=\"sya_bracket\">(<\/span>Aktivitete<span class=\"sya_bracket\">)<\/span><\/span><\/div><\/li><li class=\"\"><div class=\"sya_postcontent\"><span class=\"sya_date\">13.03. <span class=\"sya_sep\">- <\/span><\/span><a href=\"https:\/\/erasmusplus.al\/?p=1838\" class=\"sya_postlink post-1838\" rel=\"bookmark\">Field Monitoring Visit for the Erasmus+ CBHE project \u201ceuroPS\u201d<\/a> <span class=\"sya_categories\"><span class=\"sya_bracket\">(<\/span>Activities<span class=\"sya_bracket\">)<\/span><\/span><\/div><\/li><li class=\"\"><div class=\"sya_postcontent\"><span class=\"sya_date\">07.03. <span class=\"sya_sep\">- <\/span><\/span><a href=\"https:\/\/erasmusplus.al\/?p=1879&lang=sq\" class=\"sya_postlink post-1879\" rel=\"bookmark\">Zhvillohet vizita monitoruese p\u00ebr Projektin Erasmus+ \u201cBESTSDI\u201d.<\/a> <span class=\"sya_categories\"><span class=\"sya_bracket\">(<\/span>Aktivitete<span class=\"sya_bracket\">)<\/span><\/span><\/div><\/li><li class=\"\"><div class=\"sya_postcontent\"><span class=\"sya_date\">07.03. <span class=\"sya_sep\">- <\/span><\/span><a href=\"https:\/\/erasmusplus.al\/?p=1871\" class=\"sya_postlink post-1871\" rel=\"bookmark\">Field Monitoring Visit for the Erasmus+ CBHE project \u201cBESTSDI\u201d<\/a> <span class=\"sya_categories\"><span class=\"sya_bracket\">(<\/span>Activities<span class=\"sya_bracket\">)<\/span><\/span><\/div><\/li><li class=\"\"><div class=\"sya_postcontent\"><span class=\"sya_date\">07.03. <span class=\"sya_sep\">- <\/span><\/span><a href=\"https:\/\/erasmusplus.al\/?p=1869&lang=sq\" class=\"sya_postlink post-1869\" rel=\"bookmark\">Zhvillohet vizita monitoruese p\u00ebr Projektin Erasmus+ \u201cNETCHEM\u201d.<\/a> <span class=\"sya_categories\"><span class=\"sya_bracket\">(<\/span>Aktivitete<span class=\"sya_bracket\">)<\/span><\/span><\/div><\/li><li class=\"\"><div class=\"sya_postcontent\"><span class=\"sya_date\">07.03. <span class=\"sya_sep\">- <\/span><\/span><a href=\"https:\/\/erasmusplus.al\/?p=1861\" class=\"sya_postlink post-1861\" rel=\"bookmark\">Field Monitoring Visit for the Erasmus+ CBHE project \u201cNETCHEM\u201d<\/a> <span class=\"sya_categories\"><span class=\"sya_bracket\">(<\/span>Activities<span class=\"sya_bracket\">)<\/span><\/span><\/div><\/li><li class=\"\"><div class=\"sya_postcontent\"><span class=\"sya_date\">03.03. <span class=\"sya_sep\">- <\/span><\/span><a href=\"https:\/\/erasmusplus.al\/?p=1274\" class=\"sya_postlink post-1274\" rel=\"bookmark\">Mrs. Federica Mogherini meets with Albanian Erasmus students.<\/a> <span class=\"sya_categories\"><span class=\"sya_bracket\">(<\/span>News<span class=\"sya_bracket\">)<\/span><\/span><\/div><\/li><li class=\"\"><div class=\"sya_postcontent\"><span class=\"sya_date\">28.02. <span class=\"sya_sep\">- <\/span><\/span><a href=\"https:\/\/erasmusplus.al\/?p=1889&lang=sq\" class=\"sya_postlink post-1889\" rel=\"bookmark\">Zhvillohet vizita monitoruese p\u00ebr Projektin Erasmus+ \u201cFINAC\u201d.<\/a> <span class=\"sya_categories\"><span class=\"sya_bracket\">(<\/span>Aktivitete<span class=\"sya_bracket\">)<\/span><\/span><\/div><\/li><li class=\"\"><div class=\"sya_postcontent\"><span class=\"sya_date\">28.02. <span class=\"sya_sep\">- <\/span><\/span><a href=\"https:\/\/erasmusplus.al\/?p=1881\" class=\"sya_postlink post-1881\" rel=\"bookmark\">Field Monitoring Visit for the Erasmus+ CBHE project \u201cFINAC\u201d<\/a> <span class=\"sya_categories\"><span class=\"sya_bracket\">(<\/span>Activities<span class=\"sya_bracket\">)<\/span><\/span><\/div><\/li><\/ul><\/div><div class=\"sya_container\" id=\"sya_container\"><p class=\"sya_yearslist\" id=\"sya_yearslist\"><a href=\"#year2016\">2016<\/a><\/p><h2><a id=\"year2016\"><\/a><a href=\"https:\/\/erasmusplus.al\/?m=2016\" rel=\"section\">2016<\/a> <span class=\"sya_yearcount\"><span class=\"sya_bracket\">(<\/span>76<span class=\"sya_bracket\">)<\/span><\/span><\/h2><ul><li class=\"\"><div class=\"sya_postcontent\"><span class=\"sya_date\">27.12. <span class=\"sya_sep\">- <\/span><\/span><a href=\"https:\/\/erasmusplus.al\/?p=1905&lang=sq\" class=\"sya_postlink post-1905\" rel=\"bookmark\">Zhvillohet dita rajonale informative p\u00ebr Erasmus + n\u00eb universitetin \u201cAleksand\u00ebr Moisiu\u201d t\u00eb Durr\u00ebsit, m\u00eb 27 Dhjetor 2016.<\/a> <span class=\"sya_categories\"><span class=\"sya_bracket\">(<\/span>Aktivitete<span class=\"sya_bracket\">)<\/span><\/span><\/div><\/li><li class=\"\"><div class=\"sya_postcontent\"><span class=\"sya_date\">27.12. <span class=\"sya_sep\">- <\/span><\/span><a href=\"https:\/\/erasmusplus.al\/?p=1891\" class=\"sya_postlink post-1891\" rel=\"bookmark\">Regional Info Day at the University \u201cAleksand\u00ebr Moisiu\u201d of Durr\u00ebs, held on December 27th, 2016.<\/a> <span class=\"sya_categories\"><span class=\"sya_bracket\">(<\/span>Activities<span class=\"sya_bracket\">)<\/span><\/span><\/div><\/li><li class=\"\"><div class=\"sya_postcontent\"><span class=\"sya_date\">21.12. <span class=\"sya_sep\">- <\/span><\/span><a href=\"https:\/\/erasmusplus.al\/?p=1926&lang=sq\" class=\"sya_postlink post-1926\" rel=\"bookmark\">Zhvillohet vizita monitoruese p\u00ebr Projektin Erasmus+ \u201cGEOWEB\u201d.<\/a> <span class=\"sya_categories\"><span class=\"sya_bracket\">(<\/span>Aktivitete<span class=\"sya_bracket\">)<\/span><\/span><\/div><\/li><li class=\"\"><div class=\"sya_postcontent\"><span class=\"sya_date\">21.12. <span class=\"sya_sep\">- <\/span><\/span><a href=\"https:\/\/erasmusplus.al\/?p=1918\" class=\"sya_postlink post-1918\" rel=\"bookmark\">Field Monitoring Visit for the Erasmus+ CBHE project \u201cGEOWEB\u201d.<\/a> <span class=\"sya_categories\"><span class=\"sya_bracket\">(<\/span>Activities<span class=\"sya_bracket\">)<\/span><\/span><\/div><\/li><li class=\"\"><div class=\"sya_postcontent\"><span class=\"sya_date\">21.12. <span class=\"sya_sep\">- <\/span><\/span><a href=\"https:\/\/erasmusplus.al\/?p=1916&lang=sq\" class=\"sya_postlink post-1916\" rel=\"bookmark\">Zhvillohet vizita monitoruese p\u00ebr Projektet ICM t\u00eb Universitetit Politeknik t\u00eb Tiran\u00ebs.<\/a> <span class=\"sya_categories\"><span class=\"sya_bracket\">(<\/span>Aktivitete<span class=\"sya_bracket\">)<\/span><\/span><\/div><\/li><li class=\"\"><div class=\"sya_postcontent\"><span class=\"sya_date\">21.12. <span class=\"sya_sep\">- <\/span><\/span><a href=\"https:\/\/erasmusplus.al\/?p=1908\" class=\"sya_postlink post-1908\" rel=\"bookmark\">Field Monitoring Visit for the Erasmus+ ICM projects at Polytechnic University of Tirana.<\/a> <span class=\"sya_categories\"><span class=\"sya_bracket\">(<\/span>Activities<span class=\"sya_bracket\">)<\/span><\/span><\/div><\/li><li class=\"\"><div class=\"sya_postcontent\"><span class=\"sya_date\">06.12. <span class=\"sya_sep\">- <\/span><\/span><a href=\"https:\/\/erasmusplus.al\/?p=1943&lang=sq\" class=\"sya_postlink post-1943\" rel=\"bookmark\">Zhvillohet dita rajonale informative p\u00ebr Erasmus + n\u00eb universitetin \u201cEqerem \u00c7abej\u201d t\u00eb Gjirokastr\u00ebs, m\u00eb 5 dhjetor 2016.<\/a> <span class=\"sya_categories\"><span class=\"sya_bracket\">(<\/span>Aktivitete<span class=\"sya_bracket\">)<\/span><\/span><\/div><\/li><li class=\"\"><div class=\"sya_postcontent\"><span class=\"sya_date\">06.12. <span class=\"sya_sep\">- <\/span><\/span><a href=\"https:\/\/erasmusplus.al\/?p=1928\" class=\"sya_postlink post-1928\" rel=\"bookmark\">Regional Info Day at the University \u201cEqerem \u00c7abej\u201d of Gjirokastra, held on December 6th, 2016.<\/a> <span class=\"sya_categories\"><span class=\"sya_bracket\">(<\/span>Activities<span class=\"sya_bracket\">)<\/span><\/span><\/div><\/li><li class=\"\"><div class=\"sya_postcontent\"><span class=\"sya_date\">05.12. <span class=\"sya_sep\">- <\/span><\/span><a href=\"https:\/\/erasmusplus.al\/?p=1954&lang=sq\" class=\"sya_postlink post-1954\" rel=\"bookmark\">Zhvillohet vizita monitoruese p\u00ebr Projektet ICM t\u00eb Universitetit t\u00eb Gjirokastr\u00ebs<\/a> <span class=\"sya_categories\"><span class=\"sya_bracket\">(<\/span>Aktivitete<span class=\"sya_bracket\">)<\/span><\/span><\/div><\/li><li class=\"\"><div class=\"sya_postcontent\"><span class=\"sya_date\">05.12. <span class=\"sya_sep\">- <\/span><\/span><a href=\"https:\/\/erasmusplus.al\/?p=1945\" class=\"sya_postlink post-1945\" rel=\"bookmark\">Field Monitoring Visit for the Erasmus+ ICM projects at University of Gjirokastra<\/a> <span class=\"sya_categories\"><span class=\"sya_bracket\">(<\/span>Activities<span class=\"sya_bracket\">)<\/span><\/span><\/div><\/li><li class=\"\"><div class=\"sya_postcontent\"><span class=\"sya_date\">30.11. <span class=\"sya_sep\">- <\/span><\/span><a href=\"https:\/\/erasmusplus.al\/?p=1980&lang=sq\" class=\"sya_postlink post-1980\" rel=\"bookmark\">Zhvillohet dita rajonale informative p\u00ebr Erasmus + n\u00eb universitetin \u201cAlkesand\u00ebr Xhuvani\u201d t\u00eb Elbasnit, m\u00eb 30 N\u00ebntor 2016.<\/a> <span class=\"sya_categories\"><span class=\"sya_bracket\">(<\/span>Aktivitete<span class=\"sya_bracket\">)<\/span><\/span><\/div><\/li><li class=\"\"><div class=\"sya_postcontent\"><span class=\"sya_date\">30.11. <span class=\"sya_sep\">- <\/span><\/span><a href=\"https:\/\/erasmusplus.al\/?p=1967\" class=\"sya_postlink post-1967\" rel=\"bookmark\">Regional Info Day at the University \u201cAleksand\u00ebr Xhuvani\u201d of Elbasan, held on November 30th, 2016.<\/a> <span class=\"sya_categories\"><span class=\"sya_bracket\">(<\/span>Activities<span class=\"sya_bracket\">)<\/span><\/span><\/div><\/li><li class=\"\"><div class=\"sya_postcontent\"><span class=\"sya_date\">30.11. <span class=\"sya_sep\">- <\/span><\/span><a href=\"https:\/\/erasmusplus.al\/?p=1965&lang=sq\" class=\"sya_postlink post-1965\" rel=\"bookmark\">Zhvillohet vizita monitoruese p\u00ebr Projektet ICM t\u00eb Universitetit t\u00eb Elbasanit<\/a> <span class=\"sya_categories\"><span class=\"sya_bracket\">(<\/span>Aktivitete<span class=\"sya_bracket\">)<\/span><\/span><\/div><\/li><li class=\"\"><div class=\"sya_postcontent\"><span class=\"sya_date\">30.11. <span class=\"sya_sep\">- <\/span><\/span><a href=\"https:\/\/erasmusplus.al\/?p=1956\" class=\"sya_postlink post-1956\" rel=\"bookmark\">Field Monitoring Visit for the Erasmus+ ICM projects at University of Elbasan.<\/a> <span class=\"sya_categories\"><span class=\"sya_bracket\">(<\/span>Activities<span class=\"sya_bracket\">)<\/span><\/span><\/div><\/li><li class=\"\"><div class=\"sya_postcontent\"><span class=\"sya_date\">22.11. <span class=\"sya_sep\">- <\/span><\/span><a href=\"https:\/\/erasmusplus.al\/?p=1988&lang=sq\" class=\"sya_postlink post-1988\" rel=\"bookmark\">Zhvillohet vizita monitoruese p\u00ebr Projektin Tempus CHTMBAL.<\/a> <span class=\"sya_categories\"><span class=\"sya_bracket\">(<\/span>Aktivitete<span class=\"sya_bracket\">)<\/span><\/span><\/div><\/li><li class=\"\"><div class=\"sya_postcontent\"><span class=\"sya_date\">22.11. <span class=\"sya_sep\">- <\/span><\/span><a href=\"https:\/\/erasmusplus.al\/?p=1982\" class=\"sya_postlink post-1982\" rel=\"bookmark\">Field Monitoring Visit for the Tempus Project \u201cNetwork for Post Graduate Masters in Cultural Heritage and Tourism Management  in Balkan Countries &#8211; CHTMBAL\u201d.<\/a> <span class=\"sya_categories\"><span class=\"sya_bracket\">(<\/span>Activities<span class=\"sya_bracket\">)<\/span><\/span><\/div><\/li><li class=\"\"><div class=\"sya_postcontent\"><span class=\"sya_date\">22.11. <span class=\"sya_sep\">- <\/span><\/span><a href=\"https:\/\/erasmusplus.al\/?p=2001&lang=sq\" class=\"sya_postlink post-2001\" rel=\"bookmark\">Zhvillohet dita rajonale informative p\u00ebr Erasmus + n\u00eb universitetin \u201cLuigj Gurakuqi\u201d t\u00eb Shkodr\u00ebs, m\u00eb 22 N\u00ebntor 2016.<\/a> <span class=\"sya_categories\"><span class=\"sya_bracket\">(<\/span>Aktivitete<span class=\"sya_bracket\">)<\/span><\/span><\/div><\/li><li class=\"\"><div class=\"sya_postcontent\"><span class=\"sya_date\">22.11. <span class=\"sya_sep\">- <\/span><\/span><a href=\"https:\/\/erasmusplus.al\/?p=1993\" class=\"sya_postlink post-1993\" rel=\"bookmark\">Regional Info Day at the University \u201cLuigj Gurakuqi\u201d of Shkodra, held on November 22nd, 2016.<\/a> <span class=\"sya_categories\"><span class=\"sya_bracket\">(<\/span>Activities<span class=\"sya_bracket\">)<\/span><\/span><\/div><\/li><li class=\"\"><div class=\"sya_postcontent\"><span class=\"sya_date\">22.11. <span class=\"sya_sep\">- <\/span><\/span><a href=\"https:\/\/erasmusplus.al\/?p=2011&lang=sq\" class=\"sya_postlink post-2011\" rel=\"bookmark\">Zhvillohet vizita monitoruese p\u00ebr Projektet ICM t\u00eb Universitetit t\u00eb Shkodr\u00ebs.<\/a> <span class=\"sya_categories\"><span class=\"sya_bracket\">(<\/span>Aktivitete<span class=\"sya_bracket\">)<\/span><\/span><\/div><\/li><li class=\"\"><div class=\"sya_postcontent\"><span class=\"sya_date\">22.11. <span class=\"sya_sep\">- <\/span><\/span><a href=\"https:\/\/erasmusplus.al\/?p=2003\" class=\"sya_postlink post-2003\" rel=\"bookmark\">Field Monitoring Visit for the Erasmus+ ICM projects at University of Shkodra<\/a> <span class=\"sya_categories\"><span class=\"sya_bracket\">(<\/span>Activities<span class=\"sya_bracket\">)<\/span><\/span><\/div><\/li><li class=\"\"><div class=\"sya_postcontent\"><span class=\"sya_date\">07.11. <span class=\"sya_sep\">- <\/span><\/span><a href=\"https:\/\/erasmusplus.al\/?p=1648&lang=sq\" class=\"sya_postlink post-1648\" rel=\"bookmark\">Zhvillohet Seminari Komb\u00ebtar HERE mbi \u201cKorniz\u00ebn shqiptare t\u00eb kualifikimeve\u201d.<\/a> <span class=\"sya_categories\"><span class=\"sya_bracket\">(<\/span>HERE Aktivitete<span class=\"sya_bracket\">)<\/span><\/span><\/div><\/li><li class=\"\"><div class=\"sya_postcontent\"><span class=\"sya_date\">07.11. <span class=\"sya_sep\">- <\/span><\/span><a href=\"https:\/\/erasmusplus.al\/?p=1625\" class=\"sya_postlink post-1625\" rel=\"bookmark\">The National HERE Seminar on \u201cAlbanian Qualification Framework\u201d held on November 7th, 2016.<\/a> <span class=\"sya_categories\"><span class=\"sya_bracket\">(<\/span>HERE Activities<span class=\"sya_bracket\">)<\/span><\/span><\/div><\/li><li class=\"\"><div class=\"sya_postcontent\"><span class=\"sya_date\">01.11. <span class=\"sya_sep\">- <\/span><\/span><a href=\"https:\/\/erasmusplus.al\/?p=1278\" class=\"sya_postlink post-1278\" rel=\"bookmark\">Invitation to the National HERE Seminar on \u201cAlbanian Qualification Framework\u201d on November 7th, 2016<\/a> <span class=\"sya_categories\"><span class=\"sya_bracket\">(<\/span>News<span class=\"sya_bracket\">)<\/span><\/span><\/div><\/li><li class=\"\"><div class=\"sya_postcontent\"><span class=\"sya_date\">27.10. <span class=\"sya_sep\">- <\/span><\/span><a href=\"https:\/\/erasmusplus.al\/?p=2034&lang=sq\" class=\"sya_postlink post-2034\" rel=\"bookmark\">Zhvillohet trajnimi \u201cSi t\u00eb p\u00ebrgatisim nj\u00eb projekt-propozim t\u00eb suksesh\u00ebm n\u00eb Erasmus+\u201d m\u00eb 27 Tetor, 2016.<\/a> <span class=\"sya_categories\"><span class=\"sya_bracket\">(<\/span>Aktivitete<span class=\"sya_bracket\">)<\/span><\/span><\/div><\/li><li class=\"\"><div class=\"sya_postcontent\"><span class=\"sya_date\">27.10. <span class=\"sya_sep\">- <\/span><\/span><a href=\"https:\/\/erasmusplus.al\/?p=2013\" class=\"sya_postlink post-2013\" rel=\"bookmark\">\u201cTraining on how to prepare a successful application in Capacity Building in Higher Education\u201d held on October 27th, 2016.<\/a> <span class=\"sya_categories\"><span class=\"sya_bracket\">(<\/span>Activities<span class=\"sya_bracket\">)<\/span><\/span><\/div><\/li><li class=\"\"><div class=\"sya_postcontent\"><span class=\"sya_date\">26.10. <span class=\"sya_sep\">- <\/span><\/span><a href=\"https:\/\/erasmusplus.al\/?p=2059&lang=sq\" class=\"sya_postlink post-2059\" rel=\"bookmark\">Zhvillohet \u201cDita Komb\u00ebtare Informuese n\u00eb Erasmus+\u201d m\u00eb 26 Tetor, 2016.<\/a> <span class=\"sya_categories\"><span class=\"sya_bracket\">(<\/span>Aktivitete<span class=\"sya_bracket\">)<\/span><\/span><\/div><\/li><li class=\"\"><div class=\"sya_postcontent\"><span class=\"sya_date\">26.10. <span class=\"sya_sep\">- <\/span><\/span><a href=\"https:\/\/erasmusplus.al\/?p=2036\" class=\"sya_postlink post-2036\" rel=\"bookmark\">\u201cErasmus + National Information Day\u201d held on October 26th, 2016.<\/a> <span class=\"sya_categories\"><span class=\"sya_bracket\">(<\/span>Activities<span class=\"sya_bracket\">)<\/span><\/span><\/div><\/li><li class=\"\"><div class=\"sya_postcontent\"><span class=\"sya_date\">25.10. <span class=\"sya_sep\">- <\/span><\/span><a href=\"https:\/\/erasmusplus.al\/?p=2094&lang=sq\" class=\"sya_postlink post-2094\" rel=\"bookmark\">Zhvillohet vizita e monitorimit institucional tek Universiteti  Bujq\u00ebsor i Tiran\u00ebs<\/a> <span class=\"sya_categories\"><span class=\"sya_bracket\">(<\/span>Aktivitete<span class=\"sya_bracket\">)<\/span><\/span><\/div><\/li><li class=\"\"><div class=\"sya_postcontent\"><span class=\"sya_date\">25.10. <span class=\"sya_sep\">- <\/span><\/span><a href=\"https:\/\/erasmusplus.al\/?p=2084\" class=\"sya_postlink post-2084\" rel=\"bookmark\">Institutional Monitoring Visit held at the Agricultural University of Tirana<\/a> <span class=\"sya_categories\"><span class=\"sya_bracket\">(<\/span>Activities<span class=\"sya_bracket\">)<\/span><\/span><\/div><\/li><li class=\"\"><div class=\"sya_postcontent\"><span class=\"sya_date\">24.10. <span class=\"sya_sep\">- <\/span><\/span><a href=\"https:\/\/erasmusplus.al\/?p=2082&lang=sq\" class=\"sya_postlink post-2082\" rel=\"bookmark\">Zhvillohen takimet e Znj Anila Troshani, nga Agjencia Ekzekutive e Komisionit Evropian me institucionet partnere n\u00eb Shqip\u00ebri.<\/a> <span class=\"sya_categories\"><span class=\"sya_bracket\">(<\/span>Aktivitete<span class=\"sya_bracket\">)<\/span><\/span><\/div><\/li><li class=\"\"><div class=\"sya_postcontent\"><span class=\"sya_date\">24.10. <span class=\"sya_sep\">- <\/span><\/span><a href=\"https:\/\/erasmusplus.al\/?p=2069\" class=\"sya_postlink post-2069\" rel=\"bookmark\">Ms. Anila Troshani from the Executive Agency of the European Commission meets with partner institutions in Albania<\/a> <span class=\"sya_categories\"><span class=\"sya_bracket\">(<\/span>Activities<span class=\"sya_bracket\">)<\/span><\/span><\/div><\/li><li class=\"\"><div class=\"sya_postcontent\"><span class=\"sya_date\">20.10. <span class=\"sya_sep\">- <\/span><\/span><a href=\"https:\/\/erasmusplus.al\/?p=1290\" class=\"sya_postlink post-1290\" rel=\"bookmark\">Invitation to the \u201cErasmus + National Information Day\u201d event<\/a> <span class=\"sya_categories\"><span class=\"sya_bracket\">(<\/span>News<span class=\"sya_bracket\">)<\/span><\/span><\/div><\/li><li class=\"\"><div class=\"sya_postcontent\"><span class=\"sya_date\">06.10. <span class=\"sya_sep\">- <\/span><\/span><a href=\"https:\/\/erasmusplus.al\/?p=2104&lang=sq\" class=\"sya_postlink post-2104\" rel=\"bookmark\">Zhvillohet dita rajonale informative p\u00ebr Erasmus + n\u00eb universitetin \u201cFan Noli\u201d t\u00eb Kor\u00e7\u00ebs, m\u00eb 6 Tetor 2016.<\/a> <span class=\"sya_categories\"><span class=\"sya_bracket\">(<\/span>Aktivitete<span class=\"sya_bracket\">)<\/span><\/span><\/div><\/li><li class=\"\"><div class=\"sya_postcontent\"><span class=\"sya_date\">06.10. <span class=\"sya_sep\">- <\/span><\/span><a href=\"https:\/\/erasmusplus.al\/?p=2096\" class=\"sya_postlink post-2096\" rel=\"bookmark\">Regional Info Day at the University \u201cFan Noli\u201d of Kor\u00e7a, held on October 6th, 2016<\/a> <span class=\"sya_categories\"><span class=\"sya_bracket\">(<\/span>Activities<span class=\"sya_bracket\">)<\/span><\/span><\/div><\/li><li class=\"\"><div class=\"sya_postcontent\"><span class=\"sya_date\">05.10. <span class=\"sya_sep\">- <\/span><\/span><a href=\"https:\/\/erasmusplus.al\/?p=2121&lang=sq\" class=\"sya_postlink post-2121\" rel=\"bookmark\">Zhvillohet vizita monitoruese p\u00ebr Projektet ICM t\u00eb Universitetit t\u00eb Kor\u00e7\u00ebs.<\/a> <span class=\"sya_categories\"><span class=\"sya_bracket\">(<\/span>Aktivitete<span class=\"sya_bracket\">)<\/span><\/span><\/div><\/li><li class=\"\"><div class=\"sya_postcontent\"><span class=\"sya_date\">05.10. <span class=\"sya_sep\">- <\/span><\/span><a href=\"https:\/\/erasmusplus.al\/?p=2116\" class=\"sya_postlink post-2116\" rel=\"bookmark\">Field Monitoring Visit for the Erasmus+ ICM projects at University of Kor\u00e7a.<\/a> <span class=\"sya_categories\"><span class=\"sya_bracket\">(<\/span>Activities<span class=\"sya_bracket\">)<\/span><\/span><\/div><\/li><li class=\"\"><div class=\"sya_postcontent\"><span class=\"sya_date\">05.10. <span class=\"sya_sep\">- <\/span><\/span><a href=\"https:\/\/erasmusplus.al\/?p=2114&lang=sq\" class=\"sya_postlink post-2114\" rel=\"bookmark\">Zhvillohet vizita monitoruese p\u00ebr Projektin Tempus ENCHASE.<\/a> <span class=\"sya_categories\"><span class=\"sya_bracket\">(<\/span>Aktivitete<span class=\"sya_bracket\">)<\/span><\/span><\/div><\/li><li class=\"\"><div class=\"sya_postcontent\"><span class=\"sya_date\">05.10. <span class=\"sya_sep\">- <\/span><\/span><a href=\"https:\/\/erasmusplus.al\/?p=2106\" class=\"sya_postlink post-2106\" rel=\"bookmark\">Field Monitoring Visit for the Tempus Project \u201cEnhancing Albanian System Of Quality Assurance In Higher Education: Application Of The Process-and Outcome-Based Methodology &#8211; ENCHASE\u201d.<\/a> <span class=\"sya_categories\"><span class=\"sya_bracket\">(<\/span>Activities<span class=\"sya_bracket\">)<\/span><\/span><\/div><\/li><li class=\"\"><div class=\"sya_postcontent\"><span class=\"sya_date\">26.09. <span class=\"sya_sep\">- <\/span><\/span><a href=\"https:\/\/erasmusplus.al\/?p=2129&lang=sq\" class=\"sya_postlink post-2129\" rel=\"bookmark\">Zhvillohet vizita monitoruese p\u00ebr Projektet ICM t\u00eb Universitetit t\u00eb Tiran\u00ebs.<\/a> <span class=\"sya_categories\"><span class=\"sya_bracket\">(<\/span>Aktivitete<span class=\"sya_bracket\">)<\/span><\/span><\/div><\/li><li class=\"\"><div class=\"sya_postcontent\"><span class=\"sya_date\">26.09. <span class=\"sya_sep\">- <\/span><\/span><a href=\"https:\/\/erasmusplus.al\/?p=2123\" class=\"sya_postlink post-2123\" rel=\"bookmark\">Field Monitoring Visit for the Erasmus+ ICM projects at University of Tirana.<\/a> <span class=\"sya_categories\"><span class=\"sya_bracket\">(<\/span>Activities<span class=\"sya_bracket\">)<\/span><\/span><\/div><\/li><li class=\"\"><div class=\"sya_postcontent\"><span class=\"sya_date\">22.09. <span class=\"sya_sep\">- <\/span><\/span><a href=\"https:\/\/erasmusplus.al\/?p=1674&lang=sq\" class=\"sya_postlink post-1674\" rel=\"bookmark\">The HERE workshop on \u201cInnovation and information technology as a mean for improving and developing teaching methods\u201d<\/a> <span class=\"sya_categories\"><span class=\"sya_bracket\">(<\/span>HERE Aktivitete<span class=\"sya_bracket\">)<\/span><\/span><\/div><\/li><li class=\"\"><div class=\"sya_postcontent\"><span class=\"sya_date\">22.09. <span class=\"sya_sep\">- <\/span><\/span><a href=\"https:\/\/erasmusplus.al\/?p=1650\" class=\"sya_postlink post-1650\" rel=\"bookmark\">The HERE workshop on \u201cInnovation and information technology as a mean for improving and developing teaching methods\u201d<\/a> <span class=\"sya_categories\"><span class=\"sya_bracket\">(<\/span>HERE Activities<span class=\"sya_bracket\">)<\/span><\/span><\/div><\/li><li class=\"\"><div class=\"sya_postcontent\"><span class=\"sya_date\">23.07. <span class=\"sya_sep\">- <\/span><\/span><a href=\"https:\/\/erasmusplus.al\/?p=1296\" class=\"sya_postlink post-1296\" rel=\"bookmark\">Recommendations of the Round Table on \u2018How to boost the participation of Albanian Higher Education Institution in Erasmus + and Horizon 2020 are published.<\/a> <span class=\"sya_categories\"><span class=\"sya_bracket\">(<\/span>News<span class=\"sya_bracket\">)<\/span><\/span><\/div><\/li><li class=\"\"><div class=\"sya_postcontent\"><span class=\"sya_date\">20.07. <span class=\"sya_sep\">- <\/span><\/span><a href=\"https:\/\/erasmusplus.al\/?p=2146\" class=\"sya_postlink post-2146\" rel=\"bookmark\">The pre-departure ceremony for the Joint Masters Degree students held on July 20th, 2016.<\/a> <span class=\"sya_categories\"><span class=\"sya_bracket\">(<\/span>Activities<span class=\"sya_bracket\">)<\/span><\/span><\/div><\/li><li class=\"\"><div class=\"sya_postcontent\"><span class=\"sya_date\">14.07. <span class=\"sya_sep\">- <\/span><\/span><a href=\"https:\/\/erasmusplus.al\/?p=2143&lang=sq\" class=\"sya_postlink post-2143\" rel=\"bookmark\">Zhvillohet vizita monitoruese p\u00ebr Projektin Erasmus+ \u201cRe@WBC\u201d.<\/a> <span class=\"sya_categories\"><span class=\"sya_bracket\">(<\/span>Aktivitete<span class=\"sya_bracket\">)<\/span><\/span><\/div><\/li><li class=\"\"><div class=\"sya_postcontent\"><span class=\"sya_date\">14.07. <span class=\"sya_sep\">- <\/span><\/span><a href=\"https:\/\/erasmusplus.al\/?p=2132\" class=\"sya_postlink post-2132\" rel=\"bookmark\">Field Monitoring Visit for the Erasmus+ CBHE project \u201cRe@WBC\u201d.<\/a> <span class=\"sya_categories\"><span class=\"sya_bracket\">(<\/span>Activities<span class=\"sya_bracket\">)<\/span><\/span><\/div><\/li><li class=\"\"><div class=\"sya_postcontent\"><span class=\"sya_date\">07.07. <span class=\"sya_sep\">- <\/span><\/span><a href=\"https:\/\/erasmusplus.al\/?p=2167&lang=sq\" class=\"sya_postlink post-2167\" rel=\"bookmark\">Zhvillohet dita rajonale informative p\u00ebr Erasmus + n\u00eb universitetin \u201cIsmail Qemali\u201d t\u00eb Vlor\u00ebs, m\u00eb 7 Korrik 2016.<\/a> <span class=\"sya_categories\"><span class=\"sya_bracket\">(<\/span>Aktivitete<span class=\"sya_bracket\">)<\/span><\/span><\/div><\/li><li class=\"\"><div class=\"sya_postcontent\"><span class=\"sya_date\">07.07. <span class=\"sya_sep\">- <\/span><\/span><a href=\"https:\/\/erasmusplus.al\/?p=2157\" class=\"sya_postlink post-2157\" rel=\"bookmark\">Regional Info Day at the University \u201cIsmail Qemali\u201d of Vlora, held on July 7th, 2016.<\/a> <span class=\"sya_categories\"><span class=\"sya_bracket\">(<\/span>Activities<span class=\"sya_bracket\">)<\/span><\/span><\/div><\/li><li class=\"\"><div class=\"sya_postcontent\"><span class=\"sya_date\">28.06. <span class=\"sya_sep\">- <\/span><\/span><a href=\"https:\/\/erasmusplus.al\/?p=1299\" class=\"sya_postlink post-1299\" rel=\"bookmark\">Second round call in ERASMUS + KA1 \u201cInternational Credit Mobilities\u201d.<\/a> <span class=\"sya_categories\"><span class=\"sya_bracket\">(<\/span>News<span class=\"sya_bracket\">)<\/span><\/span><\/div><\/li><li class=\"\"><div class=\"sya_postcontent\"><span class=\"sya_date\">26.05. <span class=\"sya_sep\">- <\/span><\/span><a href=\"https:\/\/erasmusplus.al\/?p=1302\" class=\"sya_postlink post-1302\" rel=\"bookmark\">Round Table on \u2018How to boost the participation of Albanian Higher Education Institution in Erasmus + and Horizon 2020.<\/a> <span class=\"sya_categories\"><span class=\"sya_bracket\">(<\/span>News<span class=\"sya_bracket\">)<\/span><\/span><\/div><\/li><li class=\"\"><div class=\"sya_postcontent\"><span class=\"sya_date\">26.05. <span class=\"sya_sep\">- <\/span><\/span><a href=\"https:\/\/erasmusplus.al\/?p=2187&lang=sq\" class=\"sya_postlink post-2187\" rel=\"bookmark\">Zhvillohet tryeza e rrumbullak\u00ebt me tem\u00eb \u201cSi t\u00eb nxisim pjes\u00ebmarrjen e IAL-ve shqiptare n\u00eb programet Erasmus+ dhe Horizon 2020\u201d<\/a> <span class=\"sya_categories\"><span class=\"sya_bracket\">(<\/span>Aktivitete<span class=\"sya_bracket\">)<\/span><\/span><\/div><\/li><li class=\"\"><div class=\"sya_postcontent\"><span class=\"sya_date\">26.05. <span class=\"sya_sep\">- <\/span><\/span><a href=\"https:\/\/erasmusplus.al\/?p=2169\" class=\"sya_postlink post-2169\" rel=\"bookmark\">Round Table on \u2018How to boost the participation of Albanian Higher Education Institution in Erasmus + and Horizon 2020<\/a> <span class=\"sya_categories\"><span class=\"sya_bracket\">(<\/span>Activities<span class=\"sya_bracket\">)<\/span><\/span><\/div><\/li><li class=\"\"><div class=\"sya_postcontent\"><span class=\"sya_date\">25.05. <span class=\"sya_sep\">- <\/span><\/span><a href=\"https:\/\/erasmusplus.al\/?p=2203&lang=sq\" class=\"sya_postlink post-2203\" rel=\"bookmark\">Zhvillohet vizita monitoruese p\u00ebr Projektin Erasmus+ \u201cSh\u00ebrbimet Mb\u00ebshtet\u00ebse p\u00ebr Rretin e Librarive\u201d.<\/a> <span class=\"sya_categories\"><span class=\"sya_bracket\">(<\/span>Aktivitete<span class=\"sya_bracket\">)<\/span><\/span><\/div><\/li><li class=\"\"><div class=\"sya_postcontent\"><span class=\"sya_date\">25.05. <span class=\"sya_sep\">- <\/span><\/span><a href=\"https:\/\/erasmusplus.al\/?p=1364\" class=\"sya_postlink post-1364\" rel=\"bookmark\">Field Monitoring Visit for Tempus Project \u201cEmpowering Universities to fulfil their Responsibility for Quality Assurance- EUREQA\u201d<\/a> <span class=\"sya_categories\"><span class=\"sya_bracket\">(<\/span>Activities, News<span class=\"sya_bracket\">)<\/span><\/span><\/div><\/li><li class=\"\"><div class=\"sya_postcontent\"><span class=\"sya_date\">25.05. <span class=\"sya_sep\">- <\/span><\/span><a href=\"https:\/\/erasmusplus.al\/?p=1355\" class=\"sya_postlink post-1355\" rel=\"bookmark\">Field Monitoring Visit for the Erasmus + CBHE project \u201cLibrary Network Support Services\u201d<\/a> <span class=\"sya_categories\"><span class=\"sya_bracket\">(<\/span>Activities, News<span class=\"sya_bracket\">)<\/span><\/span><\/div><\/li><li class=\"\"><div class=\"sya_postcontent\"><span class=\"sya_date\">24.05. <span class=\"sya_sep\">- <\/span><\/span><a href=\"https:\/\/erasmusplus.al\/?p=2201&lang=sq\" class=\"sya_postlink post-2201\" rel=\"bookmark\">Zhvillohet vizita monitoruese p\u00ebr Projektin Tempus \u201cFuqizimi i universiteteve p\u00ebr t\u00eb p\u00ebrmbushur p\u00ebrgjegj\u00ebsit\u00eb e veta p\u00ebr sigurimin e cil\u00ebsis\u00eb \u2013 EUREQA\u201d.<\/a> <span class=\"sya_categories\"><span class=\"sya_bracket\">(<\/span>Aktivitete, Njoftime<span class=\"sya_bracket\">)<\/span><\/span><\/div><\/li><li class=\"\"><div class=\"sya_postcontent\"><span class=\"sya_date\">24.05. <span class=\"sya_sep\">- <\/span><\/span><a href=\"https:\/\/erasmusplus.al\/?p=2198&lang=sq\" class=\"sya_postlink post-2198\" rel=\"bookmark\">Zhvillohet \u201cTakimi informues mbi Programin Erasmus+ m\u00eb 24 Maj, 2016<\/a> <span class=\"sya_categories\"><span class=\"sya_bracket\">(<\/span>Aktivitete<span class=\"sya_bracket\">)<\/span><\/span><\/div><\/li><li class=\"\"><div class=\"sya_postcontent\"><span class=\"sya_date\">24.05. <span class=\"sya_sep\">- <\/span><\/span><a href=\"https:\/\/erasmusplus.al\/?p=2189\" class=\"sya_postlink post-2189\" rel=\"bookmark\">\u201cInformation meeting on Erasmus +\u201d held on May 24th, 2016<\/a> <span class=\"sya_categories\"><span class=\"sya_bracket\">(<\/span>Activities<span class=\"sya_bracket\">)<\/span><\/span><\/div><\/li><li class=\"\"><div class=\"sya_postcontent\"><span class=\"sya_date\">24.05. <span class=\"sya_sep\">- <\/span><\/span><a href=\"https:\/\/erasmusplus.al\/?p=1371\" class=\"sya_postlink post-1371\" rel=\"bookmark\">\u201cInformation meeting on Erasmus +\u201d held on May 24th, 2016<\/a> <span class=\"sya_categories\"><span class=\"sya_bracket\">(<\/span>News<span class=\"sya_bracket\">)<\/span><\/span><\/div><\/li><li class=\"\"><div class=\"sya_postcontent\"><span class=\"sya_date\">18.05. <span class=\"sya_sep\">- <\/span><\/span><a href=\"https:\/\/erasmusplus.al\/?p=1380\" class=\"sya_postlink post-1380\" rel=\"bookmark\">Invitation to the \u201cInformation meeting on Erasmus +\u201d on May 24th, 2016<\/a> <span class=\"sya_categories\"><span class=\"sya_bracket\">(<\/span>News<span class=\"sya_bracket\">)<\/span><\/span><\/div><\/li><li class=\"\"><div class=\"sya_postcontent\"><span class=\"sya_date\">13.05. <span class=\"sya_sep\">- <\/span><\/span><a href=\"https:\/\/erasmusplus.al\/?p=2212&lang=sq\" class=\"sya_postlink post-2212\" rel=\"bookmark\">Zhvillohet vizita monitoruese p\u00ebr Projektin Tempus DEREL.<\/a> <span class=\"sya_categories\"><span class=\"sya_bracket\">(<\/span>Aktivitete<span class=\"sya_bracket\">)<\/span><\/span><\/div><\/li><li class=\"\"><div class=\"sya_postcontent\"><span class=\"sya_date\">13.05. <span class=\"sya_sep\">- <\/span><\/span><a href=\"https:\/\/erasmusplus.al\/?p=2205\" class=\"sya_postlink post-2205\" rel=\"bookmark\">Field Monitoring Visit for the Tempus Project \u201cDevelopment of Environmental and Resource Engineering Learning (DEREL)\u201d<\/a> <span class=\"sya_categories\"><span class=\"sya_bracket\">(<\/span>Activities<span class=\"sya_bracket\">)<\/span><\/span><\/div><\/li><li class=\"\"><div class=\"sya_postcontent\"><span class=\"sya_date\">02.05. <span class=\"sya_sep\">- <\/span><\/span><a href=\"https:\/\/erasmusplus.al\/?p=1382\" class=\"sya_postlink post-1382\" rel=\"bookmark\">Invitation to the forum: \u201cErasmus + in Strengthening Skills for Albanian Professionals\u201d, on May 12th, 2016<\/a> <span class=\"sya_categories\"><span class=\"sya_bracket\">(<\/span>News<span class=\"sya_bracket\">)<\/span><\/span><\/div><\/li><li class=\"\"><div class=\"sya_postcontent\"><span class=\"sya_date\">14.04. <span class=\"sya_sep\">- <\/span><\/span><a href=\"https:\/\/erasmusplus.al\/?p=2230&lang=sq\" class=\"sya_postlink post-2230\" rel=\"bookmark\">Zhvillohet vizita monitoruese p\u00ebr Projektin Tempus \u201cCil\u00ebsia n\u00eb k\u00ebrkim \u2013 QiR\u201d.<\/a> <span class=\"sya_categories\"><span class=\"sya_bracket\">(<\/span>Aktivitete<span class=\"sya_bracket\">)<\/span><\/span><\/div><\/li><li class=\"\"><div class=\"sya_postcontent\"><span class=\"sya_date\">14.04. <span class=\"sya_sep\">- <\/span><\/span><a href=\"https:\/\/erasmusplus.al\/?p=2221&lang=sq\" class=\"sya_postlink post-2221\" rel=\"bookmark\">Zhvillohet vizita monitoruese p\u00ebr Projektin Tempus \u201cINTERFACE\u201d.<\/a> <span class=\"sya_categories\"><span class=\"sya_bracket\">(<\/span>Aktivitete<span class=\"sya_bracket\">)<\/span><\/span><\/div><\/li><li class=\"\"><div class=\"sya_postcontent\"><span class=\"sya_date\">14.04. <span class=\"sya_sep\">- <\/span><\/span><a href=\"https:\/\/erasmusplus.al\/?p=2214\" class=\"sya_postlink post-2214\" rel=\"bookmark\">Field Monitoring Visit for the Tempus project \u201cINTERFACE\u201d<\/a> <span class=\"sya_categories\"><span class=\"sya_bracket\">(<\/span>Activities<span class=\"sya_bracket\">)<\/span><\/span><\/div><\/li><li class=\"\"><div class=\"sya_postcontent\"><span class=\"sya_date\">13.04. <span class=\"sya_sep\">- <\/span><\/span><a href=\"https:\/\/erasmusplus.al\/?p=2223\" class=\"sya_postlink post-2223\" rel=\"bookmark\">Field Monitoring Visit for the Tempus project \u201cQuality in Research \u2013 QiR\u201d<\/a> <span class=\"sya_categories\"><span class=\"sya_bracket\">(<\/span>Activities<span class=\"sya_bracket\">)<\/span><\/span><\/div><\/li><li class=\"\"><div class=\"sya_postcontent\"><span class=\"sya_date\">09.03. <span class=\"sya_sep\">- <\/span><\/span><a href=\"https:\/\/erasmusplus.al\/?p=2239&lang=sq\" class=\"sya_postlink post-2239\" rel=\"bookmark\">Zhvillohet vizita monitoruese p\u00ebr Projektin Tempus \u201cDOCSMES\u201d.<\/a> <span class=\"sya_categories\"><span class=\"sya_bracket\">(<\/span>Aktivitete<span class=\"sya_bracket\">)<\/span><\/span><\/div><\/li><li class=\"\"><div class=\"sya_postcontent\"><span class=\"sya_date\">09.03. <span class=\"sya_sep\">- <\/span><\/span><a href=\"https:\/\/erasmusplus.al\/?p=2232\" class=\"sya_postlink post-2232\" rel=\"bookmark\">Field Monitoring Visit for the Tempus project \u201cRegional Joint Doctoral Programme in Entrepreneurship and SME Management for Western Balkan Countries- DOCSMES\u201d.<\/a> <span class=\"sya_categories\"><span class=\"sya_bracket\">(<\/span>Activities<span class=\"sya_bracket\">)<\/span><\/span><\/div><\/li><li class=\"\"><div class=\"sya_postcontent\"><span class=\"sya_date\">02.03. <span class=\"sya_sep\">- <\/span><\/span><a href=\"https:\/\/erasmusplus.al\/?p=2251&lang=sq\" class=\"sya_postlink post-2251\" rel=\"bookmark\">Vizita Monitoruese p\u00ebr Projektin Erasmus + CBHE \u201cMb\u00ebshtetja strategjike p\u00ebr forcimin e strukturave t\u00eb sigurimit t\u00eb cil\u00ebsis\u00eb n\u00eb institucionet e arsimit t\u00eb lart\u00eb privat n\u00eb Shqip\u00ebri\u201d<\/a> <span class=\"sya_categories\"><span class=\"sya_bracket\">(<\/span>Aktivitete<span class=\"sya_bracket\">)<\/span><\/span><\/div><\/li><li class=\"\"><div class=\"sya_postcontent\"><span class=\"sya_date\">02.03. <span class=\"sya_sep\">- <\/span><\/span><a href=\"https:\/\/erasmusplus.al\/?p=2241\" class=\"sya_postlink post-2241\" rel=\"bookmark\">Field Monitoring Visit for the Erasmus + CBHE project \u201cStrategic support on strengthening the quality assurance structures at the private higher education institutions in Albania\u201d.<\/a> <span class=\"sya_categories\"><span class=\"sya_bracket\">(<\/span>Activities<span class=\"sya_bracket\">)<\/span><\/span><\/div><\/li><li class=\"\"><div class=\"sya_postcontent\"><span class=\"sya_date\">23.02. <span class=\"sya_sep\">- <\/span><\/span><a href=\"https:\/\/erasmusplus.al\/?p=1385\" class=\"sya_postlink post-1385\" rel=\"bookmark\">European Voluntary Service celebrates 20 years!<\/a> <span class=\"sya_categories\"><span class=\"sya_bracket\">(<\/span>News<span class=\"sya_bracket\">)<\/span><\/span><\/div><\/li><li class=\"\"><div class=\"sya_postcontent\"><span class=\"sya_date\">30.01. <span class=\"sya_sep\">- <\/span><\/span><a href=\"https:\/\/erasmusplus.al\/?p=2277&lang=sq\" class=\"sya_postlink post-2277\" rel=\"bookmark\">Dit\u00ebt rajonale informative p\u00ebr Erasmus +<\/a> <span class=\"sya_categories\"><span class=\"sya_bracket\">(<\/span>Aktivitete, Njoftime<span class=\"sya_bracket\">)<\/span><\/span><\/div><\/li><li class=\"\"><div class=\"sya_postcontent\"><span class=\"sya_date\">30.01. <span class=\"sya_sep\">- <\/span><\/span><a href=\"https:\/\/erasmusplus.al\/?p=1387\" class=\"sya_postlink post-1387\" rel=\"bookmark\">Erasmus + Regional Information Days<\/a> <span class=\"sya_categories\"><span class=\"sya_bracket\">(<\/span>Activities, News<span class=\"sya_bracket\">)<\/span><\/span><\/div><\/li><li class=\"\"><div class=\"sya_postcontent\"><span class=\"sya_date\">07.01. <span class=\"sya_sep\">- <\/span><\/span><a href=\"https:\/\/erasmusplus.al\/?p=2290&lang=sq\" class=\"sya_postlink post-2290\" rel=\"bookmark\">Field Monitoring Visit for the Tempus project \u201cModernizing and harmonizing maritime education in Montenegro and Albania- MArED\u201d.<\/a> <span class=\"sya_categories\"><span class=\"sya_bracket\">(<\/span>Aktivitete<span class=\"sya_bracket\">)<\/span><\/span><\/div><\/li><li class=\"\"><div class=\"sya_postcontent\"><span class=\"sya_date\">07.01. <span class=\"sya_sep\">- <\/span><\/span><a href=\"https:\/\/erasmusplus.al\/?p=2280\" class=\"sya_postlink post-2280\" rel=\"bookmark\">Field Monitoring Visit for the Tempus project \u201cModernizing and harmonizing maritime education in Montenegro and Albania- MArED\u201d<\/a> <span class=\"sya_categories\"><span class=\"sya_bracket\">(<\/span>Activities<span class=\"sya_bracket\">)<\/span><\/span><\/div><\/li><\/ul><\/div><div class=\"sya_container\" id=\"sya_container\"><p class=\"sya_yearslist\" id=\"sya_yearslist\"><a href=\"#year2015\">2015<\/a><\/p><h2><a id=\"year2015\"><\/a><a href=\"https:\/\/erasmusplus.al\/?m=2015\" rel=\"section\">2015<\/a> <span class=\"sya_yearcount\"><span class=\"sya_bracket\">(<\/span>39<span class=\"sya_bracket\">)<\/span><\/span><\/h2><ul><li class=\"\"><div class=\"sya_postcontent\"><span class=\"sya_date\">11.12. <span class=\"sya_sep\">- <\/span><\/span><a href=\"https:\/\/erasmusplus.al\/?p=1436\" class=\"sya_postlink post-1436\" rel=\"bookmark\">Higher Education Institutions in Erasmus + International Credit Mobility projects.<\/a> <span class=\"sya_categories\"><span class=\"sya_bracket\">(<\/span>News<span class=\"sya_bracket\">)<\/span><\/span><\/div><\/li><li class=\"\"><div class=\"sya_postcontent\"><span class=\"sya_date\">20.11. <span class=\"sya_sep\">- <\/span><\/span><a href=\"https:\/\/erasmusplus.al\/?p=2302&lang=sq\" class=\"sya_postlink post-2302\" rel=\"bookmark\">Seminari komb\u00ebtar mbi \u201cFinancimin e institucioneve t\u00eb arsimit t\u00eb lart\u00eb n\u00eb kuad\u00ebr t\u00eb ligjit t\u00eb ri t\u00eb t\u00eb arsimit t\u00eb lart\u00eb\u201d<\/a> <span class=\"sya_categories\"><span class=\"sya_bracket\">(<\/span>Aktivitete<span class=\"sya_bracket\">)<\/span><\/span><\/div><\/li><li class=\"\"><div class=\"sya_postcontent\"><span class=\"sya_date\">20.11. <span class=\"sya_sep\">- <\/span><\/span><a href=\"https:\/\/erasmusplus.al\/?p=2292\" class=\"sya_postlink post-2292\" rel=\"bookmark\">National Seminar on \u2018Financing Higher Education Institutions in the framework of the new Law of Higher Education\u201d<\/a> <span class=\"sya_categories\"><span class=\"sya_bracket\">(<\/span>Activities<span class=\"sya_bracket\">)<\/span><\/span><\/div><\/li><li class=\"\"><div class=\"sya_postcontent\"><span class=\"sya_date\">19.11. <span class=\"sya_sep\">- <\/span><\/span><a href=\"https:\/\/erasmusplus.al\/?p=1441\" class=\"sya_postlink post-1441\" rel=\"bookmark\">National Seminar on \u2018Financing Higher Education Institutions in the framework of the new Law of Higher Education\u201d<\/a> <span class=\"sya_categories\"><span class=\"sya_bracket\">(<\/span>News<span class=\"sya_bracket\">)<\/span><\/span><\/div><\/li><li class=\"\"><div class=\"sya_postcontent\"><span class=\"sya_date\">12.11. <span class=\"sya_sep\">- <\/span><\/span><a href=\"https:\/\/erasmusplus.al\/?p=1453\" class=\"sya_postlink post-1453\" rel=\"bookmark\">Erasmus + National Info Day\u201d held on November 11th, 2015<\/a> <span class=\"sya_categories\"><span class=\"sya_bracket\">(<\/span>News<span class=\"sya_bracket\">)<\/span><\/span><\/div><\/li><li class=\"\"><div class=\"sya_postcontent\"><span class=\"sya_date\">12.11. <span class=\"sya_sep\">- <\/span><\/span><a href=\"https:\/\/erasmusplus.al\/?p=2320&lang=sq\" class=\"sya_postlink post-2320\" rel=\"bookmark\">Zhvillohet vizita monitoruese p\u00ebr Projektin Tempus RINGIDEA.<\/a> <span class=\"sya_categories\"><span class=\"sya_bracket\">(<\/span>Aktivitete<span class=\"sya_bracket\">)<\/span><\/span><\/div><\/li><li class=\"\"><div class=\"sya_postcontent\"><span class=\"sya_date\">12.11. <span class=\"sya_sep\">- <\/span><\/span><a href=\"https:\/\/erasmusplus.al\/?p=2315\" class=\"sya_postlink post-2315\" rel=\"bookmark\">Developing information literacy for lifelong learning and knowledge economy in Western Balkan countries \u2013 RINGIDEA\u201d<\/a> <span class=\"sya_categories\"><span class=\"sya_bracket\">(<\/span>Activities<span class=\"sya_bracket\">)<\/span><\/span><\/div><\/li><li class=\"\"><div class=\"sya_postcontent\"><span class=\"sya_date\">12.11. <span class=\"sya_sep\">- <\/span><\/span><a href=\"https:\/\/erasmusplus.al\/?p=2313&lang=sq\" class=\"sya_postlink post-2313\" rel=\"bookmark\">Zhvillohet vizita monitoruese p\u00ebr Projektin Tempus ENCHASE.<\/a> <span class=\"sya_categories\"><span class=\"sya_bracket\">(<\/span>Aktivitete<span class=\"sya_bracket\">)<\/span><\/span><\/div><\/li><li class=\"\"><div class=\"sya_postcontent\"><span class=\"sya_date\">12.11. <span class=\"sya_sep\">- <\/span><\/span><a href=\"https:\/\/erasmusplus.al\/?p=2304\" class=\"sya_postlink post-2304\" rel=\"bookmark\">Field Monitoring Visit for the Tempus Project \u201cEnhancing Albanian System Of Quality Assurance In Higher Education: Application Of The Process-and Outcome-Based Methodology \u2013 ENCHASE\u201d<\/a> <span class=\"sya_categories\"><span class=\"sya_bracket\">(<\/span>Activities<span class=\"sya_bracket\">)<\/span><\/span><\/div><\/li><li class=\"\"><div class=\"sya_postcontent\"><span class=\"sya_date\">31.10. <span class=\"sya_sep\">- <\/span><\/span><a href=\"https:\/\/erasmusplus.al\/?p=1492\" class=\"sya_postlink post-1492\" rel=\"bookmark\">Invitation to Erasmus+ \u201cNational Information Day\u201d, on November 11th, 2015!<\/a> <span class=\"sya_categories\"><span class=\"sya_bracket\">(<\/span>News<span class=\"sya_bracket\">)<\/span><\/span><\/div><\/li><li class=\"\"><div class=\"sya_postcontent\"><span class=\"sya_date\">21.10. <span class=\"sya_sep\">- <\/span><\/span><a href=\"https:\/\/erasmusplus.al\/?p=2330&lang=sq\" class=\"sya_postlink post-2330\" rel=\"bookmark\">Zhvillohet vizita monitoruese p\u00ebr Projektin Tempus ConSus.<\/a> <span class=\"sya_categories\"><span class=\"sya_bracket\">(<\/span>Aktivitete<span class=\"sya_bracket\">)<\/span><\/span><\/div><\/li><li class=\"\"><div class=\"sya_postcontent\"><span class=\"sya_date\">21.10. <span class=\"sya_sep\">- <\/span><\/span><a href=\"https:\/\/erasmusplus.al\/?p=2322\" class=\"sya_postlink post-2322\" rel=\"bookmark\">Field Monitoring Visit for the Tempus Project \u201cConnecting Science-Society Collaborations for Sustainability Innovations \u2013 ConSus\u201d<\/a> <span class=\"sya_categories\"><span class=\"sya_bracket\">(<\/span>Activities<span class=\"sya_bracket\">)<\/span><\/span><\/div><\/li><li class=\"\"><div class=\"sya_postcontent\"><span class=\"sya_date\">28.09. <span class=\"sya_sep\">- <\/span><\/span><a href=\"https:\/\/erasmusplus.al\/?p=2339&lang=sq\" class=\"sya_postlink post-2339\" rel=\"bookmark\">Zhvillohet vizita monitoruese p\u00ebr Projektin Tempus CCNURCA.<\/a> <span class=\"sya_categories\"><span class=\"sya_bracket\">(<\/span>Aktivitete<span class=\"sya_bracket\">)<\/span><\/span><\/div><\/li><li class=\"\"><div class=\"sya_postcontent\"><span class=\"sya_date\">28.09. <span class=\"sya_sep\">- <\/span><\/span><a href=\"https:\/\/erasmusplus.al\/?p=2332\" class=\"sya_postlink post-2332\" rel=\"bookmark\">Field Monitoring Visit for the Tempus Project \u201cCompetency Based Curriculum Reform in Nursing and Caring in Western Balkan Universities \u2013 CCNURCA\u201d<\/a> <span class=\"sya_categories\"><span class=\"sya_bracket\">(<\/span>Activities<span class=\"sya_bracket\">)<\/span><\/span><\/div><\/li><li class=\"\"><div class=\"sya_postcontent\"><span class=\"sya_date\">29.06. <span class=\"sya_sep\">- <\/span><\/span><a href=\"https:\/\/erasmusplus.al\/?p=2347&lang=sq\" class=\"sya_postlink post-2347\" rel=\"bookmark\">Zhvillohet vizita monitoruese p\u00ebr Projektin Tempus RESI<\/a> <span class=\"sya_categories\"><span class=\"sya_bracket\">(<\/span>Aktivitete<span class=\"sya_bracket\">)<\/span><\/span><\/div><\/li><li class=\"\"><div class=\"sya_postcontent\"><span class=\"sya_date\">29.06. <span class=\"sya_sep\">- <\/span><\/span><a href=\"https:\/\/erasmusplus.al\/?p=2341\" class=\"sya_postlink post-2341\" rel=\"bookmark\">Field Monitoring Visit for the Tempus Project \u201cRenewable Energy Studies in Western Balkan Countries \u2013RESI\u201d<\/a> <span class=\"sya_categories\"><span class=\"sya_bracket\">(<\/span>Activities<span class=\"sya_bracket\">)<\/span><\/span><\/div><\/li><li class=\"\"><div class=\"sya_postcontent\"><span class=\"sya_date\">24.06. <span class=\"sya_sep\">- <\/span><\/span><a href=\"https:\/\/erasmusplus.al\/?p=1497\" class=\"sya_postlink post-1497\" rel=\"bookmark\">Erasmus + National Seminar on \u2018Raising capacities of Albanian universities for internal governance<\/a> <span class=\"sya_categories\"><span class=\"sya_bracket\">(<\/span>News<span class=\"sya_bracket\">)<\/span><\/span><\/div><\/li><li class=\"\"><div class=\"sya_postcontent\"><span class=\"sya_date\">19.06. <span class=\"sya_sep\">- <\/span><\/span><a href=\"https:\/\/erasmusplus.al\/?p=2356&lang=sq\" class=\"sya_postlink post-2356\" rel=\"bookmark\">Zhvillohet vizita monitoruese p\u00ebr Projektin Tempus U3M \u2013 AL<\/a> <span class=\"sya_categories\"><span class=\"sya_bracket\">(<\/span>Aktivitete<span class=\"sya_bracket\">)<\/span><\/span><\/div><\/li><li class=\"\"><div class=\"sya_postcontent\"><span class=\"sya_date\">19.06. <span class=\"sya_sep\">- <\/span><\/span><a href=\"https:\/\/erasmusplus.al\/?p=2349\" class=\"sya_postlink post-2349\" rel=\"bookmark\">Field Monitoring Visit for the Tempus Project \u201cDeveloping Third Mission activities in Albanian Universities (U3M \u2013 AL)\u201d.<\/a> <span class=\"sya_categories\"><span class=\"sya_bracket\">(<\/span>Activities<span class=\"sya_bracket\">)<\/span><\/span><\/div><\/li><li class=\"\"><div class=\"sya_postcontent\"><span class=\"sya_date\">16.06. <span class=\"sya_sep\">- <\/span><\/span><a href=\"https:\/\/erasmusplus.al\/?p=2375&lang=sq\" class=\"sya_postlink post-2375\" rel=\"bookmark\">Zhvillohet Seminari Komb\u00ebtar Erasmus+ \u201cOrganizimi i brendsh\u00ebm i universiteteve dhe rritja e kapaciteteve p\u00ebr qeverisjen\u201d<\/a> <span class=\"sya_categories\"><span class=\"sya_bracket\">(<\/span>Aktivitete<span class=\"sya_bracket\">)<\/span><\/span><\/div><\/li><li class=\"\"><div class=\"sya_postcontent\"><span class=\"sya_date\">16.06. <span class=\"sya_sep\">- <\/span><\/span><a href=\"https:\/\/erasmusplus.al\/?p=2358\" class=\"sya_postlink post-2358\" rel=\"bookmark\">Erasmus + National Seminar on \u2018Raising capacities of Albanian universities for internal governance<\/a> <span class=\"sya_categories\"><span class=\"sya_bracket\">(<\/span>Activities<span class=\"sya_bracket\">)<\/span><\/span><\/div><\/li><li class=\"\"><div class=\"sya_postcontent\"><span class=\"sya_date\">08.06. <span class=\"sya_sep\">- <\/span><\/span><a href=\"https:\/\/erasmusplus.al\/?p=1516&lang=sq\" class=\"sya_postlink post-1516\" rel=\"bookmark\">AGJENCIA KOMB\u00cbTARE E ARSIMIT, FORMIMIT PROFESIONAL DHE KUALIFIKIMEVE<\/a> <span class=\"sya_categories\"><span class=\"sya_bracket\">(<\/span>Njoftime<span class=\"sya_bracket\">)<\/span><\/span><\/div><\/li><li class=\"\"><div class=\"sya_postcontent\"><span class=\"sya_date\">08.06. <span class=\"sya_sep\">- <\/span><\/span><a href=\"https:\/\/erasmusplus.al\/?p=1514\" class=\"sya_postlink post-1514\" rel=\"bookmark\">AGJENCIA KOMB\u00cbTARE E ARSIMIT, FORMIMIT PROFESIONAL DHE KUALIFIKIMEVE<\/a> <span class=\"sya_categories\"><span class=\"sya_bracket\">(<\/span>News<span class=\"sya_bracket\">)<\/span><\/span><\/div><\/li><li class=\"\"><div class=\"sya_postcontent\"><span class=\"sya_date\">05.06. <span class=\"sya_sep\">- <\/span><\/span><a href=\"https:\/\/erasmusplus.al\/?p=1521&lang=sq\" class=\"sya_postlink post-1521\" rel=\"bookmark\">Erasmus + National Seminar on \u2018Raising capacities of Albanian universities for internal governance\u201d.<\/a> <span class=\"sya_categories\"><span class=\"sya_bracket\">(<\/span>Njoftime<span class=\"sya_bracket\">)<\/span><\/span><\/div><\/li><li class=\"\"><div class=\"sya_postcontent\"><span class=\"sya_date\">05.06. <span class=\"sya_sep\">- <\/span><\/span><a href=\"https:\/\/erasmusplus.al\/?p=1518\" class=\"sya_postlink post-1518\" rel=\"bookmark\">Erasmus + National Seminar on \u2018Raising capacities of Albanian universities for internal governance\u201d<\/a> <span class=\"sya_categories\"><span class=\"sya_bracket\">(<\/span>News<span class=\"sya_bracket\">)<\/span><\/span><\/div><\/li><li class=\"\"><div class=\"sya_postcontent\"><span class=\"sya_date\">27.05. <span class=\"sya_sep\">- <\/span><\/span><a href=\"https:\/\/erasmusplus.al\/?p=1525&lang=sq\" class=\"sya_postlink post-1525\" rel=\"bookmark\">MUND\u00cbSIT\u00cb P\u00cbR STUDENT\u00cbT DHE STAFET N\u00cb ERASMUS +<\/a> <span class=\"sya_categories\"><span class=\"sya_bracket\">(<\/span>Njoftime<span class=\"sya_bracket\">)<\/span><\/span><\/div><\/li><li class=\"\"><div class=\"sya_postcontent\"><span class=\"sya_date\">27.05. <span class=\"sya_sep\">- <\/span><\/span><a href=\"https:\/\/erasmusplus.al\/?p=1523\" class=\"sya_postlink post-1523\" rel=\"bookmark\">ERASMUS+ OPPORTUNITIES FOR STUDENT AND STAFF<\/a> <span class=\"sya_categories\"><span class=\"sya_bracket\">(<\/span>News<span class=\"sya_bracket\">)<\/span><\/span><\/div><\/li><li class=\"\"><div class=\"sya_postcontent\"><span class=\"sya_date\">25.05. <span class=\"sya_sep\">- <\/span><\/span><a href=\"https:\/\/erasmusplus.al\/?p=2382&lang=sq\" class=\"sya_postlink post-2382\" rel=\"bookmark\">Zhvillohet vizita monitoruese p\u00ebr Projektin Tempus RICUM<\/a> <span class=\"sya_categories\"><span class=\"sya_bracket\">(<\/span>Aktivitete<span class=\"sya_bracket\">)<\/span><\/span><\/div><\/li><li class=\"\"><div class=\"sya_postcontent\"><span class=\"sya_date\">25.05. <span class=\"sya_sep\">- <\/span><\/span><a href=\"https:\/\/erasmusplus.al\/?p=2377\" class=\"sya_postlink post-2377\" rel=\"bookmark\">Field Monitoring Visit for the Tempus Project \u201cInnovation and Implementation of the Curriculum Vocational Studies in the Field of Digital Television and Multimedia \u2013 RICUM\u201d<\/a> <span class=\"sya_categories\"><span class=\"sya_bracket\">(<\/span>Activities<span class=\"sya_bracket\">)<\/span><\/span><\/div><\/li><li class=\"\"><div class=\"sya_postcontent\"><span class=\"sya_date\">11.05. <span class=\"sya_sep\">- <\/span><\/span><a href=\"https:\/\/erasmusplus.al\/?p=1531&lang=sq\" class=\"sya_postlink post-1531\" rel=\"bookmark\">MUND\u00cbSI E DYT\u00cb P\u00cbR SHK\u00cbMBIME N\u00cb ERASMUS +<\/a> <span class=\"sya_categories\"><span class=\"sya_bracket\">(<\/span>Njoftime<span class=\"sya_bracket\">)<\/span><\/span><\/div><\/li><li class=\"\"><div class=\"sya_postcontent\"><span class=\"sya_date\">11.05. <span class=\"sya_sep\">- <\/span><\/span><a href=\"https:\/\/erasmusplus.al\/?p=1529\" class=\"sya_postlink post-1529\" rel=\"bookmark\">Second round call in ERASMUS + KA1 \u201cInternational Credit Mobilities\u201d.<\/a> <span class=\"sya_categories\"><span class=\"sya_bracket\">(<\/span>News<span class=\"sya_bracket\">)<\/span><\/span><\/div><\/li><li class=\"\"><div class=\"sya_postcontent\"><span class=\"sya_date\">27.04. <span class=\"sya_sep\">- <\/span><\/span><a href=\"https:\/\/erasmusplus.al\/?p=2394&lang=sq\" class=\"sya_postlink post-2394\" rel=\"bookmark\">Vizita Monitoruese p\u00ebr Projektin Tempus \u201cVendosja e t\u00eb drejtave t\u00eb njeriut n\u00eb zem\u00ebr t\u00eb arsimit t\u00eb lart\u00eb (Heart)\u201d<\/a> <span class=\"sya_categories\"><span class=\"sya_bracket\">(<\/span>Aktivitete<span class=\"sya_bracket\">)<\/span><\/span><\/div><\/li><li class=\"\"><div class=\"sya_postcontent\"><span class=\"sya_date\">27.04. <span class=\"sya_sep\">- <\/span><\/span><a href=\"https:\/\/erasmusplus.al\/?p=2384\" class=\"sya_postlink post-2384\" rel=\"bookmark\">Field Monitoring Visit for the Tempus Project \u201cHigher Education Action for Rights Teaching \u2013 HEART\u201d<\/a> <span class=\"sya_categories\"><span class=\"sya_bracket\">(<\/span>Activities<span class=\"sya_bracket\">)<\/span><\/span><\/div><\/li><li class=\"\"><div class=\"sya_postcontent\"><span class=\"sya_date\">30.03. <span class=\"sya_sep\">- <\/span><\/span><a href=\"https:\/\/erasmusplus.al\/?p=2404&lang=sq\" class=\"sya_postlink post-2404\" rel=\"bookmark\">Vizita Monitoruese p\u00ebr Projektin Tempus \u201cProfesionet sportive \u2013 edukimi, pun\u00ebsimi, zhvillimi n\u00eb rajonin e Ballkanit- SPEED\u201d<\/a> <span class=\"sya_categories\"><span class=\"sya_bracket\">(<\/span>Aktivitete<span class=\"sya_bracket\">)<\/span><\/span><\/div><\/li><li class=\"\"><div class=\"sya_postcontent\"><span class=\"sya_date\">30.03. <span class=\"sya_sep\">- <\/span><\/span><a href=\"https:\/\/erasmusplus.al\/?p=2396\" class=\"sya_postlink post-2396\" rel=\"bookmark\">Field Monitoring Visit for the Tempus Project \u201cSport Professions \u2013 Education, Employment, Development in the Balkan Region- SPEED\u201d<\/a> <span class=\"sya_categories\"><span class=\"sya_bracket\">(<\/span>Activities<span class=\"sya_bracket\">)<\/span><\/span><\/div><\/li><li class=\"\"><div class=\"sya_postcontent\"><span class=\"sya_date\">28.01. <span class=\"sya_sep\">- <\/span><\/span><a href=\"https:\/\/erasmusplus.al\/?p=1536&lang=sq\" class=\"sya_postlink post-1536\" rel=\"bookmark\">Aplikoni per shk\u00ebmbime afatshkurtra n\u00eb Erasmus Mundus.<\/a> <span class=\"sya_categories\"><span class=\"sya_bracket\">(<\/span>Njoftime<span class=\"sya_bracket\">)<\/span><\/span><\/div><\/li><li class=\"\"><div class=\"sya_postcontent\"><span class=\"sya_date\">28.01. <span class=\"sya_sep\">- <\/span><\/span><a href=\"https:\/\/erasmusplus.al\/?p=1534\" class=\"sya_postlink post-1534\" rel=\"bookmark\">Aplikoni per shk\u00ebmbime afatshkurtra n\u00eb Erasmus Mundus<\/a> <span class=\"sya_categories\"><span class=\"sya_bracket\">(<\/span>News<span class=\"sya_bracket\">)<\/span><\/span><\/div><\/li><li class=\"\"><div class=\"sya_postcontent\"><span class=\"sya_date\">06.01. <span class=\"sya_sep\">- <\/span><\/span><a href=\"https:\/\/erasmusplus.al\/?p=1540&lang=sq\" class=\"sya_postlink post-1540\" rel=\"bookmark\">Si plot\u00ebsohet formulari i aplikimit p\u00ebr projektet e Capacity Building<\/a> <span class=\"sya_categories\"><span class=\"sya_bracket\">(<\/span>Njoftime<span class=\"sya_bracket\">)<\/span><\/span><\/div><\/li><li class=\"\"><div class=\"sya_postcontent\"><span class=\"sya_date\">06.01. <span class=\"sya_sep\">- <\/span><\/span><a href=\"https:\/\/erasmusplus.al\/?p=1538\" class=\"sya_postlink post-1538\" rel=\"bookmark\">How to complete the Application Package in Capacity Building<\/a> <span class=\"sya_categories\"><span class=\"sya_bracket\">(<\/span>News<span class=\"sya_bracket\">)<\/span><\/span><\/div><\/li><\/ul><\/div><div class=\"sya_container\" id=\"sya_container\"><p class=\"sya_yearslist\" id=\"sya_yearslist\"><a href=\"#year2014\">2014<\/a><\/p><h2><a id=\"year2014\"><\/a><a href=\"https:\/\/erasmusplus.al\/?m=2014\" rel=\"section\">2014<\/a> <span class=\"sya_yearcount\"><span class=\"sya_bracket\">(<\/span>20<span class=\"sya_bracket\">)<\/span><\/span><\/h2><ul><li class=\"\"><div class=\"sya_postcontent\"><span class=\"sya_date\">22.12. <span class=\"sya_sep\">- <\/span><\/span><a href=\"https:\/\/erasmusplus.al\/?p=2439&lang=sq\" class=\"sya_postlink post-2439\" rel=\"bookmark\">7 (Seven) Regional Information Days<\/a> <span class=\"sya_categories\"><span class=\"sya_bracket\">(<\/span>Aktivitete<span class=\"sya_bracket\">)<\/span><\/span><\/div><\/li><li class=\"\"><div class=\"sya_postcontent\"><span class=\"sya_date\">22.12. <span class=\"sya_sep\">- <\/span><\/span><a href=\"https:\/\/erasmusplus.al\/?p=2406\" class=\"sya_postlink post-2406\" rel=\"bookmark\">7 (Seven) Regional Information Days<\/a> <span class=\"sya_categories\"><span class=\"sya_bracket\">(<\/span>Activities<span class=\"sya_bracket\">)<\/span><\/span><\/div><\/li><li class=\"\"><div class=\"sya_postcontent\"><span class=\"sya_date\">19.11. <span class=\"sya_sep\">- <\/span><\/span><a href=\"https:\/\/erasmusplus.al\/?p=2460&lang=sq\" class=\"sya_postlink post-2460\" rel=\"bookmark\">HERE National Workshop in Shkodra Univiersity on 19-th of November 2014<\/a> <span class=\"sya_categories\"><span class=\"sya_bracket\">(<\/span>Aktivitete, HERE Aktivitete<span class=\"sya_bracket\">)<\/span><\/span><\/div><\/li><li class=\"\"><div class=\"sya_postcontent\"><span class=\"sya_date\">19.11. <span class=\"sya_sep\">- <\/span><\/span><a href=\"https:\/\/erasmusplus.al\/?p=2442\" class=\"sya_postlink post-2442\" rel=\"bookmark\">HERE National Workshop in Shkodra Univiersity<\/a> <span class=\"sya_categories\"><span class=\"sya_bracket\">(<\/span>Activities, HERE Activities<span class=\"sya_bracket\">)<\/span><\/span><\/div><\/li><li class=\"\"><div class=\"sya_postcontent\"><span class=\"sya_date\">12.11. <span class=\"sya_sep\">- <\/span><\/span><a href=\"https:\/\/erasmusplus.al\/?p=1544&lang=sq\" class=\"sya_postlink post-1544\" rel=\"bookmark\">Kalendari i dit\u00ebve informuese per Erasmus+<\/a> <span class=\"sya_categories\"><span class=\"sya_bracket\">(<\/span>Njoftime<span class=\"sya_bracket\">)<\/span><\/span><\/div><\/li><li class=\"\"><div class=\"sya_postcontent\"><span class=\"sya_date\">12.11. <span class=\"sya_sep\">- <\/span><\/span><a href=\"https:\/\/erasmusplus.al\/?p=1542\" class=\"sya_postlink post-1542\" rel=\"bookmark\">Calendar of info days in Albania<\/a> <span class=\"sya_categories\"><span class=\"sya_bracket\">(<\/span>News<span class=\"sya_bracket\">)<\/span><\/span><\/div><\/li><li class=\"\"><div class=\"sya_postcontent\"><span class=\"sya_date\">07.11. <span class=\"sya_sep\">- <\/span><\/span><a href=\"https:\/\/erasmusplus.al\/?p=2475&lang=sq\" class=\"sya_postlink post-2475\" rel=\"bookmark\">National Info Day Erasmus+ (7-th of November 2014)<\/a> <span class=\"sya_categories\"><span class=\"sya_bracket\">(<\/span>Aktivitete<span class=\"sya_bracket\">)<\/span><\/span><\/div><\/li><li class=\"\"><div class=\"sya_postcontent\"><span class=\"sya_date\">07.11. <span class=\"sya_sep\">- <\/span><\/span><a href=\"https:\/\/erasmusplus.al\/?p=2462\" class=\"sya_postlink post-2462\" rel=\"bookmark\">National Info Day Erasmus+ (7-th of November 2014)<\/a> <span class=\"sya_categories\"><span class=\"sya_bracket\">(<\/span>Activities<span class=\"sya_bracket\">)<\/span><\/span><\/div><\/li><li class=\"\"><div class=\"sya_postcontent\"><span class=\"sya_date\">04.11. <span class=\"sya_sep\">- <\/span><\/span><a href=\"https:\/\/erasmusplus.al\/?p=1546\" class=\"sya_postlink post-1546\" rel=\"bookmark\">Invitation to Erasmus+ National Info Day: the 7-th of November<\/a> <span class=\"sya_categories\"><span class=\"sya_bracket\">(<\/span>News<span class=\"sya_bracket\">)<\/span><\/span><\/div><\/li><li class=\"\"><div class=\"sya_postcontent\"><span class=\"sya_date\">27.10. <span class=\"sya_sep\">- <\/span><\/span><a href=\"https:\/\/erasmusplus.al\/?p=2494&lang=sq\" class=\"sya_postlink post-2494\" rel=\"bookmark\">Info day \u201cLet\u2019s talk about Erasmus+\u201d (27-th of October 2014)<\/a> <span class=\"sya_categories\"><span class=\"sya_bracket\">(<\/span>Aktivitete<span class=\"sya_bracket\">)<\/span><\/span><\/div><\/li><li class=\"\"><div class=\"sya_postcontent\"><span class=\"sya_date\">27.10. <span class=\"sya_sep\">- <\/span><\/span><a href=\"https:\/\/erasmusplus.al\/?p=2479\" class=\"sya_postlink post-2479\" rel=\"bookmark\">Info day \u201cLet\u2019s talk about Erasmus+\u201d (27-th of October 2014)<\/a> <span class=\"sya_categories\"><span class=\"sya_bracket\">(<\/span>Activities<span class=\"sya_bracket\">)<\/span><\/span><\/div><\/li><li class=\"\"><div class=\"sya_postcontent\"><span class=\"sya_date\">24.10. <span class=\"sya_sep\">- <\/span><\/span><a href=\"https:\/\/erasmusplus.al\/?p=2506&lang=sq\" class=\"sya_postlink post-2506\" rel=\"bookmark\">\u201cErasmus+ coffee\u201d at EU Info center (24-th of October 2014)<\/a> <span class=\"sya_categories\"><span class=\"sya_bracket\">(<\/span>Aktivitete<span class=\"sya_bracket\">)<\/span><\/span><\/div><\/li><li class=\"\"><div class=\"sya_postcontent\"><span class=\"sya_date\">24.10. <span class=\"sya_sep\">- <\/span><\/span><a href=\"https:\/\/erasmusplus.al\/?p=2496\" class=\"sya_postlink post-2496\" rel=\"bookmark\">\u201cErasmus+ coffee\u201d at EU Info center<\/a> <span class=\"sya_categories\"><span class=\"sya_bracket\">(<\/span>Activities<span class=\"sya_bracket\">)<\/span><\/span><\/div><\/li><li class=\"\"><div class=\"sya_postcontent\"><span class=\"sya_date\">23.10. <span class=\"sya_sep\">- <\/span><\/span><a href=\"https:\/\/erasmusplus.al\/?p=1549\" class=\"sya_postlink post-1549\" rel=\"bookmark\">Invitation to \u201cLet\u2019s talk about Erasmus+\u201d meeting<\/a> <span class=\"sya_categories\"><span class=\"sya_bracket\">(<\/span>News<span class=\"sya_bracket\">)<\/span><\/span><\/div><\/li><li class=\"\"><div class=\"sya_postcontent\"><span class=\"sya_date\">22.10. <span class=\"sya_sep\">- <\/span><\/span><a href=\"https:\/\/erasmusplus.al\/?p=1553\" class=\"sya_postlink post-1553\" rel=\"bookmark\">Invitation to \u201cErasmus+ coffee\u201d at EU Info Center<\/a> <span class=\"sya_categories\"><span class=\"sya_bracket\">(<\/span>News<span class=\"sya_bracket\">)<\/span><\/span><\/div><\/li><li class=\"\"><div class=\"sya_postcontent\"><span class=\"sya_date\">22.10. <span class=\"sya_sep\">- <\/span><\/span><a href=\"https:\/\/erasmusplus.al\/?p=1551\" class=\"sya_postlink post-1551\" rel=\"bookmark\">Job vacancy in Erasmus+ Office Albania<\/a> <span class=\"sya_categories\"><span class=\"sya_bracket\">(<\/span>News<span class=\"sya_bracket\">)<\/span><\/span><\/div><\/li><li class=\"\"><div class=\"sya_postcontent\"><span class=\"sya_date\">18.08. <span class=\"sya_sep\">- <\/span><\/span><a href=\"https:\/\/erasmusplus.al\/?p=1555\" class=\"sya_postlink post-1555\" rel=\"bookmark\">HERE\u2019s activity report 2013<\/a> <span class=\"sya_categories\"><span class=\"sya_bracket\">(<\/span>News<span class=\"sya_bracket\">)<\/span><\/span><\/div><\/li><li class=\"\"><div class=\"sya_postcontent\"><span class=\"sya_date\">19.06. <span class=\"sya_sep\">- <\/span><\/span><a href=\"https:\/\/erasmusplus.al\/?p=1558\" class=\"sya_postlink post-1558\" rel=\"bookmark\">Albania signs the agreement for Erasmus+<\/a> <span class=\"sya_categories\"><span class=\"sya_bracket\">(<\/span>News<span class=\"sya_bracket\">)<\/span><\/span><\/div><\/li><li class=\"\"><div class=\"sya_postcontent\"><span class=\"sya_date\">29.05. <span class=\"sya_sep\">- <\/span><\/span><a href=\"https:\/\/erasmusplus.al\/?p=1564\" class=\"sya_postlink post-1564\" rel=\"bookmark\">Njoftim<\/a> <span class=\"sya_categories\"><span class=\"sya_bracket\">(<\/span>News<span class=\"sya_bracket\">)<\/span><\/span><\/div><\/li><li class=\"\"><div class=\"sya_postcontent\"><span class=\"sya_date\">17.04. <span class=\"sya_sep\">- <\/span><\/span><a href=\"https:\/\/erasmusplus.al\/?p=1566\" class=\"sya_postlink post-1566\" rel=\"bookmark\">Njoftim<\/a> <span class=\"sya_categories\"><span class=\"sya_bracket\">(<\/span>News<span class=\"sya_bracket\">)<\/span><\/span><\/div><\/li><\/ul><\/div><div class=\"sya_container\" id=\"sya_container\"><p class=\"sya_yearslist\" id=\"sya_yearslist\"><a href=\"#year2013\">2013<\/a><\/p><h2><a id=\"year2013\"><\/a><a href=\"https:\/\/erasmusplus.al\/?m=2013\" rel=\"section\">2013<\/a> <span class=\"sya_yearcount\"><span class=\"sya_bracket\">(<\/span>2<span class=\"sya_bracket\">)<\/span><\/span><\/h2><ul><li class=\"\"><div class=\"sya_postcontent\"><span class=\"sya_date\">01.12. <span class=\"sya_sep\">- <\/span><\/span><a href=\"https:\/\/erasmusplus.al\/?p=2510&lang=sq\" class=\"sya_postlink post-2510\" rel=\"bookmark\">2001 \u2013 2013 Activities<\/a> <span class=\"sya_categories\"><span class=\"sya_bracket\">(<\/span>Aktivitete<span class=\"sya_bracket\">)<\/span><\/span><\/div><\/li><li class=\"\"><div class=\"sya_postcontent\"><span class=\"sya_date\">01.12. <span class=\"sya_sep\">- <\/span><\/span><a href=\"https:\/\/erasmusplus.al\/?p=2508\" class=\"sya_postlink post-2508\" rel=\"bookmark\">2001 \u2013 2013 Activities<\/a> <span class=\"sya_categories\"><span class=\"sya_bracket\">(<\/span>Activities<span class=\"sya_bracket\">)<\/span><\/span><\/div><\/li><\/ul><\/div><\/p>\n","protected":false},"author":2,"featured_media":0,"parent":0,"menu_order":0,"comment_status":"closed","ping_status":"closed","template":"","meta":{"_acf_changed":false,"_et_pb_use_builder":"on","_et_pb_old_content":"","_et_gb_content_width":"","footnotes":""},"class_list":["post-7200","page","type-page","status-publish","hentry"],"acf":[],"_links":{"self":[{"href":"https:\/\/erasmusplus.al\/index.php?rest_route=\/wp\/v2\/pages\/7200","targetHints":{"allow":["GET"]}}],"collection":[{"href":"https:\/\/erasmusplus.al\/index.php?rest_route=\/wp\/v2\/pages"}],"about":[{"href":"https:\/\/erasmusplus.al\/index.php?rest_route=\/wp\/v2\/types\/page"}],"author":[{"embeddable":true,"href":"https:\/\/erasmusplus.al\/index.php?rest_route=\/wp\/v2\/users\/2"}],"replies":[{"embeddable":true,"href":"https:\/\/erasmusplus.al\/index.php?rest_route=%2Fwp%2Fv2%2Fcomments&post=7200"}],"version-history":[{"count":5,"href":"https:\/\/erasmusplus.al\/index.php?rest_route=\/wp\/v2\/pages\/7200\/revisions"}],"predecessor-version":[{"id":8151,"href":"https:\/\/erasmusplus.al\/index.php?rest_route=\/wp\/v2\/pages\/7200\/revisions\/8151"}],"wp:attachment":[{"href":"https:\/\/erasmusplus.al\/index.php?rest_route=%2Fwp%2Fv2%2Fmedia&parent=7200"}],"curies":[{"name":"wp","href":"https:\/\/api.w.org\/{rel}","templated":true}]}}