{"id":7823,"date":"2021-12-22T19:01:06","date_gmt":"2021-12-22T19:01:06","guid":{"rendered":"https:\/\/erasmusplus.al\/?page_id=7823"},"modified":"2025-02-27T19:50:42","modified_gmt":"2025-02-27T19:50:42","slug":"aktivitetet-e-neo-ve","status":"publish","type":"page","link":"https:\/\/erasmusplus.al\/?page_id=7823","title":{"rendered":"Aktivitetet e NEO-ve"},"content":{"rendered":"<p>[et_pb_section fb_built=&#8221;1&#8243; admin_label=&#8221;Section&#8221; _builder_version=&#8221;4.22.2&#8243; _module_preset=&#8221;default&#8221; top_divider_style=&#8221;slant2&#8243; top_divider_color=&#8221;#0C71C3&#8243; bottom_divider_style=&#8221;slant2&#8243; bottom_divider_color=&#8221;#0C71C3&#8243; collapsed=&#8221;off&#8221; global_colors_info=&#8221;{}&#8221;][et_pb_row _builder_version=&#8221;4.16&#8243; _module_preset=&#8221;default&#8221; global_colors_info=&#8221;{}&#8221;][et_pb_column type=&#8221;4_4&#8243; _builder_version=&#8221;4.16&#8243; _module_preset=&#8221;default&#8221; global_colors_info=&#8221;{}&#8221;][et_pb_text _builder_version=&#8221;4.16&#8243; _module_preset=&#8221;default&#8221; text_font=&#8221;Adamina|700|||||||&#8221; text_text_color=&#8221;#0C71C3&#8243; text_font_size=&#8221;18px&#8221; header_3_font=&#8221;Adamina||||||||&#8221; header_4_font=&#8221;Adamina|700|||||||&#8221; header_4_text_color=&#8221;#0C71C3&#8243; positioning=&#8221;relative&#8221; horizontal_offset=&#8221;255px&#8221; width=&#8221;100%&#8221; animation_style=&#8221;zoom&#8221; animation_direction=&#8221;left&#8221; animation_duration=&#8221;1150ms&#8221; border_color_bottom=&#8221;#0C71C3&#8243; locked=&#8221;off&#8221; global_colors_info=&#8221;{}&#8221;]<\/p>\n<p>Klikoni k\u00ebtu p\u00ebr aktivitete nga vitet e m\u00ebparshme<\/p>\n<p>[\/et_pb_text][et_pb_code _builder_version=&#8221;4.19.4&#8243; _module_preset=&#8221;default&#8221; global_colors_info=&#8221;{}&#8221;]<div class=\"sya_container\" id=\"sya_container\"><p class=\"sya_yearslist\" id=\"sya_yearslist\"><a href=\"#year2026\">2026<\/a><\/p><h2><a id=\"year2026\"><\/a><a href=\"https:\/\/erasmusplus.al\/?m=2026\" rel=\"section\">2026<\/a> <span class=\"sya_yearcount\"><span class=\"sya_bracket\">(<\/span>7<span class=\"sya_bracket\">)<\/span><\/span><\/h2><ul><li class=\"\"><div class=\"sya_postcontent\"><span class=\"sya_date\">15.04. <span class=\"sya_sep\">- <\/span><\/span><a href=\"https:\/\/erasmusplus.al\/?p=10144\" class=\"sya_postlink post-10144\" rel=\"bookmark\">Wrapping up January 2026: &#8216;Erasmus Mundus Master scholarship opportunity EMJM iPSRS Master in Photonics &#038; Artificial Intelligence&#8217;<\/a> <span class=\"sya_categories\"><span class=\"sya_bracket\">(<\/span>News<span class=\"sya_bracket\">)<\/span><\/span><\/div><\/li><li class=\"\"><div class=\"sya_postcontent\"><span class=\"sya_date\">15.04. <span class=\"sya_sep\">- <\/span><\/span><a href=\"https:\/\/erasmusplus.al\/?p=10142\" class=\"sya_postlink post-10142\" rel=\"bookmark\">CB VET news for applicants of the &#8216;Call 2026&#8217;<\/a> <span class=\"sya_categories\"><span class=\"sya_bracket\">(<\/span>News<span class=\"sya_bracket\">)<\/span><\/span><\/div><\/li><li class=\"\"><div class=\"sya_postcontent\"><span class=\"sya_date\">15.04. <span class=\"sya_sep\">- <\/span><\/span><a href=\"https:\/\/erasmusplus.al\/?p=10130\" class=\"sya_postlink post-10130\" rel=\"bookmark\">Wrapping up 2025: Results of &#8216;Call for applications 2025&#8217;<\/a> <span class=\"sya_categories\"><span class=\"sya_bracket\">(<\/span>Uncategorized<span class=\"sya_bracket\">)<\/span><\/span><\/div><\/li><li class=\"\"><div class=\"sya_postcontent\"><span class=\"sya_date\">15.04. <span class=\"sya_sep\">- <\/span><\/span><a href=\"https:\/\/erasmusplus.al\/?p=10128\" class=\"sya_postlink post-10128\" rel=\"bookmark\">Wrapping up 2025: Info Session: \u2018Erasmus+ Opportunities for Albanian Students\u2019, online on 19.12.2025<\/a> <span class=\"sya_categories\"><span class=\"sya_bracket\">(<\/span>News<span class=\"sya_bracket\">)<\/span><\/span><\/div><\/li><li class=\"\"><div class=\"sya_postcontent\"><span class=\"sya_date\">15.04. <span class=\"sya_sep\">- <\/span><\/span><a href=\"https:\/\/erasmusplus.al\/?p=10121\" class=\"sya_postlink post-10121\" rel=\"bookmark\">Wrapping up 2025: CBVET Monitoring meeting, on 4.12.2025<\/a> <span class=\"sya_categories\"><span class=\"sya_bracket\">(<\/span>News<span class=\"sya_bracket\">)<\/span><\/span><\/div><\/li><li class=\"\"><div class=\"sya_postcontent\"><span class=\"sya_date\">15.04. <span class=\"sya_sep\">- <\/span><\/span><a href=\"https:\/\/erasmusplus.al\/?p=10110\" class=\"sya_postlink post-10110\" rel=\"bookmark\">Wrapping up 2025: Participation at \u2018Erasmus+ Blitz: Discover, Connect, Apply!\u2019 , on 21.11.2025<\/a> <span class=\"sya_categories\"><span class=\"sya_bracket\">(<\/span>News<span class=\"sya_bracket\">)<\/span><\/span><\/div><\/li><li class=\"\"><div class=\"sya_postcontent\"><span class=\"sya_date\">30.03. <span class=\"sya_sep\">- <\/span><\/span><a href=\"https:\/\/erasmusplus.al\/?p=10105\" class=\"sya_postlink post-10105\" rel=\"bookmark\">International Student Week in BELGRADE (ISWiB) 2026 \u2013 Call for participants<\/a> <span class=\"sya_categories\"><span class=\"sya_bracket\">(<\/span>News<span class=\"sya_bracket\">)<\/span><\/span><\/div><\/li><\/ul><\/div><!-- [et_pb_line_break_holder] --><div class=\"sya_container\" id=\"sya_container\"><p class=\"sya_yearslist\" id=\"sya_yearslist\"><a href=\"#year2024\">2024<\/a><\/p><h2><a id=\"year2024\"><\/a><a href=\"https:\/\/erasmusplus.al\/?m=2024\" rel=\"section\">2024<\/a> <span class=\"sya_yearcount\"><span class=\"sya_bracket\">(<\/span>37<span class=\"sya_bracket\">)<\/span><\/span><\/h2><ul><li class=\"\"><div class=\"sya_postcontent\"><span class=\"sya_date\">27.12. <span class=\"sya_sep\">- <\/span><\/span><a href=\"https:\/\/erasmusplus.al\/?p=9732\" class=\"sya_postlink post-9732\" rel=\"bookmark\">Save the date: Webinar on Jean Monnet, 15.01.2025<\/a> <span class=\"sya_categories\"><span class=\"sya_bracket\">(<\/span>News<span class=\"sya_bracket\">)<\/span><\/span><\/div><\/li><li class=\"\"><div class=\"sya_postcontent\"><span class=\"sya_date\">27.12. <span class=\"sya_sep\">- <\/span><\/span><a href=\"https:\/\/erasmusplus.al\/?p=9726\" class=\"sya_postlink post-9726\" rel=\"bookmark\">Wrapping Up 2024: Online National HERE Seminar: \u2018The Role of AI in the Development of Scientific Research and Innovation in Humanities\u2019, on 30-31 May 2024<\/a> <span class=\"sya_categories\"><span class=\"sya_bracket\">(<\/span>Activities, HERE Activities<span class=\"sya_bracket\">)<\/span><\/span><\/div><\/li><li class=\"\"><div class=\"sya_postcontent\"><span class=\"sya_date\">06.12. <span class=\"sya_sep\">- <\/span><\/span><a href=\"https:\/\/erasmusplus.al\/?p=9723\" class=\"sya_postlink post-9723\" rel=\"bookmark\">New Erasmus Joint Master Programme and Scholarships on Global Change<\/a> <span class=\"sya_categories\"><span class=\"sya_bracket\">(<\/span>News<span class=\"sya_bracket\">)<\/span><\/span><\/div><\/li><li class=\"\"><div class=\"sya_postcontent\"><span class=\"sya_date\">03.12. <span class=\"sya_sep\">- <\/span><\/span><a href=\"https:\/\/erasmusplus.al\/?p=9718\" class=\"sya_postlink post-9718\" rel=\"bookmark\">Call for proposals 2025 is open!<\/a> <span class=\"sya_categories\"><span class=\"sya_bracket\">(<\/span>News<span class=\"sya_bracket\">)<\/span><\/span><\/div><\/li><li class=\"\"><div class=\"sya_postcontent\"><span class=\"sya_date\">26.11. <span class=\"sya_sep\">- <\/span><\/span><a href=\"https:\/\/erasmusplus.al\/?p=9716\" class=\"sya_postlink post-9716\" rel=\"bookmark\">Online Info session: Capacity Building in Higher Education (CBHE) action<\/a> <span class=\"sya_categories\"><span class=\"sya_bracket\">(<\/span>News<span class=\"sya_bracket\">)<\/span><\/span><\/div><\/li><li class=\"\"><div class=\"sya_postcontent\"><span class=\"sya_date\">26.11. <span class=\"sya_sep\">- <\/span><\/span><a href=\"https:\/\/erasmusplus.al\/?p=9713\" class=\"sya_postlink post-9713\" rel=\"bookmark\">Erasmus+ launched its 2025 Programme Guide!<\/a> <span class=\"sya_categories\"><span class=\"sya_bracket\">(<\/span>Activities, News<span class=\"sya_bracket\">)<\/span><\/span><\/div><\/li><li class=\"\"><div class=\"sya_postcontent\"><span class=\"sya_date\">16.11. <span class=\"sya_sep\">- <\/span><\/span><a href=\"https:\/\/erasmusplus.al\/?p=9703\" class=\"sya_postlink post-9703\" rel=\"bookmark\">EMJM Copernicus Master in Digital Earth call for applications<\/a> <span class=\"sya_categories\"><span class=\"sya_bracket\">(<\/span>News<span class=\"sya_bracket\">)<\/span><\/span><\/div><\/li><li class=\"\"><div class=\"sya_postcontent\"><span class=\"sya_date\">25.10. <span class=\"sya_sep\">- <\/span><\/span><a href=\"https:\/\/erasmusplus.al\/?p=9695\" class=\"sya_postlink post-9695\" rel=\"bookmark\">Dita e informacionit rreth studimit, bursave dhe praktikave ne Gjermani, dt. 28 Tetor 2024, ora 9.30-15.00, Europe House Tirane<\/a> <span class=\"sya_categories\"><span class=\"sya_bracket\">(<\/span>News<span class=\"sya_bracket\">)<\/span><\/span><\/div><\/li><li class=\"\"><div class=\"sya_postcontent\"><span class=\"sya_date\">24.10. <span class=\"sya_sep\">- <\/span><\/span><a href=\"https:\/\/erasmusplus.al\/?p=9686\" class=\"sya_postlink post-9686\" rel=\"bookmark\">Participation of representatives from Albanian universities in the EAIE International Conference, on September 18-20, 2024.<\/a> <span class=\"sya_categories\"><span class=\"sya_bracket\">(<\/span>News<span class=\"sya_bracket\">)<\/span><\/span><\/div><\/li><li class=\"\"><div class=\"sya_postcontent\"><span class=\"sya_date\">23.10. <span class=\"sya_sep\">- <\/span><\/span><a href=\"https:\/\/erasmusplus.al\/?p=9684\" class=\"sya_postlink post-9684\" rel=\"bookmark\">Invitation to attend the &#8216;Erasmus+ Worldwide Webinar&#8217;- CB Youth will be presented on 24\/10\/2024<\/a> <span class=\"sya_categories\"><span class=\"sya_bracket\">(<\/span>News<span class=\"sya_bracket\">)<\/span><\/span><\/div><\/li><li class=\"\"><div class=\"sya_postcontent\"><span class=\"sya_date\">23.10. <span class=\"sya_sep\">- <\/span><\/span><a href=\"https:\/\/erasmusplus.al\/?p=9682\" class=\"sya_postlink post-9682\" rel=\"bookmark\">Invitation to attend the &#8216;Erasmus+ Worldwide Webinar&#8217;- CB VET will be presented on 24\/10\/2024<\/a> <span class=\"sya_categories\"><span class=\"sya_bracket\">(<\/span>News<span class=\"sya_bracket\">)<\/span><\/span><\/div><\/li><li class=\"\"><div class=\"sya_postcontent\"><span class=\"sya_date\">07.10. <span class=\"sya_sep\">- <\/span><\/span><a href=\"https:\/\/erasmusplus.al\/?p=9679\" class=\"sya_postlink post-9679\" rel=\"bookmark\">Marie Sk\u0142odowska-Curie Actions Staff Exchanges 2024 call is open!<\/a> <span class=\"sya_categories\"><span class=\"sya_bracket\">(<\/span>News<span class=\"sya_bracket\">)<\/span><\/span><\/div><\/li><li class=\"\"><div class=\"sya_postcontent\"><span class=\"sya_date\">04.09. <span class=\"sya_sep\">- <\/span><\/span><a href=\"https:\/\/erasmusplus.al\/?p=9669\" class=\"sya_postlink post-9669\" rel=\"bookmark\">CBVET Selection &#8211; Call 2024<\/a> <span class=\"sya_categories\"><span class=\"sya_bracket\">(<\/span>News<span class=\"sya_bracket\">)<\/span><\/span><\/div><\/li><li class=\"\"><div class=\"sya_postcontent\"><span class=\"sya_date\">04.09. <span class=\"sya_sep\">- <\/span><\/span><a href=\"https:\/\/erasmusplus.al\/?p=9666\" class=\"sya_postlink post-9666\" rel=\"bookmark\">2024 Worldwide Webinar<\/a> <span class=\"sya_categories\"><span class=\"sya_bracket\">(<\/span>News<span class=\"sya_bracket\">)<\/span><\/span><\/div><\/li><li class=\"\"><div class=\"sya_postcontent\"><span class=\"sya_date\">04.09. <span class=\"sya_sep\">- <\/span><\/span><a href=\"https:\/\/erasmusplus.al\/?p=9660\" class=\"sya_postlink post-9660\" rel=\"bookmark\">Jean Monnet selection results &#8211; Call 2024<\/a> <span class=\"sya_categories\"><span class=\"sya_bracket\">(<\/span>News<span class=\"sya_bracket\">)<\/span><\/span><\/div><\/li><li class=\"\"><div class=\"sya_postcontent\"><span class=\"sya_date\">16.07. <span class=\"sya_sep\">- <\/span><\/span><a href=\"https:\/\/erasmusplus.al\/?p=9657\" class=\"sya_postlink post-9657\" rel=\"bookmark\">University of Tirana and Polis University are part of European Alliances!<\/a> <span class=\"sya_categories\"><span class=\"sya_bracket\">(<\/span>News<span class=\"sya_bracket\">)<\/span><\/span><\/div><\/li><li class=\"\"><div class=\"sya_postcontent\"><span class=\"sya_date\">13.07. <span class=\"sya_sep\">- <\/span><\/span><a href=\"https:\/\/erasmusplus.al\/?p=9652\" class=\"sya_postlink post-9652\" rel=\"bookmark\">Selected CBHE projects- \u2018CALL for proposals 2024\u2019<\/a> <span class=\"sya_categories\"><span class=\"sya_bracket\">(<\/span>News<span class=\"sya_bracket\">)<\/span><\/span><\/div><\/li><li class=\"\"><div class=\"sya_postcontent\"><span class=\"sya_date\">04.07. <span class=\"sya_sep\">- <\/span><\/span><a href=\"https:\/\/erasmusplus.al\/?p=9640\" class=\"sya_postlink post-9640\" rel=\"bookmark\">Opportunity for Bachelor students: Erasmus Mundus Master Degree<\/a> <span class=\"sya_categories\"><span class=\"sya_bracket\">(<\/span>News<span class=\"sya_bracket\">)<\/span><\/span><\/div><\/li><li class=\"\"><div class=\"sya_postcontent\"><span class=\"sya_date\">04.07. <span class=\"sya_sep\">- <\/span><\/span><a href=\"https:\/\/erasmusplus.al\/?p=9638\" class=\"sya_postlink post-9638\" rel=\"bookmark\">Thirrje p\u00ebr aplikime p\u00ebr programin e bursave RIFA (Recherche Innovation France-Albanie)<\/a> <span class=\"sya_categories\"><span class=\"sya_bracket\">(<\/span>News<span class=\"sya_bracket\">)<\/span><\/span><\/div><\/li><li class=\"\"><div class=\"sya_postcontent\"><span class=\"sya_date\">04.07. <span class=\"sya_sep\">- <\/span><\/span><a href=\"https:\/\/erasmusplus.al\/?p=9632\" class=\"sya_postlink post-9632\" rel=\"bookmark\">Praktik\u00eb n\u00eb Bundestagun Gjerman \u2013 Apliko tani! \/ Praktikum im Deutschen Bundestag \u2013 Jetzt bewerben!<\/a> <span class=\"sya_categories\"><span class=\"sya_bracket\">(<\/span>News<span class=\"sya_bracket\">)<\/span><\/span><\/div><\/li><li class=\"\"><div class=\"sya_postcontent\"><span class=\"sya_date\">04.07. <span class=\"sya_sep\">- <\/span><\/span><a href=\"https:\/\/erasmusplus.al\/?p=9628\" class=\"sya_postlink post-9628\" rel=\"bookmark\">New ECHE holders!<\/a> <span class=\"sya_categories\"><span class=\"sya_bracket\">(<\/span>News<span class=\"sya_bracket\">)<\/span><\/span><\/div><\/li><li class=\"\"><div class=\"sya_postcontent\"><span class=\"sya_date\">04.06. <span class=\"sya_sep\">- <\/span><\/span><a href=\"https:\/\/erasmusplus.al\/?p=9580\" class=\"sya_postlink post-9580\" rel=\"bookmark\">\u2018Erasmus Coordinators Network\u2019 meeting in Tirana,  on 15-18 May 2024<\/a> <span class=\"sya_categories\"><span class=\"sya_bracket\">(<\/span>NEO Activities, News<span class=\"sya_bracket\">)<\/span><\/span><\/div><\/li><li class=\"\"><div class=\"sya_postcontent\"><span class=\"sya_date\">30.05. <span class=\"sya_sep\">- <\/span><\/span><a href=\"https:\/\/erasmusplus.al\/?p=9568\" class=\"sya_postlink post-9568\" rel=\"bookmark\">IAEA Marie Sklodowska-Curie Fellowship Programme (MSCFP)-Application Call will open mid-July 2024<\/a> <span class=\"sya_categories\"><span class=\"sya_bracket\">(<\/span>News<span class=\"sya_bracket\">)<\/span><\/span><\/div><\/li><li class=\"\"><div class=\"sya_postcontent\"><span class=\"sya_date\">15.05. <span class=\"sya_sep\">- <\/span><\/span><a href=\"https:\/\/erasmusplus.al\/?p=9540\" class=\"sya_postlink post-9540\" rel=\"bookmark\">NEO participation &#8211; \u2018Europe Week 2024\u2019<\/a> <span class=\"sya_categories\"><span class=\"sya_bracket\">(<\/span>NEO Activities, News<span class=\"sya_bracket\">)<\/span><\/span><\/div><\/li><li class=\"\"><div class=\"sya_postcontent\"><span class=\"sya_date\">11.05. <span class=\"sya_sep\">- <\/span><\/span><a href=\"https:\/\/erasmusplus.al\/?p=9518\" class=\"sya_postlink post-9518\" rel=\"bookmark\">National Seminar HERE, 4-5 April 2024, FGjH, UT<\/a> <span class=\"sya_categories\"><span class=\"sya_bracket\">(<\/span>HERE Activities<span class=\"sya_bracket\">)<\/span><\/span><\/div><\/li><li class=\"\"><div class=\"sya_postcontent\"><span class=\"sya_date\">15.04. <span class=\"sya_sep\">- <\/span><\/span><a href=\"https:\/\/erasmusplus.al\/?p=9493\" class=\"sya_postlink post-9493\" rel=\"bookmark\">Thirrje p\u00ebr kandidatura p\u00ebr programet e bursave t\u00eb Qeveris\u00eb Franceze p\u00ebr studime t\u00eb nivelit Master<\/a> <span class=\"sya_categories\"><span class=\"sya_bracket\">(<\/span>News<span class=\"sya_bracket\">)<\/span><\/span><\/div><\/li><li class=\"\"><div class=\"sya_postcontent\"><span class=\"sya_date\">11.04. <span class=\"sya_sep\">- <\/span><\/span><a href=\"https:\/\/erasmusplus.al\/?p=9481\" class=\"sya_postlink post-9481\" rel=\"bookmark\">Erasmus Mundus programme MER+ offers 3 scholarships to the Students from Western Balkans<\/a> <span class=\"sya_categories\"><span class=\"sya_bracket\">(<\/span>News<span class=\"sya_bracket\">)<\/span><\/span><\/div><\/li><li class=\"\"><div class=\"sya_postcontent\"><span class=\"sya_date\">04.04. <span class=\"sya_sep\">- <\/span><\/span><a href=\"https:\/\/erasmusplus.al\/?p=9461\" class=\"sya_postlink post-9461\" rel=\"bookmark\">Info Session with students of the Faculty of Nursing and Info Session with students from different faculties of &#8220;Aleksander Xhuvani&#8221; University, dt. March 5, 2024<\/a> <span class=\"sya_categories\"><span class=\"sya_bracket\">(<\/span>NEO Activities<span class=\"sya_bracket\">)<\/span><\/span><\/div><\/li><li class=\"\"><div class=\"sya_postcontent\"><span class=\"sya_date\">04.04. <span class=\"sya_sep\">- <\/span><\/span><a href=\"https:\/\/erasmusplus.al\/?p=9435\" class=\"sya_postlink post-9435\" rel=\"bookmark\">National HERE Seminar, 4-5 March 2024<\/a> <span class=\"sya_categories\"><span class=\"sya_bracket\">(<\/span>HERE Activities, News<span class=\"sya_bracket\">)<\/span><\/span><\/div><\/li><li class=\"\"><div class=\"sya_postcontent\"><span class=\"sya_date\">24.02. <span class=\"sya_sep\">- <\/span><\/span><a href=\"https:\/\/erasmusplus.al\/?p=9394\" class=\"sya_postlink post-9394\" rel=\"bookmark\">Info Session Erasmus+ on Sport<\/a> <span class=\"sya_categories\"><span class=\"sya_bracket\">(<\/span>NEO Activities, News<span class=\"sya_bracket\">)<\/span><\/span><\/div><\/li><li class=\"\"><div class=\"sya_postcontent\"><span class=\"sya_date\">23.02. <span class=\"sya_sep\">- <\/span><\/span><a href=\"https:\/\/erasmusplus.al\/?p=9378\" class=\"sya_postlink post-9378\" rel=\"bookmark\">Info Session Erasmus+ on VET<\/a> <span class=\"sya_categories\"><span class=\"sya_bracket\">(<\/span>NEO Activities, News<span class=\"sya_bracket\">)<\/span><\/span><\/div><\/li><li class=\"\"><div class=\"sya_postcontent\"><span class=\"sya_date\">20.02. <span class=\"sya_sep\">- <\/span><\/span><a href=\"https:\/\/erasmusplus.al\/?p=9366\" class=\"sya_postlink post-9366\" rel=\"bookmark\">Info Session on opportunities offered by Erasmus+ for Albanian\u2019 students<\/a> <span class=\"sya_categories\"><span class=\"sya_bracket\">(<\/span>NEO Activities<span class=\"sya_bracket\">)<\/span><\/span><\/div><\/li><li class=\"\"><div class=\"sya_postcontent\"><span class=\"sya_date\">16.02. <span class=\"sya_sep\">- <\/span><\/span><a href=\"https:\/\/erasmusplus.al\/?p=9348\" class=\"sya_postlink post-9348\" rel=\"bookmark\">Support to Ukraine<\/a> <span class=\"sya_categories\"><span class=\"sya_bracket\">(<\/span>News<span class=\"sya_bracket\">)<\/span><\/span><\/div><\/li><li class=\"\"><div class=\"sya_postcontent\"><span class=\"sya_date\">01.02. <span class=\"sya_sep\">- <\/span><\/span><a href=\"https:\/\/erasmusplus.al\/?p=9340\" class=\"sya_postlink post-9340\" rel=\"bookmark\">Get ready to embark on your EMaCS journey for the 2025-27 edition!<\/a> <span class=\"sya_categories\"><span class=\"sya_bracket\">(<\/span>News<span class=\"sya_bracket\">)<\/span><\/span><\/div><\/li><li class=\"\"><div class=\"sya_postcontent\"><span class=\"sya_date\">01.02. <span class=\"sya_sep\">- <\/span><\/span><a href=\"https:\/\/erasmusplus.al\/?p=9333\" class=\"sya_postlink post-9333\" rel=\"bookmark\">Fjal\u00eb p\u00ebrsh\u00ebndet\u00ebse n\u00eb takimin e par\u00eb t\u00eb projektit CBHE: \u2018Zero C- Enhancing knowledge and skills at WB HEIs in preparation for zero carbon maritime transport and logistics society \u2019<\/a> <span class=\"sya_categories\"><span class=\"sya_bracket\">(<\/span>NEO Activities<span class=\"sya_bracket\">)<\/span><\/span><\/div><\/li><li class=\"\"><div class=\"sya_postcontent\"><span class=\"sya_date\">01.02. <span class=\"sya_sep\">- <\/span><\/span><a href=\"https:\/\/erasmusplus.al\/?p=9328\" class=\"sya_postlink post-9328\" rel=\"bookmark\">MSc degree program: \u201cSmart Urban Sustainability\u201d<\/a> <span class=\"sya_categories\"><span class=\"sya_bracket\">(<\/span>News<span class=\"sya_bracket\">)<\/span><\/span><\/div><\/li><li class=\"\"><div class=\"sya_postcontent\"><span class=\"sya_date\">01.02. <span class=\"sya_sep\">- <\/span><\/span><a href=\"https:\/\/erasmusplus.al\/?p=9321\" class=\"sya_postlink post-9321\" rel=\"bookmark\">Fjale pershendetese ne \u201cFestivalin e Aft\u00ebsive, Karrier\u00ebs dhe Pun\u00ebs 2023\u201d<\/a> <span class=\"sya_categories\"><span class=\"sya_bracket\">(<\/span>NEO Activities<span class=\"sya_bracket\">)<\/span><\/span><\/div><\/li><\/ul><\/div><!-- [et_pb_line_break_holder] --><div class=\"sya_container\" id=\"sya_container\"><p class=\"sya_yearslist\" id=\"sya_yearslist\"><a href=\"#year2023\">2023<\/a><\/p><h2><a id=\"year2023\"><\/a><a href=\"https:\/\/erasmusplus.al\/?m=2023\" rel=\"section\">2023<\/a> <span class=\"sya_yearcount\"><span class=\"sya_bracket\">(<\/span>43<span class=\"sya_bracket\">)<\/span><\/span><\/h2><ul><li class=\"\"><div class=\"sya_postcontent\"><span class=\"sya_date\">30.11. <span class=\"sya_sep\">- <\/span><\/span><a href=\"https:\/\/erasmusplus.al\/?p=9235\" class=\"sya_postlink post-9235\" rel=\"bookmark\">Erasmus+ 2024 Call for Proposals launched !<\/a> <span class=\"sya_categories\"><span class=\"sya_bracket\">(<\/span>Uncategorized<span class=\"sya_bracket\">)<\/span><\/span><\/div><\/li><li class=\"\"><div class=\"sya_postcontent\"><span class=\"sya_date\">24.11. <span class=\"sya_sep\">- <\/span><\/span><a href=\"https:\/\/erasmusplus.al\/?p=9239\" class=\"sya_postlink post-9239\" rel=\"bookmark\">&#8216;Online National Info Day Erasmus+ on HE&#8217;, 17.11.2023<\/a> <span class=\"sya_categories\"><span class=\"sya_bracket\">(<\/span>Activities, News<span class=\"sya_bracket\">)<\/span><\/span><\/div><\/li><li class=\"\"><div class=\"sya_postcontent\"><span class=\"sya_date\">23.11. <span class=\"sya_sep\">- <\/span><\/span><a href=\"https:\/\/erasmusplus.al\/?p=9270\" class=\"sya_postlink post-9270\" rel=\"bookmark\">&#8216;Cluster meeting&#8217;, 14.11.2023<\/a> <span class=\"sya_categories\"><span class=\"sya_bracket\">(<\/span>Activities, News<span class=\"sya_bracket\">)<\/span><\/span><\/div><\/li><li class=\"\"><div class=\"sya_postcontent\"><span class=\"sya_date\">23.11. <span class=\"sya_sep\">- <\/span><\/span><a href=\"https:\/\/erasmusplus.al\/?p=9276\" class=\"sya_postlink post-9276\" rel=\"bookmark\">&#8216;Online Info Session Erasmus+ on Youth&#8217;, 8.11.2023<\/a> <span class=\"sya_categories\"><span class=\"sya_bracket\">(<\/span>Activities, News<span class=\"sya_bracket\">)<\/span><\/span><\/div><\/li><li class=\"\"><div class=\"sya_postcontent\"><span class=\"sya_date\">22.11. <span class=\"sya_sep\">- <\/span><\/span><a href=\"https:\/\/erasmusplus.al\/?p=9302\" class=\"sya_postlink post-9302\" rel=\"bookmark\">\u2018Erasmus Mundus Joint Master in Cybersecurity | CyberMACS\u2019 application is opened!<\/a> <span class=\"sya_categories\"><span class=\"sya_bracket\">(<\/span>Activities, News<span class=\"sya_bracket\">)<\/span><\/span><\/div><\/li><li class=\"\"><div class=\"sya_postcontent\"><span class=\"sya_date\">21.11. <span class=\"sya_sep\">- <\/span><\/span><a href=\"https:\/\/erasmusplus.al\/?p=9290\" class=\"sya_postlink post-9290\" rel=\"bookmark\">Pjesmarrje ne panair \u201cStudime ne Gjermani\u201d ne dt. 31.10.2023<\/a> <span class=\"sya_categories\"><span class=\"sya_bracket\">(<\/span>Activities, News<span class=\"sya_bracket\">)<\/span><\/span><\/div><\/li><li class=\"\"><div class=\"sya_postcontent\"><span class=\"sya_date\">21.11. <span class=\"sya_sep\">- <\/span><\/span><a href=\"https:\/\/erasmusplus.al\/?p=9279\" class=\"sya_postlink post-9279\" rel=\"bookmark\">Pjesmarrje ne panair \u201cStudime ne France\u201d ne dt. 2.11.2023<\/a> <span class=\"sya_categories\"><span class=\"sya_bracket\">(<\/span>Activities, News<span class=\"sya_bracket\">)<\/span><\/span><\/div><\/li><li class=\"\"><div class=\"sya_postcontent\"><span class=\"sya_date\">03.11. <span class=\"sya_sep\">- <\/span><\/span><a href=\"https:\/\/erasmusplus.al\/?p=9231\" class=\"sya_postlink post-9231\" rel=\"bookmark\">\u2018Erasmus+ worldwide webinar 2023\u2019<\/a> <span class=\"sya_categories\"><span class=\"sya_bracket\">(<\/span>Activities, News<span class=\"sya_bracket\">)<\/span><\/span><\/div><\/li><li class=\"\"><div class=\"sya_postcontent\"><span class=\"sya_date\">25.10. <span class=\"sya_sep\">- <\/span><\/span><a href=\"https:\/\/erasmusplus.al\/?p=9225\" class=\"sya_postlink post-9225\" rel=\"bookmark\">\u201cThe Erasmus Mundus Master in Impact Entrepreneurship \u2013 EMMIE\u201d \u2013 special grants for Albania<\/a> <span class=\"sya_categories\"><span class=\"sya_bracket\">(<\/span>Activities, News<span class=\"sya_bracket\">)<\/span><\/span><\/div><\/li><li class=\"\"><div class=\"sya_postcontent\"><span class=\"sya_date\">16.10. <span class=\"sya_sep\">- <\/span><\/span><a href=\"https:\/\/erasmusplus.al\/?p=9220\" class=\"sya_postlink post-9220\" rel=\"bookmark\">Erasmus+ worldwide webinar 2023, 17-19 of October 2023<\/a> <span class=\"sya_categories\"><span class=\"sya_bracket\">(<\/span>Activities, News<span class=\"sya_bracket\">)<\/span><\/span><\/div><\/li><li class=\"\"><div class=\"sya_postcontent\"><span class=\"sya_date\">15.10. <span class=\"sya_sep\">- <\/span><\/span><a href=\"https:\/\/erasmusplus.al\/?p=9210\" class=\"sya_postlink post-9210\" rel=\"bookmark\">Applications for \u2018MUrCS- Master of Urban Climate and Sustainability\u2019 are open!<\/a> <span class=\"sya_categories\"><span class=\"sya_bracket\">(<\/span>Activities, News<span class=\"sya_bracket\">)<\/span><\/span><\/div><\/li><li class=\"\"><div class=\"sya_postcontent\"><span class=\"sya_date\">15.10. <span class=\"sya_sep\">- <\/span><\/span><a href=\"https:\/\/erasmusplus.al\/?p=9202\" class=\"sya_postlink post-9202\" rel=\"bookmark\">Applications on &#8216;SECCLO-Security and Cloud Computing&#8217; Erasmus Mundus Joint Master are open!<\/a> <span class=\"sya_categories\"><span class=\"sya_bracket\">(<\/span>Activities, News<span class=\"sya_bracket\">)<\/span><\/span><\/div><\/li><li class=\"\"><div class=\"sya_postcontent\"><span class=\"sya_date\">18.09. <span class=\"sya_sep\">- <\/span><\/span><a href=\"https:\/\/erasmusplus.al\/?p=9184\" class=\"sya_postlink post-9184\" rel=\"bookmark\">Selection results of Jean Monnet Actions- Call 2023<\/a> <span class=\"sya_categories\"><span class=\"sya_bracket\">(<\/span>News<span class=\"sya_bracket\">)<\/span><\/span><\/div><\/li><li class=\"\"><div class=\"sya_postcontent\"><span class=\"sya_date\">01.09. <span class=\"sya_sep\">- <\/span><\/span><a href=\"https:\/\/erasmusplus.al\/?p=9179\" class=\"sya_postlink post-9179\" rel=\"bookmark\">Selection of CBVET- Call 2023<\/a> <span class=\"sya_categories\"><span class=\"sya_bracket\">(<\/span>Activities, News<span class=\"sya_bracket\">)<\/span><\/span><\/div><\/li><li class=\"\"><div class=\"sya_postcontent\"><span class=\"sya_date\">01.09. <span class=\"sya_sep\">- <\/span><\/span><a href=\"https:\/\/erasmusplus.al\/?p=9175\" class=\"sya_postlink post-9175\" rel=\"bookmark\">\u2018List of selected CBHE projects- Call 2023\u2019<\/a> <span class=\"sya_categories\"><span class=\"sya_bracket\">(<\/span>Activities, News<span class=\"sya_bracket\">)<\/span><\/span><\/div><\/li><li class=\"\"><div class=\"sya_postcontent\"><span class=\"sya_date\">11.07. <span class=\"sya_sep\">- <\/span><\/span><a href=\"https:\/\/erasmusplus.al\/?p=9154\" class=\"sya_postlink post-9154\" rel=\"bookmark\">University \u2018Aleksander Moisiu\u2019 of Durresi is part of Stars EU Alliance!<\/a> <span class=\"sya_categories\"><span class=\"sya_bracket\">(<\/span>News<span class=\"sya_bracket\">)<\/span><\/span><\/div><\/li><li class=\"\"><div class=\"sya_postcontent\"><span class=\"sya_date\">11.07. <span class=\"sya_sep\">- <\/span><\/span><a href=\"https:\/\/erasmusplus.al\/?p=9150\" class=\"sya_postlink post-9150\" rel=\"bookmark\">Six Albanian HEIs awarded with Erasmus+ Charter!<\/a> <span class=\"sya_categories\"><span class=\"sya_bracket\">(<\/span>Activities, News<span class=\"sya_bracket\">)<\/span><\/span><\/div><\/li><li class=\"\"><div class=\"sya_postcontent\"><span class=\"sya_date\">05.07. <span class=\"sya_sep\">- <\/span><\/span><a href=\"https:\/\/erasmusplus.al\/?p=9120\" class=\"sya_postlink post-9120\" rel=\"bookmark\">Konferenca permbyllese e projektit CBHE \u2018TTO4FOOD \u2013Enhancement of knowledge transfer in the food sector strengthening the technological transfer offices in Albanian universities\u2019<\/a> <span class=\"sya_categories\"><span class=\"sya_bracket\">(<\/span>Activities<span class=\"sya_bracket\">)<\/span><\/span><\/div><\/li><li class=\"\"><div class=\"sya_postcontent\"><span class=\"sya_date\">05.07. <span class=\"sya_sep\">- <\/span><\/span><a href=\"https:\/\/erasmusplus.al\/?p=9110\" class=\"sya_postlink post-9110\" rel=\"bookmark\">EU project survey students&#8217; views on careers in energy transition<\/a> <span class=\"sya_categories\"><span class=\"sya_bracket\">(<\/span>News<span class=\"sya_bracket\">)<\/span><\/span><\/div><\/li><li class=\"\"><div class=\"sya_postcontent\"><span class=\"sya_date\">05.07. <span class=\"sya_sep\">- <\/span><\/span><a href=\"https:\/\/erasmusplus.al\/?p=9087\" class=\"sya_postlink post-9087\" rel=\"bookmark\">\u2018Contact Seminar between Dutch HEIs and WB HEIs\u2019, on 21-23 of June 2023, in Tirana<\/a> <span class=\"sya_categories\"><span class=\"sya_bracket\">(<\/span>Activities, News<span class=\"sya_bracket\">)<\/span><\/span><\/div><\/li><li class=\"\"><div class=\"sya_postcontent\"><span class=\"sya_date\">23.06. <span class=\"sya_sep\">- <\/span><\/span><a href=\"https:\/\/erasmusplus.al\/?p=9078\" class=\"sya_postlink post-9078\" rel=\"bookmark\">ESNsurvey XV is opening!<\/a> <span class=\"sya_categories\"><span class=\"sya_bracket\">(<\/span>Activities, News<span class=\"sya_bracket\">)<\/span><\/span><\/div><\/li><li class=\"\"><div class=\"sya_postcontent\"><span class=\"sya_date\">08.06. <span class=\"sya_sep\">- <\/span><\/span><a href=\"https:\/\/erasmusplus.al\/?p=9069\" class=\"sya_postlink post-9069\" rel=\"bookmark\">Takim per projektin CBVET- V2V Capacity Building in Albania<\/a> <span class=\"sya_categories\"><span class=\"sya_bracket\">(<\/span>Activities, News<span class=\"sya_bracket\">)<\/span><\/span><\/div><\/li><li class=\"\"><div class=\"sya_postcontent\"><span class=\"sya_date\">08.06. <span class=\"sya_sep\">- <\/span><\/span><a href=\"https:\/\/erasmusplus.al\/?p=9062\" class=\"sya_postlink post-9062\" rel=\"bookmark\">\u2018Applications are open: MSc programme in Sustainable Agriculture\u2019<\/a> <span class=\"sya_categories\"><span class=\"sya_bracket\">(<\/span>Activities, News<span class=\"sya_bracket\">)<\/span><\/span><\/div><\/li><li class=\"\"><div class=\"sya_postcontent\"><span class=\"sya_date\">26.05. <span class=\"sya_sep\">- <\/span><\/span><a href=\"https:\/\/erasmusplus.al\/?p=9058\" class=\"sya_postlink post-9058\" rel=\"bookmark\">CIF INTERNATIONAL SUMMER SCHOOL- Call for scholarships<\/a> <span class=\"sya_categories\"><span class=\"sya_bracket\">(<\/span>Activities, News<span class=\"sya_bracket\">)<\/span><\/span><\/div><\/li><li class=\"\"><div class=\"sya_postcontent\"><span class=\"sya_date\">23.05. <span class=\"sya_sep\">- <\/span><\/span><a href=\"https:\/\/erasmusplus.al\/?p=9049\" class=\"sya_postlink post-9049\" rel=\"bookmark\">Prezantimi I programit Erasmus+ gjate aktivitetit ne dt. 18-19 Maj 2023 ne universitetin Polis<\/a> <span class=\"sya_categories\"><span class=\"sya_bracket\">(<\/span>Activities, News<span class=\"sya_bracket\">)<\/span><\/span><\/div><\/li><li class=\"\"><div class=\"sya_postcontent\"><span class=\"sya_date\">18.05. <span class=\"sya_sep\">- <\/span><\/span><a href=\"https:\/\/erasmusplus.al\/?p=9041\" class=\"sya_postlink post-9041\" rel=\"bookmark\">Thirrje p\u00ebr kandidatura p\u00ebr programet e bursave t\u00eb studimit t\u00eb Qeveris\u00eb Franceze<\/a> <span class=\"sya_categories\"><span class=\"sya_bracket\">(<\/span>News<span class=\"sya_bracket\">)<\/span><\/span><\/div><\/li><li class=\"\"><div class=\"sya_postcontent\"><span class=\"sya_date\">18.05. <span class=\"sya_sep\">- <\/span><\/span><a href=\"https:\/\/erasmusplus.al\/?p=9028\" class=\"sya_postlink post-9028\" rel=\"bookmark\">CBHE- \u20181FUTURE\u2019, dt. 3-4 Maj 2023<\/a> <span class=\"sya_categories\"><span class=\"sya_bracket\">(<\/span>Activities, News<span class=\"sya_bracket\">)<\/span><\/span><\/div><\/li><li class=\"\"><div class=\"sya_postcontent\"><span class=\"sya_date\">12.05. <span class=\"sya_sep\">- <\/span><\/span><a href=\"https:\/\/erasmusplus.al\/?p=9014\" class=\"sya_postlink post-9014\" rel=\"bookmark\">IAEA Marie Sklodowska-Curie Fellowship Programme (MSCFP)-Notification of the new application call opening!<\/a> <span class=\"sya_categories\"><span class=\"sya_bracket\">(<\/span>Activities, News<span class=\"sya_bracket\">)<\/span><\/span><\/div><\/li><li class=\"\"><div class=\"sya_postcontent\"><span class=\"sya_date\">09.05. <span class=\"sya_sep\">- <\/span><\/span><a href=\"https:\/\/erasmusplus.al\/?p=9010\" class=\"sya_postlink post-9010\" rel=\"bookmark\">Gezuar Diten e Evropes<\/a> <span class=\"sya_categories\"><span class=\"sya_bracket\">(<\/span>Activities, News<span class=\"sya_bracket\">)<\/span><\/span><\/div><\/li><li class=\"\"><div class=\"sya_postcontent\"><span class=\"sya_date\">02.05. <span class=\"sya_sep\">- <\/span><\/span><a href=\"https:\/\/erasmusplus.al\/?p=9000\" class=\"sya_postlink post-9000\" rel=\"bookmark\">Aktiviteti \u2018Erasmus+ Days 2023\u2019<\/a> <span class=\"sya_categories\"><span class=\"sya_bracket\">(<\/span>Activities, News<span class=\"sya_bracket\">)<\/span><\/span><\/div><\/li><li class=\"\"><div class=\"sya_postcontent\"><span class=\"sya_date\">02.05. <span class=\"sya_sep\">- <\/span><\/span><a href=\"https:\/\/erasmusplus.al\/?p=8990\" class=\"sya_postlink post-8990\" rel=\"bookmark\">The conference, entitled &#8220;Challenges in the Western Balkans: Infrastructure and Development in the Region&#8221;<\/a> <span class=\"sya_categories\"><span class=\"sya_bracket\">(<\/span>Activities, News<span class=\"sya_bracket\">)<\/span><\/span><\/div><\/li><li class=\"\"><div class=\"sya_postcontent\"><span class=\"sya_date\">19.04. <span class=\"sya_sep\">- <\/span><\/span><a href=\"https:\/\/erasmusplus.al\/?p=8984\" class=\"sya_postlink post-8984\" rel=\"bookmark\">INVITATION To the event \u201cMASTED and the importance of the STEAM approach for education of the 21st century\u201d \u2013 April 25, 2023<\/a> <span class=\"sya_categories\"><span class=\"sya_bracket\">(<\/span>Activities, News<span class=\"sya_bracket\">)<\/span><\/span><\/div><\/li><li class=\"\"><div class=\"sya_postcontent\"><span class=\"sya_date\">28.03. <span class=\"sya_sep\">- <\/span><\/span><a href=\"https:\/\/erasmusplus.al\/?p=8968\" class=\"sya_postlink post-8968\" rel=\"bookmark\">Panairin &#8216;Studiare in Italia&#8217;<\/a> <span class=\"sya_categories\"><span class=\"sya_bracket\">(<\/span>Activities, News<span class=\"sya_bracket\">)<\/span><\/span><\/div><\/li><li class=\"\"><div class=\"sya_postcontent\"><span class=\"sya_date\">27.03. <span class=\"sya_sep\">- <\/span><\/span><a href=\"https:\/\/erasmusplus.al\/?p=8965\" class=\"sya_postlink post-8965\" rel=\"bookmark\">&#8216;ETF&#8217;s Green Skills Award&#8217;<\/a> <span class=\"sya_categories\"><span class=\"sya_bracket\">(<\/span>NEO Activities, News<span class=\"sya_bracket\">)<\/span><\/span><\/div><\/li><li class=\"\"><div class=\"sya_postcontent\"><span class=\"sya_date\">03.03. <span class=\"sya_sep\">- <\/span><\/span><a href=\"https:\/\/erasmusplus.al\/?p=8945\" class=\"sya_postlink post-8945\" rel=\"bookmark\">EMJMD EU4M open for application<\/a> <span class=\"sya_categories\"><span class=\"sya_bracket\">(<\/span>News<span class=\"sya_bracket\">)<\/span><\/span><\/div><\/li><li class=\"\"><div class=\"sya_postcontent\"><span class=\"sya_date\">28.02. <span class=\"sya_sep\">- <\/span><\/span><a href=\"https:\/\/erasmusplus.al\/?p=8937\" class=\"sya_postlink post-8937\" rel=\"bookmark\">WBAA Report first four years<\/a> <span class=\"sya_categories\"><span class=\"sya_bracket\">(<\/span>Activities, News<span class=\"sya_bracket\">)<\/span><\/span><\/div><\/li><li class=\"\"><div class=\"sya_postcontent\"><span class=\"sya_date\">27.02. <span class=\"sya_sep\">- <\/span><\/span><a href=\"https:\/\/erasmusplus.al\/?p=8909\" class=\"sya_postlink post-8909\" rel=\"bookmark\">Erasmus+ Info Session on Sport<\/a> <span class=\"sya_categories\"><span class=\"sya_bracket\">(<\/span>Activities, News<span class=\"sya_bracket\">)<\/span><\/span><\/div><\/li><li class=\"\"><div class=\"sya_postcontent\"><span class=\"sya_date\">22.02. <span class=\"sya_sep\">- <\/span><\/span><a href=\"https:\/\/erasmusplus.al\/?p=8880\" class=\"sya_postlink post-8880\" rel=\"bookmark\">YOUTH 14.02.2023<\/a> <span class=\"sya_categories\"><span class=\"sya_bracket\">(<\/span>Activities, NEO Activities, News<span class=\"sya_bracket\">)<\/span><\/span><\/div><\/li><li class=\"\"><div class=\"sya_postcontent\"><span class=\"sya_date\">16.02. <span class=\"sya_sep\">- <\/span><\/span><a href=\"https:\/\/erasmusplus.al\/?p=8804\" class=\"sya_postlink post-8804\" rel=\"bookmark\">Erasmus Mundus- MEDFOR<\/a> <span class=\"sya_categories\"><span class=\"sya_bracket\">(<\/span>News<span class=\"sya_bracket\">)<\/span><\/span><\/div><\/li><li class=\"\"><div class=\"sya_postcontent\"><span class=\"sya_date\">23.01. <span class=\"sya_sep\">- <\/span><\/span><a href=\"https:\/\/erasmusplus.al\/?p=8774\" class=\"sya_postlink post-8774\" rel=\"bookmark\">Capacity building in the field of Vocational application &#8211; deadline is coming !<\/a> <span class=\"sya_categories\"><span class=\"sya_bracket\">(<\/span>Activities, News<span class=\"sya_bracket\">)<\/span><\/span><\/div><\/li><li class=\"\"><div class=\"sya_postcontent\"><span class=\"sya_date\">19.01. <span class=\"sya_sep\">- <\/span><\/span><a href=\"https:\/\/erasmusplus.al\/?p=8768\" class=\"sya_postlink post-8768\" rel=\"bookmark\">Deadline for new call Erasmus+ application<\/a> <span class=\"sya_categories\"><span class=\"sya_bracket\">(<\/span>Activities, News<span class=\"sya_bracket\">)<\/span><\/span><\/div><\/li><li class=\"\"><div class=\"sya_postcontent\"><span class=\"sya_date\">10.01. <span class=\"sya_sep\">- <\/span><\/span><a href=\"https:\/\/erasmusplus.al\/?p=8675\" class=\"sya_postlink post-8675\" rel=\"bookmark\">Info Session Erasmus+ for the students<\/a> <span class=\"sya_categories\"><span class=\"sya_bracket\">(<\/span>Activities, News<span class=\"sya_bracket\">)<\/span><\/span><\/div><\/li><li class=\"\"><div class=\"sya_postcontent\"><span class=\"sya_date\">10.01. <span class=\"sya_sep\">- <\/span><\/span><a href=\"https:\/\/erasmusplus.al\/?p=8653\" class=\"sya_postlink post-8653\" rel=\"bookmark\">National Info Day Erasmus+ on Higher Education<\/a> <span class=\"sya_categories\"><span class=\"sya_bracket\">(<\/span>Activities, News<span class=\"sya_bracket\">)<\/span><\/span><\/div><\/li><\/ul><\/div><!-- [et_pb_line_break_holder] --><div class=\"sya_container\" id=\"sya_container\"><p class=\"sya_yearslist\" id=\"sya_yearslist\"><a href=\"#year2022\">2022<\/a><\/p><h2><a id=\"year2022\"><\/a><a href=\"https:\/\/erasmusplus.al\/?m=2022\" rel=\"section\">2022<\/a> <span class=\"sya_yearcount\"><span class=\"sya_bracket\">(<\/span>28<span class=\"sya_bracket\">)<\/span><\/span><\/h2><ul><li class=\"\"><div class=\"sya_postcontent\"><span class=\"sya_date\">05.12. <span class=\"sya_sep\">- <\/span><\/span><a href=\"https:\/\/erasmusplus.al\/?p=8546\" class=\"sya_postlink post-8546\" rel=\"bookmark\">Online Infoday on Erasmus+ Capacity Building in Higher Education on 09.12.2022<\/a> <span class=\"sya_categories\"><span class=\"sya_bracket\">(<\/span>Activities, News<span class=\"sya_bracket\">)<\/span><\/span><\/div><\/li><li class=\"\"><div class=\"sya_postcontent\"><span class=\"sya_date\">05.12. <span class=\"sya_sep\">- <\/span><\/span><a href=\"https:\/\/erasmusplus.al\/?p=8530\" class=\"sya_postlink post-8530\" rel=\"bookmark\">European Education and Culture Executive Agency<\/a> <span class=\"sya_categories\"><span class=\"sya_bracket\">(<\/span>Activities, News<span class=\"sya_bracket\">)<\/span><\/span><\/div><\/li><li class=\"\"><div class=\"sya_postcontent\"><span class=\"sya_date\">30.11. <span class=\"sya_sep\">- <\/span><\/span><a href=\"https:\/\/erasmusplus.al\/?p=8712\" class=\"sya_postlink post-8712\" rel=\"bookmark\">Fjale pershendetese te projektit VALEU-X<\/a> <span class=\"sya_categories\"><span class=\"sya_bracket\">(<\/span>Activities, News<span class=\"sya_bracket\">)<\/span><\/span><\/div><\/li><li class=\"\"><div class=\"sya_postcontent\"><span class=\"sya_date\">23.11. <span class=\"sya_sep\">- <\/span><\/span><a href=\"https:\/\/erasmusplus.al\/?p=8721\" class=\"sya_postlink post-8721\" rel=\"bookmark\">Contact Seminar in WB<\/a> <span class=\"sya_categories\"><span class=\"sya_bracket\">(<\/span>Activities, News<span class=\"sya_bracket\">)<\/span><\/span><\/div><\/li><li class=\"\"><div class=\"sya_postcontent\"><span class=\"sya_date\">03.11. <span class=\"sya_sep\">- <\/span><\/span><a href=\"https:\/\/erasmusplus.al\/?p=8733\" class=\"sya_postlink post-8733\" rel=\"bookmark\">Sesion informues Erasmus+<\/a> <span class=\"sya_categories\"><span class=\"sya_bracket\">(<\/span>Activities, News<span class=\"sya_bracket\">)<\/span><\/span><\/div><\/li><li class=\"\"><div class=\"sya_postcontent\"><span class=\"sya_date\">28.10. <span class=\"sya_sep\">- <\/span><\/span><a href=\"https:\/\/erasmusplus.al\/?p=8740\" class=\"sya_postlink post-8740\" rel=\"bookmark\">65 vjetori i universitetit Luigj Gurakuqi<\/a> <span class=\"sya_categories\"><span class=\"sya_bracket\">(<\/span>Activities, News<span class=\"sya_bracket\">)<\/span><\/span><\/div><\/li><li class=\"\"><div class=\"sya_postcontent\"><span class=\"sya_date\">25.10. <span class=\"sya_sep\">- <\/span><\/span><a href=\"https:\/\/erasmusplus.al\/?p=8746\" class=\"sya_postlink post-8746\" rel=\"bookmark\">Projekti BLUEWBC<\/a> <span class=\"sya_categories\"><span class=\"sya_bracket\">(<\/span>Activities, News<span class=\"sya_bracket\">)<\/span><\/span><\/div><\/li><li class=\"\"><div class=\"sya_postcontent\"><span class=\"sya_date\">13.10. <span class=\"sya_sep\">- <\/span><\/span><a href=\"https:\/\/erasmusplus.al\/?p=8754\" class=\"sya_postlink post-8754\" rel=\"bookmark\">Erasmus+ Opportunities<\/a> <span class=\"sya_categories\"><span class=\"sya_bracket\">(<\/span>Activities, News<span class=\"sya_bracket\">)<\/span><\/span><\/div><\/li><li class=\"\"><div class=\"sya_postcontent\"><span class=\"sya_date\">16.09. <span class=\"sya_sep\">- <\/span><\/span><a href=\"https:\/\/erasmusplus.al\/?p=8760\" class=\"sya_postlink post-8760\" rel=\"bookmark\">Projekti Know-Hub<\/a> <span class=\"sya_categories\"><span class=\"sya_bracket\">(<\/span>Activities, News<span class=\"sya_bracket\">)<\/span><\/span><\/div><\/li><li class=\"\"><div class=\"sya_postcontent\"><span class=\"sya_date\">09.05. <span class=\"sya_sep\">- <\/span><\/span><a href=\"https:\/\/erasmusplus.al\/?p=8296\" class=\"sya_postlink post-8296\" rel=\"bookmark\">Europe Week in Tirana<\/a> <span class=\"sya_categories\"><span class=\"sya_bracket\">(<\/span>Uncategorized<span class=\"sya_bracket\">)<\/span><\/span><\/div><\/li><li class=\"\"><div class=\"sya_postcontent\"><span class=\"sya_date\">05.05. <span class=\"sya_sep\">- <\/span><\/span><a href=\"https:\/\/erasmusplus.al\/?p=8287\" class=\"sya_postlink post-8287\" rel=\"bookmark\">Europe Week in Vlora<\/a> <span class=\"sya_categories\"><span class=\"sya_bracket\">(<\/span>Uncategorized<span class=\"sya_bracket\">)<\/span><\/span><\/div><\/li><li class=\"\"><div class=\"sya_postcontent\"><span class=\"sya_date\">03.05. <span class=\"sya_sep\">- <\/span><\/span><a href=\"https:\/\/erasmusplus.al\/?p=8282\" class=\"sya_postlink post-8282\" rel=\"bookmark\">Europe Week in Shkodra<\/a> <span class=\"sya_categories\"><span class=\"sya_bracket\">(<\/span>Uncategorized<span class=\"sya_bracket\">)<\/span><\/span><\/div><\/li><li class=\"\"><div class=\"sya_postcontent\"><span class=\"sya_date\">14.04. <span class=\"sya_sep\">- <\/span><\/span><a href=\"https:\/\/erasmusplus.al\/?p=8273\" class=\"sya_postlink post-8273\" rel=\"bookmark\">The first center of excellence Jean Monnet in Albania, &#8220;The Europeanization of Public Policies in Albania&#8221;.<\/a> <span class=\"sya_categories\"><span class=\"sya_bracket\">(<\/span>Uncategorized<span class=\"sya_bracket\">)<\/span><\/span><\/div><\/li><li class=\"\"><div class=\"sya_postcontent\"><span class=\"sya_date\">24.02. <span class=\"sya_sep\">- <\/span><\/span><a href=\"https:\/\/erasmusplus.al\/?p=8214\" class=\"sya_postlink post-8214\" rel=\"bookmark\">NEO Publications<\/a> <span class=\"sya_categories\"><span class=\"sya_bracket\">(<\/span>Uncategorized<span class=\"sya_bracket\">)<\/span><\/span><\/div><\/li><li class=\"\"><div class=\"sya_postcontent\"><span class=\"sya_date\">23.02. <span class=\"sya_sep\">- <\/span><\/span><a href=\"https:\/\/erasmusplus.al\/?p=8204&lang=sq\" class=\"sya_postlink post-8204\" rel=\"bookmark\">LAJME<\/a> <span class=\"sya_categories\"><span class=\"sya_bracket\">(<\/span>Uncategorized @sq<span class=\"sya_bracket\">)<\/span><\/span><\/div><\/li><li class=\"\"><div class=\"sya_postcontent\"><span class=\"sya_date\">23.02. <span class=\"sya_sep\">- <\/span><\/span><a href=\"https:\/\/erasmusplus.al\/?p=8195\" class=\"sya_postlink post-8195\" rel=\"bookmark\">NEWS<\/a> <span class=\"sya_categories\"><span class=\"sya_bracket\">(<\/span>Uncategorized<span class=\"sya_bracket\">)<\/span><\/span><\/div><\/li><li class=\"\"><div class=\"sya_postcontent\"><span class=\"sya_date\">20.02. <span class=\"sya_sep\">- <\/span><\/span><a href=\"https:\/\/erasmusplus.al\/?p=8134&lang=sq\" class=\"sya_postlink post-8134\" rel=\"bookmark\">Publikimet e HERE-ve<\/a> <span class=\"sya_categories\"><span class=\"sya_bracket\">(<\/span>Uncategorized @sq<span class=\"sya_bracket\">)<\/span><\/span><\/div><\/li><li class=\"\"><div class=\"sya_postcontent\"><span class=\"sya_date\">20.02. <span class=\"sya_sep\">- <\/span><\/span><a href=\"https:\/\/erasmusplus.al\/?p=8132&lang=sq\" class=\"sya_postlink post-8132\" rel=\"bookmark\">Publikimet e NEO-ve<\/a> <span class=\"sya_categories\"><span class=\"sya_bracket\">(<\/span>Uncategorized @sq<span class=\"sya_bracket\">)<\/span><\/span><\/div><\/li><li class=\"\"><div class=\"sya_postcontent\"><span class=\"sya_date\">20.02. <span class=\"sya_sep\">- <\/span><\/span><a href=\"https:\/\/erasmusplus.al\/?p=8125&lang=sq\" class=\"sya_postlink post-8125\" rel=\"bookmark\">Erasmus Mundus Joint Masters<\/a> <span class=\"sya_categories\"><span class=\"sya_bracket\">(<\/span>Uncategorized @sq<span class=\"sya_bracket\">)<\/span><\/span><\/div><\/li><li class=\"\"><div class=\"sya_postcontent\"><span class=\"sya_date\">20.02. <span class=\"sya_sep\">- <\/span><\/span><a href=\"https:\/\/erasmusplus.al\/?p=8123&lang=sq\" class=\"sya_postlink post-8123\" rel=\"bookmark\">Shk\u00ebmbime t\u00eb shkurtra \u2013 ICM (Student\u00eb\/Staf)<\/a> <span class=\"sya_categories\"><span class=\"sya_bracket\">(<\/span>Uncategorized @sq<span class=\"sya_bracket\">)<\/span><\/span><\/div><\/li><li class=\"\"><div class=\"sya_postcontent\"><span class=\"sya_date\">20.02. <span class=\"sya_sep\">- <\/span><\/span><a href=\"https:\/\/erasmusplus.al\/?p=8121&lang=sq\" class=\"sya_postlink post-8121\" rel=\"bookmark\">Jean Monnet<\/a> <span class=\"sya_categories\"><span class=\"sya_bracket\">(<\/span>Uncategorized @sq<span class=\"sya_bracket\">)<\/span><\/span><\/div><\/li><li class=\"\"><div class=\"sya_postcontent\"><span class=\"sya_date\">20.02. <span class=\"sya_sep\">- <\/span><\/span><a href=\"https:\/\/erasmusplus.al\/?p=8119&lang=sq\" class=\"sya_postlink post-8119\" rel=\"bookmark\">KA2- Bashk\u00ebpunim p\u00ebr inovacion dhe p\u00ebrvoja t\u00eb mira<\/a> <span class=\"sya_categories\"><span class=\"sya_bracket\">(<\/span>Uncategorized @sq<span class=\"sya_bracket\">)<\/span><\/span><\/div><\/li><li class=\"\"><div class=\"sya_postcontent\"><span class=\"sya_date\">20.02. <span class=\"sya_sep\">- <\/span><\/span><a href=\"https:\/\/erasmusplus.al\/?p=8117&lang=sq\" class=\"sya_postlink post-8117\" rel=\"bookmark\">KA1- Mobilitete<\/a> <span class=\"sya_categories\"><span class=\"sya_bracket\">(<\/span>Uncategorized @sq<span class=\"sya_bracket\">)<\/span><\/span><\/div><\/li><li class=\"\"><div class=\"sya_postcontent\"><span class=\"sya_date\">18.02. <span class=\"sya_sep\">- <\/span><\/span><a href=\"https:\/\/erasmusplus.al\/?p=8091&lang=sq\" class=\"sya_postlink post-8091\" rel=\"bookmark\">Sporti<\/a> <span class=\"sya_categories\"><span class=\"sya_bracket\">(<\/span>Uncategorized @sq<span class=\"sya_bracket\">)<\/span><\/span><\/div><\/li><li class=\"\"><div class=\"sya_postcontent\"><span class=\"sya_date\">18.02. <span class=\"sya_sep\">- <\/span><\/span><a href=\"https:\/\/erasmusplus.al\/?p=8089&lang=sq\" class=\"sya_postlink post-8089\" rel=\"bookmark\">Rinia<\/a> <span class=\"sya_categories\"><span class=\"sya_bracket\">(<\/span>Uncategorized @sq<span class=\"sya_bracket\">)<\/span><\/span><\/div><\/li><li class=\"\"><div class=\"sya_postcontent\"><span class=\"sya_date\">18.02. <span class=\"sya_sep\">- <\/span><\/span><a href=\"https:\/\/erasmusplus.al\/?p=8087&lang=sq\" class=\"sya_postlink post-8087\" rel=\"bookmark\">Arsimi Profesional dhe Trajnimet<\/a> <span class=\"sya_categories\"><span class=\"sya_bracket\">(<\/span>Uncategorized @sq<span class=\"sya_bracket\">)<\/span><\/span><\/div><\/li><li class=\"\"><div class=\"sya_postcontent\"><span class=\"sya_date\">10.01. <span class=\"sya_sep\">- <\/span><\/span><a href=\"https:\/\/erasmusplus.al\/?p=7859\" class=\"sya_postlink post-7859\" rel=\"bookmark\">National Info Day- Presentations<\/a> <span class=\"sya_categories\"><span class=\"sya_bracket\">(<\/span>Activities, Info Session, NEO Activities, News<span class=\"sya_bracket\">)<\/span><\/span><\/div><\/li><li class=\"\"><div class=\"sya_postcontent\"><span class=\"sya_date\">05.01. <span class=\"sya_sep\">- <\/span><\/span><a href=\"https:\/\/erasmusplus.al\/?p=7848\" class=\"sya_postlink post-7848\" rel=\"bookmark\">Happy New Year<\/a> <span class=\"sya_categories\"><span class=\"sya_bracket\">(<\/span>Uncategorized<span class=\"sya_bracket\">)<\/span><\/span><\/div><\/li><\/ul><\/div><!-- [et_pb_line_break_holder] --><div class=\"sya_container\" id=\"sya_container\"><p class=\"sya_yearslist\" id=\"sya_yearslist\"><a href=\"#year2021\">2021<\/a><\/p><h2><a id=\"year2021\"><\/a><a href=\"https:\/\/erasmusplus.al\/?m=2021\" rel=\"section\">2021<\/a> <span class=\"sya_yearcount\"><span class=\"sya_bracket\">(<\/span>75<span class=\"sya_bracket\">)<\/span><\/span><\/h2><ul><li class=\"\"><div class=\"sya_postcontent\"><span class=\"sya_date\">23.12. <span class=\"sya_sep\">- <\/span><\/span><a href=\"https:\/\/erasmusplus.al\/?p=7939\" class=\"sya_postlink post-7939\" rel=\"bookmark\">The first monitoring visit of DIMTV project<\/a> <span class=\"sya_categories\"><span class=\"sya_bracket\">(<\/span>Monitoring Visit, NEO Activities<span class=\"sya_bracket\">)<\/span><\/span><\/div><\/li><li class=\"\"><div class=\"sya_postcontent\"><span class=\"sya_date\">22.12. <span class=\"sya_sep\">- <\/span><\/span><a href=\"https:\/\/erasmusplus.al\/?p=7950\" class=\"sya_postlink post-7950\" rel=\"bookmark\">The first monitoring visit of Vtech project<\/a> <span class=\"sya_categories\"><span class=\"sya_bracket\">(<\/span>Monitoring Visit, NEO Activities<span class=\"sya_bracket\">)<\/span><\/span><\/div><\/li><li class=\"\"><div class=\"sya_postcontent\"><span class=\"sya_date\">22.12. <span class=\"sya_sep\">- <\/span><\/span><a href=\"https:\/\/erasmusplus.al\/?p=7958\" class=\"sya_postlink post-7958\" rel=\"bookmark\">The first monitoring visit of INTERBA project<\/a> <span class=\"sya_categories\"><span class=\"sya_bracket\">(<\/span>Monitoring Visit, NEO Activities<span class=\"sya_bracket\">)<\/span><\/span><\/div><\/li><li class=\"\"><div class=\"sya_postcontent\"><span class=\"sya_date\">21.12. <span class=\"sya_sep\">- <\/span><\/span><a href=\"https:\/\/erasmusplus.al\/?p=7797\" class=\"sya_postlink post-7797\" rel=\"bookmark\">&#8220;National Information Day&#8221; for students<\/a> <span class=\"sya_categories\"><span class=\"sya_bracket\">(<\/span>Info Session, NEO Activities<span class=\"sya_bracket\">)<\/span><\/span><\/div><\/li><li class=\"\"><div class=\"sya_postcontent\"><span class=\"sya_date\">21.12. <span class=\"sya_sep\">- <\/span><\/span><a href=\"https:\/\/erasmusplus.al\/?p=7783\" class=\"sya_postlink post-7783\" rel=\"bookmark\">&#8220;National Information Day&#8221; for HEIs and their staff<\/a> <span class=\"sya_categories\"><span class=\"sya_bracket\">(<\/span>Info Session, NEO Activities<span class=\"sya_bracket\">)<\/span><\/span><\/div><\/li><li class=\"\"><div class=\"sya_postcontent\"><span class=\"sya_date\">17.12. <span class=\"sya_sep\">- <\/span><\/span><a href=\"https:\/\/erasmusplus.al\/?p=7834\" class=\"sya_postlink post-7834\" rel=\"bookmark\">Conference of the \ud83c\uddea\ud83c\uddfa-funded project Jean Monnet Module \u201cForeign Language Teaching in and for European Contexts\/FoLaTE\u201d<\/a> <span class=\"sya_categories\"><span class=\"sya_bracket\">(<\/span>Activities, Meeting, Uncategorized<span class=\"sya_bracket\">)<\/span><\/span><\/div><\/li><li class=\"\"><div class=\"sya_postcontent\"><span class=\"sya_date\">03.12. <span class=\"sya_sep\">- <\/span><\/span><a href=\"https:\/\/erasmusplus.al\/?p=7655\" class=\"sya_postlink post-7655\" rel=\"bookmark\">Info Session on Erasmus Mundus Joint Masters<\/a> <span class=\"sya_categories\"><span class=\"sya_bracket\">(<\/span>Info Session, NEO Activities<span class=\"sya_bracket\">)<\/span><\/span><\/div><\/li><li class=\"\"><div class=\"sya_postcontent\"><span class=\"sya_date\">26.11. <span class=\"sya_sep\">- <\/span><\/span><a href=\"https:\/\/erasmusplus.al\/?p=7649\" class=\"sya_postlink post-7649\" rel=\"bookmark\">Info Session on Erasmus Mundus Joint Masters\/ Elbasan<\/a> <span class=\"sya_categories\"><span class=\"sya_bracket\">(<\/span>Info Session, NEO Activities<span class=\"sya_bracket\">)<\/span><\/span><\/div><\/li><li class=\"\"><div class=\"sya_postcontent\"><span class=\"sya_date\">26.11. <span class=\"sya_sep\">- <\/span><\/span><a href=\"https:\/\/erasmusplus.al\/?p=7642\" class=\"sya_postlink post-7642\" rel=\"bookmark\">Here seminar \u201cECTS for programme design, delivery and monitoring\u201d<\/a> <span class=\"sya_categories\"><span class=\"sya_bracket\">(<\/span>Activities, HERE Activities, NEO Activities<span class=\"sya_bracket\">)<\/span><\/span><\/div><\/li><li class=\"\"><div class=\"sya_postcontent\"><span class=\"sya_date\">25.11. <span class=\"sya_sep\">- <\/span><\/span><a href=\"https:\/\/erasmusplus.al\/?p=7653\" class=\"sya_postlink post-7653\" rel=\"bookmark\">The 2022 Call for Proposals<\/a> <span class=\"sya_categories\"><span class=\"sya_bracket\">(<\/span>News<span class=\"sya_bracket\">)<\/span><\/span><\/div><\/li><li class=\"\"><div class=\"sya_postcontent\"><span class=\"sya_date\">22.11. <span class=\"sya_sep\">- <\/span><\/span><a href=\"https:\/\/erasmusplus.al\/?p=7285\" class=\"sya_postlink post-7285\" rel=\"bookmark\">&#8220;Referencing Albanian Qualification Framework to the European Qualification Framework (EQF) and self-referencing to Qualification Framework of EHEA (QF-EHEA)&#8221;<\/a> <span class=\"sya_categories\"><span class=\"sya_bracket\">(<\/span>HERE Activities<span class=\"sya_bracket\">)<\/span><\/span><\/div><\/li><li class=\"\"><div class=\"sya_postcontent\"><span class=\"sya_date\">16.11. <span class=\"sya_sep\">- <\/span><\/span><a href=\"https:\/\/erasmusplus.al\/?p=7263\" class=\"sya_postlink post-7263\" rel=\"bookmark\">\u201cECTS for programme design, delivery and monitoring\u201d<\/a> <span class=\"sya_categories\"><span class=\"sya_bracket\">(<\/span>Activities, HERE Activities, News<span class=\"sya_bracket\">)<\/span><\/span><\/div><\/li><li class=\"\"><div class=\"sya_postcontent\"><span class=\"sya_date\">15.11. <span class=\"sya_sep\">- <\/span><\/span><a href=\"https:\/\/erasmusplus.al\/?p=7637\" class=\"sya_postlink post-7637\" rel=\"bookmark\">Info Session on Erasmus Mundus Joint Masters<\/a> <span class=\"sya_categories\"><span class=\"sya_bracket\">(<\/span>Info Session, NEO Activities<span class=\"sya_bracket\">)<\/span><\/span><\/div><\/li><li class=\"\"><div class=\"sya_postcontent\"><span class=\"sya_date\">03.11. <span class=\"sya_sep\">- <\/span><\/span><a href=\"https:\/\/erasmusplus.al\/?p=7628\" class=\"sya_postlink post-7628\" rel=\"bookmark\">EU4Education Fair<\/a> <span class=\"sya_categories\"><span class=\"sya_bracket\">(<\/span>Activities, Info Session, NEO Activities, News<span class=\"sya_bracket\">)<\/span><\/span><\/div><\/li><li class=\"\"><div class=\"sya_postcontent\"><span class=\"sya_date\">28.10. <span class=\"sya_sep\">- <\/span><\/span><a href=\"https:\/\/erasmusplus.al\/?p=7249&lang=sq\" class=\"sya_postlink post-7249\" rel=\"bookmark\">Aktivitetet e HERE-ve<\/a> <span class=\"sya_categories\"><span class=\"sya_bracket\">(<\/span>Aktivitete, HERE Aktivitete<span class=\"sya_bracket\">)<\/span><\/span><\/div><\/li><li class=\"\"><div class=\"sya_postcontent\"><span class=\"sya_date\">28.10. <span class=\"sya_sep\">- <\/span><\/span><a href=\"https:\/\/erasmusplus.al\/?p=7635\" class=\"sya_postlink post-7635\" rel=\"bookmark\">Applications for Erasmus Mundus Joint Masters are open<\/a> <span class=\"sya_categories\"><span class=\"sya_bracket\">(<\/span>News, Uncategorized<span class=\"sya_bracket\">)<\/span><\/span><\/div><\/li><li class=\"\"><div class=\"sya_postcontent\"><span class=\"sya_date\">15.10. <span class=\"sya_sep\">- <\/span><\/span><a href=\"https:\/\/erasmusplus.al\/?p=7623\" class=\"sya_postlink post-7623\" rel=\"bookmark\">Erasmus Days, European University of Tirana<\/a> <span class=\"sya_categories\"><span class=\"sya_bracket\">(<\/span>Activities, Info Session, NEO Activities<span class=\"sya_bracket\">)<\/span><\/span><\/div><\/li><li class=\"\"><div class=\"sya_postcontent\"><span class=\"sya_date\">15.10. <span class=\"sya_sep\">- <\/span><\/span><a href=\"https:\/\/erasmusplus.al\/?p=7618\" class=\"sya_postlink post-7618\" rel=\"bookmark\">Erasmus Days, Metropolitan Tirana University<\/a> <span class=\"sya_categories\"><span class=\"sya_bracket\">(<\/span>Activities, Info Session, NEO Activities<span class=\"sya_bracket\">)<\/span><\/span><\/div><\/li><li class=\"\"><div class=\"sya_postcontent\"><span class=\"sya_date\">15.10. <span class=\"sya_sep\">- <\/span><\/span><a href=\"https:\/\/erasmusplus.al\/?p=7612\" class=\"sya_postlink post-7612\" rel=\"bookmark\">Erasmus Days, University of Elbasan &#8220;Aleksand\u00ebr Xhuvani<\/a> <span class=\"sya_categories\"><span class=\"sya_bracket\">(<\/span>Activities, Info Session, NEO Activities<span class=\"sya_bracket\">)<\/span><\/span><\/div><\/li><li class=\"\"><div class=\"sya_postcontent\"><span class=\"sya_date\">22.09. <span class=\"sya_sep\">- <\/span><\/span><a href=\"https:\/\/erasmusplus.al\/?p=7606\" class=\"sya_postlink post-7606\" rel=\"bookmark\">The final conference of the GRADUA project<\/a> <span class=\"sya_categories\"><span class=\"sya_bracket\">(<\/span>Activities, NEO Activities, Uncategorized<span class=\"sya_bracket\">)<\/span><\/span><\/div><\/li><li class=\"\"><div class=\"sya_postcontent\"><span class=\"sya_date\">17.09. <span class=\"sya_sep\">- <\/span><\/span><a href=\"https:\/\/erasmusplus.al\/?p=7596\" class=\"sya_postlink post-7596\" rel=\"bookmark\">The national HERE seminar \u201cReferencing Albanian Qualification Framework to the European Qualification Framework (EQF) and self-referencing to Qualification Framework of EHEA (QF-EHEA)\u201d<\/a> <span class=\"sya_categories\"><span class=\"sya_bracket\">(<\/span>HERE Activities, NEO Activities, Uncategorized<span class=\"sya_bracket\">)<\/span><\/span><\/div><\/li><li class=\"\"><div class=\"sya_postcontent\"><span class=\"sya_date\">26.08. <span class=\"sya_sep\">- <\/span><\/span><a href=\"https:\/\/erasmusplus.al\/?p=7586\" class=\"sya_postlink post-7586\" rel=\"bookmark\">The traditional pre-departure ceremony\/ EMJMD Students<\/a> <span class=\"sya_categories\"><span class=\"sya_bracket\">(<\/span>Activities, NEO Activities, Uncategorized<span class=\"sya_bracket\">)<\/span><\/span><\/div><\/li><li class=\"\"><div class=\"sya_postcontent\"><span class=\"sya_date\">27.07. <span class=\"sya_sep\">- <\/span><\/span><a href=\"https:\/\/erasmusplus.al\/?p=7580\" class=\"sya_postlink post-7580\" rel=\"bookmark\">The first monitoring visit of SUCCESS project<\/a> <span class=\"sya_categories\"><span class=\"sya_bracket\">(<\/span>Monitoring Visit, NEO Activities<span class=\"sya_bracket\">)<\/span><\/span><\/div><\/li><li class=\"\"><div class=\"sya_postcontent\"><span class=\"sya_date\">22.07. <span class=\"sya_sep\">- <\/span><\/span><a href=\"https:\/\/erasmusplus.al\/?p=7575\" class=\"sya_postlink post-7575\" rel=\"bookmark\">The first monitoring visit of TTO4FOOD project<\/a> <span class=\"sya_categories\"><span class=\"sya_bracket\">(<\/span>Monitoring Visit, NEO Activities<span class=\"sya_bracket\">)<\/span><\/span><\/div><\/li><li class=\"\"><div class=\"sya_postcontent\"><span class=\"sya_date\">21.07. <span class=\"sya_sep\">- <\/span><\/span><a href=\"https:\/\/erasmusplus.al\/?p=7570\" class=\"sya_postlink post-7570\" rel=\"bookmark\">Europe Weeks 2021, Europe House<\/a> <span class=\"sya_categories\"><span class=\"sya_bracket\">(<\/span>Info Session, NEO Activities<span class=\"sya_bracket\">)<\/span><\/span><\/div><\/li><li class=\"\"><div class=\"sya_postcontent\"><span class=\"sya_date\">13.07. <span class=\"sya_sep\">- <\/span><\/span><a href=\"https:\/\/erasmusplus.al\/?p=7563\" class=\"sya_postlink post-7563\" rel=\"bookmark\">The first monitoring visit of EntrAL project<\/a> <span class=\"sya_categories\"><span class=\"sya_bracket\">(<\/span>Monitoring Visit, NEO Activities<span class=\"sya_bracket\">)<\/span><\/span><\/div><\/li><li class=\"\"><div class=\"sya_postcontent\"><span class=\"sya_date\">09.07. <span class=\"sya_sep\">- <\/span><\/span><a href=\"https:\/\/erasmusplus.al\/?p=6776\" class=\"sya_postlink post-6776\" rel=\"bookmark\">Kompatibiliteti Akademik AML- Universitet, nj\u00eb axhend\u00eb efektive p\u00ebr mb\u00ebshtetjen e suksesit t\u00eb student\u00ebve\u2019<\/a> <span class=\"sya_categories\"><span class=\"sya_bracket\">(<\/span>HERE Activities<span class=\"sya_bracket\">)<\/span><\/span><\/div><\/li><li class=\"\"><div class=\"sya_postcontent\"><span class=\"sya_date\">07.07. <span class=\"sya_sep\">- <\/span><\/span><a href=\"https:\/\/erasmusplus.al\/?p=7557\" class=\"sya_postlink post-7557\" rel=\"bookmark\">The first monitoring visit of DualASF project<\/a> <span class=\"sya_categories\"><span class=\"sya_bracket\">(<\/span>Monitoring Visit, NEO Activities<span class=\"sya_bracket\">)<\/span><\/span><\/div><\/li><li class=\"\"><div class=\"sya_postcontent\"><span class=\"sya_date\">06.07. <span class=\"sya_sep\">- <\/span><\/span><a href=\"https:\/\/erasmusplus.al\/?p=7551\" class=\"sya_postlink post-7551\" rel=\"bookmark\">The first monitoring visit of STEAMedu project<\/a> <span class=\"sya_categories\"><span class=\"sya_bracket\">(<\/span>Monitoring Visit, NEO Activities<span class=\"sya_bracket\">)<\/span><\/span><\/div><\/li><li class=\"\"><div class=\"sya_postcontent\"><span class=\"sya_date\">01.07. <span class=\"sya_sep\">- <\/span><\/span><a href=\"https:\/\/erasmusplus.al\/?p=7518\" class=\"sya_postlink post-7518\" rel=\"bookmark\">The first monitoring visit of the RiskMan project<\/a> <span class=\"sya_categories\"><span class=\"sya_bracket\">(<\/span>Monitoring Visit, NEO Activities<span class=\"sya_bracket\">)<\/span><\/span><\/div><\/li><li class=\"\"><div class=\"sya_postcontent\"><span class=\"sya_date\">30.06. <span class=\"sya_sep\">- <\/span><\/span><a href=\"https:\/\/erasmusplus.al\/?p=7511\" class=\"sya_postlink post-7511\" rel=\"bookmark\">GEOBIZ Bussines-Academia Workshop<\/a> <span class=\"sya_categories\"><span class=\"sya_bracket\">(<\/span>NEO Activities<span class=\"sya_bracket\">)<\/span><\/span><\/div><\/li><li class=\"\"><div class=\"sya_postcontent\"><span class=\"sya_date\">29.06. <span class=\"sya_sep\">- <\/span><\/span><a href=\"https:\/\/erasmusplus.al\/?p=7546\" class=\"sya_postlink post-7546\" rel=\"bookmark\">The first monitoring visit of ENGINE project<\/a> <span class=\"sya_categories\"><span class=\"sya_bracket\">(<\/span>Monitoring Visit, NEO Activities<span class=\"sya_bracket\">)<\/span><\/span><\/div><\/li><li class=\"\"><div class=\"sya_postcontent\"><span class=\"sya_date\">28.06. <span class=\"sya_sep\">- <\/span><\/span><a href=\"https:\/\/erasmusplus.al\/?p=7541\" class=\"sya_postlink post-7541\" rel=\"bookmark\">The first monitoring visit of IDEA project<\/a> <span class=\"sya_categories\"><span class=\"sya_bracket\">(<\/span>Monitoring Visit, NEO Activities<span class=\"sya_bracket\">)<\/span><\/span><\/div><\/li><li class=\"\"><div class=\"sya_postcontent\"><span class=\"sya_date\">24.06. <span class=\"sya_sep\">- <\/span><\/span><a href=\"https:\/\/erasmusplus.al\/?p=7535\" class=\"sya_postlink post-7535\" rel=\"bookmark\">The first monitoring visit of MEP&#038;M project<\/a> <span class=\"sya_categories\"><span class=\"sya_bracket\">(<\/span>Monitoring Visit, NEO Activities<span class=\"sya_bracket\">)<\/span><\/span><\/div><\/li><li class=\"\"><div class=\"sya_postcontent\"><span class=\"sya_date\">23.06. <span class=\"sya_sep\">- <\/span><\/span><a href=\"https:\/\/erasmusplus.al\/?p=7531\" class=\"sya_postlink post-7531\" rel=\"bookmark\">The first monitoring visit of the KALCEA project<\/a> <span class=\"sya_categories\"><span class=\"sya_bracket\">(<\/span>Monitoring Visit, NEO Activities<span class=\"sya_bracket\">)<\/span><\/span><\/div><\/li><li class=\"\"><div class=\"sya_postcontent\"><span class=\"sya_date\">21.06. <span class=\"sya_sep\">- <\/span><\/span><a href=\"https:\/\/erasmusplus.al\/?p=7526\" class=\"sya_postlink post-7526\" rel=\"bookmark\">The first monitoring visit of the STAND project<\/a> <span class=\"sya_categories\"><span class=\"sya_bracket\">(<\/span>Monitoring Visit, NEO Activities<span class=\"sya_bracket\">)<\/span><\/span><\/div><\/li><li class=\"\"><div class=\"sya_postcontent\"><span class=\"sya_date\">17.06. <span class=\"sya_sep\">- <\/span><\/span><a href=\"https:\/\/erasmusplus.al\/?p=7504\" class=\"sya_postlink post-7504\" rel=\"bookmark\">HERE seminar on the topic &#8220;Academic Compatibility AML-University, an effective agenda to support student success&#8221;.<\/a> <span class=\"sya_categories\"><span class=\"sya_bracket\">(<\/span>HERE Activities, NEO Activities, News<span class=\"sya_bracket\">)<\/span><\/span><\/div><\/li><li class=\"\"><div class=\"sya_postcontent\"><span class=\"sya_date\">15.06. <span class=\"sya_sep\">- <\/span><\/span><a href=\"https:\/\/erasmusplus.al\/?p=7502\" class=\"sya_postlink post-7502\" rel=\"bookmark\">Interview of the National Erasmus+ Office Coordinator<\/a> <span class=\"sya_categories\"><span class=\"sya_bracket\">(<\/span>News<span class=\"sya_bracket\">)<\/span><\/span><\/div><\/li><li class=\"\"><div class=\"sya_postcontent\"><span class=\"sya_date\">09.06. <span class=\"sya_sep\">- <\/span><\/span><a href=\"https:\/\/erasmusplus.al\/?p=7499\" class=\"sya_postlink post-7499\" rel=\"bookmark\">CBHE Virtual Fair coming in October 2021<\/a> <span class=\"sya_categories\"><span class=\"sya_bracket\">(<\/span>News<span class=\"sya_bracket\">)<\/span><\/span><\/div><\/li><li class=\"\"><div class=\"sya_postcontent\"><span class=\"sya_date\">09.06. <span class=\"sya_sep\">- <\/span><\/span><a href=\"https:\/\/erasmusplus.al\/?p=7497\" class=\"sya_postlink post-7497\" rel=\"bookmark\">Announcement of the new International Erasmus MSc degree program: \u201cSmart Maritime &#038; Surveying Systems\u201d<\/a> <span class=\"sya_categories\"><span class=\"sya_bracket\">(<\/span>News<span class=\"sya_bracket\">)<\/span><\/span><\/div><\/li><li class=\"\"><div class=\"sya_postcontent\"><span class=\"sya_date\">08.06. <span class=\"sya_sep\">- <\/span><\/span><a href=\"https:\/\/erasmusplus.al\/?p=7523\" class=\"sya_postlink post-7523\" rel=\"bookmark\">The first monitoring visit of the U-SIA project<\/a> <span class=\"sya_categories\"><span class=\"sya_bracket\">(<\/span>Monitoring Visit, NEO Activities<span class=\"sya_bracket\">)<\/span><\/span><\/div><\/li><li class=\"\"><div class=\"sya_postcontent\"><span class=\"sya_date\">27.05. <span class=\"sya_sep\">- <\/span><\/span><a href=\"https:\/\/erasmusplus.al\/?p=7490\" class=\"sya_postlink post-7490\" rel=\"bookmark\">Europe Weeks 2021, Delvin\u00eb<\/a> <span class=\"sya_categories\"><span class=\"sya_bracket\">(<\/span>Info Session, NEO Activities<span class=\"sya_bracket\">)<\/span><\/span><\/div><\/li><li class=\"\"><div class=\"sya_postcontent\"><span class=\"sya_date\">26.05. <span class=\"sya_sep\">- <\/span><\/span><a href=\"https:\/\/erasmusplus.al\/?p=7482\" class=\"sya_postlink post-7482\" rel=\"bookmark\">Europe Weeks 2021, Gjirokastra<\/a> <span class=\"sya_categories\"><span class=\"sya_bracket\">(<\/span>Info Session, NEO Activities<span class=\"sya_bracket\">)<\/span><\/span><\/div><\/li><li class=\"\"><div class=\"sya_postcontent\"><span class=\"sya_date\">24.05. <span class=\"sya_sep\">- <\/span><\/span><a href=\"https:\/\/erasmusplus.al\/?p=7480\" class=\"sya_postlink post-7480\" rel=\"bookmark\">The upcoming 2021 CBY call for proposals<\/a> <span class=\"sya_categories\"><span class=\"sya_bracket\">(<\/span>News<span class=\"sya_bracket\">)<\/span><\/span><\/div><\/li><li class=\"\"><div class=\"sya_postcontent\"><span class=\"sya_date\">23.05. <span class=\"sya_sep\">- <\/span><\/span><a href=\"https:\/\/erasmusplus.al\/?p=7476\" class=\"sya_postlink post-7476\" rel=\"bookmark\">Europe Weeks 2021, Kor\u00e7a<\/a> <span class=\"sya_categories\"><span class=\"sya_bracket\">(<\/span>Info Session, NEO Activities<span class=\"sya_bracket\">)<\/span><\/span><\/div><\/li><li class=\"\"><div class=\"sya_postcontent\"><span class=\"sya_date\">20.05. <span class=\"sya_sep\">- <\/span><\/span><a href=\"https:\/\/erasmusplus.al\/?p=7470\" class=\"sya_postlink post-7470\" rel=\"bookmark\">Europe Weeks 2021, Kavaja<\/a> <span class=\"sya_categories\"><span class=\"sya_bracket\">(<\/span>Info Session, NEO Activities<span class=\"sya_bracket\">)<\/span><\/span><\/div><\/li><li class=\"\"><div class=\"sya_postcontent\"><span class=\"sya_date\">19.05. <span class=\"sya_sep\">- <\/span><\/span><a href=\"https:\/\/erasmusplus.al\/?p=7465\" class=\"sya_postlink post-7465\" rel=\"bookmark\">Europe Weeks 2021, Durr\u00ebs<\/a> <span class=\"sya_categories\"><span class=\"sya_bracket\">(<\/span>Info Session, NEO Activities, News<span class=\"sya_bracket\">)<\/span><\/span><\/div><\/li><li class=\"\"><div class=\"sya_postcontent\"><span class=\"sya_date\">18.05. <span class=\"sya_sep\">- <\/span><\/span><a href=\"https:\/\/erasmusplus.al\/?p=7457\" class=\"sya_postlink post-7457\" rel=\"bookmark\">Europe Weeks 2021, Kamza and Shijak<\/a> <span class=\"sya_categories\"><span class=\"sya_bracket\">(<\/span>Info Session, NEO Activities<span class=\"sya_bracket\">)<\/span><\/span><\/div><\/li><li class=\"\"><div class=\"sya_postcontent\"><span class=\"sya_date\">17.05. <span class=\"sya_sep\">- <\/span><\/span><a href=\"https:\/\/erasmusplus.al\/?p=7451\" class=\"sya_postlink post-7451\" rel=\"bookmark\">Info Session with Youth Agency<\/a> <span class=\"sya_categories\"><span class=\"sya_bracket\">(<\/span>Info Session, NEO Activities<span class=\"sya_bracket\">)<\/span><\/span><\/div><\/li><li class=\"\"><div class=\"sya_postcontent\"><span class=\"sya_date\">16.05. <span class=\"sya_sep\">- <\/span><\/span><a href=\"https:\/\/erasmusplus.al\/?p=7444\" class=\"sya_postlink post-7444\" rel=\"bookmark\">Europe Weeks 2021, Tirana<\/a> <span class=\"sya_categories\"><span class=\"sya_bracket\">(<\/span>Info Session, NEO Activities<span class=\"sya_bracket\">)<\/span><\/span><\/div><\/li><li class=\"\"><div class=\"sya_postcontent\"><span class=\"sya_date\">14.05. <span class=\"sya_sep\">- <\/span><\/span><a href=\"https:\/\/erasmusplus.al\/?p=7435\" class=\"sya_postlink post-7435\" rel=\"bookmark\">Europe Weeks 2021, La\u00e7<\/a> <span class=\"sya_categories\"><span class=\"sya_bracket\">(<\/span>Info Session, NEO Activities<span class=\"sya_bracket\">)<\/span><\/span><\/div><\/li><li class=\"\"><div class=\"sya_postcontent\"><span class=\"sya_date\">12.05. <span class=\"sya_sep\">- <\/span><\/span><a href=\"https:\/\/erasmusplus.al\/?p=7426\" class=\"sya_postlink post-7426\" rel=\"bookmark\">Europe Weeks 2021, Burrel<\/a> <span class=\"sya_categories\"><span class=\"sya_bracket\">(<\/span>Info Session, NEO Activities<span class=\"sya_bracket\">)<\/span><\/span><\/div><\/li><li class=\"\"><div class=\"sya_postcontent\"><span class=\"sya_date\">05.05. <span class=\"sya_sep\">- <\/span><\/span><a href=\"https:\/\/erasmusplus.al\/?p=7424\" class=\"sya_postlink post-7424\" rel=\"bookmark\">The new deadline for Erasmus Mundus (both EMJM and EMDM)<\/a> <span class=\"sya_categories\"><span class=\"sya_bracket\">(<\/span>News<span class=\"sya_bracket\">)<\/span><\/span><\/div><\/li><li class=\"\"><div class=\"sya_postcontent\"><span class=\"sya_date\">26.04. <span class=\"sya_sep\">- <\/span><\/span><a href=\"https:\/\/erasmusplus.al\/?p=7422\" class=\"sya_postlink post-7422\" rel=\"bookmark\">Calls for proposals 2021<\/a> <span class=\"sya_categories\"><span class=\"sya_bracket\">(<\/span>News<span class=\"sya_bracket\">)<\/span><\/span><\/div><\/li><li class=\"\"><div class=\"sya_postcontent\"><span class=\"sya_date\">20.04. <span class=\"sya_sep\">- <\/span><\/span><a href=\"https:\/\/erasmusplus.al\/?p=7417\" class=\"sya_postlink post-7417\" rel=\"bookmark\">Kick-Off Meeting of the project EntrAL<\/a> <span class=\"sya_categories\"><span class=\"sya_bracket\">(<\/span>Meeting, Monitoring Visit, NEO Activities, Uncategorized<span class=\"sya_bracket\">)<\/span><\/span><\/div><\/li><li class=\"\"><div class=\"sya_postcontent\"><span class=\"sya_date\">01.04. <span class=\"sya_sep\">- <\/span><\/span><a href=\"https:\/\/erasmusplus.al\/?p=7411\" class=\"sya_postlink post-7411\" rel=\"bookmark\">Cooperation agreement between the National Erasmus+\u00a0 Office and the &#8220;Youth Agency&#8221;<\/a> <span class=\"sya_categories\"><span class=\"sya_bracket\">(<\/span>Meeting, NEO Activities<span class=\"sya_bracket\">)<\/span><\/span><\/div><\/li><li class=\"\"><div class=\"sya_postcontent\"><span class=\"sya_date\">01.04. <span class=\"sya_sep\">- <\/span><\/span><a href=\"https:\/\/erasmusplus.al\/?p=7406\" class=\"sya_postlink post-7406\" rel=\"bookmark\">Coordination meeting with HERE Team<\/a> <span class=\"sya_categories\"><span class=\"sya_bracket\">(<\/span>HERE Activities, Meeting, NEO Activities<span class=\"sya_bracket\">)<\/span><\/span><\/div><\/li><li class=\"\"><div class=\"sya_postcontent\"><span class=\"sya_date\">16.03. <span class=\"sya_sep\">- <\/span><\/span><a href=\"https:\/\/erasmusplus.al\/?p=7409\" class=\"sya_postlink post-7409\" rel=\"bookmark\">Info Event on the Marie Sk\u0142odowska-Curie Actions<\/a> <span class=\"sya_categories\"><span class=\"sya_bracket\">(<\/span>News<span class=\"sya_bracket\">)<\/span><\/span><\/div><\/li><li class=\"\"><div class=\"sya_postcontent\"><span class=\"sya_date\">17.02. <span class=\"sya_sep\">- <\/span><\/span><a href=\"https:\/\/erasmusplus.al\/?p=7402\" class=\"sya_postlink post-7402\" rel=\"bookmark\">Virtual Meeting on the Western Balkans Agenda on Innovation, Research, Education, Culture, Youth &#038; Sport<\/a> <span class=\"sya_categories\"><span class=\"sya_bracket\">(<\/span>Meeting, NEO Activities<span class=\"sya_bracket\">)<\/span><\/span><\/div><\/li><li class=\"\"><div class=\"sya_postcontent\"><span class=\"sya_date\">15.02. <span class=\"sya_sep\">- <\/span><\/span><a href=\"https:\/\/erasmusplus.al\/?p=6549&lang=sq\" class=\"sya_postlink post-6549\" rel=\"bookmark\">Extension of applications&#8217; deadline: Recruitment of one NEO staff<\/a> <span class=\"sya_categories\"><span class=\"sya_bracket\">(<\/span>Aktivitete, Njoftime<span class=\"sya_bracket\">)<\/span><\/span><\/div><\/li><li class=\"\"><div class=\"sya_postcontent\"><span class=\"sya_date\">15.02. <span class=\"sya_sep\">- <\/span><\/span><a href=\"https:\/\/erasmusplus.al\/?p=6545\" class=\"sya_postlink post-6545\" rel=\"bookmark\">Extension of applications&#8217; deadline: Recruitment of one NEO staff<\/a> <span class=\"sya_categories\"><span class=\"sya_bracket\">(<\/span>Activities, News<span class=\"sya_bracket\">)<\/span><\/span><\/div><\/li><li class=\"\"><div class=\"sya_postcontent\"><span class=\"sya_date\">10.02. <span class=\"sya_sep\">- <\/span><\/span><a href=\"https:\/\/erasmusplus.al\/?p=7397\" class=\"sya_postlink post-7397\" rel=\"bookmark\">DualAFS Steering Committee Meeting<\/a> <span class=\"sya_categories\"><span class=\"sya_bracket\">(<\/span>Meeting, NEO Activities<span class=\"sya_bracket\">)<\/span><\/span><\/div><\/li><li class=\"\"><div class=\"sya_postcontent\"><span class=\"sya_date\">02.02. <span class=\"sya_sep\">- <\/span><\/span><a href=\"https:\/\/erasmusplus.al\/?p=7391\" class=\"sya_postlink post-7391\" rel=\"bookmark\">Online meeting on &#8220;For the management of projects with foreign financing in public HEIs&#8221;<\/a> <span class=\"sya_categories\"><span class=\"sya_bracket\">(<\/span>Meeting, NEO Activities<span class=\"sya_bracket\">)<\/span><\/span><\/div><\/li><li class=\"\"><div class=\"sya_postcontent\"><span class=\"sya_date\">02.02. <span class=\"sya_sep\">- <\/span><\/span><a href=\"https:\/\/erasmusplus.al\/?p=7387\" class=\"sya_postlink post-7387\" rel=\"bookmark\">Info Session with the Youth Congress<\/a> <span class=\"sya_categories\"><span class=\"sya_bracket\">(<\/span>Info Session, NEO Activities<span class=\"sya_bracket\">)<\/span><\/span><\/div><\/li><li class=\"\"><div class=\"sya_postcontent\"><span class=\"sya_date\">01.02. <span class=\"sya_sep\">- <\/span><\/span><a href=\"https:\/\/erasmusplus.al\/?p=6421\" class=\"sya_postlink post-6421\" rel=\"bookmark\">Job vacancy in Erasmus+ Office Albania<\/a> <span class=\"sya_categories\"><span class=\"sya_bracket\">(<\/span>Activities, News<span class=\"sya_bracket\">)<\/span><\/span><\/div><\/li><li class=\"\"><div class=\"sya_postcontent\"><span class=\"sya_date\">01.02. <span class=\"sya_sep\">- <\/span><\/span><a href=\"https:\/\/erasmusplus.al\/?p=6424&lang=sq\" class=\"sya_postlink post-6424\" rel=\"bookmark\">Job vacancy in Erasmus+ Office Albania<\/a> <span class=\"sya_categories\"><span class=\"sya_bracket\">(<\/span>Aktivitete, Njoftime<span class=\"sya_bracket\">)<\/span><\/span><\/div><\/li><li class=\"\"><div class=\"sya_postcontent\"><span class=\"sya_date\">29.01. <span class=\"sya_sep\">- <\/span><\/span><a href=\"https:\/\/erasmusplus.al\/?p=7382\" class=\"sya_postlink post-7382\" rel=\"bookmark\">e-Booth as part of Grand Holders meeting<\/a> <span class=\"sya_categories\"><span class=\"sya_bracket\">(<\/span>Meeting, NEO Activities<span class=\"sya_bracket\">)<\/span><\/span><\/div><\/li><li class=\"\"><div class=\"sya_postcontent\"><span class=\"sya_date\">26.01. <span class=\"sya_sep\">- <\/span><\/span><a href=\"https:\/\/erasmusplus.al\/?p=7372\" class=\"sya_postlink post-7372\" rel=\"bookmark\">&#8220;Grantholders\u00b4Meeting 25-29 January 2021&#8221;\u00a0<\/a> <span class=\"sya_categories\"><span class=\"sya_bracket\">(<\/span>Meeting, NEO Activities<span class=\"sya_bracket\">)<\/span><\/span><\/div><\/li><li class=\"\"><div class=\"sya_postcontent\"><span class=\"sya_date\">25.01. <span class=\"sya_sep\">- <\/span><\/span><a href=\"https:\/\/erasmusplus.al\/?p=7377\" class=\"sya_postlink post-7377\" rel=\"bookmark\">Monitoring visit of TeComp Project<\/a> <span class=\"sya_categories\"><span class=\"sya_bracket\">(<\/span>Monitoring Visit, NEO Activities<span class=\"sya_bracket\">)<\/span><\/span><\/div><\/li><li class=\"\"><div class=\"sya_postcontent\"><span class=\"sya_date\">22.01. <span class=\"sya_sep\">- <\/span><\/span><a href=\"https:\/\/erasmusplus.al\/?p=7368\" class=\"sya_postlink post-7368\" rel=\"bookmark\">Monitoring Visit of REACH Project<\/a> <span class=\"sya_categories\"><span class=\"sya_bracket\">(<\/span>Monitoring Visit, NEO Activities<span class=\"sya_bracket\">)<\/span><\/span><\/div><\/li><li class=\"\"><div class=\"sya_postcontent\"><span class=\"sya_date\">22.01. <span class=\"sya_sep\">- <\/span><\/span><a href=\"https:\/\/erasmusplus.al\/?p=7365\" class=\"sya_postlink post-7365\" rel=\"bookmark\">Open Lecture within Jean Monnet module<\/a> <span class=\"sya_categories\"><span class=\"sya_bracket\">(<\/span>Info Session, NEO Activities<span class=\"sya_bracket\">)<\/span><\/span><\/div><\/li><li class=\"\"><div class=\"sya_postcontent\"><span class=\"sya_date\">18.01. <span class=\"sya_sep\">- <\/span><\/span><a href=\"https:\/\/erasmusplus.al\/?p=7360\" class=\"sya_postlink post-7360\" rel=\"bookmark\">Monitoring Visit of MARDS Project<\/a> <span class=\"sya_categories\"><span class=\"sya_bracket\">(<\/span>Monitoring Visit, NEO Activities<span class=\"sya_bracket\">)<\/span><\/span><\/div><\/li><li class=\"\"><div class=\"sya_postcontent\"><span class=\"sya_date\">15.01. <span class=\"sya_sep\">- <\/span><\/span><a href=\"https:\/\/erasmusplus.al\/?p=7357\" class=\"sya_postlink post-7357\" rel=\"bookmark\">Monitoring Visit of Bestsdi Project<\/a> <span class=\"sya_categories\"><span class=\"sya_bracket\">(<\/span>Monitoring Visit, NEO Activities<span class=\"sya_bracket\">)<\/span><\/span><\/div><\/li><li class=\"\"><div class=\"sya_postcontent\"><span class=\"sya_date\">14.01. <span class=\"sya_sep\">- <\/span><\/span><a href=\"https:\/\/erasmusplus.al\/?p=7826&lang=sq\" class=\"sya_postlink post-7826\" rel=\"bookmark\">Vizita monitoruese e projektit BKSTONE<\/a> <span class=\"sya_categories\"><span class=\"sya_bracket\">(<\/span>Uncategorized @sq<span class=\"sya_bracket\">)<\/span><\/span><\/div><\/li><li class=\"\"><div class=\"sya_postcontent\"><span class=\"sya_date\">14.01. <span class=\"sya_sep\">- <\/span><\/span><a href=\"https:\/\/erasmusplus.al\/?p=7350\" class=\"sya_postlink post-7350\" rel=\"bookmark\">Monitoring Visit of BKSTONE project<\/a> <span class=\"sya_categories\"><span class=\"sya_bracket\">(<\/span>Monitoring Visit, NEO Activities<span class=\"sya_bracket\">)<\/span><\/span><\/div><\/li><\/ul><\/div><!-- [et_pb_line_break_holder] --><div class=\"sya_container\" id=\"sya_container\"><p class=\"sya_yearslist\" id=\"sya_yearslist\"><a href=\"#year2020\">2020<\/a><\/p><h2><a id=\"year2020\"><\/a><a href=\"https:\/\/erasmusplus.al\/?m=2020\" rel=\"section\">2020<\/a> <span class=\"sya_yearcount\"><span class=\"sya_bracket\">(<\/span>130<span class=\"sya_bracket\">)<\/span><\/span><\/h2><ul><li class=\"\"><div class=\"sya_postcontent\"><span class=\"sya_date\">23.12. <span class=\"sya_sep\">- <\/span><\/span><a href=\"https:\/\/erasmusplus.al\/?p=6135&lang=sq\" class=\"sya_postlink post-6135\" rel=\"bookmark\">Takim partner\u00ebsh Projekti INTERBA_23 Dhjetor<\/a> <span class=\"sya_categories\"><span class=\"sya_bracket\">(<\/span>Aktivitete<span class=\"sya_bracket\">)<\/span><\/span><\/div><\/li><li class=\"\"><div class=\"sya_postcontent\"><span class=\"sya_date\">23.12. <span class=\"sya_sep\">- <\/span><\/span><a href=\"https:\/\/erasmusplus.al\/?p=6112\" class=\"sya_postlink post-6112\" rel=\"bookmark\">INTERBA Project meeting_December2020<\/a> <span class=\"sya_categories\"><span class=\"sya_bracket\">(<\/span>Activities<span class=\"sya_bracket\">)<\/span><\/span><\/div><\/li><li class=\"\"><div class=\"sya_postcontent\"><span class=\"sya_date\">21.12. <span class=\"sya_sep\">- <\/span><\/span><a href=\"https:\/\/erasmusplus.al\/?p=6094\" class=\"sya_postlink post-6094\" rel=\"bookmark\">ICM Monitoring Visit at EPOKA University<\/a> <span class=\"sya_categories\"><span class=\"sya_bracket\">(<\/span>Activities<span class=\"sya_bracket\">)<\/span><\/span><\/div><\/li><li class=\"\"><div class=\"sya_postcontent\"><span class=\"sya_date\">18.12. <span class=\"sya_sep\">- <\/span><\/span><a href=\"https:\/\/erasmusplus.al\/?p=6109&lang=sq\" class=\"sya_postlink post-6109\" rel=\"bookmark\">Monitorim Projektesh \u201cShk\u00ebmbim Studentor dhe Stafi\u201d_Uni EPOKA<\/a> <span class=\"sya_categories\"><span class=\"sya_bracket\">(<\/span>Aktivitete<span class=\"sya_bracket\">)<\/span><\/span><\/div><\/li><li class=\"\"><div class=\"sya_postcontent\"><span class=\"sya_date\">18.12. <span class=\"sya_sep\">- <\/span><\/span><a href=\"https:\/\/erasmusplus.al\/?p=6092&lang=sq\" class=\"sya_postlink post-6092\" rel=\"bookmark\">Takimi: Statusi aktual i student\u00ebve n\u00eb shk\u00ebmbimet studentore n\u00eb WB, EU lindore dhe Rusi.<\/a> <span class=\"sya_categories\"><span class=\"sya_bracket\">(<\/span>Aktivitete<span class=\"sya_bracket\">)<\/span><\/span><\/div><\/li><li class=\"\"><div class=\"sya_postcontent\"><span class=\"sya_date\">18.12. <span class=\"sya_sep\">- <\/span><\/span><a href=\"https:\/\/erasmusplus.al\/?p=6069\" class=\"sya_postlink post-6069\" rel=\"bookmark\">Current state of student mobility in Erasmus+ partner countries<\/a> <span class=\"sya_categories\"><span class=\"sya_bracket\">(<\/span>Activities<span class=\"sya_bracket\">)<\/span><\/span><\/div><\/li><li class=\"\"><div class=\"sya_postcontent\"><span class=\"sya_date\">18.12. <span class=\"sya_sep\">- <\/span><\/span><a href=\"https:\/\/erasmusplus.al\/?p=6065&lang=sq\" class=\"sya_postlink post-6065\" rel=\"bookmark\">Monitorim \u00a0Projekti INTERBA_Platform\u00eb digjitale.<\/a> <span class=\"sya_categories\"><span class=\"sya_bracket\">(<\/span>Aktivitete<span class=\"sya_bracket\">)<\/span><\/span><\/div><\/li><li class=\"\"><div class=\"sya_postcontent\"><span class=\"sya_date\">18.12. <span class=\"sya_sep\">- <\/span><\/span><a href=\"https:\/\/erasmusplus.al\/?p=6057\" class=\"sya_postlink post-6057\" rel=\"bookmark\">eMonitoring Visit_Project INTERBA_Dec18<\/a> <span class=\"sya_categories\"><span class=\"sya_bracket\">(<\/span>Activities<span class=\"sya_bracket\">)<\/span><\/span><\/div><\/li><li class=\"\"><div class=\"sya_postcontent\"><span class=\"sya_date\">17.12. <span class=\"sya_sep\">- <\/span><\/span><a href=\"https:\/\/erasmusplus.al\/?p=6039&lang=sq\" class=\"sya_postlink post-6039\" rel=\"bookmark\">Monitorim  Projekti GEOBIZ_Dhjetor 17<\/a> <span class=\"sya_categories\"><span class=\"sya_bracket\">(<\/span>Aktivitete<span class=\"sya_bracket\">)<\/span><\/span><\/div><\/li><li class=\"\"><div class=\"sya_postcontent\"><span class=\"sya_date\">17.12. <span class=\"sya_sep\">- <\/span><\/span><a href=\"https:\/\/erasmusplus.al\/?p=6054&lang=sq\" class=\"sya_postlink post-6054\" rel=\"bookmark\">Monitorim \u00a0Projekti GEOBIZ_Dhjetor 17<\/a> <span class=\"sya_categories\"><span class=\"sya_bracket\">(<\/span>Aktivitete<span class=\"sya_bracket\">)<\/span><\/span><\/div><\/li><li class=\"\"><div class=\"sya_postcontent\"><span class=\"sya_date\">17.12. <span class=\"sya_sep\">- <\/span><\/span><a href=\"https:\/\/erasmusplus.al\/?p=6043\" class=\"sya_postlink post-6043\" rel=\"bookmark\">eMonitoring Visit_Project GEOBIZ_Dec17<\/a> <span class=\"sya_categories\"><span class=\"sya_bracket\">(<\/span>Activities<span class=\"sya_bracket\">)<\/span><\/span><\/div><\/li><li class=\"\"><div class=\"sya_postcontent\"><span class=\"sya_date\">15.12. <span class=\"sya_sep\">- <\/span><\/span><a href=\"https:\/\/erasmusplus.al\/?p=6021&lang=sq\" class=\"sya_postlink post-6021\" rel=\"bookmark\">Takimi: Statusi aktual i student\u00ebve n\u00eb shk\u00ebmbimet studentore n\u00eb WB, EU lindore dhe Rusi.<\/a> <span class=\"sya_categories\"><span class=\"sya_bracket\">(<\/span>Aktivitete<span class=\"sya_bracket\">)<\/span><\/span><\/div><\/li><li class=\"\"><div class=\"sya_postcontent\"><span class=\"sya_date\">15.12. <span class=\"sya_sep\">- <\/span><\/span><a href=\"https:\/\/erasmusplus.al\/?p=6003\" class=\"sya_postlink post-6003\" rel=\"bookmark\">#Info Session_NA France &#038; NEO Albania_December15<\/a> <span class=\"sya_categories\"><span class=\"sya_bracket\">(<\/span>Activities<span class=\"sya_bracket\">)<\/span><\/span><\/div><\/li><li class=\"\"><div class=\"sya_postcontent\"><span class=\"sya_date\">14.12. <span class=\"sya_sep\">- <\/span><\/span><a href=\"https:\/\/erasmusplus.al\/?p=6000&lang=sq\" class=\"sya_postlink post-6000\" rel=\"bookmark\">Monitorim  Projekti QUADIC _14 Dhjetor<\/a> <span class=\"sya_categories\"><span class=\"sya_bracket\">(<\/span>Aktivitete<span class=\"sya_bracket\">)<\/span><\/span><\/div><\/li><li class=\"\"><div class=\"sya_postcontent\"><span class=\"sya_date\">14.12. <span class=\"sya_sep\">- <\/span><\/span><a href=\"https:\/\/erasmusplus.al\/?p=5993\" class=\"sya_postlink post-5993\" rel=\"bookmark\">eMonitoring Visit_Project_QUADIC _Dec14<\/a> <span class=\"sya_categories\"><span class=\"sya_bracket\">(<\/span>Activities<span class=\"sya_bracket\">)<\/span><\/span><\/div><\/li><li class=\"\"><div class=\"sya_postcontent\"><span class=\"sya_date\">14.12. <span class=\"sya_sep\">- <\/span><\/span><a href=\"https:\/\/erasmusplus.al\/?p=5814&lang=sq\" class=\"sya_postlink post-5814\" rel=\"bookmark\">Raporti i Mbulimit dhe Ndikimit i #ErasmusDays 2020<\/a> <span class=\"sya_categories\"><span class=\"sya_bracket\">(<\/span>Aktivitete<span class=\"sya_bracket\">)<\/span><\/span><\/div><\/li><li class=\"\"><div class=\"sya_postcontent\"><span class=\"sya_date\">14.12. <span class=\"sya_sep\">- <\/span><\/span><a href=\"https:\/\/erasmusplus.al\/?p=5801\" class=\"sya_postlink post-5801\" rel=\"bookmark\">The Coverage and Impact Report of the #ErasmusDays 2020<\/a> <span class=\"sya_categories\"><span class=\"sya_bracket\">(<\/span>Activities<span class=\"sya_bracket\">)<\/span><\/span><\/div><\/li><li class=\"\"><div class=\"sya_postcontent\"><span class=\"sya_date\">11.12. <span class=\"sya_sep\">- <\/span><\/span><a href=\"https:\/\/erasmusplus.al\/?p=5990&lang=sq\" class=\"sya_postlink post-5990\" rel=\"bookmark\">Monitorim  Projekti VALEU-X _11 Dhjetor<\/a> <span class=\"sya_categories\"><span class=\"sya_bracket\">(<\/span>Aktivitete<span class=\"sya_bracket\">)<\/span><\/span><\/div><\/li><li class=\"\"><div class=\"sya_postcontent\"><span class=\"sya_date\">11.12. <span class=\"sya_sep\">- <\/span><\/span><a href=\"https:\/\/erasmusplus.al\/?p=5972\" class=\"sya_postlink post-5972\" rel=\"bookmark\">eMonitoring Visit_Project VALEU-X _Dec11<\/a> <span class=\"sya_categories\"><span class=\"sya_bracket\">(<\/span>Activities<span class=\"sya_bracket\">)<\/span><\/span><\/div><\/li><li class=\"\"><div class=\"sya_postcontent\"><span class=\"sya_date\">11.12. <span class=\"sya_sep\">- <\/span><\/span><a href=\"https:\/\/erasmusplus.al\/?p=6411\" class=\"sya_postlink post-6411\" rel=\"bookmark\">Development of learning outcomes and competence based learning in HEIs<\/a> <span class=\"sya_categories\"><span class=\"sya_bracket\">(<\/span>HERE Activities<span class=\"sya_bracket\">)<\/span><\/span><\/div><\/li><li class=\"\"><div class=\"sya_postcontent\"><span class=\"sya_date\">09.12. <span class=\"sya_sep\">- <\/span><\/span><a href=\"https:\/\/erasmusplus.al\/?p=5969&lang=sq\" class=\"sya_postlink post-5969\" rel=\"bookmark\">Takim Koordinator\u00ebt e Projekteve Erasmus+ \u201cNKAL\u201d_Thirrja 2020<\/a> <span class=\"sya_categories\"><span class=\"sya_bracket\">(<\/span>Aktivitete<span class=\"sya_bracket\">)<\/span><\/span><\/div><\/li><li class=\"\"><div class=\"sya_postcontent\"><span class=\"sya_date\">09.12. <span class=\"sya_sep\">- <\/span><\/span><a href=\"https:\/\/erasmusplus.al\/?p=5965\" class=\"sya_postlink post-5965\" rel=\"bookmark\">Meeting Albanian HEIs  Coordinator CBHE_Call2020<\/a> <span class=\"sya_categories\"><span class=\"sya_bracket\">(<\/span>Activities<span class=\"sya_bracket\">)<\/span><\/span><\/div><\/li><li class=\"\"><div class=\"sya_postcontent\"><span class=\"sya_date\">08.12. <span class=\"sya_sep\">- <\/span><\/span><a href=\"https:\/\/erasmusplus.al\/?p=6610\" class=\"sya_postlink post-6610\" rel=\"bookmark\">Erasmus Day<\/a> <span class=\"sya_categories\"><span class=\"sya_bracket\">(<\/span>Activities<span class=\"sya_bracket\">)<\/span><\/span><\/div><\/li><li class=\"\"><div class=\"sya_postcontent\"><span class=\"sya_date\">02.12. <span class=\"sya_sep\">- <\/span><\/span><a href=\"https:\/\/erasmusplus.al\/?p=5793&lang=sq\" class=\"sya_postlink post-5793\" rel=\"bookmark\">National HERE Seminar Online<\/a> <span class=\"sya_categories\"><span class=\"sya_bracket\">(<\/span>HERE Aktivitete, Njoftime<span class=\"sya_bracket\">)<\/span><\/span><\/div><\/li><li class=\"\"><div class=\"sya_postcontent\"><span class=\"sya_date\">02.12. <span class=\"sya_sep\">- <\/span><\/span><a href=\"https:\/\/erasmusplus.al\/?p=5788\" class=\"sya_postlink post-5788\" rel=\"bookmark\">National HERE Online Seminar<\/a> <span class=\"sya_categories\"><span class=\"sya_bracket\">(<\/span>HERE Activities, News<span class=\"sya_bracket\">)<\/span><\/span><\/div><\/li><li class=\"\"><div class=\"sya_postcontent\"><span class=\"sya_date\">19.11. <span class=\"sya_sep\">- <\/span><\/span><a href=\"https:\/\/erasmusplus.al\/?p=5908&lang=sq\" class=\"sya_postlink post-5908\" rel=\"bookmark\">&#8220;Debati Studentor mbi t\u00eb ardhmen e Shk\u00ebmbimeve Studetore Erasmus+&#8221;<\/a> <span class=\"sya_categories\"><span class=\"sya_bracket\">(<\/span>Aktivitete<span class=\"sya_bracket\">)<\/span><\/span><\/div><\/li><li class=\"\"><div class=\"sya_postcontent\"><span class=\"sya_date\">19.11. <span class=\"sya_sep\">- <\/span><\/span><a href=\"https:\/\/erasmusplus.al\/?p=5894\" class=\"sya_postlink post-5894\" rel=\"bookmark\">Student debate on the future of student\u2019s exchange with Erasmus +.<\/a> <span class=\"sya_categories\"><span class=\"sya_bracket\">(<\/span>Activities<span class=\"sya_bracket\">)<\/span><\/span><\/div><\/li><li class=\"\"><div class=\"sya_postcontent\"><span class=\"sya_date\">17.11. <span class=\"sya_sep\">- <\/span><\/span><a href=\"https:\/\/erasmusplus.al\/?p=5944&lang=sq\" class=\"sya_postlink post-5944\" rel=\"bookmark\">Debati Studentor mbi t\u00eb ardhmen e Shk\u00ebmbimeve Studetore Erasmus+<\/a> <span class=\"sya_categories\"><span class=\"sya_bracket\">(<\/span>Aktivitete<span class=\"sya_bracket\">)<\/span><\/span><\/div><\/li><li class=\"\"><div class=\"sya_postcontent\"><span class=\"sya_date\">17.11. <span class=\"sya_sep\">- <\/span><\/span><a href=\"https:\/\/erasmusplus.al\/?p=5940\" class=\"sya_postlink post-5940\" rel=\"bookmark\">Students Debate on the Future of Erasmus+ Mobility<\/a> <span class=\"sya_categories\"><span class=\"sya_bracket\">(<\/span>Activities<span class=\"sya_bracket\">)<\/span><\/span><\/div><\/li><li class=\"\"><div class=\"sya_postcontent\"><span class=\"sya_date\">11.11. <span class=\"sya_sep\">- <\/span><\/span><a href=\"https:\/\/erasmusplus.al\/?p=5882&lang=sq\" class=\"sya_postlink post-5882\" rel=\"bookmark\">Vizit\u00eb Monitoruese Projekti Almars_11 N\u00ebntor 2020<\/a> <span class=\"sya_categories\"><span class=\"sya_bracket\">(<\/span>Aktivitete<span class=\"sya_bracket\">)<\/span><\/span><\/div><\/li><li class=\"\"><div class=\"sya_postcontent\"><span class=\"sya_date\">11.11. <span class=\"sya_sep\">- <\/span><\/span><a href=\"https:\/\/erasmusplus.al\/?p=5876\" class=\"sya_postlink post-5876\" rel=\"bookmark\">ALMARS Project Monitoring Visit_11 Nov 2020<\/a> <span class=\"sya_categories\"><span class=\"sya_bracket\">(<\/span>Activities<span class=\"sya_bracket\">)<\/span><\/span><\/div><\/li><li class=\"\"><div class=\"sya_postcontent\"><span class=\"sya_date\">10.11. <span class=\"sya_sep\">- <\/span><\/span><a href=\"https:\/\/erasmusplus.al\/?p=5962&lang=sq\" class=\"sya_postlink post-5962\" rel=\"bookmark\">Konferenca P\u00ebrmbyll\u00ebse e Projektit TEAVET_N\u00ebntor 2020<\/a> <span class=\"sya_categories\"><span class=\"sya_bracket\">(<\/span>Aktivitete<span class=\"sya_bracket\">)<\/span><\/span><\/div><\/li><li class=\"\"><div class=\"sya_postcontent\"><span class=\"sya_date\">10.11. <span class=\"sya_sep\">- <\/span><\/span><a href=\"https:\/\/erasmusplus.al\/?p=5953\" class=\"sya_postlink post-5953\" rel=\"bookmark\">TEAVET Project Final Conference_Nov 2020<\/a> <span class=\"sya_categories\"><span class=\"sya_bracket\">(<\/span>Activities<span class=\"sya_bracket\">)<\/span><\/span><\/div><\/li><li class=\"\"><div class=\"sya_postcontent\"><span class=\"sya_date\">10.11. <span class=\"sya_sep\">- <\/span><\/span><a href=\"https:\/\/erasmusplus.al\/?p=5937&lang=sq\" class=\"sya_postlink post-5937\" rel=\"bookmark\">Vizit\u00eb Monitoruese e Projektit KnowHub_10 N\u00ebntor 2020<\/a> <span class=\"sya_categories\"><span class=\"sya_bracket\">(<\/span>Aktivitete<span class=\"sya_bracket\">)<\/span><\/span><\/div><\/li><li class=\"\"><div class=\"sya_postcontent\"><span class=\"sya_date\">10.11. <span class=\"sya_sep\">- <\/span><\/span><a href=\"https:\/\/erasmusplus.al\/?p=5928\" class=\"sya_postlink post-5928\" rel=\"bookmark\">Visit Monitoring_ KnowHub Project_10 Nov 2020<\/a> <span class=\"sya_categories\"><span class=\"sya_bracket\">(<\/span>Activities<span class=\"sya_bracket\">)<\/span><\/span><\/div><\/li><li class=\"\"><div class=\"sya_postcontent\"><span class=\"sya_date\">10.11. <span class=\"sya_sep\">- <\/span><\/span><a href=\"https:\/\/erasmusplus.al\/?p=5926&lang=sq\" class=\"sya_postlink post-5926\" rel=\"bookmark\">Sesion Informues mbi Programin Erasmus+_me t\u00eb rinjt\u00eb e Vlor\u00ebs<\/a> <span class=\"sya_categories\"><span class=\"sya_bracket\">(<\/span>Aktivitete<span class=\"sya_bracket\">)<\/span><\/span><\/div><\/li><li class=\"\"><div class=\"sya_postcontent\"><span class=\"sya_date\">10.11. <span class=\"sya_sep\">- <\/span><\/span><a href=\"https:\/\/erasmusplus.al\/?p=5911\" class=\"sya_postlink post-5911\" rel=\"bookmark\">Info Session on Erasmus+_Vlora Youth<\/a> <span class=\"sya_categories\"><span class=\"sya_bracket\">(<\/span>Activities<span class=\"sya_bracket\">)<\/span><\/span><\/div><\/li><li class=\"\"><div class=\"sya_postcontent\"><span class=\"sya_date\">10.11. <span class=\"sya_sep\">- <\/span><\/span><a href=\"https:\/\/erasmusplus.al\/?p=5891&lang=sq\" class=\"sya_postlink post-5891\" rel=\"bookmark\">Vizit\u00eb Monitoruese Projekti BlueWBC_10 N\u00ebntor 2020<\/a> <span class=\"sya_categories\"><span class=\"sya_bracket\">(<\/span>Aktivitete<span class=\"sya_bracket\">)<\/span><\/span><\/div><\/li><li class=\"\"><div class=\"sya_postcontent\"><span class=\"sya_date\">10.11. <span class=\"sya_sep\">- <\/span><\/span><a href=\"https:\/\/erasmusplus.al\/?p=5884\" class=\"sya_postlink post-5884\" rel=\"bookmark\">BlueWBC Project Monitoring Visit_10 Nov 2020<\/a> <span class=\"sya_categories\"><span class=\"sya_bracket\">(<\/span>Activities<span class=\"sya_bracket\">)<\/span><\/span><\/div><\/li><li class=\"\"><div class=\"sya_postcontent\"><span class=\"sya_date\">03.11. <span class=\"sya_sep\">- <\/span><\/span><a href=\"https:\/\/erasmusplus.al\/?p=5950&lang=sq\" class=\"sya_postlink post-5950\" rel=\"bookmark\">Pyet\u00ebsor p\u00ebr impaktin e rrjeteve sociale t\u00eb Erasmus+ Shqip\u00ebri<\/a> <span class=\"sya_categories\"><span class=\"sya_bracket\">(<\/span>Aktivitete<span class=\"sya_bracket\">)<\/span><\/span><\/div><\/li><li class=\"\"><div class=\"sya_postcontent\"><span class=\"sya_date\">03.11. <span class=\"sya_sep\">- <\/span><\/span><a href=\"https:\/\/erasmusplus.al\/?p=5946\" class=\"sya_postlink post-5946\" rel=\"bookmark\">Survey on the Impact of Social Media _AlbaniaErasmus+<\/a> <span class=\"sya_categories\"><span class=\"sya_bracket\">(<\/span>Activities<span class=\"sya_bracket\">)<\/span><\/span><\/div><\/li><li class=\"\"><div class=\"sya_postcontent\"><span class=\"sya_date\">28.10. <span class=\"sya_sep\">- <\/span><\/span><a href=\"https:\/\/erasmusplus.al\/?p=6225&lang=sq\" class=\"sya_postlink post-6225\" rel=\"bookmark\">Dit\u00ebt Erasmus n\u00eb Shqiperi  \u00a0<\/a> <span class=\"sya_categories\"><span class=\"sya_bracket\">(<\/span>Aktivitete<span class=\"sya_bracket\">)<\/span><\/span><\/div><\/li><li class=\"\"><div class=\"sya_postcontent\"><span class=\"sya_date\">28.10. <span class=\"sya_sep\">- <\/span><\/span><a href=\"https:\/\/erasmusplus.al\/?p=6222\" class=\"sya_postlink post-6222\" rel=\"bookmark\">Erasmus Days in Albania<\/a> <span class=\"sya_categories\"><span class=\"sya_bracket\">(<\/span>Activities<span class=\"sya_bracket\">)<\/span><\/span><\/div><\/li><li class=\"\"><div class=\"sya_postcontent\"><span class=\"sya_date\">20.10. <span class=\"sya_sep\">- <\/span><\/span><a href=\"https:\/\/erasmusplus.al\/?p=6219&lang=sq\" class=\"sya_postlink post-6219\" rel=\"bookmark\">#ErasmusDays\u200b 2020 | Interviste me Erida Curraj_UAMD<\/a> <span class=\"sya_categories\"><span class=\"sya_bracket\">(<\/span>Aktivitete<span class=\"sya_bracket\">)<\/span><\/span><\/div><\/li><li class=\"\"><div class=\"sya_postcontent\"><span class=\"sya_date\">20.10. <span class=\"sya_sep\">- <\/span><\/span><a href=\"https:\/\/erasmusplus.al\/?p=6213\" class=\"sya_postlink post-6213\" rel=\"bookmark\">#ErasmusDays\u200b 2020 | Interview with Erida Curraj_UAMD<\/a> <span class=\"sya_categories\"><span class=\"sya_bracket\">(<\/span>Activities<span class=\"sya_bracket\">)<\/span><\/span><\/div><\/li><li class=\"\"><div class=\"sya_postcontent\"><span class=\"sya_date\">17.10. <span class=\"sya_sep\">- <\/span><\/span><a href=\"https:\/\/erasmusplus.al\/?p=6354&lang=sq\" class=\"sya_postlink post-6354\" rel=\"bookmark\">Arrij Europ\u00ebn me Erasmus_Kolegji Profesional I Tiran\u00ebs<\/a> <span class=\"sya_categories\"><span class=\"sya_bracket\">(<\/span>Aktivitete<span class=\"sya_bracket\">)<\/span><\/span><\/div><\/li><li class=\"\"><div class=\"sya_postcontent\"><span class=\"sya_date\">17.10. <span class=\"sya_sep\">- <\/span><\/span><a href=\"https:\/\/erasmusplus.al\/?p=6330\" class=\"sya_postlink post-6330\" rel=\"bookmark\">Reach Europe with Erasmus_ Professional College of Tirana<\/a> <span class=\"sya_categories\"><span class=\"sya_bracket\">(<\/span>Activities<span class=\"sya_bracket\">)<\/span><\/span><\/div><\/li><li class=\"\"><div class=\"sya_postcontent\"><span class=\"sya_date\">16.10. <span class=\"sya_sep\">- <\/span><\/span><a href=\"https:\/\/erasmusplus.al\/?p=6408&lang=sq\" class=\"sya_postlink post-6408\" rel=\"bookmark\">Eksperiencat Erasmus n\u00eb syt\u00eb e student\u00ebve_UT<\/a> <span class=\"sya_categories\"><span class=\"sya_bracket\">(<\/span>Aktivitete<span class=\"sya_bracket\">)<\/span><\/span><\/div><\/li><li class=\"\"><div class=\"sya_postcontent\"><span class=\"sya_date\">16.10. <span class=\"sya_sep\">- <\/span><\/span><a href=\"https:\/\/erasmusplus.al\/?p=6398\" class=\"sya_postlink post-6398\" rel=\"bookmark\">\u201cErasmus experience in the eyes of students\u201d_UT<\/a> <span class=\"sya_categories\"><span class=\"sya_bracket\">(<\/span>Activities<span class=\"sya_bracket\">)<\/span><\/span><\/div><\/li><li class=\"\"><div class=\"sya_postcontent\"><span class=\"sya_date\">16.10. <span class=\"sya_sep\">- <\/span><\/span><a href=\"https:\/\/erasmusplus.al\/?p=6382\" class=\"sya_postlink post-6382\" rel=\"bookmark\">ErasmusDays_ University of New York in Tirana<\/a> <span class=\"sya_categories\"><span class=\"sya_bracket\">(<\/span>Activities<span class=\"sya_bracket\">)<\/span><\/span><\/div><\/li><li class=\"\"><div class=\"sya_postcontent\"><span class=\"sya_date\">16.10. <span class=\"sya_sep\">- <\/span><\/span><a href=\"https:\/\/erasmusplus.al\/?p=6379&lang=sq\" class=\"sya_postlink post-6379\" rel=\"bookmark\"><\/a> <span class=\"sya_categories\"><span class=\"sya_bracket\">(<\/span>Aktivitete<span class=\"sya_bracket\">)<\/span><\/span><\/div><\/li><li class=\"\"><div class=\"sya_postcontent\"><span class=\"sya_date\">16.10. <span class=\"sya_sep\">- <\/span><\/span><a href=\"https:\/\/erasmusplus.al\/?p=6357\" class=\"sya_postlink post-6357\" rel=\"bookmark\">ErasmusDays_ European University of Tirana<\/a> <span class=\"sya_categories\"><span class=\"sya_bracket\">(<\/span>Activities<span class=\"sya_bracket\">)<\/span><\/span><\/div><\/li><li class=\"\"><div class=\"sya_postcontent\"><span class=\"sya_date\">16.10. <span class=\"sya_sep\">- <\/span><\/span><a href=\"https:\/\/erasmusplus.al\/?p=6312&lang=sq\" class=\"sya_postlink post-6312\" rel=\"bookmark\">Video Udh\u00ebzuese p\u00ebr Student\u00ebt n\u00eb Shk\u00ebmbim Studentor<\/a> <span class=\"sya_categories\"><span class=\"sya_bracket\">(<\/span>Aktivitete<span class=\"sya_bracket\">)<\/span><\/span><\/div><\/li><li class=\"\"><div class=\"sya_postcontent\"><span class=\"sya_date\">16.10. <span class=\"sya_sep\">- <\/span><\/span><a href=\"https:\/\/erasmusplus.al\/?p=6310\" class=\"sya_postlink post-6310\" rel=\"bookmark\">Student Guide on How to Apply on Exchange students  \u00a0<\/a> <span class=\"sya_categories\"><span class=\"sya_bracket\">(<\/span>Activities<span class=\"sya_bracket\">)<\/span><\/span><\/div><\/li><li class=\"\"><div class=\"sya_postcontent\"><span class=\"sya_date\">16.10. <span class=\"sya_sep\">- <\/span><\/span><a href=\"https:\/\/erasmusplus.al\/?p=6308&lang=sq\" class=\"sya_postlink post-6308\" rel=\"bookmark\">Joint Master Erasmus Mundus_InfoAlbania_ A2CNN<\/a> <span class=\"sya_categories\"><span class=\"sya_bracket\">(<\/span>Aktivitete<span class=\"sya_bracket\">)<\/span><\/span><\/div><\/li><li class=\"\"><div class=\"sya_postcontent\"><span class=\"sya_date\">16.10. <span class=\"sya_sep\">- <\/span><\/span><a href=\"https:\/\/erasmusplus.al\/?p=6304\" class=\"sya_postlink post-6304\" rel=\"bookmark\">Joint Master Erasmus Mundus_InfoAlbania_ A2CNN<\/a> <span class=\"sya_categories\"><span class=\"sya_bracket\">(<\/span>Activities<span class=\"sya_bracket\">)<\/span><\/span><\/div><\/li><li class=\"\"><div class=\"sya_postcontent\"><span class=\"sya_date\">16.10. <span class=\"sya_sep\">- <\/span><\/span><a href=\"https:\/\/erasmusplus.al\/?p=6298&lang=sq\" class=\"sya_postlink post-6298\" rel=\"bookmark\">Erasmus+ Programme in Albania<\/a> <span class=\"sya_categories\"><span class=\"sya_bracket\">(<\/span>Aktivitete<span class=\"sya_bracket\">)<\/span><\/span><\/div><\/li><li class=\"\"><div class=\"sya_postcontent\"><span class=\"sya_date\">16.10. <span class=\"sya_sep\">- <\/span><\/span><a href=\"https:\/\/erasmusplus.al\/?p=6283\" class=\"sya_postlink post-6283\" rel=\"bookmark\">Erasmus+ Programme in Albania<\/a> <span class=\"sya_categories\"><span class=\"sya_bracket\">(<\/span>Activities<span class=\"sya_bracket\">)<\/span><\/span><\/div><\/li><li class=\"\"><div class=\"sya_postcontent\"><span class=\"sya_date\">16.10. <span class=\"sya_sep\">- <\/span><\/span><a href=\"https:\/\/erasmusplus.al\/?p=6281&lang=sq\" class=\"sya_postlink post-6281\" rel=\"bookmark\">Master i P\u00ebrbashk\u00ebt Erasmus Mundus_InfoAlbania_ TVSH<\/a> <span class=\"sya_categories\"><span class=\"sya_bracket\">(<\/span>Aktivitete<span class=\"sya_bracket\">)<\/span><\/span><\/div><\/li><li class=\"\"><div class=\"sya_postcontent\"><span class=\"sya_date\">16.10. <span class=\"sya_sep\">- <\/span><\/span><a href=\"https:\/\/erasmusplus.al\/?p=6277\" class=\"sya_postlink post-6277\" rel=\"bookmark\">Joint Master Erasmus Mundus_InfoAlbania_ TVSH<\/a> <span class=\"sya_categories\"><span class=\"sya_bracket\">(<\/span>Activities<span class=\"sya_bracket\">)<\/span><\/span><\/div><\/li><li class=\"\"><div class=\"sya_postcontent\"><span class=\"sya_date\">16.10. <span class=\"sya_sep\">- <\/span><\/span><a href=\"https:\/\/erasmusplus.al\/?p=6274&lang=sq\" class=\"sya_postlink post-6274\" rel=\"bookmark\">Master i P\u00ebrbashk\u00ebt Erasmus Mundus_InfoAlbania_ TOP Channel<\/a> <span class=\"sya_categories\"><span class=\"sya_bracket\">(<\/span>Aktivitete<span class=\"sya_bracket\">)<\/span><\/span><\/div><\/li><li class=\"\"><div class=\"sya_postcontent\"><span class=\"sya_date\">16.10. <span class=\"sya_sep\">- <\/span><\/span><a href=\"https:\/\/erasmusplus.al\/?p=6270\" class=\"sya_postlink post-6270\" rel=\"bookmark\">Joint Master Erasmus Mundus_InfoAlbania_ TOP Channel<\/a> <span class=\"sya_categories\"><span class=\"sya_bracket\">(<\/span>Activities<span class=\"sya_bracket\">)<\/span><\/span><\/div><\/li><li class=\"\"><div class=\"sya_postcontent\"><span class=\"sya_date\">16.10. <span class=\"sya_sep\">- <\/span><\/span><a href=\"https:\/\/erasmusplus.al\/?p=6244&lang=sq\" class=\"sya_postlink post-6244\" rel=\"bookmark\">\u201cInclusive Erasmus +\u201d, Dit\u00ebt Erasmus+ n\u00eb UMSH<\/a> <span class=\"sya_categories\"><span class=\"sya_bracket\">(<\/span>Aktivitete<span class=\"sya_bracket\">)<\/span><\/span><\/div><\/li><li class=\"\"><div class=\"sya_postcontent\"><span class=\"sya_date\">16.10. <span class=\"sya_sep\">- <\/span><\/span><a href=\"https:\/\/erasmusplus.al\/?p=6235\" class=\"sya_postlink post-6235\" rel=\"bookmark\">\u201cInclusive Erasmus +\u201d, Erasmus Days on MUA<\/a> <span class=\"sya_categories\"><span class=\"sya_bracket\">(<\/span>Activities<span class=\"sya_bracket\">)<\/span><\/span><\/div><\/li><li class=\"\"><div class=\"sya_postcontent\"><span class=\"sya_date\">15.10. <span class=\"sya_sep\">- <\/span><\/span><a href=\"https:\/\/erasmusplus.al\/?p=6327&lang=sq\" class=\"sya_postlink post-6327\" rel=\"bookmark\">Rrija e Kapaciteteve n\u00eb Universitetitn e Vlor\u00ebs n\u00ebp\u00ebrmjet Erasmus +<\/a> <span class=\"sya_categories\"><span class=\"sya_bracket\">(<\/span>Aktivitete<span class=\"sya_bracket\">)<\/span><\/span><\/div><\/li><li class=\"\"><div class=\"sya_postcontent\"><span class=\"sya_date\">15.10. <span class=\"sya_sep\">- <\/span><\/span><a href=\"https:\/\/erasmusplus.al\/?p=6314\" class=\"sya_postlink post-6314\" rel=\"bookmark\">Capacity Building at University of Vlora through Erasmus + projects<\/a> <span class=\"sya_categories\"><span class=\"sya_bracket\">(<\/span>Activities<span class=\"sya_bracket\">)<\/span><\/span><\/div><\/li><li class=\"\"><div class=\"sya_postcontent\"><span class=\"sya_date\">15.10. <span class=\"sya_sep\">- <\/span><\/span><a href=\"https:\/\/erasmusplus.al\/?p=6267&lang=sq\" class=\"sya_postlink post-6267\" rel=\"bookmark\">Student\u00ebt e Master t\u00eb p\u00ebrbashk\u00ebt Erasmus Mundus n\u00eb Erasmusdays<\/a> <span class=\"sya_categories\"><span class=\"sya_bracket\">(<\/span>Aktivitete<span class=\"sya_bracket\">)<\/span><\/span><\/div><\/li><li class=\"\"><div class=\"sya_postcontent\"><span class=\"sya_date\">15.10. <span class=\"sya_sep\">- <\/span><\/span><a href=\"https:\/\/erasmusplus.al\/?p=6247\" class=\"sya_postlink post-6247\" rel=\"bookmark\">Joint Master Mundus Albanian Students<\/a> <span class=\"sya_categories\"><span class=\"sya_bracket\">(<\/span>Activities<span class=\"sya_bracket\">)<\/span><\/span><\/div><\/li><li class=\"\"><div class=\"sya_postcontent\"><span class=\"sya_date\">15.10. <span class=\"sya_sep\">- <\/span><\/span><a href=\"https:\/\/erasmusplus.al\/?p=6601\" class=\"sya_postlink post-6601\" rel=\"bookmark\">Erasmus Day on UE \u201cAleksander Xhuvani\u201d<\/a> <span class=\"sya_categories\"><span class=\"sya_bracket\">(<\/span>Activities<span class=\"sya_bracket\">)<\/span><\/span><\/div><\/li><li class=\"\"><div class=\"sya_postcontent\"><span class=\"sya_date\">15.10. <span class=\"sya_sep\">- <\/span><\/span><a href=\"https:\/\/erasmusplus.al\/?p=6595\" class=\"sya_postlink post-6595\" rel=\"bookmark\">Erasmus Day on University of Tirana<\/a> <span class=\"sya_categories\"><span class=\"sya_bracket\">(<\/span>Activities<span class=\"sya_bracket\">)<\/span><\/span><\/div><\/li><li class=\"\"><div class=\"sya_postcontent\"><span class=\"sya_date\">11.10. <span class=\"sya_sep\">- <\/span><\/span><a href=\"https:\/\/erasmusplus.al\/?p=6395&lang=sq\" class=\"sya_postlink post-6395\" rel=\"bookmark\">\u201cDit\u00ebt Erasmus+ n\u00eb Universitetin New York t\u00eb Tiran\u00ebs<\/a> <span class=\"sya_categories\"><span class=\"sya_bracket\">(<\/span>Aktivitete<span class=\"sya_bracket\">)<\/span><\/span><\/div><\/li><li class=\"\"><div class=\"sya_postcontent\"><span class=\"sya_date\">25.09. <span class=\"sya_sep\">- <\/span><\/span><a href=\"https:\/\/erasmusplus.al\/?p=5664\" class=\"sya_postlink post-5664\" rel=\"bookmark\">Challenges Toward Successful Joint Degrees Implementation<\/a> <span class=\"sya_categories\"><span class=\"sya_bracket\">(<\/span>Activities, HERE Activities, News<span class=\"sya_bracket\">)<\/span><\/span><\/div><\/li><li class=\"\"><div class=\"sya_postcontent\"><span class=\"sya_date\">25.09. <span class=\"sya_sep\">- <\/span><\/span><a href=\"https:\/\/erasmusplus.al\/?p=5669&lang=sq\" class=\"sya_postlink post-5669\" rel=\"bookmark\">Challenges Toward Successful Joint Degrees Implementation<\/a> <span class=\"sya_categories\"><span class=\"sya_bracket\">(<\/span>Aktivitete, HERE Aktivitete, Njoftime<span class=\"sya_bracket\">)<\/span><\/span><\/div><\/li><li class=\"\"><div class=\"sya_postcontent\"><span class=\"sya_date\">17.09. <span class=\"sya_sep\">- <\/span><\/span><a href=\"https:\/\/erasmusplus.al\/?p=6209&lang=sq\" class=\"sya_postlink post-6209\" rel=\"bookmark\">Raport i sondazhit \u201cImpakti e COVID19 n\u00eb Projektet CBHE\u201d<\/a> <span class=\"sya_categories\"><span class=\"sya_bracket\">(<\/span>Aktivitete, Njoftime<span class=\"sya_bracket\">)<\/span><\/span><\/div><\/li><li class=\"\"><div class=\"sya_postcontent\"><span class=\"sya_date\">17.09. <span class=\"sya_sep\">- <\/span><\/span><a href=\"https:\/\/erasmusplus.al\/?p=6205\" class=\"sya_postlink post-6205\" rel=\"bookmark\">Survey Report, Impact of COVID19 on CBHE<\/a> <span class=\"sya_categories\"><span class=\"sya_bracket\">(<\/span>Activities, News<span class=\"sya_bracket\">)<\/span><\/span><\/div><\/li><li class=\"\"><div class=\"sya_postcontent\"><span class=\"sya_date\">10.09. <span class=\"sya_sep\">- <\/span><\/span><a href=\"https:\/\/erasmusplus.al\/?p=6202&lang=sq\" class=\"sya_postlink post-6202\" rel=\"bookmark\">Informim mbi Porgramin Erasmus+<\/a> <span class=\"sya_categories\"><span class=\"sya_bracket\">(<\/span>Aktivitete<span class=\"sya_bracket\">)<\/span><\/span><\/div><\/li><li class=\"\"><div class=\"sya_postcontent\"><span class=\"sya_date\">10.09. <span class=\"sya_sep\">- <\/span><\/span><a href=\"https:\/\/erasmusplus.al\/?p=6197\" class=\"sya_postlink post-6197\" rel=\"bookmark\">Info Session on the Social Media<\/a> <span class=\"sya_categories\"><span class=\"sya_bracket\">(<\/span>Activities<span class=\"sya_bracket\">)<\/span><\/span><\/div><\/li><li class=\"\"><div class=\"sya_postcontent\"><span class=\"sya_date\">31.08. <span class=\"sya_sep\">- <\/span><\/span><a href=\"https:\/\/erasmusplus.al\/?p=6232&lang=sq\" class=\"sya_postlink post-6232\" rel=\"bookmark\">Raport i sondazhit \u201cImpakti e COVID19 n\u00eb Projektet CBHE\u201d<\/a> <span class=\"sya_categories\"><span class=\"sya_bracket\">(<\/span>Aktivitete<span class=\"sya_bracket\">)<\/span><\/span><\/div><\/li><li class=\"\"><div class=\"sya_postcontent\"><span class=\"sya_date\">31.08. <span class=\"sya_sep\">- <\/span><\/span><a href=\"https:\/\/erasmusplus.al\/?p=6228\" class=\"sya_postlink post-6228\" rel=\"bookmark\">Survey Report, Impact of COVID19 on ICM<\/a> <span class=\"sya_categories\"><span class=\"sya_bracket\">(<\/span>Activities<span class=\"sya_bracket\">)<\/span><\/span><\/div><\/li><li class=\"\"><div class=\"sya_postcontent\"><span class=\"sya_date\">17.08. <span class=\"sya_sep\">- <\/span><\/span><a href=\"https:\/\/erasmusplus.al\/?p=6194&lang=sq\" class=\"sya_postlink post-6194\" rel=\"bookmark\">Erasmus +: Projektet shk\u00ebmbime studentore dhe t\u00eb rinjsh<\/a> <span class=\"sya_categories\"><span class=\"sya_bracket\">(<\/span>Aktivitete<span class=\"sya_bracket\">)<\/span><\/span><\/div><\/li><li class=\"\"><div class=\"sya_postcontent\"><span class=\"sya_date\">17.08. <span class=\"sya_sep\">- <\/span><\/span><a href=\"https:\/\/erasmusplus.al\/?p=6180\" class=\"sya_postlink post-6180\" rel=\"bookmark\">Erasmus +: Mobility projects for young people and youth workers<\/a> <span class=\"sya_categories\"><span class=\"sya_bracket\">(<\/span>Activities<span class=\"sya_bracket\">)<\/span><\/span><\/div><\/li><li class=\"\"><div class=\"sya_postcontent\"><span class=\"sya_date\">30.07. <span class=\"sya_sep\">- <\/span><\/span><a href=\"https:\/\/erasmusplus.al\/?p=6176&lang=sq\" class=\"sya_postlink post-6176\" rel=\"bookmark\">The Ceremony of Albanian Students winner of EMJM<\/a> <span class=\"sya_categories\"><span class=\"sya_bracket\">(<\/span>Aktivitete<span class=\"sya_bracket\">)<\/span><\/span><\/div><\/li><li class=\"\"><div class=\"sya_postcontent\"><span class=\"sya_date\">30.07. <span class=\"sya_sep\">- <\/span><\/span><a href=\"https:\/\/erasmusplus.al\/?p=6167\" class=\"sya_postlink post-6167\" rel=\"bookmark\">The Ceremony of Albanian Students winner of EMJM<\/a> <span class=\"sya_categories\"><span class=\"sya_bracket\">(<\/span>Activities<span class=\"sya_bracket\">)<\/span><\/span><\/div><\/li><li class=\"\"><div class=\"sya_postcontent\"><span class=\"sya_date\">23.07. <span class=\"sya_sep\">- <\/span><\/span><a href=\"https:\/\/erasmusplus.al\/?p=6154\" class=\"sya_postlink post-6154\" rel=\"bookmark\">Youth Engagement in European Integration_ SCiDEV&#038;ESN<\/a> <span class=\"sya_categories\"><span class=\"sya_bracket\">(<\/span>Activities<span class=\"sya_bracket\">)<\/span><\/span><\/div><\/li><li class=\"\"><div class=\"sya_postcontent\"><span class=\"sya_date\">22.07. <span class=\"sya_sep\">- <\/span><\/span><a href=\"https:\/\/erasmusplus.al\/?p=6164&lang=sq\" class=\"sya_postlink post-6164\" rel=\"bookmark\">Youth Engagement in European Integration_ SCiDEV&#038;ESN<\/a> <span class=\"sya_categories\"><span class=\"sya_bracket\">(<\/span>Aktivitete<span class=\"sya_bracket\">)<\/span><\/span><\/div><\/li><li class=\"\"><div class=\"sya_postcontent\"><span class=\"sya_date\">04.07. <span class=\"sya_sep\">- <\/span><\/span><a href=\"https:\/\/erasmusplus.al\/?p=5555&lang=sq\" class=\"sya_postlink post-5555\" rel=\"bookmark\">NATIONAL HERE SEMINAR ON RTSH<\/a> <span class=\"sya_categories\"><span class=\"sya_bracket\">(<\/span>HERE Aktivitete, Njoftime<span class=\"sya_bracket\">)<\/span><\/span><\/div><\/li><li class=\"\"><div class=\"sya_postcontent\"><span class=\"sya_date\">04.07. <span class=\"sya_sep\">- <\/span><\/span><a href=\"https:\/\/erasmusplus.al\/?p=5551\" class=\"sya_postlink post-5551\" rel=\"bookmark\">NATIONAL HERE SEMINAR ON RTSH<\/a> <span class=\"sya_categories\"><span class=\"sya_bracket\">(<\/span>HERE Activities, News<span class=\"sya_bracket\">)<\/span><\/span><\/div><\/li><li class=\"\"><div class=\"sya_postcontent\"><span class=\"sya_date\">01.07. <span class=\"sya_sep\">- <\/span><\/span><a href=\"https:\/\/erasmusplus.al\/?p=5428&lang=sq\" class=\"sya_postlink post-5428\" rel=\"bookmark\">NATIONAL HERE SEMINAR ON RTSH<\/a> <span class=\"sya_categories\"><span class=\"sya_bracket\">(<\/span>Uncategorized @sq<span class=\"sya_bracket\">)<\/span><\/span><\/div><\/li><li class=\"\"><div class=\"sya_postcontent\"><span class=\"sya_date\">01.07. <span class=\"sya_sep\">- <\/span><\/span><a href=\"https:\/\/erasmusplus.al\/?p=5424\" class=\"sya_postlink post-5424\" rel=\"bookmark\">NATIONAL HERE SEMINAR ON RTSH<\/a> <span class=\"sya_categories\"><span class=\"sya_bracket\">(<\/span>Uncategorized<span class=\"sya_bracket\">)<\/span><\/span><\/div><\/li><li class=\"\"><div class=\"sya_postcontent\"><span class=\"sya_date\">25.06. <span class=\"sya_sep\">- <\/span><\/span><a href=\"https:\/\/erasmusplus.al\/?p=5509&lang=sq\" class=\"sya_postlink post-5509\" rel=\"bookmark\">ICM_Vizit\u00eb Virtuale Monitoruese_UElbasan_2020<\/a> <span class=\"sya_categories\"><span class=\"sya_bracket\">(<\/span>Aktivitete<span class=\"sya_bracket\">)<\/span><\/span><\/div><\/li><li class=\"\"><div class=\"sya_postcontent\"><span class=\"sya_date\">25.06. <span class=\"sya_sep\">- <\/span><\/span><a href=\"https:\/\/erasmusplus.al\/?p=5487\" class=\"sya_postlink post-5487\" rel=\"bookmark\">ICM_Virtual Monitoring Visit_UElbasan_2020<\/a> <span class=\"sya_categories\"><span class=\"sya_bracket\">(<\/span>Activities<span class=\"sya_bracket\">)<\/span><\/span><\/div><\/li><li class=\"\"><div class=\"sya_postcontent\"><span class=\"sya_date\">04.06. <span class=\"sya_sep\">- <\/span><\/span><a href=\"https:\/\/erasmusplus.al\/?p=5484&lang=sq\" class=\"sya_postlink post-5484\" rel=\"bookmark\">ICM_Vizit\u00eb Virtuale Monitoruese_UVlora_2020<\/a> <span class=\"sya_categories\"><span class=\"sya_bracket\">(<\/span>Aktivitete<span class=\"sya_bracket\">)<\/span><\/span><\/div><\/li><li class=\"\"><div class=\"sya_postcontent\"><span class=\"sya_date\">04.06. <span class=\"sya_sep\">- <\/span><\/span><a href=\"https:\/\/erasmusplus.al\/?p=5459\" class=\"sya_postlink post-5459\" rel=\"bookmark\">ICM_Virtual Monitoring Visit_UVlora_2020<\/a> <span class=\"sya_categories\"><span class=\"sya_bracket\">(<\/span>Activities<span class=\"sya_bracket\">)<\/span><\/span><\/div><\/li><li class=\"\"><div class=\"sya_postcontent\"><span class=\"sya_date\">20.05. <span class=\"sya_sep\">- <\/span><\/span><a href=\"https:\/\/erasmusplus.al\/?p=5456&lang=sq\" class=\"sya_postlink post-5456\" rel=\"bookmark\">ICM_Vizit\u00eb Virtuale Monitoruese_UET_2020<\/a> <span class=\"sya_categories\"><span class=\"sya_bracket\">(<\/span>Aktivitete<span class=\"sya_bracket\">)<\/span><\/span><\/div><\/li><li class=\"\"><div class=\"sya_postcontent\"><span class=\"sya_date\">20.05. <span class=\"sya_sep\">- <\/span><\/span><a href=\"https:\/\/erasmusplus.al\/?p=5443\" class=\"sya_postlink post-5443\" rel=\"bookmark\">ICM_Virtual Monitoring Visit_UET_2020<\/a> <span class=\"sya_categories\"><span class=\"sya_bracket\">(<\/span>Activities<span class=\"sya_bracket\">)<\/span><\/span><\/div><\/li><li class=\"\"><div class=\"sya_postcontent\"><span class=\"sya_date\">07.05. <span class=\"sya_sep\">- <\/span><\/span><a href=\"https:\/\/erasmusplus.al\/?p=6590\" class=\"sya_postlink post-6590\" rel=\"bookmark\">Kick of Meeting and e-monitoring of REACH Project<\/a> <span class=\"sya_categories\"><span class=\"sya_bracket\">(<\/span>Activities<span class=\"sya_bracket\">)<\/span><\/span><\/div><\/li><li class=\"\"><div class=\"sya_postcontent\"><span class=\"sya_date\">04.04. <span class=\"sya_sep\">- <\/span><\/span><a href=\"https:\/\/erasmusplus.al\/?p=5193\" class=\"sya_postlink post-5193\" rel=\"bookmark\">FAQ Erasmus+ and European Solidarity Corps activities impacted by covid-19<\/a> <span class=\"sya_categories\"><span class=\"sya_bracket\">(<\/span>News<span class=\"sya_bracket\">)<\/span><\/span><\/div><\/li><li class=\"\"><div class=\"sya_postcontent\"><span class=\"sya_date\">20.03. <span class=\"sya_sep\">- <\/span><\/span><a href=\"https:\/\/erasmusplus.al\/?p=5188&lang=sq\" class=\"sya_postlink post-5188\" rel=\"bookmark\">Coronavirus outbreak<\/a> <span class=\"sya_categories\"><span class=\"sya_bracket\">(<\/span>Njoftime<span class=\"sya_bracket\">)<\/span><\/span><\/div><\/li><li class=\"\"><div class=\"sya_postcontent\"><span class=\"sya_date\">20.03. <span class=\"sya_sep\">- <\/span><\/span><a href=\"https:\/\/erasmusplus.al\/?p=5186\" class=\"sya_postlink post-5186\" rel=\"bookmark\">Coronavirus outbreak<\/a> <span class=\"sya_categories\"><span class=\"sya_bracket\">(<\/span>News<span class=\"sya_bracket\">)<\/span><\/span><\/div><\/li><li class=\"\"><div class=\"sya_postcontent\"><span class=\"sya_date\">06.03. <span class=\"sya_sep\">- <\/span><\/span><a href=\"https:\/\/erasmusplus.al\/?p=5167&lang=sq\" class=\"sya_postlink post-5167\" rel=\"bookmark\">INFO HUB ERASMUS+<\/a> <span class=\"sya_categories\"><span class=\"sya_bracket\">(<\/span>Njoftime<span class=\"sya_bracket\">)<\/span><\/span><\/div><\/li><li class=\"\"><div class=\"sya_postcontent\"><span class=\"sya_date\">06.03. <span class=\"sya_sep\">- <\/span><\/span><a href=\"https:\/\/erasmusplus.al\/?p=5164\" class=\"sya_postlink post-5164\" rel=\"bookmark\">INFO HUB ERASMUS+<\/a> <span class=\"sya_categories\"><span class=\"sya_bracket\">(<\/span>News<span class=\"sya_bracket\">)<\/span><\/span><\/div><\/li><li class=\"\"><div class=\"sya_postcontent\"><span class=\"sya_date\">05.03. <span class=\"sya_sep\">- <\/span><\/span><a href=\"https:\/\/erasmusplus.al\/?p=6584\" class=\"sya_postlink post-6584\" rel=\"bookmark\">BOOK PRESENTATION_T@SK PROJECT<\/a> <span class=\"sya_categories\"><span class=\"sya_bracket\">(<\/span>Activities<span class=\"sya_bracket\">)<\/span><\/span><\/div><\/li><li class=\"\"><div class=\"sya_postcontent\"><span class=\"sya_date\">18.02. <span class=\"sya_sep\">- <\/span><\/span><a href=\"https:\/\/erasmusplus.al\/?p=4874&lang=sq\" class=\"sya_postlink post-4874\" rel=\"bookmark\">INFO HUB ERASMUS+<\/a> <span class=\"sya_categories\"><span class=\"sya_bracket\">(<\/span>Njoftime<span class=\"sya_bracket\">)<\/span><\/span><\/div><\/li><li class=\"\"><div class=\"sya_postcontent\"><span class=\"sya_date\">18.02. <span class=\"sya_sep\">- <\/span><\/span><a href=\"https:\/\/erasmusplus.al\/?p=4865\" class=\"sya_postlink post-4865\" rel=\"bookmark\">INFO HUB ERASMUS+<\/a> <span class=\"sya_categories\"><span class=\"sya_bracket\">(<\/span>News<span class=\"sya_bracket\">)<\/span><\/span><\/div><\/li><li class=\"\"><div class=\"sya_postcontent\"><span class=\"sya_date\">17.02. <span class=\"sya_sep\">- <\/span><\/span><a href=\"https:\/\/erasmusplus.al\/?p=6577\" class=\"sya_postlink post-6577\" rel=\"bookmark\">Project Meeting<\/a> <span class=\"sya_categories\"><span class=\"sya_bracket\">(<\/span>Activities<span class=\"sya_bracket\">)<\/span><\/span><\/div><\/li><li class=\"\"><div class=\"sya_postcontent\"><span class=\"sya_date\">07.02. <span class=\"sya_sep\">- <\/span><\/span><a href=\"https:\/\/erasmusplus.al\/?p=4938&lang=sq\" class=\"sya_postlink post-4938\" rel=\"bookmark\">Takim Ekspertet e Reformave n\u00eb Arsimin e Lart\u00eb (HERE) dhe Zyra Komb\u00ebtare Erasmus+<\/a> <span class=\"sya_categories\"><span class=\"sya_bracket\">(<\/span>HERE Aktivitete<span class=\"sya_bracket\">)<\/span><\/span><\/div><\/li><li class=\"\"><div class=\"sya_postcontent\"><span class=\"sya_date\">07.02. <span class=\"sya_sep\">- <\/span><\/span><a href=\"https:\/\/erasmusplus.al\/?p=4933\" class=\"sya_postlink post-4933\" rel=\"bookmark\">HERE and NEO  Meeting<\/a> <span class=\"sya_categories\"><span class=\"sya_bracket\">(<\/span>HERE Activities<span class=\"sya_bracket\">)<\/span><\/span><\/div><\/li><li class=\"\"><div class=\"sya_postcontent\"><span class=\"sya_date\">29.01. <span class=\"sya_sep\">- <\/span><\/span><a href=\"https:\/\/erasmusplus.al\/?p=5625&lang=sq\" class=\"sya_postlink post-5625\" rel=\"bookmark\">Takimi vjetor i Zyrave Komb\u00ebtare Erasmus+<\/a> <span class=\"sya_categories\"><span class=\"sya_bracket\">(<\/span>Aktivitete, HERE Aktivitete<span class=\"sya_bracket\">)<\/span><\/span><\/div><\/li><li class=\"\"><div class=\"sya_postcontent\"><span class=\"sya_date\">29.01. <span class=\"sya_sep\">- <\/span><\/span><a href=\"https:\/\/erasmusplus.al\/?p=5618\" class=\"sya_postlink post-5618\" rel=\"bookmark\">National Erasmus+ Office\u2019s Meeting 2020<\/a> <span class=\"sya_categories\"><span class=\"sya_bracket\">(<\/span>Activities, HERE Activities<span class=\"sya_bracket\">)<\/span><\/span><\/div><\/li><li class=\"\"><div class=\"sya_postcontent\"><span class=\"sya_date\">27.01. <span class=\"sya_sep\">- <\/span><\/span><a href=\"https:\/\/erasmusplus.al\/?p=5615&lang=sq\" class=\"sya_postlink post-5615\" rel=\"bookmark\">Programi Erasmus+ \u201cNd\u00ebrtim Kapacitetesh n\u00eb Arsimin e Lart\u201d. Takimi \u201cGrant Holders\u201d<\/a> <span class=\"sya_categories\"><span class=\"sya_bracket\">(<\/span>Aktivitete<span class=\"sya_bracket\">)<\/span><\/span><\/div><\/li><li class=\"\"><div class=\"sya_postcontent\"><span class=\"sya_date\">27.01. <span class=\"sya_sep\">- <\/span><\/span><a href=\"https:\/\/erasmusplus.al\/?p=5587\" class=\"sya_postlink post-5587\" rel=\"bookmark\">Erasmus+ Capacity Building in Higher Education Grantholders&#8217; Meeting<\/a> <span class=\"sya_categories\"><span class=\"sya_bracket\">(<\/span>Activities<span class=\"sya_bracket\">)<\/span><\/span><\/div><\/li><li class=\"\"><div class=\"sya_postcontent\"><span class=\"sya_date\">24.01. <span class=\"sya_sep\">- <\/span><\/span><a href=\"https:\/\/erasmusplus.al\/?p=5584&lang=sq\" class=\"sya_postlink post-5584\" rel=\"bookmark\">Zyra Komb\u00ebtare Erasmus+ e AL n\u00eb panairin \u201cME and EUROPE\u201d<\/a> <span class=\"sya_categories\"><span class=\"sya_bracket\">(<\/span>Aktivitete<span class=\"sya_bracket\">)<\/span><\/span><\/div><\/li><li class=\"\"><div class=\"sya_postcontent\"><span class=\"sya_date\">24.01. <span class=\"sya_sep\">- <\/span><\/span><a href=\"https:\/\/erasmusplus.al\/?p=5576\" class=\"sya_postlink post-5576\" rel=\"bookmark\">National Erasmus+ Office attending on \u201cMe and Europe\u201d Fair.<\/a> <span class=\"sya_categories\"><span class=\"sya_bracket\">(<\/span>Activities<span class=\"sya_bracket\">)<\/span><\/span><\/div><\/li><li class=\"\"><div class=\"sya_postcontent\"><span class=\"sya_date\">24.01. <span class=\"sya_sep\">- <\/span><\/span><a href=\"https:\/\/erasmusplus.al\/?p=6571\" class=\"sya_postlink post-6571\" rel=\"bookmark\">International Day of Education<\/a> <span class=\"sya_categories\"><span class=\"sya_bracket\">(<\/span>Activities<span class=\"sya_bracket\">)<\/span><\/span><\/div><\/li><li class=\"\"><div class=\"sya_postcontent\"><span class=\"sya_date\">21.01. <span class=\"sya_sep\">- <\/span><\/span><a href=\"https:\/\/erasmusplus.al\/?p=4963&lang=sq\" class=\"sya_postlink post-4963\" rel=\"bookmark\">Vizit\u00eb Monitoruese UBT p\u00ebr programin KA1 \u201cShk\u00ebmbime Studentore dhe Stafi\u201d<\/a> <span class=\"sya_categories\"><span class=\"sya_bracket\">(<\/span>Aktivitete<span class=\"sya_bracket\">)<\/span><\/span><\/div><\/li><li class=\"\"><div class=\"sya_postcontent\"><span class=\"sya_date\">21.01. <span class=\"sya_sep\">- <\/span><\/span><a href=\"https:\/\/erasmusplus.al\/?p=4959\" class=\"sya_postlink post-4959\" rel=\"bookmark\">UBT Monitoring Visit for KA1 Program \u201cStudent Exchanges and Staff\u201d<\/a> <span class=\"sya_categories\"><span class=\"sya_bracket\">(<\/span>Activities<span class=\"sya_bracket\">)<\/span><\/span><\/div><\/li><li class=\"\"><div class=\"sya_postcontent\"><span class=\"sya_date\">16.01. <span class=\"sya_sep\">- <\/span><\/span><a href=\"https:\/\/erasmusplus.al\/?p=4993&lang=sq\" class=\"sya_postlink post-4993\" rel=\"bookmark\">Takim Informues mbi Programin Erasmus+ n\u00eb Universitetin POLIS<\/a> <span class=\"sya_categories\"><span class=\"sya_bracket\">(<\/span>Aktivitete<span class=\"sya_bracket\">)<\/span><\/span><\/div><\/li><li class=\"\"><div class=\"sya_postcontent\"><span class=\"sya_date\">16.01. <span class=\"sya_sep\">- <\/span><\/span><a href=\"https:\/\/erasmusplus.al\/?p=4985\" class=\"sya_postlink post-4985\" rel=\"bookmark\">Information Session on Erasmus + Program at POLIS University<\/a> <span class=\"sya_categories\"><span class=\"sya_bracket\">(<\/span>Activities<span class=\"sya_bracket\">)<\/span><\/span><\/div><\/li><li class=\"\"><div class=\"sya_postcontent\"><span class=\"sya_date\">14.01. <span class=\"sya_sep\">- <\/span><\/span><a href=\"https:\/\/erasmusplus.al\/?p=4754&lang=sq\" class=\"sya_postlink post-4754\" rel=\"bookmark\">Vacancy Albania NEO Coordinator<\/a> <span class=\"sya_categories\"><span class=\"sya_bracket\">(<\/span>Njoftime<span class=\"sya_bracket\">)<\/span><\/span><\/div><\/li><li class=\"\"><div class=\"sya_postcontent\"><span class=\"sya_date\">14.01. <span class=\"sya_sep\">- <\/span><\/span><a href=\"https:\/\/erasmusplus.al\/?p=4751\" class=\"sya_postlink post-4751\" rel=\"bookmark\">Vacancy Albania NEO Coordinator<\/a> <span class=\"sya_categories\"><span class=\"sya_bracket\">(<\/span>News<span class=\"sya_bracket\">)<\/span><\/span><\/div><\/li><li class=\"\"><div class=\"sya_postcontent\"><span class=\"sya_date\">09.01. <span class=\"sya_sep\">- <\/span><\/span><a href=\"https:\/\/erasmusplus.al\/?p=4795&lang=sq\" class=\"sya_postlink post-4795\" rel=\"bookmark\">Trajnimi: Si t\u00eb shkruajm\u00eb nj\u00eb Projekt t\u00eb Suksesh\u00ebm n\u00eb Erasmus Plus &#8211; programi \u201cNd\u00ebrtim Kapacitetesh n\u00eb Arsimin e Lart\u00eb\u201d (CBHE)<\/a> <span class=\"sya_categories\"><span class=\"sya_bracket\">(<\/span>Aktivitete<span class=\"sya_bracket\">)<\/span><\/span><\/div><\/li><li class=\"\"><div class=\"sya_postcontent\"><span class=\"sya_date\">09.01. <span class=\"sya_sep\">- <\/span><\/span><a href=\"https:\/\/erasmusplus.al\/?p=5570\" class=\"sya_postlink post-5570\" rel=\"bookmark\">Training on \u201cHow to draft a good application on \u2018Capacity Building in the field of Higher Education\u2019 projects\u201d<\/a> <span class=\"sya_categories\"><span class=\"sya_bracket\">(<\/span>Activities<span class=\"sya_bracket\">)<\/span><\/span><\/div><\/li><li class=\"\"><div class=\"sya_postcontent\"><span class=\"sya_date\">08.01. <span class=\"sya_sep\">- <\/span><\/span><a href=\"https:\/\/erasmusplus.al\/?p=4777&lang=sq\" class=\"sya_postlink post-4777\" rel=\"bookmark\">Vizit\u00eb Monitoruese Projekti GRADUA, UBT<\/a> <span class=\"sya_categories\"><span class=\"sya_bracket\">(<\/span>Aktivitete<span class=\"sya_bracket\">)<\/span><\/span><\/div><\/li><li class=\"\"><div class=\"sya_postcontent\"><span class=\"sya_date\">08.01. <span class=\"sya_sep\">- <\/span><\/span><a href=\"https:\/\/erasmusplus.al\/?p=4982&lang=sq\" class=\"sya_postlink post-4982\" rel=\"bookmark\">Vizit\u00eb Monitoruese Projekti LNSS, UBT<\/a> <span class=\"sya_categories\"><span class=\"sya_bracket\">(<\/span>Aktivitete<span class=\"sya_bracket\">)<\/span><\/span><\/div><\/li><li class=\"\"><div class=\"sya_postcontent\"><span class=\"sya_date\">08.01. <span class=\"sya_sep\">- <\/span><\/span><a href=\"https:\/\/erasmusplus.al\/?p=4977\" class=\"sya_postlink post-4977\" rel=\"bookmark\">Monitoring Visit LNSS Project, UBT<\/a> <span class=\"sya_categories\"><span class=\"sya_bracket\">(<\/span>Activities<span class=\"sya_bracket\">)<\/span><\/span><\/div><\/li><li class=\"\"><div class=\"sya_postcontent\"><span class=\"sya_date\">08.01. <span class=\"sya_sep\">- <\/span><\/span><a href=\"https:\/\/erasmusplus.al\/?p=4974&lang=sq\" class=\"sya_postlink post-4974\" rel=\"bookmark\">Vizit\u00eb Monitoruese Projekti GRADUA, UBT<\/a> <span class=\"sya_categories\"><span class=\"sya_bracket\">(<\/span>Aktivitete<span class=\"sya_bracket\">)<\/span><\/span><\/div><\/li><li class=\"\"><div class=\"sya_postcontent\"><span class=\"sya_date\">08.01. <span class=\"sya_sep\">- <\/span><\/span><a href=\"https:\/\/erasmusplus.al\/?p=4965\" class=\"sya_postlink post-4965\" rel=\"bookmark\">Monitoring Visit of the Project GRADUA, UBT<\/a> <span class=\"sya_categories\"><span class=\"sya_bracket\">(<\/span>Activities<span class=\"sya_bracket\">)<\/span><\/span><\/div><\/li><li class=\"\"><div class=\"sya_postcontent\"><span class=\"sya_date\">07.01. <span class=\"sya_sep\">- <\/span><\/span><a href=\"https:\/\/erasmusplus.al\/?p=4758&lang=sq\" class=\"sya_postlink post-4758\" rel=\"bookmark\">Vizit\u00eb Monitoruese Projekti Vtech@WBUni, UAMD<\/a> <span class=\"sya_categories\"><span class=\"sya_bracket\">(<\/span>Aktivitete<span class=\"sya_bracket\">)<\/span><\/span><\/div><\/li><li class=\"\"><div class=\"sya_postcontent\"><span class=\"sya_date\">07.01. <span class=\"sya_sep\">- <\/span><\/span><a href=\"https:\/\/erasmusplus.al\/?p=4957&lang=sq\" class=\"sya_postlink post-4957\" rel=\"bookmark\">Vizit\u00eb Monitoruese Projekti Vtech@WBUni, UAMD<\/a> <span class=\"sya_categories\"><span class=\"sya_bracket\">(<\/span>Aktivitete<span class=\"sya_bracket\">)<\/span><\/span><\/div><\/li><li class=\"\"><div class=\"sya_postcontent\"><span class=\"sya_date\">07.01. <span class=\"sya_sep\">- <\/span><\/span><a href=\"https:\/\/erasmusplus.al\/?p=4948\" class=\"sya_postlink post-4948\" rel=\"bookmark\">Monitoring Visit of the Project Vtech@WBUni, UAMD<\/a> <span class=\"sya_categories\"><span class=\"sya_bracket\">(<\/span>Activities<span class=\"sya_bracket\">)<\/span><\/span><\/div><\/li><\/ul><\/div><!-- [et_pb_line_break_holder] -->\u00a0\u00a0[\/et_pb_code][\/et_pb_column][\/et_pb_row][\/et_pb_section]<\/p>\n","protected":false},"excerpt":{"rendered":"<p>Klikoni k\u00ebtu p\u00ebr aktivitete nga vitet e m\u00ebparshme<div class=\"sya_container\" id=\"sya_container\"><p class=\"sya_yearslist\" id=\"sya_yearslist\"><a href=\"#year2026\">2026<\/a><\/p><h2><a id=\"year2026\"><\/a><a href=\"https:\/\/erasmusplus.al\/?m=2026\" rel=\"section\">2026<\/a> <span class=\"sya_yearcount\"><span class=\"sya_bracket\">(<\/span>7<span class=\"sya_bracket\">)<\/span><\/span><\/h2><ul><li class=\"\"><div class=\"sya_postcontent\"><span class=\"sya_date\">15.04. <span class=\"sya_sep\">- <\/span><\/span><a href=\"https:\/\/erasmusplus.al\/?p=10144\" class=\"sya_postlink post-10144\" rel=\"bookmark\">Wrapping up January 2026: &#8216;Erasmus Mundus Master scholarship opportunity EMJM iPSRS Master in Photonics &#038; Artificial Intelligence&#8217;<\/a> <span class=\"sya_categories\"><span class=\"sya_bracket\">(<\/span>News<span class=\"sya_bracket\">)<\/span><\/span><\/div><\/li><li class=\"\"><div class=\"sya_postcontent\"><span class=\"sya_date\">15.04. <span class=\"sya_sep\">- <\/span><\/span><a href=\"https:\/\/erasmusplus.al\/?p=10142\" class=\"sya_postlink post-10142\" rel=\"bookmark\">CB VET news for applicants of the &#8216;Call 2026&#8217;<\/a> <span class=\"sya_categories\"><span class=\"sya_bracket\">(<\/span>News<span class=\"sya_bracket\">)<\/span><\/span><\/div><\/li><li class=\"\"><div class=\"sya_postcontent\"><span class=\"sya_date\">15.04. <span class=\"sya_sep\">- <\/span><\/span><a href=\"https:\/\/erasmusplus.al\/?p=10130\" class=\"sya_postlink post-10130\" rel=\"bookmark\">Wrapping up 2025: Results of &#8216;Call for applications 2025&#8217;<\/a> <span class=\"sya_categories\"><span class=\"sya_bracket\">(<\/span>Uncategorized<span class=\"sya_bracket\">)<\/span><\/span><\/div><\/li><li class=\"\"><div class=\"sya_postcontent\"><span class=\"sya_date\">15.04. <span class=\"sya_sep\">- <\/span><\/span><a href=\"https:\/\/erasmusplus.al\/?p=10128\" class=\"sya_postlink post-10128\" rel=\"bookmark\">Wrapping up 2025: Info Session: \u2018Erasmus+ Opportunities for Albanian Students\u2019, online on 19.12.2025<\/a> <span class=\"sya_categories\"><span class=\"sya_bracket\">(<\/span>News<span class=\"sya_bracket\">)<\/span><\/span><\/div><\/li><li class=\"\"><div class=\"sya_postcontent\"><span class=\"sya_date\">15.04. <span class=\"sya_sep\">- <\/span><\/span><a href=\"https:\/\/erasmusplus.al\/?p=10121\" class=\"sya_postlink post-10121\" rel=\"bookmark\">Wrapping up 2025: CBVET Monitoring meeting, on 4.12.2025<\/a> <span class=\"sya_categories\"><span class=\"sya_bracket\">(<\/span>News<span class=\"sya_bracket\">)<\/span><\/span><\/div><\/li><li class=\"\"><div class=\"sya_postcontent\"><span class=\"sya_date\">15.04. <span class=\"sya_sep\">- <\/span><\/span><a href=\"https:\/\/erasmusplus.al\/?p=10110\" class=\"sya_postlink post-10110\" rel=\"bookmark\">Wrapping up 2025: Participation at \u2018Erasmus+ Blitz: Discover, Connect, Apply!\u2019 , on 21.11.2025<\/a> <span class=\"sya_categories\"><span class=\"sya_bracket\">(<\/span>News<span class=\"sya_bracket\">)<\/span><\/span><\/div><\/li><li class=\"\"><div class=\"sya_postcontent\"><span class=\"sya_date\">30.03. <span class=\"sya_sep\">- <\/span><\/span><a href=\"https:\/\/erasmusplus.al\/?p=10105\" class=\"sya_postlink post-10105\" rel=\"bookmark\">International Student Week in BELGRADE (ISWiB) 2026 \u2013 Call for participants<\/a> <span class=\"sya_categories\"><span class=\"sya_bracket\">(<\/span>News<span class=\"sya_bracket\">)<\/span><\/span><\/div><\/li><\/ul><\/div><div class=\"sya_container\" id=\"sya_container\"><p class=\"sya_yearslist\" id=\"sya_yearslist\"><a href=\"#year2024\">2024<\/a><\/p><h2><a id=\"year2024\"><\/a><a href=\"https:\/\/erasmusplus.al\/?m=2024\" rel=\"section\">2024<\/a> <span class=\"sya_yearcount\"><span class=\"sya_bracket\">(<\/span>37<span class=\"sya_bracket\">)<\/span><\/span><\/h2><ul><li class=\"\"><div class=\"sya_postcontent\"><span class=\"sya_date\">27.12. <span class=\"sya_sep\">- <\/span><\/span><a href=\"https:\/\/erasmusplus.al\/?p=9732\" class=\"sya_postlink post-9732\" rel=\"bookmark\">Save the date: Webinar on Jean Monnet, 15.01.2025<\/a> <span class=\"sya_categories\"><span class=\"sya_bracket\">(<\/span>News<span class=\"sya_bracket\">)<\/span><\/span><\/div><\/li><li class=\"\"><div class=\"sya_postcontent\"><span class=\"sya_date\">27.12. <span class=\"sya_sep\">- <\/span><\/span><a href=\"https:\/\/erasmusplus.al\/?p=9726\" class=\"sya_postlink post-9726\" rel=\"bookmark\">Wrapping Up 2024: Online National HERE Seminar: \u2018The Role of AI in the Development of Scientific Research and Innovation in Humanities\u2019, on 30-31 May 2024<\/a> <span class=\"sya_categories\"><span class=\"sya_bracket\">(<\/span>Activities, HERE Activities<span class=\"sya_bracket\">)<\/span><\/span><\/div><\/li><li class=\"\"><div class=\"sya_postcontent\"><span class=\"sya_date\">06.12. <span class=\"sya_sep\">- <\/span><\/span><a href=\"https:\/\/erasmusplus.al\/?p=9723\" class=\"sya_postlink post-9723\" rel=\"bookmark\">New Erasmus Joint Master Programme and Scholarships on Global Change<\/a> <span class=\"sya_categories\"><span class=\"sya_bracket\">(<\/span>News<span class=\"sya_bracket\">)<\/span><\/span><\/div><\/li><li class=\"\"><div class=\"sya_postcontent\"><span class=\"sya_date\">03.12. <span class=\"sya_sep\">- <\/span><\/span><a href=\"https:\/\/erasmusplus.al\/?p=9718\" class=\"sya_postlink post-9718\" rel=\"bookmark\">Call for proposals 2025 is open!<\/a> <span class=\"sya_categories\"><span class=\"sya_bracket\">(<\/span>News<span class=\"sya_bracket\">)<\/span><\/span><\/div><\/li><li class=\"\"><div class=\"sya_postcontent\"><span class=\"sya_date\">26.11. <span class=\"sya_sep\">- <\/span><\/span><a href=\"https:\/\/erasmusplus.al\/?p=9716\" class=\"sya_postlink post-9716\" rel=\"bookmark\">Online Info session: Capacity Building in Higher Education (CBHE) action<\/a> <span class=\"sya_categories\"><span class=\"sya_bracket\">(<\/span>News<span class=\"sya_bracket\">)<\/span><\/span><\/div><\/li><li class=\"\"><div class=\"sya_postcontent\"><span class=\"sya_date\">26.11. <span class=\"sya_sep\">- <\/span><\/span><a href=\"https:\/\/erasmusplus.al\/?p=9713\" class=\"sya_postlink post-9713\" rel=\"bookmark\">Erasmus+ launched its 2025 Programme Guide!<\/a> <span class=\"sya_categories\"><span class=\"sya_bracket\">(<\/span>Activities, News<span class=\"sya_bracket\">)<\/span><\/span><\/div><\/li><li class=\"\"><div class=\"sya_postcontent\"><span class=\"sya_date\">16.11. <span class=\"sya_sep\">- <\/span><\/span><a href=\"https:\/\/erasmusplus.al\/?p=9703\" class=\"sya_postlink post-9703\" rel=\"bookmark\">EMJM Copernicus Master in Digital Earth call for applications<\/a> <span class=\"sya_categories\"><span class=\"sya_bracket\">(<\/span>News<span class=\"sya_bracket\">)<\/span><\/span><\/div><\/li><li class=\"\"><div class=\"sya_postcontent\"><span class=\"sya_date\">25.10. <span class=\"sya_sep\">- <\/span><\/span><a href=\"https:\/\/erasmusplus.al\/?p=9695\" class=\"sya_postlink post-9695\" rel=\"bookmark\">Dita e informacionit rreth studimit, bursave dhe praktikave ne Gjermani, dt. 28 Tetor 2024, ora 9.30-15.00, Europe House Tirane<\/a> <span class=\"sya_categories\"><span class=\"sya_bracket\">(<\/span>News<span class=\"sya_bracket\">)<\/span><\/span><\/div><\/li><li class=\"\"><div class=\"sya_postcontent\"><span class=\"sya_date\">24.10. <span class=\"sya_sep\">- <\/span><\/span><a href=\"https:\/\/erasmusplus.al\/?p=9686\" class=\"sya_postlink post-9686\" rel=\"bookmark\">Participation of representatives from Albanian universities in the EAIE International Conference, on September 18-20, 2024.<\/a> <span class=\"sya_categories\"><span class=\"sya_bracket\">(<\/span>News<span class=\"sya_bracket\">)<\/span><\/span><\/div><\/li><li class=\"\"><div class=\"sya_postcontent\"><span class=\"sya_date\">23.10. <span class=\"sya_sep\">- <\/span><\/span><a href=\"https:\/\/erasmusplus.al\/?p=9684\" class=\"sya_postlink post-9684\" rel=\"bookmark\">Invitation to attend the &#8216;Erasmus+ Worldwide Webinar&#8217;- CB Youth will be presented on 24\/10\/2024<\/a> <span class=\"sya_categories\"><span class=\"sya_bracket\">(<\/span>News<span class=\"sya_bracket\">)<\/span><\/span><\/div><\/li><li class=\"\"><div class=\"sya_postcontent\"><span class=\"sya_date\">23.10. <span class=\"sya_sep\">- <\/span><\/span><a href=\"https:\/\/erasmusplus.al\/?p=9682\" class=\"sya_postlink post-9682\" rel=\"bookmark\">Invitation to attend the &#8216;Erasmus+ Worldwide Webinar&#8217;- CB VET will be presented on 24\/10\/2024<\/a> <span class=\"sya_categories\"><span class=\"sya_bracket\">(<\/span>News<span class=\"sya_bracket\">)<\/span><\/span><\/div><\/li><li class=\"\"><div class=\"sya_postcontent\"><span class=\"sya_date\">07.10. <span class=\"sya_sep\">- <\/span><\/span><a href=\"https:\/\/erasmusplus.al\/?p=9679\" class=\"sya_postlink post-9679\" rel=\"bookmark\">Marie Sk\u0142odowska-Curie Actions Staff Exchanges 2024 call is open!<\/a> <span class=\"sya_categories\"><span class=\"sya_bracket\">(<\/span>News<span class=\"sya_bracket\">)<\/span><\/span><\/div><\/li><li class=\"\"><div class=\"sya_postcontent\"><span class=\"sya_date\">04.09. <span class=\"sya_sep\">- <\/span><\/span><a href=\"https:\/\/erasmusplus.al\/?p=9669\" class=\"sya_postlink post-9669\" rel=\"bookmark\">CBVET Selection &#8211; Call 2024<\/a> <span class=\"sya_categories\"><span class=\"sya_bracket\">(<\/span>News<span class=\"sya_bracket\">)<\/span><\/span><\/div><\/li><li class=\"\"><div class=\"sya_postcontent\"><span class=\"sya_date\">04.09. <span class=\"sya_sep\">- <\/span><\/span><a href=\"https:\/\/erasmusplus.al\/?p=9666\" class=\"sya_postlink post-9666\" rel=\"bookmark\">2024 Worldwide Webinar<\/a> <span class=\"sya_categories\"><span class=\"sya_bracket\">(<\/span>News<span class=\"sya_bracket\">)<\/span><\/span><\/div><\/li><li class=\"\"><div class=\"sya_postcontent\"><span class=\"sya_date\">04.09. <span class=\"sya_sep\">- <\/span><\/span><a href=\"https:\/\/erasmusplus.al\/?p=9660\" class=\"sya_postlink post-9660\" rel=\"bookmark\">Jean Monnet selection results &#8211; Call 2024<\/a> <span class=\"sya_categories\"><span class=\"sya_bracket\">(<\/span>News<span class=\"sya_bracket\">)<\/span><\/span><\/div><\/li><li class=\"\"><div class=\"sya_postcontent\"><span class=\"sya_date\">16.07. <span class=\"sya_sep\">- <\/span><\/span><a href=\"https:\/\/erasmusplus.al\/?p=9657\" class=\"sya_postlink post-9657\" rel=\"bookmark\">University of Tirana and Polis University are part of European Alliances!<\/a> <span class=\"sya_categories\"><span class=\"sya_bracket\">(<\/span>News<span class=\"sya_bracket\">)<\/span><\/span><\/div><\/li><li class=\"\"><div class=\"sya_postcontent\"><span class=\"sya_date\">13.07. <span class=\"sya_sep\">- <\/span><\/span><a href=\"https:\/\/erasmusplus.al\/?p=9652\" class=\"sya_postlink post-9652\" rel=\"bookmark\">Selected CBHE projects- \u2018CALL for proposals 2024\u2019<\/a> <span class=\"sya_categories\"><span class=\"sya_bracket\">(<\/span>News<span class=\"sya_bracket\">)<\/span><\/span><\/div><\/li><li class=\"\"><div class=\"sya_postcontent\"><span class=\"sya_date\">04.07. <span class=\"sya_sep\">- <\/span><\/span><a href=\"https:\/\/erasmusplus.al\/?p=9640\" class=\"sya_postlink post-9640\" rel=\"bookmark\">Opportunity for Bachelor students: Erasmus Mundus Master Degree<\/a> <span class=\"sya_categories\"><span class=\"sya_bracket\">(<\/span>News<span class=\"sya_bracket\">)<\/span><\/span><\/div><\/li><li class=\"\"><div class=\"sya_postcontent\"><span class=\"sya_date\">04.07. <span class=\"sya_sep\">- <\/span><\/span><a href=\"https:\/\/erasmusplus.al\/?p=9638\" class=\"sya_postlink post-9638\" rel=\"bookmark\">Thirrje p\u00ebr aplikime p\u00ebr programin e bursave RIFA (Recherche Innovation France-Albanie)<\/a> <span class=\"sya_categories\"><span class=\"sya_bracket\">(<\/span>News<span class=\"sya_bracket\">)<\/span><\/span><\/div><\/li><li class=\"\"><div class=\"sya_postcontent\"><span class=\"sya_date\">04.07. <span class=\"sya_sep\">- <\/span><\/span><a href=\"https:\/\/erasmusplus.al\/?p=9632\" class=\"sya_postlink post-9632\" rel=\"bookmark\">Praktik\u00eb n\u00eb Bundestagun Gjerman \u2013 Apliko tani! \/ Praktikum im Deutschen Bundestag \u2013 Jetzt bewerben!<\/a> <span class=\"sya_categories\"><span class=\"sya_bracket\">(<\/span>News<span class=\"sya_bracket\">)<\/span><\/span><\/div><\/li><li class=\"\"><div class=\"sya_postcontent\"><span class=\"sya_date\">04.07. <span class=\"sya_sep\">- <\/span><\/span><a href=\"https:\/\/erasmusplus.al\/?p=9628\" class=\"sya_postlink post-9628\" rel=\"bookmark\">New ECHE holders!<\/a> <span class=\"sya_categories\"><span class=\"sya_bracket\">(<\/span>News<span class=\"sya_bracket\">)<\/span><\/span><\/div><\/li><li class=\"\"><div class=\"sya_postcontent\"><span class=\"sya_date\">04.06. <span class=\"sya_sep\">- <\/span><\/span><a href=\"https:\/\/erasmusplus.al\/?p=9580\" class=\"sya_postlink post-9580\" rel=\"bookmark\">\u2018Erasmus Coordinators Network\u2019 meeting in Tirana,  on 15-18 May 2024<\/a> <span class=\"sya_categories\"><span class=\"sya_bracket\">(<\/span>NEO Activities, News<span class=\"sya_bracket\">)<\/span><\/span><\/div><\/li><li class=\"\"><div class=\"sya_postcontent\"><span class=\"sya_date\">30.05. <span class=\"sya_sep\">- <\/span><\/span><a href=\"https:\/\/erasmusplus.al\/?p=9568\" class=\"sya_postlink post-9568\" rel=\"bookmark\">IAEA Marie Sklodowska-Curie Fellowship Programme (MSCFP)-Application Call will open mid-July 2024<\/a> <span class=\"sya_categories\"><span class=\"sya_bracket\">(<\/span>News<span class=\"sya_bracket\">)<\/span><\/span><\/div><\/li><li class=\"\"><div class=\"sya_postcontent\"><span class=\"sya_date\">15.05. <span class=\"sya_sep\">- <\/span><\/span><a href=\"https:\/\/erasmusplus.al\/?p=9540\" class=\"sya_postlink post-9540\" rel=\"bookmark\">NEO participation &#8211; \u2018Europe Week 2024\u2019<\/a> <span class=\"sya_categories\"><span class=\"sya_bracket\">(<\/span>NEO Activities, News<span class=\"sya_bracket\">)<\/span><\/span><\/div><\/li><li class=\"\"><div class=\"sya_postcontent\"><span class=\"sya_date\">11.05. <span class=\"sya_sep\">- <\/span><\/span><a href=\"https:\/\/erasmusplus.al\/?p=9518\" class=\"sya_postlink post-9518\" rel=\"bookmark\">National Seminar HERE, 4-5 April 2024, FGjH, UT<\/a> <span class=\"sya_categories\"><span class=\"sya_bracket\">(<\/span>HERE Activities<span class=\"sya_bracket\">)<\/span><\/span><\/div><\/li><li class=\"\"><div class=\"sya_postcontent\"><span class=\"sya_date\">15.04. <span class=\"sya_sep\">- <\/span><\/span><a href=\"https:\/\/erasmusplus.al\/?p=9493\" class=\"sya_postlink post-9493\" rel=\"bookmark\">Thirrje p\u00ebr kandidatura p\u00ebr programet e bursave t\u00eb Qeveris\u00eb Franceze p\u00ebr studime t\u00eb nivelit Master<\/a> <span class=\"sya_categories\"><span class=\"sya_bracket\">(<\/span>News<span class=\"sya_bracket\">)<\/span><\/span><\/div><\/li><li class=\"\"><div class=\"sya_postcontent\"><span class=\"sya_date\">11.04. <span class=\"sya_sep\">- <\/span><\/span><a href=\"https:\/\/erasmusplus.al\/?p=9481\" class=\"sya_postlink post-9481\" rel=\"bookmark\">Erasmus Mundus programme MER+ offers 3 scholarships to the Students from Western Balkans<\/a> <span class=\"sya_categories\"><span class=\"sya_bracket\">(<\/span>News<span class=\"sya_bracket\">)<\/span><\/span><\/div><\/li><li class=\"\"><div class=\"sya_postcontent\"><span class=\"sya_date\">04.04. <span class=\"sya_sep\">- <\/span><\/span><a href=\"https:\/\/erasmusplus.al\/?p=9461\" class=\"sya_postlink post-9461\" rel=\"bookmark\">Info Session with students of the Faculty of Nursing and Info Session with students from different faculties of &#8220;Aleksander Xhuvani&#8221; University, dt. March 5, 2024<\/a> <span class=\"sya_categories\"><span class=\"sya_bracket\">(<\/span>NEO Activities<span class=\"sya_bracket\">)<\/span><\/span><\/div><\/li><li class=\"\"><div class=\"sya_postcontent\"><span class=\"sya_date\">04.04. <span class=\"sya_sep\">- <\/span><\/span><a href=\"https:\/\/erasmusplus.al\/?p=9435\" class=\"sya_postlink post-9435\" rel=\"bookmark\">National HERE Seminar, 4-5 March 2024<\/a> <span class=\"sya_categories\"><span class=\"sya_bracket\">(<\/span>HERE Activities, News<span class=\"sya_bracket\">)<\/span><\/span><\/div><\/li><li class=\"\"><div class=\"sya_postcontent\"><span class=\"sya_date\">24.02. <span class=\"sya_sep\">- <\/span><\/span><a href=\"https:\/\/erasmusplus.al\/?p=9394\" class=\"sya_postlink post-9394\" rel=\"bookmark\">Info Session Erasmus+ on Sport<\/a> <span class=\"sya_categories\"><span class=\"sya_bracket\">(<\/span>NEO Activities, News<span class=\"sya_bracket\">)<\/span><\/span><\/div><\/li><li class=\"\"><div class=\"sya_postcontent\"><span class=\"sya_date\">23.02. <span class=\"sya_sep\">- <\/span><\/span><a href=\"https:\/\/erasmusplus.al\/?p=9378\" class=\"sya_postlink post-9378\" rel=\"bookmark\">Info Session Erasmus+ on VET<\/a> <span class=\"sya_categories\"><span class=\"sya_bracket\">(<\/span>NEO Activities, News<span class=\"sya_bracket\">)<\/span><\/span><\/div><\/li><li class=\"\"><div class=\"sya_postcontent\"><span class=\"sya_date\">20.02. <span class=\"sya_sep\">- <\/span><\/span><a href=\"https:\/\/erasmusplus.al\/?p=9366\" class=\"sya_postlink post-9366\" rel=\"bookmark\">Info Session on opportunities offered by Erasmus+ for Albanian\u2019 students<\/a> <span class=\"sya_categories\"><span class=\"sya_bracket\">(<\/span>NEO Activities<span class=\"sya_bracket\">)<\/span><\/span><\/div><\/li><li class=\"\"><div class=\"sya_postcontent\"><span class=\"sya_date\">16.02. <span class=\"sya_sep\">- <\/span><\/span><a href=\"https:\/\/erasmusplus.al\/?p=9348\" class=\"sya_postlink post-9348\" rel=\"bookmark\">Support to Ukraine<\/a> <span class=\"sya_categories\"><span class=\"sya_bracket\">(<\/span>News<span class=\"sya_bracket\">)<\/span><\/span><\/div><\/li><li class=\"\"><div class=\"sya_postcontent\"><span class=\"sya_date\">01.02. <span class=\"sya_sep\">- <\/span><\/span><a href=\"https:\/\/erasmusplus.al\/?p=9340\" class=\"sya_postlink post-9340\" rel=\"bookmark\">Get ready to embark on your EMaCS journey for the 2025-27 edition!<\/a> <span class=\"sya_categories\"><span class=\"sya_bracket\">(<\/span>News<span class=\"sya_bracket\">)<\/span><\/span><\/div><\/li><li class=\"\"><div class=\"sya_postcontent\"><span class=\"sya_date\">01.02. <span class=\"sya_sep\">- <\/span><\/span><a href=\"https:\/\/erasmusplus.al\/?p=9333\" class=\"sya_postlink post-9333\" rel=\"bookmark\">Fjal\u00eb p\u00ebrsh\u00ebndet\u00ebse n\u00eb takimin e par\u00eb t\u00eb projektit CBHE: \u2018Zero C- Enhancing knowledge and skills at WB HEIs in preparation for zero carbon maritime transport and logistics society \u2019<\/a> <span class=\"sya_categories\"><span class=\"sya_bracket\">(<\/span>NEO Activities<span class=\"sya_bracket\">)<\/span><\/span><\/div><\/li><li class=\"\"><div class=\"sya_postcontent\"><span class=\"sya_date\">01.02. <span class=\"sya_sep\">- <\/span><\/span><a href=\"https:\/\/erasmusplus.al\/?p=9328\" class=\"sya_postlink post-9328\" rel=\"bookmark\">MSc degree program: \u201cSmart Urban Sustainability\u201d<\/a> <span class=\"sya_categories\"><span class=\"sya_bracket\">(<\/span>News<span class=\"sya_bracket\">)<\/span><\/span><\/div><\/li><li class=\"\"><div class=\"sya_postcontent\"><span class=\"sya_date\">01.02. <span class=\"sya_sep\">- <\/span><\/span><a href=\"https:\/\/erasmusplus.al\/?p=9321\" class=\"sya_postlink post-9321\" rel=\"bookmark\">Fjale pershendetese ne \u201cFestivalin e Aft\u00ebsive, Karrier\u00ebs dhe Pun\u00ebs 2023\u201d<\/a> <span class=\"sya_categories\"><span class=\"sya_bracket\">(<\/span>NEO Activities<span class=\"sya_bracket\">)<\/span><\/span><\/div><\/li><\/ul><\/div><div class=\"sya_container\" id=\"sya_container\"><p class=\"sya_yearslist\" id=\"sya_yearslist\"><a href=\"#year2023\">2023<\/a><\/p><h2><a id=\"year2023\"><\/a><a href=\"https:\/\/erasmusplus.al\/?m=2023\" rel=\"section\">2023<\/a> <span class=\"sya_yearcount\"><span class=\"sya_bracket\">(<\/span>43<span class=\"sya_bracket\">)<\/span><\/span><\/h2><ul><li class=\"\"><div class=\"sya_postcontent\"><span class=\"sya_date\">30.11. <span class=\"sya_sep\">- <\/span><\/span><a href=\"https:\/\/erasmusplus.al\/?p=9235\" class=\"sya_postlink post-9235\" rel=\"bookmark\">Erasmus+ 2024 Call for Proposals launched !<\/a> <span class=\"sya_categories\"><span class=\"sya_bracket\">(<\/span>Uncategorized<span class=\"sya_bracket\">)<\/span><\/span><\/div><\/li><li class=\"\"><div class=\"sya_postcontent\"><span class=\"sya_date\">24.11. <span class=\"sya_sep\">- <\/span><\/span><a href=\"https:\/\/erasmusplus.al\/?p=9239\" class=\"sya_postlink post-9239\" rel=\"bookmark\">&#8216;Online National Info Day Erasmus+ on HE&#8217;, 17.11.2023<\/a> <span class=\"sya_categories\"><span class=\"sya_bracket\">(<\/span>Activities, News<span class=\"sya_bracket\">)<\/span><\/span><\/div><\/li><li class=\"\"><div class=\"sya_postcontent\"><span class=\"sya_date\">23.11. <span class=\"sya_sep\">- <\/span><\/span><a href=\"https:\/\/erasmusplus.al\/?p=9270\" class=\"sya_postlink post-9270\" rel=\"bookmark\">&#8216;Cluster meeting&#8217;, 14.11.2023<\/a> <span class=\"sya_categories\"><span class=\"sya_bracket\">(<\/span>Activities, News<span class=\"sya_bracket\">)<\/span><\/span><\/div><\/li><li class=\"\"><div class=\"sya_postcontent\"><span class=\"sya_date\">23.11. <span class=\"sya_sep\">- <\/span><\/span><a href=\"https:\/\/erasmusplus.al\/?p=9276\" class=\"sya_postlink post-9276\" rel=\"bookmark\">&#8216;Online Info Session Erasmus+ on Youth&#8217;, 8.11.2023<\/a> <span class=\"sya_categories\"><span class=\"sya_bracket\">(<\/span>Activities, News<span class=\"sya_bracket\">)<\/span><\/span><\/div><\/li><li class=\"\"><div class=\"sya_postcontent\"><span class=\"sya_date\">22.11. <span class=\"sya_sep\">- <\/span><\/span><a href=\"https:\/\/erasmusplus.al\/?p=9302\" class=\"sya_postlink post-9302\" rel=\"bookmark\">\u2018Erasmus Mundus Joint Master in Cybersecurity | CyberMACS\u2019 application is opened!<\/a> <span class=\"sya_categories\"><span class=\"sya_bracket\">(<\/span>Activities, News<span class=\"sya_bracket\">)<\/span><\/span><\/div><\/li><li class=\"\"><div class=\"sya_postcontent\"><span class=\"sya_date\">21.11. <span class=\"sya_sep\">- <\/span><\/span><a href=\"https:\/\/erasmusplus.al\/?p=9290\" class=\"sya_postlink post-9290\" rel=\"bookmark\">Pjesmarrje ne panair \u201cStudime ne Gjermani\u201d ne dt. 31.10.2023<\/a> <span class=\"sya_categories\"><span class=\"sya_bracket\">(<\/span>Activities, News<span class=\"sya_bracket\">)<\/span><\/span><\/div><\/li><li class=\"\"><div class=\"sya_postcontent\"><span class=\"sya_date\">21.11. <span class=\"sya_sep\">- <\/span><\/span><a href=\"https:\/\/erasmusplus.al\/?p=9279\" class=\"sya_postlink post-9279\" rel=\"bookmark\">Pjesmarrje ne panair \u201cStudime ne France\u201d ne dt. 2.11.2023<\/a> <span class=\"sya_categories\"><span class=\"sya_bracket\">(<\/span>Activities, News<span class=\"sya_bracket\">)<\/span><\/span><\/div><\/li><li class=\"\"><div class=\"sya_postcontent\"><span class=\"sya_date\">03.11. <span class=\"sya_sep\">- <\/span><\/span><a href=\"https:\/\/erasmusplus.al\/?p=9231\" class=\"sya_postlink post-9231\" rel=\"bookmark\">\u2018Erasmus+ worldwide webinar 2023\u2019<\/a> <span class=\"sya_categories\"><span class=\"sya_bracket\">(<\/span>Activities, News<span class=\"sya_bracket\">)<\/span><\/span><\/div><\/li><li class=\"\"><div class=\"sya_postcontent\"><span class=\"sya_date\">25.10. <span class=\"sya_sep\">- <\/span><\/span><a href=\"https:\/\/erasmusplus.al\/?p=9225\" class=\"sya_postlink post-9225\" rel=\"bookmark\">\u201cThe Erasmus Mundus Master in Impact Entrepreneurship \u2013 EMMIE\u201d \u2013 special grants for Albania<\/a> <span class=\"sya_categories\"><span class=\"sya_bracket\">(<\/span>Activities, News<span class=\"sya_bracket\">)<\/span><\/span><\/div><\/li><li class=\"\"><div class=\"sya_postcontent\"><span class=\"sya_date\">16.10. <span class=\"sya_sep\">- <\/span><\/span><a href=\"https:\/\/erasmusplus.al\/?p=9220\" class=\"sya_postlink post-9220\" rel=\"bookmark\">Erasmus+ worldwide webinar 2023, 17-19 of October 2023<\/a> <span class=\"sya_categories\"><span class=\"sya_bracket\">(<\/span>Activities, News<span class=\"sya_bracket\">)<\/span><\/span><\/div><\/li><li class=\"\"><div class=\"sya_postcontent\"><span class=\"sya_date\">15.10. <span class=\"sya_sep\">- <\/span><\/span><a href=\"https:\/\/erasmusplus.al\/?p=9210\" class=\"sya_postlink post-9210\" rel=\"bookmark\">Applications for \u2018MUrCS- Master of Urban Climate and Sustainability\u2019 are open!<\/a> <span class=\"sya_categories\"><span class=\"sya_bracket\">(<\/span>Activities, News<span class=\"sya_bracket\">)<\/span><\/span><\/div><\/li><li class=\"\"><div class=\"sya_postcontent\"><span class=\"sya_date\">15.10. <span class=\"sya_sep\">- <\/span><\/span><a href=\"https:\/\/erasmusplus.al\/?p=9202\" class=\"sya_postlink post-9202\" rel=\"bookmark\">Applications on &#8216;SECCLO-Security and Cloud Computing&#8217; Erasmus Mundus Joint Master are open!<\/a> <span class=\"sya_categories\"><span class=\"sya_bracket\">(<\/span>Activities, News<span class=\"sya_bracket\">)<\/span><\/span><\/div><\/li><li class=\"\"><div class=\"sya_postcontent\"><span class=\"sya_date\">18.09. <span class=\"sya_sep\">- <\/span><\/span><a href=\"https:\/\/erasmusplus.al\/?p=9184\" class=\"sya_postlink post-9184\" rel=\"bookmark\">Selection results of Jean Monnet Actions- Call 2023<\/a> <span class=\"sya_categories\"><span class=\"sya_bracket\">(<\/span>News<span class=\"sya_bracket\">)<\/span><\/span><\/div><\/li><li class=\"\"><div class=\"sya_postcontent\"><span class=\"sya_date\">01.09. <span class=\"sya_sep\">- <\/span><\/span><a href=\"https:\/\/erasmusplus.al\/?p=9179\" class=\"sya_postlink post-9179\" rel=\"bookmark\">Selection of CBVET- Call 2023<\/a> <span class=\"sya_categories\"><span class=\"sya_bracket\">(<\/span>Activities, News<span class=\"sya_bracket\">)<\/span><\/span><\/div><\/li><li class=\"\"><div class=\"sya_postcontent\"><span class=\"sya_date\">01.09. <span class=\"sya_sep\">- <\/span><\/span><a href=\"https:\/\/erasmusplus.al\/?p=9175\" class=\"sya_postlink post-9175\" rel=\"bookmark\">\u2018List of selected CBHE projects- Call 2023\u2019<\/a> <span class=\"sya_categories\"><span class=\"sya_bracket\">(<\/span>Activities, News<span class=\"sya_bracket\">)<\/span><\/span><\/div><\/li><li class=\"\"><div class=\"sya_postcontent\"><span class=\"sya_date\">11.07. <span class=\"sya_sep\">- <\/span><\/span><a href=\"https:\/\/erasmusplus.al\/?p=9154\" class=\"sya_postlink post-9154\" rel=\"bookmark\">University \u2018Aleksander Moisiu\u2019 of Durresi is part of Stars EU Alliance!<\/a> <span class=\"sya_categories\"><span class=\"sya_bracket\">(<\/span>News<span class=\"sya_bracket\">)<\/span><\/span><\/div><\/li><li class=\"\"><div class=\"sya_postcontent\"><span class=\"sya_date\">11.07. <span class=\"sya_sep\">- <\/span><\/span><a href=\"https:\/\/erasmusplus.al\/?p=9150\" class=\"sya_postlink post-9150\" rel=\"bookmark\">Six Albanian HEIs awarded with Erasmus+ Charter!<\/a> <span class=\"sya_categories\"><span class=\"sya_bracket\">(<\/span>Activities, News<span class=\"sya_bracket\">)<\/span><\/span><\/div><\/li><li class=\"\"><div class=\"sya_postcontent\"><span class=\"sya_date\">05.07. <span class=\"sya_sep\">- <\/span><\/span><a href=\"https:\/\/erasmusplus.al\/?p=9120\" class=\"sya_postlink post-9120\" rel=\"bookmark\">Konferenca permbyllese e projektit CBHE \u2018TTO4FOOD \u2013Enhancement of knowledge transfer in the food sector strengthening the technological transfer offices in Albanian universities\u2019<\/a> <span class=\"sya_categories\"><span class=\"sya_bracket\">(<\/span>Activities<span class=\"sya_bracket\">)<\/span><\/span><\/div><\/li><li class=\"\"><div class=\"sya_postcontent\"><span class=\"sya_date\">05.07. <span class=\"sya_sep\">- <\/span><\/span><a href=\"https:\/\/erasmusplus.al\/?p=9110\" class=\"sya_postlink post-9110\" rel=\"bookmark\">EU project survey students&#8217; views on careers in energy transition<\/a> <span class=\"sya_categories\"><span class=\"sya_bracket\">(<\/span>News<span class=\"sya_bracket\">)<\/span><\/span><\/div><\/li><li class=\"\"><div class=\"sya_postcontent\"><span class=\"sya_date\">05.07. <span class=\"sya_sep\">- <\/span><\/span><a href=\"https:\/\/erasmusplus.al\/?p=9087\" class=\"sya_postlink post-9087\" rel=\"bookmark\">\u2018Contact Seminar between Dutch HEIs and WB HEIs\u2019, on 21-23 of June 2023, in Tirana<\/a> <span class=\"sya_categories\"><span class=\"sya_bracket\">(<\/span>Activities, News<span class=\"sya_bracket\">)<\/span><\/span><\/div><\/li><li class=\"\"><div class=\"sya_postcontent\"><span class=\"sya_date\">23.06. <span class=\"sya_sep\">- <\/span><\/span><a href=\"https:\/\/erasmusplus.al\/?p=9078\" class=\"sya_postlink post-9078\" rel=\"bookmark\">ESNsurvey XV is opening!<\/a> <span class=\"sya_categories\"><span class=\"sya_bracket\">(<\/span>Activities, News<span class=\"sya_bracket\">)<\/span><\/span><\/div><\/li><li class=\"\"><div class=\"sya_postcontent\"><span class=\"sya_date\">08.06. <span class=\"sya_sep\">- <\/span><\/span><a href=\"https:\/\/erasmusplus.al\/?p=9069\" class=\"sya_postlink post-9069\" rel=\"bookmark\">Takim per projektin CBVET- V2V Capacity Building in Albania<\/a> <span class=\"sya_categories\"><span class=\"sya_bracket\">(<\/span>Activities, News<span class=\"sya_bracket\">)<\/span><\/span><\/div><\/li><li class=\"\"><div class=\"sya_postcontent\"><span class=\"sya_date\">08.06. <span class=\"sya_sep\">- <\/span><\/span><a href=\"https:\/\/erasmusplus.al\/?p=9062\" class=\"sya_postlink post-9062\" rel=\"bookmark\">\u2018Applications are open: MSc programme in Sustainable Agriculture\u2019<\/a> <span class=\"sya_categories\"><span class=\"sya_bracket\">(<\/span>Activities, News<span class=\"sya_bracket\">)<\/span><\/span><\/div><\/li><li class=\"\"><div class=\"sya_postcontent\"><span class=\"sya_date\">26.05. <span class=\"sya_sep\">- <\/span><\/span><a href=\"https:\/\/erasmusplus.al\/?p=9058\" class=\"sya_postlink post-9058\" rel=\"bookmark\">CIF INTERNATIONAL SUMMER SCHOOL- Call for scholarships<\/a> <span class=\"sya_categories\"><span class=\"sya_bracket\">(<\/span>Activities, News<span class=\"sya_bracket\">)<\/span><\/span><\/div><\/li><li class=\"\"><div class=\"sya_postcontent\"><span class=\"sya_date\">23.05. <span class=\"sya_sep\">- <\/span><\/span><a href=\"https:\/\/erasmusplus.al\/?p=9049\" class=\"sya_postlink post-9049\" rel=\"bookmark\">Prezantimi I programit Erasmus+ gjate aktivitetit ne dt. 18-19 Maj 2023 ne universitetin Polis<\/a> <span class=\"sya_categories\"><span class=\"sya_bracket\">(<\/span>Activities, News<span class=\"sya_bracket\">)<\/span><\/span><\/div><\/li><li class=\"\"><div class=\"sya_postcontent\"><span class=\"sya_date\">18.05. <span class=\"sya_sep\">- <\/span><\/span><a href=\"https:\/\/erasmusplus.al\/?p=9041\" class=\"sya_postlink post-9041\" rel=\"bookmark\">Thirrje p\u00ebr kandidatura p\u00ebr programet e bursave t\u00eb studimit t\u00eb Qeveris\u00eb Franceze<\/a> <span class=\"sya_categories\"><span class=\"sya_bracket\">(<\/span>News<span class=\"sya_bracket\">)<\/span><\/span><\/div><\/li><li class=\"\"><div class=\"sya_postcontent\"><span class=\"sya_date\">18.05. <span class=\"sya_sep\">- <\/span><\/span><a href=\"https:\/\/erasmusplus.al\/?p=9028\" class=\"sya_postlink post-9028\" rel=\"bookmark\">CBHE- \u20181FUTURE\u2019, dt. 3-4 Maj 2023<\/a> <span class=\"sya_categories\"><span class=\"sya_bracket\">(<\/span>Activities, News<span class=\"sya_bracket\">)<\/span><\/span><\/div><\/li><li class=\"\"><div class=\"sya_postcontent\"><span class=\"sya_date\">12.05. <span class=\"sya_sep\">- <\/span><\/span><a href=\"https:\/\/erasmusplus.al\/?p=9014\" class=\"sya_postlink post-9014\" rel=\"bookmark\">IAEA Marie Sklodowska-Curie Fellowship Programme (MSCFP)-Notification of the new application call opening!<\/a> <span class=\"sya_categories\"><span class=\"sya_bracket\">(<\/span>Activities, News<span class=\"sya_bracket\">)<\/span><\/span><\/div><\/li><li class=\"\"><div class=\"sya_postcontent\"><span class=\"sya_date\">09.05. <span class=\"sya_sep\">- <\/span><\/span><a href=\"https:\/\/erasmusplus.al\/?p=9010\" class=\"sya_postlink post-9010\" rel=\"bookmark\">Gezuar Diten e Evropes<\/a> <span class=\"sya_categories\"><span class=\"sya_bracket\">(<\/span>Activities, News<span class=\"sya_bracket\">)<\/span><\/span><\/div><\/li><li class=\"\"><div class=\"sya_postcontent\"><span class=\"sya_date\">02.05. <span class=\"sya_sep\">- <\/span><\/span><a href=\"https:\/\/erasmusplus.al\/?p=9000\" class=\"sya_postlink post-9000\" rel=\"bookmark\">Aktiviteti \u2018Erasmus+ Days 2023\u2019<\/a> <span class=\"sya_categories\"><span class=\"sya_bracket\">(<\/span>Activities, News<span class=\"sya_bracket\">)<\/span><\/span><\/div><\/li><li class=\"\"><div class=\"sya_postcontent\"><span class=\"sya_date\">02.05. <span class=\"sya_sep\">- <\/span><\/span><a href=\"https:\/\/erasmusplus.al\/?p=8990\" class=\"sya_postlink post-8990\" rel=\"bookmark\">The conference, entitled &#8220;Challenges in the Western Balkans: Infrastructure and Development in the Region&#8221;<\/a> <span class=\"sya_categories\"><span class=\"sya_bracket\">(<\/span>Activities, News<span class=\"sya_bracket\">)<\/span><\/span><\/div><\/li><li class=\"\"><div class=\"sya_postcontent\"><span class=\"sya_date\">19.04. <span class=\"sya_sep\">- <\/span><\/span><a href=\"https:\/\/erasmusplus.al\/?p=8984\" class=\"sya_postlink post-8984\" rel=\"bookmark\">INVITATION To the event \u201cMASTED and the importance of the STEAM approach for education of the 21st century\u201d \u2013 April 25, 2023<\/a> <span class=\"sya_categories\"><span class=\"sya_bracket\">(<\/span>Activities, News<span class=\"sya_bracket\">)<\/span><\/span><\/div><\/li><li class=\"\"><div class=\"sya_postcontent\"><span class=\"sya_date\">28.03. <span class=\"sya_sep\">- <\/span><\/span><a href=\"https:\/\/erasmusplus.al\/?p=8968\" class=\"sya_postlink post-8968\" rel=\"bookmark\">Panairin &#8216;Studiare in Italia&#8217;<\/a> <span class=\"sya_categories\"><span class=\"sya_bracket\">(<\/span>Activities, News<span class=\"sya_bracket\">)<\/span><\/span><\/div><\/li><li class=\"\"><div class=\"sya_postcontent\"><span class=\"sya_date\">27.03. <span class=\"sya_sep\">- <\/span><\/span><a href=\"https:\/\/erasmusplus.al\/?p=8965\" class=\"sya_postlink post-8965\" rel=\"bookmark\">&#8216;ETF&#8217;s Green Skills Award&#8217;<\/a> <span class=\"sya_categories\"><span class=\"sya_bracket\">(<\/span>NEO Activities, News<span class=\"sya_bracket\">)<\/span><\/span><\/div><\/li><li class=\"\"><div class=\"sya_postcontent\"><span class=\"sya_date\">03.03. <span class=\"sya_sep\">- <\/span><\/span><a href=\"https:\/\/erasmusplus.al\/?p=8945\" class=\"sya_postlink post-8945\" rel=\"bookmark\">EMJMD EU4M open for application<\/a> <span class=\"sya_categories\"><span class=\"sya_bracket\">(<\/span>News<span class=\"sya_bracket\">)<\/span><\/span><\/div><\/li><li class=\"\"><div class=\"sya_postcontent\"><span class=\"sya_date\">28.02. <span class=\"sya_sep\">- <\/span><\/span><a href=\"https:\/\/erasmusplus.al\/?p=8937\" class=\"sya_postlink post-8937\" rel=\"bookmark\">WBAA Report first four years<\/a> <span class=\"sya_categories\"><span class=\"sya_bracket\">(<\/span>Activities, News<span class=\"sya_bracket\">)<\/span><\/span><\/div><\/li><li class=\"\"><div class=\"sya_postcontent\"><span class=\"sya_date\">27.02. <span class=\"sya_sep\">- <\/span><\/span><a href=\"https:\/\/erasmusplus.al\/?p=8909\" class=\"sya_postlink post-8909\" rel=\"bookmark\">Erasmus+ Info Session on Sport<\/a> <span class=\"sya_categories\"><span class=\"sya_bracket\">(<\/span>Activities, News<span class=\"sya_bracket\">)<\/span><\/span><\/div><\/li><li class=\"\"><div class=\"sya_postcontent\"><span class=\"sya_date\">22.02. <span class=\"sya_sep\">- <\/span><\/span><a href=\"https:\/\/erasmusplus.al\/?p=8880\" class=\"sya_postlink post-8880\" rel=\"bookmark\">YOUTH 14.02.2023<\/a> <span class=\"sya_categories\"><span class=\"sya_bracket\">(<\/span>Activities, NEO Activities, News<span class=\"sya_bracket\">)<\/span><\/span><\/div><\/li><li class=\"\"><div class=\"sya_postcontent\"><span class=\"sya_date\">16.02. <span class=\"sya_sep\">- <\/span><\/span><a href=\"https:\/\/erasmusplus.al\/?p=8804\" class=\"sya_postlink post-8804\" rel=\"bookmark\">Erasmus Mundus- MEDFOR<\/a> <span class=\"sya_categories\"><span class=\"sya_bracket\">(<\/span>News<span class=\"sya_bracket\">)<\/span><\/span><\/div><\/li><li class=\"\"><div class=\"sya_postcontent\"><span class=\"sya_date\">23.01. <span class=\"sya_sep\">- <\/span><\/span><a href=\"https:\/\/erasmusplus.al\/?p=8774\" class=\"sya_postlink post-8774\" rel=\"bookmark\">Capacity building in the field of Vocational application &#8211; deadline is coming !<\/a> <span class=\"sya_categories\"><span class=\"sya_bracket\">(<\/span>Activities, News<span class=\"sya_bracket\">)<\/span><\/span><\/div><\/li><li class=\"\"><div class=\"sya_postcontent\"><span class=\"sya_date\">19.01. <span class=\"sya_sep\">- <\/span><\/span><a href=\"https:\/\/erasmusplus.al\/?p=8768\" class=\"sya_postlink post-8768\" rel=\"bookmark\">Deadline for new call Erasmus+ application<\/a> <span class=\"sya_categories\"><span class=\"sya_bracket\">(<\/span>Activities, News<span class=\"sya_bracket\">)<\/span><\/span><\/div><\/li><li class=\"\"><div class=\"sya_postcontent\"><span class=\"sya_date\">10.01. <span class=\"sya_sep\">- <\/span><\/span><a href=\"https:\/\/erasmusplus.al\/?p=8675\" class=\"sya_postlink post-8675\" rel=\"bookmark\">Info Session Erasmus+ for the students<\/a> <span class=\"sya_categories\"><span class=\"sya_bracket\">(<\/span>Activities, News<span class=\"sya_bracket\">)<\/span><\/span><\/div><\/li><li class=\"\"><div class=\"sya_postcontent\"><span class=\"sya_date\">10.01. <span class=\"sya_sep\">- <\/span><\/span><a href=\"https:\/\/erasmusplus.al\/?p=8653\" class=\"sya_postlink post-8653\" rel=\"bookmark\">National Info Day Erasmus+ on Higher Education<\/a> <span class=\"sya_categories\"><span class=\"sya_bracket\">(<\/span>Activities, News<span class=\"sya_bracket\">)<\/span><\/span><\/div><\/li><\/ul><\/div><div class=\"sya_container\" id=\"sya_container\"><p class=\"sya_yearslist\" id=\"sya_yearslist\"><a href=\"#year2022\">2022<\/a><\/p><h2><a id=\"year2022\"><\/a><a href=\"https:\/\/erasmusplus.al\/?m=2022\" rel=\"section\">2022<\/a> <span class=\"sya_yearcount\"><span class=\"sya_bracket\">(<\/span>28<span class=\"sya_bracket\">)<\/span><\/span><\/h2><ul><li class=\"\"><div class=\"sya_postcontent\"><span class=\"sya_date\">05.12. <span class=\"sya_sep\">- <\/span><\/span><a href=\"https:\/\/erasmusplus.al\/?p=8546\" class=\"sya_postlink post-8546\" rel=\"bookmark\">Online Infoday on Erasmus+ Capacity Building in Higher Education on 09.12.2022<\/a> <span class=\"sya_categories\"><span class=\"sya_bracket\">(<\/span>Activities, News<span class=\"sya_bracket\">)<\/span><\/span><\/div><\/li><li class=\"\"><div class=\"sya_postcontent\"><span class=\"sya_date\">05.12. <span class=\"sya_sep\">- <\/span><\/span><a href=\"https:\/\/erasmusplus.al\/?p=8530\" class=\"sya_postlink post-8530\" rel=\"bookmark\">European Education and Culture Executive Agency<\/a> <span class=\"sya_categories\"><span class=\"sya_bracket\">(<\/span>Activities, News<span class=\"sya_bracket\">)<\/span><\/span><\/div><\/li><li class=\"\"><div class=\"sya_postcontent\"><span class=\"sya_date\">30.11. <span class=\"sya_sep\">- <\/span><\/span><a href=\"https:\/\/erasmusplus.al\/?p=8712\" class=\"sya_postlink post-8712\" rel=\"bookmark\">Fjale pershendetese te projektit VALEU-X<\/a> <span class=\"sya_categories\"><span class=\"sya_bracket\">(<\/span>Activities, News<span class=\"sya_bracket\">)<\/span><\/span><\/div><\/li><li class=\"\"><div class=\"sya_postcontent\"><span class=\"sya_date\">23.11. <span class=\"sya_sep\">- <\/span><\/span><a href=\"https:\/\/erasmusplus.al\/?p=8721\" class=\"sya_postlink post-8721\" rel=\"bookmark\">Contact Seminar in WB<\/a> <span class=\"sya_categories\"><span class=\"sya_bracket\">(<\/span>Activities, News<span class=\"sya_bracket\">)<\/span><\/span><\/div><\/li><li class=\"\"><div class=\"sya_postcontent\"><span class=\"sya_date\">03.11. <span class=\"sya_sep\">- <\/span><\/span><a href=\"https:\/\/erasmusplus.al\/?p=8733\" class=\"sya_postlink post-8733\" rel=\"bookmark\">Sesion informues Erasmus+<\/a> <span class=\"sya_categories\"><span class=\"sya_bracket\">(<\/span>Activities, News<span class=\"sya_bracket\">)<\/span><\/span><\/div><\/li><li class=\"\"><div class=\"sya_postcontent\"><span class=\"sya_date\">28.10. <span class=\"sya_sep\">- <\/span><\/span><a href=\"https:\/\/erasmusplus.al\/?p=8740\" class=\"sya_postlink post-8740\" rel=\"bookmark\">65 vjetori i universitetit Luigj Gurakuqi<\/a> <span class=\"sya_categories\"><span class=\"sya_bracket\">(<\/span>Activities, News<span class=\"sya_bracket\">)<\/span><\/span><\/div><\/li><li class=\"\"><div class=\"sya_postcontent\"><span class=\"sya_date\">25.10. <span class=\"sya_sep\">- <\/span><\/span><a href=\"https:\/\/erasmusplus.al\/?p=8746\" class=\"sya_postlink post-8746\" rel=\"bookmark\">Projekti BLUEWBC<\/a> <span class=\"sya_categories\"><span class=\"sya_bracket\">(<\/span>Activities, News<span class=\"sya_bracket\">)<\/span><\/span><\/div><\/li><li class=\"\"><div class=\"sya_postcontent\"><span class=\"sya_date\">13.10. <span class=\"sya_sep\">- <\/span><\/span><a href=\"https:\/\/erasmusplus.al\/?p=8754\" class=\"sya_postlink post-8754\" rel=\"bookmark\">Erasmus+ Opportunities<\/a> <span class=\"sya_categories\"><span class=\"sya_bracket\">(<\/span>Activities, News<span class=\"sya_bracket\">)<\/span><\/span><\/div><\/li><li class=\"\"><div class=\"sya_postcontent\"><span class=\"sya_date\">16.09. <span class=\"sya_sep\">- <\/span><\/span><a href=\"https:\/\/erasmusplus.al\/?p=8760\" class=\"sya_postlink post-8760\" rel=\"bookmark\">Projekti Know-Hub<\/a> <span class=\"sya_categories\"><span class=\"sya_bracket\">(<\/span>Activities, News<span class=\"sya_bracket\">)<\/span><\/span><\/div><\/li><li class=\"\"><div class=\"sya_postcontent\"><span class=\"sya_date\">09.05. <span class=\"sya_sep\">- <\/span><\/span><a href=\"https:\/\/erasmusplus.al\/?p=8296\" class=\"sya_postlink post-8296\" rel=\"bookmark\">Europe Week in Tirana<\/a> <span class=\"sya_categories\"><span class=\"sya_bracket\">(<\/span>Uncategorized<span class=\"sya_bracket\">)<\/span><\/span><\/div><\/li><li class=\"\"><div class=\"sya_postcontent\"><span class=\"sya_date\">05.05. <span class=\"sya_sep\">- <\/span><\/span><a href=\"https:\/\/erasmusplus.al\/?p=8287\" class=\"sya_postlink post-8287\" rel=\"bookmark\">Europe Week in Vlora<\/a> <span class=\"sya_categories\"><span class=\"sya_bracket\">(<\/span>Uncategorized<span class=\"sya_bracket\">)<\/span><\/span><\/div><\/li><li class=\"\"><div class=\"sya_postcontent\"><span class=\"sya_date\">03.05. <span class=\"sya_sep\">- <\/span><\/span><a href=\"https:\/\/erasmusplus.al\/?p=8282\" class=\"sya_postlink post-8282\" rel=\"bookmark\">Europe Week in Shkodra<\/a> <span class=\"sya_categories\"><span class=\"sya_bracket\">(<\/span>Uncategorized<span class=\"sya_bracket\">)<\/span><\/span><\/div><\/li><li class=\"\"><div class=\"sya_postcontent\"><span class=\"sya_date\">14.04. <span class=\"sya_sep\">- <\/span><\/span><a href=\"https:\/\/erasmusplus.al\/?p=8273\" class=\"sya_postlink post-8273\" rel=\"bookmark\">The first center of excellence Jean Monnet in Albania, &#8220;The Europeanization of Public Policies in Albania&#8221;.<\/a> <span class=\"sya_categories\"><span class=\"sya_bracket\">(<\/span>Uncategorized<span class=\"sya_bracket\">)<\/span><\/span><\/div><\/li><li class=\"\"><div class=\"sya_postcontent\"><span class=\"sya_date\">24.02. <span class=\"sya_sep\">- <\/span><\/span><a href=\"https:\/\/erasmusplus.al\/?p=8214\" class=\"sya_postlink post-8214\" rel=\"bookmark\">NEO Publications<\/a> <span class=\"sya_categories\"><span class=\"sya_bracket\">(<\/span>Uncategorized<span class=\"sya_bracket\">)<\/span><\/span><\/div><\/li><li class=\"\"><div class=\"sya_postcontent\"><span class=\"sya_date\">23.02. <span class=\"sya_sep\">- <\/span><\/span><a href=\"https:\/\/erasmusplus.al\/?p=8204&lang=sq\" class=\"sya_postlink post-8204\" rel=\"bookmark\">LAJME<\/a> <span class=\"sya_categories\"><span class=\"sya_bracket\">(<\/span>Uncategorized @sq<span class=\"sya_bracket\">)<\/span><\/span><\/div><\/li><li class=\"\"><div class=\"sya_postcontent\"><span class=\"sya_date\">23.02. <span class=\"sya_sep\">- <\/span><\/span><a href=\"https:\/\/erasmusplus.al\/?p=8195\" class=\"sya_postlink post-8195\" rel=\"bookmark\">NEWS<\/a> <span class=\"sya_categories\"><span class=\"sya_bracket\">(<\/span>Uncategorized<span class=\"sya_bracket\">)<\/span><\/span><\/div><\/li><li class=\"\"><div class=\"sya_postcontent\"><span class=\"sya_date\">20.02. <span class=\"sya_sep\">- <\/span><\/span><a href=\"https:\/\/erasmusplus.al\/?p=8134&lang=sq\" class=\"sya_postlink post-8134\" rel=\"bookmark\">Publikimet e HERE-ve<\/a> <span class=\"sya_categories\"><span class=\"sya_bracket\">(<\/span>Uncategorized @sq<span class=\"sya_bracket\">)<\/span><\/span><\/div><\/li><li class=\"\"><div class=\"sya_postcontent\"><span class=\"sya_date\">20.02. <span class=\"sya_sep\">- <\/span><\/span><a href=\"https:\/\/erasmusplus.al\/?p=8132&lang=sq\" class=\"sya_postlink post-8132\" rel=\"bookmark\">Publikimet e NEO-ve<\/a> <span class=\"sya_categories\"><span class=\"sya_bracket\">(<\/span>Uncategorized @sq<span class=\"sya_bracket\">)<\/span><\/span><\/div><\/li><li class=\"\"><div class=\"sya_postcontent\"><span class=\"sya_date\">20.02. <span class=\"sya_sep\">- <\/span><\/span><a href=\"https:\/\/erasmusplus.al\/?p=8125&lang=sq\" class=\"sya_postlink post-8125\" rel=\"bookmark\">Erasmus Mundus Joint Masters<\/a> <span class=\"sya_categories\"><span class=\"sya_bracket\">(<\/span>Uncategorized @sq<span class=\"sya_bracket\">)<\/span><\/span><\/div><\/li><li class=\"\"><div class=\"sya_postcontent\"><span class=\"sya_date\">20.02. <span class=\"sya_sep\">- <\/span><\/span><a href=\"https:\/\/erasmusplus.al\/?p=8123&lang=sq\" class=\"sya_postlink post-8123\" rel=\"bookmark\">Shk\u00ebmbime t\u00eb shkurtra \u2013 ICM (Student\u00eb\/Staf)<\/a> <span class=\"sya_categories\"><span class=\"sya_bracket\">(<\/span>Uncategorized @sq<span class=\"sya_bracket\">)<\/span><\/span><\/div><\/li><li class=\"\"><div class=\"sya_postcontent\"><span class=\"sya_date\">20.02. <span class=\"sya_sep\">- <\/span><\/span><a href=\"https:\/\/erasmusplus.al\/?p=8121&lang=sq\" class=\"sya_postlink post-8121\" rel=\"bookmark\">Jean Monnet<\/a> <span class=\"sya_categories\"><span class=\"sya_bracket\">(<\/span>Uncategorized @sq<span class=\"sya_bracket\">)<\/span><\/span><\/div><\/li><li class=\"\"><div class=\"sya_postcontent\"><span class=\"sya_date\">20.02. <span class=\"sya_sep\">- <\/span><\/span><a href=\"https:\/\/erasmusplus.al\/?p=8119&lang=sq\" class=\"sya_postlink post-8119\" rel=\"bookmark\">KA2- Bashk\u00ebpunim p\u00ebr inovacion dhe p\u00ebrvoja t\u00eb mira<\/a> <span class=\"sya_categories\"><span class=\"sya_bracket\">(<\/span>Uncategorized @sq<span class=\"sya_bracket\">)<\/span><\/span><\/div><\/li><li class=\"\"><div class=\"sya_postcontent\"><span class=\"sya_date\">20.02. <span class=\"sya_sep\">- <\/span><\/span><a href=\"https:\/\/erasmusplus.al\/?p=8117&lang=sq\" class=\"sya_postlink post-8117\" rel=\"bookmark\">KA1- Mobilitete<\/a> <span class=\"sya_categories\"><span class=\"sya_bracket\">(<\/span>Uncategorized @sq<span class=\"sya_bracket\">)<\/span><\/span><\/div><\/li><li class=\"\"><div class=\"sya_postcontent\"><span class=\"sya_date\">18.02. <span class=\"sya_sep\">- <\/span><\/span><a href=\"https:\/\/erasmusplus.al\/?p=8091&lang=sq\" class=\"sya_postlink post-8091\" rel=\"bookmark\">Sporti<\/a> <span class=\"sya_categories\"><span class=\"sya_bracket\">(<\/span>Uncategorized @sq<span class=\"sya_bracket\">)<\/span><\/span><\/div><\/li><li class=\"\"><div class=\"sya_postcontent\"><span class=\"sya_date\">18.02. <span class=\"sya_sep\">- <\/span><\/span><a href=\"https:\/\/erasmusplus.al\/?p=8089&lang=sq\" class=\"sya_postlink post-8089\" rel=\"bookmark\">Rinia<\/a> <span class=\"sya_categories\"><span class=\"sya_bracket\">(<\/span>Uncategorized @sq<span class=\"sya_bracket\">)<\/span><\/span><\/div><\/li><li class=\"\"><div class=\"sya_postcontent\"><span class=\"sya_date\">18.02. <span class=\"sya_sep\">- <\/span><\/span><a href=\"https:\/\/erasmusplus.al\/?p=8087&lang=sq\" class=\"sya_postlink post-8087\" rel=\"bookmark\">Arsimi Profesional dhe Trajnimet<\/a> <span class=\"sya_categories\"><span class=\"sya_bracket\">(<\/span>Uncategorized @sq<span class=\"sya_bracket\">)<\/span><\/span><\/div><\/li><li class=\"\"><div class=\"sya_postcontent\"><span class=\"sya_date\">10.01. <span class=\"sya_sep\">- <\/span><\/span><a href=\"https:\/\/erasmusplus.al\/?p=7859\" class=\"sya_postlink post-7859\" rel=\"bookmark\">National Info Day- Presentations<\/a> <span class=\"sya_categories\"><span class=\"sya_bracket\">(<\/span>Activities, Info Session, NEO Activities, News<span class=\"sya_bracket\">)<\/span><\/span><\/div><\/li><li class=\"\"><div class=\"sya_postcontent\"><span class=\"sya_date\">05.01. <span class=\"sya_sep\">- <\/span><\/span><a href=\"https:\/\/erasmusplus.al\/?p=7848\" class=\"sya_postlink post-7848\" rel=\"bookmark\">Happy New Year<\/a> <span class=\"sya_categories\"><span class=\"sya_bracket\">(<\/span>Uncategorized<span class=\"sya_bracket\">)<\/span><\/span><\/div><\/li><\/ul><\/div><div class=\"sya_container\" id=\"sya_container\"><p class=\"sya_yearslist\" id=\"sya_yearslist\"><a href=\"#year2021\">2021<\/a><\/p><h2><a id=\"year2021\"><\/a><a href=\"https:\/\/erasmusplus.al\/?m=2021\" rel=\"section\">2021<\/a> <span class=\"sya_yearcount\"><span class=\"sya_bracket\">(<\/span>75<span class=\"sya_bracket\">)<\/span><\/span><\/h2><ul><li class=\"\"><div class=\"sya_postcontent\"><span class=\"sya_date\">23.12. <span class=\"sya_sep\">- <\/span><\/span><a href=\"https:\/\/erasmusplus.al\/?p=7939\" class=\"sya_postlink post-7939\" rel=\"bookmark\">The first monitoring visit of DIMTV project<\/a> <span class=\"sya_categories\"><span class=\"sya_bracket\">(<\/span>Monitoring Visit, NEO Activities<span class=\"sya_bracket\">)<\/span><\/span><\/div><\/li><li class=\"\"><div class=\"sya_postcontent\"><span class=\"sya_date\">22.12. <span class=\"sya_sep\">- <\/span><\/span><a href=\"https:\/\/erasmusplus.al\/?p=7950\" class=\"sya_postlink post-7950\" rel=\"bookmark\">The first monitoring visit of Vtech project<\/a> <span class=\"sya_categories\"><span class=\"sya_bracket\">(<\/span>Monitoring Visit, NEO Activities<span class=\"sya_bracket\">)<\/span><\/span><\/div><\/li><li class=\"\"><div class=\"sya_postcontent\"><span class=\"sya_date\">22.12. <span class=\"sya_sep\">- <\/span><\/span><a href=\"https:\/\/erasmusplus.al\/?p=7958\" class=\"sya_postlink post-7958\" rel=\"bookmark\">The first monitoring visit of INTERBA project<\/a> <span class=\"sya_categories\"><span class=\"sya_bracket\">(<\/span>Monitoring Visit, NEO Activities<span class=\"sya_bracket\">)<\/span><\/span><\/div><\/li><li class=\"\"><div class=\"sya_postcontent\"><span class=\"sya_date\">21.12. <span class=\"sya_sep\">- <\/span><\/span><a href=\"https:\/\/erasmusplus.al\/?p=7797\" class=\"sya_postlink post-7797\" rel=\"bookmark\">&#8220;National Information Day&#8221; for students<\/a> <span class=\"sya_categories\"><span class=\"sya_bracket\">(<\/span>Info Session, NEO Activities<span class=\"sya_bracket\">)<\/span><\/span><\/div><\/li><li class=\"\"><div class=\"sya_postcontent\"><span class=\"sya_date\">21.12. <span class=\"sya_sep\">- <\/span><\/span><a href=\"https:\/\/erasmusplus.al\/?p=7783\" class=\"sya_postlink post-7783\" rel=\"bookmark\">&#8220;National Information Day&#8221; for HEIs and their staff<\/a> <span class=\"sya_categories\"><span class=\"sya_bracket\">(<\/span>Info Session, NEO Activities<span class=\"sya_bracket\">)<\/span><\/span><\/div><\/li><li class=\"\"><div class=\"sya_postcontent\"><span class=\"sya_date\">17.12. <span class=\"sya_sep\">- <\/span><\/span><a href=\"https:\/\/erasmusplus.al\/?p=7834\" class=\"sya_postlink post-7834\" rel=\"bookmark\">Conference of the \ud83c\uddea\ud83c\uddfa-funded project Jean Monnet Module \u201cForeign Language Teaching in and for European Contexts\/FoLaTE\u201d<\/a> <span class=\"sya_categories\"><span class=\"sya_bracket\">(<\/span>Activities, Meeting, Uncategorized<span class=\"sya_bracket\">)<\/span><\/span><\/div><\/li><li class=\"\"><div class=\"sya_postcontent\"><span class=\"sya_date\">03.12. <span class=\"sya_sep\">- <\/span><\/span><a href=\"https:\/\/erasmusplus.al\/?p=7655\" class=\"sya_postlink post-7655\" rel=\"bookmark\">Info Session on Erasmus Mundus Joint Masters<\/a> <span class=\"sya_categories\"><span class=\"sya_bracket\">(<\/span>Info Session, NEO Activities<span class=\"sya_bracket\">)<\/span><\/span><\/div><\/li><li class=\"\"><div class=\"sya_postcontent\"><span class=\"sya_date\">26.11. <span class=\"sya_sep\">- <\/span><\/span><a href=\"https:\/\/erasmusplus.al\/?p=7649\" class=\"sya_postlink post-7649\" rel=\"bookmark\">Info Session on Erasmus Mundus Joint Masters\/ Elbasan<\/a> <span class=\"sya_categories\"><span class=\"sya_bracket\">(<\/span>Info Session, NEO Activities<span class=\"sya_bracket\">)<\/span><\/span><\/div><\/li><li class=\"\"><div class=\"sya_postcontent\"><span class=\"sya_date\">26.11. <span class=\"sya_sep\">- <\/span><\/span><a href=\"https:\/\/erasmusplus.al\/?p=7642\" class=\"sya_postlink post-7642\" rel=\"bookmark\">Here seminar \u201cECTS for programme design, delivery and monitoring\u201d<\/a> <span class=\"sya_categories\"><span class=\"sya_bracket\">(<\/span>Activities, HERE Activities, NEO Activities<span class=\"sya_bracket\">)<\/span><\/span><\/div><\/li><li class=\"\"><div class=\"sya_postcontent\"><span class=\"sya_date\">25.11. <span class=\"sya_sep\">- <\/span><\/span><a href=\"https:\/\/erasmusplus.al\/?p=7653\" class=\"sya_postlink post-7653\" rel=\"bookmark\">The 2022 Call for Proposals<\/a> <span class=\"sya_categories\"><span class=\"sya_bracket\">(<\/span>News<span class=\"sya_bracket\">)<\/span><\/span><\/div><\/li><li class=\"\"><div class=\"sya_postcontent\"><span class=\"sya_date\">22.11. <span class=\"sya_sep\">- <\/span><\/span><a href=\"https:\/\/erasmusplus.al\/?p=7285\" class=\"sya_postlink post-7285\" rel=\"bookmark\">&#8220;Referencing Albanian Qualification Framework to the European Qualification Framework (EQF) and self-referencing to Qualification Framework of EHEA (QF-EHEA)&#8221;<\/a> <span class=\"sya_categories\"><span class=\"sya_bracket\">(<\/span>HERE Activities<span class=\"sya_bracket\">)<\/span><\/span><\/div><\/li><li class=\"\"><div class=\"sya_postcontent\"><span class=\"sya_date\">16.11. <span class=\"sya_sep\">- <\/span><\/span><a href=\"https:\/\/erasmusplus.al\/?p=7263\" class=\"sya_postlink post-7263\" rel=\"bookmark\">\u201cECTS for programme design, delivery and monitoring\u201d<\/a> <span class=\"sya_categories\"><span class=\"sya_bracket\">(<\/span>Activities, HERE Activities, News<span class=\"sya_bracket\">)<\/span><\/span><\/div><\/li><li class=\"\"><div class=\"sya_postcontent\"><span class=\"sya_date\">15.11. <span class=\"sya_sep\">- <\/span><\/span><a href=\"https:\/\/erasmusplus.al\/?p=7637\" class=\"sya_postlink post-7637\" rel=\"bookmark\">Info Session on Erasmus Mundus Joint Masters<\/a> <span class=\"sya_categories\"><span class=\"sya_bracket\">(<\/span>Info Session, NEO Activities<span class=\"sya_bracket\">)<\/span><\/span><\/div><\/li><li class=\"\"><div class=\"sya_postcontent\"><span class=\"sya_date\">03.11. <span class=\"sya_sep\">- <\/span><\/span><a href=\"https:\/\/erasmusplus.al\/?p=7628\" class=\"sya_postlink post-7628\" rel=\"bookmark\">EU4Education Fair<\/a> <span class=\"sya_categories\"><span class=\"sya_bracket\">(<\/span>Activities, Info Session, NEO Activities, News<span class=\"sya_bracket\">)<\/span><\/span><\/div><\/li><li class=\"\"><div class=\"sya_postcontent\"><span class=\"sya_date\">28.10. <span class=\"sya_sep\">- <\/span><\/span><a href=\"https:\/\/erasmusplus.al\/?p=7249&lang=sq\" class=\"sya_postlink post-7249\" rel=\"bookmark\">Aktivitetet e HERE-ve<\/a> <span class=\"sya_categories\"><span class=\"sya_bracket\">(<\/span>Aktivitete, HERE Aktivitete<span class=\"sya_bracket\">)<\/span><\/span><\/div><\/li><li class=\"\"><div class=\"sya_postcontent\"><span class=\"sya_date\">28.10. <span class=\"sya_sep\">- <\/span><\/span><a href=\"https:\/\/erasmusplus.al\/?p=7635\" class=\"sya_postlink post-7635\" rel=\"bookmark\">Applications for Erasmus Mundus Joint Masters are open<\/a> <span class=\"sya_categories\"><span class=\"sya_bracket\">(<\/span>News, Uncategorized<span class=\"sya_bracket\">)<\/span><\/span><\/div><\/li><li class=\"\"><div class=\"sya_postcontent\"><span class=\"sya_date\">15.10. <span class=\"sya_sep\">- <\/span><\/span><a href=\"https:\/\/erasmusplus.al\/?p=7623\" class=\"sya_postlink post-7623\" rel=\"bookmark\">Erasmus Days, European University of Tirana<\/a> <span class=\"sya_categories\"><span class=\"sya_bracket\">(<\/span>Activities, Info Session, NEO Activities<span class=\"sya_bracket\">)<\/span><\/span><\/div><\/li><li class=\"\"><div class=\"sya_postcontent\"><span class=\"sya_date\">15.10. <span class=\"sya_sep\">- <\/span><\/span><a href=\"https:\/\/erasmusplus.al\/?p=7618\" class=\"sya_postlink post-7618\" rel=\"bookmark\">Erasmus Days, Metropolitan Tirana University<\/a> <span class=\"sya_categories\"><span class=\"sya_bracket\">(<\/span>Activities, Info Session, NEO Activities<span class=\"sya_bracket\">)<\/span><\/span><\/div><\/li><li class=\"\"><div class=\"sya_postcontent\"><span class=\"sya_date\">15.10. <span class=\"sya_sep\">- <\/span><\/span><a href=\"https:\/\/erasmusplus.al\/?p=7612\" class=\"sya_postlink post-7612\" rel=\"bookmark\">Erasmus Days, University of Elbasan &#8220;Aleksand\u00ebr Xhuvani<\/a> <span class=\"sya_categories\"><span class=\"sya_bracket\">(<\/span>Activities, Info Session, NEO Activities<span class=\"sya_bracket\">)<\/span><\/span><\/div><\/li><li class=\"\"><div class=\"sya_postcontent\"><span class=\"sya_date\">22.09. <span class=\"sya_sep\">- <\/span><\/span><a href=\"https:\/\/erasmusplus.al\/?p=7606\" class=\"sya_postlink post-7606\" rel=\"bookmark\">The final conference of the GRADUA project<\/a> <span class=\"sya_categories\"><span class=\"sya_bracket\">(<\/span>Activities, NEO Activities, Uncategorized<span class=\"sya_bracket\">)<\/span><\/span><\/div><\/li><li class=\"\"><div class=\"sya_postcontent\"><span class=\"sya_date\">17.09. <span class=\"sya_sep\">- <\/span><\/span><a href=\"https:\/\/erasmusplus.al\/?p=7596\" class=\"sya_postlink post-7596\" rel=\"bookmark\">The national HERE seminar \u201cReferencing Albanian Qualification Framework to the European Qualification Framework (EQF) and self-referencing to Qualification Framework of EHEA (QF-EHEA)\u201d<\/a> <span class=\"sya_categories\"><span class=\"sya_bracket\">(<\/span>HERE Activities, NEO Activities, Uncategorized<span class=\"sya_bracket\">)<\/span><\/span><\/div><\/li><li class=\"\"><div class=\"sya_postcontent\"><span class=\"sya_date\">26.08. <span class=\"sya_sep\">- <\/span><\/span><a href=\"https:\/\/erasmusplus.al\/?p=7586\" class=\"sya_postlink post-7586\" rel=\"bookmark\">The traditional pre-departure ceremony\/ EMJMD Students<\/a> <span class=\"sya_categories\"><span class=\"sya_bracket\">(<\/span>Activities, NEO Activities, Uncategorized<span class=\"sya_bracket\">)<\/span><\/span><\/div><\/li><li class=\"\"><div class=\"sya_postcontent\"><span class=\"sya_date\">27.07. <span class=\"sya_sep\">- <\/span><\/span><a href=\"https:\/\/erasmusplus.al\/?p=7580\" class=\"sya_postlink post-7580\" rel=\"bookmark\">The first monitoring visit of SUCCESS project<\/a> <span class=\"sya_categories\"><span class=\"sya_bracket\">(<\/span>Monitoring Visit, NEO Activities<span class=\"sya_bracket\">)<\/span><\/span><\/div><\/li><li class=\"\"><div class=\"sya_postcontent\"><span class=\"sya_date\">22.07. <span class=\"sya_sep\">- <\/span><\/span><a href=\"https:\/\/erasmusplus.al\/?p=7575\" class=\"sya_postlink post-7575\" rel=\"bookmark\">The first monitoring visit of TTO4FOOD project<\/a> <span class=\"sya_categories\"><span class=\"sya_bracket\">(<\/span>Monitoring Visit, NEO Activities<span class=\"sya_bracket\">)<\/span><\/span><\/div><\/li><li class=\"\"><div class=\"sya_postcontent\"><span class=\"sya_date\">21.07. <span class=\"sya_sep\">- <\/span><\/span><a href=\"https:\/\/erasmusplus.al\/?p=7570\" class=\"sya_postlink post-7570\" rel=\"bookmark\">Europe Weeks 2021, Europe House<\/a> <span class=\"sya_categories\"><span class=\"sya_bracket\">(<\/span>Info Session, NEO Activities<span class=\"sya_bracket\">)<\/span><\/span><\/div><\/li><li class=\"\"><div class=\"sya_postcontent\"><span class=\"sya_date\">13.07. <span class=\"sya_sep\">- <\/span><\/span><a href=\"https:\/\/erasmusplus.al\/?p=7563\" class=\"sya_postlink post-7563\" rel=\"bookmark\">The first monitoring visit of EntrAL project<\/a> <span class=\"sya_categories\"><span class=\"sya_bracket\">(<\/span>Monitoring Visit, NEO Activities<span class=\"sya_bracket\">)<\/span><\/span><\/div><\/li><li class=\"\"><div class=\"sya_postcontent\"><span class=\"sya_date\">09.07. <span class=\"sya_sep\">- <\/span><\/span><a href=\"https:\/\/erasmusplus.al\/?p=6776\" class=\"sya_postlink post-6776\" rel=\"bookmark\">Kompatibiliteti Akademik AML- Universitet, nj\u00eb axhend\u00eb efektive p\u00ebr mb\u00ebshtetjen e suksesit t\u00eb student\u00ebve\u2019<\/a> <span class=\"sya_categories\"><span class=\"sya_bracket\">(<\/span>HERE Activities<span class=\"sya_bracket\">)<\/span><\/span><\/div><\/li><li class=\"\"><div class=\"sya_postcontent\"><span class=\"sya_date\">07.07. <span class=\"sya_sep\">- <\/span><\/span><a href=\"https:\/\/erasmusplus.al\/?p=7557\" class=\"sya_postlink post-7557\" rel=\"bookmark\">The first monitoring visit of DualASF project<\/a> <span class=\"sya_categories\"><span class=\"sya_bracket\">(<\/span>Monitoring Visit, NEO Activities<span class=\"sya_bracket\">)<\/span><\/span><\/div><\/li><li class=\"\"><div class=\"sya_postcontent\"><span class=\"sya_date\">06.07. <span class=\"sya_sep\">- <\/span><\/span><a href=\"https:\/\/erasmusplus.al\/?p=7551\" class=\"sya_postlink post-7551\" rel=\"bookmark\">The first monitoring visit of STEAMedu project<\/a> <span class=\"sya_categories\"><span class=\"sya_bracket\">(<\/span>Monitoring Visit, NEO Activities<span class=\"sya_bracket\">)<\/span><\/span><\/div><\/li><li class=\"\"><div class=\"sya_postcontent\"><span class=\"sya_date\">01.07. <span class=\"sya_sep\">- <\/span><\/span><a href=\"https:\/\/erasmusplus.al\/?p=7518\" class=\"sya_postlink post-7518\" rel=\"bookmark\">The first monitoring visit of the RiskMan project<\/a> <span class=\"sya_categories\"><span class=\"sya_bracket\">(<\/span>Monitoring Visit, NEO Activities<span class=\"sya_bracket\">)<\/span><\/span><\/div><\/li><li class=\"\"><div class=\"sya_postcontent\"><span class=\"sya_date\">30.06. <span class=\"sya_sep\">- <\/span><\/span><a href=\"https:\/\/erasmusplus.al\/?p=7511\" class=\"sya_postlink post-7511\" rel=\"bookmark\">GEOBIZ Bussines-Academia Workshop<\/a> <span class=\"sya_categories\"><span class=\"sya_bracket\">(<\/span>NEO Activities<span class=\"sya_bracket\">)<\/span><\/span><\/div><\/li><li class=\"\"><div class=\"sya_postcontent\"><span class=\"sya_date\">29.06. <span class=\"sya_sep\">- <\/span><\/span><a href=\"https:\/\/erasmusplus.al\/?p=7546\" class=\"sya_postlink post-7546\" rel=\"bookmark\">The first monitoring visit of ENGINE project<\/a> <span class=\"sya_categories\"><span class=\"sya_bracket\">(<\/span>Monitoring Visit, NEO Activities<span class=\"sya_bracket\">)<\/span><\/span><\/div><\/li><li class=\"\"><div class=\"sya_postcontent\"><span class=\"sya_date\">28.06. <span class=\"sya_sep\">- <\/span><\/span><a href=\"https:\/\/erasmusplus.al\/?p=7541\" class=\"sya_postlink post-7541\" rel=\"bookmark\">The first monitoring visit of IDEA project<\/a> <span class=\"sya_categories\"><span class=\"sya_bracket\">(<\/span>Monitoring Visit, NEO Activities<span class=\"sya_bracket\">)<\/span><\/span><\/div><\/li><li class=\"\"><div class=\"sya_postcontent\"><span class=\"sya_date\">24.06. <span class=\"sya_sep\">- <\/span><\/span><a href=\"https:\/\/erasmusplus.al\/?p=7535\" class=\"sya_postlink post-7535\" rel=\"bookmark\">The first monitoring visit of MEP&#038;M project<\/a> <span class=\"sya_categories\"><span class=\"sya_bracket\">(<\/span>Monitoring Visit, NEO Activities<span class=\"sya_bracket\">)<\/span><\/span><\/div><\/li><li class=\"\"><div class=\"sya_postcontent\"><span class=\"sya_date\">23.06. <span class=\"sya_sep\">- <\/span><\/span><a href=\"https:\/\/erasmusplus.al\/?p=7531\" class=\"sya_postlink post-7531\" rel=\"bookmark\">The first monitoring visit of the KALCEA project<\/a> <span class=\"sya_categories\"><span class=\"sya_bracket\">(<\/span>Monitoring Visit, NEO Activities<span class=\"sya_bracket\">)<\/span><\/span><\/div><\/li><li class=\"\"><div class=\"sya_postcontent\"><span class=\"sya_date\">21.06. <span class=\"sya_sep\">- <\/span><\/span><a href=\"https:\/\/erasmusplus.al\/?p=7526\" class=\"sya_postlink post-7526\" rel=\"bookmark\">The first monitoring visit of the STAND project<\/a> <span class=\"sya_categories\"><span class=\"sya_bracket\">(<\/span>Monitoring Visit, NEO Activities<span class=\"sya_bracket\">)<\/span><\/span><\/div><\/li><li class=\"\"><div class=\"sya_postcontent\"><span class=\"sya_date\">17.06. <span class=\"sya_sep\">- <\/span><\/span><a href=\"https:\/\/erasmusplus.al\/?p=7504\" class=\"sya_postlink post-7504\" rel=\"bookmark\">HERE seminar on the topic &#8220;Academic Compatibility AML-University, an effective agenda to support student success&#8221;.<\/a> <span class=\"sya_categories\"><span class=\"sya_bracket\">(<\/span>HERE Activities, NEO Activities, News<span class=\"sya_bracket\">)<\/span><\/span><\/div><\/li><li class=\"\"><div class=\"sya_postcontent\"><span class=\"sya_date\">15.06. <span class=\"sya_sep\">- <\/span><\/span><a href=\"https:\/\/erasmusplus.al\/?p=7502\" class=\"sya_postlink post-7502\" rel=\"bookmark\">Interview of the National Erasmus+ Office Coordinator<\/a> <span class=\"sya_categories\"><span class=\"sya_bracket\">(<\/span>News<span class=\"sya_bracket\">)<\/span><\/span><\/div><\/li><li class=\"\"><div class=\"sya_postcontent\"><span class=\"sya_date\">09.06. <span class=\"sya_sep\">- <\/span><\/span><a href=\"https:\/\/erasmusplus.al\/?p=7499\" class=\"sya_postlink post-7499\" rel=\"bookmark\">CBHE Virtual Fair coming in October 2021<\/a> <span class=\"sya_categories\"><span class=\"sya_bracket\">(<\/span>News<span class=\"sya_bracket\">)<\/span><\/span><\/div><\/li><li class=\"\"><div class=\"sya_postcontent\"><span class=\"sya_date\">09.06. <span class=\"sya_sep\">- <\/span><\/span><a href=\"https:\/\/erasmusplus.al\/?p=7497\" class=\"sya_postlink post-7497\" rel=\"bookmark\">Announcement of the new International Erasmus MSc degree program: \u201cSmart Maritime &#038; Surveying Systems\u201d<\/a> <span class=\"sya_categories\"><span class=\"sya_bracket\">(<\/span>News<span class=\"sya_bracket\">)<\/span><\/span><\/div><\/li><li class=\"\"><div class=\"sya_postcontent\"><span class=\"sya_date\">08.06. <span class=\"sya_sep\">- <\/span><\/span><a href=\"https:\/\/erasmusplus.al\/?p=7523\" class=\"sya_postlink post-7523\" rel=\"bookmark\">The first monitoring visit of the U-SIA project<\/a> <span class=\"sya_categories\"><span class=\"sya_bracket\">(<\/span>Monitoring Visit, NEO Activities<span class=\"sya_bracket\">)<\/span><\/span><\/div><\/li><li class=\"\"><div class=\"sya_postcontent\"><span class=\"sya_date\">27.05. <span class=\"sya_sep\">- <\/span><\/span><a href=\"https:\/\/erasmusplus.al\/?p=7490\" class=\"sya_postlink post-7490\" rel=\"bookmark\">Europe Weeks 2021, Delvin\u00eb<\/a> <span class=\"sya_categories\"><span class=\"sya_bracket\">(<\/span>Info Session, NEO Activities<span class=\"sya_bracket\">)<\/span><\/span><\/div><\/li><li class=\"\"><div class=\"sya_postcontent\"><span class=\"sya_date\">26.05. <span class=\"sya_sep\">- <\/span><\/span><a href=\"https:\/\/erasmusplus.al\/?p=7482\" class=\"sya_postlink post-7482\" rel=\"bookmark\">Europe Weeks 2021, Gjirokastra<\/a> <span class=\"sya_categories\"><span class=\"sya_bracket\">(<\/span>Info Session, NEO Activities<span class=\"sya_bracket\">)<\/span><\/span><\/div><\/li><li class=\"\"><div class=\"sya_postcontent\"><span class=\"sya_date\">24.05. <span class=\"sya_sep\">- <\/span><\/span><a href=\"https:\/\/erasmusplus.al\/?p=7480\" class=\"sya_postlink post-7480\" rel=\"bookmark\">The upcoming 2021 CBY call for proposals<\/a> <span class=\"sya_categories\"><span class=\"sya_bracket\">(<\/span>News<span class=\"sya_bracket\">)<\/span><\/span><\/div><\/li><li class=\"\"><div class=\"sya_postcontent\"><span class=\"sya_date\">23.05. <span class=\"sya_sep\">- <\/span><\/span><a href=\"https:\/\/erasmusplus.al\/?p=7476\" class=\"sya_postlink post-7476\" rel=\"bookmark\">Europe Weeks 2021, Kor\u00e7a<\/a> <span class=\"sya_categories\"><span class=\"sya_bracket\">(<\/span>Info Session, NEO Activities<span class=\"sya_bracket\">)<\/span><\/span><\/div><\/li><li class=\"\"><div class=\"sya_postcontent\"><span class=\"sya_date\">20.05. <span class=\"sya_sep\">- <\/span><\/span><a href=\"https:\/\/erasmusplus.al\/?p=7470\" class=\"sya_postlink post-7470\" rel=\"bookmark\">Europe Weeks 2021, Kavaja<\/a> <span class=\"sya_categories\"><span class=\"sya_bracket\">(<\/span>Info Session, NEO Activities<span class=\"sya_bracket\">)<\/span><\/span><\/div><\/li><li class=\"\"><div class=\"sya_postcontent\"><span class=\"sya_date\">19.05. <span class=\"sya_sep\">- <\/span><\/span><a href=\"https:\/\/erasmusplus.al\/?p=7465\" class=\"sya_postlink post-7465\" rel=\"bookmark\">Europe Weeks 2021, Durr\u00ebs<\/a> <span class=\"sya_categories\"><span class=\"sya_bracket\">(<\/span>Info Session, NEO Activities, News<span class=\"sya_bracket\">)<\/span><\/span><\/div><\/li><li class=\"\"><div class=\"sya_postcontent\"><span class=\"sya_date\">18.05. <span class=\"sya_sep\">- <\/span><\/span><a href=\"https:\/\/erasmusplus.al\/?p=7457\" class=\"sya_postlink post-7457\" rel=\"bookmark\">Europe Weeks 2021, Kamza and Shijak<\/a> <span class=\"sya_categories\"><span class=\"sya_bracket\">(<\/span>Info Session, NEO Activities<span class=\"sya_bracket\">)<\/span><\/span><\/div><\/li><li class=\"\"><div class=\"sya_postcontent\"><span class=\"sya_date\">17.05. <span class=\"sya_sep\">- <\/span><\/span><a href=\"https:\/\/erasmusplus.al\/?p=7451\" class=\"sya_postlink post-7451\" rel=\"bookmark\">Info Session with Youth Agency<\/a> <span class=\"sya_categories\"><span class=\"sya_bracket\">(<\/span>Info Session, NEO Activities<span class=\"sya_bracket\">)<\/span><\/span><\/div><\/li><li class=\"\"><div class=\"sya_postcontent\"><span class=\"sya_date\">16.05. <span class=\"sya_sep\">- <\/span><\/span><a href=\"https:\/\/erasmusplus.al\/?p=7444\" class=\"sya_postlink post-7444\" rel=\"bookmark\">Europe Weeks 2021, Tirana<\/a> <span class=\"sya_categories\"><span class=\"sya_bracket\">(<\/span>Info Session, NEO Activities<span class=\"sya_bracket\">)<\/span><\/span><\/div><\/li><li class=\"\"><div class=\"sya_postcontent\"><span class=\"sya_date\">14.05. <span class=\"sya_sep\">- <\/span><\/span><a href=\"https:\/\/erasmusplus.al\/?p=7435\" class=\"sya_postlink post-7435\" rel=\"bookmark\">Europe Weeks 2021, La\u00e7<\/a> <span class=\"sya_categories\"><span class=\"sya_bracket\">(<\/span>Info Session, NEO Activities<span class=\"sya_bracket\">)<\/span><\/span><\/div><\/li><li class=\"\"><div class=\"sya_postcontent\"><span class=\"sya_date\">12.05. <span class=\"sya_sep\">- <\/span><\/span><a href=\"https:\/\/erasmusplus.al\/?p=7426\" class=\"sya_postlink post-7426\" rel=\"bookmark\">Europe Weeks 2021, Burrel<\/a> <span class=\"sya_categories\"><span class=\"sya_bracket\">(<\/span>Info Session, NEO Activities<span class=\"sya_bracket\">)<\/span><\/span><\/div><\/li><li class=\"\"><div class=\"sya_postcontent\"><span class=\"sya_date\">05.05. <span class=\"sya_sep\">- <\/span><\/span><a href=\"https:\/\/erasmusplus.al\/?p=7424\" class=\"sya_postlink post-7424\" rel=\"bookmark\">The new deadline for Erasmus Mundus (both EMJM and EMDM)<\/a> <span class=\"sya_categories\"><span class=\"sya_bracket\">(<\/span>News<span class=\"sya_bracket\">)<\/span><\/span><\/div><\/li><li class=\"\"><div class=\"sya_postcontent\"><span class=\"sya_date\">26.04. <span class=\"sya_sep\">- <\/span><\/span><a href=\"https:\/\/erasmusplus.al\/?p=7422\" class=\"sya_postlink post-7422\" rel=\"bookmark\">Calls for proposals 2021<\/a> <span class=\"sya_categories\"><span class=\"sya_bracket\">(<\/span>News<span class=\"sya_bracket\">)<\/span><\/span><\/div><\/li><li class=\"\"><div class=\"sya_postcontent\"><span class=\"sya_date\">20.04. <span class=\"sya_sep\">- <\/span><\/span><a href=\"https:\/\/erasmusplus.al\/?p=7417\" class=\"sya_postlink post-7417\" rel=\"bookmark\">Kick-Off Meeting of the project EntrAL<\/a> <span class=\"sya_categories\"><span class=\"sya_bracket\">(<\/span>Meeting, Monitoring Visit, NEO Activities, Uncategorized<span class=\"sya_bracket\">)<\/span><\/span><\/div><\/li><li class=\"\"><div class=\"sya_postcontent\"><span class=\"sya_date\">01.04. <span class=\"sya_sep\">- <\/span><\/span><a href=\"https:\/\/erasmusplus.al\/?p=7411\" class=\"sya_postlink post-7411\" rel=\"bookmark\">Cooperation agreement between the National Erasmus+\u00a0 Office and the &#8220;Youth Agency&#8221;<\/a> <span class=\"sya_categories\"><span class=\"sya_bracket\">(<\/span>Meeting, NEO Activities<span class=\"sya_bracket\">)<\/span><\/span><\/div><\/li><li class=\"\"><div class=\"sya_postcontent\"><span class=\"sya_date\">01.04. <span class=\"sya_sep\">- <\/span><\/span><a href=\"https:\/\/erasmusplus.al\/?p=7406\" class=\"sya_postlink post-7406\" rel=\"bookmark\">Coordination meeting with HERE Team<\/a> <span class=\"sya_categories\"><span class=\"sya_bracket\">(<\/span>HERE Activities, Meeting, NEO Activities<span class=\"sya_bracket\">)<\/span><\/span><\/div><\/li><li class=\"\"><div class=\"sya_postcontent\"><span class=\"sya_date\">16.03. <span class=\"sya_sep\">- <\/span><\/span><a href=\"https:\/\/erasmusplus.al\/?p=7409\" class=\"sya_postlink post-7409\" rel=\"bookmark\">Info Event on the Marie Sk\u0142odowska-Curie Actions<\/a> <span class=\"sya_categories\"><span class=\"sya_bracket\">(<\/span>News<span class=\"sya_bracket\">)<\/span><\/span><\/div><\/li><li class=\"\"><div class=\"sya_postcontent\"><span class=\"sya_date\">17.02. <span class=\"sya_sep\">- <\/span><\/span><a href=\"https:\/\/erasmusplus.al\/?p=7402\" class=\"sya_postlink post-7402\" rel=\"bookmark\">Virtual Meeting on the Western Balkans Agenda on Innovation, Research, Education, Culture, Youth &#038; Sport<\/a> <span class=\"sya_categories\"><span class=\"sya_bracket\">(<\/span>Meeting, NEO Activities<span class=\"sya_bracket\">)<\/span><\/span><\/div><\/li><li class=\"\"><div class=\"sya_postcontent\"><span class=\"sya_date\">15.02. <span class=\"sya_sep\">- <\/span><\/span><a href=\"https:\/\/erasmusplus.al\/?p=6549&lang=sq\" class=\"sya_postlink post-6549\" rel=\"bookmark\">Extension of applications&#8217; deadline: Recruitment of one NEO staff<\/a> <span class=\"sya_categories\"><span class=\"sya_bracket\">(<\/span>Aktivitete, Njoftime<span class=\"sya_bracket\">)<\/span><\/span><\/div><\/li><li class=\"\"><div class=\"sya_postcontent\"><span class=\"sya_date\">15.02. <span class=\"sya_sep\">- <\/span><\/span><a href=\"https:\/\/erasmusplus.al\/?p=6545\" class=\"sya_postlink post-6545\" rel=\"bookmark\">Extension of applications&#8217; deadline: Recruitment of one NEO staff<\/a> <span class=\"sya_categories\"><span class=\"sya_bracket\">(<\/span>Activities, News<span class=\"sya_bracket\">)<\/span><\/span><\/div><\/li><li class=\"\"><div class=\"sya_postcontent\"><span class=\"sya_date\">10.02. <span class=\"sya_sep\">- <\/span><\/span><a href=\"https:\/\/erasmusplus.al\/?p=7397\" class=\"sya_postlink post-7397\" rel=\"bookmark\">DualAFS Steering Committee Meeting<\/a> <span class=\"sya_categories\"><span class=\"sya_bracket\">(<\/span>Meeting, NEO Activities<span class=\"sya_bracket\">)<\/span><\/span><\/div><\/li><li class=\"\"><div class=\"sya_postcontent\"><span class=\"sya_date\">02.02. <span class=\"sya_sep\">- <\/span><\/span><a href=\"https:\/\/erasmusplus.al\/?p=7391\" class=\"sya_postlink post-7391\" rel=\"bookmark\">Online meeting on &#8220;For the management of projects with foreign financing in public HEIs&#8221;<\/a> <span class=\"sya_categories\"><span class=\"sya_bracket\">(<\/span>Meeting, NEO Activities<span class=\"sya_bracket\">)<\/span><\/span><\/div><\/li><li class=\"\"><div class=\"sya_postcontent\"><span class=\"sya_date\">02.02. <span class=\"sya_sep\">- <\/span><\/span><a href=\"https:\/\/erasmusplus.al\/?p=7387\" class=\"sya_postlink post-7387\" rel=\"bookmark\">Info Session with the Youth Congress<\/a> <span class=\"sya_categories\"><span class=\"sya_bracket\">(<\/span>Info Session, NEO Activities<span class=\"sya_bracket\">)<\/span><\/span><\/div><\/li><li class=\"\"><div class=\"sya_postcontent\"><span class=\"sya_date\">01.02. <span class=\"sya_sep\">- <\/span><\/span><a href=\"https:\/\/erasmusplus.al\/?p=6421\" class=\"sya_postlink post-6421\" rel=\"bookmark\">Job vacancy in Erasmus+ Office Albania<\/a> <span class=\"sya_categories\"><span class=\"sya_bracket\">(<\/span>Activities, News<span class=\"sya_bracket\">)<\/span><\/span><\/div><\/li><li class=\"\"><div class=\"sya_postcontent\"><span class=\"sya_date\">01.02. <span class=\"sya_sep\">- <\/span><\/span><a href=\"https:\/\/erasmusplus.al\/?p=6424&lang=sq\" class=\"sya_postlink post-6424\" rel=\"bookmark\">Job vacancy in Erasmus+ Office Albania<\/a> <span class=\"sya_categories\"><span class=\"sya_bracket\">(<\/span>Aktivitete, Njoftime<span class=\"sya_bracket\">)<\/span><\/span><\/div><\/li><li class=\"\"><div class=\"sya_postcontent\"><span class=\"sya_date\">29.01. <span class=\"sya_sep\">- <\/span><\/span><a href=\"https:\/\/erasmusplus.al\/?p=7382\" class=\"sya_postlink post-7382\" rel=\"bookmark\">e-Booth as part of Grand Holders meeting<\/a> <span class=\"sya_categories\"><span class=\"sya_bracket\">(<\/span>Meeting, NEO Activities<span class=\"sya_bracket\">)<\/span><\/span><\/div><\/li><li class=\"\"><div class=\"sya_postcontent\"><span class=\"sya_date\">26.01. <span class=\"sya_sep\">- <\/span><\/span><a href=\"https:\/\/erasmusplus.al\/?p=7372\" class=\"sya_postlink post-7372\" rel=\"bookmark\">&#8220;Grantholders\u00b4Meeting 25-29 January 2021&#8221;\u00a0<\/a> <span class=\"sya_categories\"><span class=\"sya_bracket\">(<\/span>Meeting, NEO Activities<span class=\"sya_bracket\">)<\/span><\/span><\/div><\/li><li class=\"\"><div class=\"sya_postcontent\"><span class=\"sya_date\">25.01. <span class=\"sya_sep\">- <\/span><\/span><a href=\"https:\/\/erasmusplus.al\/?p=7377\" class=\"sya_postlink post-7377\" rel=\"bookmark\">Monitoring visit of TeComp Project<\/a> <span class=\"sya_categories\"><span class=\"sya_bracket\">(<\/span>Monitoring Visit, NEO Activities<span class=\"sya_bracket\">)<\/span><\/span><\/div><\/li><li class=\"\"><div class=\"sya_postcontent\"><span class=\"sya_date\">22.01. <span class=\"sya_sep\">- <\/span><\/span><a href=\"https:\/\/erasmusplus.al\/?p=7368\" class=\"sya_postlink post-7368\" rel=\"bookmark\">Monitoring Visit of REACH Project<\/a> <span class=\"sya_categories\"><span class=\"sya_bracket\">(<\/span>Monitoring Visit, NEO Activities<span class=\"sya_bracket\">)<\/span><\/span><\/div><\/li><li class=\"\"><div class=\"sya_postcontent\"><span class=\"sya_date\">22.01. <span class=\"sya_sep\">- <\/span><\/span><a href=\"https:\/\/erasmusplus.al\/?p=7365\" class=\"sya_postlink post-7365\" rel=\"bookmark\">Open Lecture within Jean Monnet module<\/a> <span class=\"sya_categories\"><span class=\"sya_bracket\">(<\/span>Info Session, NEO Activities<span class=\"sya_bracket\">)<\/span><\/span><\/div><\/li><li class=\"\"><div class=\"sya_postcontent\"><span class=\"sya_date\">18.01. <span class=\"sya_sep\">- <\/span><\/span><a href=\"https:\/\/erasmusplus.al\/?p=7360\" class=\"sya_postlink post-7360\" rel=\"bookmark\">Monitoring Visit of MARDS Project<\/a> <span class=\"sya_categories\"><span class=\"sya_bracket\">(<\/span>Monitoring Visit, NEO Activities<span class=\"sya_bracket\">)<\/span><\/span><\/div><\/li><li class=\"\"><div class=\"sya_postcontent\"><span class=\"sya_date\">15.01. <span class=\"sya_sep\">- <\/span><\/span><a href=\"https:\/\/erasmusplus.al\/?p=7357\" class=\"sya_postlink post-7357\" rel=\"bookmark\">Monitoring Visit of Bestsdi Project<\/a> <span class=\"sya_categories\"><span class=\"sya_bracket\">(<\/span>Monitoring Visit, NEO Activities<span class=\"sya_bracket\">)<\/span><\/span><\/div><\/li><li class=\"\"><div class=\"sya_postcontent\"><span class=\"sya_date\">14.01. <span class=\"sya_sep\">- <\/span><\/span><a href=\"https:\/\/erasmusplus.al\/?p=7826&lang=sq\" class=\"sya_postlink post-7826\" rel=\"bookmark\">Vizita monitoruese e projektit BKSTONE<\/a> <span class=\"sya_categories\"><span class=\"sya_bracket\">(<\/span>Uncategorized @sq<span class=\"sya_bracket\">)<\/span><\/span><\/div><\/li><li class=\"\"><div class=\"sya_postcontent\"><span class=\"sya_date\">14.01. <span class=\"sya_sep\">- <\/span><\/span><a href=\"https:\/\/erasmusplus.al\/?p=7350\" class=\"sya_postlink post-7350\" rel=\"bookmark\">Monitoring Visit of BKSTONE project<\/a> <span class=\"sya_categories\"><span class=\"sya_bracket\">(<\/span>Monitoring Visit, NEO Activities<span class=\"sya_bracket\">)<\/span><\/span><\/div><\/li><\/ul><\/div><div class=\"sya_container\" id=\"sya_container\"><p class=\"sya_yearslist\" id=\"sya_yearslist\"><a href=\"#year2020\">2020<\/a><\/p><h2><a id=\"year2020\"><\/a><a href=\"https:\/\/erasmusplus.al\/?m=2020\" rel=\"section\">2020<\/a> <span class=\"sya_yearcount\"><span class=\"sya_bracket\">(<\/span>130<span class=\"sya_bracket\">)<\/span><\/span><\/h2><ul><li class=\"\"><div class=\"sya_postcontent\"><span class=\"sya_date\">23.12. <span class=\"sya_sep\">- <\/span><\/span><a href=\"https:\/\/erasmusplus.al\/?p=6135&lang=sq\" class=\"sya_postlink post-6135\" rel=\"bookmark\">Takim partner\u00ebsh Projekti INTERBA_23 Dhjetor<\/a> <span class=\"sya_categories\"><span class=\"sya_bracket\">(<\/span>Aktivitete<span class=\"sya_bracket\">)<\/span><\/span><\/div><\/li><li class=\"\"><div class=\"sya_postcontent\"><span class=\"sya_date\">23.12. <span class=\"sya_sep\">- <\/span><\/span><a href=\"https:\/\/erasmusplus.al\/?p=6112\" class=\"sya_postlink post-6112\" rel=\"bookmark\">INTERBA Project meeting_December2020<\/a> <span class=\"sya_categories\"><span class=\"sya_bracket\">(<\/span>Activities<span class=\"sya_bracket\">)<\/span><\/span><\/div><\/li><li class=\"\"><div class=\"sya_postcontent\"><span class=\"sya_date\">21.12. <span class=\"sya_sep\">- <\/span><\/span><a href=\"https:\/\/erasmusplus.al\/?p=6094\" class=\"sya_postlink post-6094\" rel=\"bookmark\">ICM Monitoring Visit at EPOKA University<\/a> <span class=\"sya_categories\"><span class=\"sya_bracket\">(<\/span>Activities<span class=\"sya_bracket\">)<\/span><\/span><\/div><\/li><li class=\"\"><div class=\"sya_postcontent\"><span class=\"sya_date\">18.12. <span class=\"sya_sep\">- <\/span><\/span><a href=\"https:\/\/erasmusplus.al\/?p=6109&lang=sq\" class=\"sya_postlink post-6109\" rel=\"bookmark\">Monitorim Projektesh \u201cShk\u00ebmbim Studentor dhe Stafi\u201d_Uni EPOKA<\/a> <span class=\"sya_categories\"><span class=\"sya_bracket\">(<\/span>Aktivitete<span class=\"sya_bracket\">)<\/span><\/span><\/div><\/li><li class=\"\"><div class=\"sya_postcontent\"><span class=\"sya_date\">18.12. <span class=\"sya_sep\">- <\/span><\/span><a href=\"https:\/\/erasmusplus.al\/?p=6092&lang=sq\" class=\"sya_postlink post-6092\" rel=\"bookmark\">Takimi: Statusi aktual i student\u00ebve n\u00eb shk\u00ebmbimet studentore n\u00eb WB, EU lindore dhe Rusi.<\/a> <span class=\"sya_categories\"><span class=\"sya_bracket\">(<\/span>Aktivitete<span class=\"sya_bracket\">)<\/span><\/span><\/div><\/li><li class=\"\"><div class=\"sya_postcontent\"><span class=\"sya_date\">18.12. <span class=\"sya_sep\">- <\/span><\/span><a href=\"https:\/\/erasmusplus.al\/?p=6069\" class=\"sya_postlink post-6069\" rel=\"bookmark\">Current state of student mobility in Erasmus+ partner countries<\/a> <span class=\"sya_categories\"><span class=\"sya_bracket\">(<\/span>Activities<span class=\"sya_bracket\">)<\/span><\/span><\/div><\/li><li class=\"\"><div class=\"sya_postcontent\"><span class=\"sya_date\">18.12. <span class=\"sya_sep\">- <\/span><\/span><a href=\"https:\/\/erasmusplus.al\/?p=6065&lang=sq\" class=\"sya_postlink post-6065\" rel=\"bookmark\">Monitorim \u00a0Projekti INTERBA_Platform\u00eb digjitale.<\/a> <span class=\"sya_categories\"><span class=\"sya_bracket\">(<\/span>Aktivitete<span class=\"sya_bracket\">)<\/span><\/span><\/div><\/li><li class=\"\"><div class=\"sya_postcontent\"><span class=\"sya_date\">18.12. <span class=\"sya_sep\">- <\/span><\/span><a href=\"https:\/\/erasmusplus.al\/?p=6057\" class=\"sya_postlink post-6057\" rel=\"bookmark\">eMonitoring Visit_Project INTERBA_Dec18<\/a> <span class=\"sya_categories\"><span class=\"sya_bracket\">(<\/span>Activities<span class=\"sya_bracket\">)<\/span><\/span><\/div><\/li><li class=\"\"><div class=\"sya_postcontent\"><span class=\"sya_date\">17.12. <span class=\"sya_sep\">- <\/span><\/span><a href=\"https:\/\/erasmusplus.al\/?p=6039&lang=sq\" class=\"sya_postlink post-6039\" rel=\"bookmark\">Monitorim  Projekti GEOBIZ_Dhjetor 17<\/a> <span class=\"sya_categories\"><span class=\"sya_bracket\">(<\/span>Aktivitete<span class=\"sya_bracket\">)<\/span><\/span><\/div><\/li><li class=\"\"><div class=\"sya_postcontent\"><span class=\"sya_date\">17.12. <span class=\"sya_sep\">- <\/span><\/span><a href=\"https:\/\/erasmusplus.al\/?p=6054&lang=sq\" class=\"sya_postlink post-6054\" rel=\"bookmark\">Monitorim \u00a0Projekti GEOBIZ_Dhjetor 17<\/a> <span class=\"sya_categories\"><span class=\"sya_bracket\">(<\/span>Aktivitete<span class=\"sya_bracket\">)<\/span><\/span><\/div><\/li><li class=\"\"><div class=\"sya_postcontent\"><span class=\"sya_date\">17.12. <span class=\"sya_sep\">- <\/span><\/span><a href=\"https:\/\/erasmusplus.al\/?p=6043\" class=\"sya_postlink post-6043\" rel=\"bookmark\">eMonitoring Visit_Project GEOBIZ_Dec17<\/a> <span class=\"sya_categories\"><span class=\"sya_bracket\">(<\/span>Activities<span class=\"sya_bracket\">)<\/span><\/span><\/div><\/li><li class=\"\"><div class=\"sya_postcontent\"><span class=\"sya_date\">15.12. <span class=\"sya_sep\">- <\/span><\/span><a href=\"https:\/\/erasmusplus.al\/?p=6021&lang=sq\" class=\"sya_postlink post-6021\" rel=\"bookmark\">Takimi: Statusi aktual i student\u00ebve n\u00eb shk\u00ebmbimet studentore n\u00eb WB, EU lindore dhe Rusi.<\/a> <span class=\"sya_categories\"><span class=\"sya_bracket\">(<\/span>Aktivitete<span class=\"sya_bracket\">)<\/span><\/span><\/div><\/li><li class=\"\"><div class=\"sya_postcontent\"><span class=\"sya_date\">15.12. <span class=\"sya_sep\">- <\/span><\/span><a href=\"https:\/\/erasmusplus.al\/?p=6003\" class=\"sya_postlink post-6003\" rel=\"bookmark\">#Info Session_NA France &#038; NEO Albania_December15<\/a> <span class=\"sya_categories\"><span class=\"sya_bracket\">(<\/span>Activities<span class=\"sya_bracket\">)<\/span><\/span><\/div><\/li><li class=\"\"><div class=\"sya_postcontent\"><span class=\"sya_date\">14.12. <span class=\"sya_sep\">- <\/span><\/span><a href=\"https:\/\/erasmusplus.al\/?p=6000&lang=sq\" class=\"sya_postlink post-6000\" rel=\"bookmark\">Monitorim  Projekti QUADIC _14 Dhjetor<\/a> <span class=\"sya_categories\"><span class=\"sya_bracket\">(<\/span>Aktivitete<span class=\"sya_bracket\">)<\/span><\/span><\/div><\/li><li class=\"\"><div class=\"sya_postcontent\"><span class=\"sya_date\">14.12. <span class=\"sya_sep\">- <\/span><\/span><a href=\"https:\/\/erasmusplus.al\/?p=5993\" class=\"sya_postlink post-5993\" rel=\"bookmark\">eMonitoring Visit_Project_QUADIC _Dec14<\/a> <span class=\"sya_categories\"><span class=\"sya_bracket\">(<\/span>Activities<span class=\"sya_bracket\">)<\/span><\/span><\/div><\/li><li class=\"\"><div class=\"sya_postcontent\"><span class=\"sya_date\">14.12. <span class=\"sya_sep\">- <\/span><\/span><a href=\"https:\/\/erasmusplus.al\/?p=5814&lang=sq\" class=\"sya_postlink post-5814\" rel=\"bookmark\">Raporti i Mbulimit dhe Ndikimit i #ErasmusDays 2020<\/a> <span class=\"sya_categories\"><span class=\"sya_bracket\">(<\/span>Aktivitete<span class=\"sya_bracket\">)<\/span><\/span><\/div><\/li><li class=\"\"><div class=\"sya_postcontent\"><span class=\"sya_date\">14.12. <span class=\"sya_sep\">- <\/span><\/span><a href=\"https:\/\/erasmusplus.al\/?p=5801\" class=\"sya_postlink post-5801\" rel=\"bookmark\">The Coverage and Impact Report of the #ErasmusDays 2020<\/a> <span class=\"sya_categories\"><span class=\"sya_bracket\">(<\/span>Activities<span class=\"sya_bracket\">)<\/span><\/span><\/div><\/li><li class=\"\"><div class=\"sya_postcontent\"><span class=\"sya_date\">11.12. <span class=\"sya_sep\">- <\/span><\/span><a href=\"https:\/\/erasmusplus.al\/?p=5990&lang=sq\" class=\"sya_postlink post-5990\" rel=\"bookmark\">Monitorim  Projekti VALEU-X _11 Dhjetor<\/a> <span class=\"sya_categories\"><span class=\"sya_bracket\">(<\/span>Aktivitete<span class=\"sya_bracket\">)<\/span><\/span><\/div><\/li><li class=\"\"><div class=\"sya_postcontent\"><span class=\"sya_date\">11.12. <span class=\"sya_sep\">- <\/span><\/span><a href=\"https:\/\/erasmusplus.al\/?p=5972\" class=\"sya_postlink post-5972\" rel=\"bookmark\">eMonitoring Visit_Project VALEU-X _Dec11<\/a> <span class=\"sya_categories\"><span class=\"sya_bracket\">(<\/span>Activities<span class=\"sya_bracket\">)<\/span><\/span><\/div><\/li><li class=\"\"><div class=\"sya_postcontent\"><span class=\"sya_date\">11.12. <span class=\"sya_sep\">- <\/span><\/span><a href=\"https:\/\/erasmusplus.al\/?p=6411\" class=\"sya_postlink post-6411\" rel=\"bookmark\">Development of learning outcomes and competence based learning in HEIs<\/a> <span class=\"sya_categories\"><span class=\"sya_bracket\">(<\/span>HERE Activities<span class=\"sya_bracket\">)<\/span><\/span><\/div><\/li><li class=\"\"><div class=\"sya_postcontent\"><span class=\"sya_date\">09.12. <span class=\"sya_sep\">- <\/span><\/span><a href=\"https:\/\/erasmusplus.al\/?p=5969&lang=sq\" class=\"sya_postlink post-5969\" rel=\"bookmark\">Takim Koordinator\u00ebt e Projekteve Erasmus+ \u201cNKAL\u201d_Thirrja 2020<\/a> <span class=\"sya_categories\"><span class=\"sya_bracket\">(<\/span>Aktivitete<span class=\"sya_bracket\">)<\/span><\/span><\/div><\/li><li class=\"\"><div class=\"sya_postcontent\"><span class=\"sya_date\">09.12. <span class=\"sya_sep\">- <\/span><\/span><a href=\"https:\/\/erasmusplus.al\/?p=5965\" class=\"sya_postlink post-5965\" rel=\"bookmark\">Meeting Albanian HEIs  Coordinator CBHE_Call2020<\/a> <span class=\"sya_categories\"><span class=\"sya_bracket\">(<\/span>Activities<span class=\"sya_bracket\">)<\/span><\/span><\/div><\/li><li class=\"\"><div class=\"sya_postcontent\"><span class=\"sya_date\">08.12. <span class=\"sya_sep\">- <\/span><\/span><a href=\"https:\/\/erasmusplus.al\/?p=6610\" class=\"sya_postlink post-6610\" rel=\"bookmark\">Erasmus Day<\/a> <span class=\"sya_categories\"><span class=\"sya_bracket\">(<\/span>Activities<span class=\"sya_bracket\">)<\/span><\/span><\/div><\/li><li class=\"\"><div class=\"sya_postcontent\"><span class=\"sya_date\">02.12. <span class=\"sya_sep\">- <\/span><\/span><a href=\"https:\/\/erasmusplus.al\/?p=5793&lang=sq\" class=\"sya_postlink post-5793\" rel=\"bookmark\">National HERE Seminar Online<\/a> <span class=\"sya_categories\"><span class=\"sya_bracket\">(<\/span>HERE Aktivitete, Njoftime<span class=\"sya_bracket\">)<\/span><\/span><\/div><\/li><li class=\"\"><div class=\"sya_postcontent\"><span class=\"sya_date\">02.12. <span class=\"sya_sep\">- <\/span><\/span><a href=\"https:\/\/erasmusplus.al\/?p=5788\" class=\"sya_postlink post-5788\" rel=\"bookmark\">National HERE Online Seminar<\/a> <span class=\"sya_categories\"><span class=\"sya_bracket\">(<\/span>HERE Activities, News<span class=\"sya_bracket\">)<\/span><\/span><\/div><\/li><li class=\"\"><div class=\"sya_postcontent\"><span class=\"sya_date\">19.11. <span class=\"sya_sep\">- <\/span><\/span><a href=\"https:\/\/erasmusplus.al\/?p=5908&lang=sq\" class=\"sya_postlink post-5908\" rel=\"bookmark\">&#8220;Debati Studentor mbi t\u00eb ardhmen e Shk\u00ebmbimeve Studetore Erasmus+&#8221;<\/a> <span class=\"sya_categories\"><span class=\"sya_bracket\">(<\/span>Aktivitete<span class=\"sya_bracket\">)<\/span><\/span><\/div><\/li><li class=\"\"><div class=\"sya_postcontent\"><span class=\"sya_date\">19.11. <span class=\"sya_sep\">- <\/span><\/span><a href=\"https:\/\/erasmusplus.al\/?p=5894\" class=\"sya_postlink post-5894\" rel=\"bookmark\">Student debate on the future of student\u2019s exchange with Erasmus +.<\/a> <span class=\"sya_categories\"><span class=\"sya_bracket\">(<\/span>Activities<span class=\"sya_bracket\">)<\/span><\/span><\/div><\/li><li class=\"\"><div class=\"sya_postcontent\"><span class=\"sya_date\">17.11. <span class=\"sya_sep\">- <\/span><\/span><a href=\"https:\/\/erasmusplus.al\/?p=5944&lang=sq\" class=\"sya_postlink post-5944\" rel=\"bookmark\">Debati Studentor mbi t\u00eb ardhmen e Shk\u00ebmbimeve Studetore Erasmus+<\/a> <span class=\"sya_categories\"><span class=\"sya_bracket\">(<\/span>Aktivitete<span class=\"sya_bracket\">)<\/span><\/span><\/div><\/li><li class=\"\"><div class=\"sya_postcontent\"><span class=\"sya_date\">17.11. <span class=\"sya_sep\">- <\/span><\/span><a href=\"https:\/\/erasmusplus.al\/?p=5940\" class=\"sya_postlink post-5940\" rel=\"bookmark\">Students Debate on the Future of Erasmus+ Mobility<\/a> <span class=\"sya_categories\"><span class=\"sya_bracket\">(<\/span>Activities<span class=\"sya_bracket\">)<\/span><\/span><\/div><\/li><li class=\"\"><div class=\"sya_postcontent\"><span class=\"sya_date\">11.11. <span class=\"sya_sep\">- <\/span><\/span><a href=\"https:\/\/erasmusplus.al\/?p=5882&lang=sq\" class=\"sya_postlink post-5882\" rel=\"bookmark\">Vizit\u00eb Monitoruese Projekti Almars_11 N\u00ebntor 2020<\/a> <span class=\"sya_categories\"><span class=\"sya_bracket\">(<\/span>Aktivitete<span class=\"sya_bracket\">)<\/span><\/span><\/div><\/li><li class=\"\"><div class=\"sya_postcontent\"><span class=\"sya_date\">11.11. <span class=\"sya_sep\">- <\/span><\/span><a href=\"https:\/\/erasmusplus.al\/?p=5876\" class=\"sya_postlink post-5876\" rel=\"bookmark\">ALMARS Project Monitoring Visit_11 Nov 2020<\/a> <span class=\"sya_categories\"><span class=\"sya_bracket\">(<\/span>Activities<span class=\"sya_bracket\">)<\/span><\/span><\/div><\/li><li class=\"\"><div class=\"sya_postcontent\"><span class=\"sya_date\">10.11. <span class=\"sya_sep\">- <\/span><\/span><a href=\"https:\/\/erasmusplus.al\/?p=5962&lang=sq\" class=\"sya_postlink post-5962\" rel=\"bookmark\">Konferenca P\u00ebrmbyll\u00ebse e Projektit TEAVET_N\u00ebntor 2020<\/a> <span class=\"sya_categories\"><span class=\"sya_bracket\">(<\/span>Aktivitete<span class=\"sya_bracket\">)<\/span><\/span><\/div><\/li><li class=\"\"><div class=\"sya_postcontent\"><span class=\"sya_date\">10.11. <span class=\"sya_sep\">- <\/span><\/span><a href=\"https:\/\/erasmusplus.al\/?p=5953\" class=\"sya_postlink post-5953\" rel=\"bookmark\">TEAVET Project Final Conference_Nov 2020<\/a> <span class=\"sya_categories\"><span class=\"sya_bracket\">(<\/span>Activities<span class=\"sya_bracket\">)<\/span><\/span><\/div><\/li><li class=\"\"><div class=\"sya_postcontent\"><span class=\"sya_date\">10.11. <span class=\"sya_sep\">- <\/span><\/span><a href=\"https:\/\/erasmusplus.al\/?p=5937&lang=sq\" class=\"sya_postlink post-5937\" rel=\"bookmark\">Vizit\u00eb Monitoruese e Projektit KnowHub_10 N\u00ebntor 2020<\/a> <span class=\"sya_categories\"><span class=\"sya_bracket\">(<\/span>Aktivitete<span class=\"sya_bracket\">)<\/span><\/span><\/div><\/li><li class=\"\"><div class=\"sya_postcontent\"><span class=\"sya_date\">10.11. <span class=\"sya_sep\">- <\/span><\/span><a href=\"https:\/\/erasmusplus.al\/?p=5928\" class=\"sya_postlink post-5928\" rel=\"bookmark\">Visit Monitoring_ KnowHub Project_10 Nov 2020<\/a> <span class=\"sya_categories\"><span class=\"sya_bracket\">(<\/span>Activities<span class=\"sya_bracket\">)<\/span><\/span><\/div><\/li><li class=\"\"><div class=\"sya_postcontent\"><span class=\"sya_date\">10.11. <span class=\"sya_sep\">- <\/span><\/span><a href=\"https:\/\/erasmusplus.al\/?p=5926&lang=sq\" class=\"sya_postlink post-5926\" rel=\"bookmark\">Sesion Informues mbi Programin Erasmus+_me t\u00eb rinjt\u00eb e Vlor\u00ebs<\/a> <span class=\"sya_categories\"><span class=\"sya_bracket\">(<\/span>Aktivitete<span class=\"sya_bracket\">)<\/span><\/span><\/div><\/li><li class=\"\"><div class=\"sya_postcontent\"><span class=\"sya_date\">10.11. <span class=\"sya_sep\">- <\/span><\/span><a href=\"https:\/\/erasmusplus.al\/?p=5911\" class=\"sya_postlink post-5911\" rel=\"bookmark\">Info Session on Erasmus+_Vlora Youth<\/a> <span class=\"sya_categories\"><span class=\"sya_bracket\">(<\/span>Activities<span class=\"sya_bracket\">)<\/span><\/span><\/div><\/li><li class=\"\"><div class=\"sya_postcontent\"><span class=\"sya_date\">10.11. <span class=\"sya_sep\">- <\/span><\/span><a href=\"https:\/\/erasmusplus.al\/?p=5891&lang=sq\" class=\"sya_postlink post-5891\" rel=\"bookmark\">Vizit\u00eb Monitoruese Projekti BlueWBC_10 N\u00ebntor 2020<\/a> <span class=\"sya_categories\"><span class=\"sya_bracket\">(<\/span>Aktivitete<span class=\"sya_bracket\">)<\/span><\/span><\/div><\/li><li class=\"\"><div class=\"sya_postcontent\"><span class=\"sya_date\">10.11. <span class=\"sya_sep\">- <\/span><\/span><a href=\"https:\/\/erasmusplus.al\/?p=5884\" class=\"sya_postlink post-5884\" rel=\"bookmark\">BlueWBC Project Monitoring Visit_10 Nov 2020<\/a> <span class=\"sya_categories\"><span class=\"sya_bracket\">(<\/span>Activities<span class=\"sya_bracket\">)<\/span><\/span><\/div><\/li><li class=\"\"><div class=\"sya_postcontent\"><span class=\"sya_date\">03.11. <span class=\"sya_sep\">- <\/span><\/span><a href=\"https:\/\/erasmusplus.al\/?p=5950&lang=sq\" class=\"sya_postlink post-5950\" rel=\"bookmark\">Pyet\u00ebsor p\u00ebr impaktin e rrjeteve sociale t\u00eb Erasmus+ Shqip\u00ebri<\/a> <span class=\"sya_categories\"><span class=\"sya_bracket\">(<\/span>Aktivitete<span class=\"sya_bracket\">)<\/span><\/span><\/div><\/li><li class=\"\"><div class=\"sya_postcontent\"><span class=\"sya_date\">03.11. <span class=\"sya_sep\">- <\/span><\/span><a href=\"https:\/\/erasmusplus.al\/?p=5946\" class=\"sya_postlink post-5946\" rel=\"bookmark\">Survey on the Impact of Social Media _AlbaniaErasmus+<\/a> <span class=\"sya_categories\"><span class=\"sya_bracket\">(<\/span>Activities<span class=\"sya_bracket\">)<\/span><\/span><\/div><\/li><li class=\"\"><div class=\"sya_postcontent\"><span class=\"sya_date\">28.10. <span class=\"sya_sep\">- <\/span><\/span><a href=\"https:\/\/erasmusplus.al\/?p=6225&lang=sq\" class=\"sya_postlink post-6225\" rel=\"bookmark\">Dit\u00ebt Erasmus n\u00eb Shqiperi  \u00a0<\/a> <span class=\"sya_categories\"><span class=\"sya_bracket\">(<\/span>Aktivitete<span class=\"sya_bracket\">)<\/span><\/span><\/div><\/li><li class=\"\"><div class=\"sya_postcontent\"><span class=\"sya_date\">28.10. <span class=\"sya_sep\">- <\/span><\/span><a href=\"https:\/\/erasmusplus.al\/?p=6222\" class=\"sya_postlink post-6222\" rel=\"bookmark\">Erasmus Days in Albania<\/a> <span class=\"sya_categories\"><span class=\"sya_bracket\">(<\/span>Activities<span class=\"sya_bracket\">)<\/span><\/span><\/div><\/li><li class=\"\"><div class=\"sya_postcontent\"><span class=\"sya_date\">20.10. <span class=\"sya_sep\">- <\/span><\/span><a href=\"https:\/\/erasmusplus.al\/?p=6219&lang=sq\" class=\"sya_postlink post-6219\" rel=\"bookmark\">#ErasmusDays\u200b 2020 | Interviste me Erida Curraj_UAMD<\/a> <span class=\"sya_categories\"><span class=\"sya_bracket\">(<\/span>Aktivitete<span class=\"sya_bracket\">)<\/span><\/span><\/div><\/li><li class=\"\"><div class=\"sya_postcontent\"><span class=\"sya_date\">20.10. <span class=\"sya_sep\">- <\/span><\/span><a href=\"https:\/\/erasmusplus.al\/?p=6213\" class=\"sya_postlink post-6213\" rel=\"bookmark\">#ErasmusDays\u200b 2020 | Interview with Erida Curraj_UAMD<\/a> <span class=\"sya_categories\"><span class=\"sya_bracket\">(<\/span>Activities<span class=\"sya_bracket\">)<\/span><\/span><\/div><\/li><li class=\"\"><div class=\"sya_postcontent\"><span class=\"sya_date\">17.10. <span class=\"sya_sep\">- <\/span><\/span><a href=\"https:\/\/erasmusplus.al\/?p=6354&lang=sq\" class=\"sya_postlink post-6354\" rel=\"bookmark\">Arrij Europ\u00ebn me Erasmus_Kolegji Profesional I Tiran\u00ebs<\/a> <span class=\"sya_categories\"><span class=\"sya_bracket\">(<\/span>Aktivitete<span class=\"sya_bracket\">)<\/span><\/span><\/div><\/li><li class=\"\"><div class=\"sya_postcontent\"><span class=\"sya_date\">17.10. <span class=\"sya_sep\">- <\/span><\/span><a href=\"https:\/\/erasmusplus.al\/?p=6330\" class=\"sya_postlink post-6330\" rel=\"bookmark\">Reach Europe with Erasmus_ Professional College of Tirana<\/a> <span class=\"sya_categories\"><span class=\"sya_bracket\">(<\/span>Activities<span class=\"sya_bracket\">)<\/span><\/span><\/div><\/li><li class=\"\"><div class=\"sya_postcontent\"><span class=\"sya_date\">16.10. <span class=\"sya_sep\">- <\/span><\/span><a href=\"https:\/\/erasmusplus.al\/?p=6408&lang=sq\" class=\"sya_postlink post-6408\" rel=\"bookmark\">Eksperiencat Erasmus n\u00eb syt\u00eb e student\u00ebve_UT<\/a> <span class=\"sya_categories\"><span class=\"sya_bracket\">(<\/span>Aktivitete<span class=\"sya_bracket\">)<\/span><\/span><\/div><\/li><li class=\"\"><div class=\"sya_postcontent\"><span class=\"sya_date\">16.10. <span class=\"sya_sep\">- <\/span><\/span><a href=\"https:\/\/erasmusplus.al\/?p=6398\" class=\"sya_postlink post-6398\" rel=\"bookmark\">\u201cErasmus experience in the eyes of students\u201d_UT<\/a> <span class=\"sya_categories\"><span class=\"sya_bracket\">(<\/span>Activities<span class=\"sya_bracket\">)<\/span><\/span><\/div><\/li><li class=\"\"><div class=\"sya_postcontent\"><span class=\"sya_date\">16.10. <span class=\"sya_sep\">- <\/span><\/span><a href=\"https:\/\/erasmusplus.al\/?p=6382\" class=\"sya_postlink post-6382\" rel=\"bookmark\">ErasmusDays_ University of New York in Tirana<\/a> <span class=\"sya_categories\"><span class=\"sya_bracket\">(<\/span>Activities<span class=\"sya_bracket\">)<\/span><\/span><\/div><\/li><li class=\"\"><div class=\"sya_postcontent\"><span class=\"sya_date\">16.10. <span class=\"sya_sep\">- <\/span><\/span><a href=\"https:\/\/erasmusplus.al\/?p=6379&lang=sq\" class=\"sya_postlink post-6379\" rel=\"bookmark\"><\/a> <span class=\"sya_categories\"><span class=\"sya_bracket\">(<\/span>Aktivitete<span class=\"sya_bracket\">)<\/span><\/span><\/div><\/li><li class=\"\"><div class=\"sya_postcontent\"><span class=\"sya_date\">16.10. <span class=\"sya_sep\">- <\/span><\/span><a href=\"https:\/\/erasmusplus.al\/?p=6357\" class=\"sya_postlink post-6357\" rel=\"bookmark\">ErasmusDays_ European University of Tirana<\/a> <span class=\"sya_categories\"><span class=\"sya_bracket\">(<\/span>Activities<span class=\"sya_bracket\">)<\/span><\/span><\/div><\/li><li class=\"\"><div class=\"sya_postcontent\"><span class=\"sya_date\">16.10. <span class=\"sya_sep\">- <\/span><\/span><a href=\"https:\/\/erasmusplus.al\/?p=6312&lang=sq\" class=\"sya_postlink post-6312\" rel=\"bookmark\">Video Udh\u00ebzuese p\u00ebr Student\u00ebt n\u00eb Shk\u00ebmbim Studentor<\/a> <span class=\"sya_categories\"><span class=\"sya_bracket\">(<\/span>Aktivitete<span class=\"sya_bracket\">)<\/span><\/span><\/div><\/li><li class=\"\"><div class=\"sya_postcontent\"><span class=\"sya_date\">16.10. <span class=\"sya_sep\">- <\/span><\/span><a href=\"https:\/\/erasmusplus.al\/?p=6310\" class=\"sya_postlink post-6310\" rel=\"bookmark\">Student Guide on How to Apply on Exchange students  \u00a0<\/a> <span class=\"sya_categories\"><span class=\"sya_bracket\">(<\/span>Activities<span class=\"sya_bracket\">)<\/span><\/span><\/div><\/li><li class=\"\"><div class=\"sya_postcontent\"><span class=\"sya_date\">16.10. <span class=\"sya_sep\">- <\/span><\/span><a href=\"https:\/\/erasmusplus.al\/?p=6308&lang=sq\" class=\"sya_postlink post-6308\" rel=\"bookmark\">Joint Master Erasmus Mundus_InfoAlbania_ A2CNN<\/a> <span class=\"sya_categories\"><span class=\"sya_bracket\">(<\/span>Aktivitete<span class=\"sya_bracket\">)<\/span><\/span><\/div><\/li><li class=\"\"><div class=\"sya_postcontent\"><span class=\"sya_date\">16.10. <span class=\"sya_sep\">- <\/span><\/span><a href=\"https:\/\/erasmusplus.al\/?p=6304\" class=\"sya_postlink post-6304\" rel=\"bookmark\">Joint Master Erasmus Mundus_InfoAlbania_ A2CNN<\/a> <span class=\"sya_categories\"><span class=\"sya_bracket\">(<\/span>Activities<span class=\"sya_bracket\">)<\/span><\/span><\/div><\/li><li class=\"\"><div class=\"sya_postcontent\"><span class=\"sya_date\">16.10. <span class=\"sya_sep\">- <\/span><\/span><a href=\"https:\/\/erasmusplus.al\/?p=6298&lang=sq\" class=\"sya_postlink post-6298\" rel=\"bookmark\">Erasmus+ Programme in Albania<\/a> <span class=\"sya_categories\"><span class=\"sya_bracket\">(<\/span>Aktivitete<span class=\"sya_bracket\">)<\/span><\/span><\/div><\/li><li class=\"\"><div class=\"sya_postcontent\"><span class=\"sya_date\">16.10. <span class=\"sya_sep\">- <\/span><\/span><a href=\"https:\/\/erasmusplus.al\/?p=6283\" class=\"sya_postlink post-6283\" rel=\"bookmark\">Erasmus+ Programme in Albania<\/a> <span class=\"sya_categories\"><span class=\"sya_bracket\">(<\/span>Activities<span class=\"sya_bracket\">)<\/span><\/span><\/div><\/li><li class=\"\"><div class=\"sya_postcontent\"><span class=\"sya_date\">16.10. <span class=\"sya_sep\">- <\/span><\/span><a href=\"https:\/\/erasmusplus.al\/?p=6281&lang=sq\" class=\"sya_postlink post-6281\" rel=\"bookmark\">Master i P\u00ebrbashk\u00ebt Erasmus Mundus_InfoAlbania_ TVSH<\/a> <span class=\"sya_categories\"><span class=\"sya_bracket\">(<\/span>Aktivitete<span class=\"sya_bracket\">)<\/span><\/span><\/div><\/li><li class=\"\"><div class=\"sya_postcontent\"><span class=\"sya_date\">16.10. <span class=\"sya_sep\">- <\/span><\/span><a href=\"https:\/\/erasmusplus.al\/?p=6277\" class=\"sya_postlink post-6277\" rel=\"bookmark\">Joint Master Erasmus Mundus_InfoAlbania_ TVSH<\/a> <span class=\"sya_categories\"><span class=\"sya_bracket\">(<\/span>Activities<span class=\"sya_bracket\">)<\/span><\/span><\/div><\/li><li class=\"\"><div class=\"sya_postcontent\"><span class=\"sya_date\">16.10. <span class=\"sya_sep\">- <\/span><\/span><a href=\"https:\/\/erasmusplus.al\/?p=6274&lang=sq\" class=\"sya_postlink post-6274\" rel=\"bookmark\">Master i P\u00ebrbashk\u00ebt Erasmus Mundus_InfoAlbania_ TOP Channel<\/a> <span class=\"sya_categories\"><span class=\"sya_bracket\">(<\/span>Aktivitete<span class=\"sya_bracket\">)<\/span><\/span><\/div><\/li><li class=\"\"><div class=\"sya_postcontent\"><span class=\"sya_date\">16.10. <span class=\"sya_sep\">- <\/span><\/span><a href=\"https:\/\/erasmusplus.al\/?p=6270\" class=\"sya_postlink post-6270\" rel=\"bookmark\">Joint Master Erasmus Mundus_InfoAlbania_ TOP Channel<\/a> <span class=\"sya_categories\"><span class=\"sya_bracket\">(<\/span>Activities<span class=\"sya_bracket\">)<\/span><\/span><\/div><\/li><li class=\"\"><div class=\"sya_postcontent\"><span class=\"sya_date\">16.10. <span class=\"sya_sep\">- <\/span><\/span><a href=\"https:\/\/erasmusplus.al\/?p=6244&lang=sq\" class=\"sya_postlink post-6244\" rel=\"bookmark\">\u201cInclusive Erasmus +\u201d, Dit\u00ebt Erasmus+ n\u00eb UMSH<\/a> <span class=\"sya_categories\"><span class=\"sya_bracket\">(<\/span>Aktivitete<span class=\"sya_bracket\">)<\/span><\/span><\/div><\/li><li class=\"\"><div class=\"sya_postcontent\"><span class=\"sya_date\">16.10. <span class=\"sya_sep\">- <\/span><\/span><a href=\"https:\/\/erasmusplus.al\/?p=6235\" class=\"sya_postlink post-6235\" rel=\"bookmark\">\u201cInclusive Erasmus +\u201d, Erasmus Days on MUA<\/a> <span class=\"sya_categories\"><span class=\"sya_bracket\">(<\/span>Activities<span class=\"sya_bracket\">)<\/span><\/span><\/div><\/li><li class=\"\"><div class=\"sya_postcontent\"><span class=\"sya_date\">15.10. <span class=\"sya_sep\">- <\/span><\/span><a href=\"https:\/\/erasmusplus.al\/?p=6327&lang=sq\" class=\"sya_postlink post-6327\" rel=\"bookmark\">Rrija e Kapaciteteve n\u00eb Universitetitn e Vlor\u00ebs n\u00ebp\u00ebrmjet Erasmus +<\/a> <span class=\"sya_categories\"><span class=\"sya_bracket\">(<\/span>Aktivitete<span class=\"sya_bracket\">)<\/span><\/span><\/div><\/li><li class=\"\"><div class=\"sya_postcontent\"><span class=\"sya_date\">15.10. <span class=\"sya_sep\">- <\/span><\/span><a href=\"https:\/\/erasmusplus.al\/?p=6314\" class=\"sya_postlink post-6314\" rel=\"bookmark\">Capacity Building at University of Vlora through Erasmus + projects<\/a> <span class=\"sya_categories\"><span class=\"sya_bracket\">(<\/span>Activities<span class=\"sya_bracket\">)<\/span><\/span><\/div><\/li><li class=\"\"><div class=\"sya_postcontent\"><span class=\"sya_date\">15.10. <span class=\"sya_sep\">- <\/span><\/span><a href=\"https:\/\/erasmusplus.al\/?p=6267&lang=sq\" class=\"sya_postlink post-6267\" rel=\"bookmark\">Student\u00ebt e Master t\u00eb p\u00ebrbashk\u00ebt Erasmus Mundus n\u00eb Erasmusdays<\/a> <span class=\"sya_categories\"><span class=\"sya_bracket\">(<\/span>Aktivitete<span class=\"sya_bracket\">)<\/span><\/span><\/div><\/li><li class=\"\"><div class=\"sya_postcontent\"><span class=\"sya_date\">15.10. <span class=\"sya_sep\">- <\/span><\/span><a href=\"https:\/\/erasmusplus.al\/?p=6247\" class=\"sya_postlink post-6247\" rel=\"bookmark\">Joint Master Mundus Albanian Students<\/a> <span class=\"sya_categories\"><span class=\"sya_bracket\">(<\/span>Activities<span class=\"sya_bracket\">)<\/span><\/span><\/div><\/li><li class=\"\"><div class=\"sya_postcontent\"><span class=\"sya_date\">15.10. <span class=\"sya_sep\">- <\/span><\/span><a href=\"https:\/\/erasmusplus.al\/?p=6601\" class=\"sya_postlink post-6601\" rel=\"bookmark\">Erasmus Day on UE \u201cAleksander Xhuvani\u201d<\/a> <span class=\"sya_categories\"><span class=\"sya_bracket\">(<\/span>Activities<span class=\"sya_bracket\">)<\/span><\/span><\/div><\/li><li class=\"\"><div class=\"sya_postcontent\"><span class=\"sya_date\">15.10. <span class=\"sya_sep\">- <\/span><\/span><a href=\"https:\/\/erasmusplus.al\/?p=6595\" class=\"sya_postlink post-6595\" rel=\"bookmark\">Erasmus Day on University of Tirana<\/a> <span class=\"sya_categories\"><span class=\"sya_bracket\">(<\/span>Activities<span class=\"sya_bracket\">)<\/span><\/span><\/div><\/li><li class=\"\"><div class=\"sya_postcontent\"><span class=\"sya_date\">11.10. <span class=\"sya_sep\">- <\/span><\/span><a href=\"https:\/\/erasmusplus.al\/?p=6395&lang=sq\" class=\"sya_postlink post-6395\" rel=\"bookmark\">\u201cDit\u00ebt Erasmus+ n\u00eb Universitetin New York t\u00eb Tiran\u00ebs<\/a> <span class=\"sya_categories\"><span class=\"sya_bracket\">(<\/span>Aktivitete<span class=\"sya_bracket\">)<\/span><\/span><\/div><\/li><li class=\"\"><div class=\"sya_postcontent\"><span class=\"sya_date\">25.09. <span class=\"sya_sep\">- <\/span><\/span><a href=\"https:\/\/erasmusplus.al\/?p=5664\" class=\"sya_postlink post-5664\" rel=\"bookmark\">Challenges Toward Successful Joint Degrees Implementation<\/a> <span class=\"sya_categories\"><span class=\"sya_bracket\">(<\/span>Activities, HERE Activities, News<span class=\"sya_bracket\">)<\/span><\/span><\/div><\/li><li class=\"\"><div class=\"sya_postcontent\"><span class=\"sya_date\">25.09. <span class=\"sya_sep\">- <\/span><\/span><a href=\"https:\/\/erasmusplus.al\/?p=5669&lang=sq\" class=\"sya_postlink post-5669\" rel=\"bookmark\">Challenges Toward Successful Joint Degrees Implementation<\/a> <span class=\"sya_categories\"><span class=\"sya_bracket\">(<\/span>Aktivitete, HERE Aktivitete, Njoftime<span class=\"sya_bracket\">)<\/span><\/span><\/div><\/li><li class=\"\"><div class=\"sya_postcontent\"><span class=\"sya_date\">17.09. <span class=\"sya_sep\">- <\/span><\/span><a href=\"https:\/\/erasmusplus.al\/?p=6209&lang=sq\" class=\"sya_postlink post-6209\" rel=\"bookmark\">Raport i sondazhit \u201cImpakti e COVID19 n\u00eb Projektet CBHE\u201d<\/a> <span class=\"sya_categories\"><span class=\"sya_bracket\">(<\/span>Aktivitete, Njoftime<span class=\"sya_bracket\">)<\/span><\/span><\/div><\/li><li class=\"\"><div class=\"sya_postcontent\"><span class=\"sya_date\">17.09. <span class=\"sya_sep\">- <\/span><\/span><a href=\"https:\/\/erasmusplus.al\/?p=6205\" class=\"sya_postlink post-6205\" rel=\"bookmark\">Survey Report, Impact of COVID19 on CBHE<\/a> <span class=\"sya_categories\"><span class=\"sya_bracket\">(<\/span>Activities, News<span class=\"sya_bracket\">)<\/span><\/span><\/div><\/li><li class=\"\"><div class=\"sya_postcontent\"><span class=\"sya_date\">10.09. <span class=\"sya_sep\">- <\/span><\/span><a href=\"https:\/\/erasmusplus.al\/?p=6202&lang=sq\" class=\"sya_postlink post-6202\" rel=\"bookmark\">Informim mbi Porgramin Erasmus+<\/a> <span class=\"sya_categories\"><span class=\"sya_bracket\">(<\/span>Aktivitete<span class=\"sya_bracket\">)<\/span><\/span><\/div><\/li><li class=\"\"><div class=\"sya_postcontent\"><span class=\"sya_date\">10.09. <span class=\"sya_sep\">- <\/span><\/span><a href=\"https:\/\/erasmusplus.al\/?p=6197\" class=\"sya_postlink post-6197\" rel=\"bookmark\">Info Session on the Social Media<\/a> <span class=\"sya_categories\"><span class=\"sya_bracket\">(<\/span>Activities<span class=\"sya_bracket\">)<\/span><\/span><\/div><\/li><li class=\"\"><div class=\"sya_postcontent\"><span class=\"sya_date\">31.08. <span class=\"sya_sep\">- <\/span><\/span><a href=\"https:\/\/erasmusplus.al\/?p=6232&lang=sq\" class=\"sya_postlink post-6232\" rel=\"bookmark\">Raport i sondazhit \u201cImpakti e COVID19 n\u00eb Projektet CBHE\u201d<\/a> <span class=\"sya_categories\"><span class=\"sya_bracket\">(<\/span>Aktivitete<span class=\"sya_bracket\">)<\/span><\/span><\/div><\/li><li class=\"\"><div class=\"sya_postcontent\"><span class=\"sya_date\">31.08. <span class=\"sya_sep\">- <\/span><\/span><a href=\"https:\/\/erasmusplus.al\/?p=6228\" class=\"sya_postlink post-6228\" rel=\"bookmark\">Survey Report, Impact of COVID19 on ICM<\/a> <span class=\"sya_categories\"><span class=\"sya_bracket\">(<\/span>Activities<span class=\"sya_bracket\">)<\/span><\/span><\/div><\/li><li class=\"\"><div class=\"sya_postcontent\"><span class=\"sya_date\">17.08. <span class=\"sya_sep\">- <\/span><\/span><a href=\"https:\/\/erasmusplus.al\/?p=6194&lang=sq\" class=\"sya_postlink post-6194\" rel=\"bookmark\">Erasmus +: Projektet shk\u00ebmbime studentore dhe t\u00eb rinjsh<\/a> <span class=\"sya_categories\"><span class=\"sya_bracket\">(<\/span>Aktivitete<span class=\"sya_bracket\">)<\/span><\/span><\/div><\/li><li class=\"\"><div class=\"sya_postcontent\"><span class=\"sya_date\">17.08. <span class=\"sya_sep\">- <\/span><\/span><a href=\"https:\/\/erasmusplus.al\/?p=6180\" class=\"sya_postlink post-6180\" rel=\"bookmark\">Erasmus +: Mobility projects for young people and youth workers<\/a> <span class=\"sya_categories\"><span class=\"sya_bracket\">(<\/span>Activities<span class=\"sya_bracket\">)<\/span><\/span><\/div><\/li><li class=\"\"><div class=\"sya_postcontent\"><span class=\"sya_date\">30.07. <span class=\"sya_sep\">- <\/span><\/span><a href=\"https:\/\/erasmusplus.al\/?p=6176&lang=sq\" class=\"sya_postlink post-6176\" rel=\"bookmark\">The Ceremony of Albanian Students winner of EMJM<\/a> <span class=\"sya_categories\"><span class=\"sya_bracket\">(<\/span>Aktivitete<span class=\"sya_bracket\">)<\/span><\/span><\/div><\/li><li class=\"\"><div class=\"sya_postcontent\"><span class=\"sya_date\">30.07. <span class=\"sya_sep\">- <\/span><\/span><a href=\"https:\/\/erasmusplus.al\/?p=6167\" class=\"sya_postlink post-6167\" rel=\"bookmark\">The Ceremony of Albanian Students winner of EMJM<\/a> <span class=\"sya_categories\"><span class=\"sya_bracket\">(<\/span>Activities<span class=\"sya_bracket\">)<\/span><\/span><\/div><\/li><li class=\"\"><div class=\"sya_postcontent\"><span class=\"sya_date\">23.07. <span class=\"sya_sep\">- <\/span><\/span><a href=\"https:\/\/erasmusplus.al\/?p=6154\" class=\"sya_postlink post-6154\" rel=\"bookmark\">Youth Engagement in European Integration_ SCiDEV&#038;ESN<\/a> <span class=\"sya_categories\"><span class=\"sya_bracket\">(<\/span>Activities<span class=\"sya_bracket\">)<\/span><\/span><\/div><\/li><li class=\"\"><div class=\"sya_postcontent\"><span class=\"sya_date\">22.07. <span class=\"sya_sep\">- <\/span><\/span><a href=\"https:\/\/erasmusplus.al\/?p=6164&lang=sq\" class=\"sya_postlink post-6164\" rel=\"bookmark\">Youth Engagement in European Integration_ SCiDEV&#038;ESN<\/a> <span class=\"sya_categories\"><span class=\"sya_bracket\">(<\/span>Aktivitete<span class=\"sya_bracket\">)<\/span><\/span><\/div><\/li><li class=\"\"><div class=\"sya_postcontent\"><span class=\"sya_date\">04.07. <span class=\"sya_sep\">- <\/span><\/span><a href=\"https:\/\/erasmusplus.al\/?p=5555&lang=sq\" class=\"sya_postlink post-5555\" rel=\"bookmark\">NATIONAL HERE SEMINAR ON RTSH<\/a> <span class=\"sya_categories\"><span class=\"sya_bracket\">(<\/span>HERE Aktivitete, Njoftime<span class=\"sya_bracket\">)<\/span><\/span><\/div><\/li><li class=\"\"><div class=\"sya_postcontent\"><span class=\"sya_date\">04.07. <span class=\"sya_sep\">- <\/span><\/span><a href=\"https:\/\/erasmusplus.al\/?p=5551\" class=\"sya_postlink post-5551\" rel=\"bookmark\">NATIONAL HERE SEMINAR ON RTSH<\/a> <span class=\"sya_categories\"><span class=\"sya_bracket\">(<\/span>HERE Activities, News<span class=\"sya_bracket\">)<\/span><\/span><\/div><\/li><li class=\"\"><div class=\"sya_postcontent\"><span class=\"sya_date\">01.07. <span class=\"sya_sep\">- <\/span><\/span><a href=\"https:\/\/erasmusplus.al\/?p=5428&lang=sq\" class=\"sya_postlink post-5428\" rel=\"bookmark\">NATIONAL HERE SEMINAR ON RTSH<\/a> <span class=\"sya_categories\"><span class=\"sya_bracket\">(<\/span>Uncategorized @sq<span class=\"sya_bracket\">)<\/span><\/span><\/div><\/li><li class=\"\"><div class=\"sya_postcontent\"><span class=\"sya_date\">01.07. <span class=\"sya_sep\">- <\/span><\/span><a href=\"https:\/\/erasmusplus.al\/?p=5424\" class=\"sya_postlink post-5424\" rel=\"bookmark\">NATIONAL HERE SEMINAR ON RTSH<\/a> <span class=\"sya_categories\"><span class=\"sya_bracket\">(<\/span>Uncategorized<span class=\"sya_bracket\">)<\/span><\/span><\/div><\/li><li class=\"\"><div class=\"sya_postcontent\"><span class=\"sya_date\">25.06. <span class=\"sya_sep\">- <\/span><\/span><a href=\"https:\/\/erasmusplus.al\/?p=5509&lang=sq\" class=\"sya_postlink post-5509\" rel=\"bookmark\">ICM_Vizit\u00eb Virtuale Monitoruese_UElbasan_2020<\/a> <span class=\"sya_categories\"><span class=\"sya_bracket\">(<\/span>Aktivitete<span class=\"sya_bracket\">)<\/span><\/span><\/div><\/li><li class=\"\"><div class=\"sya_postcontent\"><span class=\"sya_date\">25.06. <span class=\"sya_sep\">- <\/span><\/span><a href=\"https:\/\/erasmusplus.al\/?p=5487\" class=\"sya_postlink post-5487\" rel=\"bookmark\">ICM_Virtual Monitoring Visit_UElbasan_2020<\/a> <span class=\"sya_categories\"><span class=\"sya_bracket\">(<\/span>Activities<span class=\"sya_bracket\">)<\/span><\/span><\/div><\/li><li class=\"\"><div class=\"sya_postcontent\"><span class=\"sya_date\">04.06. <span class=\"sya_sep\">- <\/span><\/span><a href=\"https:\/\/erasmusplus.al\/?p=5484&lang=sq\" class=\"sya_postlink post-5484\" rel=\"bookmark\">ICM_Vizit\u00eb Virtuale Monitoruese_UVlora_2020<\/a> <span class=\"sya_categories\"><span class=\"sya_bracket\">(<\/span>Aktivitete<span class=\"sya_bracket\">)<\/span><\/span><\/div><\/li><li class=\"\"><div class=\"sya_postcontent\"><span class=\"sya_date\">04.06. <span class=\"sya_sep\">- <\/span><\/span><a href=\"https:\/\/erasmusplus.al\/?p=5459\" class=\"sya_postlink post-5459\" rel=\"bookmark\">ICM_Virtual Monitoring Visit_UVlora_2020<\/a> <span class=\"sya_categories\"><span class=\"sya_bracket\">(<\/span>Activities<span class=\"sya_bracket\">)<\/span><\/span><\/div><\/li><li class=\"\"><div class=\"sya_postcontent\"><span class=\"sya_date\">20.05. <span class=\"sya_sep\">- <\/span><\/span><a href=\"https:\/\/erasmusplus.al\/?p=5456&lang=sq\" class=\"sya_postlink post-5456\" rel=\"bookmark\">ICM_Vizit\u00eb Virtuale Monitoruese_UET_2020<\/a> <span class=\"sya_categories\"><span class=\"sya_bracket\">(<\/span>Aktivitete<span class=\"sya_bracket\">)<\/span><\/span><\/div><\/li><li class=\"\"><div class=\"sya_postcontent\"><span class=\"sya_date\">20.05. <span class=\"sya_sep\">- <\/span><\/span><a href=\"https:\/\/erasmusplus.al\/?p=5443\" class=\"sya_postlink post-5443\" rel=\"bookmark\">ICM_Virtual Monitoring Visit_UET_2020<\/a> <span class=\"sya_categories\"><span class=\"sya_bracket\">(<\/span>Activities<span class=\"sya_bracket\">)<\/span><\/span><\/div><\/li><li class=\"\"><div class=\"sya_postcontent\"><span class=\"sya_date\">07.05. <span class=\"sya_sep\">- <\/span><\/span><a href=\"https:\/\/erasmusplus.al\/?p=6590\" class=\"sya_postlink post-6590\" rel=\"bookmark\">Kick of Meeting and e-monitoring of REACH Project<\/a> <span class=\"sya_categories\"><span class=\"sya_bracket\">(<\/span>Activities<span class=\"sya_bracket\">)<\/span><\/span><\/div><\/li><li class=\"\"><div class=\"sya_postcontent\"><span class=\"sya_date\">04.04. <span class=\"sya_sep\">- <\/span><\/span><a href=\"https:\/\/erasmusplus.al\/?p=5193\" class=\"sya_postlink post-5193\" rel=\"bookmark\">FAQ Erasmus+ and European Solidarity Corps activities impacted by covid-19<\/a> <span class=\"sya_categories\"><span class=\"sya_bracket\">(<\/span>News<span class=\"sya_bracket\">)<\/span><\/span><\/div><\/li><li class=\"\"><div class=\"sya_postcontent\"><span class=\"sya_date\">20.03. <span class=\"sya_sep\">- <\/span><\/span><a href=\"https:\/\/erasmusplus.al\/?p=5188&lang=sq\" class=\"sya_postlink post-5188\" rel=\"bookmark\">Coronavirus outbreak<\/a> <span class=\"sya_categories\"><span class=\"sya_bracket\">(<\/span>Njoftime<span class=\"sya_bracket\">)<\/span><\/span><\/div><\/li><li class=\"\"><div class=\"sya_postcontent\"><span class=\"sya_date\">20.03. <span class=\"sya_sep\">- <\/span><\/span><a href=\"https:\/\/erasmusplus.al\/?p=5186\" class=\"sya_postlink post-5186\" rel=\"bookmark\">Coronavirus outbreak<\/a> <span class=\"sya_categories\"><span class=\"sya_bracket\">(<\/span>News<span class=\"sya_bracket\">)<\/span><\/span><\/div><\/li><li class=\"\"><div class=\"sya_postcontent\"><span class=\"sya_date\">06.03. <span class=\"sya_sep\">- <\/span><\/span><a href=\"https:\/\/erasmusplus.al\/?p=5167&lang=sq\" class=\"sya_postlink post-5167\" rel=\"bookmark\">INFO HUB ERASMUS+<\/a> <span class=\"sya_categories\"><span class=\"sya_bracket\">(<\/span>Njoftime<span class=\"sya_bracket\">)<\/span><\/span><\/div><\/li><li class=\"\"><div class=\"sya_postcontent\"><span class=\"sya_date\">06.03. <span class=\"sya_sep\">- <\/span><\/span><a href=\"https:\/\/erasmusplus.al\/?p=5164\" class=\"sya_postlink post-5164\" rel=\"bookmark\">INFO HUB ERASMUS+<\/a> <span class=\"sya_categories\"><span class=\"sya_bracket\">(<\/span>News<span class=\"sya_bracket\">)<\/span><\/span><\/div><\/li><li class=\"\"><div class=\"sya_postcontent\"><span class=\"sya_date\">05.03. <span class=\"sya_sep\">- <\/span><\/span><a href=\"https:\/\/erasmusplus.al\/?p=6584\" class=\"sya_postlink post-6584\" rel=\"bookmark\">BOOK PRESENTATION_T@SK PROJECT<\/a> <span class=\"sya_categories\"><span class=\"sya_bracket\">(<\/span>Activities<span class=\"sya_bracket\">)<\/span><\/span><\/div><\/li><li class=\"\"><div class=\"sya_postcontent\"><span class=\"sya_date\">18.02. <span class=\"sya_sep\">- <\/span><\/span><a href=\"https:\/\/erasmusplus.al\/?p=4874&lang=sq\" class=\"sya_postlink post-4874\" rel=\"bookmark\">INFO HUB ERASMUS+<\/a> <span class=\"sya_categories\"><span class=\"sya_bracket\">(<\/span>Njoftime<span class=\"sya_bracket\">)<\/span><\/span><\/div><\/li><li class=\"\"><div class=\"sya_postcontent\"><span class=\"sya_date\">18.02. <span class=\"sya_sep\">- <\/span><\/span><a href=\"https:\/\/erasmusplus.al\/?p=4865\" class=\"sya_postlink post-4865\" rel=\"bookmark\">INFO HUB ERASMUS+<\/a> <span class=\"sya_categories\"><span class=\"sya_bracket\">(<\/span>News<span class=\"sya_bracket\">)<\/span><\/span><\/div><\/li><li class=\"\"><div class=\"sya_postcontent\"><span class=\"sya_date\">17.02. <span class=\"sya_sep\">- <\/span><\/span><a href=\"https:\/\/erasmusplus.al\/?p=6577\" class=\"sya_postlink post-6577\" rel=\"bookmark\">Project Meeting<\/a> <span class=\"sya_categories\"><span class=\"sya_bracket\">(<\/span>Activities<span class=\"sya_bracket\">)<\/span><\/span><\/div><\/li><li class=\"\"><div class=\"sya_postcontent\"><span class=\"sya_date\">07.02. <span class=\"sya_sep\">- <\/span><\/span><a href=\"https:\/\/erasmusplus.al\/?p=4938&lang=sq\" class=\"sya_postlink post-4938\" rel=\"bookmark\">Takim Ekspertet e Reformave n\u00eb Arsimin e Lart\u00eb (HERE) dhe Zyra Komb\u00ebtare Erasmus+<\/a> <span class=\"sya_categories\"><span class=\"sya_bracket\">(<\/span>HERE Aktivitete<span class=\"sya_bracket\">)<\/span><\/span><\/div><\/li><li class=\"\"><div class=\"sya_postcontent\"><span class=\"sya_date\">07.02. <span class=\"sya_sep\">- <\/span><\/span><a href=\"https:\/\/erasmusplus.al\/?p=4933\" class=\"sya_postlink post-4933\" rel=\"bookmark\">HERE and NEO  Meeting<\/a> <span class=\"sya_categories\"><span class=\"sya_bracket\">(<\/span>HERE Activities<span class=\"sya_bracket\">)<\/span><\/span><\/div><\/li><li class=\"\"><div class=\"sya_postcontent\"><span class=\"sya_date\">29.01. <span class=\"sya_sep\">- <\/span><\/span><a href=\"https:\/\/erasmusplus.al\/?p=5625&lang=sq\" class=\"sya_postlink post-5625\" rel=\"bookmark\">Takimi vjetor i Zyrave Komb\u00ebtare Erasmus+<\/a> <span class=\"sya_categories\"><span class=\"sya_bracket\">(<\/span>Aktivitete, HERE Aktivitete<span class=\"sya_bracket\">)<\/span><\/span><\/div><\/li><li class=\"\"><div class=\"sya_postcontent\"><span class=\"sya_date\">29.01. <span class=\"sya_sep\">- <\/span><\/span><a href=\"https:\/\/erasmusplus.al\/?p=5618\" class=\"sya_postlink post-5618\" rel=\"bookmark\">National Erasmus+ Office\u2019s Meeting 2020<\/a> <span class=\"sya_categories\"><span class=\"sya_bracket\">(<\/span>Activities, HERE Activities<span class=\"sya_bracket\">)<\/span><\/span><\/div><\/li><li class=\"\"><div class=\"sya_postcontent\"><span class=\"sya_date\">27.01. <span class=\"sya_sep\">- <\/span><\/span><a href=\"https:\/\/erasmusplus.al\/?p=5615&lang=sq\" class=\"sya_postlink post-5615\" rel=\"bookmark\">Programi Erasmus+ \u201cNd\u00ebrtim Kapacitetesh n\u00eb Arsimin e Lart\u201d. Takimi \u201cGrant Holders\u201d<\/a> <span class=\"sya_categories\"><span class=\"sya_bracket\">(<\/span>Aktivitete<span class=\"sya_bracket\">)<\/span><\/span><\/div><\/li><li class=\"\"><div class=\"sya_postcontent\"><span class=\"sya_date\">27.01. <span class=\"sya_sep\">- <\/span><\/span><a href=\"https:\/\/erasmusplus.al\/?p=5587\" class=\"sya_postlink post-5587\" rel=\"bookmark\">Erasmus+ Capacity Building in Higher Education Grantholders&#8217; Meeting<\/a> <span class=\"sya_categories\"><span class=\"sya_bracket\">(<\/span>Activities<span class=\"sya_bracket\">)<\/span><\/span><\/div><\/li><li class=\"\"><div class=\"sya_postcontent\"><span class=\"sya_date\">24.01. <span class=\"sya_sep\">- <\/span><\/span><a href=\"https:\/\/erasmusplus.al\/?p=5584&lang=sq\" class=\"sya_postlink post-5584\" rel=\"bookmark\">Zyra Komb\u00ebtare Erasmus+ e AL n\u00eb panairin \u201cME and EUROPE\u201d<\/a> <span class=\"sya_categories\"><span class=\"sya_bracket\">(<\/span>Aktivitete<span class=\"sya_bracket\">)<\/span><\/span><\/div><\/li><li class=\"\"><div class=\"sya_postcontent\"><span class=\"sya_date\">24.01. <span class=\"sya_sep\">- <\/span><\/span><a href=\"https:\/\/erasmusplus.al\/?p=5576\" class=\"sya_postlink post-5576\" rel=\"bookmark\">National Erasmus+ Office attending on \u201cMe and Europe\u201d Fair.<\/a> <span class=\"sya_categories\"><span class=\"sya_bracket\">(<\/span>Activities<span class=\"sya_bracket\">)<\/span><\/span><\/div><\/li><li class=\"\"><div class=\"sya_postcontent\"><span class=\"sya_date\">24.01. <span class=\"sya_sep\">- <\/span><\/span><a href=\"https:\/\/erasmusplus.al\/?p=6571\" class=\"sya_postlink post-6571\" rel=\"bookmark\">International Day of Education<\/a> <span class=\"sya_categories\"><span class=\"sya_bracket\">(<\/span>Activities<span class=\"sya_bracket\">)<\/span><\/span><\/div><\/li><li class=\"\"><div class=\"sya_postcontent\"><span class=\"sya_date\">21.01. <span class=\"sya_sep\">- <\/span><\/span><a href=\"https:\/\/erasmusplus.al\/?p=4963&lang=sq\" class=\"sya_postlink post-4963\" rel=\"bookmark\">Vizit\u00eb Monitoruese UBT p\u00ebr programin KA1 \u201cShk\u00ebmbime Studentore dhe Stafi\u201d<\/a> <span class=\"sya_categories\"><span class=\"sya_bracket\">(<\/span>Aktivitete<span class=\"sya_bracket\">)<\/span><\/span><\/div><\/li><li class=\"\"><div class=\"sya_postcontent\"><span class=\"sya_date\">21.01. <span class=\"sya_sep\">- <\/span><\/span><a href=\"https:\/\/erasmusplus.al\/?p=4959\" class=\"sya_postlink post-4959\" rel=\"bookmark\">UBT Monitoring Visit for KA1 Program \u201cStudent Exchanges and Staff\u201d<\/a> <span class=\"sya_categories\"><span class=\"sya_bracket\">(<\/span>Activities<span class=\"sya_bracket\">)<\/span><\/span><\/div><\/li><li class=\"\"><div class=\"sya_postcontent\"><span class=\"sya_date\">16.01. <span class=\"sya_sep\">- <\/span><\/span><a href=\"https:\/\/erasmusplus.al\/?p=4993&lang=sq\" class=\"sya_postlink post-4993\" rel=\"bookmark\">Takim Informues mbi Programin Erasmus+ n\u00eb Universitetin POLIS<\/a> <span class=\"sya_categories\"><span class=\"sya_bracket\">(<\/span>Aktivitete<span class=\"sya_bracket\">)<\/span><\/span><\/div><\/li><li class=\"\"><div class=\"sya_postcontent\"><span class=\"sya_date\">16.01. <span class=\"sya_sep\">- <\/span><\/span><a href=\"https:\/\/erasmusplus.al\/?p=4985\" class=\"sya_postlink post-4985\" rel=\"bookmark\">Information Session on Erasmus + Program at POLIS University<\/a> <span class=\"sya_categories\"><span class=\"sya_bracket\">(<\/span>Activities<span class=\"sya_bracket\">)<\/span><\/span><\/div><\/li><li class=\"\"><div class=\"sya_postcontent\"><span class=\"sya_date\">14.01. <span class=\"sya_sep\">- <\/span><\/span><a href=\"https:\/\/erasmusplus.al\/?p=4754&lang=sq\" class=\"sya_postlink post-4754\" rel=\"bookmark\">Vacancy Albania NEO Coordinator<\/a> <span class=\"sya_categories\"><span class=\"sya_bracket\">(<\/span>Njoftime<span class=\"sya_bracket\">)<\/span><\/span><\/div><\/li><li class=\"\"><div class=\"sya_postcontent\"><span class=\"sya_date\">14.01. <span class=\"sya_sep\">- <\/span><\/span><a href=\"https:\/\/erasmusplus.al\/?p=4751\" class=\"sya_postlink post-4751\" rel=\"bookmark\">Vacancy Albania NEO Coordinator<\/a> <span class=\"sya_categories\"><span class=\"sya_bracket\">(<\/span>News<span class=\"sya_bracket\">)<\/span><\/span><\/div><\/li><li class=\"\"><div class=\"sya_postcontent\"><span class=\"sya_date\">09.01. <span class=\"sya_sep\">- <\/span><\/span><a href=\"https:\/\/erasmusplus.al\/?p=4795&lang=sq\" class=\"sya_postlink post-4795\" rel=\"bookmark\">Trajnimi: Si t\u00eb shkruajm\u00eb nj\u00eb Projekt t\u00eb Suksesh\u00ebm n\u00eb Erasmus Plus &#8211; programi \u201cNd\u00ebrtim Kapacitetesh n\u00eb Arsimin e Lart\u00eb\u201d (CBHE)<\/a> <span class=\"sya_categories\"><span class=\"sya_bracket\">(<\/span>Aktivitete<span class=\"sya_bracket\">)<\/span><\/span><\/div><\/li><li class=\"\"><div class=\"sya_postcontent\"><span class=\"sya_date\">09.01. <span class=\"sya_sep\">- <\/span><\/span><a href=\"https:\/\/erasmusplus.al\/?p=5570\" class=\"sya_postlink post-5570\" rel=\"bookmark\">Training on \u201cHow to draft a good application on \u2018Capacity Building in the field of Higher Education\u2019 projects\u201d<\/a> <span class=\"sya_categories\"><span class=\"sya_bracket\">(<\/span>Activities<span class=\"sya_bracket\">)<\/span><\/span><\/div><\/li><li class=\"\"><div class=\"sya_postcontent\"><span class=\"sya_date\">08.01. <span class=\"sya_sep\">- <\/span><\/span><a href=\"https:\/\/erasmusplus.al\/?p=4777&lang=sq\" class=\"sya_postlink post-4777\" rel=\"bookmark\">Vizit\u00eb Monitoruese Projekti GRADUA, UBT<\/a> <span class=\"sya_categories\"><span class=\"sya_bracket\">(<\/span>Aktivitete<span class=\"sya_bracket\">)<\/span><\/span><\/div><\/li><li class=\"\"><div class=\"sya_postcontent\"><span class=\"sya_date\">08.01. <span class=\"sya_sep\">- <\/span><\/span><a href=\"https:\/\/erasmusplus.al\/?p=4982&lang=sq\" class=\"sya_postlink post-4982\" rel=\"bookmark\">Vizit\u00eb Monitoruese Projekti LNSS, UBT<\/a> <span class=\"sya_categories\"><span class=\"sya_bracket\">(<\/span>Aktivitete<span class=\"sya_bracket\">)<\/span><\/span><\/div><\/li><li class=\"\"><div class=\"sya_postcontent\"><span class=\"sya_date\">08.01. <span class=\"sya_sep\">- <\/span><\/span><a href=\"https:\/\/erasmusplus.al\/?p=4977\" class=\"sya_postlink post-4977\" rel=\"bookmark\">Monitoring Visit LNSS Project, UBT<\/a> <span class=\"sya_categories\"><span class=\"sya_bracket\">(<\/span>Activities<span class=\"sya_bracket\">)<\/span><\/span><\/div><\/li><li class=\"\"><div class=\"sya_postcontent\"><span class=\"sya_date\">08.01. <span class=\"sya_sep\">- <\/span><\/span><a href=\"https:\/\/erasmusplus.al\/?p=4974&lang=sq\" class=\"sya_postlink post-4974\" rel=\"bookmark\">Vizit\u00eb Monitoruese Projekti GRADUA, UBT<\/a> <span class=\"sya_categories\"><span class=\"sya_bracket\">(<\/span>Aktivitete<span class=\"sya_bracket\">)<\/span><\/span><\/div><\/li><li class=\"\"><div class=\"sya_postcontent\"><span class=\"sya_date\">08.01. <span class=\"sya_sep\">- <\/span><\/span><a href=\"https:\/\/erasmusplus.al\/?p=4965\" class=\"sya_postlink post-4965\" rel=\"bookmark\">Monitoring Visit of the Project GRADUA, UBT<\/a> <span class=\"sya_categories\"><span class=\"sya_bracket\">(<\/span>Activities<span class=\"sya_bracket\">)<\/span><\/span><\/div><\/li><li class=\"\"><div class=\"sya_postcontent\"><span class=\"sya_date\">07.01. <span class=\"sya_sep\">- <\/span><\/span><a href=\"https:\/\/erasmusplus.al\/?p=4758&lang=sq\" class=\"sya_postlink post-4758\" rel=\"bookmark\">Vizit\u00eb Monitoruese Projekti Vtech@WBUni, UAMD<\/a> <span class=\"sya_categories\"><span class=\"sya_bracket\">(<\/span>Aktivitete<span class=\"sya_bracket\">)<\/span><\/span><\/div><\/li><li class=\"\"><div class=\"sya_postcontent\"><span class=\"sya_date\">07.01. <span class=\"sya_sep\">- <\/span><\/span><a href=\"https:\/\/erasmusplus.al\/?p=4957&lang=sq\" class=\"sya_postlink post-4957\" rel=\"bookmark\">Vizit\u00eb Monitoruese Projekti Vtech@WBUni, UAMD<\/a> <span class=\"sya_categories\"><span class=\"sya_bracket\">(<\/span>Aktivitete<span class=\"sya_bracket\">)<\/span><\/span><\/div><\/li><li class=\"\"><div class=\"sya_postcontent\"><span class=\"sya_date\">07.01. <span class=\"sya_sep\">- <\/span><\/span><a href=\"https:\/\/erasmusplus.al\/?p=4948\" class=\"sya_postlink post-4948\" rel=\"bookmark\">Monitoring Visit of the Project Vtech@WBUni, UAMD<\/a> <span class=\"sya_categories\"><span class=\"sya_bracket\">(<\/span>Activities<span class=\"sya_bracket\">)<\/span><\/span><\/div><\/li><\/ul><\/div>\u00a0\u00a0<\/p>\n","protected":false},"author":2,"featured_media":0,"parent":0,"menu_order":0,"comment_status":"closed","ping_status":"closed","template":"","meta":{"_acf_changed":false,"_et_pb_use_builder":"on","_et_pb_old_content":"","_et_gb_content_width":"","footnotes":""},"class_list":["post-7823","page","type-page","status-publish","hentry"],"acf":[],"_links":{"self":[{"href":"https:\/\/erasmusplus.al\/index.php?rest_route=\/wp\/v2\/pages\/7823","targetHints":{"allow":["GET"]}}],"collection":[{"href":"https:\/\/erasmusplus.al\/index.php?rest_route=\/wp\/v2\/pages"}],"about":[{"href":"https:\/\/erasmusplus.al\/index.php?rest_route=\/wp\/v2\/types\/page"}],"author":[{"embeddable":true,"href":"https:\/\/erasmusplus.al\/index.php?rest_route=\/wp\/v2\/users\/2"}],"replies":[{"embeddable":true,"href":"https:\/\/erasmusplus.al\/index.php?rest_route=%2Fwp%2Fv2%2Fcomments&post=7823"}],"version-history":[{"count":14,"href":"https:\/\/erasmusplus.al\/index.php?rest_route=\/wp\/v2\/pages\/7823\/revisions"}],"predecessor-version":[{"id":9935,"href":"https:\/\/erasmusplus.al\/index.php?rest_route=\/wp\/v2\/pages\/7823\/revisions\/9935"}],"wp:attachment":[{"href":"https:\/\/erasmusplus.al\/index.php?rest_route=%2Fwp%2Fv2%2Fmedia&parent=7823"}],"curies":[{"name":"wp","href":"https:\/\/api.w.org\/{rel}","templated":true}]}}